{"id":430,"date":"2020-02-15T14:31:43","date_gmt":"2020-02-15T13:31:43","guid":{"rendered":"http:\/\/sigillarium.pl\/?page_id=430"},"modified":"2025-05-25T18:41:13","modified_gmt":"2025-05-25T16:41:13","slug":"pieczecie-urzednikow-samorzadowych-zabor-austriacki","status":"publish","type":"page","link":"https:\/\/sigillarium.pl\/index.php\/pieczecie-urzednikow-samorzadowych-zabor-austriacki\/","title":{"rendered":"Piecz\u0119cie urz\u0119dnik\u00f3w samorz\u0105dowych (zab\u00f3r austriacki)"},"content":{"rendered":"\n<hr class=\"wp-block-separator has-css-opacity\"\/>\n\n\n\n<p>Instytucje samorz\u0105dowe na ziemiach polskich w XIX w. by\u0142y kszta\u0142towane w ramach system\u00f3w administracyjno-politycznych pa\u0144stw zaborczych, pod panowaniem kt\u00f3rych si\u0119 znalaz\u0142y. Generalnie system samorz\u0105dowy funkcjonowa\u0142 w oparciu o rozwi\u0105zania prawne tych pa\u0144stw, jednak cz\u0119sto z licznymi ograniczeniami.<br><br>W zaborze austriackim najwi\u0119kszymi jednostkami samorz\u0105du terytorialnego by\u0142y kraje koronne (by\u0142o ich 17 w tym Galicja i Lodomeria (pe\u0142na nazwa &#8211; <a href=\"https:\/\/pl.wikipedia.org\/wiki\/Kr%C3%B3lestwo_Galicji_i_Lodomerii\">Kr\u00f3lestwo Galicji i Lodomerii<\/a> z <a href=\"https:\/\/pl.wikipedia.org\/wiki\/Wielkie_Ksi%C4%99stwo_Krakowskie\">Wielkim Ksi\u0119stwem Krakowskim<\/a> i Ksi\u0119stwami <a href=\"https:\/\/pl.wikipedia.org\/wiki\/Ksi%C4%99stwo_o%C5%9Bwi%C4%99cimskie\">O\u015bwi\u0119cimskim<\/a> i <a href=\"https:\/\/pl.wikipedia.org\/wiki\/Ksi%C4%99stwo_zatorskie\">Zatorskim<\/a>), kt\u00f3re dzieli\u0142y si\u0119 pierwotnie na okr\u0119gi i powiaty, a p\u00f3\u017aniej ju\u017c tylko na powiaty. Administracja kraju koronnego by\u0142a prowadzona r\u00f3wnolegle przez namiestnika cesarza, jako najwy\u017cszego organu &nbsp;rz\u0105du (cesarza) i wydzia\u0142 krajowy wybierany przez sejm krajowy, kt\u00f3ry reprezentowa\u0142 spo\u0142eczno\u015b\u0107 lokaln\u0105. Przy czym zakres samorz\u0105du kraju by\u0142 bardzo w\u0105ski i ograniczony. <br><br>Podzia\u0142 terytorialny kraju koronnego by\u0142 dwuszczeblowy. Pierwszym szczeblem by\u0142y powiaty, w kt\u00f3rych istnia\u0142y zar\u00f3wno administracja rz\u0105dowa, kt\u00f3rej przedstawicielami byli staro\u015bci podlegaj\u0105cy namiestnikowi, jak r\u00f3wnie\u017c samorz\u0105dowa. W samorz\u0105dach powiatowych organami stanowi\u0105cymi by\u0142y rady powiatowe, a wykonawczymi wydzia\u0142y powiatowe na czele z marsza\u0142kiem powiatu, zatwierdzanym przez cesarza.<br><br>Najmniejsz\u0105 jednostk\u0105 samorz\u0105dow\u0105 by\u0142a gminy, kt\u00f3ra mia\u0142a ju\u017c typowo charakter samorz\u0105dowy. Ka\u017cda wie\u015b niezale\u017cnie od swojej wielko\u015bci tworzy\u0142a gmin\u0119. Ich organami by\u0142y rady gmin oraz zwierzchno\u015bci gminnej z naczelnikami gminy (w\u00f3jtami). Przy czym z obszar\u00f3w gmin wiejskich mog\u0142y by\u0107 wy\u0142\u0105czane obszary dworskie, kt\u00f3re tworzy\u0142y odr\u0119bn\u0105 gmin\u0119 z patrymonialnym w\u0142adztwem dziedzic\u00f3w. <br><br>Miasta by\u0142y traktowane jako gminy miejskie a ich organami by\u0142y odpowiednio rady miejskie i magistraty z burmistrzami lub prezydentami (Lw\u00f3w, Krak\u00f3w).<br><br>\u0179r\u00f3d\u0142o: <a href=\"https:\/\/www.arslege.pl\/1023\/materialy-edukacyjne\/1082\/ustroj-polityczno-administracyjny-w-zaborze-austriackim\/\">K. Andryszczyk, Ustr\u00f3j polityczno-administracyjny w zaborze austriackim.  <\/a><\/p>\n\n\n\n<hr class=\"wp-block-separator has-css-opacity\"\/>\n\n\n\n<p>W tej cz\u0119\u015bci portalu zaprezentowano podgrup\u0119 osobistych t\u0142ok\u00f3w piecz\u0119tnych, kt\u00f3re nale\u017ca\u0142y do urz\u0119dnik\u00f3w samorz\u0105dowych \u2013 jako os\u00f3b fizycznych \u2013 reprezentuj\u0105cych dany urz\u0105d, np. starosta, marsza\u0142ek powiatu, naczelnik gminy (w\u00f3jt), burmistrz, prezydent miasta.&nbsp; T\u0142oki zaprezentowano w kolejno\u015bci alfabetycznej wzgl\u0119dem nazwy miejscowo\u015bci przywo\u0142anej w legendzie t\u0142oka lub odtworzonej ze \u017ar\u00f3de\u0142 historycznych.<\/p>\n\n\n\n<hr class=\"wp-block-separator has-css-opacity\"\/>\n\n\n\n<div class=\"wp-block-columns is-layout-flex wp-container-core-columns-is-layout-9d6595d7 wp-block-columns-is-layout-flex\">\n<div class=\"wp-block-column is-layout-flow wp-block-column-is-layout-flow\" style=\"flex-basis:5%\"><\/div>\n\n\n\n<div class=\"wp-block-column is-vertically-aligned-center is-layout-flow wp-block-column-is-layout-flow\" style=\"flex-basis:23%\">\n<figure class=\"wp-block-gallery aligncenter has-nested-images columns-default is-cropped wp-block-gallery-1 is-layout-flex wp-block-gallery-is-layout-flex\">\n<figure class=\"wp-block-image size-full\"><a href=\"https:\/\/sigillarium.pl\/wp-content\/uploads\/2020\/10\/Binczyce-Zastepca-wojta-wsi-tlok.jpg\"><img loading=\"lazy\" decoding=\"async\" width=\"927\" height=\"920\" data-id=\"8779\" src=\"https:\/\/sigillarium.pl\/wp-content\/uploads\/2020\/10\/Binczyce-Zastepca-wojta-wsi-tlok.jpg\" alt=\"\" class=\"wp-image-8779\" srcset=\"https:\/\/sigillarium.pl\/wp-content\/uploads\/2020\/10\/Binczyce-Zastepca-wojta-wsi-tlok.jpg 927w, https:\/\/sigillarium.pl\/wp-content\/uploads\/2020\/10\/Binczyce-Zastepca-wojta-wsi-tlok-300x298.jpg 300w, https:\/\/sigillarium.pl\/wp-content\/uploads\/2020\/10\/Binczyce-Zastepca-wojta-wsi-tlok-150x150.jpg 150w, https:\/\/sigillarium.pl\/wp-content\/uploads\/2020\/10\/Binczyce-Zastepca-wojta-wsi-tlok-768x762.jpg 768w\" sizes=\"auto, (max-width: 927px) 100vw, 927px\" \/><\/a><\/figure>\n<\/figure>\n<\/div>\n\n\n\n<div class=\"wp-block-column is-layout-flow wp-block-column-is-layout-flow\" style=\"flex-basis:1%\"><\/div>\n\n\n\n<div class=\"wp-block-column is-vertically-aligned-center is-layout-flow wp-block-column-is-layout-flow\" style=\"flex-basis:22%\"><div class=\"wp-block-image\">\n<figure class=\"aligncenter size-large is-resized\"><img loading=\"lazy\" decoding=\"async\" width=\"451\" height=\"856\" src=\"https:\/\/sigillarium.pl\/wp-content\/uploads\/2020\/10\/Binczyce-Zastepca-wojta-wsi-uchwyt.jpg\" alt=\"\" class=\"wp-image-8780\" style=\"width:186px;height:305px\" srcset=\"https:\/\/sigillarium.pl\/wp-content\/uploads\/2020\/10\/Binczyce-Zastepca-wojta-wsi-uchwyt.jpg 451w, https:\/\/sigillarium.pl\/wp-content\/uploads\/2020\/10\/Binczyce-Zastepca-wojta-wsi-uchwyt-158x300.jpg 158w\" sizes=\"auto, (max-width: 451px) 100vw, 451px\" \/><\/figure>\n<\/div><\/div>\n\n\n\n<div class=\"wp-block-column is-layout-flow wp-block-column-is-layout-flow\" style=\"flex-basis:1%\"><\/div>\n\n\n\n<div class=\"wp-block-column is-layout-flow wp-block-column-is-layout-flow\" style=\"flex-basis:48%\">\n<style> td {font-size: 11px; color: black; font-family: Arial;} <\/style>\n<table style=\"width: 500px; height: 150px;\">\n\t<tr>\n\t\t<td style=\"background-color: #DDDDDD; width:6%; text-align: center; \"><b>1<\/b><\/td>\n\t\t<td style=\"padding-left: 8px;\">kolekcja prywatna<\/td>\n\t<\/tr>\n\t<tr>\n\t\t<td style=\"background-color: #DDDDDD; text-align: center; \"><b>2<\/b><\/td>\n<td style=\"background-color: #FFFF99; white-space: nowrap; padding-left: 8px;\"><b><big><big> <a href=\" https:\/\/pl.wikipedia.org\/wiki\/Bie%C5%84czyce_(Krak%C3%B3w) \"> BIE\u0143CZYCE <\/a> <\/big><\/big><br \/><big> Zast\u0119pca W\u00f3jta wsi Bie\u0144czyce<\/big><\/td>\n\t<\/tr>\n\t<tr>\n\t\t<td style=\"background-color: #DDDDDD; text-align: center; \"><b>3a<\/b><\/td>\n\t\t<td style=\"padding-left: 8px;\">mosi\u0105dz<\/td>\n\t<\/tr>\n\t<tr>\n\t\t<td style=\"background-color: #DDDDDD; text-align: center; \"><b>3b<\/b><\/td>\n\t\t<td style=\"padding-left: 8px;\">drewno<\/td>\n\t<\/tr>\n\t<tr>\n\t\t<td style=\"background-color: #DDDDDD; text-align: center; \"><b>4<\/b><\/td>\n\t\t<td style=\"padding-left: 8px;\">okr\u0105g\u0142a \u00d8 31 mm<\/td>\n\t<\/tr>\n\t<tr>\n\t\t<td style=\"background-color: #DDDDDD; text-align: center; \"><b>5<\/b><\/td>\n\t\t<td style=\"padding-left: 8px;\">wkl\u0119s\u0142oryty<\/td>\n\t<\/tr>\n\t<tr>\n\t\t<td style=\"background-color: #DDDDDD; text-align: center; \"><b>6<\/b><\/td>\n<td style=\"padding-left: 8px;\">&#8211;<\/td>\n\t<\/tr>\n<tr>\n\t\t<td style=\"background-color: #DDDDDD; text-align: center; \"><b>7<\/b><\/td>\n<td style=\"padding-left: 8px;\">uchwyt toczony o sp\u0142aszczonej ga\u0142ce <\/td>\n\t<\/tr>\n\t<tr>\n\t\t<td style=\"background-color: #DDDDDD; text-align: center; \"><b>7a<\/b><\/td>\n\t\t<td style=\"padding-left: 8px;\">73 mm<\/td>\n\t<\/tr>\n\t<tr>\n\t\t<td style=\"background-color: #DDDDDD; text-align: center; \"><b>7b<\/b><\/td>\n<td style=\"padding-left: 8px;\">70 mm<\/td>\n\t<\/tr>\n\t<tr>\n\t\t<td style=\"background-color: #DDDDDD; text-align: center; \"><b>7c<\/b><\/td>\n\t\t<td style=\"padding-left: 8px;\"> 3 mm<\/td>\n\t<\/tr>\n\t<tr>\n\t\t<td style=\"background-color: #DDDDDD; text-align: center; \"><b>8<\/b><\/td>\n<td style=\"padding-left: 8px;\">&#8211;<\/td>\n\t<\/tr>\n\t<tr>\n\t\t<td style=\"background-color: #DDDDDD; text-align: center; \"><b>9a<\/b><\/td>\n\t\t<td style=\"padding-left: 8px;\">majusku\u0142a<\/td>\n\t<\/tr>\n\t<tr>\n\t\t<td style=\"background-color: #DDDDDD; text-align: center; \"><b>9b<\/b><\/td>\n<td style=\"padding-left: 8px;\"> <br \/>w otoku:  <b>ZAST\u0118PCA  W\u00d3YTA  WSI  BINCZYCE.<br \/><br \/><\/td> \n<\/tr>\n\t<tr>\t\n\t\t<td style=\"background-color: #DDDDDD; text-align: center; \"><b>10<\/b><\/td>\n<td style=\"padding-left: 8px;\"> W polu piecz\u0119ci na tarczy herbowej mur ceglany z trzema basztami z okienkami, z kt\u00f3rych \u015brodkowa jest wy\u017csza i szersza, zwie\u0144czonymi krenela\u017cem o trzech blankach ka\u017cda. W murze brama o otwartych podwojach, z okuciami w kszta\u0142cie li\u015bcia i z podniesion\u0105 bron\u0105. <br \/>W prze\u015bwicie bramy herb Orze\u0142 Bia\u0142y. Tarcza herbowa zwie\u0144czona zamkni\u0119t\u0105 koron\u0105. Na zewn\u0105trz, wok\u00f3\u0142 pola piecz\u0119ci, pojedyncze obrze\u017cenie ci\u0105g\u0142e.<td>\n<\/tr>\n\t<tr>\n\t\t<td style=\"background-color: #DDDDDD; text-align: center; \"><b>11<\/b><\/td>\n<td style=\"padding-left: 8px;\">&#8211;<\/td>\n\t<\/tr>\n\t<tr>\n\t\t<td style=\"background-color: #DDDDDD; text-align: center; \"><b>12<\/b><\/td>\n<td style=\"padding-left: 8px;\">&#8211;<\/td>\n\t<\/tr>\n<\/table>\n<\/div>\n<\/div>\n\n\n\n<hr class=\"wp-block-separator has-css-opacity\"\/>\n\n\n\n<div class=\"wp-block-columns is-layout-flex wp-container-core-columns-is-layout-9d6595d7 wp-block-columns-is-layout-flex\">\n<div class=\"wp-block-column is-layout-flow wp-block-column-is-layout-flow\" style=\"flex-basis:5%\"><\/div>\n\n\n\n<div class=\"wp-block-column is-vertically-aligned-center is-layout-flow wp-block-column-is-layout-flow\" style=\"flex-basis:23%\">\n<figure class=\"wp-block-gallery aligncenter has-nested-images columns-default is-cropped wp-block-gallery-2 is-layout-flex wp-block-gallery-is-layout-flex\">\n<figure class=\"wp-block-image size-full\"><a href=\"https:\/\/sigillarium.pl\/wp-content\/uploads\/2020\/06\/Mak\u00f3w-Przewodnicz\u0105cy-Rady-Powiatu-t\u0142ok.jpg\"><img loading=\"lazy\" decoding=\"async\" width=\"1013\" height=\"991\" data-id=\"5629\" src=\"https:\/\/sigillarium.pl\/wp-content\/uploads\/2020\/06\/Mak\u00f3w-Przewodnicz\u0105cy-Rady-Powiatu-t\u0142ok.jpg\" alt=\"\" class=\"wp-image-5629\" srcset=\"https:\/\/sigillarium.pl\/wp-content\/uploads\/2020\/06\/Mak\u00f3w-Przewodnicz\u0105cy-Rady-Powiatu-t\u0142ok.jpg 1013w, https:\/\/sigillarium.pl\/wp-content\/uploads\/2020\/06\/Mak\u00f3w-Przewodnicz\u0105cy-Rady-Powiatu-t\u0142ok-300x293.jpg 300w, https:\/\/sigillarium.pl\/wp-content\/uploads\/2020\/06\/Mak\u00f3w-Przewodnicz\u0105cy-Rady-Powiatu-t\u0142ok-768x751.jpg 768w\" sizes=\"auto, (max-width: 1013px) 100vw, 1013px\" \/><\/a><\/figure>\n<\/figure>\n<\/div>\n\n\n\n<div class=\"wp-block-column is-layout-flow wp-block-column-is-layout-flow\" style=\"flex-basis:1%\"><\/div>\n\n\n\n<div class=\"wp-block-column is-vertically-aligned-center is-layout-flow wp-block-column-is-layout-flow\" style=\"flex-basis:22%\"><div class=\"wp-block-image\">\n<figure class=\"aligncenter size-large is-resized\"><img loading=\"lazy\" decoding=\"async\" width=\"328\" height=\"1024\" src=\"http:\/\/sigillarium.pl\/wp-content\/uploads\/2020\/06\/Mak\u00f3w-prew.-pow.-Mak\u00f3w-uchwyt-328x1024.jpg\" alt=\"\" class=\"wp-image-5630\" style=\"width:103px;height:321px\" srcset=\"https:\/\/sigillarium.pl\/wp-content\/uploads\/2020\/06\/Mak\u00f3w-prew.-pow.-Mak\u00f3w-uchwyt-328x1024.jpg 328w, https:\/\/sigillarium.pl\/wp-content\/uploads\/2020\/06\/Mak\u00f3w-prew.-pow.-Mak\u00f3w-uchwyt-96x300.jpg 96w, https:\/\/sigillarium.pl\/wp-content\/uploads\/2020\/06\/Mak\u00f3w-prew.-pow.-Mak\u00f3w-uchwyt.jpg 360w\" sizes=\"auto, (max-width: 328px) 100vw, 328px\" \/><\/figure>\n<\/div><\/div>\n\n\n\n<div class=\"wp-block-column is-layout-flow wp-block-column-is-layout-flow\" style=\"flex-basis:1%\"><\/div>\n\n\n\n<div class=\"wp-block-column is-layout-flow wp-block-column-is-layout-flow\" style=\"flex-basis:48%\">\n<style> td {font-size: 11px; color: black; font-family: Arial;} <\/style>\n<table style=\"width: 500px; height: 150px;\">\n\t<tbody><tr>\n\t\t<td style=\"background-color: #DDDDDD; width:6%; text-align: center; \"><b>1<\/b><\/td>\n\t\t<td style=\"padding-left: 8px;\">kolekcja prywatna<\/td>\n\t<\/tr>\n\t<tr>\n\t\t<td style=\"background-color: #DDDDDD; text-align: center; \"><b>2<\/b><\/td>\n<td style=\"background-color: #FFFF99; white-space: nowrap; padding-left: 8px;\"><b><big><big><a href=\" https:\/\/pl.wikipedia.org\/wiki\/Mak%C3%B3w_Podhala%C5%84ski \"> MAK\u00d3W PODHALA\u0143SKI <\/a> <\/big><\/big><br><big> Przewodnicz\u0105cy Rady Powiatu <\/big><\/b><\/td>\n\t<\/tr>\n\t<tr>\n\t\t<td style=\"background-color: #DDDDDD; text-align: center; \"><b>3a<\/b><\/td>\n\t\t<td style=\"padding-left: 8px;\">mosi\u0105dz<\/td>\n\t<\/tr>\n\t<tr>\n\t\t<td style=\"background-color: #DDDDDD; text-align: center; \"><b>3b<\/b><\/td>\n\t\t<td style=\"padding-left: 8px;\">drewno <\/td>\n\t<\/tr>\n\t<tr>\n\t\t<td style=\"background-color: #DDDDDD; text-align: center; \"><b>4<\/b><\/td>\n\t\t<td style=\"padding-left: 8px;\">okr\u0105g\u0142a \u00d8 29 mm<\/td>\n\t<\/tr>\n\t<tr>\n\t\t<td style=\"background-color: #DDDDDD; text-align: center; \"><b>5<\/b><\/td>\n\t\t<td style=\"padding-left: 8px;\">wkl\u0119s\u0142oryty<\/td>\n\t<\/tr>\n\t<tr>\n\t\t<td style=\"background-color: #DDDDDD; text-align: center; \"><b>6<\/b><\/td>\n<td style=\"padding-left: 8px;\"> na rancie matrycy znacznik prawid\u0142owego ustawienia t\u0142oka<\/td>\n\t<\/tr>\n<tr>\n\t\t<td style=\"background-color: #DDDDDD; text-align: center; \"><b>7<\/b><\/td>\n<td style=\"padding-left: 8px;\"> uchwyt drewniany toczony o kulistej ga\u0142ce<\/td>\n\t<\/tr>\n\t<tr>\n\t\t<td style=\"background-color: #DDDDDD; text-align: center; \"><b>7a<\/b><\/td>\n\t\t<td style=\"padding-left: 8px;\">99 mm<\/td>\n\t<\/tr>\n\t<tr>\n\t\t<td style=\"background-color: #DDDDDD; text-align: center; \"><b>7b<\/b><\/td>\n\t\t<td style=\"padding-left: 8px;\"> 94,5 mm, w tym skuwka 11 mm <\/td>\n\t<\/tr>\n\t<tr>\n\t\t<td style=\"background-color: #DDDDDD; text-align: center; \"><b>7c<\/b><\/td>\n\t\t<td style=\"padding-left: 8px;\"> 4,5 mm<\/td>\n\t<\/tr>\n\t<tr>\n\t\t<td style=\"background-color: #DDDDDD; text-align: center; \"><b>8<\/b><\/td>\n<td style=\"padding-left: 8px;\">&#8211;<\/td>\n\t<\/tr>\n\t<tr>\n\t\t<td style=\"background-color: #DDDDDD; text-align: center; \"><b>9a<\/b><\/td>\n\t\t<td style=\"padding-left: 8px;\">majusku\u0142a<\/td>\n\t<\/tr>\n\t<tr>\n\t\t<td style=\"background-color: #DDDDDD; text-align: center; \"><b>9b<\/b><\/td>\n<td style=\"padding-left: 8px;\"><br> w otoku:<b> K<i> (\u00f6nig).<\/i> K <i> (aiser).<\/i> BEZIRKSVORSTEHER \/\/ IN  MAKOW<br><br><\/b><\/td> \n<\/tr>\n\t<tr>\t\n\t\t<td style=\"background-color: #DDDDDD; text-align: center; \"><b>10<\/b><\/td>\n<td style=\"padding-left: 8px;\">W polu piecz\u0119ci god\u0142o Cesarstwa Austrii &#8211; orze\u0142 dwug\u0142owy w koronie cesarskiej ze wst\u0119gami, trzymaj\u0105cy w \u0142apach miecz i jab\u0142ko a na piersi tarcz\u0119 herbow\u0105 z herbem Habsburg\u00f3w otoczon\u0105 \u0142a\u0144cuchem Orderu Z\u0142otego Runa. Na zewn\u0105trz, wok\u00f3\u0142 pola piecz\u0119ci, pojedyncze obrze\u017cenie ci\u0105g\u0142e.<\/td><td>\n<\/td><\/tr>\n\t<tr>\n\t\t<td style=\"background-color: #DDDDDD; text-align: center; \"><b>11<\/b><\/td>\n<td style=\"padding-left: 8px;\">&#8211;<\/td>\n\t<\/tr>\n\t<tr>\n\t\t<td style=\"background-color: #DDDDDD; text-align: center; \"><b>12<\/b><\/td>\n<td style=\"padding-left: 8px;\">W Makowie Podhala\u0144skim po raz pierwszy ustanowiono starostwo powiatowe w 1914 r.,  jednak z powodu dzia\u0142a\u0144 wojennych starostwo nie rozpocz\u0119\u0142o urz\u0119dowania. <\/td>\n\t<\/tr>\n<\/tbody><\/table>\n<\/div>\n<\/div>\n\n\n\n<hr class=\"wp-block-separator has-css-opacity\"\/>\n\n\n\n<div class=\"wp-block-columns is-layout-flex wp-container-core-columns-is-layout-9d6595d7 wp-block-columns-is-layout-flex\">\n<div class=\"wp-block-column is-layout-flow wp-block-column-is-layout-flow\" style=\"flex-basis:5%\"><\/div>\n\n\n\n<div class=\"wp-block-column is-vertically-aligned-center is-layout-flow wp-block-column-is-layout-flow\" style=\"flex-basis:23%\">\n<figure class=\"wp-block-gallery aligncenter has-nested-images columns-default is-cropped wp-block-gallery-3 is-layout-flex wp-block-gallery-is-layout-flex\">\n<figure class=\"wp-block-image size-full\"><a href=\"https:\/\/sigillarium.pl\/wp-content\/uploads\/2020\/10\/Zielonki-Urzednik-Stanu-Cywilnego-tlok.jpg\"><img loading=\"lazy\" decoding=\"async\" width=\"1001\" height=\"1009\" data-id=\"8855\" src=\"https:\/\/sigillarium.pl\/wp-content\/uploads\/2020\/10\/Zielonki-Urzednik-Stanu-Cywilnego-tlok.jpg\" alt=\"\" class=\"wp-image-8855\" srcset=\"https:\/\/sigillarium.pl\/wp-content\/uploads\/2020\/10\/Zielonki-Urzednik-Stanu-Cywilnego-tlok.jpg 1001w, https:\/\/sigillarium.pl\/wp-content\/uploads\/2020\/10\/Zielonki-Urzednik-Stanu-Cywilnego-tlok-298x300.jpg 298w, https:\/\/sigillarium.pl\/wp-content\/uploads\/2020\/10\/Zielonki-Urzednik-Stanu-Cywilnego-tlok-150x150.jpg 150w, https:\/\/sigillarium.pl\/wp-content\/uploads\/2020\/10\/Zielonki-Urzednik-Stanu-Cywilnego-tlok-768x774.jpg 768w\" sizes=\"auto, (max-width: 1001px) 100vw, 1001px\" \/><\/a><\/figure>\n<\/figure>\n<\/div>\n\n\n\n<div class=\"wp-block-column is-layout-flow wp-block-column-is-layout-flow\" style=\"flex-basis:1%\"><\/div>\n\n\n\n<div class=\"wp-block-column is-vertically-aligned-center is-layout-flow wp-block-column-is-layout-flow\" style=\"flex-basis:22%\"><div class=\"wp-block-image\">\n<figure class=\"aligncenter size-large is-resized\"><img loading=\"lazy\" decoding=\"async\" width=\"813\" height=\"798\" src=\"https:\/\/sigillarium.pl\/wp-content\/uploads\/2020\/10\/Zielonki-Urzednik-Stanu-Cywilnego-uchwyt.jpg\" alt=\"\" class=\"wp-image-8856\" style=\"width:181px;height:205px\" srcset=\"https:\/\/sigillarium.pl\/wp-content\/uploads\/2020\/10\/Zielonki-Urzednik-Stanu-Cywilnego-uchwyt.jpg 813w, https:\/\/sigillarium.pl\/wp-content\/uploads\/2020\/10\/Zielonki-Urzednik-Stanu-Cywilnego-uchwyt-300x294.jpg 300w, https:\/\/sigillarium.pl\/wp-content\/uploads\/2020\/10\/Zielonki-Urzednik-Stanu-Cywilnego-uchwyt-768x754.jpg 768w\" sizes=\"auto, (max-width: 813px) 100vw, 813px\" \/><\/figure>\n<\/div><\/div>\n\n\n\n<div class=\"wp-block-column is-layout-flow wp-block-column-is-layout-flow\" style=\"flex-basis:1%\"><\/div>\n\n\n\n<div class=\"wp-block-column is-layout-flow wp-block-column-is-layout-flow\" style=\"flex-basis:48%\">\n<style> td {font-size: 11px; color: black; font-family: Arial;} <\/style>\n<table style=\"width: 500px; height: 150px;\">\n\t<tr>\n\t\t<td style=\"background-color: #DDDDDD; width:6%; text-align: center; \"><b>1<\/b><\/td>\n\t\t<td style=\"padding-left: 8px;\">kolekcja prywatna<\/td>\n\t<\/tr>\n\t<tr>\n\t\t<td style=\"background-color: #DDDDDD; text-align: center; \"><b>2<\/b><\/td>\n<td style=\"background-color: #FFFF99; white-space: nowrap; padding-left: 8px;\"><b><big><big><a href=\" https:\/\/pl.wikipedia.org\/wiki\/Zielonki_(wojew%C3%B3dztwo_ma%C5%82opolskie)\"> ZIELONKI <\/a> <\/big><\/big><br \/><big> Urz\u0119dnik stanu cywilnego parafii Zielonki<\/big><\/td>\n\t<\/tr>\n\t<tr>\n\t\t<td style=\"background-color: #DDDDDD; text-align: center; \"><b>3a<\/b><\/td>\n\t\t<td style=\"padding-left: 8px;\">mosi\u0105dz<\/td>\n\t<\/tr>\n\t<tr>\n\t\t<td style=\"background-color: #DDDDDD; text-align: center; \"><b>3b<\/b><\/td>\n\t\t<td style=\"padding-left: 8px;\">&#8211; <\/td>\n\t<\/tr>\n\t<tr>\n\t\t<td style=\"background-color: #DDDDDD; text-align: center; \"><b>4<\/b><\/td>\n\t\t<td style=\"padding-left: 8px;\">okr\u0105g\u0142a \u00d8 34 mm<\/td>\n\t<\/tr>\n\t<tr>\n\t\t<td style=\"background-color: #DDDDDD; text-align: center; \"><b>5<\/b><\/td>\n\t\t<td style=\"padding-left: 8px;\">wkl\u0119s\u0142oryty<\/td>\n\t<\/tr>\n\t<tr>\n\t\t<td style=\"background-color: #DDDDDD; text-align: center; \"><b>6<\/b><\/td>\n<td style=\"padding-left: 8px;\"> na rancie matrycy znacznik prawid\u0142owego ustawienia t\u0142oka<\/td>\n\t<\/tr>\n<tr>\n\t\t<td style=\"background-color: #DDDDDD; text-align: center; \"><b>7<\/b><\/td>\n<td style=\"padding-left: 8px;\">brak uchwytu, trzpie\u0144 do jego nabicia<\/td>\n\t<\/tr>\n\t<tr>\n\t\t<td style=\"background-color: #DDDDDD; text-align: center; \"><b>7a<\/b><\/td>\n\t\t<td style=\"padding-left: 8px;\">27 mm<\/td>\n\t<\/tr>\n\t<tr>\n\t\t<td style=\"background-color: #DDDDDD; text-align: center; \"><b>7b<\/b><\/td>\n\t\t<td style=\"padding-left: 8px;\"> 22 mm <\/td>\n\t<\/tr>\n\t<tr>\n\t\t<td style=\"background-color: #DDDDDD; text-align: center; \"><b>7c<\/b><\/td>\n\t\t<td style=\"padding-left: 8px;\"> 5 mm<\/td>\n\t<\/tr>\n\t<tr>\n\t\t<td style=\"background-color: #DDDDDD; text-align: center; \"><b>8<\/b><\/td>\n<td style=\"padding-left: 8px;\">&#8211;<\/td>\n\t<\/tr>\n\t<tr>\n\t\t<td style=\"background-color: #DDDDDD; text-align: center; \"><b>9a<\/b><\/td>\n\t\t<td style=\"padding-left: 8px;\">majusku\u0142a<\/td>\n\t<\/tr>\n\t<tr>\n\t\t<td style=\"background-color: #DDDDDD; text-align: center; \"><b>9b<\/b><\/td>\n<td style=\"padding-left: 8px;\"> <br \/>w otoku:<b> C. K. URZ\u0118DNIK STANU CYWILNEGO PAR <i>(afii) <\/i> : ZIELONKI.<br \/><br \/><\/td> \n<\/tr>\n\t<tr>\t\n\t\t<td style=\"background-color: #DDDDDD; text-align: center; \"><b>10<\/b><\/td>\n<td style=\"padding-left: 8px;\">W polu piecz\u0119ci god\u0142o Cesarstwa Austrii &#8211; orze\u0142 dwug\u0142owy w koronie cesarskiej ze wst\u0119gami, trzymaj\u0105cy w szponach po prawej stronie miecz i ber\u0142o, a po lewej jab\u0142ko. Na piersi or\u0142a tarcza herbowa z herbem Habsburg\u00f3w otoczon\u0105 \u0142a\u0144cuchem Orderu Z\u0142otego Runa. Na zewn\u0105trz, wok\u00f3\u0142 pola piecz\u0119ci, pojedyncze obrze\u017cenie ci\u0105g\u0142e.<td>\n<\/tr>\n\t<tr>\n\t\t<td style=\"background-color: #DDDDDD; text-align: center; \"><b>11<\/b><\/td>\n<td style=\"padding-left: 8px;\">&#8211;<\/td>\n\t<\/tr>\n\t<tr>\n\t\t<td style=\"background-color: #DDDDDD; text-align: center; \"><b>12<\/b><\/td>\n<td style=\"padding-left: 8px;\">&#8211; <\/td>\n\t<\/tr>\n<\/table>\n<\/div>\n<\/div>\n\n\n\n<hr class=\"wp-block-separator has-css-opacity\"\/>\n\n\n\n<div class=\"wp-block-columns is-layout-flex wp-container-core-columns-is-layout-9d6595d7 wp-block-columns-is-layout-flex\">\n<div class=\"wp-block-column is-layout-flow wp-block-column-is-layout-flow\" style=\"flex-basis:5%\"><\/div>\n\n\n\n<div class=\"wp-block-column is-vertically-aligned-center is-layout-flow wp-block-column-is-layout-flow\" style=\"flex-basis:23%\">\n<figure class=\"wp-block-gallery aligncenter has-nested-images columns-default is-cropped wp-block-gallery-4 is-layout-flex wp-block-gallery-is-layout-flex\">\n<figure class=\"wp-block-image size-full\"><a href=\"https:\/\/sigillarium.pl\/wp-content\/uploads\/2021\/03\/ekonom.jpg\"><img loading=\"lazy\" decoding=\"async\" width=\"779\" height=\"1002\" data-id=\"12032\" src=\"https:\/\/sigillarium.pl\/wp-content\/uploads\/2021\/03\/ekonom.jpg\" alt=\"\" class=\"wp-image-12032\" srcset=\"https:\/\/sigillarium.pl\/wp-content\/uploads\/2021\/03\/ekonom.jpg 779w, https:\/\/sigillarium.pl\/wp-content\/uploads\/2021\/03\/ekonom-233x300.jpg 233w, https:\/\/sigillarium.pl\/wp-content\/uploads\/2021\/03\/ekonom-768x988.jpg 768w\" sizes=\"auto, (max-width: 779px) 100vw, 779px\" \/><\/a><\/figure>\n<\/figure>\n<\/div>\n\n\n\n<div class=\"wp-block-column is-layout-flow wp-block-column-is-layout-flow\" style=\"flex-basis:1%\"><\/div>\n\n\n\n<div class=\"wp-block-column is-vertically-aligned-center is-layout-flow wp-block-column-is-layout-flow\" style=\"flex-basis:22%\"><div class=\"wp-block-image\">\n<figure class=\"aligncenter size-large is-resized\"><img loading=\"lazy\" decoding=\"async\" width=\"917\" height=\"983\" src=\"https:\/\/sigillarium.pl\/wp-content\/uploads\/2021\/03\/ekonom_1.jpg\" alt=\"\" class=\"wp-image-12033\" style=\"width:176px;height:187px\" srcset=\"https:\/\/sigillarium.pl\/wp-content\/uploads\/2021\/03\/ekonom_1.jpg 917w, https:\/\/sigillarium.pl\/wp-content\/uploads\/2021\/03\/ekonom_1-280x300.jpg 280w, https:\/\/sigillarium.pl\/wp-content\/uploads\/2021\/03\/ekonom_1-768x823.jpg 768w\" sizes=\"auto, (max-width: 917px) 100vw, 917px\" \/><\/figure>\n<\/div><\/div>\n\n\n\n<div class=\"wp-block-column is-layout-flow wp-block-column-is-layout-flow\" style=\"flex-basis:1%\"><\/div>\n\n\n\n<div class=\"wp-block-column is-layout-flow wp-block-column-is-layout-flow\" style=\"flex-basis:48%\">\n<style> td {font-size: 11px; color: black; font-family: Arial;} <\/style>\n<table style=\"width: 500px; height: 150px;\">\n\t<tbody><tr>\n\t\t<td style=\"background-color: #DDDDDD; width:6%; text-align: center; \"><b>1<\/b><\/td>\n\t\t<td style=\"padding-left: 8px;\">kolekcja prywatna<\/td>\n\t<\/tr>\n\t<tr>\n\t\t<td style=\"background-color: #DDDDDD; text-align: center; \"><b>2<\/b><\/td>\n<td style=\"background-color: #FFFF99; white-space: nowrap; padding-left: 8px;\"><b><big><big>NN<\/big><\/big><\/b><br><b><big> Ekonom ? o inicja\u0142ach G.A.<\/big><\/b><\/td>\n\t<\/tr>\n\t<tr>\n\t\t<td style=\"background-color: #DDDDDD; text-align: center; \"><b>3a<\/b><\/td>\n\t\t<td style=\"padding-left: 8px;\">mosi\u0105dz<\/td>\n\t<\/tr>\n\t<tr>\n\t\t<td style=\"background-color: #DDDDDD; text-align: center; \"><b>3b<\/b><\/td>\n\t\t<td style=\"padding-left: 8px;\"> mosi\u0105dz <\/td>\n\t<\/tr>\n\t<tr>\n\t\t<td style=\"background-color: #DDDDDD; text-align: center; \"><b>4<\/b><\/td>\n\t\t<td style=\"padding-left: 8px;\">owalna 28 x 22 mm<\/td>\n\t<\/tr>\n\t<tr>\n\t\t<td style=\"background-color: #DDDDDD; text-align: center; \"><b>5<\/b><\/td>\n\t\t<td style=\"padding-left: 8px;\">wkl\u0119s\u0142oryty<\/td>\n\t<\/tr>\n\t<tr>\n\t\t<td style=\"background-color: #DDDDDD; text-align: center; \"><b>6<\/b><\/td>\n<td style=\"padding-left: 8px;\"> &#8211;<\/td>\n\t<\/tr>\n<tr>\n\t\t<td style=\"background-color: #DDDDDD; text-align: center; \"><b>7<\/b><\/td>\n<td style=\"padding-left: 8px;\"> uchwyt sp\u0142aszczony, g\u00f3rna cz\u0119\u015b\u0107 w formie rombu z otworem<\/td>\n\t<\/tr>\n\t<tr>\n\t\t<td style=\"background-color: #DDDDDD; text-align: center; \"><b>7a<\/b><\/td>\n\t\t<td style=\"padding-left: 8px;\">30 mm<\/td>\n\t<\/tr>\n\t<tr>\n\t\t<td style=\"background-color: #DDDDDD; text-align: center; \"><b>7b<\/b><\/td>\n\t\t<td style=\"padding-left: 8px;\"> 28 mm<\/td>\n\t<\/tr>\n\t<tr>\n\t\t<td style=\"background-color: #DDDDDD; text-align: center; \"><b>7c<\/b><\/td>\n\t\t<td style=\"padding-left: 8px;\">2 mm<\/td>\n\t<\/tr>\n\t<tr>\n\t\t<td style=\"background-color: #DDDDDD; text-align: center; \"><b>8<\/b><\/td>\n<td style=\"padding-left: 8px;\"> &#8211; <\/td>\n\t<\/tr>\n\t<tr>\n\t\t<td style=\"background-color: #DDDDDD; text-align: center; \"><b>9a<\/b><\/td>\n\t\t<td style=\"padding-left: 8px;\">majusku\u0142a<\/td>\n\t<\/tr>\n\t<tr>\n\t\t<td style=\"background-color: #DDDDDD; text-align: center; \"><b>9b<\/b><\/td>\n<td style=\"padding-left: 8px;\"> <br> w polu piecz\u0119ci inicja\u0142y: <b>A.G.<\/b> i pierwsza litera skr\u00f3tu miejscowo\u015bci ? <b>\/\/ I:<\/b><br><br><\/td> \n\t<\/tr>\n\t<tr>\n\t\t<td style=\"background-color: #DDDDDD; text-align: center; \"><b>10<\/b><\/td>\n<td style=\"padding-left: 8px;\"> W polu piecz\u0119ci na trawie snopek zbo\u017ca, za nim skrzy\u017cowane wid\u0142y, kosa,  grabie, cep, szpadel. Nad nimi zwisaj\u0105ce girlandy ( wieniec?) z li\u015bci laurowych. Poni\u017cej obrazu napiecz\u0119tnego inicja\u0142y dysponenta oraz skr\u00f3t miejscow\u015bci. Po bokach dwa k\u0142osy. Na zewn\u0105trz, wok\u00f3\u0142 pola piecz\u0119ci, pojedyncze obrze\u017cenie ci\u0105g\u0142e. <\/td>\n<\/tr>\n\t<tr>\n\t\t<td style=\"background-color: #DDDDDD; text-align: center; \"><b>11<\/b><\/td>\n<td style=\"padding-left: 8px;\"> &#8211;\n\t<\/td><\/tr>\n\t<tr>\n\t\t<td style=\"background-color: #DDDDDD; text-align: center; \"><b>12<\/b><\/td>\n\t\t<td style=\"padding-left: 8px;\"> &#8211; <\/td><\/tr>\n<\/tbody><\/table>\n<\/div>\n<\/div>\n\n\n\n<hr class=\"wp-block-separator has-css-opacity\"\/>\n","protected":false},"excerpt":{"rendered":"<p>Instytucje samorz\u0105dowe na ziemiach polskich w XIX w. by\u0142y kszta\u0142towane w ramach system\u00f3w administracyjno-politycznych pa\u0144stw zaborczych, pod panowaniem kt\u00f3rych si\u0119 znalaz\u0142y. Generalnie system samorz\u0105dowy funkcjonowa\u0142 w oparciu o rozwi\u0105zania prawne&hellip; <\/p>\n","protected":false},"author":1,"featured_media":0,"parent":0,"menu_order":0,"comment_status":"closed","ping_status":"closed","template":"","meta":{"footnotes":""},"class_list":["post-430","page","type-page","status-publish","hentry"],"_links":{"self":[{"href":"https:\/\/sigillarium.pl\/index.php\/wp-json\/wp\/v2\/pages\/430","targetHints":{"allow":["GET"]}}],"collection":[{"href":"https:\/\/sigillarium.pl\/index.php\/wp-json\/wp\/v2\/pages"}],"about":[{"href":"https:\/\/sigillarium.pl\/index.php\/wp-json\/wp\/v2\/types\/page"}],"author":[{"embeddable":true,"href":"https:\/\/sigillarium.pl\/index.php\/wp-json\/wp\/v2\/users\/1"}],"replies":[{"embeddable":true,"href":"https:\/\/sigillarium.pl\/index.php\/wp-json\/wp\/v2\/comments?post=430"}],"version-history":[{"count":24,"href":"https:\/\/sigillarium.pl\/index.php\/wp-json\/wp\/v2\/pages\/430\/revisions"}],"predecessor-version":[{"id":35302,"href":"https:\/\/sigillarium.pl\/index.php\/wp-json\/wp\/v2\/pages\/430\/revisions\/35302"}],"wp:attachment":[{"href":"https:\/\/sigillarium.pl\/index.php\/wp-json\/wp\/v2\/media?parent=430"}],"curies":[{"name":"wp","href":"https:\/\/api.w.org\/{rel}","templated":true}]}}