{"id":5179,"date":"2020-06-17T20:17:07","date_gmt":"2020-06-17T18:17:07","guid":{"rendered":"http:\/\/sigillarium.pl\/?page_id=5179"},"modified":"2025-05-13T19:53:53","modified_gmt":"2025-05-13T17:53:53","slug":"pieczecie-urzednikow-powstanczych-zabor-austriacki","status":"publish","type":"page","link":"https:\/\/sigillarium.pl\/index.php\/pieczecie-urzednikow-powstanczych-zabor-austriacki\/","title":{"rendered":"Piecz\u0119cie urz\u0119dnik\u00f3w powsta\u0144czych (zab\u00f3r austriacki)"},"content":{"rendered":"\n<hr class=\"wp-block-separator has-css-opacity\"\/>\n\n\n\n<p>Podgrupa ta prezentuje osobiste t\u0142oki piecz\u0119tne, kt\u00f3re nale\u017ca\u0142y do urz\u0119dnik\u00f3w powsta\u0144czych \u2013 jako os\u00f3b fizycznych. T\u0142oki zaprezentowano w kolejno\u015bci alfabetycznej wzgl\u0119dem nazwy miejscowo\u015bci przywo\u0142anej w legendzie t\u0142oka lub odtworzonej ze \u017ar\u00f3de\u0142 historycznych.<\/p>\n\n\n\n<hr class=\"wp-block-separator has-css-opacity\"\/>\n\n\n\n<div class=\"wp-block-columns is-layout-flex wp-container-core-columns-is-layout-9d6595d7 wp-block-columns-is-layout-flex\">\n<div class=\"wp-block-column is-layout-flow wp-block-column-is-layout-flow\" style=\"flex-basis:5%\"><\/div>\n\n\n\n<div class=\"wp-block-column is-vertically-aligned-center is-layout-flow wp-block-column-is-layout-flow\" style=\"flex-basis:23%\">\n<figure class=\"wp-block-gallery aligncenter has-nested-images columns-default is-cropped wp-block-gallery-1 is-layout-flex wp-block-gallery-is-layout-flex\">\n<figure class=\"wp-block-image size-large\"><a href=\"https:\/\/sigillarium.pl\/wp-content\/uploads\/2020\/06\/Krak\u00f3w-komendant-placu-2-t\u0142ok.jpg\"><img loading=\"lazy\" decoding=\"async\" width=\"1024\" height=\"1004\" data-id=\"5180\" src=\"https:\/\/sigillarium.pl\/wp-content\/uploads\/2020\/06\/Krak\u00f3w-komendant-placu-2-t\u0142ok-1024x1004.jpg\" alt=\"\" class=\"wp-image-5180\" srcset=\"https:\/\/sigillarium.pl\/wp-content\/uploads\/2020\/06\/Krak\u00f3w-komendant-placu-2-t\u0142ok-1024x1004.jpg 1024w, https:\/\/sigillarium.pl\/wp-content\/uploads\/2020\/06\/Krak\u00f3w-komendant-placu-2-t\u0142ok-300x294.jpg 300w, https:\/\/sigillarium.pl\/wp-content\/uploads\/2020\/06\/Krak\u00f3w-komendant-placu-2-t\u0142ok-768x753.jpg 768w, https:\/\/sigillarium.pl\/wp-content\/uploads\/2020\/06\/Krak\u00f3w-komendant-placu-2-t\u0142ok.jpg 1134w\" sizes=\"auto, (max-width: 1024px) 100vw, 1024px\" \/><\/a><\/figure>\n<\/figure>\n<\/div>\n\n\n\n<div class=\"wp-block-column is-layout-flow wp-block-column-is-layout-flow\" style=\"flex-basis:1%\"><\/div>\n\n\n\n<div class=\"wp-block-column is-vertically-aligned-center is-layout-flow wp-block-column-is-layout-flow\" style=\"flex-basis:23%\"><div class=\"wp-block-image\">\n<figure class=\"aligncenter size-large is-resized\"><img loading=\"lazy\" decoding=\"async\" width=\"383\" height=\"1024\" src=\"http:\/\/sigillarium.pl\/wp-content\/uploads\/2020\/06\/Krak\u00f3w-komendant-placu-2-uchwyt-1-383x1024.jpg\" alt=\"\" class=\"wp-image-5182\" style=\"width:140px;height:373px\" srcset=\"https:\/\/sigillarium.pl\/wp-content\/uploads\/2020\/06\/Krak\u00f3w-komendant-placu-2-uchwyt-1-383x1024.jpg 383w, https:\/\/sigillarium.pl\/wp-content\/uploads\/2020\/06\/Krak\u00f3w-komendant-placu-2-uchwyt-1-112x300.jpg 112w, https:\/\/sigillarium.pl\/wp-content\/uploads\/2020\/06\/Krak\u00f3w-komendant-placu-2-uchwyt-1-768x2055.jpg 768w, https:\/\/sigillarium.pl\/wp-content\/uploads\/2020\/06\/Krak\u00f3w-komendant-placu-2-uchwyt-1-574x1536.jpg 574w, https:\/\/sigillarium.pl\/wp-content\/uploads\/2020\/06\/Krak\u00f3w-komendant-placu-2-uchwyt-1-765x2048.jpg 765w, https:\/\/sigillarium.pl\/wp-content\/uploads\/2020\/06\/Krak\u00f3w-komendant-placu-2-uchwyt-1.jpg 864w\" sizes=\"auto, (max-width: 383px) 100vw, 383px\" \/><\/figure>\n<\/div><\/div>\n\n\n\n<div class=\"wp-block-column is-layout-flow wp-block-column-is-layout-flow\" style=\"flex-basis:1%\"><\/div>\n\n\n\n<div class=\"wp-block-column is-layout-flow wp-block-column-is-layout-flow\" style=\"flex-basis:48%\">\n<style> td {font-size: 11px; color: black; font-family: Arial;} <\/style>\n<table style=\"width: 500px; height: 150px;\">\n\t<tbody><tr>\n\t\t<td style=\"background-color: #DDDDDD; width:6%; text-align: center; \"><b>1<\/b><\/td>\n\t\t<td style=\"padding-left: 8px;\">kolekcja prywatna<\/td>\n\t<\/tr>\n\t<tr>\n\t\t<td style=\"background-color: #DDDDDD; text-align: center; \"><b>2<\/b><\/td>\n<td style=\"background-color: #FFFF99; white-space: nowrap; padding-left: 8px;\"><b><big><big><a href=\" https:\/\/pl.wikipedia.org\/wiki\/Krak%C3%B3w \"> KRAK\u00d3W <\/a> <\/big><\/big><br><big> Komendant Placu Miasta <\/big><\/b><\/td>\n\t<\/tr>\n\t<tr>\n\t\t<td style=\"background-color: #DDDDDD; text-align: center; \"><b>3a<\/b><\/td>\n\t\t<td style=\"padding-left: 8px;\">mosi\u0105dz<\/td>\n\t<\/tr>\n\t<tr>\n\t\t<td style=\"background-color: #DDDDDD; text-align: center; \"><b>3b<\/b><\/td>\n\t\t<td style=\"padding-left: 8px;\">drewno<\/td>\n\t<\/tr>\n\t<tr>\n\t\t<td style=\"background-color: #DDDDDD; text-align: center; \"><b>4<\/b><\/td>\n<td style=\"padding-left: 8px;\"> okr\u0105g\u0142a \u00d8 35 mm<\/td>\n\t<\/tr>\n\t<tr>\n\t\t<td style=\"background-color: #DDDDDD; text-align: center; \"><b>5<\/b><\/td>\n\t\t<td style=\"padding-left: 8px;\"> wkl\u0119s\u0142oryty<\/td>\n\t<\/tr>\n\t<tr>\n\t\t<td style=\"background-color: #DDDDDD; text-align: center; \"><b>6<\/b><\/td>\n<td style=\"padding-left: 8px;\">&#8211; <\/td>\n\t<\/tr>\n<tr>\n\t\t<td style=\"background-color: #DDDDDD; text-align: center; \"><b>7<\/b><\/td>\n<td style=\"padding-left: 8px;\"> uchwyt toczony o kulistej ga\u0142ce, lakierowany na czarno <\/td>\n\t<\/tr>\n\t<tr>\n\t\t<td style=\"background-color: #DDDDDD; text-align: center; \"><b>7a<\/b><\/td>\n\t\t<td style=\"padding-left: 8px;\">100 mm <\/td>\n\t<\/tr>\n\t<tr>\n\t\t<td style=\"background-color: #DDDDDD; text-align: center; \"><b>7b<\/b><\/td>\n<td style=\"padding-left: 8px;\">94,5 w tym skuwka 6 mm<\/td>\n\t<\/tr>\n\t<tr>\n\t\t<td style=\"background-color: #DDDDDD; text-align: center; \"><b>7c<\/b><\/td>\n\t\t<td style=\"padding-left: 8px;\"> 5,5 mm<\/td>\n\t<\/tr>\n\t<tr>\n\t\t<td style=\"background-color: #DDDDDD; text-align: center; \"><b>8<\/b><\/td>\n<td style=\"padding-left: 8px;\">&#8211;<\/td>\n\t<\/tr>\n\t<tr>\n\t\t<td style=\"background-color: #DDDDDD; text-align: center; \"><b>9a<\/b><\/td>\n\t\t<td style=\"padding-left: 8px;\">majusku\u0142a<\/td>\n\t<\/tr>\n\t<tr>\n\t\t<td style=\"background-color: #DDDDDD; text-align: center; \"><b>9b<\/b><\/td>\n<td style=\"padding-left: 8px;\"><br> w otoku: <b>KOMMENDANT  PLACU  MIASTA  KRAKOWA<\/b><br><br><\/td> \n<\/tr>\n\t<tr>\t\n\t\t<td style=\"background-color: #DDDDDD; text-align: center; \"><b>10<\/b><\/td>\n<td style=\"padding-left: 8px;\"> W polu piecz\u0119ci orze\u0142 bez korony trzymaj\u0105cy w szponach po prawej wieniec laurowy (symbol zwyci\u0119stwa i chwa\u0142y); w szponach po lewej wieniec d\u0119bowy (symbol waleczno\u015bci i odwagi). Wizerunek or\u0142a okre\u015blony w Ustawie rewolucyjnej z dnia 23.02.1846 r. dla god\u0142a narodowego. Na zewn\u0105trz, wok\u00f3\u0142 pola piecz\u0119ci, podw\u00f3jne obrze\u017cenie ci\u0105g\u0142e. <\/td>\n<\/tr>\n\t<tr>\n\t\t<td style=\"background-color: #DDDDDD; text-align: center; \"><b>11<\/b><\/td>\n<td style=\"padding-left: 8px;\"> J. Giersz, Orze\u0142 Bia\u0142y na piecz\u0119ciach urz\u0119dowych \nw XIX i XX w., Odkrywca 5\/2019, s. 63.<\/td>\n\t<\/tr>\n\t<tr>\n\t\t<td style=\"background-color: #DDDDDD; text-align: center; \"><b>12<\/b><\/td>\n<td style=\"padding-left: 8px;\">&#8211;<\/td>\n\t<\/tr>\n<\/tbody><\/table>\n<\/div>\n<\/div>\n\n\n\n<hr class=\"wp-block-separator has-css-opacity\"\/>\n\n\n\n<p><\/p>\n","protected":false},"excerpt":{"rendered":"<p>Podgrupa ta prezentuje osobiste t\u0142oki piecz\u0119tne, kt\u00f3re nale\u017ca\u0142y do urz\u0119dnik\u00f3w powsta\u0144czych \u2013 jako os\u00f3b fizycznych. T\u0142oki zaprezentowano w kolejno\u015bci alfabetycznej wzgl\u0119dem nazwy miejscowo\u015bci przywo\u0142anej w legendzie t\u0142oka lub odtworzonej ze&hellip; <\/p>\n","protected":false},"author":1,"featured_media":0,"parent":0,"menu_order":0,"comment_status":"closed","ping_status":"closed","template":"","meta":{"footnotes":""},"class_list":["post-5179","page","type-page","status-publish","hentry"],"_links":{"self":[{"href":"https:\/\/sigillarium.pl\/index.php\/wp-json\/wp\/v2\/pages\/5179","targetHints":{"allow":["GET"]}}],"collection":[{"href":"https:\/\/sigillarium.pl\/index.php\/wp-json\/wp\/v2\/pages"}],"about":[{"href":"https:\/\/sigillarium.pl\/index.php\/wp-json\/wp\/v2\/types\/page"}],"author":[{"embeddable":true,"href":"https:\/\/sigillarium.pl\/index.php\/wp-json\/wp\/v2\/users\/1"}],"replies":[{"embeddable":true,"href":"https:\/\/sigillarium.pl\/index.php\/wp-json\/wp\/v2\/comments?post=5179"}],"version-history":[{"count":16,"href":"https:\/\/sigillarium.pl\/index.php\/wp-json\/wp\/v2\/pages\/5179\/revisions"}],"predecessor-version":[{"id":35301,"href":"https:\/\/sigillarium.pl\/index.php\/wp-json\/wp\/v2\/pages\/5179\/revisions\/35301"}],"wp:attachment":[{"href":"https:\/\/sigillarium.pl\/index.php\/wp-json\/wp\/v2\/media?parent=5179"}],"curies":[{"name":"wp","href":"https:\/\/api.w.org\/{rel}","templated":true}]}}