{"id":547,"date":"2020-02-15T19:40:57","date_gmt":"2020-02-15T18:40:57","guid":{"rendered":"http:\/\/sigillarium.pl\/?page_id=547"},"modified":"2026-04-23T09:55:30","modified_gmt":"2026-04-23T07:55:30","slug":"pieczecie-wiejskie","status":"publish","type":"page","link":"https:\/\/sigillarium.pl\/index.php\/pieczecie-wiejskie\/","title":{"rendered":"Piecz\u0119cie maj\u0105tk\u00f3w i s\u0105d\u00f3w ziemskich"},"content":{"rendered":"\n<hr class=\"wp-block-separator has-css-opacity\"\/>\n\n\n\n<p>T\u0142oki zaprezentowano w kolejno\u015bci alfabetycznej wzgl\u0119dem nazwy miejscowo\u015bci przywo\u0142anej w legendzie t\u0142oka lub odtworzonej ze \u017ar\u00f3de\u0142 historycznych. <\/p>\n\n\n\n<hr class=\"wp-block-separator has-css-opacity\"\/>\n\n\n\n<div class=\"wp-block-columns is-layout-flex wp-container-core-columns-is-layout-9d6595d7 wp-block-columns-is-layout-flex\">\n<div class=\"wp-block-column is-layout-flow wp-block-column-is-layout-flow\" style=\"flex-basis:5.28%\"><\/div>\n\n\n\n<div class=\"wp-block-column is-vertically-aligned-center is-layout-flow wp-block-column-is-layout-flow\" style=\"flex-basis:22.28%\">\n<figure class=\"wp-block-gallery aligncenter has-nested-images columns-default is-cropped wp-block-gallery-1 is-layout-flex wp-block-gallery-is-layout-flex\">\n<figure class=\"wp-block-image size-full is-style-default\"><a href=\"https:\/\/sigillarium.pl\/wp-content\/uploads\/2022\/10\/pieczec_ekonomia_annopolska_pieczec-seal-petschaft-siegel-sceau-sigillarium.jpg.jpg\"><img loading=\"lazy\" decoding=\"async\" width=\"808\" height=\"887\" data-id=\"22512\" src=\"https:\/\/sigillarium.pl\/wp-content\/uploads\/2022\/10\/pieczec_ekonomia_annopolska_pieczec-seal-petschaft-siegel-sceau-sigillarium.jpg.jpg\" alt=\"\" class=\"wp-image-22512\" srcset=\"https:\/\/sigillarium.pl\/wp-content\/uploads\/2022\/10\/pieczec_ekonomia_annopolska_pieczec-seal-petschaft-siegel-sceau-sigillarium.jpg.jpg 808w, https:\/\/sigillarium.pl\/wp-content\/uploads\/2022\/10\/pieczec_ekonomia_annopolska_pieczec-seal-petschaft-siegel-sceau-sigillarium.jpg-273x300.jpg 273w, https:\/\/sigillarium.pl\/wp-content\/uploads\/2022\/10\/pieczec_ekonomia_annopolska_pieczec-seal-petschaft-siegel-sceau-sigillarium.jpg-768x843.jpg 768w\" sizes=\"auto, (max-width: 808px) 100vw, 808px\" \/><\/a><\/figure>\n<\/figure>\n<\/div>\n\n\n\n<div class=\"wp-block-column is-layout-flow wp-block-column-is-layout-flow\" style=\"flex-basis:0.53%\"><\/div>\n\n\n\n<div class=\"wp-block-column is-vertically-aligned-center is-layout-flow wp-block-column-is-layout-flow\" style=\"flex-basis:22.28%\"><div class=\"wp-block-image\">\n<figure class=\"aligncenter size-large is-resized\"><img loading=\"lazy\" decoding=\"async\" width=\"573\" height=\"1024\" src=\"https:\/\/sigillarium.pl\/wp-content\/uploads\/2022\/10\/pieczec_ekonomia_annopolska_uchwyt-pieczec-seal-petschaft-siegel-sceau-sigillarium.jpg-573x1024.jpg\" alt=\"\" class=\"wp-image-22514\" style=\"width:179px;height:321px\" srcset=\"https:\/\/sigillarium.pl\/wp-content\/uploads\/2022\/10\/pieczec_ekonomia_annopolska_uchwyt-pieczec-seal-petschaft-siegel-sceau-sigillarium.jpg-573x1024.jpg 573w, https:\/\/sigillarium.pl\/wp-content\/uploads\/2022\/10\/pieczec_ekonomia_annopolska_uchwyt-pieczec-seal-petschaft-siegel-sceau-sigillarium.jpg-168x300.jpg 168w, https:\/\/sigillarium.pl\/wp-content\/uploads\/2022\/10\/pieczec_ekonomia_annopolska_uchwyt-pieczec-seal-petschaft-siegel-sceau-sigillarium.jpg.jpg 583w\" sizes=\"auto, (max-width: 573px) 100vw, 573px\" \/><\/figure>\n<\/div><\/div>\n\n\n\n<div class=\"wp-block-column is-layout-flow wp-block-column-is-layout-flow\" style=\"flex-basis:1.65%\"><\/div>\n\n\n\n<div class=\"wp-block-column is-layout-flow wp-block-column-is-layout-flow\" style=\"flex-basis:48%\">\n<style> td {font-size: 11px; color: black; font-family: Arial;} <\/style>\n<table style=\"width: 500px; height: 150px;\">\n\t<tbody><tr>\n\t\t<td style=\"background-color: #DDDDDD; width:6%; text-align: center; \"><b>1<\/b><\/td>\n\t\t<td style=\"padding-left: 8px;\">kolekcja prywatna<\/td>\n\t<\/tr>\n\t<tr>\n\t\t<td style=\"background-color: #DDDDDD; text-align: center; \"><b>2<\/b><\/td>\n<td style=\"background-color: #FFFF99; white-space: nowrap; padding-left: 8px;\"><b><big><big> <a href=\"https:\/\/pl.wikipedia.org\/wiki\/Anopal_(wie%C5%9B)\">ANOPAL [BIA\u0141ORU\u015a] <\/a> <\/big><\/big><br><big> Gospodarstwo<\/big><\/b><\/td>\n\t<\/tr>\n\t<tr>\n\t\t<td style=\"background-color: #DDDDDD; text-align: center; \"><b>3a<\/b><\/td>\n\t\t<td style=\"padding-left: 8px;\">mosi\u0105dz<\/td>\n\t<\/tr>\n\t<tr>\n\t\t<td style=\"background-color: #DDDDDD; text-align: center; \"><b>3b<\/b><\/td>\n\t\t<td style=\"padding-left: 8px;\">drewno<\/td>\n\t<\/tr>\n\t<tr>\n\t\t<td style=\"background-color: #DDDDDD; text-align: center; \"><b>4<\/b><\/td>\n\t\t<td style=\"padding-left: 8px;\">owalna 35,5 x 30,5 mm<\/td>\n\t<\/tr>\n\t<tr>\n\t\t<td style=\"background-color: #DDDDDD; text-align: center; \"><b>5<\/b><\/td>\n\t\t<td style=\"padding-left: 8px;\">wkl\u0119s\u0142oryty<\/td>\n\t<\/tr>\n\t<tr>\n\t\t<td style=\"background-color: #DDDDDD; text-align: center; \"><b>6<\/b><\/td>\n<td style=\"padding-left: 8px;\">&#8211;<\/td>\n\t<\/tr>\n<tr>\n\t\t<td style=\"background-color: #DDDDDD; text-align: center; \"><b>7<\/b><\/td>\n<td style=\"padding-left: 8px;\">uchwyt o sp\u0142aszczonej ga\u0142ce<\/td>\n\t<\/tr>\n\t<tr>\n\t\t<td style=\"background-color: #DDDDDD; text-align: center; \"><b>7a<\/b><\/td>\n\t\t<td style=\"padding-left: 8px;\"> 87 mm<\/td>\n\t<\/tr>\n\t<tr>\n\t\t<td style=\"background-color: #DDDDDD; text-align: center; \"><b>7b<\/b><\/td>\n<td style=\"padding-left: 8px;\"> 84 mm, w tym skuwka 14,5 mm ( \u00d8 19 mm)<\/td>\n\t<\/tr>\n\t<tr>\n\t\t<td style=\"background-color: #DDDDDD; text-align: center; \"><b>7c<\/b><\/td>\n\t\t<td style=\"padding-left: 8px;\"> 3 mm<\/td>\n\t<\/tr>\n\t<tr>\n\t\t<td style=\"background-color: #DDDDDD; text-align: center; \"><b>8<\/b><\/td>\n<td style=\"padding-left: 8px;\">&#8211;<\/td>\n\t<\/tr>\n\t<tr>\n\t\t<td style=\"background-color: #DDDDDD; text-align: center; \"><b>9a<\/b><\/td>\n\t\t<td style=\"padding-left: 8px;\">majusku\u0142a<\/td>\n\t<\/tr>\n\t<tr>\n\t\t<td style=\"background-color: #DDDDDD; text-align: center; \"><b>9b<\/b><\/td>\n<td style=\"padding-left: 8px;\"> <br>w otoku:  <b> * EKONOMIA ANNOPOLSKA<\/b><br><br><\/td> \n<\/tr>\n\t<tr>\t\n\t\t<td style=\"background-color: #DDDDDD; text-align: center; \"><b>10<\/b><\/td>\n<td style=\"padding-left: 8px;\"> W polu piecz\u0119ci god\u0142o herbu rodu Radziwi\u0142\u0142\u00f3w; orze\u0142 z tarcz\u0105 typu szwajcarskiego na piersi, w polu tarczy trzy tr\u0105by stykaj\u0105ce si\u0119 munsztukami w \u015brodku. Na zewn\u0105trz, wok\u00f3\u0142 pola piecz\u0119ci, pojedyncze obrze\u017cenie ci\u0105g\u0142e. <\/td>\n<\/tr>\n\t<tr>\n\t\t<td style=\"background-color: #DDDDDD; text-align: center; \"><b>11<\/b><\/td>\n<td style=\"padding-left: 8px;\">&#8211;<\/td>\n\t<\/tr>\n\t<tr>\n\t\t<td style=\"background-color: #DDDDDD; text-align: center; \"><b>12<\/b><\/td>\n<td style=\"padding-left: 8px;\">&#8211; <\/td>\n\t<\/tr>\n<\/tbody><\/table>\n\n\n\n<p class=\"has-small-font-size\"><a rel=\"noreferrer noopener\" aria-label=\"Legenda do opisu t\u0142oka (otwiera si\u0119 na nowej zak\u0142adce)\" href=\"http:\/\/sigillarium.pl\/index.php\/legenda-do-opisu-tloka-pieczetnego\/\" target=\"_blank\">Legenda<\/a><\/p>\n<\/div>\n<\/div>\n\n\n\n<hr class=\"wp-block-separator has-alpha-channel-opacity\"\/>\n\n\n\n<div class=\"wp-block-columns is-layout-flex wp-container-core-columns-is-layout-9d6595d7 wp-block-columns-is-layout-flex\">\n<div class=\"wp-block-column is-layout-flow wp-block-column-is-layout-flow\" style=\"flex-basis:5.28%\"><\/div>\n\n\n\n<div class=\"wp-block-column is-vertically-aligned-center is-layout-flow wp-block-column-is-layout-flow\" style=\"flex-basis:22.28%\">\n<figure class=\"wp-block-gallery aligncenter has-nested-images columns-default is-cropped wp-block-gallery-2 is-layout-flex wp-block-gallery-is-layout-flex\">\n<figure class=\"wp-block-image size-full is-style-default\"><a href=\"https:\/\/sigillarium.pl\/wp-content\/uploads\/2020\/04\/Bereska_obszar_dworski_tlok.jpg\"><img loading=\"lazy\" decoding=\"async\" width=\"478\" height=\"467\" data-id=\"2672\" src=\"http:\/\/sigillarium.pl\/wp-content\/uploads\/2020\/04\/Bereska_obszar_dworski_tlok.jpg\" alt=\"\" class=\"wp-image-2672\" srcset=\"https:\/\/sigillarium.pl\/wp-content\/uploads\/2020\/04\/Bereska_obszar_dworski_tlok.jpg 478w, https:\/\/sigillarium.pl\/wp-content\/uploads\/2020\/04\/Bereska_obszar_dworski_tlok-300x293.jpg 300w\" sizes=\"auto, (max-width: 478px) 100vw, 478px\" \/><\/a><\/figure>\n<\/figure>\n<\/div>\n\n\n\n<div class=\"wp-block-column is-layout-flow wp-block-column-is-layout-flow\" style=\"flex-basis:0.53%\"><\/div>\n\n\n\n<div class=\"wp-block-column is-vertically-aligned-center is-layout-flow wp-block-column-is-layout-flow\" style=\"flex-basis:22.28%\"><div class=\"wp-block-image\">\n<figure class=\"aligncenter size-large is-resized\"><img loading=\"lazy\" decoding=\"async\" width=\"475\" height=\"532\" src=\"http:\/\/sigillarium.pl\/wp-content\/uploads\/2020\/04\/Bereska_obszar_dworski_uchwyt.jpg\" alt=\"\" class=\"wp-image-2673\" style=\"width:182px;height:203px\" srcset=\"https:\/\/sigillarium.pl\/wp-content\/uploads\/2020\/04\/Bereska_obszar_dworski_uchwyt.jpg 475w, https:\/\/sigillarium.pl\/wp-content\/uploads\/2020\/04\/Bereska_obszar_dworski_uchwyt-268x300.jpg 268w\" sizes=\"auto, (max-width: 475px) 100vw, 475px\" \/><\/figure>\n<\/div><\/div>\n\n\n\n<div class=\"wp-block-column is-layout-flow wp-block-column-is-layout-flow\" style=\"flex-basis:1.65%\"><\/div>\n\n\n\n<div class=\"wp-block-column is-layout-flow wp-block-column-is-layout-flow\" style=\"flex-basis:48%\">\n<style> td {font-size: 11px; color: black; font-family: Arial;} <\/style>\n<table style=\"width: 500px; height: 150px;\">\n\t<tbody><tr>\n\t\t<td style=\"background-color: #DDDDDD; width:6%; text-align: center; \"><b>1<\/b><\/td>\n\t\t<td style=\"padding-left: 8px;\">kolekcja prywatna<\/td>\n\t<\/tr>\n\t<tr>\n\t\t<td style=\"background-color: #DDDDDD; text-align: center; \"><b>2<\/b><\/td>\n<td style=\"background-color: #FFFF99; white-space: nowrap; padding-left: 8px;\"><b><big><big> <a href=\" https:\/\/pl.wikipedia.org\/wiki\/Berezka_(powiat_leski) \"> BERESKA  <\/a> <\/big><\/big><br><big> Obszar dworski <\/big><\/b><\/td>\n\t<\/tr>\n\t<tr>\n\t\t<td style=\"background-color: #DDDDDD; text-align: center; \"><b>3a<\/b><\/td>\n\t\t<td style=\"padding-left: 8px;\">mosi\u0105dz<\/td>\n\t<\/tr>\n\t<tr>\n\t\t<td style=\"background-color: #DDDDDD; text-align: center; \"><b>3b<\/b><\/td>\n\t\t<td style=\"padding-left: 8px;\">&#8211;<\/td>\n\t<\/tr>\n\t<tr>\n\t\t<td style=\"background-color: #DDDDDD; text-align: center; \"><b>4<\/b><\/td>\n<td style=\"padding-left: 8px;\"> okr\u0105g\u0142a \u00d8 33 mm<\/td>\n\t<\/tr>\n\t<tr>\n\t\t<td style=\"background-color: #DDDDDD; text-align: center; \"><b>5<\/b><\/td>\n\t\t<td style=\"padding-left: 8px;\">wypuk\u0142oryty<\/td>\n\t<\/tr>\n\t<tr>\n\t\t<td style=\"background-color: #DDDDDD; text-align: center; \"><b>6<\/b><\/td>\n<td style=\"padding-left: 8px;\">&#8211;<\/td>\n\t<\/tr>\n<tr>\n\t\t<td style=\"background-color: #DDDDDD; text-align: center; \"><b>7<\/b><\/td>\n<td style=\"padding-left: 8px;\">brak, trzpie\u0144 do jego nabicia<\/td>\n\t<\/tr>\n\t<tr>\n\t\t<td style=\"background-color: #DDDDDD; text-align: center; \"><b>7a<\/b><\/td>\n\t\t<td style=\"padding-left: 8px;\">40 mm<\/td>\n\t<\/tr>\n\t<tr>\n\t\t<td style=\"background-color: #DDDDDD; text-align: center; \"><b>7b<\/b><\/td>\n<td style=\"padding-left: 8px;\">&#8211;<\/td>\n\t<\/tr>\n\t<tr>\n\t\t<td style=\"background-color: #DDDDDD; text-align: center; \"><b>7c<\/b><\/td>\n\t\t<td style=\"padding-left: 8px;\"> 5 mm<\/td>\n\t<\/tr>\n\t<tr>\n\t\t<td style=\"background-color: #DDDDDD; text-align: center; \"><b>8<\/b><\/td>\n<td style=\"padding-left: 8px;\">&#8211;<\/td>\n\t<\/tr>\n\t<tr>\n\t\t<td style=\"background-color: #DDDDDD; text-align: center; \"><b>9a<\/b><\/td>\n\t\t<td style=\"padding-left: 8px;\">majusku\u0142a<\/td>\n\t<\/tr>\n\t<tr>\n\t\t<td style=\"background-color: #DDDDDD; text-align: center; \"><b>9b<\/b><\/td>\n<td style=\"padding-left: 8px;\"><br> w p\u00f3\u0142otoku g\u00f3rnym: <b> OBSZAR DWORSKI <\/b><br>w p\u00f3\u0142otoku dolnym:<b> BERESKA<\/b><br><br> <\/td> \n<\/tr>\n\t<tr>\t\n\t\t<td style=\"background-color: #DDDDDD; text-align: center; \"><b>10<\/b><\/td>\n<td style=\"padding-left: 8px;\">W polu piecz\u0119ci na tarczy herb Lis, ponad korona dziewi\u0119ciopa\u0142kowa.Na zewn\u0105trz wok\u00f3\u0142 pola piecz\u0119ci obrze\u017cenie ci\u0105g\u0142e.<br> <\/td> \n<\/tr>\n\t<tr>\n\t\t<td style=\"background-color: #DDDDDD; text-align: center; \"><b>11<\/b><\/td>\n<td style=\"padding-left: 8px;\">&#8211;<\/td>\n\t<\/tr>\n\t<tr>\n\t\t<td style=\"background-color: #DDDDDD; text-align: center; \"><b>12<\/b><\/td>\n<td style=\"padding-left: 8px;\">Maj\u0105tek w latach 1892-1916 nale\u017ca\u0142 do Karola i Heleny z Biesiadeckich hr. Starze\u0144skich herbu lis.<\/td>\n\t<\/tr>\n<\/tbody><\/table>\n\n\n\n<p class=\"has-small-font-size\"><a rel=\"noreferrer noopener\" aria-label=\"Legenda do opisu t\u0142oka (otwiera si\u0119 na nowej zak\u0142adce)\" href=\"http:\/\/sigillarium.pl\/index.php\/legenda-do-opisu-tloka-pieczetnego\/\" target=\"_blank\">Legenda<\/a><\/p>\n<\/div>\n<\/div>\n\n\n\n<hr class=\"wp-block-separator has-css-opacity\"\/>\n\n\n\n<div class=\"wp-block-columns is-layout-flex wp-container-core-columns-is-layout-9d6595d7 wp-block-columns-is-layout-flex\">\n<div class=\"wp-block-column is-layout-flow wp-block-column-is-layout-flow\" style=\"flex-basis:5.28%\"><\/div>\n\n\n\n<div class=\"wp-block-column is-vertically-aligned-center is-layout-flow wp-block-column-is-layout-flow\" style=\"flex-basis:22.28%\">\n<figure class=\"wp-block-gallery aligncenter has-nested-images columns-default is-cropped wp-block-gallery-3 is-layout-flex wp-block-gallery-is-layout-flex\">\n<figure class=\"wp-block-image size-full is-style-default\"><a href=\"https:\/\/sigillarium.pl\/wp-content\/uploads\/2020\/10\/Bedzieszyn-Sad-patrymonialny-tlok.jpg\"><img loading=\"lazy\" decoding=\"async\" width=\"1024\" height=\"1029\" data-id=\"9382\" src=\"https:\/\/sigillarium.pl\/wp-content\/uploads\/2020\/10\/Bedzieszyn-Sad-patrymonialny-tlok.jpg\" alt=\"\" class=\"wp-image-9382\" srcset=\"https:\/\/sigillarium.pl\/wp-content\/uploads\/2020\/10\/Bedzieszyn-Sad-patrymonialny-tlok.jpg 1024w, https:\/\/sigillarium.pl\/wp-content\/uploads\/2020\/10\/Bedzieszyn-Sad-patrymonialny-tlok-300x300.jpg 300w, https:\/\/sigillarium.pl\/wp-content\/uploads\/2020\/10\/Bedzieszyn-Sad-patrymonialny-tlok-1019x1024.jpg 1019w, https:\/\/sigillarium.pl\/wp-content\/uploads\/2020\/10\/Bedzieszyn-Sad-patrymonialny-tlok-150x150.jpg 150w, https:\/\/sigillarium.pl\/wp-content\/uploads\/2020\/10\/Bedzieszyn-Sad-patrymonialny-tlok-768x772.jpg 768w\" sizes=\"auto, (max-width: 1024px) 100vw, 1024px\" \/><\/a><\/figure>\n<\/figure>\n<\/div>\n\n\n\n<div class=\"wp-block-column is-layout-flow wp-block-column-is-layout-flow\" style=\"flex-basis:0.53%\"><\/div>\n\n\n\n<div class=\"wp-block-column is-vertically-aligned-center is-layout-flow wp-block-column-is-layout-flow\" style=\"flex-basis:22.28%\"><div class=\"wp-block-image\">\n<figure class=\"aligncenter size-full is-resized\"><img loading=\"lazy\" decoding=\"async\" width=\"313\" height=\"893\" src=\"https:\/\/sigillarium.pl\/wp-content\/uploads\/2020\/10\/Bedzieszyn-Sad-patrymonialny-uchwyt.jpg\" alt=\"\" class=\"wp-image-9383\" style=\"width:128px;height:auto\" srcset=\"https:\/\/sigillarium.pl\/wp-content\/uploads\/2020\/10\/Bedzieszyn-Sad-patrymonialny-uchwyt.jpg 313w, https:\/\/sigillarium.pl\/wp-content\/uploads\/2020\/10\/Bedzieszyn-Sad-patrymonialny-uchwyt-105x300.jpg 105w\" sizes=\"auto, (max-width: 313px) 100vw, 313px\" \/><\/figure>\n<\/div><\/div>\n\n\n\n<div class=\"wp-block-column is-layout-flow wp-block-column-is-layout-flow\" style=\"flex-basis:1.65%\"><\/div>\n\n\n\n<div class=\"wp-block-column is-layout-flow wp-block-column-is-layout-flow\" style=\"flex-basis:48%\">\n<style> td {font-size: 11px; color: black; font-family: Arial;} <\/style>\n<table style=\"width: 500px; height: 150px;\">\n\t<tr>\n\t\t<td style=\"background-color: #DDDDDD; width:6%; text-align: center; \"><b>1<\/b><\/td>\n\t\t<td style=\"padding-left: 8px;\">kolekcja prywatna<\/td>\n\t<\/tr>\n\t<tr>\n\t\t<td style=\"background-color: #DDDDDD; text-align: center; \"><b>2<\/b><\/td>\n<td style=\"background-color: #FFFF99; white-space: nowrap; padding-left: 8px;\"><b><big><big> <a href=\" https:\/\/pl.wikipedia.org\/wiki\/B%C4%99dzieszyn_(powiat_gda%C5%84ski)\"> B\u0118DZIESZYN  (BANGSCHIN) \/ <\/a> <a href=\"https:\/\/pl.wikipedia.org\/wiki\/Kleszczewko \"> KLESZCZEWKO (KLISCHKAU)<\/a> <\/big><\/big><br \/><big> S\u0105d patrymonialny Twarowskich<\/big><\/td>\n\t<\/tr>\n\t<tr>\n\t\t<td style=\"background-color: #DDDDDD; text-align: center; \"><b>3a<\/b><\/td>\n\t\t<td style=\"padding-left: 8px;\">mosi\u0105dz<\/td>\n\t<\/tr>\n\t<tr>\n\t\t<td style=\"background-color: #DDDDDD; text-align: center; \"><b>3b<\/b><\/td>\n\t\t<td style=\"padding-left: 8px;\">drewno<\/td>\n\t<\/tr>\n\t<tr>\n\t\t<td style=\"background-color: #DDDDDD; text-align: center; \"><b>4<\/b><\/td>\n\t\t<td style=\"padding-left: 8px;\">okr\u0105g\u0142a \u00d8 39 mm<\/td>\n\t<\/tr>\n\t<tr>\n\t\t<td style=\"background-color: #DDDDDD; text-align: center; \"><b>5<\/b><\/td>\n\t\t<td style=\"padding-left: 8px;\">wkl\u0119s\u0142oryty<\/td>\n\t<\/tr>\n\t<tr>\n\t\t<td style=\"background-color: #DDDDDD; text-align: center; \"><b>6<\/b><\/td>\n<td style=\"padding-left: 8px;\">&#8211;<\/td>\n\t<\/tr>\n<tr>\n\t\t<td style=\"background-color: #DDDDDD; text-align: center; \"><b>7<\/b><\/td>\n<td style=\"padding-left: 8px;\">toczony, o wyd\u0142u\u017conej ga\u0142ce, rekonstrukcja <\/td>\n\t<\/tr>\n\t<tr>\n\t\t<td style=\"background-color: #DDDDDD; text-align: center; \"><b>7a<\/b><\/td>\n\t\t<td style=\"padding-left: 8px;\"> 115 mm<\/td>\n\t<\/tr>\n\t<tr>\n\t\t<td style=\"background-color: #DDDDDD; text-align: center; \"><b>7b<\/b><\/td>\n<td style=\"padding-left: 8px;\">111 mm<\/td>\n\t<\/tr>\n\t<tr>\n\t\t<td style=\"background-color: #DDDDDD; text-align: center; \"><b>7c<\/b><\/td>\n\t\t<td style=\"padding-left: 8px;\"> 4 mm<\/td>\n\t<\/tr>\n\t<tr>\n\t\t<td style=\"background-color: #DDDDDD; text-align: center; \"><b>8<\/b><\/td>\n<td style=\"padding-left: 8px;\">&#8211;<\/td>\n\t<\/tr>\n\t<tr>\n\t\t<td style=\"background-color: #DDDDDD; text-align: center; \"><b>9a<\/b><\/td>\n\t\t<td style=\"padding-left: 8px;\">majusku\u0142a<\/td>\n\t<\/tr>\n\t<tr>\n\t\t<td style=\"background-color: #DDDDDD; text-align: center; \"><b>9b<\/b><\/td>\n<td style=\"padding-left: 8px;\"> <br \/>w otoku: <b>ADELICH V <i>(on)<\/i>: TWAROWSKYSCHES PATRIMONIAL GERICHTS SIEGEL<\/b><br \/>w polu: <b>ZU KLISCHKAU U <i>(nd)<\/i>: \/\/ BENDZIESZYN<\/b><br \/>w polu na tarczy: <b>T J <br \/><br \/><\/td> \n<\/tr>\n\t<tr>\t\n\t\t<td style=\"background-color: #DDDDDD; text-align: center; \"><b>10<\/b><\/td>\n<td style=\"padding-left: 8px;\"> W polu piecz\u0119ci stoj\u0105ca na postumencie posta\u0107 kobiety odzianej w pow\u0142\u00f3czyste szaty z przepask\u0105 na biodrach. Posta\u0107 opiera praw\u0105 d\u0142o\u0144 trzymaj\u0105c\u0105 zw\u00f3j papieru (?) na owalnej tarczy z odmian\u0105 herbu Bojcza, zwie\u0144czonej he\u0142mem (?) z pi\u0119cioma strusimi pi\u00f3rami, w lewej d\u0142oni trzyma miecz sztychem ku g\u00f3rze, wsparty na owalnej tarczy z inicja\u0142ami. Na zewn\u0105trz, wok\u00f3\u0142 pola piecz\u0119ci, obrze\u017cenie wie\u0144cowe.<td>\n<\/tr>\n\t<tr> \n\t\t<td style=\"background-color: #DDDDDD; text-align: center; \"><b>11<\/b><\/td>\n<td style=\"padding-left: 8px;\">&#8211;<\/td>\n\t<\/tr>\n\t<tr>\n\t\t<td style=\"background-color: #DDDDDD; text-align: center; \"><b>12<\/b><\/td>\n<td style=\"padding-left: 8px;\">&#8211;<\/td>\n\t<\/tr>\n<\/table>\n\n\n\n<p class=\"has-small-font-size\"><a rel=\"noreferrer noopener\" aria-label=\"Legenda do opisu t\u0142oka (otwiera si\u0119 na nowej zak\u0142adce)\" href=\"http:\/\/sigillarium.pl\/index.php\/legenda-do-opisu-tloka-pieczetnego\/\" target=\"_blank\">Legenda<\/a><\/p>\n<\/div>\n<\/div>\n\n\n\n<hr class=\"wp-block-separator has-css-opacity\"\/>\n\n\n\n<div class=\"wp-block-columns is-layout-flex wp-container-core-columns-is-layout-9d6595d7 wp-block-columns-is-layout-flex\">\n<div class=\"wp-block-column is-layout-flow wp-block-column-is-layout-flow\" style=\"flex-basis:5.28%\"><\/div>\n\n\n\n<div class=\"wp-block-column is-vertically-aligned-center is-layout-flow wp-block-column-is-layout-flow\" style=\"flex-basis:22.28%\">\n<figure class=\"wp-block-gallery aligncenter has-nested-images columns-default is-cropped wp-block-gallery-4 is-layout-flex wp-block-gallery-is-layout-flex\">\n<figure class=\"wp-block-image size-full is-style-default\"><a href=\"https:\/\/sigillarium.pl\/wp-content\/uploads\/2020\/10\/Grossenbohrau-Urzad-gospodarczy.jpg\"><img loading=\"lazy\" decoding=\"async\" width=\"878\" height=\"876\" data-id=\"9403\" src=\"https:\/\/sigillarium.pl\/wp-content\/uploads\/2020\/10\/Grossenbohrau-Urzad-gospodarczy.jpg\" alt=\"\" class=\"wp-image-9403\" srcset=\"https:\/\/sigillarium.pl\/wp-content\/uploads\/2020\/10\/Grossenbohrau-Urzad-gospodarczy.jpg 878w, https:\/\/sigillarium.pl\/wp-content\/uploads\/2020\/10\/Grossenbohrau-Urzad-gospodarczy-300x300.jpg 300w, https:\/\/sigillarium.pl\/wp-content\/uploads\/2020\/10\/Grossenbohrau-Urzad-gospodarczy-150x150.jpg 150w, https:\/\/sigillarium.pl\/wp-content\/uploads\/2020\/10\/Grossenbohrau-Urzad-gospodarczy-768x766.jpg 768w\" sizes=\"auto, (max-width: 878px) 100vw, 878px\" \/><\/a><\/figure>\n<\/figure>\n<\/div>\n\n\n\n<div class=\"wp-block-column is-layout-flow wp-block-column-is-layout-flow\" style=\"flex-basis:0.53%\"><\/div>\n\n\n\n<div class=\"wp-block-column is-vertically-aligned-center is-layout-flow wp-block-column-is-layout-flow\" style=\"flex-basis:22.28%\"><div class=\"wp-block-image\">\n<figure class=\"aligncenter size-large is-resized\"><img loading=\"lazy\" decoding=\"async\" width=\"592\" height=\"740\" src=\"https:\/\/sigillarium.pl\/wp-content\/uploads\/2020\/10\/Grossenbohrau-Urzad-gospodarczy-trzpien.jpg\" alt=\"\" class=\"wp-image-9404\" style=\"width:181px;height:158px\" srcset=\"https:\/\/sigillarium.pl\/wp-content\/uploads\/2020\/10\/Grossenbohrau-Urzad-gospodarczy-trzpien.jpg 592w, https:\/\/sigillarium.pl\/wp-content\/uploads\/2020\/10\/Grossenbohrau-Urzad-gospodarczy-trzpien-240x300.jpg 240w\" sizes=\"auto, (max-width: 592px) 100vw, 592px\" \/><\/figure>\n<\/div><\/div>\n\n\n\n<div class=\"wp-block-column is-layout-flow wp-block-column-is-layout-flow\" style=\"flex-basis:1.65%\"><\/div>\n\n\n\n<div class=\"wp-block-column is-layout-flow wp-block-column-is-layout-flow\" style=\"flex-basis:48%\">\n<style> td {font-size: 11px; color: black; font-family: Arial;} <\/style>\n<table style=\"width: 500px; height: 150px;\">\n\t<tbody><tr>\n\t\t<td style=\"background-color: #DDDDDD; width:6%; text-align: center; \"><b>1<\/b><\/td>\n\t\t<td style=\"padding-left: 8px;\">kolekcja prywatna<\/td>\n\t<\/tr>\n\t<tr>\n\t\t<td style=\"background-color: #DDDDDD; text-align: center; \"><b>2<\/b><\/td>\n<td style=\"background-color: #FFFF99; white-space: nowrap; padding-left: 8px;\"><b><big><big> <a href=\" https:\/\/pl.wikipedia.org\/wiki\/Bor%C3%B3w_Wielki\"> BOR\u00d3W WIELKI (GROSSENBOHRAU) <\/a> <\/big><\/big><br><big> Urz\u0105d gospodarczy<\/big><\/b><\/td>\n\t<\/tr>\n\t<tr>\n\t\t<td style=\"background-color: #DDDDDD; text-align: center; \"><b>3a<\/b><\/td>\n\t\t<td style=\"padding-left: 8px;\">mosi\u0105dz<\/td>\n\t<\/tr>\n\t<tr>\n\t\t<td style=\"background-color: #DDDDDD; text-align: center; \"><b>3b<\/b><\/td>\n\t\t<td style=\"padding-left: 8px;\">&#8211;<\/td>\n\t<\/tr>\n\t<tr>\n\t\t<td style=\"background-color: #DDDDDD; text-align: center; \"><b>4<\/b><\/td>\n\t\t<td style=\"padding-left: 8px;\">okr\u0105g\u0142a \u00d8 34 mm<\/td>\n\t<\/tr>\n\t<tr>\n\t\t<td style=\"background-color: #DDDDDD; text-align: center; \"><b>5<\/b><\/td>\n\t\t<td style=\"padding-left: 8px;\">wkl\u0119s\u0142oryty<\/td>\n\t<\/tr>\n\t<tr>\n\t\t<td style=\"background-color: #DDDDDD; text-align: center; \"><b>6<\/b><\/td>\n<td style=\"padding-left: 8px;\">&#8211;<\/td>\n\t<\/tr>\n<tr>\n\t\t<td style=\"background-color: #DDDDDD; text-align: center; \"><b>7<\/b><\/td>\n<td style=\"padding-left: 8px;\">brak, trzpie\u0144 do jego nabicia <\/td>\n\t<\/tr>\n\t<tr>\n\t\t<td style=\"background-color: #DDDDDD; text-align: center; \"><b>7a<\/b><\/td>\n\t\t<td style=\"padding-left: 8px;\">37,5 mm<\/td>\n\t<\/tr>\n\t<tr>\n\t\t<td style=\"background-color: #DDDDDD; text-align: center; \"><b>7b<\/b><\/td>\n<td style=\"padding-left: 8px;\">33 mm<\/td>\n\t<\/tr>\n\t<tr>\n\t\t<td style=\"background-color: #DDDDDD; text-align: center; \"><b>7c<\/b><\/td>\n\t\t<td style=\"padding-left: 8px;\"> 4,5 mm<\/td>\n\t<\/tr>\n\t<tr>\n\t\t<td style=\"background-color: #DDDDDD; text-align: center; \"><b>8<\/b><\/td>\n<td style=\"padding-left: 8px;\">&#8211;<\/td>\n\t<\/tr>\n\t<tr>\n\t\t<td style=\"background-color: #DDDDDD; text-align: center; \"><b>9a<\/b><\/td>\n\t\t<td style=\"padding-left: 8px;\">majusku\u0142a<\/td>\n\t<\/tr>\n\t<tr>\n\t\t<td style=\"background-color: #DDDDDD; text-align: center; \"><b>9b<\/b><\/td>\n<td style=\"padding-left: 8px;\"> <br>w otoku: <b> * O <i>(ber)<\/i>: GROSSENBOHRAUR WIRTSCHAFTS AMT<br><br><\/b><\/td> \n<\/tr>\n\t<tr>\t\n\t\t<td style=\"background-color: #DDDDDD; text-align: center; \"><b>10<\/b><\/td>\n<td style=\"padding-left: 8px;\"> W polu piecz\u0119ci tarcza dwudzielna w s\u0142up. W polu pierwszym na ceglanym postumencie wspi\u0119ty w lewo gryf, w polu drugim trzy sze\u015bciopromienne gwiazdy (1:2). Tarcza zwie\u0144czona he\u0142mem bez korony, w klejnocie skrzyd\u0142a or\u0142a.  Na zewn\u0105trz, wok\u00f3\u0142 pola piecz\u0119ci, pojedyncze obrze\u017cenie sznurowe.<\/td><td>\n<\/td><\/tr>\n\t<tr>\n\t\t<td style=\"background-color: #DDDDDD; text-align: center; \"><b>11<\/b><\/td>\n<td style=\"padding-left: 8px;\">&#8211;<\/td>\n\t<\/tr>\n\t<tr>\n\t\t<td style=\"background-color: #DDDDDD; text-align: center; \"><b>12<\/b><\/td>\n<td style=\"padding-left: 8px;\">&#8211;<\/td>\n\t<\/tr>\n<\/tbody><\/table>\n\n\n\n<p class=\"has-small-font-size\"><a rel=\"noreferrer noopener\" aria-label=\"Legenda do opisu t\u0142oka (otwiera si\u0119 na nowej zak\u0142adce)\" href=\"http:\/\/sigillarium.pl\/index.php\/legenda-do-opisu-tloka-pieczetnego\/\" target=\"_blank\">Legenda<\/a><\/p>\n<\/div>\n<\/div>\n\n\n\n<hr class=\"wp-block-separator has-alpha-channel-opacity\"\/>\n\n\n\n<div class=\"wp-block-columns is-layout-flex wp-container-core-columns-is-layout-9d6595d7 wp-block-columns-is-layout-flex\">\n<div class=\"wp-block-column is-layout-flow wp-block-column-is-layout-flow\" style=\"flex-basis:5.28%\"><\/div>\n\n\n\n<div class=\"wp-block-column is-vertically-aligned-center is-layout-flow wp-block-column-is-layout-flow\" style=\"flex-basis:22.28%\">\n<figure class=\"wp-block-gallery aligncenter has-nested-images columns-default is-cropped wp-block-gallery-5 is-layout-flex wp-block-gallery-is-layout-flex\">\n<figure class=\"wp-block-image size-full is-style-default\"><a href=\"https:\/\/sigillarium.pl\/wp-content\/uploads\/2022\/05\/Debniki-Dominium-pieczec-seal-petschaft-siegel-sceau-sigillo-sigillarium.jpg.jpg\"><img loading=\"lazy\" decoding=\"async\" width=\"782\" height=\"773\" data-id=\"20576\" src=\"https:\/\/sigillarium.pl\/wp-content\/uploads\/2022\/05\/Debniki-Dominium-pieczec-seal-petschaft-siegel-sceau-sigillo-sigillarium.jpg.jpg\" alt=\"\" class=\"wp-image-20576\" srcset=\"https:\/\/sigillarium.pl\/wp-content\/uploads\/2022\/05\/Debniki-Dominium-pieczec-seal-petschaft-siegel-sceau-sigillo-sigillarium.jpg.jpg 782w, https:\/\/sigillarium.pl\/wp-content\/uploads\/2022\/05\/Debniki-Dominium-pieczec-seal-petschaft-siegel-sceau-sigillo-sigillarium.jpg-300x297.jpg 300w, https:\/\/sigillarium.pl\/wp-content\/uploads\/2022\/05\/Debniki-Dominium-pieczec-seal-petschaft-siegel-sceau-sigillo-sigillarium.jpg-768x759.jpg 768w\" sizes=\"auto, (max-width: 782px) 100vw, 782px\" \/><\/a><\/figure>\n<\/figure>\n<\/div>\n\n\n\n<div class=\"wp-block-column is-layout-flow wp-block-column-is-layout-flow\" style=\"flex-basis:0.53%\"><\/div>\n\n\n\n<div class=\"wp-block-column is-vertically-aligned-center is-layout-flow wp-block-column-is-layout-flow\" style=\"flex-basis:22.28%\"><div class=\"wp-block-image\">\n<figure class=\"aligncenter size-full is-resized\"><img loading=\"lazy\" decoding=\"async\" width=\"589\" height=\"862\" src=\"https:\/\/sigillarium.pl\/wp-content\/uploads\/2022\/05\/Debniki-Dominium-uchwyt-pieczec-seal-petschaft-siegel-sceau-sigillo-sigillarium.jpg-2.jpg\" alt=\"\" class=\"wp-image-20577\" style=\"width:196px;height:286px\" srcset=\"https:\/\/sigillarium.pl\/wp-content\/uploads\/2022\/05\/Debniki-Dominium-uchwyt-pieczec-seal-petschaft-siegel-sceau-sigillo-sigillarium.jpg-2.jpg 589w, https:\/\/sigillarium.pl\/wp-content\/uploads\/2022\/05\/Debniki-Dominium-uchwyt-pieczec-seal-petschaft-siegel-sceau-sigillo-sigillarium.jpg-2-205x300.jpg 205w\" sizes=\"auto, (max-width: 589px) 100vw, 589px\" \/><\/figure>\n<\/div><\/div>\n\n\n\n<div class=\"wp-block-column is-layout-flow wp-block-column-is-layout-flow\" style=\"flex-basis:1.65%\"><\/div>\n\n\n\n<div class=\"wp-block-column is-layout-flow wp-block-column-is-layout-flow\" style=\"flex-basis:48%\">\n<style> td {font-size: 11px; color: black; font-family: Arial;} <\/style>\n<table style=\"width: 500px; height: 150px;\">\n\t<tbody><tr>\n\t\t<td style=\"background-color: #DDDDDD; width:6%; text-align: center; \"><b>1<\/b><\/td>\n\t\t<td style=\"padding-left: 8px;\">kolekcja prywatna<\/td>\n\t<\/tr>\n\t<tr>\n\t\t<td style=\"background-color: #DDDDDD; text-align: center; \"><b>2<\/b><\/td>\n<td style=\"background-color: #FFFF99; white-space: nowrap; padding-left: 8px;\"><b><big><big> <a href=\"https:\/\/pl.wikipedia.org\/wiki\/D%C4%99bniki_(Krak%C3%B3w)\"> D\u0118BNIKI <\/a> <\/big><\/big><br><big>Dominium<\/big><\/b><\/td>\n\t<\/tr>\n\t<tr>\n\t\t<td style=\"background-color: #DDDDDD; text-align: center; \"><b>3a<\/b><\/td>\n\t\t<td style=\"padding-left: 8px;\">mosi\u0105dz<\/td>\n\t<\/tr>\n\t<tr>\n\t\t<td style=\"background-color: #DDDDDD; text-align: center; \"><b>3b<\/b><\/td>\n\t\t<td style=\"padding-left: 8px;\">drewno<\/td>\n\t<\/tr>\n\t<tr>\n\t\t<td style=\"background-color: #DDDDDD; text-align: center; \"><b>4<\/b><\/td>\n\t\t<td style=\"padding-left: 8px;\">okr\u0105g\u0142a \u00d8 33 mm<\/td>\n\t<\/tr>\n\t<tr>\n\t\t<td style=\"background-color: #DDDDDD; text-align: center; \"><b>5<\/b><\/td>\n\t\t<td style=\"padding-left: 8px;\">wkl\u0119s\u0142oryty<\/td>\n\t<\/tr>\n\t<tr>\n\t\t<td style=\"background-color: #DDDDDD; text-align: center; \"><b>6<\/b><\/td>\n<td style=\"padding-left: 8px;\">na rancie matrycy trzy znaczniki prawid\u0142owego ustawienia t\u0142oka<\/td>\n\t<\/tr>\n<tr>\n\t\t<td style=\"background-color: #DDDDDD; text-align: center; \"><b>7<\/b><\/td>\n<td style=\"padding-left: 8px;\">uchwyt toczony o sp\u0142aszczonej ga\u0142ce, rekonstrukcja<\/td>\n\t<\/tr>\n\t<tr>\n\t\t<td style=\"background-color: #DDDDDD; text-align: center; \"><b>7a<\/b><\/td>\n\t\t<td style=\"padding-left: 8px;\">68 mm <\/td>\n\t<\/tr>\n\t<tr>\n\t\t<td style=\"background-color: #DDDDDD; text-align: center; \"><b>7b<\/b><\/td>\n<td style=\"padding-left: 8px;\"> 61 mm, w tym skuwka 10 mm (\u00d8 21 mm)<\/td>\n\t<\/tr>\n\t<tr>\n\t\t<td style=\"background-color: #DDDDDD; text-align: center; \"><b>7c<\/b><\/td>\n\t\t<td style=\"padding-left: 8px;\"> 7 mm<\/td>\n\t<\/tr>\n\t<tr>\n\t\t<td style=\"background-color: #DDDDDD; text-align: center; \"><b>8<\/b><\/td>\n<td style=\"padding-left: 8px;\">na uchwycie znacznik prawid\u0142owego ustawienia t\u0142oka (pineska)<\/td>\n\t<\/tr>\n\t<tr>\n\t\t<td style=\"background-color: #DDDDDD; text-align: center; \"><b>9a<\/b><\/td>\n\t\t<td style=\"padding-left: 8px;\">majusku\u0142a<\/td>\n\t<\/tr>\n\t<tr>\n\t\t<td style=\"background-color: #DDDDDD; text-align: center; \"><b>9b<\/b><\/td>\n<td style=\"padding-left: 8px;\"> <br>w p\u00f3\u0142otoku g\u00f3rnym:  <b> DOMINIUM D\u0118BNIKI<\/b><br><br><\/td> \n<\/tr>\n\t<tr>\t\n\t\t<td style=\"background-color: #DDDDDD; text-align: center; \"><b>10<\/b><\/td>\n<td style=\"padding-left: 8px;\"> W polu piecz\u0119ci dwie stykaj\u0105ce si\u0119 bokiem tarcze herbowe. W polu pierwszej tarczy herb Cio\u0142ek, w polu drugiej herb Prawdzic. Nad tarczami korona rangowa o pi\u0119ciu fleuronach. W klejnocie cio\u0142ek i lew, Na zewn\u0105trz, wok\u00f3\u0142 pola piecz\u0119ci, podw\u00f3jne obrze\u017cenie ci\u0105g\u0142e.<\/td>\n<\/tr>\n\t<tr>\n\t\t<td style=\"background-color: #DDDDDD; text-align: center; \"><b>11<\/b><\/td>\n<td style=\"padding-left: 8px;\">&#8211;<\/td>\n\t<\/tr>\n\t<tr>\n\t\t<td style=\"background-color: #DDDDDD; text-align: center; \"><b>12<\/b><\/td>\n<td style=\"padding-left: 8px;\">&#8211;<\/td>\n\t<\/tr>\n<\/tbody><\/table>\n\n\n\n<p class=\"has-small-font-size\"><a rel=\"noreferrer noopener\" aria-label=\"Legenda do opisu t\u0142oka (otwiera si\u0119 na nowej zak\u0142adce)\" href=\"http:\/\/sigillarium.pl\/index.php\/legenda-do-opisu-tloka-pieczetnego\/\" target=\"_blank\">Legenda<\/a><\/p>\n<\/div>\n<\/div>\n\n\n\n<hr class=\"wp-block-separator has-css-opacity\"\/>\n\n\n\n<div class=\"wp-block-columns is-layout-flex wp-container-core-columns-is-layout-9d6595d7 wp-block-columns-is-layout-flex\">\n<div class=\"wp-block-column is-layout-flow wp-block-column-is-layout-flow\" style=\"flex-basis:5.28%\"><\/div>\n\n\n\n<div class=\"wp-block-column is-vertically-aligned-center is-layout-flow wp-block-column-is-layout-flow\" style=\"flex-basis:22.28%\">\n<figure class=\"wp-block-gallery aligncenter has-nested-images columns-default is-cropped wp-block-gallery-6 is-layout-flex wp-block-gallery-is-layout-flex\">\n<figure class=\"wp-block-image size-full is-style-default\"><a href=\"https:\/\/sigillarium.pl\/wp-content\/uploads\/2021\/07\/Dobranowice-Obszar-dworski-pieczec-seal-petschaft-siegel-sceau-sigillarium.jpg\"><img loading=\"lazy\" decoding=\"async\" width=\"1061\" height=\"1064\" data-id=\"15003\" src=\"https:\/\/sigillarium.pl\/wp-content\/uploads\/2021\/07\/Dobranowice-Obszar-dworski-pieczec-seal-petschaft-siegel-sceau-sigillarium.jpg\" alt=\"\" class=\"wp-image-15003\" srcset=\"https:\/\/sigillarium.pl\/wp-content\/uploads\/2021\/07\/Dobranowice-Obszar-dworski-pieczec-seal-petschaft-siegel-sceau-sigillarium.jpg 1061w, https:\/\/sigillarium.pl\/wp-content\/uploads\/2021\/07\/Dobranowice-Obszar-dworski-pieczec-seal-petschaft-siegel-sceau-sigillarium-300x300.jpg 300w, https:\/\/sigillarium.pl\/wp-content\/uploads\/2021\/07\/Dobranowice-Obszar-dworski-pieczec-seal-petschaft-siegel-sceau-sigillarium-1021x1024.jpg 1021w, https:\/\/sigillarium.pl\/wp-content\/uploads\/2021\/07\/Dobranowice-Obszar-dworski-pieczec-seal-petschaft-siegel-sceau-sigillarium-150x150.jpg 150w, https:\/\/sigillarium.pl\/wp-content\/uploads\/2021\/07\/Dobranowice-Obszar-dworski-pieczec-seal-petschaft-siegel-sceau-sigillarium-768x770.jpg 768w\" sizes=\"auto, (max-width: 1061px) 100vw, 1061px\" \/><\/a><\/figure>\n<\/figure>\n<\/div>\n\n\n\n<div class=\"wp-block-column is-layout-flow wp-block-column-is-layout-flow\" style=\"flex-basis:0.53%\"><\/div>\n\n\n\n<div class=\"wp-block-column is-vertically-aligned-center is-layout-flow wp-block-column-is-layout-flow\" style=\"flex-basis:22.28%\"><div class=\"wp-block-image\">\n<figure class=\"aligncenter size-large is-resized\"><img loading=\"lazy\" decoding=\"async\" width=\"338\" height=\"1024\" src=\"https:\/\/sigillarium.pl\/wp-content\/uploads\/2021\/07\/Dobranowice-Obszar-dworski-pieczec-uchwyt-seal-petschaft-siegel-sceau-sigillarium-338x1024.jpg\" alt=\"\" class=\"wp-image-15004\" style=\"width:125px;height:378px\" srcset=\"https:\/\/sigillarium.pl\/wp-content\/uploads\/2021\/07\/Dobranowice-Obszar-dworski-pieczec-uchwyt-seal-petschaft-siegel-sceau-sigillarium-338x1024.jpg 338w, https:\/\/sigillarium.pl\/wp-content\/uploads\/2021\/07\/Dobranowice-Obszar-dworski-pieczec-uchwyt-seal-petschaft-siegel-sceau-sigillarium-99x300.jpg 99w, https:\/\/sigillarium.pl\/wp-content\/uploads\/2021\/07\/Dobranowice-Obszar-dworski-pieczec-uchwyt-seal-petschaft-siegel-sceau-sigillarium.jpg 344w\" sizes=\"auto, (max-width: 338px) 100vw, 338px\" \/><\/figure>\n<\/div><\/div>\n\n\n\n<div class=\"wp-block-column is-layout-flow wp-block-column-is-layout-flow\" style=\"flex-basis:1.65%\"><\/div>\n\n\n\n<div class=\"wp-block-column is-layout-flow wp-block-column-is-layout-flow\" style=\"flex-basis:48%\">\n<style> td {font-size: 11px; color: black; font-family: Arial;} <\/style>\n<table style=\"width: 500px; height: 150px;\">\n\t<tbody><tr>\n\t\t<td style=\"background-color: #DDDDDD; width:6%; text-align: center; \"><b>1<\/b><\/td>\n\t\t<td style=\"padding-left: 8px;\">kolekcja prywatna<\/td>\n\t<\/tr>\n\t<tr>\n\t\t<td style=\"background-color: #DDDDDD; text-align: center; \"><b>2<\/b><\/td>\n<td style=\"background-color: #FFFF99; white-space: nowrap; padding-left: 8px;\"><b><big><big> <a href=\" https:\/\/pl.wikipedia.org\/wiki\/Dobranowice_(powiat_krakowski) \"> DOBRANOWICE<\/a> <\/big><\/big><br><big> Obszar dworski <\/big><\/b><\/td>\n\t<\/tr>\n\t<tr>\n\t\t<td style=\"background-color: #DDDDDD; text-align: center; \"><b>3a<\/b><\/td>\n\t\t<td style=\"padding-left: 8px;\">mosi\u0105dz<\/td>\n\t<\/tr>\n\t<tr>\n\t\t<td style=\"background-color: #DDDDDD; text-align: center; \"><b>3b<\/b><\/td>\n\t\t<td style=\"padding-left: 8px;\">drewno<\/td>\n\t<\/tr>\n\t<tr>\n\t\t<td style=\"background-color: #DDDDDD; text-align: center; \"><b>4<\/b><\/td>\n<td style=\"padding-left: 8px;\">okr\u0105g\u0142a \u00d8 29 mm<\/td>\n\t<\/tr>\n\t<tr>\n\t\t<td style=\"background-color: #DDDDDD; text-align: center; \"><b>5<\/b><\/td>\n\t\t<td style=\"padding-left: 8px;\">wypuk\u0142oryty<\/td>\n\t<\/tr>\n\t<tr>\n\t\t<td style=\"background-color: #DDDDDD; text-align: center; \"><b>6<\/b><\/td>\n<td style=\"padding-left: 8px;\">&#8211;<\/td>\n\t<\/tr>\n<tr>\n\t\t<td style=\"background-color: #DDDDDD; text-align: center; \"><b>7<\/b><\/td>\n<td style=\"padding-left: 8px;\">uchwyt toczony o kulistej ga\u0142ce<\/td>\n\t<\/tr>\n\t<tr>\n\t\t<td style=\"background-color: #DDDDDD; text-align: center; \"><b>7a<\/b><\/td>\n\t\t<td style=\"padding-left: 8px;\">103 mm<\/td>\n\t<\/tr>\n\t<tr>\n\t\t<td style=\"background-color: #DDDDDD; text-align: center; \"><b>7b<\/b><\/td>\n<td style=\"padding-left: 8px;\">98 mm, w tym stopka 6 mm, cok\u00f3\u0142 7,5 mm, stanowi\u0105ce z matryc\u0105 jedn\u0105 ca\u0142o\u015b\u0107, brak skuwki<br>(\u00d8 11,5 mm)<\/td>\n\t<\/tr>\n\t<tr>\n\t\t<td style=\"background-color: #DDDDDD; text-align: center; \"><b>7c<\/b><\/td>\n\t\t<td style=\"padding-left: 8px;\">5 mm<\/td>\n\t<\/tr>\n\t<tr>\n\t\t<td style=\"background-color: #DDDDDD; text-align: center; \"><b>8<\/b><\/td>\n<td style=\"padding-left: 8px;\">&#8211;<\/td>\n\t<\/tr>\n\t<tr>\n\t\t<td style=\"background-color: #DDDDDD; text-align: center; \"><b>9a<\/b><\/td>\n\t\t<td style=\"padding-left: 8px;\">majusku\u0142a<\/td>\n\t<\/tr>\n\t<tr>\n\t\t<td style=\"background-color: #DDDDDD; text-align: center; \"><b>9b<\/b><\/td>\n<td style=\"padding-left: 8px;\"><br> w p\u00f3\u0142otoku g\u00f3rnym: <b> OBSZAR <\/b><br>w polu:<b> DWORSKI <\/b> <br> w p\u00f3\u0142otoku dolnym:<b> DOBRANOWICE<\/b><br><br> <\/td> \n<\/tr>\n\t<tr>\t\n\t\t<td style=\"background-color: #DDDDDD; text-align: center; \"><b>10<\/b><\/td>\n<td style=\"padding-left: 8px;\">W polu piecz\u0119ci napis, powy\u017cej i poni\u017cej napisu po jednej rozetce. Na zewn\u0105trz, wok\u00f3\u0142 pola piecz\u0119ci, obrze\u017cenie ci\u0105g\u0142e.<br> <\/td> \n<\/tr>\n\t<tr>\n\t\t<td style=\"background-color: #DDDDDD; text-align: center; \"><b>11<\/b><\/td>\n<td style=\"padding-left: 8px;\">&#8211;<\/td>\n\t<\/tr>\n\t<tr>\n\t\t<td style=\"background-color: #DDDDDD; text-align: center; \"><b>12<\/b><\/td>\n<td style=\"padding-left: 8px;\"> &#8211; <\/td>\n\t<\/tr>\n<\/tbody><\/table>\n\n\n\n<p class=\"has-small-font-size\"><a rel=\"noreferrer noopener\" aria-label=\"Legenda do opisu t\u0142oka (otwiera si\u0119 na nowej zak\u0142adce)\" href=\"http:\/\/sigillarium.pl\/index.php\/legenda-do-opisu-tloka-pieczetnego\/\" target=\"_blank\">Legenda<\/a><\/p>\n<\/div>\n<\/div>\n\n\n\n<hr class=\"wp-block-separator has-alpha-channel-opacity\"\/>\n\n\n\n<div class=\"wp-block-columns is-layout-flex wp-container-core-columns-is-layout-9d6595d7 wp-block-columns-is-layout-flex\">\n<div class=\"wp-block-column is-layout-flow wp-block-column-is-layout-flow\" style=\"flex-basis:5.28%\"><\/div>\n\n\n\n<div class=\"wp-block-column is-vertically-aligned-center is-layout-flow wp-block-column-is-layout-flow\" style=\"flex-basis:22.28%\">\n<figure class=\"wp-block-gallery aligncenter has-nested-images columns-default is-cropped wp-block-gallery-7 is-layout-flex wp-block-gallery-is-layout-flex\">\n<figure class=\"wp-block-image size-full is-style-default\"><a href=\"https:\/\/sigillarium.pl\/wp-content\/uploads\/2022\/05\/Domanin-Zarzadca-ziemski-pieczec-seal-petschaft-siegel-sceau-sigillo-sigillarium.jpg\"><img loading=\"lazy\" decoding=\"async\" width=\"1024\" height=\"1018\" data-id=\"20555\" src=\"https:\/\/sigillarium.pl\/wp-content\/uploads\/2022\/05\/Domanin-Zarzadca-ziemski-pieczec-seal-petschaft-siegel-sceau-sigillo-sigillarium.jpg\" alt=\"\" class=\"wp-image-20555\" srcset=\"https:\/\/sigillarium.pl\/wp-content\/uploads\/2022\/05\/Domanin-Zarzadca-ziemski-pieczec-seal-petschaft-siegel-sceau-sigillo-sigillarium.jpg 1024w, https:\/\/sigillarium.pl\/wp-content\/uploads\/2022\/05\/Domanin-Zarzadca-ziemski-pieczec-seal-petschaft-siegel-sceau-sigillo-sigillarium-300x298.jpg 300w, https:\/\/sigillarium.pl\/wp-content\/uploads\/2022\/05\/Domanin-Zarzadca-ziemski-pieczec-seal-petschaft-siegel-sceau-sigillo-sigillarium-150x150.jpg 150w, https:\/\/sigillarium.pl\/wp-content\/uploads\/2022\/05\/Domanin-Zarzadca-ziemski-pieczec-seal-petschaft-siegel-sceau-sigillo-sigillarium-768x764.jpg 768w\" sizes=\"auto, (max-width: 1024px) 100vw, 1024px\" \/><\/a><\/figure>\n<\/figure>\n<\/div>\n\n\n\n<div class=\"wp-block-column is-layout-flow wp-block-column-is-layout-flow\" style=\"flex-basis:0.53%\"><\/div>\n\n\n\n<div class=\"wp-block-column is-vertically-aligned-center is-layout-flow wp-block-column-is-layout-flow\" style=\"flex-basis:22.28%\"><div class=\"wp-block-image\">\n<figure class=\"aligncenter size-full is-resized\"><img loading=\"lazy\" decoding=\"async\" width=\"994\" height=\"1025\" src=\"https:\/\/sigillarium.pl\/wp-content\/uploads\/2022\/05\/Domanin-Zarzadca-ziemski-pieczec-rewers-seal-petschaft-siegel-sceau-sigillo-sigillarium.jpg\" alt=\"\" class=\"wp-image-20556\" style=\"width:193px;height:199px\" srcset=\"https:\/\/sigillarium.pl\/wp-content\/uploads\/2022\/05\/Domanin-Zarzadca-ziemski-pieczec-rewers-seal-petschaft-siegel-sceau-sigillo-sigillarium.jpg 994w, https:\/\/sigillarium.pl\/wp-content\/uploads\/2022\/05\/Domanin-Zarzadca-ziemski-pieczec-rewers-seal-petschaft-siegel-sceau-sigillo-sigillarium-291x300.jpg 291w, https:\/\/sigillarium.pl\/wp-content\/uploads\/2022\/05\/Domanin-Zarzadca-ziemski-pieczec-rewers-seal-petschaft-siegel-sceau-sigillo-sigillarium-768x792.jpg 768w\" sizes=\"auto, (max-width: 994px) 100vw, 994px\" \/><\/figure>\n<\/div><\/div>\n\n\n\n<div class=\"wp-block-column is-layout-flow wp-block-column-is-layout-flow\" style=\"flex-basis:1.65%\"><\/div>\n\n\n\n<div class=\"wp-block-column is-layout-flow wp-block-column-is-layout-flow\" style=\"flex-basis:48%\">\n<style> td {font-size: 11px; color: black; font-family: Arial;} <\/style>\n<table style=\"width: 500px; height: 150px;\">\n\t<tbody><tr>\n\t\t<td style=\"background-color: #DDDDDD; width:6%; text-align: center; \"><b>1<\/b><\/td>\n\t\t<td style=\"padding-left: 8px;\">kolekcja prywatna<\/td>\n\t<\/tr>\n\t<tr>\n\t\t<td style=\"background-color: #DDDDDD; text-align: center; \"><b>2<\/b><\/td>\n<td style=\"background-color: #FFFF99; white-space: nowrap; padding-left: 8px;\"><b><big><big> <a href=\" https:\/\/pl.wikipedia.org\/wiki\/Domanin_(wie%C5%9B_w_powiecie_k%C4%99pi%C5%84skim)\"> DOMANIN <\/a> <\/big><\/big><br><big> Zarz\u0105dca ziemski <\/big><\/b><\/td>\n\t<\/tr>\n\t<tr>\n\t\t<td style=\"background-color: #DDDDDD; text-align: center; \"><b>3a<\/b><\/td>\n\t\t<td style=\"padding-left: 8px;\">mosi\u0105dz<\/td>\n\t<\/tr>\n\t<tr>\n\t\t<td style=\"background-color: #DDDDDD; text-align: center; \"><b>3b<\/b><\/td>\n\t\t<td style=\"padding-left: 8px;\">&#8211;<\/td>\n\t<\/tr>\n\t<tr>\n\t\t<td style=\"background-color: #DDDDDD; text-align: center; \"><b>4<\/b><\/td>\n\t\t<td style=\"padding-left: 8px;\">okr\u0105g\u0142a \u00d8 29 mm<\/td>\n\t<\/tr>\n\t<tr>\n\t\t<td style=\"background-color: #DDDDDD; text-align: center; \"><b>5<\/b><\/td>\n\t\t<td style=\"padding-left: 8px;\">wkl\u0119s\u0142oryty<\/td>\n\t<\/tr>\n\t<tr>\n\t\t<td style=\"background-color: #DDDDDD; text-align: center; \"><b>6<\/b><\/td>\n<td style=\"padding-left: 8px;\">na rancie matrycy znacznik prawid\u0142owego ustawienia t\u0142oka oraz sygnatura wytw\u00f3rcy: <br>EHLERT \/\/ POSEN<\/td>\n\t<\/tr>\n<tr>\n\t\t<td style=\"background-color: #DDDDDD; text-align: center; \"><b>7<\/b><\/td>\n<td style=\"padding-left: 8px;\">brak uchwytu, trzpie\u0144 do jego zamocowania<\/td>\n\t<\/tr>\n\t<tr>\n\t\t<td style=\"background-color: #DDDDDD; text-align: center; \"><b>7a<\/b><\/td>\n\t\t<td style=\"padding-left: 8px;\"> 26 mm<\/td>\n\t<\/tr>\n\t<tr>\n\t\t<td style=\"background-color: #DDDDDD; text-align: center; \"><b>7b<\/b><\/td>\n<td style=\"padding-left: 8px;\"> 18 mm <\/td>\n\t<\/tr>\n\t<tr>\n\t\t<td style=\"background-color: #DDDDDD; text-align: center; \"><b>7c<\/b><\/td>\n\t\t<td style=\"padding-left: 8px;\"> 8 mm<\/td>\n\t<\/tr>\n\t<tr>\n\t\t<td style=\"background-color: #DDDDDD; text-align: center; \"><b>8<\/b><\/td>\n<td style=\"padding-left: 8px;\">&#8211;<\/td>\n\t<\/tr>\n\t<tr>\n\t\t<td style=\"background-color: #DDDDDD; text-align: center; \"><b>9a<\/b><\/td>\n\t\t<td style=\"padding-left: 8px;\">majusku\u0142a<\/td>\n\t<\/tr>\n\t<tr>\n\t\t<td style=\"background-color: #DDDDDD; text-align: center; \"><b>9b<\/b><\/td>\n<td style=\"padding-left: 8px;\"> <br>w p\u00f3\u0142otoku g\u00f3rnym:  <b> DER  GUTSVORSTEHER  <\/b><br>w p\u00f3\u0142otoku dolnym: <b>KREIS  KEMPEN I\/P.<\/b><br>w polu: <b>ZU DOMANIN<\/b><br><br><\/td> \n<\/tr>\n\t<tr>\t\n\t\t<td style=\"background-color: #DDDDDD; text-align: center; \"><b>10<\/b><\/td>\n<td style=\"padding-left: 8px;\"> W polu piecz\u0119ci napis w dw\u00f3ch wierszach (w drugim nazwa miejscowo\u015bci). Poni\u017cej rozeta w pas. Na zewn\u0105trz, wok\u00f3\u0142 pola piecz\u0119ci, pojedyncze obrze\u017cenie pere\u0142kowe.<\/td>\n<\/tr>\n\t<tr>\n\t\t<td style=\"background-color: #DDDDDD; text-align: center; \"><b>11<\/b><\/td>\n<td style=\"padding-left: 8px;\">&#8211;<\/td>\n\t<\/tr>\n\t<tr>\n\t\t<td style=\"background-color: #DDDDDD; text-align: center; \"><b>12<\/b><\/td>\n<td style=\"padding-left: 8px;\">&#8211;<\/td>\n\t<\/tr>\n<\/tbody><\/table>\n\n\n\n<p class=\"has-small-font-size\"><a rel=\"noreferrer noopener\" aria-label=\"Legenda do opisu t\u0142oka (otwiera si\u0119 na nowej zak\u0142adce)\" href=\"http:\/\/sigillarium.pl\/index.php\/legenda-do-opisu-tloka-pieczetnego\/\" target=\"_blank\">Legenda<\/a><\/p>\n<\/div>\n<\/div>\n\n\n\n<hr class=\"wp-block-separator has-css-opacity\"\/>\n\n\n\n<div class=\"wp-block-columns is-layout-flex wp-container-core-columns-is-layout-9d6595d7 wp-block-columns-is-layout-flex\">\n<div class=\"wp-block-column is-layout-flow wp-block-column-is-layout-flow\" style=\"flex-basis:5.28%\"><\/div>\n\n\n\n<div class=\"wp-block-column is-vertically-aligned-center is-layout-flow wp-block-column-is-layout-flow\" style=\"flex-basis:22.28%\">\n<figure class=\"wp-block-gallery aligncenter has-nested-images columns-default is-cropped wp-block-gallery-8 is-layout-flex wp-block-gallery-is-layout-flex\">\n<figure class=\"wp-block-image size-full is-style-default\"><a href=\"https:\/\/sigillarium.pl\/wp-content\/uploads\/2021\/06\/Dzialyn_Nadlesnictwo_pieczec_seal_petschaft_siegel_sceau_sigillarium.jpg\"><img loading=\"lazy\" decoding=\"async\" width=\"928\" height=\"935\" data-id=\"14005\" src=\"https:\/\/sigillarium.pl\/wp-content\/uploads\/2021\/06\/Dzialyn_Nadlesnictwo_pieczec_seal_petschaft_siegel_sceau_sigillarium.jpg\" alt=\"\" class=\"wp-image-14005\" srcset=\"https:\/\/sigillarium.pl\/wp-content\/uploads\/2021\/06\/Dzialyn_Nadlesnictwo_pieczec_seal_petschaft_siegel_sceau_sigillarium.jpg 928w, https:\/\/sigillarium.pl\/wp-content\/uploads\/2021\/06\/Dzialyn_Nadlesnictwo_pieczec_seal_petschaft_siegel_sceau_sigillarium-298x300.jpg 298w, https:\/\/sigillarium.pl\/wp-content\/uploads\/2021\/06\/Dzialyn_Nadlesnictwo_pieczec_seal_petschaft_siegel_sceau_sigillarium-150x150.jpg 150w, https:\/\/sigillarium.pl\/wp-content\/uploads\/2021\/06\/Dzialyn_Nadlesnictwo_pieczec_seal_petschaft_siegel_sceau_sigillarium-768x774.jpg 768w\" sizes=\"auto, (max-width: 928px) 100vw, 928px\" \/><\/a><\/figure>\n<\/figure>\n<\/div>\n\n\n\n<div class=\"wp-block-column is-layout-flow wp-block-column-is-layout-flow\" style=\"flex-basis:0.53%\"><\/div>\n\n\n\n<div class=\"wp-block-column is-vertically-aligned-center is-layout-flow wp-block-column-is-layout-flow\" style=\"flex-basis:22.28%\"><div class=\"wp-block-image\">\n<figure class=\"aligncenter size-full is-resized\"><img loading=\"lazy\" decoding=\"async\" width=\"962\" height=\"947\" src=\"https:\/\/sigillarium.pl\/wp-content\/uploads\/2021\/06\/Dzialyn_Nadlesnictwo_pieczec_seal_petschaft_siegel_sceau_sigillarium-2.jpg\" alt=\"\" class=\"wp-image-14704\" style=\"width:221px;height:218px\" srcset=\"https:\/\/sigillarium.pl\/wp-content\/uploads\/2021\/06\/Dzialyn_Nadlesnictwo_pieczec_seal_petschaft_siegel_sceau_sigillarium-2.jpg 962w, https:\/\/sigillarium.pl\/wp-content\/uploads\/2021\/06\/Dzialyn_Nadlesnictwo_pieczec_seal_petschaft_siegel_sceau_sigillarium-2-300x295.jpg 300w, https:\/\/sigillarium.pl\/wp-content\/uploads\/2021\/06\/Dzialyn_Nadlesnictwo_pieczec_seal_petschaft_siegel_sceau_sigillarium-2-768x756.jpg 768w\" sizes=\"auto, (max-width: 962px) 100vw, 962px\" \/><\/figure>\n<\/div><\/div>\n\n\n\n<div class=\"wp-block-column is-layout-flow wp-block-column-is-layout-flow\" style=\"flex-basis:1.65%\"><\/div>\n\n\n\n<div class=\"wp-block-column is-layout-flow wp-block-column-is-layout-flow\" style=\"flex-basis:48%\">\n<style> td {font-size: 11px; color: black; font-family: Arial;} <\/style>\n<table style=\"width: 500px; height: 150px;\">\n\t<tbody><tr>\n\t\t<td style=\"background-color: #DDDDDD; width:6%; text-align: center; \"><b>1<\/b><\/td>\n\t\t<td style=\"padding-left: 8px;\">kolekcja prywatna<\/td>\n\t<\/tr>\n\t<tr>\n\t\t<td style=\"background-color: #DDDDDD; text-align: center; \"><b>2<\/b><\/td>\n<td style=\"background-color: #FFFF99; white-space: nowrap; padding-left: 8px;\"><b><big><big><a href=\"https:\/\/pl.wikipedia.org\/wiki\/Dzia%C5%82y%C5%84_(wojew%C3%B3dztwo_wielkopolskie) \">DZIA\u0141Y\u0143<\/a><\/big><\/big><br><big>Urz\u0105d Le\u015bny<\/big><\/b><\/td>\n\t<\/tr>\n\t<tr>\n\t\t<td style=\"background-color: #DDDDDD; text-align: center; \"><b>3a<\/b><\/td>\n\t\t<td style=\"padding-left: 8px;\">mosi\u0105dz<\/td>\n\t<\/tr>\n\t<tr>\n\t\t<td style=\"background-color: #DDDDDD; text-align: center; \"><b>3b<\/b><\/td>\n\t\t<td style=\"padding-left: 8px;\">&#8211; <\/td>\n\t<\/tr>\n\t<tr>\n\t\t<td style=\"background-color: #DDDDDD; text-align: center; \"><b>4<\/b><\/td>\n\t\t<td style=\"padding-left: 8px;\">okr\u0105g\u0142a \u00d8 32,5 mm<\/td>\n\t<\/tr>\n\t<tr>\n\t\t<td style=\"background-color: #DDDDDD; text-align: center; \"><b>5<\/b><\/td>\n\t\t<td style=\"padding-left: 8px;\">wkl\u0119s\u0142oryty<\/td>\n\t<\/tr>\n\t<tr>\n\t\t<td style=\"background-color: #DDDDDD; text-align: center; \"><b>6<\/b><\/td>\n<td style=\"padding-left: 8px;\">&#8211;<\/td>\n\t<\/tr>\n<tr>\n\t\t<td style=\"background-color: #DDDDDD; text-align: center; \"><b>7<\/b><\/td>\n<td style=\"padding-left: 8px;\"> brak uchwytu, trzpie\u0144 do jego nabicia <\/td>\n\t<\/tr>\n\t<tr>\n\t\t<td style=\"background-color: #DDDDDD; text-align: center; \"><b>7a<\/b><\/td>\n\t\t<td style=\"padding-left: 8px;\">30 mm<\/td>\n\t<\/tr>\n\t<tr>\n\t\t<td style=\"background-color: #DDDDDD; text-align: center; \"><b>7b<\/b><\/td>\n\t\t<td style=\"padding-left: 8px;\">26 mm <\/td>\n\t<\/tr>\n\t<tr>\n\t\t<td style=\"background-color: #DDDDDD; text-align: center; \"><b>7c<\/b><\/td>\n\t\t<td style=\"padding-left: 8px;\">4 mm<\/td>\n\t<\/tr>\n\t<tr>\n\t\t<td style=\"background-color: #DDDDDD; text-align: center; \"><b>8<\/b><\/td>\n<td style=\"padding-left: 8px;\">&#8211; <\/td>\n\t<\/tr>\n\t<tr>\n\t\t<td style=\"background-color: #DDDDDD; text-align: center; \"><b>9a<\/b><\/td>\n\t\t<td style=\"padding-left: 8px;\">majusku\u0142a<\/td>\n\t<\/tr>\n\t<tr>\n\t\t<td style=\"background-color: #DDDDDD; text-align: center; \"><b>9b<\/b><\/td>\n<td style=\"padding-left: 8px;\"><br> w p\u00f3\u0142otoku g\u00f3rnym: <b> FORSTAMT DZIALYN<\/b><br><br><\/td> \n\t<\/tr>\n\t<tr>\n\t\t<td style=\"background-color: #DDDDDD; text-align: center; \"><b>10<\/b><\/td>\n<td style=\"padding-left: 8px;\">W polu piecz\u0119ci tarcza szwajcarska dwudzielna w s\u0142up. W polu pierwszym (zlotym) dwa (czerwone) skosy lewe. W polu drugim (niebieskim) na murawie wspi\u0119ty jele\u0144. Nad tarcz\u0105 he\u0142m, bez korony, w klejnocie wspi\u0119ty jele\u0144. Na zewn\u0105trz, wok\u00f3\u0142 pola piecz\u0119ci, pojedyncze obrze\u017cenie ci\u0105g\u0142e. <br><\/td>\n<\/tr>\n\t<tr>\n\t\t<td style=\"background-color: #DDDDDD; text-align: center; \"><b>11<\/b><\/td>\n<td style=\"padding-left: 8px;\">&#8211; <\/td>\n\t<\/tr>\n\t<tr>\n<td style=\"background-color: #DDDDDD; text-align: center; \"><b>12<\/b><\/td>\n<td style=\"padding-left: 8px;\">Herb umieszczony w polu piecz\u0119ci nale\u017cy do rodziny von Sprenger.<\/td>\n\t<\/tr>\n<\/tbody><\/table>\n\n\n\n<p class=\"has-small-font-size\"><a rel=\"noreferrer noopener\" aria-label=\"Legenda do opisu t\u0142oka (otwiera si\u0119 na nowej zak\u0142adce)\" href=\"http:\/\/sigillarium.pl\/index.php\/legenda-do-opisu-tloka-pieczetnego\/\" target=\"_blank\">Legenda<\/a><\/p>\n<\/div>\n<\/div>\n\n\n\n<hr class=\"wp-block-separator has-css-opacity\"\/>\n\n\n\n<div class=\"wp-block-columns is-layout-flex wp-container-core-columns-is-layout-9d6595d7 wp-block-columns-is-layout-flex\">\n<div class=\"wp-block-column is-layout-flow wp-block-column-is-layout-flow\" style=\"flex-basis:5.28%\"><\/div>\n\n\n\n<div class=\"wp-block-column is-vertically-aligned-center is-layout-flow wp-block-column-is-layout-flow\" style=\"flex-basis:22.28%\">\n<figure class=\"wp-block-gallery aligncenter has-nested-images columns-default is-cropped wp-block-gallery-9 is-layout-flex wp-block-gallery-is-layout-flex\">\n<figure class=\"wp-block-image size-large is-style-default\"><a href=\"https:\/\/sigillarium.pl\/wp-content\/uploads\/2025\/12\/Zarzad-Lasow-Kamionki-Pieszyce-Steinkuncendorf-Peterswaldau-pieczec-seal-petschaft-siegel-sceau-cachet-sigillo2.jpg\"><img loading=\"lazy\" decoding=\"async\" width=\"1020\" height=\"1024\" data-id=\"37883\" src=\"https:\/\/sigillarium.pl\/wp-content\/uploads\/2025\/12\/Zarzad-Lasow-Kamionki-Pieszyce-Steinkuncendorf-Peterswaldau-pieczec-seal-petschaft-siegel-sceau-cachet-sigillo2-1020x1024.jpg\" alt=\"\" class=\"wp-image-37883\" srcset=\"https:\/\/sigillarium.pl\/wp-content\/uploads\/2025\/12\/Zarzad-Lasow-Kamionki-Pieszyce-Steinkuncendorf-Peterswaldau-pieczec-seal-petschaft-siegel-sceau-cachet-sigillo2-1020x1024.jpg 1020w, https:\/\/sigillarium.pl\/wp-content\/uploads\/2025\/12\/Zarzad-Lasow-Kamionki-Pieszyce-Steinkuncendorf-Peterswaldau-pieczec-seal-petschaft-siegel-sceau-cachet-sigillo2-300x300.jpg 300w, https:\/\/sigillarium.pl\/wp-content\/uploads\/2025\/12\/Zarzad-Lasow-Kamionki-Pieszyce-Steinkuncendorf-Peterswaldau-pieczec-seal-petschaft-siegel-sceau-cachet-sigillo2-150x150.jpg 150w, https:\/\/sigillarium.pl\/wp-content\/uploads\/2025\/12\/Zarzad-Lasow-Kamionki-Pieszyce-Steinkuncendorf-Peterswaldau-pieczec-seal-petschaft-siegel-sceau-cachet-sigillo2-768x771.jpg 768w, https:\/\/sigillarium.pl\/wp-content\/uploads\/2025\/12\/Zarzad-Lasow-Kamionki-Pieszyce-Steinkuncendorf-Peterswaldau-pieczec-seal-petschaft-siegel-sceau-cachet-sigillo2-1531x1536.jpg 1531w, https:\/\/sigillarium.pl\/wp-content\/uploads\/2025\/12\/Zarzad-Lasow-Kamionki-Pieszyce-Steinkuncendorf-Peterswaldau-pieczec-seal-petschaft-siegel-sceau-cachet-sigillo2.jpg 2016w\" sizes=\"auto, (max-width: 1020px) 100vw, 1020px\" \/><\/a><\/figure>\n<\/figure>\n<\/div>\n\n\n\n<div class=\"wp-block-column is-layout-flow wp-block-column-is-layout-flow\" style=\"flex-basis:0.53%\"><\/div>\n\n\n\n<div class=\"wp-block-column is-vertically-aligned-center is-layout-flow wp-block-column-is-layout-flow\" style=\"flex-basis:22.28%\"><div class=\"wp-block-image\">\n<figure class=\"aligncenter size-full is-resized\"><img loading=\"lazy\" decoding=\"async\" width=\"200\" height=\"642\" src=\"https:\/\/sigillarium.pl\/wp-content\/uploads\/2025\/12\/Zarzad-Lasow-Kamionki-Pieszyce-Steinkuncendorf-Peterswaldau-pieczec-uchwyt-seal-petschaft-siegel-sceau-cachet.jpg\" alt=\"\" class=\"wp-image-37873\" style=\"aspect-ratio:0.3115173172072567;width:112px;height:auto\" srcset=\"https:\/\/sigillarium.pl\/wp-content\/uploads\/2025\/12\/Zarzad-Lasow-Kamionki-Pieszyce-Steinkuncendorf-Peterswaldau-pieczec-uchwyt-seal-petschaft-siegel-sceau-cachet.jpg 200w, https:\/\/sigillarium.pl\/wp-content\/uploads\/2025\/12\/Zarzad-Lasow-Kamionki-Pieszyce-Steinkuncendorf-Peterswaldau-pieczec-uchwyt-seal-petschaft-siegel-sceau-cachet-93x300.jpg 93w\" sizes=\"auto, (max-width: 200px) 100vw, 200px\" \/><\/figure>\n<\/div><\/div>\n\n\n\n<div class=\"wp-block-column is-layout-flow wp-block-column-is-layout-flow\" style=\"flex-basis:1.65%\"><\/div>\n\n\n\n<div class=\"wp-block-column is-layout-flow wp-block-column-is-layout-flow\" style=\"flex-basis:48%\">\n<style> td {font-size: 11px; color: black; font-family: Arial;} <\/style>\n<table style=\"width: 500px; height: 150px;\">\n\t<tr>\n\t\t<td style=\"background-color: #DDDDDD; width:6%; text-align: center; \"><b>1<\/b><\/td>\n\t\t<td style=\"padding-left: 8px;\">kolekcja prywatna<\/td>\n\t<\/tr>\n\t<tr>\n\t\t<td style=\"background-color: #DDDDDD; text-align: center; \"><b>2<\/b><\/td>\n<td style=\"background-color: #FFFF99; white-space: nowrap; padding-left: 8px;\"><b><big><big> <a href=\"https:\/\/pl.wikipedia.org\/wiki\/Kamionki_(wojew%C3%B3dztwo_dolno%C5%9Bl%C4%85skie) \">KAMIONKI (PIESZYCE)<a> <\/big><\/big><br \/><big>Zarz\u0105d Las\u00f3w<\/big><br \/><\/td>\n\t<\/tr>\n\t<tr>\n\t\t<td style=\"background-color: #DDDDDD; text-align: center; \"><b>3a<\/b><\/td>\n\t\t<td style=\"padding-left: 8px;\">mosi\u0105dz<\/td>\n\t<\/tr>\n\t<tr>\n\t\t<td style=\"background-color: #DDDDDD; text-align: center; \"><b>3b<\/b><\/td>\n\t\t<td style=\"padding-left: 8px;\">drewno<\/td>\n\t<\/tr>\n\t<tr>\n\t\t<td style=\"background-color: #DDDDDD; text-align: center; \"><b>4<\/b><\/td>\n\t\t<td style=\"padding-left: 8px;\">okr\u0105g\u0142a \u00d8 31 mm<\/td>\n\t<\/tr>\n\t<tr>\n\t\t<td style=\"background-color: #DDDDDD; text-align: center; \"><b>5<\/b><\/td>\n\t\t<td style=\"padding-left: 8px;\">wypuk\u0142oryty<\/td>\n\t<\/tr>\n\t<tr>\n\t\t<td style=\"background-color: #DDDDDD; text-align: center; \"><b>6<\/b><\/td>\n<td style=\"padding-left: 8px;\">na rancie matrycy znacznik prawid\u0142owego ustawienia t\u0142oka <\/td>\n\t<\/tr>\n<tr>\n\t\t<td style=\"background-color: #DDDDDD; text-align: center; \"><b>7<\/b><\/td>\n<td style=\"padding-left: 8px;\">uchwyt toczony o sp\u0142aszczonej ga\u0142ce, lakierowany na czarno<\/td>\n\t<\/tr>\n\t<tr>\n\t\t<td style=\"background-color: #DDDDDD; text-align: center; \"><b>7a<\/b><\/td>\n\t\t<td style=\"padding-left: 8px;\">109 mm<\/td>\n\t<\/tr>\n\t<tr>\n\t\t<td style=\"background-color: #DDDDDD; text-align: center; \"><b>7b<\/b><\/td>\n<td style=\"padding-left: 8px;\">99 mm, w tym skuwka 13 mm (\u00d8 22 mm) <\/td>\n\t<\/tr>\n\t<tr>\n\t\t<td style=\"background-color: #DDDDDD; text-align: center; \"><b>7c<\/b><\/td>\n\t\t<td style=\"padding-left: 8px;\">10 mm<\/td>\n\t<\/tr>\n\t<tr>\n\t\t<td style=\"background-color: #DDDDDD; text-align: center; \"><b>8<\/b><\/td>\n<td style=\"padding-left: 8px;\">&#8211; <\/td>\n\t<\/tr>\n\t<tr>\n\t\t<td style=\"background-color: #DDDDDD; text-align: center; \"><b>9a<\/b><\/td>\n\t\t<td style=\"padding-left: 8px;\">majusku\u0142a <\/td>\n\t<\/tr>\n\t<tr>\n\t\t<td style=\"background-color: #DDDDDD; text-align: center; \"><b>9b<\/b><\/td>\n<td style=\"padding-left: 8px;\"> <br \/>w otoku: <b> FORSTVERWALTUNG PETERSWALDAU \u2013 STEINKUNZENDORF. <\/b><br \/><br \/><\/td> \n<\/tr>\n\t<tr>\t\n\t\t<td style=\"background-color: #DDDDDD; text-align: center; \"><b>10<\/b><\/td>\n<td style=\"padding-left: 8px;\"> W polu piecz\u0119ci na murawie krocz\u0105cy jele\u0144. Powy\u017cej mitra ksi\u0105\u017c\u0119ca. Wok\u00f3\u0142 pola piecz\u0119ci pojedyncze obrze\u017cenie ci\u0105g\u0142e.<\/td>\n<\/tr>\n\t<tr>\n\t\t<td style=\"background-color: #DDDDDD; text-align: center; \"><b>11<\/b><\/td>\n<td style=\"padding-left: 8px;\">&#8211;<\/td>\n\t<\/tr>\n\t<tr>\n\t\t<td style=\"background-color: #DDDDDD; text-align: center; \"><b>12<\/b><\/td>\n<td style=\"padding-left: 8px;\">&#8211; <\/td>\n\t<\/tr>\n<\/table>\n\n\n\n<p class=\"has-small-font-size\"><a rel=\"noreferrer noopener\" aria-label=\"Legenda do opisu t\u0142oka (otwiera si\u0119 na nowej zak\u0142adce)\" href=\"http:\/\/sigillarium.pl\/index.php\/legenda-do-opisu-tloka-pieczetnego\/\" target=\"_blank\">Legenda<\/a><\/p>\n<\/div>\n<\/div>\n\n\n\n<hr class=\"wp-block-separator has-alpha-channel-opacity\"\/>\n\n\n\n<div class=\"wp-block-columns is-layout-flex wp-container-core-columns-is-layout-9d6595d7 wp-block-columns-is-layout-flex\">\n<div class=\"wp-block-column is-layout-flow wp-block-column-is-layout-flow\" style=\"flex-basis:5.28%\"><\/div>\n\n\n\n<div class=\"wp-block-column is-vertically-aligned-center is-layout-flow wp-block-column-is-layout-flow\" style=\"flex-basis:22.28%\">\n<figure class=\"wp-block-gallery aligncenter has-nested-images columns-default is-cropped wp-block-gallery-10 is-layout-flex wp-block-gallery-is-layout-flex\">\n<figure class=\"wp-block-image size-large is-style-default\"><a href=\"https:\/\/sigillarium.pl\/wp-content\/uploads\/2022\/03\/Krakow-Centralny-Zarzad-Dobr-Ks.-R.-Sanguszki-pieczec-seal-petschaft.jpg\"><img loading=\"lazy\" decoding=\"async\" width=\"1024\" height=\"1021\" data-id=\"20014\" src=\"https:\/\/sigillarium.pl\/wp-content\/uploads\/2022\/03\/Krakow-Centralny-Zarzad-Dobr-Ks.-R.-Sanguszki-pieczec-seal-petschaft-1024x1021.jpg\" alt=\"\" class=\"wp-image-20014\" srcset=\"https:\/\/sigillarium.pl\/wp-content\/uploads\/2022\/03\/Krakow-Centralny-Zarzad-Dobr-Ks.-R.-Sanguszki-pieczec-seal-petschaft-1024x1021.jpg 1024w, https:\/\/sigillarium.pl\/wp-content\/uploads\/2022\/03\/Krakow-Centralny-Zarzad-Dobr-Ks.-R.-Sanguszki-pieczec-seal-petschaft-300x300.jpg 300w, https:\/\/sigillarium.pl\/wp-content\/uploads\/2022\/03\/Krakow-Centralny-Zarzad-Dobr-Ks.-R.-Sanguszki-pieczec-seal-petschaft-150x150.jpg 150w, https:\/\/sigillarium.pl\/wp-content\/uploads\/2022\/03\/Krakow-Centralny-Zarzad-Dobr-Ks.-R.-Sanguszki-pieczec-seal-petschaft-768x766.jpg 768w, https:\/\/sigillarium.pl\/wp-content\/uploads\/2022\/03\/Krakow-Centralny-Zarzad-Dobr-Ks.-R.-Sanguszki-pieczec-seal-petschaft.jpg 1026w\" sizes=\"auto, (max-width: 1024px) 100vw, 1024px\" \/><\/a><\/figure>\n<\/figure>\n<\/div>\n\n\n\n<div class=\"wp-block-column is-layout-flow wp-block-column-is-layout-flow\" style=\"flex-basis:0.53%\"><\/div>\n\n\n\n<div class=\"wp-block-column is-vertically-aligned-center is-layout-flow wp-block-column-is-layout-flow\" style=\"flex-basis:22.28%\"><div class=\"wp-block-image\">\n<figure class=\"aligncenter size-full is-resized\"><img loading=\"lazy\" decoding=\"async\" width=\"421\" height=\"1015\" src=\"https:\/\/sigillarium.pl\/wp-content\/uploads\/2022\/03\/Krakow-Centralny-Zarzad-Dobr-Ks.-R.-Sanguszki-pieczec-uchwyt-seal.jpg\" alt=\"\" class=\"wp-image-20016\" style=\"width:154px;height:371px\" srcset=\"https:\/\/sigillarium.pl\/wp-content\/uploads\/2022\/03\/Krakow-Centralny-Zarzad-Dobr-Ks.-R.-Sanguszki-pieczec-uchwyt-seal.jpg 421w, https:\/\/sigillarium.pl\/wp-content\/uploads\/2022\/03\/Krakow-Centralny-Zarzad-Dobr-Ks.-R.-Sanguszki-pieczec-uchwyt-seal-124x300.jpg 124w\" sizes=\"auto, (max-width: 421px) 100vw, 421px\" \/><\/figure>\n<\/div><\/div>\n\n\n\n<div class=\"wp-block-column is-layout-flow wp-block-column-is-layout-flow\" style=\"flex-basis:1.65%\"><\/div>\n\n\n\n<div class=\"wp-block-column is-layout-flow wp-block-column-is-layout-flow\" style=\"flex-basis:48%\">\n<style> td {font-size: 11px; color: black; font-family: Arial;} <\/style>\n<table style=\"width: 500px; height: 150px;\">\n\t<tbody><tr>\n\t\t<td style=\"background-color: #DDDDDD; width:6%; text-align: center; \"><b>1<\/b><\/td>\n\t\t<td style=\"padding-left: 8px;\">kolekcja prywatna<\/td>\n\t<\/tr>\n\t<tr>\n\t\t<td style=\"background-color: #DDDDDD; text-align: center; \"><b>2<\/b><\/td>\n<td style=\"background-color: #FFFF99; white-space: nowrap; padding-left: 8px;\"><b><big><big> <a href=\" https:\/\/pl.wikipedia.org\/wiki\/Krak%C3%B3w \"> KRAK\u00d3W <\/a> <\/big><\/big><br><big> Centralny Zarz\u0105d D\u00f3br ks. R. Sanguszki <\/big><\/b><\/td>\n\t<\/tr>\n\t<tr>\n\t\t<td style=\"background-color: #DDDDDD; text-align: center; \"><b>3a<\/b><\/td>\n\t\t<td style=\"padding-left: 8px;\">mosi\u0105dz<\/td>\n\t<\/tr>\n\t<tr>\n\t\t<td style=\"background-color: #DDDDDD; text-align: center; \"><b>3b<\/b><\/td>\n\t\t<td style=\"padding-left: 8px;\">drewno<\/td>\n\t<\/tr>\n\t<tr>\n\t\t<td style=\"background-color: #DDDDDD; text-align: center; \"><b>4<\/b><\/td>\n\t\t<td style=\"padding-left: 8px;\">okr\u0105g\u0142a \u00d8 33 mm<\/td>\n\t<\/tr>\n\t<tr>\n\t\t<td style=\"background-color: #DDDDDD; text-align: center; \"><b>5<\/b><\/td>\n\t\t<td style=\"padding-left: 8px;\">wkl\u0119s\u0142oryty<\/td>\n\t<\/tr>\n\t<tr>\n\t\t<td style=\"background-color: #DDDDDD; text-align: center; \"><b>6<\/b><\/td>\n<td style=\"padding-left: 8px;\">&#8211;<\/td>\n\t<\/tr>\n<tr>\n\t\t<td style=\"background-color: #DDDDDD; text-align: center; \"><b>7<\/b><\/td>\n<td style=\"padding-left: 8px;\">uchwyt toczony o sp\u0142aszczonej ga\u0142ce <\/td>\n\t<\/tr>\n\t<tr>\n\t\t<td style=\"background-color: #DDDDDD; text-align: center; \"><b>7a<\/b><\/td>\n\t\t<td style=\"padding-left: 8px;\"> 85 mm<\/td>\n\t<\/tr>\n\t<tr>\n\t\t<td style=\"background-color: #DDDDDD; text-align: center; \"><b>7b<\/b><\/td>\n<td style=\"padding-left: 8px;\"> 80,5 mm, w tym skuwka 7 mm (\u00d8 12,5 mm) <\/td>\n\t<\/tr>\n\t<tr>\n\t\t<td style=\"background-color: #DDDDDD; text-align: center; \"><b>7c<\/b><\/td>\n\t\t<td style=\"padding-left: 8px;\"> 4,5 mm<\/td>\n\t<\/tr>\n\t<tr>\n\t\t<td style=\"background-color: #DDDDDD; text-align: center; \"><b>8<\/b><\/td>\n<td style=\"padding-left: 8px;\">&#8211;<\/td>\n\t<\/tr>\n\t<tr>\n\t\t<td style=\"background-color: #DDDDDD; text-align: center; \"><b>9a<\/b><\/td>\n\t\t<td style=\"padding-left: 8px;\">majusku\u0142a, minusku\u0142a<\/td>\n\t<\/tr>\n\t<tr>\n\t\t<td style=\"background-color: #DDDDDD; text-align: center; \"><b>9b<\/b><\/td>\n<td style=\"padding-left: 8px;\"> <br>w otoku:  <b>* CENTRALNY  ZARZ\u0104D  D\u00d3BR  KS <i>(i\u0119cia) <\/i>. R <i>(omana). <\/i>  SANGUSZKI  <br>w  KRAKOWIE. <\/b><br><br><\/td> \n<\/tr>\n\t<tr>\t\n\t\t<td style=\"background-color: #DDDDDD; text-align: center; \"><b>10<\/b><\/td>\n<td style=\"padding-left: 8px;\"> W polu piecz\u0119ci, na tle gronostajowego p\u0142aszcza zwie\u0144czonego mitr\u0105 ksi\u0105\u017c\u0119c\u0105, na tarczy polskiej herb Pogo\u0144 Litewska. Powy\u017cej tarczy na wst\u0119dze zawo\u0142anie \u201eZ PRZEKONANIA\u201d. <br>Na zewn\u0105trz, wok\u00f3\u0142 pola piecz\u0119ci, podw\u00f3jne obrze\u017cenie; ci\u0105g\u0142e i pere\u0142kowe<\/td>\n<\/tr>\n\t<tr>\n\t\t<td style=\"background-color: #DDDDDD; text-align: center; \"><b>11<\/b><\/td>\n<td style=\"padding-left: 8px;\">&#8211;<\/td>\n\t<\/tr>\n\t<tr>\n\t\t<td style=\"background-color: #DDDDDD; text-align: center; \"><b>12<\/b><\/td>\n<td style=\"padding-left: 8px;\">&#8211; <\/td>\n\t<\/tr>\n<\/tbody><\/table>\n\n\n\n<p class=\"has-small-font-size\"><a rel=\"noreferrer noopener\" aria-label=\"Legenda do opisu t\u0142oka (otwiera si\u0119 na nowej zak\u0142adce)\" href=\"http:\/\/sigillarium.pl\/index.php\/legenda-do-opisu-tloka-pieczetnego\/\" target=\"_blank\">Legenda<\/a><\/p>\n<\/div>\n<\/div>\n\n\n\n<hr class=\"wp-block-separator has-alpha-channel-opacity\"\/>\n\n\n\n<div class=\"wp-block-columns is-layout-flex wp-container-core-columns-is-layout-9d6595d7 wp-block-columns-is-layout-flex\">\n<div class=\"wp-block-column is-layout-flow wp-block-column-is-layout-flow\" style=\"flex-basis:5.28%\"><\/div>\n\n\n\n<div class=\"wp-block-column is-vertically-aligned-center is-layout-flow wp-block-column-is-layout-flow\" style=\"flex-basis:22.28%\">\n<figure class=\"wp-block-gallery aligncenter has-nested-images columns-default is-cropped wp-block-gallery-11 is-layout-flex wp-block-gallery-is-layout-flex\">\n<figure class=\"wp-block-image size-large is-style-default\"><a href=\"https:\/\/sigillarium.pl\/wp-content\/uploads\/2022\/05\/Lubien-Zarzad-dobr-pieczec-seal-petschaft-siegel-sceau-sigillo-sigillarium.jpg\"><img loading=\"lazy\" decoding=\"async\" width=\"1024\" height=\"716\" data-id=\"20653\" src=\"https:\/\/sigillarium.pl\/wp-content\/uploads\/2022\/05\/Lubien-Zarzad-dobr-pieczec-seal-petschaft-siegel-sceau-sigillo-sigillarium-1024x716.jpg\" alt=\"\" class=\"wp-image-20653\" srcset=\"https:\/\/sigillarium.pl\/wp-content\/uploads\/2022\/05\/Lubien-Zarzad-dobr-pieczec-seal-petschaft-siegel-sceau-sigillo-sigillarium-1024x716.jpg 1024w, https:\/\/sigillarium.pl\/wp-content\/uploads\/2022\/05\/Lubien-Zarzad-dobr-pieczec-seal-petschaft-siegel-sceau-sigillo-sigillarium-300x210.jpg 300w, https:\/\/sigillarium.pl\/wp-content\/uploads\/2022\/05\/Lubien-Zarzad-dobr-pieczec-seal-petschaft-siegel-sceau-sigillo-sigillarium-768x537.jpg 768w, https:\/\/sigillarium.pl\/wp-content\/uploads\/2022\/05\/Lubien-Zarzad-dobr-pieczec-seal-petschaft-siegel-sceau-sigillo-sigillarium.jpg 1124w\" sizes=\"auto, (max-width: 1024px) 100vw, 1024px\" \/><\/a><\/figure>\n<\/figure>\n<\/div>\n\n\n\n<div class=\"wp-block-column is-layout-flow wp-block-column-is-layout-flow\" style=\"flex-basis:0.53%\"><\/div>\n\n\n\n<div class=\"wp-block-column is-vertically-aligned-center is-layout-flow wp-block-column-is-layout-flow\" style=\"flex-basis:22.28%\"><div class=\"wp-block-image\">\n<figure class=\"aligncenter size-large\"><img loading=\"lazy\" decoding=\"async\" width=\"1024\" height=\"352\" src=\"https:\/\/sigillarium.pl\/wp-content\/uploads\/2022\/05\/Lubien-Zarzad-dobr-pieczec-2-seal-petschaft-siegel-sceau-sigillo-sigillarium-1024x352.png\" alt=\"\" class=\"wp-image-20655\" srcset=\"https:\/\/sigillarium.pl\/wp-content\/uploads\/2022\/05\/Lubien-Zarzad-dobr-pieczec-2-seal-petschaft-siegel-sceau-sigillo-sigillarium-1024x352.png 1024w, https:\/\/sigillarium.pl\/wp-content\/uploads\/2022\/05\/Lubien-Zarzad-dobr-pieczec-2-seal-petschaft-siegel-sceau-sigillo-sigillarium-300x103.png 300w, https:\/\/sigillarium.pl\/wp-content\/uploads\/2022\/05\/Lubien-Zarzad-dobr-pieczec-2-seal-petschaft-siegel-sceau-sigillo-sigillarium-768x264.png 768w, https:\/\/sigillarium.pl\/wp-content\/uploads\/2022\/05\/Lubien-Zarzad-dobr-pieczec-2-seal-petschaft-siegel-sceau-sigillo-sigillarium-1536x529.png 1536w, https:\/\/sigillarium.pl\/wp-content\/uploads\/2022\/05\/Lubien-Zarzad-dobr-pieczec-2-seal-petschaft-siegel-sceau-sigillo-sigillarium-2048x705.png 2048w\" sizes=\"auto, (max-width: 1024px) 100vw, 1024px\" \/><\/figure>\n<\/div>\n\n<div class=\"wp-block-image is-style-default\">\n<figure class=\"aligncenter size-large is-resized\"><img loading=\"lazy\" decoding=\"async\" width=\"1024\" height=\"307\" src=\"https:\/\/sigillarium.pl\/wp-content\/uploads\/2022\/05\/Lubien-Zarzad-dobr-pieczec-bok-seal-petschaft-siegel-sceau-sigillo-sigillarium-1024x307.jpg\" alt=\"\" class=\"wp-image-20656\" style=\"width:174px;height:52px\" srcset=\"https:\/\/sigillarium.pl\/wp-content\/uploads\/2022\/05\/Lubien-Zarzad-dobr-pieczec-bok-seal-petschaft-siegel-sceau-sigillo-sigillarium-1024x307.jpg 1024w, https:\/\/sigillarium.pl\/wp-content\/uploads\/2022\/05\/Lubien-Zarzad-dobr-pieczec-bok-seal-petschaft-siegel-sceau-sigillo-sigillarium-300x90.jpg 300w, https:\/\/sigillarium.pl\/wp-content\/uploads\/2022\/05\/Lubien-Zarzad-dobr-pieczec-bok-seal-petschaft-siegel-sceau-sigillo-sigillarium-768x230.jpg 768w, https:\/\/sigillarium.pl\/wp-content\/uploads\/2022\/05\/Lubien-Zarzad-dobr-pieczec-bok-seal-petschaft-siegel-sceau-sigillo-sigillarium-1536x461.jpg 1536w, https:\/\/sigillarium.pl\/wp-content\/uploads\/2022\/05\/Lubien-Zarzad-dobr-pieczec-bok-seal-petschaft-siegel-sceau-sigillo-sigillarium.jpg 1891w\" sizes=\"auto, (max-width: 1024px) 100vw, 1024px\" \/><\/figure>\n<\/div>\n\n<div class=\"wp-block-image is-style-default\">\n<figure class=\"aligncenter size-large\"><img loading=\"lazy\" decoding=\"async\" width=\"1024\" height=\"332\" src=\"https:\/\/sigillarium.pl\/wp-content\/uploads\/2022\/05\/Lubien-Zarzad-dobr-pieczec-rewers-seal-petschaft-siegel-sceau-sigillo-sigillarium-1024x332.jpg\" alt=\"\" class=\"wp-image-20657\" srcset=\"https:\/\/sigillarium.pl\/wp-content\/uploads\/2022\/05\/Lubien-Zarzad-dobr-pieczec-rewers-seal-petschaft-siegel-sceau-sigillo-sigillarium-1024x332.jpg 1024w, https:\/\/sigillarium.pl\/wp-content\/uploads\/2022\/05\/Lubien-Zarzad-dobr-pieczec-rewers-seal-petschaft-siegel-sceau-sigillo-sigillarium-300x97.jpg 300w, https:\/\/sigillarium.pl\/wp-content\/uploads\/2022\/05\/Lubien-Zarzad-dobr-pieczec-rewers-seal-petschaft-siegel-sceau-sigillo-sigillarium-768x249.jpg 768w, https:\/\/sigillarium.pl\/wp-content\/uploads\/2022\/05\/Lubien-Zarzad-dobr-pieczec-rewers-seal-petschaft-siegel-sceau-sigillo-sigillarium-1536x497.jpg 1536w, https:\/\/sigillarium.pl\/wp-content\/uploads\/2022\/05\/Lubien-Zarzad-dobr-pieczec-rewers-seal-petschaft-siegel-sceau-sigillo-sigillarium.jpg 1773w\" sizes=\"auto, (max-width: 1024px) 100vw, 1024px\" \/><\/figure>\n<\/div><\/div>\n\n\n\n<div class=\"wp-block-column is-layout-flow wp-block-column-is-layout-flow\" style=\"flex-basis:1.65%\"><\/div>\n\n\n\n<div class=\"wp-block-column is-layout-flow wp-block-column-is-layout-flow\" style=\"flex-basis:48%\">\n<style> td {font-size: 11px; color: black; font-family: Arial;} <\/style>\n<table style=\"width: 500px; height: 150px;\">\n\t<tbody><tr>\n\t\t<td style=\"background-color: #DDDDDD; width:6%; text-align: center; \"><b>1<\/b><\/td>\n\t\t<td style=\"padding-left: 8px;\">kolekcja prywatna<\/td>\n\t<\/tr>\n\t<tr>\n\t\t<td style=\"background-color: #DDDDDD; text-align: center; \"><b>2<\/b><\/td>\n<td style=\"background-color: #FFFF99; white-space: nowrap; padding-left: 8px;\"><b><big><big> <a href=\" https:\/\/pl.wikipedia.org\/wiki\/Lubie%C5%84_Wielki \"> LUBIE\u0143 WIELKI [UKRAINA] <\/a> <\/big><\/big><br><big> Zarz\u0105d d\u00f3br <\/big><\/b><\/td>\n\t<\/tr>\n\t<tr>\n\t\t<td style=\"background-color: #DDDDDD; text-align: center; \"><b>3a<\/b><\/td>\n\t\t<td style=\"padding-left: 8px;\">mosi\u0105dz<\/td>\n\t<\/tr>\n\t<tr>\n\t\t<td style=\"background-color: #DDDDDD; text-align: center; \"><b>3b<\/b><\/td>\n\t\t<td style=\"padding-left: 8px;\">&#8211;<\/td>\n\t<\/tr>\n\t<tr>\n\t\t<td style=\"background-color: #DDDDDD; text-align: center; \"><b>4<\/b><\/td>\n\t\t<td style=\"padding-left: 8px;\">owalna 21 x 30,5 mm<\/td>\n\t<\/tr>\n\t<tr>\n\t\t<td style=\"background-color: #DDDDDD; text-align: center; \"><b>5<\/b><\/td>\n\t\t<td style=\"padding-left: 8px;\">wypuk\u0142oryty<\/td>\n\t<\/tr>\n\t<tr>\n\t\t<td style=\"background-color: #DDDDDD; text-align: center; \"><b>6<\/b><\/td>\n<td style=\"padding-left: 8px;\">&#8211; <\/td>\n\t<\/tr>\n<tr>\n\t\t<td style=\"background-color: #DDDDDD; text-align: center; \"><b>7<\/b><\/td>\n<td style=\"padding-left: 8px;\">brak uchwytu (mechanizmu spr\u0119\u017cynowego z uchwytem), dwa trzpienie boczne z przechodz\u0105c\u0105 przez nie stalow\u0105 osi\u0105 do jego zamocowania<\/td>\n\t<\/tr>\n\t<tr>\n\t\t<td style=\"background-color: #DDDDDD; text-align: center; \"><b>7a<\/b><\/td>\n\t\t<td style=\"padding-left: 8px;\"> 17,5 mm<\/td>\n\t<\/tr>\n\t<tr>\n\t\t<td style=\"background-color: #DDDDDD; text-align: center; \"><b>7b<\/b><\/td>\n<td style=\"padding-left: 8px;\"> 14,5 mm, w tym stopka 2,5 mm (prostok\u0105t 21 x 30,5 mm), stanowi\u0105ca  z matryc\u0105 jedn\u0105 ca\u0142o\u015b\u0107, trzpie\u0144 prawy 12,5 mm , trzpie\u0144 lewy  10,5 mm, o\u015b  \u00d8 5 mm (d\u0142. 65 mm) <\/td>\n\t<\/tr>\n\t<tr>\n\t\t<td style=\"background-color: #DDDDDD; text-align: center; \"><b>7c<\/b><\/td>\n\t\t<td style=\"padding-left: 8px;\"> 3 mm<\/td>\n\t<\/tr>\n\t<tr>\n\t\t<td style=\"background-color: #DDDDDD; text-align: center; \"><b>8<\/b><\/td>\n<td style=\"padding-left: 8px;\">&#8211;<\/td>\n\t<\/tr>\n\t<tr>\n\t\t<td style=\"background-color: #DDDDDD; text-align: center; \"><b>9a<\/b><\/td>\n\t\t<td style=\"padding-left: 8px;\">majusku\u0142a<\/td>\n\t<\/tr>\n\t<tr>\n\t\t<td style=\"background-color: #DDDDDD; text-align: center; \"><b>9b<\/b><\/td>\n<td style=\"padding-left: 8px;\"> <br>w p\u00f3\u0142otoku g\u00f3rnym:  <b> *  ZARZ\u0104D  D\u00d3BR  *  <\/b><br>w p\u00f3\u0142otoku dolnym: <b>PA\u0143STWO  LUBIE\u0143<\/b><br><br><\/td> \n<\/tr>\n\t<tr>\t\n\t\t<td style=\"background-color: #DDDDDD; text-align: center; \"><b>10<\/b><\/td>\n<td style=\"padding-left: 8px;\"> W polu piecz\u0119ci korona o 7 pa\u0142kach (baronowska). Na zewn\u0105trz, wok\u00f3\u0142 pola piecz\u0119ci, pojedyncze obrze\u017cenie ci\u0105g\u0142e.<\/td>\n<\/tr>\n\t<tr>\n\t\t<td style=\"background-color: #DDDDDD; text-align: center; \"><b>11<\/b><\/td>\n<td style=\"padding-left: 8px;\">&#8211;<\/td>\n\t<\/tr>\n\t<tr>\n\t\t<td style=\"background-color: #DDDDDD; text-align: center; \"><b>12<\/b><\/td>\n<td style=\"padding-left: 8px;\">Piecz\u0119\u0107 pochodzi z okresu 1849 \u2013 1890, kiedy w\u0142a\u015bcicielem maj\u0105tku by\u0142 baron Konstanty Brunicki. Zobacz dodatkowo: <a href=\" https:\/\/pl.wikipedia.org\/wiki\/Pa%C5%82ac_w_Lubieniu_Wielkim \"> Pa\u0142ac w Lubieniu Wielkim <\/a>. <\/td>\n\t<\/tr>\n<\/tbody><\/table>\n\n\n\n<p class=\"has-small-font-size\"><a rel=\"noreferrer noopener\" aria-label=\"Legenda do opisu t\u0142oka (otwiera si\u0119 na nowej zak\u0142adce)\" href=\"http:\/\/sigillarium.pl\/index.php\/legenda-do-opisu-tloka-pieczetnego\/\" target=\"_blank\">Legenda<\/a><\/p>\n<\/div>\n<\/div>\n\n\n\n<hr class=\"wp-block-separator has-css-opacity\"\/>\n\n\n\n<div class=\"wp-block-columns is-layout-flex wp-container-core-columns-is-layout-9d6595d7 wp-block-columns-is-layout-flex\">\n<div class=\"wp-block-column is-layout-flow wp-block-column-is-layout-flow\" style=\"flex-basis:4.37%\"><\/div>\n\n\n\n<div class=\"wp-block-column is-vertically-aligned-center is-layout-flow wp-block-column-is-layout-flow\" style=\"flex-basis:23.43%\">\n<figure class=\"wp-block-gallery aligncenter has-nested-images columns-default is-cropped wp-block-gallery-12 is-layout-flex wp-block-gallery-is-layout-flex\">\n<figure class=\"wp-block-image size-full is-style-default\"><a href=\"https:\/\/sigillarium.pl\/wp-content\/uploads\/2024\/05\/Mniszew-Policja-dominialna-pieczec-seal-petschaft-siegel-sceau-cachet-sigillo-sigillarium.jpg\"><img loading=\"lazy\" decoding=\"async\" width=\"920\" height=\"907\" data-id=\"31763\" src=\"https:\/\/sigillarium.pl\/wp-content\/uploads\/2024\/05\/Mniszew-Policja-dominialna-pieczec-seal-petschaft-siegel-sceau-cachet-sigillo-sigillarium.jpg\" alt=\"\" class=\"wp-image-31763\" srcset=\"https:\/\/sigillarium.pl\/wp-content\/uploads\/2024\/05\/Mniszew-Policja-dominialna-pieczec-seal-petschaft-siegel-sceau-cachet-sigillo-sigillarium.jpg 920w, https:\/\/sigillarium.pl\/wp-content\/uploads\/2024\/05\/Mniszew-Policja-dominialna-pieczec-seal-petschaft-siegel-sceau-cachet-sigillo-sigillarium-300x296.jpg 300w, https:\/\/sigillarium.pl\/wp-content\/uploads\/2024\/05\/Mniszew-Policja-dominialna-pieczec-seal-petschaft-siegel-sceau-cachet-sigillo-sigillarium-768x757.jpg 768w\" sizes=\"auto, (max-width: 920px) 100vw, 920px\" \/><\/a><\/figure>\n<\/figure>\n<\/div>\n\n\n\n<div class=\"wp-block-column is-layout-flow wp-block-column-is-layout-flow\" style=\"flex-basis:1%\"><\/div>\n\n\n\n<div class=\"wp-block-column is-vertically-aligned-center is-layout-flow wp-block-column-is-layout-flow\" style=\"flex-basis:22.51%\"><div class=\"wp-block-image\">\n<figure class=\"aligncenter size-full is-resized\"><img loading=\"lazy\" decoding=\"async\" width=\"436\" height=\"861\" src=\"https:\/\/sigillarium.pl\/wp-content\/uploads\/2024\/05\/Mniszew-Policja-dominialna-pieczec-uchwyt-seal-petschaft-siegel-sceau-cachet-sigillo-sigillarium.jpg\" alt=\"\" class=\"wp-image-31764\" style=\"width:186px;height:auto\" srcset=\"https:\/\/sigillarium.pl\/wp-content\/uploads\/2024\/05\/Mniszew-Policja-dominialna-pieczec-uchwyt-seal-petschaft-siegel-sceau-cachet-sigillo-sigillarium.jpg 436w, https:\/\/sigillarium.pl\/wp-content\/uploads\/2024\/05\/Mniszew-Policja-dominialna-pieczec-uchwyt-seal-petschaft-siegel-sceau-cachet-sigillo-sigillarium-152x300.jpg 152w\" sizes=\"auto, (max-width: 436px) 100vw, 436px\" \/><\/figure>\n<\/div><\/div>\n\n\n\n<div class=\"wp-block-column is-layout-flow wp-block-column-is-layout-flow\" style=\"flex-basis:0.51%\"><\/div>\n\n\n\n<div class=\"wp-block-column is-layout-flow wp-block-column-is-layout-flow\" style=\"flex-basis:48.19%\">\n<style> td {font-size: 11px; color: black; font-family: Arial;} <\/style>\n<table style=\"width: 500px; height: 150px;\">\n\t<tbody><tr>\n\t\t<td style=\"background-color: #DDDDDD; width:6%; text-align: center; \"><b>1<\/b><\/td>\n\t\t<td style=\"padding-left: 8px;\">kolekcja prywatna<\/td>\n\t<\/tr>\n\t<tr>\n\t\t<td style=\"background-color: #DDDDDD; text-align: center; \"><b>2<\/b><\/td>\n<td style=\"background-color: #FFFF99; white-space: nowrap; padding-left: 8px;\"><b><big><big> <a href=\" https:\/\/pl.wikipedia.org\/wiki\/Miniszew\">MINISZEW<\/a><\/big><\/big><br><big>Policja dominialna <\/big><\/b><\/td>\n\t<\/tr>\n\t<tr>\n\t\t<td style=\"background-color: #DDDDDD; text-align: center; \"><b>3a<\/b><\/td>\n\t\t<td style=\"padding-left: 8px;\">mosi\u0105dz<\/td>\n\t<\/tr>\n\t<tr>\n\t\t<td style=\"background-color: #DDDDDD; text-align: center; \"><b>3b<\/b><\/td>\n\t\t<td style=\"padding-left: 8px;\">drewno <\/td>\n\t<\/tr>\n\t<tr>\n\t\t<td style=\"background-color: #DDDDDD; text-align: center; \"><b>4<\/b><\/td>\n\t\t<td style=\"padding-left: 8px;\">okr\u0105g\u0142a \u00d8 33 mm<\/td>\n\t<\/tr>\n\t<tr>\n\t\t<td style=\"background-color: #DDDDDD; text-align: center; \"><b>5<\/b><\/td>\n\t\t<td style=\"padding-left: 8px;\">wkl\u0119s\u0142oryty<\/td>\n\t<\/tr>\n\t<tr>\n\t\t<td style=\"background-color: #DDDDDD; text-align: center; \"><b>6<\/b><\/td>\n<td style=\"padding-left: 8px;\">na rancie matrycy znacznik prawid\u0142owego ustawienia t\u0142oka<\/td>\n\t<\/tr>\n<tr>\n\t\t<td style=\"background-color: #DDDDDD; text-align: center; \"><b>7<\/b><\/td>\n<td style=\"padding-left: 8px;\"> uchwyt toczony o sp\u0142aszczonej ga\u0142ce<\/td>\n\t<\/tr>\n\t<tr>\n\t\t<td style=\"background-color: #DDDDDD; text-align: center; \"><b>7a<\/b><\/td>\n\t\t<td style=\"padding-left: 8px;\">82 mm<\/td>\n\t<\/tr>\n\t<tr>\n\t\t<td style=\"background-color: #DDDDDD; text-align: center; \"><b>7b<\/b><\/td>\n\t\t<td style=\"padding-left: 8px;\">77,5 mm <\/td>\n\t<\/tr>\n\t<tr>\n\t\t<td style=\"background-color: #DDDDDD; text-align: center; \"><b>7c<\/b><\/td>\n\t\t<td style=\"padding-left: 8px;\">4,5 mm<\/td>\n\t<\/tr>\n\t<tr>\n\t\t<td style=\"background-color: #DDDDDD; text-align: center; \"><b>8<\/b><\/td>\n<td style=\"padding-left: 8px;\">&#8211;<\/td>\n\t<\/tr>\n\t<tr>\n\t\t<td style=\"background-color: #DDDDDD; text-align: center; \"><b>9a<\/b><\/td>\n\t\t<td style=\"padding-left: 8px;\">majusku\u0142a<\/td>\n\t<\/tr>\n\t<tr>\n\t\t<td style=\"background-color: #DDDDDD; text-align: center; \"><b>9b<\/b><\/td>\n<td style=\"padding-left: 8px;\"><br> w otoku: <b> POLIZEI  SIEGEL  DES  DOMINIUMS<\/b><br>  w polu poni\u017cej obrazu napiecz\u0119tnego: <b> MINISZEW<\/b><br><br><\/td> \n<\/tr>\n\t<tr>\n\t\t<td style=\"background-color: #DDDDDD; text-align: center; \"><b>10<\/b><\/td>\n<td style=\"padding-left: 8px;\"> W polu piecz\u0119ci orze\u0142 pruski w koronie, z ber\u0142em i jab\u0142kiem w szponach oraz monogramem FR na piersi. Na zewn\u0105trz, wok\u00f3\u0142 pola piecz\u0119ci, pojedyncze obrze\u017cenie ci\u0105g\u0142e.<\/td>\n<\/tr>\n\t<tr>\n\t\t<td style=\"background-color: #DDDDDD; text-align: center; \"><b>11<\/b><\/td>\n<td style=\"padding-left: 8px;\">&#8211; <\/td>\n\t<\/tr>\n\t<tr>\n\t\t<td style=\"background-color: #DDDDDD; text-align: center; \"><b>12<\/b><\/td>\n<td style=\"padding-left: 8px;\">&#8211;<\/td>\n\t<\/tr>\n<\/tbody><\/table>\n\n\n\n<p class=\"has-small-font-size\"> <a rel=\"noreferrer noopener\" href=\"http:\/\/sigillarium.pl\/index.php\/legenda-do-opisu-tloka-pieczetnego\/\" target=\"_blank\">Legenda<\/a> <\/p>\n<\/div>\n<\/div>\n\n\n\n<hr class=\"wp-block-separator has-alpha-channel-opacity\"\/>\n\n\n\n<div class=\"wp-block-columns is-layout-flex wp-container-core-columns-is-layout-9d6595d7 wp-block-columns-is-layout-flex\">\n<div class=\"wp-block-column is-layout-flow wp-block-column-is-layout-flow\" style=\"flex-basis:4.37%\"><\/div>\n\n\n\n<div class=\"wp-block-column is-vertically-aligned-center is-layout-flow wp-block-column-is-layout-flow\" style=\"flex-basis:23.43%\">\n<figure class=\"wp-block-gallery aligncenter has-nested-images columns-default is-cropped wp-block-gallery-13 is-layout-flex wp-block-gallery-is-layout-flex\">\n<figure class=\"wp-block-image size-full is-style-default\"><a href=\"https:\/\/sigillarium.pl\/wp-content\/uploads\/2020\/05\/Kasa-Maj\u0119tno\u015bci-Obiezierza-p.jpg\"><img loading=\"lazy\" decoding=\"async\" width=\"718\" height=\"711\" data-id=\"3455\" src=\"http:\/\/sigillarium.pl\/wp-content\/uploads\/2020\/05\/Kasa-Maj\u0119tno\u015bci-Obiezierza-p.jpg\" alt=\"\" class=\"wp-image-3455\" srcset=\"https:\/\/sigillarium.pl\/wp-content\/uploads\/2020\/05\/Kasa-Maj\u0119tno\u015bci-Obiezierza-p.jpg 718w, https:\/\/sigillarium.pl\/wp-content\/uploads\/2020\/05\/Kasa-Maj\u0119tno\u015bci-Obiezierza-p-300x297.jpg 300w, https:\/\/sigillarium.pl\/wp-content\/uploads\/2020\/05\/Kasa-Maj\u0119tno\u015bci-Obiezierza-p-150x150.jpg 150w\" sizes=\"auto, (max-width: 718px) 100vw, 718px\" \/><\/a><\/figure>\n<\/figure>\n\n\n<div class=\"wp-block-image\">\n<figure class=\"aligncenter size-large is-resized\"><img loading=\"lazy\" decoding=\"async\" width=\"845\" height=\"296\" src=\"http:\/\/sigillarium.pl\/wp-content\/uploads\/2020\/05\/Kasa-Maj\u0119tno\u015bci-Obiezierza-sygn.-p.jpg\" alt=\"\" class=\"wp-image-3458\" style=\"width:149px;height:52px\" srcset=\"https:\/\/sigillarium.pl\/wp-content\/uploads\/2020\/05\/Kasa-Maj\u0119tno\u015bci-Obiezierza-sygn.-p.jpg 845w, https:\/\/sigillarium.pl\/wp-content\/uploads\/2020\/05\/Kasa-Maj\u0119tno\u015bci-Obiezierza-sygn.-p-300x105.jpg 300w, https:\/\/sigillarium.pl\/wp-content\/uploads\/2020\/05\/Kasa-Maj\u0119tno\u015bci-Obiezierza-sygn.-p-768x269.jpg 768w\" sizes=\"auto, (max-width: 845px) 100vw, 845px\" \/><\/figure>\n<\/div><\/div>\n\n\n\n<div class=\"wp-block-column is-layout-flow wp-block-column-is-layout-flow\" style=\"flex-basis:1%\"><\/div>\n\n\n\n<div class=\"wp-block-column is-vertically-aligned-center is-layout-flow wp-block-column-is-layout-flow\" style=\"flex-basis:22.51%\"><div class=\"wp-block-image\">\n<figure class=\"aligncenter size-large is-resized\"><img loading=\"lazy\" decoding=\"async\" width=\"310\" height=\"826\" src=\"http:\/\/sigillarium.pl\/wp-content\/uploads\/2020\/05\/Kasa-Maj\u0119tno\u015bci-Obiezierza-trzonek-p.jpg\" alt=\"\" class=\"wp-image-3456\" style=\"width:128px;height:340px\" srcset=\"https:\/\/sigillarium.pl\/wp-content\/uploads\/2020\/05\/Kasa-Maj\u0119tno\u015bci-Obiezierza-trzonek-p.jpg 310w, https:\/\/sigillarium.pl\/wp-content\/uploads\/2020\/05\/Kasa-Maj\u0119tno\u015bci-Obiezierza-trzonek-p-113x300.jpg 113w\" sizes=\"auto, (max-width: 310px) 100vw, 310px\" \/><\/figure>\n<\/div><\/div>\n\n\n\n<div class=\"wp-block-column is-layout-flow wp-block-column-is-layout-flow\" style=\"flex-basis:0.51%\"><\/div>\n\n\n\n<div class=\"wp-block-column is-layout-flow wp-block-column-is-layout-flow\" style=\"flex-basis:48.19%\">\n<style> td {font-size: 11px; color: black; font-family: Arial;} <\/style>\n<table style=\"width: 500px; height: 150px;\">\n\t<tr>\n\t\t<td style=\"background-color: #DDDDDD; width:6%; text-align: center; \"><b>1<\/b><\/td>\n\t\t<td style=\"padding-left: 8px;\">kolekcja prywatna<\/td>\n\t<\/tr>\n\t<tr>\n\t\t<td style=\"background-color: #DDDDDD; text-align: center; \"><b>2<\/b><\/td>\n<td style=\"background-color: #FFFF99; white-space: nowrap; padding-left: 8px;\"><b><big><big> <a href=\" https:\/\/pl.wikipedia.org\/wiki\/Objezierze_(wojew%C3%B3dztwo_wielkopolskie) \"> OBJEZIERZE <\/a> <\/big><\/big><br \/><big> Kasa maj\u0119tno\u015bci<\/b><\/td>\n\t<\/tr>\n\t<tr>\n\t\t<td style=\"background-color: #DDDDDD; text-align: center; \"><b>3a<\/b><\/td>\n\t\t<td style=\"padding-left: 8px;\">mosi\u0105dz<\/td>\n\t<\/tr>\n\t<tr>\n\t\t<td style=\"background-color: #DDDDDD; text-align: center; \"><b>3b<\/b><\/td>\n\t\t<td style=\"padding-left: 8px;\"> drewno<\/td>\n\t<\/tr>\n\t<tr>\n\t\t<td style=\"background-color: #DDDDDD; text-align: center; \"><b>4<\/b><\/td>\n\t\t<td style=\"padding-left: 8px;\">okr\u0105g\u0142a \u00d8 28 mm<\/td>\n\t<\/tr>\n\t<tr>\n\t\t<td style=\"background-color: #DDDDDD; text-align: center; \"><b>5<\/b><\/td>\n\t\t<td style=\"padding-left: 8px;\">wkl\u0119s\u0142oryty<\/td>\n\t<\/tr>\n\t<tr>\n\t\t<td style=\"background-color: #DDDDDD; text-align: center; \"><b>6<\/b><\/td>\n<td style=\"padding-left: 8px;\"> na rancie matrycy znacznik prawid\u0142owego ustawienia t\u0142oka oraz sygnatura wytw\u00f3rcy<br \/> <a href=\" http:\/\/sigillarium.pl\/index.php\/wytworcy-pieczeci\/fryderyk-w-below\/ \"> W. BELOW <\/a> \u00c1 POSEN <\/td>\n\t<\/tr>\n<tr>\n\t\t<td style=\"background-color: #DDDDDD; text-align: center; \"><b>7<\/b><\/td>\n<td style=\"padding-left: 8px;\">&#8211;<\/td>\n\t<\/tr>\n\t<tr>\n\t\t<td style=\"background-color: #DDDDDD; text-align: center; \"><b>7a<\/b><\/td>\n\t\t<td style=\"padding-left: 8px;\">93 mm<\/td>\n\t<\/tr>\n\t<tr>\n\t\t<td style=\"background-color: #DDDDDD; text-align: center; \"><b>7b<\/b><\/td>\n\t\t<td style=\"padding-left: 8px;\"> 83,5 mm, w tym skuwka 9 mm<\/td>\n\t<\/tr>\n\t<tr>\n\t\t<td style=\"background-color: #DDDDDD; text-align: center; \"><b>7c<\/b><\/td>\n\t\t<td style=\"padding-left: 8px;\">9,5 mm<\/td>\n\t<\/tr>\n\t<tr>\n\t\t<td style=\"background-color: #DDDDDD; text-align: center; \"><b>8<\/b><\/td>\n<td style=\"padding-left: 8px;\"> &#8211; <\/td>\n\t<\/tr>\n\t<tr>\n\t\t<td style=\"background-color: #DDDDDD; text-align: center; \"><b>9a<\/b><\/td>\n\t\t<td style=\"padding-left: 8px;\">majusku\u0142a<\/td>\n\t<\/tr>\n\t<tr>\n\t\t<td style=\"background-color: #DDDDDD; text-align: center; \"><b>9b<\/b><\/td>\n<td style=\"padding-left: 8px;\"><br \/> w otoku:<b> KASA MAJ\u0118TNO\u015aCI OBIEZIERZA. <\/b><br \/><br \/><\/td> \n\t<\/tr>\n\t<tr>\n\t\t<td style=\"background-color: #DDDDDD; text-align: center; \"><b>10<\/b><\/td>\n<td style=\"padding-left: 8px;\"> W polu piecz\u0119ci na tarczy herb Trzy Kotwice barkami ku g\u00f3rze, dwie wy\u017cej, ponad otwarta korona o trzech fleuronach i dw\u00f3ch pa\u0142kach, w klejnocie pi\u0119\u0107 strusich pi\u00f3r. Na zewn\u0105trz, wok\u00f3\u0142 pola piecz\u0119ci, podw\u00f3jne obrze\u017cenie, pere\u0142kowe i ci\u0105g\u0142e.<\/td>\n<\/tr>\n\t<tr>\n\t\t<td style=\"background-color: #DDDDDD; text-align: center; \"><b>11<\/b><\/td>\n<td style=\"padding-left: 8px;\">&#8211;<\/td>\n\t<\/tr>\n\t<tr>\n\t\t<td style=\"background-color: #DDDDDD; text-align: center; \"><b>12<\/b><\/td>\n\t\t<td style=\"padding-left: 8px;\">Piecz\u0119\u0107 pochodzi z czas\u00f3w kiedy w\u0142a\u015bcicielem maj\u0105tku by\u0142a rodzina Turn\u00f3w piecz\u0119tuj\u0105ca si\u0119 herbem Trzy Kotwice<\/td>\n\t<\/tr>\n<\/table>\n\n\n\n<p class=\"has-small-font-size\"> <a rel=\"noreferrer noopener\" href=\"http:\/\/sigillarium.pl\/index.php\/legenda-do-opisu-tloka-pieczetnego\/\" target=\"_blank\">Legenda<\/a> <\/p>\n<\/div>\n<\/div>\n\n\n\n<hr class=\"wp-block-separator has-alpha-channel-opacity\"\/>\n\n\n\n<div class=\"wp-block-columns is-layout-flex wp-container-core-columns-is-layout-9d6595d7 wp-block-columns-is-layout-flex\">\n<div class=\"wp-block-column is-layout-flow wp-block-column-is-layout-flow\" style=\"flex-basis:4.37%\"><\/div>\n\n\n\n<div class=\"wp-block-column is-vertically-aligned-center is-layout-flow wp-block-column-is-layout-flow\" style=\"flex-basis:23.43%\">\n<figure class=\"wp-block-gallery aligncenter has-nested-images columns-default is-cropped wp-block-gallery-14 is-layout-flex wp-block-gallery-is-layout-flex\">\n<figure class=\"wp-block-image size-full is-style-default\"><a href=\"https:\/\/sigillarium.pl\/wp-content\/uploads\/2025\/12\/Opieszyn-Policja-dominialna-pieczec-seal-petschaft-siegel-sceau-cachet-sigillo-sigillarium.jpg\"><img loading=\"lazy\" decoding=\"async\" width=\"1954\" height=\"1923\" data-id=\"37861\" src=\"https:\/\/sigillarium.pl\/wp-content\/uploads\/2025\/12\/Opieszyn-Policja-dominialna-pieczec-seal-petschaft-siegel-sceau-cachet-sigillo-sigillarium.jpg\" alt=\"\" class=\"wp-image-37861\" srcset=\"https:\/\/sigillarium.pl\/wp-content\/uploads\/2025\/12\/Opieszyn-Policja-dominialna-pieczec-seal-petschaft-siegel-sceau-cachet-sigillo-sigillarium.jpg 1954w, https:\/\/sigillarium.pl\/wp-content\/uploads\/2025\/12\/Opieszyn-Policja-dominialna-pieczec-seal-petschaft-siegel-sceau-cachet-sigillo-sigillarium-300x295.jpg 300w, https:\/\/sigillarium.pl\/wp-content\/uploads\/2025\/12\/Opieszyn-Policja-dominialna-pieczec-seal-petschaft-siegel-sceau-cachet-sigillo-sigillarium-1024x1008.jpg 1024w, https:\/\/sigillarium.pl\/wp-content\/uploads\/2025\/12\/Opieszyn-Policja-dominialna-pieczec-seal-petschaft-siegel-sceau-cachet-sigillo-sigillarium-768x756.jpg 768w, https:\/\/sigillarium.pl\/wp-content\/uploads\/2025\/12\/Opieszyn-Policja-dominialna-pieczec-seal-petschaft-siegel-sceau-cachet-sigillo-sigillarium-1536x1512.jpg 1536w\" sizes=\"auto, (max-width: 1954px) 100vw, 1954px\" \/><\/a><\/figure>\n<\/figure>\n<\/div>\n\n\n\n<div class=\"wp-block-column is-layout-flow wp-block-column-is-layout-flow\" style=\"flex-basis:1%\"><\/div>\n\n\n\n<div class=\"wp-block-column is-vertically-aligned-center is-layout-flow wp-block-column-is-layout-flow\" style=\"flex-basis:22.51%\"><div class=\"wp-block-image\">\n<figure class=\"aligncenter size-full is-resized\"><img loading=\"lazy\" decoding=\"async\" width=\"312\" height=\"634\" src=\"https:\/\/sigillarium.pl\/wp-content\/uploads\/2025\/12\/Opieszyn-Policja-dominialna-pieczec-uchwyt-seal-petschaft-siegel-sceau-cachet-sigillo-sigillarium.jpg\" alt=\"\" class=\"wp-image-37862\" style=\"aspect-ratio:0.4921357971637301;width:160px;height:auto\" srcset=\"https:\/\/sigillarium.pl\/wp-content\/uploads\/2025\/12\/Opieszyn-Policja-dominialna-pieczec-uchwyt-seal-petschaft-siegel-sceau-cachet-sigillo-sigillarium.jpg 312w, https:\/\/sigillarium.pl\/wp-content\/uploads\/2025\/12\/Opieszyn-Policja-dominialna-pieczec-uchwyt-seal-petschaft-siegel-sceau-cachet-sigillo-sigillarium-148x300.jpg 148w\" sizes=\"auto, (max-width: 312px) 100vw, 312px\" \/><\/figure>\n<\/div><\/div>\n\n\n\n<div class=\"wp-block-column is-layout-flow wp-block-column-is-layout-flow\" style=\"flex-basis:0.51%\"><\/div>\n\n\n\n<div class=\"wp-block-column is-layout-flow wp-block-column-is-layout-flow\" style=\"flex-basis:48.19%\">\n<style> td {font-size: 11px; color: black; font-family: Arial;} <\/style>\n<table style=\"width: 500px; height: 150px;\">\n\t<tr>\n\t\t<td style=\"background-color: #DDDDDD; width:6%; text-align: center; \"><b>1<\/b><\/td>\n\t\t<td style=\"padding-left: 8px;\">kolekcja prywatna<\/td>\n\t<\/tr>\n\t<tr>\n\t\t<td style=\"background-color: #DDDDDD; text-align: center; \"><b>2<\/b><\/td>\n<td style=\"background-color: #FFFF99; white-space: nowrap; padding-left: 8px;\"><b><big><big> <a href=\"https:\/\/pl.wikipedia.org\/wiki\/Opieszyn \">OPIESZYN (WRZE\u015aNIA)<a> <\/big><\/big><br \/><big>Policja dominialna<\/big><br \/><\/td>\n\t<\/tr>\n\t<tr>\n\t\t<td style=\"background-color: #DDDDDD; text-align: center; \"><b>3a<\/b><\/td>\n\t\t<td style=\"padding-left: 8px;\">mosi\u0105dz<\/td>\n\t<\/tr>\n\t<tr>\n\t\t<td style=\"background-color: #DDDDDD; text-align: center; \"><b>3b<\/b><\/td>\n\t\t<td style=\"padding-left: 8px;\">drewno<\/td>\n\t<\/tr>\n\t<tr>\n\t\t<td style=\"background-color: #DDDDDD; text-align: center; \"><b>4<\/b><\/td>\n\t\t<td style=\"padding-left: 8px;\">okr\u0105g\u0142a \u00d8 33,5 mm<\/td>\n\t<\/tr>\n\t<tr>\n\t\t<td style=\"background-color: #DDDDDD; text-align: center; \"><b>5<\/b><\/td>\n\t\t<td style=\"padding-left: 8px;\">wkl\u0119s\u0142oryty<\/td>\n\t<\/tr>\n\t<tr>\n\t\t<td style=\"background-color: #DDDDDD; text-align: center; \"><b>6<\/b><\/td>\n<td style=\"padding-left: 8px;\">na rancie matrycy znacznik prawid\u0142owego ustawienia t\u0142oka <\/td>\n\t<\/tr>\n<tr>\n\t\t<td style=\"background-color: #DDDDDD; text-align: center; \"><b>7<\/b><\/td>\n<td style=\"padding-left: 8px;\">uchwyt toczony o sp\u0142aszczonej ga\u0142ce<\/td>\n\t<\/tr>\n\t<tr>\n\t\t<td style=\"background-color: #DDDDDD; text-align: center; \"><b>7a<\/b><\/td>\n\t\t<td style=\"padding-left: 8px;\">83 mm<\/td>\n\t<\/tr>\n\t<tr>\n\t\t<td style=\"background-color: #DDDDDD; text-align: center; \"><b>7b<\/b><\/td>\n<td style=\"padding-left: 8px;\">79 mm <\/td>\n\t<\/tr>\n\t<tr>\n\t\t<td style=\"background-color: #DDDDDD; text-align: center; \"><b>7c<\/b><\/td>\n\t\t<td style=\"padding-left: 8px;\">4 mm<\/td>\n\t<\/tr>\n\t<tr>\n\t\t<td style=\"background-color: #DDDDDD; text-align: center; \"><b>8<\/b><\/td>\n<td style=\"padding-left: 8px;\">&#8211; <\/td>\n\t<\/tr>\n\t<tr>\n\t\t<td style=\"background-color: #DDDDDD; text-align: center; \"><b>9a<\/b><\/td>\n\t\t<td style=\"padding-left: 8px;\">majusku\u0142a <\/td>\n\t<\/tr>\n\t<tr>\n\t\t<td style=\"background-color: #DDDDDD; text-align: center; \"><b>9b<\/b><\/td>\n<td style=\"padding-left: 8px;\"> <br \/>w otoku: <b> * POLIZEI SIEGEL DES DIMINIUMS OPIESZYN<\/b><br \/>w polu (w podw\u00f3jnym otoku poni\u017cej wizerunku): <b> PIECZ\u0118C POLIC <i>(ji)<\/i> DOMIN <i>(ium)<\/i> \/\/ OPIESZYN<\/b><br \/><br \/><\/td> \n<\/tr>\n\t<tr>\t\n\t\t<td style=\"background-color: #DDDDDD; text-align: center; \"><b>10<\/b><\/td>\n<td style=\"padding-left: 8px;\"> W polu piecz\u0119ci orze\u0142 pruski w koronie, z ber\u0142em i jab\u0142kiem w szponach oraz monogramem FR na piersi. Poni\u017cej napis w dw\u00f3ch p\u00f3\u0142otokach. Wok\u00f3\u0142 pola piecz\u0119ci pojedyncze obrze\u017cenie ci\u0105g\u0142e.<\/td>\n<\/tr>\n\t<tr>\n\t\t<td style=\"background-color: #DDDDDD; text-align: center; \"><b>11<\/b><\/td>\n<td style=\"padding-left: 8px;\">&#8211;<\/td>\n\t<\/tr>\n\t<tr>\n\t\t<td style=\"background-color: #DDDDDD; text-align: center; \"><b>12<\/b><\/td>\n<td style=\"padding-left: 8px;\">&#8211; <\/td>\n\t<\/tr>\n<\/table>\n\n\n\n<p class=\"has-small-font-size\"> <a rel=\"noreferrer noopener\" href=\"http:\/\/sigillarium.pl\/index.php\/legenda-do-opisu-tloka-pieczetnego\/\" target=\"_blank\">Legenda<\/a> <\/p>\n<\/div>\n<\/div>\n\n\n\n<hr class=\"wp-block-separator has-alpha-channel-opacity\"\/>\n\n\n\n<div class=\"wp-block-columns is-layout-flex wp-container-core-columns-is-layout-9d6595d7 wp-block-columns-is-layout-flex\">\n<div class=\"wp-block-column is-layout-flow wp-block-column-is-layout-flow\" style=\"flex-basis:4.37%\"><\/div>\n\n\n\n<div class=\"wp-block-column is-vertically-aligned-center is-layout-flow wp-block-column-is-layout-flow\" style=\"flex-basis:23.43%\">\n<figure class=\"wp-block-gallery aligncenter has-nested-images columns-default is-cropped wp-block-gallery-15 is-layout-flex wp-block-gallery-is-layout-flex\">\n<figure class=\"wp-block-image size-full is-style-default\"><a href=\"https:\/\/sigillarium.pl\/wp-content\/uploads\/2025\/12\/Pamiatkowo-Zarzadca-majatku-pieczec-seal-petschaft-siegel-sceau-cachet-sigillo-sigillarium.jpg\"><img loading=\"lazy\" decoding=\"async\" width=\"1900\" height=\"1890\" data-id=\"37887\" src=\"https:\/\/sigillarium.pl\/wp-content\/uploads\/2025\/12\/Pamiatkowo-Zarzadca-majatku-pieczec-seal-petschaft-siegel-sceau-cachet-sigillo-sigillarium.jpg\" alt=\"\" class=\"wp-image-37887\" srcset=\"https:\/\/sigillarium.pl\/wp-content\/uploads\/2025\/12\/Pamiatkowo-Zarzadca-majatku-pieczec-seal-petschaft-siegel-sceau-cachet-sigillo-sigillarium.jpg 1900w, https:\/\/sigillarium.pl\/wp-content\/uploads\/2025\/12\/Pamiatkowo-Zarzadca-majatku-pieczec-seal-petschaft-siegel-sceau-cachet-sigillo-sigillarium-300x298.jpg 300w, https:\/\/sigillarium.pl\/wp-content\/uploads\/2025\/12\/Pamiatkowo-Zarzadca-majatku-pieczec-seal-petschaft-siegel-sceau-cachet-sigillo-sigillarium-1024x1019.jpg 1024w, https:\/\/sigillarium.pl\/wp-content\/uploads\/2025\/12\/Pamiatkowo-Zarzadca-majatku-pieczec-seal-petschaft-siegel-sceau-cachet-sigillo-sigillarium-150x150.jpg 150w, https:\/\/sigillarium.pl\/wp-content\/uploads\/2025\/12\/Pamiatkowo-Zarzadca-majatku-pieczec-seal-petschaft-siegel-sceau-cachet-sigillo-sigillarium-768x764.jpg 768w, https:\/\/sigillarium.pl\/wp-content\/uploads\/2025\/12\/Pamiatkowo-Zarzadca-majatku-pieczec-seal-petschaft-siegel-sceau-cachet-sigillo-sigillarium-1536x1528.jpg 1536w\" sizes=\"auto, (max-width: 1900px) 100vw, 1900px\" \/><\/a><\/figure>\n<\/figure>\n<\/div>\n\n\n\n<div class=\"wp-block-column is-layout-flow wp-block-column-is-layout-flow\" style=\"flex-basis:1%\"><\/div>\n\n\n\n<div class=\"wp-block-column is-vertically-aligned-center is-layout-flow wp-block-column-is-layout-flow\" style=\"flex-basis:22.51%\"><div class=\"wp-block-image\">\n<figure class=\"aligncenter size-full is-resized\"><img loading=\"lazy\" decoding=\"async\" width=\"467\" height=\"485\" src=\"https:\/\/sigillarium.pl\/wp-content\/uploads\/2025\/12\/Pamiatkowo-Zarzadca-majatku-pieczec-trzpien-seal-petschaft-siegel-sceau-cachet-sigillo-sigillarium.jpg\" alt=\"\" class=\"wp-image-37960\" style=\"width:190px\" srcset=\"https:\/\/sigillarium.pl\/wp-content\/uploads\/2025\/12\/Pamiatkowo-Zarzadca-majatku-pieczec-trzpien-seal-petschaft-siegel-sceau-cachet-sigillo-sigillarium.jpg 467w, https:\/\/sigillarium.pl\/wp-content\/uploads\/2025\/12\/Pamiatkowo-Zarzadca-majatku-pieczec-trzpien-seal-petschaft-siegel-sceau-cachet-sigillo-sigillarium-289x300.jpg 289w\" sizes=\"auto, (max-width: 467px) 100vw, 467px\" \/><\/figure>\n<\/div>\n\n\n<div style=\"height:30px\" aria-hidden=\"true\" class=\"wp-block-spacer\"><\/div>\n\n\n\n<figure class=\"wp-block-gallery aligncenter has-nested-images columns-default is-cropped wp-block-gallery-16 is-layout-flex wp-block-gallery-is-layout-flex\">\n<figure class=\"wp-block-image size-large\"><img loading=\"lazy\" decoding=\"async\" width=\"1024\" height=\"304\" data-id=\"37961\" src=\"https:\/\/sigillarium.pl\/wp-content\/uploads\/2025\/12\/Pamiatkowo-Zarzadca-majatku-pieczec-sygnatura-seal-petschaft-siegel-sceau-cachet-sigillo-sigillarium-1024x304.jpg\" alt=\"\" class=\"wp-image-37961\" srcset=\"https:\/\/sigillarium.pl\/wp-content\/uploads\/2025\/12\/Pamiatkowo-Zarzadca-majatku-pieczec-sygnatura-seal-petschaft-siegel-sceau-cachet-sigillo-sigillarium-1024x304.jpg 1024w, https:\/\/sigillarium.pl\/wp-content\/uploads\/2025\/12\/Pamiatkowo-Zarzadca-majatku-pieczec-sygnatura-seal-petschaft-siegel-sceau-cachet-sigillo-sigillarium-300x89.jpg 300w, https:\/\/sigillarium.pl\/wp-content\/uploads\/2025\/12\/Pamiatkowo-Zarzadca-majatku-pieczec-sygnatura-seal-petschaft-siegel-sceau-cachet-sigillo-sigillarium-768x228.jpg 768w, https:\/\/sigillarium.pl\/wp-content\/uploads\/2025\/12\/Pamiatkowo-Zarzadca-majatku-pieczec-sygnatura-seal-petschaft-siegel-sceau-cachet-sigillo-sigillarium-1536x456.jpg 1536w, https:\/\/sigillarium.pl\/wp-content\/uploads\/2025\/12\/Pamiatkowo-Zarzadca-majatku-pieczec-sygnatura-seal-petschaft-siegel-sceau-cachet-sigillo-sigillarium-2048x608.jpg 2048w\" sizes=\"auto, (max-width: 1024px) 100vw, 1024px\" \/><\/figure>\n<\/figure>\n<\/div>\n\n\n\n<div class=\"wp-block-column is-layout-flow wp-block-column-is-layout-flow\" style=\"flex-basis:0.51%\"><\/div>\n\n\n\n<div class=\"wp-block-column is-layout-flow wp-block-column-is-layout-flow\" style=\"flex-basis:48.19%\">\n<style> td {font-size: 11px; color: black; font-family: Arial;} <\/style>\n<table style=\"width: 500px; height: 150px;\">\n\t<tr>\n\t\t<td style=\"background-color: #DDDDDD; width:6%; text-align: center; \"><b>1<\/b><\/td>\n\t\t<td style=\"padding-left: 8px;\">kolekcja prywatna<\/td>\n\t<\/tr>\n\t<tr>\n\t\t<td style=\"background-color: #DDDDDD; text-align: center; \"><b>2<\/b><\/td>\n<td style=\"background-color: #FFFF99; white-space: nowrap; padding-left: 8px;\"><b><big><big> <a href=\"https:\/\/pl.wikipedia.org\/wiki\/Pami%C4%85tkowo \">PAMI\u0104TKOWO<a> <\/big><\/big><br \/><big>Zarz\u0105dca maj\u0105tku<\/big><br \/><\/td>\n\t<\/tr>\n\t<tr>\n\t\t<td style=\"background-color: #DDDDDD; text-align: center; \"><b>3a<\/b><\/td>\n\t\t<td style=\"padding-left: 8px;\">mosi\u0105dz<\/td>\n\t<\/tr>\n\t<tr>\n\t\t<td style=\"background-color: #DDDDDD; text-align: center; \"><b>3b<\/b><\/td>\n\t\t<td style=\"padding-left: 8px;\">&#8211;<\/td>\n\t<\/tr>\n\t<tr>\n\t\t<td style=\"background-color: #DDDDDD; text-align: center; \"><b>4<\/b><\/td>\n\t\t<td style=\"padding-left: 8px;\">okr\u0105g\u0142a \u00d8 29 mm<\/td>\n\t<\/tr>\n\t<tr>\n\t\t<td style=\"background-color: #DDDDDD; text-align: center; \"><b>5<\/b><\/td>\n\t\t<td style=\"padding-left: 8px;\">wkl\u0119s\u0142oryty<\/td>\n\t<\/tr>\n\t<tr>\n\t\t<td style=\"background-color: #DDDDDD; text-align: center; \"><b>6<\/b><\/td>\n<td style=\"padding-left: 8px;\">na rancie matrycy znacznik prawid\u0142owego ustawienia t\u0142oka oraz sygnatura wytw\u00f3rcy: EHLERT \/\/ POSEN <\/td>\n\t<\/tr>\n<tr>\n\t\t<td style=\"background-color: #DDDDDD; text-align: center; \"><b>7<\/b><\/td>\n<td style=\"padding-left: 8px;\">brak uchwytu, trzpie\u0144 do jego zamocowania<\/td>\n\t<\/tr>\n\t<tr>\n\t\t<td style=\"background-color: #DDDDDD; text-align: center; \"><b>7a<\/b><\/td>\n\t\t<td style=\"padding-left: 8px;\">26 mm<\/td>\n\t<\/tr>\n\t<tr>\n\t\t<td style=\"background-color: #DDDDDD; text-align: center; \"><b>7b<\/b><\/td>\n<td style=\"padding-left: 8px;\">&#8211; <\/td>\n\t<\/tr>\n\t<tr>\n\t\t<td style=\"background-color: #DDDDDD; text-align: center; \"><b>7c<\/b><\/td>\n\t\t<td style=\"padding-left: 8px;\">8 mm<\/td>\n\t<\/tr>\n\t<tr>\n\t\t<td style=\"background-color: #DDDDDD; text-align: center; \"><b>8<\/b><\/td>\n<td style=\"padding-left: 8px;\">&#8211; <\/td>\n\t<\/tr>\n\t<tr>\n\t\t<td style=\"background-color: #DDDDDD; text-align: center; \"><b>9a<\/b><\/td>\n\t\t<td style=\"padding-left: 8px;\">majusku\u0142a <\/td>\n\t<\/tr>\n\t<tr>\n\t\t<td style=\"background-color: #DDDDDD; text-align: center; \"><b>9b<\/b><\/td>\n<td style=\"padding-left: 8px;\"> <br \/>w p\u00f3\u0142otoku g\u00f3rnym: <b>DER GUTSVORSTEHER <\/b><br \/>w p\u00f3\u0142otoku dolnym: <b> KREIS POSEN-WEST<\/b><br \/>w polu: <b> ZU \/\/ PAMIONTKOWO<\/b><br \/><br \/><\/td> \n<\/tr>\n\t<tr>\t\n\t\t<td style=\"background-color: #DDDDDD; text-align: center; \"><b>10<\/b><\/td>\n<td style=\"padding-left: 8px;\"> W polu piecz\u0119ci napis w dw\u00f3ch wierszach. Poni\u017cej rozeta w pas. Wok\u00f3\u0142 pola piecz\u0119ci pojedyncze obrze\u017cenie pere\u0142kowe.<\/td>\n<\/tr>\n\t<tr>\n\t\t<td style=\"background-color: #DDDDDD; text-align: center; \"><b>11<\/b><\/td>\n<td style=\"padding-left: 8px;\">&#8211;<\/td>\n\t<\/tr>\n\t<tr>\n\t\t<td style=\"background-color: #DDDDDD; text-align: center; \"><b>12<\/b><\/td>\n<td style=\"padding-left: 8px;\">&#8211; <\/td>\n\t<\/tr>\n<\/table>\n\n\n\n<p class=\"has-small-font-size\"> <a rel=\"noreferrer noopener\" href=\"http:\/\/sigillarium.pl\/index.php\/legenda-do-opisu-tloka-pieczetnego\/\" target=\"_blank\">Legenda<\/a> <\/p>\n<\/div>\n<\/div>\n\n\n\n<hr class=\"wp-block-separator has-alpha-channel-opacity\"\/>\n\n\n\n<div class=\"wp-block-columns is-layout-flex wp-container-core-columns-is-layout-9d6595d7 wp-block-columns-is-layout-flex\">\n<div class=\"wp-block-column is-layout-flow wp-block-column-is-layout-flow\" style=\"flex-basis:4.37%\"><\/div>\n\n\n\n<div class=\"wp-block-column is-vertically-aligned-center is-layout-flow wp-block-column-is-layout-flow\" style=\"flex-basis:23.43%\">\n<figure class=\"wp-block-gallery aligncenter has-nested-images columns-default is-cropped wp-block-gallery-17 is-layout-flex wp-block-gallery-is-layout-flex\">\n<figure class=\"wp-block-image size-full is-style-default\"><a href=\"https:\/\/sigillarium.pl\/wp-content\/uploads\/2024\/09\/Dominium_Przyteka_pieczec-seal-petschaft-siegel-sceau-cachet-sigillo-sigillarium.jpg.jpg\"><img loading=\"lazy\" decoding=\"async\" width=\"1130\" height=\"1117\" data-id=\"32719\" src=\"https:\/\/sigillarium.pl\/wp-content\/uploads\/2024\/09\/Dominium_Przyteka_pieczec-seal-petschaft-siegel-sceau-cachet-sigillo-sigillarium.jpg.jpg\" alt=\"\" class=\"wp-image-32719\" srcset=\"https:\/\/sigillarium.pl\/wp-content\/uploads\/2024\/09\/Dominium_Przyteka_pieczec-seal-petschaft-siegel-sceau-cachet-sigillo-sigillarium.jpg.jpg 1130w, https:\/\/sigillarium.pl\/wp-content\/uploads\/2024\/09\/Dominium_Przyteka_pieczec-seal-petschaft-siegel-sceau-cachet-sigillo-sigillarium.jpg-300x297.jpg 300w, https:\/\/sigillarium.pl\/wp-content\/uploads\/2024\/09\/Dominium_Przyteka_pieczec-seal-petschaft-siegel-sceau-cachet-sigillo-sigillarium.jpg-1024x1012.jpg 1024w, https:\/\/sigillarium.pl\/wp-content\/uploads\/2024\/09\/Dominium_Przyteka_pieczec-seal-petschaft-siegel-sceau-cachet-sigillo-sigillarium.jpg-768x759.jpg 768w\" sizes=\"auto, (max-width: 1130px) 100vw, 1130px\" \/><\/a><\/figure>\n<\/figure>\n<\/div>\n\n\n\n<div class=\"wp-block-column is-layout-flow wp-block-column-is-layout-flow\" style=\"flex-basis:1%\"><\/div>\n\n\n\n<div class=\"wp-block-column is-vertically-aligned-center is-layout-flow wp-block-column-is-layout-flow\" style=\"flex-basis:22.51%\"><div class=\"wp-block-image\">\n<figure class=\"aligncenter size-full is-resized\"><img loading=\"lazy\" decoding=\"async\" width=\"1080\" height=\"855\" src=\"https:\/\/sigillarium.pl\/wp-content\/uploads\/2024\/09\/Dominium_Przyteka_uchwyt-pieczec-seal-petschaft-siegel-sceau-cachet-sigillo-sigillarium.jpg.jpg\" alt=\"\" class=\"wp-image-32720\" style=\"width:220px;height:auto\" srcset=\"https:\/\/sigillarium.pl\/wp-content\/uploads\/2024\/09\/Dominium_Przyteka_uchwyt-pieczec-seal-petschaft-siegel-sceau-cachet-sigillo-sigillarium.jpg.jpg 1080w, https:\/\/sigillarium.pl\/wp-content\/uploads\/2024\/09\/Dominium_Przyteka_uchwyt-pieczec-seal-petschaft-siegel-sceau-cachet-sigillo-sigillarium.jpg-300x238.jpg 300w, https:\/\/sigillarium.pl\/wp-content\/uploads\/2024\/09\/Dominium_Przyteka_uchwyt-pieczec-seal-petschaft-siegel-sceau-cachet-sigillo-sigillarium.jpg-1024x811.jpg 1024w, https:\/\/sigillarium.pl\/wp-content\/uploads\/2024\/09\/Dominium_Przyteka_uchwyt-pieczec-seal-petschaft-siegel-sceau-cachet-sigillo-sigillarium.jpg-768x608.jpg 768w\" sizes=\"auto, (max-width: 1080px) 100vw, 1080px\" \/><\/figure>\n<\/div><\/div>\n\n\n\n<div class=\"wp-block-column is-layout-flow wp-block-column-is-layout-flow\" style=\"flex-basis:0.51%\"><\/div>\n\n\n\n<div class=\"wp-block-column is-layout-flow wp-block-column-is-layout-flow\" style=\"flex-basis:48.19%\">\n<style> td {font-size: 11px; color: black; font-family: Arial;} <\/style>\n<table style=\"width: 500px; height: 150px;\">\n\t<tbody><tr>\n\t\t<td style=\"background-color: #DDDDDD; width:6%; text-align: center; \"><b>1<\/b><\/td>\n\t\t<td style=\"padding-left: 8px;\">kolekcja prywatna<\/td>\n\t<\/tr>\n\t<tr>\n\t\t<td style=\"background-color: #DDDDDD; text-align: center; \"><b>2<\/b><\/td>\n<td style=\"background-color: #FFFF99; white-space: nowrap; padding-left: 8px;\"><b><big><big><a>PRZYT\u0118KA<\/a><\/big><\/big><br><big>Dominium\n\t<\/tr>\n\t<tr>\n\t\t<td style=\"background-color: #DDDDDD; text-align: center; \"><b>3a<\/b><\/td>\n\t\t<td style=\"padding-left: 8px;\">mosi\u0105dz<\/td>\n\t<\/tr>\n\t<tr>\n\t\t<td style=\"background-color: #DDDDDD; text-align: center; \"><b>3b<\/b><\/td>\n\t\t<td style=\"padding-left: 8px;\">&#8211;<\/td>\n\t<\/tr>\n\t<tr>\n\t\t<td style=\"background-color: #DDDDDD; text-align: center; \"><b>4<\/b><\/td>\n\t\t<td style=\"padding-left: 8px;\">okr\u0105g\u0142a \u00d8 30 mm<\/td>\n\t<\/tr>\n\t<tr>\n\t\t<td style=\"background-color: #DDDDDD; text-align: center; \"><b>5<\/b><\/td>\n\t\t<td style=\"padding-left: 8px;\">wkl\u0119s\u0142oryty<\/td>\n\t<\/tr>\n\t<tr>\n\t\t<td style=\"background-color: #DDDDDD; text-align: center; \"><b>6<\/b><\/td>\n<td style=\"padding-left: 8px;\">&#8211;<\/td>\n\t<\/tr>\n<tr>\n\t\t<td style=\"background-color: #DDDDDD; text-align: center; \"><b>7<\/b><\/td>\n<td style=\"padding-left: 8px;\"> brak uchwytu, trzpie\u0144 do jego zamocowania<\/td>\n\t<\/tr>\n\t<tr>\n\t\t<td style=\"background-color: #DDDDDD; text-align: center; \"><b>7a<\/b><\/td>\n\t\t<td style=\"padding-left: 8px;\">28 mm<\/td>\n\t<\/tr>\n\t<tr>\n\t\t<td style=\"background-color: #DDDDDD; text-align: center; \"><b>7b<\/b><\/td>\n\t\t<td style=\"padding-left: 8px;\">24 mm<\/td>\n\t<\/tr>\n\t<tr>\n\t\t<td style=\"background-color: #DDDDDD; text-align: center; \"><b>7c<\/b><\/td>\n\t\t<td style=\"padding-left: 8px;\">4 mm<\/td>\n\t<\/tr>\n\t<tr>\n\t\t<td style=\"background-color: #DDDDDD; text-align: center; \"><b>8<\/b><\/td>\n<td style=\"padding-left: 8px;\">&#8211; <\/td>\n\t<\/tr>\n\t<tr>\n\t\t<td style=\"background-color: #DDDDDD; text-align: center; \"><b>9a<\/b><\/td>\n\t\t<td style=\"padding-left: 8px;\">majusku\u0142a<\/td>\n\t<\/tr>\n\t<tr>\n\t\t<td style=\"background-color: #DDDDDD; text-align: center; \"><b>9b<\/b><\/td>\n<td style=\"padding-left: 8px;\"><br> w otoku:<b> PIECZ\u0118\u0106 DOMINIUM PPRZYT\u0118KA<\/b><br><br><\/td> \n\t<\/tr>\n\t<tr>\n\t\t<td style=\"background-color: #DDDDDD; text-align: center; \"><b>10<\/b><\/td>\n<td style=\"padding-left: 8px;\"> W polu na owalnej tarczy kartuszowej herb Na\u0142\u0119cz. Powy\u017cej korona o pi\u0119ciu pa\u0142kach. W klejnocie, pomi\u0119dzy rogami jelenia \u2013 panna w sukni, z w\u0142osami rozpuszczonymi, spowitymi na\u0142\u0119czk\u0105. Dziewczyna trzyma si\u0119 obur\u0105cz poro\u017ca. Po bokach tarczy girlandy. Na zewn\u0105trz, wok\u00f3\u0142 pola piecz\u0119ci, pojedyncze obrze\u017cenie sznurowe.<\/td>\n<\/tr>\n\t<tr>\n\t\t<td style=\"background-color: #DDDDDD; text-align: center; \"><b>11<\/b><\/td>\n<td style=\"padding-left: 8px;\">&#8211;<\/td>\n\t<\/tr>\n\t<tr>\n\t\t<td style=\"background-color: #DDDDDD; text-align: center; \"><b>12<\/b><\/td>\n<td style=\"padding-left: 8px;\">&#8211;<\/td>\n\t<\/tr>\n<\/tbody><\/table>\n\n\n\n<p class=\"has-small-font-size\"> <a rel=\"noreferrer noopener\" href=\"http:\/\/sigillarium.pl\/index.php\/legenda-do-opisu-tloka-pieczetnego\/\" target=\"_blank\">Legenda<\/a> <\/p>\n<\/div>\n<\/div>\n\n\n\n<hr class=\"wp-block-separator has-alpha-channel-opacity\"\/>\n\n\n\n<div class=\"wp-block-columns is-layout-flex wp-container-core-columns-is-layout-9d6595d7 wp-block-columns-is-layout-flex\">\n<div class=\"wp-block-column is-layout-flow wp-block-column-is-layout-flow\" style=\"flex-basis:4.37%\"><\/div>\n\n\n\n<div class=\"wp-block-column is-vertically-aligned-center is-layout-flow wp-block-column-is-layout-flow\" style=\"flex-basis:23.43%\">\n<figure class=\"wp-block-gallery aligncenter has-nested-images columns-default is-cropped wp-block-gallery-18 is-layout-flex wp-block-gallery-is-layout-flex\">\n<figure class=\"wp-block-image size-full is-style-default\"><a href=\"https:\/\/sigillarium.pl\/wp-content\/uploads\/2024\/02\/Rogow-Opolski-Sad-patrymonialny-Grafow-von-Haugwitz-pieczec-seal-petschaft-siegel-sceau-cachet-sigillo-sigillarium-3.jpg\"><img loading=\"lazy\" decoding=\"async\" width=\"881\" height=\"999\" data-id=\"30282\" src=\"https:\/\/sigillarium.pl\/wp-content\/uploads\/2024\/02\/Rogow-Opolski-Sad-patrymonialny-Grafow-von-Haugwitz-pieczec-seal-petschaft-siegel-sceau-cachet-sigillo-sigillarium-3.jpg\" alt=\"\" class=\"wp-image-30282\" srcset=\"https:\/\/sigillarium.pl\/wp-content\/uploads\/2024\/02\/Rogow-Opolski-Sad-patrymonialny-Grafow-von-Haugwitz-pieczec-seal-petschaft-siegel-sceau-cachet-sigillo-sigillarium-3.jpg 881w, https:\/\/sigillarium.pl\/wp-content\/uploads\/2024\/02\/Rogow-Opolski-Sad-patrymonialny-Grafow-von-Haugwitz-pieczec-seal-petschaft-siegel-sceau-cachet-sigillo-sigillarium-3-265x300.jpg 265w, https:\/\/sigillarium.pl\/wp-content\/uploads\/2024\/02\/Rogow-Opolski-Sad-patrymonialny-Grafow-von-Haugwitz-pieczec-seal-petschaft-siegel-sceau-cachet-sigillo-sigillarium-3-768x871.jpg 768w\" sizes=\"auto, (max-width: 881px) 100vw, 881px\" \/><\/a><\/figure>\n<\/figure>\n<\/div>\n\n\n\n<div class=\"wp-block-column is-layout-flow wp-block-column-is-layout-flow\" style=\"flex-basis:1%\"><\/div>\n\n\n\n<div class=\"wp-block-column is-vertically-aligned-center is-layout-flow wp-block-column-is-layout-flow\" style=\"flex-basis:22.51%\"><div class=\"wp-block-image\">\n<figure class=\"aligncenter size-full is-resized\"><img loading=\"lazy\" decoding=\"async\" width=\"645\" height=\"866\" src=\"https:\/\/sigillarium.pl\/wp-content\/uploads\/2024\/02\/Rogow-Opolski-Sad-patrymonialny-Grafow-von-Haugwitz-pieczec-uchwyt-seal-petschaft-siegel-sceau-cachet-sigillo-sigillarium.jpg\" alt=\"\" class=\"wp-image-30276\" style=\"width:200px;height:auto\" srcset=\"https:\/\/sigillarium.pl\/wp-content\/uploads\/2024\/02\/Rogow-Opolski-Sad-patrymonialny-Grafow-von-Haugwitz-pieczec-uchwyt-seal-petschaft-siegel-sceau-cachet-sigillo-sigillarium.jpg 645w, https:\/\/sigillarium.pl\/wp-content\/uploads\/2024\/02\/Rogow-Opolski-Sad-patrymonialny-Grafow-von-Haugwitz-pieczec-uchwyt-seal-petschaft-siegel-sceau-cachet-sigillo-sigillarium-223x300.jpg 223w\" sizes=\"auto, (max-width: 645px) 100vw, 645px\" \/><\/figure>\n<\/div><\/div>\n\n\n\n<div class=\"wp-block-column is-layout-flow wp-block-column-is-layout-flow\" style=\"flex-basis:0.51%\"><\/div>\n\n\n\n<div class=\"wp-block-column is-layout-flow wp-block-column-is-layout-flow\" style=\"flex-basis:48.19%\">\n<style> td {font-size: 11px; color: black; font-family: Arial;} <\/style>\n<table style=\"width: 500px; height: 150px;\">\n\t<tr>\n\t\t<td style=\"background-color: #DDDDDD; width:6%; text-align: center; \"><b>1<\/b><\/td>\n\t\t<td style=\"padding-left: 8px;\">kolekcja prywatna<\/td>\n\t<\/tr>\n\t<tr>\n\t\t<td style=\"background-color: #DDDDDD; text-align: center; \"><b>2<\/b><\/td>\n<td style=\"background-color: #FFFF99; white-space: nowrap; padding-left: 8px;\"><b><big><big><a href=\"https:\/\/pl.wikipedia.org\/wiki\/Zamek_w_Rogowie_Opolskim \"> ROG\u00d3W OPOLSKI <\/a><\/big><\/big><\/b><br \/><b><big>S\u0105d patrymonialny Graf\u00f3w von Haugwitz <\/big><\/b><\/td>\n\t<\/tr>\n\t<tr>\n\t\t<td style=\"background-color: #DDDDDD; text-align: center; \"><b>3a<\/b><\/td>\n\t\t<td style=\"padding-left: 8px;\">mosi\u0105dz<\/td>\n\t<\/tr>\n\t<tr>\n\t\t<td style=\"background-color: #DDDDDD; text-align: center; \"><b>3b<\/b><\/td>\n\t\t<td style=\"padding-left: 8px;\">stal<\/td>\n\t<\/tr>\n\t<tr>\n\t\t<td style=\"background-color: #DDDDDD; text-align: center; \"><b>4<\/b><\/td>\n\t\t<td style=\"padding-left: 8px;\">owalna 38 x 34 mm<\/td>\n\t<\/tr>\n\t<tr>\n\t\t<td style=\"background-color: #DDDDDD; text-align: center; \"><b>5<\/b><\/td>\n\t\t<td style=\"padding-left: 8px;\">wkl\u0119s\u0142oryty<\/td>\n\t<\/tr>\n\t<tr>\n\t\t<td style=\"background-color: #DDDDDD; text-align: center; \"><b>6<\/b><\/td>\n<td style=\"padding-left: 8px;\">na rancie matrycy znacznik prawid\u0142owego ustawienia t\u0142oka<\/td>\n\t<\/tr>\n<tr>\n\t\t<td style=\"background-color: #DDDDDD; text-align: center; \"><b>7<\/b><\/td>\n<td style=\"padding-left: 8px;\">brak uchwytu, trzpie\u0144 do jego zamocowania <\/td>\n\t<\/tr>\n\t<tr>\n\t\t<td style=\"background-color: #DDDDDD; text-align: center; \"><b>7a<\/b><\/td>\n\t\t<td style=\"padding-left: 8px;\">49 mm<\/td>\n\t<\/tr>\n\t<tr>\n\t\t<td style=\"background-color: #DDDDDD; text-align: center; \"><b>7b<\/b><\/td>\n\t\t<td style=\"padding-left: 8px;\">44 mm, w tym stopka 13-15 mm<\/td>\n\t<\/tr>\n\t<tr>\n\t\t<td style=\"background-color: #DDDDDD; text-align: center; \"><b>7c<\/b><\/td>\n\t\t<td style=\"padding-left: 8px;\"> 3-5 mm<\/td>\n\t<\/tr>\n\t<tr>\n\t\t<td style=\"background-color: #DDDDDD; text-align: center; \"><b>8<\/b><\/td>\n<td style=\"padding-left: 8px;\"> &#8211;<\/td>\n\t<\/tr>\n\t<tr>\n\t\t<td style=\"background-color: #DDDDDD; text-align: center; \"><b>9a<\/b><\/td>\n\t\t<td style=\"padding-left: 8px;\">majusku\u0142a<\/td>\n\t<\/tr>\n\t<tr>\n\t\t<td style=\"background-color: #DDDDDD; text-align: center; \"><b>9b<\/b><\/td>\n<td style=\"padding-left: 8px;\"><br \/> w otoku: <b> GRAEFLICH  v <i>(on)<\/i>. HAUGWITZSCHES  IUSTITZ  AMTS  SIEGEL <br \/><br \/><\/td>\n\t<\/tr>\n\t<tr>\n\t\t<td style=\"background-color: #DDDDDD; text-align: center; \"><b>10<\/b><\/td>\n<td style=\"padding-left: 8px;\">W polu piecz\u0119ci na trzystopniowym gzymsie tarcza z god\u0142em herbu rodziny von Haugwitz (g\u0142ow\u0105 barana), zwie\u0144czona koron\u0105 hrabiowsk\u0105 o dziewi\u0119ciu pa\u0142kach. Powy\u017cej trzy ukoronowane he\u0142my. W klejnocie \u015brodkowym skrzyd\u0142o or\u0142a, w klejnocie po prawej po\u0142u wspi\u0119tego barana w lewo, w klejnocie po lewej po\u0142u wspi\u0119tego barana. Wok\u00f3\u0142 tarczy \u0142a\u0144cuch z krzy\u017cem Orderu Or\u0142a Czarnego. Tarcz\u0119 flankuje dw\u00f3ch zbrojnych z pikami. Na zewn\u0105trz, wok\u00f3\u0142 pola piecz\u0119ci, pojedyncze obrze\u017cenie ci\u0105g\u0142e.<\/tr>\n\t<tr>\n\t\t<td style=\"background-color: #DDDDDD; text-align: center; \"><b>11<\/b><\/td>\n<td style=\"padding-left: 8px;\">&#8211;<\/td>\n\t<\/tr>\n\t<tr>\n\t\t<td style=\"background-color: #DDDDDD; text-align: center; \"><b>12<\/b><\/td>\n\t\t<td style=\"padding-left: 8px;\">Zobacz dodatkowo ><a href=\" https:\/\/pl.wikipedia.org\/wiki\/Krapkowice \"> Krapkowice <\/a> \u2013  od 1762 r. w\u0142asno\u015b\u0107 rodziny von Haugwitz<\/td>\n\t<\/tr>\n<\/table>\n\n\n\n<p class=\"has-small-font-size\"> <a rel=\"noreferrer noopener\" href=\"http:\/\/sigillarium.pl\/index.php\/legenda-do-opisu-tloka-pieczetnego\/\" target=\"_blank\">Legenda<\/a> <\/p>\n<\/div>\n<\/div>\n\n\n\n<hr class=\"wp-block-separator has-css-opacity\"\/>\n\n\n\n<div class=\"wp-block-columns is-layout-flex wp-container-core-columns-is-layout-9d6595d7 wp-block-columns-is-layout-flex\">\n<div class=\"wp-block-column is-layout-flow wp-block-column-is-layout-flow\" style=\"flex-basis:4.37%\"><\/div>\n\n\n\n<div class=\"wp-block-column is-vertically-aligned-center is-layout-flow wp-block-column-is-layout-flow\" style=\"flex-basis:23.43%\">\n<figure class=\"wp-block-gallery aligncenter has-nested-images columns-default is-cropped wp-block-gallery-19 is-layout-flex wp-block-gallery-is-layout-flex\">\n<figure class=\"wp-block-image size-full is-style-default\"><a href=\"https:\/\/sigillarium.pl\/wp-content\/uploads\/2020\/11\/Borjatinski-gorzelnia-tlok.jpg\"><img loading=\"lazy\" decoding=\"async\" width=\"931\" height=\"932\" data-id=\"9408\" src=\"https:\/\/sigillarium.pl\/wp-content\/uploads\/2020\/11\/Borjatinski-gorzelnia-tlok.jpg\" alt=\"\" class=\"wp-image-9408\" srcset=\"https:\/\/sigillarium.pl\/wp-content\/uploads\/2020\/11\/Borjatinski-gorzelnia-tlok.jpg 931w, https:\/\/sigillarium.pl\/wp-content\/uploads\/2020\/11\/Borjatinski-gorzelnia-tlok-300x300.jpg 300w, https:\/\/sigillarium.pl\/wp-content\/uploads\/2020\/11\/Borjatinski-gorzelnia-tlok-150x150.jpg 150w, https:\/\/sigillarium.pl\/wp-content\/uploads\/2020\/11\/Borjatinski-gorzelnia-tlok-768x769.jpg 768w\" sizes=\"auto, (max-width: 931px) 100vw, 931px\" \/><\/a><\/figure>\n<\/figure>\n<\/div>\n\n\n\n<div class=\"wp-block-column is-layout-flow wp-block-column-is-layout-flow\" style=\"flex-basis:1%\"><\/div>\n\n\n\n<div class=\"wp-block-column is-vertically-aligned-center is-layout-flow wp-block-column-is-layout-flow\" style=\"flex-basis:22.51%\"><div class=\"wp-block-image\">\n<figure class=\"aligncenter size-full is-resized\"><img loading=\"lazy\" decoding=\"async\" width=\"556\" height=\"696\" src=\"https:\/\/sigillarium.pl\/wp-content\/uploads\/2020\/11\/Borjatinski-gorzelnia-trzpien.jpg\" alt=\"\" class=\"wp-image-9409\" style=\"width:166px;height:auto\" srcset=\"https:\/\/sigillarium.pl\/wp-content\/uploads\/2020\/11\/Borjatinski-gorzelnia-trzpien.jpg 556w, https:\/\/sigillarium.pl\/wp-content\/uploads\/2020\/11\/Borjatinski-gorzelnia-trzpien-240x300.jpg 240w\" sizes=\"auto, (max-width: 556px) 100vw, 556px\" \/><\/figure>\n<\/div><\/div>\n\n\n\n<div class=\"wp-block-column is-layout-flow wp-block-column-is-layout-flow\" style=\"flex-basis:0.51%\"><\/div>\n\n\n\n<div class=\"wp-block-column is-layout-flow wp-block-column-is-layout-flow\" style=\"flex-basis:48.19%\">\n<style> td {font-size: 11px; color: black; font-family: Arial;} <\/style>\n<table style=\"width: 500px; height: 150px;\">\n\t<tr>\n\t\t<td style=\"background-color: #DDDDDD; width:6%; text-align: center; \"><b>1<\/b><\/td>\n\t\t<td style=\"padding-left: 8px;\">kolekcja prywatna<\/td>\n\t<\/tr>\n\t<tr>\n\t\t<td style=\"background-color: #DDDDDD; text-align: center; \"><b>2<\/b><\/td>\n<td style=\"background-color: #FFFF99; white-space: nowrap; padding-left: 8px;\"><b><big><big> <a href=\" https:\/\/pl.wikipedia.org\/wiki\/Skierniewice \"> SKIERNIEWICE (?)  <\/a> <\/big><\/big><br \/><big>Gorzelnia Nr 20  Ksi\u0119cia A. W. Bariaty\u0144skiego <\/big><\/td>\n\t<\/tr>\n\t<tr>\n\t\t<td style=\"background-color: #DDDDDD; text-align: center; \"><b>3a<\/b><\/td>\n\t\t<td style=\"padding-left: 8px;\">mosi\u0105dz<\/td>\n\t<\/tr>\n\t<tr>\n\t\t<td style=\"background-color: #DDDDDD; text-align: center; \"><b>3b<\/b><\/td>\n\t\t<td style=\"padding-left: 8px;\">&#8211;<\/td>\n\t<\/tr>\n\t<tr>\n\t\t<td style=\"background-color: #DDDDDD; text-align: center; \"><b>4<\/b><\/td>\n\t\t<td style=\"padding-left: 8px;\">okr\u0105g\u0142a \u00d8 38 mm<\/td>\n\t<\/tr>\n\t<tr>\n\t\t<td style=\"background-color: #DDDDDD; text-align: center; \"><b>5<\/b><\/td>\n\t\t<td style=\"padding-left: 8px;\">wkl\u0119s\u0142oryty<\/td>\n\t<\/tr>\n\t<tr>\n\t\t<td style=\"background-color: #DDDDDD; text-align: center; \"><b>6<\/b><\/td>\n<td style=\"padding-left: 8px;\">&#8211;<\/td>\n\t<\/tr>\n<tr>\n\t\t<td style=\"background-color: #DDDDDD; text-align: center; \"><b>7<\/b><\/td>\n<td style=\"padding-left: 8px;\">brak, tuleja do jego wkr\u0119cenia <\/td>\n\t<\/tr>\n\t<tr>\n\t\t<td style=\"background-color: #DDDDDD; text-align: center; \"><b>7a<\/b><\/td>\n\t\t<td style=\"padding-left: 8px;\">39 mm<\/td>\n\t<\/tr>\n\t<tr>\n\t\t<td style=\"background-color: #DDDDDD; text-align: center; \"><b>7b<\/b><\/td>\n<td style=\"padding-left: 8px;\">32 mm<\/td>\n\t<\/tr>\n\t<tr>\n\t\t<td style=\"background-color: #DDDDDD; text-align: center; \"><b>7c<\/b><\/td>\n\t\t<td style=\"padding-left: 8px;\"> 7 mm<\/td>\n\t<\/tr>\n\t<tr>\n\t\t<td style=\"background-color: #DDDDDD; text-align: center; \"><b>8<\/b><\/td>\n<td style=\"padding-left: 8px;\">&#8211;<\/td>\n\t<\/tr>\n\t<tr>\n\t\t<td style=\"background-color: #DDDDDD; text-align: center; \"><b>9a<\/b><\/td>\n\t\t<td style=\"padding-left: 8px;\">majusku\u0142a<\/td>\n\t<\/tr>\n\t<tr>\n\t\t<td style=\"background-color: #DDDDDD; text-align: center; \"><b>9b<\/b><\/td>\n<td style=\"padding-left: 8px;\"> <br \/>w otoku: <b> * \u041a\u041e\u0417\u0418\u041d\u041e\u041aI\u0419  \u0412\u0418\u041d\u041e\u041a\u0423\u0420\u0415\u041d\u041d\u042b\u0419   \u041d\u043e 20 \u0417\u0410\u0412\u041e\u0414\u042a  \u041a\u041d\u042f\u0417\u042f  \u0410.  \u0412. \u0411\u0410\u0420\u042f\u0422\u0418\u041d\u0421\u041a\u0410\u0413\u041e<br \/><br \/><\/td> \n<\/tr>\n\t<tr>\t\n\t\t<td style=\"background-color: #DDDDDD; text-align: center; \"><b>10<\/b><\/td>\n<td style=\"padding-left: 8px;\"> W polu piecz\u0119ci, na tle gronostajowego p\u0142aszcza zwie\u0144czonego koron\u0105 kr\u00f3lewsk\u0105, tarcza herbowa dzielona w s\u0142up, w polu pierwszym \u015bw. Micha\u0142 Archanio\u0142, w drugim ukoronowany orze\u0142. Na zewn\u0105trz, wok\u00f3\u0142 pola piecz\u0119ci, pojedyncze obrze\u017cenie ci\u0105g\u0142e. <td>\n<\/tr>\n\t<tr>\n\t\t<td style=\"background-color: #DDDDDD; text-align: center; \"><b>11<\/b><\/td>\n<td style=\"padding-left: 8px;\">&#8211;<\/td>\n\t<\/tr>\n\t<tr>\n\t\t<td style=\"background-color: #DDDDDD; text-align: center; \"><b>12<\/b><\/td>\n<td style=\"padding-left: 8px;\">zobacz  Dzia\u0142alno\u015b\u0107<a href=\"https:\/\/www.dolana.pl\/pdf\/1454.pdf \"> Feldmarsza\u0142ka Aleksandra ks. Bariaty\u0144skiego  <\/a> w Skierniewicach<\/td>\n\t<\/tr>\n<\/table>\n\n\n\n<p class=\"has-small-font-size\"> <a rel=\"noreferrer noopener\" href=\"http:\/\/sigillarium.pl\/index.php\/legenda-do-opisu-tloka-pieczetnego\/\" target=\"_blank\">Legenda<\/a> <\/p>\n<\/div>\n<\/div>\n\n\n\n<hr class=\"wp-block-separator has-css-opacity\"\/>\n\n\n\n<div class=\"wp-block-columns is-layout-flex wp-container-core-columns-is-layout-9d6595d7 wp-block-columns-is-layout-flex\">\n<div class=\"wp-block-column is-layout-flow wp-block-column-is-layout-flow\" style=\"flex-basis:4.37%\"><\/div>\n\n\n\n<div class=\"wp-block-column is-vertically-aligned-center is-layout-flow wp-block-column-is-layout-flow\" style=\"flex-basis:23.43%\">\n<figure class=\"wp-block-gallery aligncenter has-nested-images columns-default is-cropped wp-block-gallery-20 is-layout-flex wp-block-gallery-is-layout-flex\">\n<figure class=\"wp-block-image size-full is-style-default\"><a href=\"https:\/\/sigillarium.pl\/wp-content\/uploads\/2020\/11\/Sokola_Gora_zarzad_dobr-2.jpg\"><img loading=\"lazy\" decoding=\"async\" width=\"1650\" height=\"871\" data-id=\"9449\" src=\"https:\/\/sigillarium.pl\/wp-content\/uploads\/2020\/11\/Sokola_Gora_zarzad_dobr-2.jpg\" alt=\"\" class=\"wp-image-9449\" srcset=\"https:\/\/sigillarium.pl\/wp-content\/uploads\/2020\/11\/Sokola_Gora_zarzad_dobr-2.jpg 1650w, https:\/\/sigillarium.pl\/wp-content\/uploads\/2020\/11\/Sokola_Gora_zarzad_dobr-2-300x158.jpg 300w, https:\/\/sigillarium.pl\/wp-content\/uploads\/2020\/11\/Sokola_Gora_zarzad_dobr-2-1024x541.jpg 1024w, https:\/\/sigillarium.pl\/wp-content\/uploads\/2020\/11\/Sokola_Gora_zarzad_dobr-2-768x405.jpg 768w, https:\/\/sigillarium.pl\/wp-content\/uploads\/2020\/11\/Sokola_Gora_zarzad_dobr-2-1536x811.jpg 1536w\" sizes=\"auto, (max-width: 1650px) 100vw, 1650px\" \/><\/a><\/figure>\n<\/figure>\n<\/div>\n\n\n\n<div class=\"wp-block-column is-layout-flow wp-block-column-is-layout-flow\" style=\"flex-basis:1%\"><\/div>\n\n\n\n<div class=\"wp-block-column is-vertically-aligned-center is-layout-flow wp-block-column-is-layout-flow\" style=\"flex-basis:22.51%\"><div class=\"wp-block-image\">\n<figure class=\"aligncenter size-large is-resized\"><img loading=\"lazy\" decoding=\"async\" width=\"398\" height=\"1024\" src=\"https:\/\/sigillarium.pl\/wp-content\/uploads\/2020\/11\/Sokola_Gora_zarzad_dobr_uchwyt-398x1024.jpg\" alt=\"\" class=\"wp-image-9445\" style=\"width:133px;height:306px\" srcset=\"https:\/\/sigillarium.pl\/wp-content\/uploads\/2020\/11\/Sokola_Gora_zarzad_dobr_uchwyt-398x1024.jpg 398w, https:\/\/sigillarium.pl\/wp-content\/uploads\/2020\/11\/Sokola_Gora_zarzad_dobr_uchwyt-117x300.jpg 117w, https:\/\/sigillarium.pl\/wp-content\/uploads\/2020\/11\/Sokola_Gora_zarzad_dobr_uchwyt-768x1976.jpg 768w, https:\/\/sigillarium.pl\/wp-content\/uploads\/2020\/11\/Sokola_Gora_zarzad_dobr_uchwyt-597x1536.jpg 597w, https:\/\/sigillarium.pl\/wp-content\/uploads\/2020\/11\/Sokola_Gora_zarzad_dobr_uchwyt-796x2048.jpg 796w, https:\/\/sigillarium.pl\/wp-content\/uploads\/2020\/11\/Sokola_Gora_zarzad_dobr_uchwyt-scaled.jpg 995w\" sizes=\"auto, (max-width: 398px) 100vw, 398px\" \/><\/figure>\n<\/div><\/div>\n\n\n\n<div class=\"wp-block-column is-layout-flow wp-block-column-is-layout-flow\" style=\"flex-basis:0.51%\"><\/div>\n\n\n\n<div class=\"wp-block-column is-layout-flow wp-block-column-is-layout-flow\" style=\"flex-basis:48.19%\">\n<style> td {font-size: 11px; color: black; font-family: Arial;} <\/style>\n<table style=\"width: 500px; height: 150px;\">\n\t<tr>\n\t\t<td style=\"background-color: #DDDDDD; width:6%; text-align: center; \"><b>1<\/b><\/td>\n\t\t<td style=\"padding-left: 8px;\">kolekcja prywatna<\/td>\n\t<\/tr>\n\t<tr>\n\t\t<td style=\"background-color: #DDDDDD; text-align: center; \"><b>2<\/b><\/td>\n<td style=\"background-color: #FFFF99; white-space: nowrap; padding-left: 8px;\"><b><big><big><a href=\"https:\/\/pl.wikipedia.org\/wiki\/Sokola_G%C3%B3ra_(powiat_radomszcza%C5%84ski)\"> SOKOLA G\u00d3RA<\/a><\/big><br \/> Zarz\u0105d d\u00f3br<\/big><\/big><br \/><\/td>\n\t<\/tr>\n\t<tr>\n\t\t<td style=\"background-color: #DDDDDD; text-align: center; \"><b>3a<\/b><\/td>\n\t\t<td style=\"padding-left: 8px;\">mosi\u0105dz<\/td>\n\t<\/tr>\n\t<tr>\n\t\t<td style=\"background-color: #DDDDDD; text-align: center; \"><b>3b<\/b><\/td>\n\t\t<td style=\"padding-left: 8px;\">drewno<\/td>\n\t<\/tr>\n\t<tr>\n\t\t<td style=\"background-color: #DDDDDD; text-align: center; \"><b>4<\/b><\/td>\n\t\t<td style=\"padding-left: 8px;\">prostok\u0105tna 17,5 mm x 32 mm<\/td>\n\t<\/tr>\n\t<tr>\n\t\t<td style=\"background-color: #DDDDDD; text-align: center; \"><b>5<\/b><\/td>\n\t\t<td style=\"padding-left: 8px;\">wypuk\u0142oryty<\/td>\n\t<\/tr>\n\t<tr>\n\t\t<td style=\"background-color: #DDDDDD; text-align: center; \"><b>6<\/b><\/td>\n<td style=\"padding-left: 8px;\">na rancie matrycy znacznik prawid\u0142owego ustawienia t\u0142oka<\/td>\n\t<\/tr>\n<tr>\n\t\t<td style=\"background-color: #DDDDDD; text-align: center; \"><b>7<\/b><\/td>\n<td style=\"padding-left: 8px;\"> uchwyt toczony o  sp\u0142aszczonej ga\u0142ce ze znacznikiem prawid\u0142owego ustawienia t\u0142oka<\/td>\n\t<\/tr>\n\t<tr>\n\t\t<td style=\"background-color: #DDDDDD; text-align: center; \"><b>7a<\/b><\/td>\n\t\t<td style=\"padding-left: 8px;\">93 mm<\/td>\n\t<\/tr>\n\t<tr>\n\t\t<td style=\"background-color: #DDDDDD; text-align: center; \"><b>7b<\/b><\/td>\n\t\t<td style=\"padding-left: 8px;\">86,5 mm w tym skuwka 10 mm<\/td>\n\t<\/tr>\n\t<tr>\n\t\t<td style=\"background-color: #DDDDDD; text-align: center; \"><b>7c<\/b><\/td>\n\t\t<td style=\"padding-left: 8px;\">6,5 mm<\/td>\n\t<\/tr>\n\t<tr>\n\t\t<td style=\"background-color: #DDDDDD; text-align: center; \"><b>8<\/b><\/td>\n<td style=\"padding-left: 8px;\">&#8211;<\/td>\n\t<\/tr>\n\t<tr>\n\t\t<td style=\"background-color: #DDDDDD; text-align: center; \"><b>9a<\/b><\/td>\n\t\t<td style=\"padding-left: 8px;\">majusku\u0142a<\/td>\n\t<\/tr>\n\t<tr>\n\t\t<td style=\"background-color: #DDDDDD; text-align: center; \"><b>9b<\/b><\/td>\n<td style=\"padding-left: 8px;\"><br \/> w polu piecz\u0119ci: <b>ZARZ\u0104D D\u00d3BR \/\/ SOKOLA &#8211; G\u00d3RA <br \/><br \/><\/td> \n\t<\/tr>\n\t<tr>\n\t\t<td style=\"background-color: #DDDDDD; text-align: center; \"><b>10<\/b><\/td>\n<td style=\"padding-left: 8px;\"> W polu piecz\u0119ci napis. Na zewn\u0105trz, wok\u00f3\u0142 pola piecz\u0119ci, pojedyncze obrze\u017cenie ci\u0105g\u0142e. <\/td>\n<\/tr>\n\t<tr>\n\t\t<td style=\"background-color: #DDDDDD; text-align: center; \"><b>11<\/b><\/td>\n<td style=\"padding-left: 8px;\">&#8211;<\/td>\n\t<\/tr>\n\t<tr>\n<td style=\"background-color: #DDDDDD; text-align: center; \"><b>12<\/b><\/td>\n<td style=\"padding-left: 8px;\">&#8211; <\/td>\n\t<\/tr>\n<\/table>\n\n\n\n<p class=\"has-small-font-size\"> <a rel=\"noreferrer noopener\" href=\"http:\/\/sigillarium.pl\/index.php\/legenda-do-opisu-tloka-pieczetnego\/\" target=\"_blank\">Legenda<\/a> <\/p>\n<\/div>\n<\/div>\n\n\n\n<hr class=\"wp-block-separator has-css-opacity\"\/>\n\n\n\n<div class=\"wp-block-columns is-layout-flex wp-container-core-columns-is-layout-9d6595d7 wp-block-columns-is-layout-flex\">\n<div class=\"wp-block-column is-layout-flow wp-block-column-is-layout-flow\" style=\"flex-basis:4.37%\"><\/div>\n\n\n\n<div class=\"wp-block-column is-vertically-aligned-center is-layout-flow wp-block-column-is-layout-flow\" style=\"flex-basis:23.43%\">\n<figure class=\"wp-block-gallery aligncenter has-nested-images columns-default is-cropped wp-block-gallery-21 is-layout-flex wp-block-gallery-is-layout-flex\">\n<figure class=\"wp-block-image size-full is-style-default\"><a href=\"https:\/\/sigillarium.pl\/wp-content\/uploads\/2020\/11\/Sokola_Gora_zarzad_dobr_2.jpg\"><img loading=\"lazy\" decoding=\"async\" width=\"1351\" height=\"1168\" data-id=\"9444\" src=\"https:\/\/sigillarium.pl\/wp-content\/uploads\/2020\/11\/Sokola_Gora_zarzad_dobr_2.jpg\" alt=\"\" class=\"wp-image-9444\" srcset=\"https:\/\/sigillarium.pl\/wp-content\/uploads\/2020\/11\/Sokola_Gora_zarzad_dobr_2.jpg 1351w, https:\/\/sigillarium.pl\/wp-content\/uploads\/2020\/11\/Sokola_Gora_zarzad_dobr_2-300x259.jpg 300w, https:\/\/sigillarium.pl\/wp-content\/uploads\/2020\/11\/Sokola_Gora_zarzad_dobr_2-1024x885.jpg 1024w, https:\/\/sigillarium.pl\/wp-content\/uploads\/2020\/11\/Sokola_Gora_zarzad_dobr_2-768x664.jpg 768w\" sizes=\"auto, (max-width: 1351px) 100vw, 1351px\" \/><\/a><\/figure>\n<\/figure>\n<\/div>\n\n\n\n<div class=\"wp-block-column is-layout-flow wp-block-column-is-layout-flow\" style=\"flex-basis:1%\"><\/div>\n\n\n\n<div class=\"wp-block-column is-vertically-aligned-center is-layout-flow wp-block-column-is-layout-flow\" style=\"flex-basis:22.51%\"><div class=\"wp-block-image\">\n<figure class=\"aligncenter size-large is-resized\"><img loading=\"lazy\" decoding=\"async\" width=\"452\" height=\"1024\" src=\"https:\/\/sigillarium.pl\/wp-content\/uploads\/2020\/11\/Sokola_Gora_zarzad_dobr_1_uchwyt-452x1024.jpg\" alt=\"\" class=\"wp-image-9450\" style=\"width:141px;height:319px\" srcset=\"https:\/\/sigillarium.pl\/wp-content\/uploads\/2020\/11\/Sokola_Gora_zarzad_dobr_1_uchwyt-452x1024.jpg 452w, https:\/\/sigillarium.pl\/wp-content\/uploads\/2020\/11\/Sokola_Gora_zarzad_dobr_1_uchwyt-133x300.jpg 133w, https:\/\/sigillarium.pl\/wp-content\/uploads\/2020\/11\/Sokola_Gora_zarzad_dobr_1_uchwyt-768x1739.jpg 768w, https:\/\/sigillarium.pl\/wp-content\/uploads\/2020\/11\/Sokola_Gora_zarzad_dobr_1_uchwyt-678x1536.jpg 678w, https:\/\/sigillarium.pl\/wp-content\/uploads\/2020\/11\/Sokola_Gora_zarzad_dobr_1_uchwyt-905x2048.jpg 905w, https:\/\/sigillarium.pl\/wp-content\/uploads\/2020\/11\/Sokola_Gora_zarzad_dobr_1_uchwyt-scaled.jpg 1131w\" sizes=\"auto, (max-width: 452px) 100vw, 452px\" \/><\/figure>\n<\/div><\/div>\n\n\n\n<div class=\"wp-block-column is-layout-flow wp-block-column-is-layout-flow\" style=\"flex-basis:0.51%\"><\/div>\n\n\n\n<div class=\"wp-block-column is-layout-flow wp-block-column-is-layout-flow\" style=\"flex-basis:48.19%\">\n<style> td {font-size: 11px; color: black; font-family: Arial;} <\/style>\n<table style=\"width: 500px; height: 150px;\">\n\t<tr>\n\t\t<td style=\"background-color: #DDDDDD; width:6%; text-align: center; \"><b>1<\/b><\/td>\n\t\t<td style=\"padding-left: 8px;\">kolekcja prywatna<\/td>\n\t<\/tr>\n\t<tr>\n\t\t<td style=\"background-color: #DDDDDD; text-align: center; \"><b>2<\/b><\/td>\n<td style=\"background-color: #FFFF99; white-space: nowrap; padding-left: 8px;\"><b><big><big><a href=\"https:\/\/pl.wikipedia.org\/wiki\/Sokola_G%C3%B3ra_(powiat_radomszcza%C5%84ski)\"> SOKOLA G\u00d3RA<\/a><\/big><br \/> Zarz\u0105d d\u00f3br<\/big><\/big><br \/><\/td>\n\t<\/tr>\n\t<tr>\n\t\t<td style=\"background-color: #DDDDDD; text-align: center; \"><b>3a<\/b><\/td>\n\t\t<td style=\"padding-left: 8px;\">mosi\u0105dz<\/td>\n\t<\/tr>\n\t<tr>\n\t\t<td style=\"background-color: #DDDDDD; text-align: center; \"><b>3b<\/b><\/td>\n\t\t<td style=\"padding-left: 8px;\">drewno<\/td>\n\t<\/tr>\n\t<tr>\n\t\t<td style=\"background-color: #DDDDDD; text-align: center; \"><b>4<\/b><\/td>\n\t\t<td style=\"padding-left: 8px;\">wielok\u0105t 39 mm x 45 mm (w najszerszych miejscach)<\/td>\n\t<\/tr>\n\t<tr>\n\t\t<td style=\"background-color: #DDDDDD; text-align: center; \"><b>5<\/b><\/td>\n\t\t<td style=\"padding-left: 8px;\">wypuk\u0142oryty<\/td>\n\t<\/tr>\n\t<tr>\n\t\t<td style=\"background-color: #DDDDDD; text-align: center; \"><b>6<\/b><\/td>\n<td style=\"padding-left: 8px;\">na rancie matrycy znacznik prawid\u0142owego ustawienia t\u0142oka<\/td>\n\t<\/tr>\n<tr>\n\t\t<td style=\"background-color: #DDDDDD; text-align: center; \"><b>7<\/b><\/td>\n<td style=\"padding-left: 8px;\"> uchwyt toczony o  sp\u0142aszczonej ga\u0142ce ze znacznikiem prawid\u0142owego ustawienia t\u0142oka<\/td>\n\t<\/tr>\n\t<tr>\n\t\t<td style=\"background-color: #DDDDDD; text-align: center; \"><b>7a<\/b><\/td>\n\t\t<td style=\"padding-left: 8px;\">96 mm<\/td>\n\t<\/tr>\n\t<tr>\n\t\t<td style=\"background-color: #DDDDDD; text-align: center; \"><b>7b<\/b><\/td>\n\t\t<td style=\"padding-left: 8px;\">90 mm w tym skuwka 10 mm<\/td>\n\t<\/tr>\n\t<tr>\n\t\t<td style=\"background-color: #DDDDDD; text-align: center; \"><b>7c<\/b><\/td>\n\t\t<td style=\"padding-left: 8px;\">6 mm<\/td>\n\t<\/tr>\n\t<tr>\n\t\t<td style=\"background-color: #DDDDDD; text-align: center; \"><b>8<\/b><\/td>\n<td style=\"padding-left: 8px;\">&#8211;<\/td>\n\t<\/tr>\n\t<tr>\n\t\t<td style=\"background-color: #DDDDDD; text-align: center; \"><b>9a<\/b><\/td>\n\t\t<td style=\"padding-left: 8px;\">majusku\u0142a\/minusku\u0142a<\/td>\n\t<\/tr>\n\t<tr>\n\t\t<td style=\"background-color: #DDDDDD; text-align: center; \"><b>9b<\/b><\/td>\n<td style=\"padding-left: 8px;\"><br \/> w polu piecz\u0119ci: <b> ZARZ\u0104D D\u00d3BR \/\/ Sokola \u2013 G\u00f3ra \/\/ POCZTA I TELEGRAF PRZEDB\u00d3RZ \/\/ DNIA ___________ 19__R \/\/ SOKOLA &#8211; G\u00d3RA<br \/><br \/><\/td> \n\t<\/tr>\n\t<tr>\n\t\t<td style=\"background-color: #DDDDDD; text-align: center; \"><b>10<\/b><\/td>\n<td style=\"padding-left: 8px;\">&#8211;<\/td>\n<\/tr>\n\t<tr>\n\t\t<td style=\"background-color: #DDDDDD; text-align: center; \"><b>11<\/b><\/td>\n<td style=\"padding-left: 8px;\">&#8211;<\/td>\n\t<\/tr>\n\t<tr>\n<td style=\"background-color: #DDDDDD; text-align: center; \"><b>12<\/b><\/td>\n<td style=\"padding-left: 8px;\">&#8211; <\/td>\n\t<\/tr>\n<\/table>\n\n\n\n<p class=\"has-small-font-size\"> <a rel=\"noreferrer noopener\" href=\"http:\/\/sigillarium.pl\/index.php\/legenda-do-opisu-tloka-pieczetnego\/\" target=\"_blank\">Legenda<\/a> <\/p>\n<\/div>\n<\/div>\n\n\n\n<hr class=\"wp-block-separator has-css-opacity\"\/>\n\n\n\n<div class=\"wp-block-columns is-layout-flex wp-container-core-columns-is-layout-9d6595d7 wp-block-columns-is-layout-flex\">\n<div class=\"wp-block-column is-layout-flow wp-block-column-is-layout-flow\" style=\"flex-basis:4.37%\"><\/div>\n\n\n\n<div class=\"wp-block-column is-vertically-aligned-center is-layout-flow wp-block-column-is-layout-flow\" style=\"flex-basis:23.43%\">\n<figure class=\"wp-block-gallery aligncenter has-nested-images columns-default is-cropped wp-block-gallery-22 is-layout-flex wp-block-gallery-is-layout-flex\">\n<figure class=\"wp-block-image size-full is-style-default\"><a href=\"https:\/\/sigillarium.pl\/wp-content\/uploads\/2024\/02\/BIalorus-Staryca-gospodarstwo-pieczec-seal-petschaft-siegel-sceau-cachet-sigillo-sigillarium.jpg\"><img loading=\"lazy\" decoding=\"async\" width=\"1010\" height=\"1019\" data-id=\"30342\" src=\"https:\/\/sigillarium.pl\/wp-content\/uploads\/2024\/02\/BIalorus-Staryca-gospodarstwo-pieczec-seal-petschaft-siegel-sceau-cachet-sigillo-sigillarium.jpg\" alt=\"\" class=\"wp-image-30342\" srcset=\"https:\/\/sigillarium.pl\/wp-content\/uploads\/2024\/02\/BIalorus-Staryca-gospodarstwo-pieczec-seal-petschaft-siegel-sceau-cachet-sigillo-sigillarium.jpg 1010w, https:\/\/sigillarium.pl\/wp-content\/uploads\/2024\/02\/BIalorus-Staryca-gospodarstwo-pieczec-seal-petschaft-siegel-sceau-cachet-sigillo-sigillarium-297x300.jpg 297w, https:\/\/sigillarium.pl\/wp-content\/uploads\/2024\/02\/BIalorus-Staryca-gospodarstwo-pieczec-seal-petschaft-siegel-sceau-cachet-sigillo-sigillarium-150x150.jpg 150w, https:\/\/sigillarium.pl\/wp-content\/uploads\/2024\/02\/BIalorus-Staryca-gospodarstwo-pieczec-seal-petschaft-siegel-sceau-cachet-sigillo-sigillarium-768x775.jpg 768w\" sizes=\"auto, (max-width: 1010px) 100vw, 1010px\" \/><\/a><\/figure>\n<\/figure>\n<\/div>\n\n\n\n<div class=\"wp-block-column is-layout-flow wp-block-column-is-layout-flow\" style=\"flex-basis:1%\"><\/div>\n\n\n\n<div class=\"wp-block-column is-vertically-aligned-center is-layout-flow wp-block-column-is-layout-flow\" style=\"flex-basis:22.51%\"><div class=\"wp-block-image\">\n<figure class=\"aligncenter size-full is-resized\"><img loading=\"lazy\" decoding=\"async\" width=\"707\" height=\"950\" src=\"https:\/\/sigillarium.pl\/wp-content\/uploads\/2024\/02\/BIalorus-Staryca-gospodarstwo-pieczec-trzpien-seal-petschaft-siegel-sceau-cachet-sigillo-sigillarium.jpg\" alt=\"\" class=\"wp-image-30341\" style=\"width:191px;height:auto\" srcset=\"https:\/\/sigillarium.pl\/wp-content\/uploads\/2024\/02\/BIalorus-Staryca-gospodarstwo-pieczec-trzpien-seal-petschaft-siegel-sceau-cachet-sigillo-sigillarium.jpg 707w, https:\/\/sigillarium.pl\/wp-content\/uploads\/2024\/02\/BIalorus-Staryca-gospodarstwo-pieczec-trzpien-seal-petschaft-siegel-sceau-cachet-sigillo-sigillarium-223x300.jpg 223w\" sizes=\"auto, (max-width: 707px) 100vw, 707px\" \/><\/figure>\n<\/div><\/div>\n\n\n\n<div class=\"wp-block-column is-layout-flow wp-block-column-is-layout-flow\" style=\"flex-basis:0.51%\"><\/div>\n\n\n\n<div class=\"wp-block-column is-layout-flow wp-block-column-is-layout-flow\" style=\"flex-basis:48.19%\">\n<style> td {font-size: 11px; color: black; font-family: Arial;} <\/style>\n<table style=\"width: 500px; height: 150px;\">\n\t<tr>\n\t\t<td style=\"background-color: #DDDDDD; width:6%; text-align: center; \"><b>1<\/b><\/td>\n\t\t<td style=\"padding-left: 8px;\">kolekcja prywatna<\/td>\n\t<\/tr>\n\t<tr>\n\t\t<td style=\"background-color: #DDDDDD; text-align: center; \"><b>2<\/b><\/td>\n<td style=\"background-color: #FFFF99; white-space: nowrap; padding-left: 8px;\"><b><big><big><a href=\" https:\/\/pl.wikipedia.org\/wiki\/Starzyca_(rejon_postawski)\"> STARZYCA (STARYCA) [BIA\u0141ORU\u015a]<\/a><\/big><\/big><\/b><br \/><b><big>Gospodarstwo<\/big><\/b><\/td>\n\t<\/tr>\n\t<tr>\n\t\t<td style=\"background-color: #DDDDDD; text-align: center; \"><b>3a<\/b><\/td>\n\t\t<td style=\"padding-left: 8px;\">mosi\u0105dz<\/td>\n\t<\/tr>\n\t<tr>\n\t\t<td style=\"background-color: #DDDDDD; text-align: center; \"><b>3b<\/b><\/td>\n\t\t<td style=\"padding-left: 8px;\">&#8211;<\/td>\n\t<\/tr>\n\t<tr>\n\t\t<td style=\"background-color: #DDDDDD; text-align: center; \"><b>4<\/b><\/td>\n\t\t<td style=\"padding-left: 8px;\">okr\u0105g\u0142a \u00d8 32,5 mm<\/td>\n\t<\/tr>\n\t<tr>\n\t\t<td style=\"background-color: #DDDDDD; text-align: center; \"><b>5<\/b><\/td>\n\t\t<td style=\"padding-left: 8px;\">wypuk\u0142oryty<\/td>\n\t<\/tr>\n\t<tr>\n\t\t<td style=\"background-color: #DDDDDD; text-align: center; \"><b>6<\/b><\/td>\n<td style=\"padding-left: 8px;\">&#8211; <\/td>\n\t<\/tr>\n<tr>\n\t\t<td style=\"background-color: #DDDDDD; text-align: center; \"><b>7<\/b><\/td>\n<td style=\"padding-left: 8px;\">brak uchwytu, trzpie\u0144 do jego zamocowania<\/td>\n\t<\/tr>\n\t<tr>\n\t\t<td style=\"background-color: #DDDDDD; text-align: center; \"><b>7a<\/b><\/td>\n\t\t<td style=\"padding-left: 8px;\">39 mm<\/td>\n\t<\/tr>\n\t<tr>\n\t\t<td style=\"background-color: #DDDDDD; text-align: center; \"><b>7b<\/b><\/td>\n\t\t<td style=\"padding-left: 8px;\">29 mm<\/td>\n\t<\/tr>\n\t<tr>\n\t\t<td style=\"background-color: #DDDDDD; text-align: center; \"><b>7c<\/b><\/td>\n\t\t<td style=\"padding-left: 8px;\">10 mm<\/td>\n\t<\/tr>\n\t<tr>\n\t\t<td style=\"background-color: #DDDDDD; text-align: center; \"><b>8<\/b><\/td>\n<td style=\"padding-left: 8px;\"> &#8211;<\/td>\n\t<\/tr>\n\t<tr>\n\t\t<td style=\"background-color: #DDDDDD; text-align: center; \"><b>9a<\/b><\/td>\n\t\t<td style=\"padding-left: 8px;\">majusku\u0142a<\/td>\n\t<\/tr>\n\t<tr>\n\t\t<td style=\"background-color: #DDDDDD; text-align: center; \"><b>9b<\/b><\/td>\n<td style=\"padding-left: 8px;\"><br \/> w otoku: <b>\u0421\u0422\u0410\u0420\u0418\u0426\u041a\u0410\u042f  \u042d\u041a\u041e\u041d\u041e\u041cI\u042f<\/b><br \/><br \/><\/td>\n\t<\/tr>\n\t<tr>\n\t\t<td style=\"background-color: #DDDDDD; text-align: center; \"><b>10<\/b><\/td>\n<td style=\"padding-left: 8px;\">W polu piecz\u0119ci na tarczy herb Lubicz. Powy\u017cej korona o trzech fleuronach i dw\u00f3ch pa\u0142kach. W klejnocie trzy strusie pi\u00f3ra. Na zewn\u0105trz, wok\u00f3\u0142 pola piecz\u0119ci, pojedyncze obrze\u017cenie ci\u0105g\u0142e. <\/tr>\n\t<tr>\n\t\t<td style=\"background-color: #DDDDDD; text-align: center; \"><b>11<\/b><\/td>\n<td style=\"padding-left: 8px;\">&#8211;<\/td>\n\t<\/tr>\n\t<tr>\n\t\t<td style=\"background-color: #DDDDDD; text-align: center; \"><b>12<\/b><\/td>\n\t\t<td style=\"padding-left: 8px;\">&#8211;<\/td>\n\t<\/tr>\n<\/table>\n\n\n\n<p class=\"has-small-font-size\"> <a rel=\"noreferrer noopener\" href=\"http:\/\/sigillarium.pl\/index.php\/legenda-do-opisu-tloka-pieczetnego\/\" target=\"_blank\">Legenda<\/a> <\/p>\n<\/div>\n<\/div>\n\n\n\n<hr class=\"wp-block-separator has-alpha-channel-opacity\"\/>\n\n\n\n<div class=\"wp-block-columns is-layout-flex wp-container-core-columns-is-layout-9d6595d7 wp-block-columns-is-layout-flex\">\n<div class=\"wp-block-column is-layout-flow wp-block-column-is-layout-flow\" style=\"flex-basis:4.37%\"><\/div>\n\n\n\n<div class=\"wp-block-column is-vertically-aligned-center is-layout-flow wp-block-column-is-layout-flow\" style=\"flex-basis:23.43%\">\n<figure class=\"wp-block-gallery aligncenter has-nested-images columns-default is-cropped wp-block-gallery-23 is-layout-flex wp-block-gallery-is-layout-flex\">\n<figure class=\"wp-block-image size-full is-style-default\"><a href=\"https:\/\/sigillarium.pl\/wp-content\/uploads\/2025\/05\/Stobno_Stubbenhagen_-Oststernberg_powiat-Torzym_zarzad-majatku_pieczec-seal-petschaft-siegel-sceau-cachet-sigillo-sigillarium.jpg\"><img loading=\"lazy\" decoding=\"async\" width=\"1894\" height=\"1887\" data-id=\"35850\" src=\"https:\/\/sigillarium.pl\/wp-content\/uploads\/2025\/05\/Stobno_Stubbenhagen_-Oststernberg_powiat-Torzym_zarzad-majatku_pieczec-seal-petschaft-siegel-sceau-cachet-sigillo-sigillarium.jpg\" alt=\"\" class=\"wp-image-35850\" srcset=\"https:\/\/sigillarium.pl\/wp-content\/uploads\/2025\/05\/Stobno_Stubbenhagen_-Oststernberg_powiat-Torzym_zarzad-majatku_pieczec-seal-petschaft-siegel-sceau-cachet-sigillo-sigillarium.jpg 1894w, https:\/\/sigillarium.pl\/wp-content\/uploads\/2025\/05\/Stobno_Stubbenhagen_-Oststernberg_powiat-Torzym_zarzad-majatku_pieczec-seal-petschaft-siegel-sceau-cachet-sigillo-sigillarium-300x300.jpg 300w, https:\/\/sigillarium.pl\/wp-content\/uploads\/2025\/05\/Stobno_Stubbenhagen_-Oststernberg_powiat-Torzym_zarzad-majatku_pieczec-seal-petschaft-siegel-sceau-cachet-sigillo-sigillarium-1024x1020.jpg 1024w, https:\/\/sigillarium.pl\/wp-content\/uploads\/2025\/05\/Stobno_Stubbenhagen_-Oststernberg_powiat-Torzym_zarzad-majatku_pieczec-seal-petschaft-siegel-sceau-cachet-sigillo-sigillarium-150x150.jpg 150w, https:\/\/sigillarium.pl\/wp-content\/uploads\/2025\/05\/Stobno_Stubbenhagen_-Oststernberg_powiat-Torzym_zarzad-majatku_pieczec-seal-petschaft-siegel-sceau-cachet-sigillo-sigillarium-768x765.jpg 768w, https:\/\/sigillarium.pl\/wp-content\/uploads\/2025\/05\/Stobno_Stubbenhagen_-Oststernberg_powiat-Torzym_zarzad-majatku_pieczec-seal-petschaft-siegel-sceau-cachet-sigillo-sigillarium-1536x1530.jpg 1536w\" sizes=\"auto, (max-width: 1894px) 100vw, 1894px\" \/><\/a><\/figure>\n<\/figure>\n<\/div>\n\n\n\n<div class=\"wp-block-column is-layout-flow wp-block-column-is-layout-flow\" style=\"flex-basis:1%\"><\/div>\n\n\n\n<div class=\"wp-block-column is-vertically-aligned-center is-layout-flow wp-block-column-is-layout-flow\" style=\"flex-basis:22.51%\"><div class=\"wp-block-image\">\n<figure class=\"aligncenter size-full is-resized\"><img loading=\"lazy\" decoding=\"async\" width=\"510\" height=\"611\" src=\"https:\/\/sigillarium.pl\/wp-content\/uploads\/2025\/05\/Stobno_Stubbenhagen_-Oststernberg_powiat-Torzym_zarzad-majatku_pieczec-trzpien-seal-petschaft-siegel-sceau-cachet-sigillo-sigillarium.jpg\" alt=\"\" class=\"wp-image-35851\" style=\"width:191px;height:auto\" srcset=\"https:\/\/sigillarium.pl\/wp-content\/uploads\/2025\/05\/Stobno_Stubbenhagen_-Oststernberg_powiat-Torzym_zarzad-majatku_pieczec-trzpien-seal-petschaft-siegel-sceau-cachet-sigillo-sigillarium.jpg 510w, https:\/\/sigillarium.pl\/wp-content\/uploads\/2025\/05\/Stobno_Stubbenhagen_-Oststernberg_powiat-Torzym_zarzad-majatku_pieczec-trzpien-seal-petschaft-siegel-sceau-cachet-sigillo-sigillarium-250x300.jpg 250w\" sizes=\"auto, (max-width: 510px) 100vw, 510px\" \/><\/figure>\n<\/div><\/div>\n\n\n\n<div class=\"wp-block-column is-layout-flow wp-block-column-is-layout-flow\" style=\"flex-basis:0.51%\"><\/div>\n\n\n\n<div class=\"wp-block-column is-layout-flow wp-block-column-is-layout-flow\" style=\"flex-basis:48.19%\">\n<style> td {font-size: 11px; color: black; font-family: Arial;} <\/style>\n<table style=\"width: 500px; height: 150px;\">\n\t<tbody><tr>\n\t\t<td style=\"background-color: #DDDDDD; width:6%; text-align: center; \"><b>1<\/b><\/td>\n\t\t<td style=\"padding-left: 8px;\">kolekcja prywatna<\/td>\n\t<\/tr>\n\t<tr>\n\t\t<td style=\"background-color: #DDDDDD; text-align: center; \"><b>2<\/b><\/td>\n<td style=\"background-color: #FFFF99; white-space: nowrap; padding-left: 8px;\"><b><big><big><a href=\"https:\/\/wiki.genealogy.net\/Stubbenhagen_(Oststernberg) \">STOBNO<\/a><\/big><\/big><br><big> Zarz\u0105d maj\u0105tku<\/big><\/b><\/td>\n\t<\/tr>\n\t<tr>\n\t\t<td style=\"background-color: #DDDDDD; text-align: center; \"><b>3a<\/b><\/td>\n\t\t<td style=\"padding-left: 8px;\">mosi\u0105dz<\/td>\n\t<\/tr>\n\t<tr>\n\t\t<td style=\"background-color: #DDDDDD; text-align: center; \"><b>3b<\/b><\/td>\n\t\t<td style=\"padding-left: 8px;\">&#8211;<\/td>\n\t<\/tr>\n\t<tr>\n\t\t<td style=\"background-color: #DDDDDD; text-align: center; \"><b>4<\/b><\/td>\n\t\t<td style=\"padding-left: 8px;\">okr\u0105g\u0142a \u00d8 26 mm <\/td>\n\t<\/tr>\n\t<tr>\n\t\t<td style=\"background-color: #DDDDDD; text-align: center; \"><b>5<\/b><\/td>\n\t\t<td style=\"padding-left: 8px;\">wkl\u0119s\u0142oryty<\/td>\n\t<\/tr>\n\t<tr>\n\t\t<td style=\"background-color: #DDDDDD; text-align: center; \"><b>6<\/b><\/td>\n<td style=\"padding-left: 8px;\">&#8211;<\/td>\n\t<\/tr>\n<tr>\n\t\t<td style=\"background-color: #DDDDDD; text-align: center; \"><b>7<\/b><\/td>\n<td style=\"padding-left: 8px;\">brak uchwytu<\/td>\n\t<\/tr>\n\t<tr>\n\t\t<td style=\"background-color: #DDDDDD; text-align: center; \"><b>7a<\/b><\/td>\n\t\t<td style=\"padding-left: 8px;\">26 mm<\/td>\n\t<\/tr>\n\t<tr>\n\t\t<td style=\"background-color: #DDDDDD; text-align: center; \"><b>7b<\/b><\/td>\n\t\t<td style=\"padding-left: 8px;\">17,5 mm<\/td>\n\t<\/tr>\n\t<tr>\n\t\t<td style=\"background-color: #DDDDDD; text-align: center; \"><b>7c<\/b><\/td>\n\t\t<td style=\"padding-left: 8px;\">8,5 mm<\/td>\n\t<\/tr>\n\t<tr>\n\t\t<td style=\"background-color: #DDDDDD; text-align: center; \"><b>8<\/b><\/td>\n<td style=\"padding-left: 8px;\">&#8211;<\/td>\n\t<\/tr>\n\t<tr>\n\t\t<td style=\"background-color: #DDDDDD; text-align: center; \"><b>9a<\/b><\/td>\n\t\t<td style=\"padding-left: 8px;\">majusku\u0142a<\/td>\n\t<\/tr>\n\t<tr>\n\t\t<td style=\"background-color: #DDDDDD; text-align: center; \"><b>9b<\/b><\/td>\n<td style=\"padding-left: 8px;\"><br> w p\u00f3\u0142otoku g\u00f3rnym:<b> *GUTSVORSTAND STUBBENHAGEN*  <\/b><br>w p\u00f3\u0142otoku dolnym:<b> KR <i>(eis)<\/i> OST-STERNBERG<\/b><br><br><\/td> \n\t<\/tr>\n\t<tr>\n\t\t<td style=\"background-color: #DDDDDD; text-align: center; \"><b>10<\/b><\/td>\n<td style=\"padding-left: 8px;\"> W polu piecz\u0119ci orze\u0142 pruski w koronie, z ber\u0142em i jab\u0142kiem w szponach oraz monogramem FR na piersi. Na zewn\u0105trz, wok\u00f3\u0142 pola piecz\u0119ci, pojedyncze obrze\u017cenie ci\u0105g\u0142e. <br><br><\/td>\n<\/tr>\n\t<tr>\n\t\t<td style=\"background-color: #DDDDDD; text-align: center; \"><b>11<\/b><\/td>\n<td style=\"padding-left: 8px;\">&#8211;<\/td>\n\t<\/tr>\n\t<tr>\n<td style=\"background-color: #DDDDDD; text-align: center; \"><b>12<\/b><\/td>\n<td style=\"padding-left: 8px;\">&#8211;<\/td>\n\t<\/tr>\n<\/tbody><\/table>\n\n\n\n<p class=\"has-small-font-size\"> <a rel=\"noreferrer noopener\" href=\"http:\/\/sigillarium.pl\/index.php\/legenda-do-opisu-tloka-pieczetnego\/\" target=\"_blank\">Legenda<\/a> <\/p>\n<\/div>\n<\/div>\n\n\n\n<hr class=\"wp-block-separator has-alpha-channel-opacity\"\/>\n\n\n\n<div class=\"wp-block-columns is-layout-flex wp-container-core-columns-is-layout-9d6595d7 wp-block-columns-is-layout-flex\">\n<div class=\"wp-block-column is-layout-flow wp-block-column-is-layout-flow\" style=\"flex-basis:4.37%\"><\/div>\n\n\n\n<div class=\"wp-block-column is-vertically-aligned-center is-layout-flow wp-block-column-is-layout-flow\" style=\"flex-basis:23.43%\">\n<figure class=\"wp-block-gallery aligncenter has-nested-images columns-default is-cropped wp-block-gallery-24 is-layout-flex wp-block-gallery-is-layout-flex\">\n<figure class=\"wp-block-image size-full is-style-default\"><a href=\"https:\/\/sigillarium.pl\/wp-content\/uploads\/2021\/07\/Szynwald-Gross-Schonwalde-Powiat-Grudziadz-Kreis-Graudenz-pieczec-petschaft-siegel-seal-sceau-sigillarium-2.jpg\"><img loading=\"lazy\" decoding=\"async\" width=\"989\" height=\"984\" data-id=\"14926\" src=\"https:\/\/sigillarium.pl\/wp-content\/uploads\/2021\/07\/Szynwald-Gross-Schonwalde-Powiat-Grudziadz-Kreis-Graudenz-pieczec-petschaft-siegel-seal-sceau-sigillarium-2.jpg\" alt=\"\" class=\"wp-image-14926\" srcset=\"https:\/\/sigillarium.pl\/wp-content\/uploads\/2021\/07\/Szynwald-Gross-Schonwalde-Powiat-Grudziadz-Kreis-Graudenz-pieczec-petschaft-siegel-seal-sceau-sigillarium-2.jpg 989w, https:\/\/sigillarium.pl\/wp-content\/uploads\/2021\/07\/Szynwald-Gross-Schonwalde-Powiat-Grudziadz-Kreis-Graudenz-pieczec-petschaft-siegel-seal-sceau-sigillarium-2-300x298.jpg 300w, https:\/\/sigillarium.pl\/wp-content\/uploads\/2021\/07\/Szynwald-Gross-Schonwalde-Powiat-Grudziadz-Kreis-Graudenz-pieczec-petschaft-siegel-seal-sceau-sigillarium-2-150x150.jpg 150w, https:\/\/sigillarium.pl\/wp-content\/uploads\/2021\/07\/Szynwald-Gross-Schonwalde-Powiat-Grudziadz-Kreis-Graudenz-pieczec-petschaft-siegel-seal-sceau-sigillarium-2-768x764.jpg 768w\" sizes=\"auto, (max-width: 989px) 100vw, 989px\" \/><\/a><\/figure>\n<\/figure>\n<\/div>\n\n\n\n<div class=\"wp-block-column is-layout-flow wp-block-column-is-layout-flow\" style=\"flex-basis:1%\"><\/div>\n\n\n\n<div class=\"wp-block-column is-vertically-aligned-center is-layout-flow wp-block-column-is-layout-flow\" style=\"flex-basis:22.51%\"><div class=\"wp-block-image\">\n<figure class=\"aligncenter size-full is-resized\"><img loading=\"lazy\" decoding=\"async\" width=\"282\" height=\"929\" src=\"https:\/\/sigillarium.pl\/wp-content\/uploads\/2021\/07\/Szynwald-Gross-Schonwalde-Powiat-Grudziadz-Kreis-Graudenz-uchwyt-pieczec-petschaft-siegel-seal-sceau-sigillarium.jpg\" alt=\"\" class=\"wp-image-14916\" style=\"width:119px;height:392px\" srcset=\"https:\/\/sigillarium.pl\/wp-content\/uploads\/2021\/07\/Szynwald-Gross-Schonwalde-Powiat-Grudziadz-Kreis-Graudenz-uchwyt-pieczec-petschaft-siegel-seal-sceau-sigillarium.jpg 282w, https:\/\/sigillarium.pl\/wp-content\/uploads\/2021\/07\/Szynwald-Gross-Schonwalde-Powiat-Grudziadz-Kreis-Graudenz-uchwyt-pieczec-petschaft-siegel-seal-sceau-sigillarium-91x300.jpg 91w\" sizes=\"auto, (max-width: 282px) 100vw, 282px\" \/><\/figure>\n<\/div><\/div>\n\n\n\n<div class=\"wp-block-column is-layout-flow wp-block-column-is-layout-flow\" style=\"flex-basis:0.51%\"><\/div>\n\n\n\n<div class=\"wp-block-column is-layout-flow wp-block-column-is-layout-flow\" style=\"flex-basis:48.19%\">\n<style> td {font-size: 11px; color: black; font-family: Arial;} <\/style>\n<table style=\"width: 500px; height: 150px;\">\n\t<tbody><tr>\n\t\t<td style=\"background-color: #DDDDDD; width:6%; text-align: center; \"><b>1<\/b><\/td>\n\t\t<td style=\"padding-left: 8px;\">kolekcja prywatna<\/td>\n\t<\/tr>\n\t<tr>\n\t\t<td style=\"background-color: #DDDDDD; text-align: center; \"><b>2<\/b><\/td>\n<td style=\"background-color: #FFFF99; white-space: nowrap; padding-left: 8px;\"><b><big><big><a href=\"https:\/\/pl.wikipedia.org\/wiki\/Szynwa%C5%82d_(powiat_grudzi%C4%85dzki)\">SZYNWA\u0141D<\/a><\/big><\/big><br><big>Dominium<\/big><\/b><\/td>\n\t<\/tr>\n\t<tr>\n\t\t<td style=\"background-color: #DDDDDD; text-align: center; \"><b>3a<\/b><\/td>\n\t\t<td style=\"padding-left: 8px;\">mosi\u0105dz<\/td>\n\t<\/tr>\n\t<tr>\n\t\t<td style=\"background-color: #DDDDDD; text-align: center; \"><b>3b<\/b><\/td>\n\t\t<td style=\"padding-left: 8px;\">drewno<\/td>\n\t<\/tr>\n\t<tr>\n\t\t<td style=\"background-color: #DDDDDD; text-align: center; \"><b>4<\/b><\/td>\n\t\t<td style=\"padding-left: 8px;\">okr\u0105g\u0142a \u00d8 26 mm <\/td>\n\t<\/tr>\n\t<tr>\n\t\t<td style=\"background-color: #DDDDDD; text-align: center; \"><b>5<\/b><\/td>\n\t\t<td style=\"padding-left: 8px;\">wypuk\u0142oryty<\/td>\n\t<\/tr>\n\t<tr>\n\t\t<td style=\"background-color: #DDDDDD; text-align: center; \"><b>6<\/b><\/td>\n<td style=\"padding-left: 8px;\"> &#8211; <\/td>\n\t<\/tr>\n<tr>\n\t\t<td style=\"background-color: #DDDDDD; text-align: center; \"><b>7<\/b><\/td>\n<td style=\"padding-left:8px;\"> uchwyt toczony o kulistej ga\u0142ce<\/td>\n\t<\/tr>\n\t<tr>\n\t\t<td style=\"background-color: #DDDDDD; text-align: center; \"><b>7a<\/b><\/td>\n\t\t<td style=\"padding-left: 8px;\">104,5 mm<\/td>\n\t<\/tr>\n\t<tr>\n\t\t<td style=\"background-color: #DDDDDD; text-align: center; \"><b>7b<\/b><\/td>\n\t\t<td style=\"padding-left: 8px;\">99,5 mm, w tym  miejsce na skuwk\u0119 6,5 mm (\u00d8 12,5 mm)<\/td>\n\t<\/tr>\n\t<tr>\n\t\t<td style=\"background-color: #DDDDDD; text-align: center; \"><b>7c<\/b><\/td>\n\t\t<td style=\"padding-left: 8px;\"> 5 mm<\/td>\n\t<\/tr>\n\t<tr>\n\t\t<td style=\"background-color: #DDDDDD; text-align: center; \u201c><b>8<\/b><\/td>\n<td style=\u201dpadding-left: 8px;\">&#8211;<\/td>\n\t<\/tr>\n\t<tr>\n\t\t<td style=\"background-color: #DDDDDD; text-align: center; \"><b>9a<\/b><\/td>\n\t\t<td style=\"padding-left: 8px;\">majusku\u0142a<\/td>\n\t<\/tr>\n\t<tr>\n\t\t<td style=\"background-color: #DDDDDD; text-align: center; \"><b>9b<\/b><\/td>\n<td style=\"padding-left: 8px;\"> <br>w p\u00f3\u0142otoku g\u00f3rnym :<b> DOMINIUM<\/b><br>w polu : <b>GROSS \/\/ SCH\u00d6NWALDE<\/b><br>w p\u00f3\u0142otoku dolnym:<b> KREIS GRAUDENZ. <\/b><br><\/td> \n\t<\/tr>\n\t<tr>\n\t\t<td style=\"background-color: #DDDDDD; text-align: center; \"><b>10<\/b><\/td>\n<td style=\"padding-left: 8px;\"> W polu piecz\u0119ci nazwa miejscowo\u015bci. Na zewn\u0105trz pola piecz\u0119ci pojedyncze obrze\u017cenie ci\u0105g\u0142e. <br><br><\/td>\n<\/tr>\n\t<tr>\n\t\t<td style=\"background-color: #DDDDDD; text-align: center; \"><b>11<\/b><\/td>\n<td style=\"padding-left: 8px;\">&#8211;<\/td>\n\t<\/tr>\n\t<tr>\n<td style=\"background-color: #DDDDDD; text-align: center; \"><b>12<\/b><\/td>\n<td style=\"padding-left: 8px;\">&#8211; <\/td>\n\t<\/tr>\n<\/tbody><\/table>\n\n\n\n<p class=\"has-small-font-size\"> <a rel=\"noreferrer noopener\" href=\"http:\/\/sigillarium.pl\/index.php\/legenda-do-opisu-tloka-pieczetnego\/\" target=\"_blank\">Legenda<\/a> <\/p>\n<\/div>\n<\/div>\n\n\n\n<hr class=\"wp-block-separator has-alpha-channel-opacity\"\/>\n\n\n\n<div class=\"wp-block-columns is-layout-flex wp-container-core-columns-is-layout-9d6595d7 wp-block-columns-is-layout-flex\">\n<div class=\"wp-block-column is-layout-flow wp-block-column-is-layout-flow\" style=\"flex-basis:4.37%\"><\/div>\n\n\n\n<div class=\"wp-block-column is-vertically-aligned-center is-layout-flow wp-block-column-is-layout-flow\" style=\"flex-basis:23.43%\">\n<figure class=\"wp-block-gallery aligncenter has-nested-images columns-default is-cropped wp-block-gallery-25 is-layout-flex wp-block-gallery-is-layout-flex\">\n<figure class=\"wp-block-image size-large is-style-default\"><a href=\"https:\/\/sigillarium.pl\/wp-content\/uploads\/2024\/09\/Dominium_Turady_pieczec-seal-petschaft-siegel-sceau-cachet-sigillo-sigillarium.jpg.jpg\"><img loading=\"lazy\" decoding=\"async\" width=\"890\" height=\"1024\" data-id=\"32728\" src=\"https:\/\/sigillarium.pl\/wp-content\/uploads\/2024\/09\/Dominium_Turady_pieczec-seal-petschaft-siegel-sceau-cachet-sigillo-sigillarium.jpg-890x1024.jpg\" alt=\"\" class=\"wp-image-32728\" srcset=\"https:\/\/sigillarium.pl\/wp-content\/uploads\/2024\/09\/Dominium_Turady_pieczec-seal-petschaft-siegel-sceau-cachet-sigillo-sigillarium.jpg-890x1024.jpg 890w, https:\/\/sigillarium.pl\/wp-content\/uploads\/2024\/09\/Dominium_Turady_pieczec-seal-petschaft-siegel-sceau-cachet-sigillo-sigillarium.jpg-261x300.jpg 261w, https:\/\/sigillarium.pl\/wp-content\/uploads\/2024\/09\/Dominium_Turady_pieczec-seal-petschaft-siegel-sceau-cachet-sigillo-sigillarium.jpg-768x884.jpg 768w, https:\/\/sigillarium.pl\/wp-content\/uploads\/2024\/09\/Dominium_Turady_pieczec-seal-petschaft-siegel-sceau-cachet-sigillo-sigillarium.jpg.jpg 961w\" sizes=\"auto, (max-width: 890px) 100vw, 890px\" \/><\/a><\/figure>\n<\/figure>\n<\/div>\n\n\n\n<div class=\"wp-block-column is-layout-flow wp-block-column-is-layout-flow\" style=\"flex-basis:1%\"><\/div>\n\n\n\n<div class=\"wp-block-column is-vertically-aligned-center is-layout-flow wp-block-column-is-layout-flow\" style=\"flex-basis:22.51%\"><div class=\"wp-block-image\">\n<figure class=\"aligncenter size-full is-resized\"><img loading=\"lazy\" decoding=\"async\" width=\"494\" height=\"1125\" src=\"https:\/\/sigillarium.pl\/wp-content\/uploads\/2024\/09\/Dominium_Turady_uchwyt-pieczec-seal-petschaft-siegel-sceau-cachet-sigillo-sigillarium.jpg.jpg\" alt=\"\" class=\"wp-image-32729\" style=\"aspect-ratio:0.4647887323943662;width:167px;height:auto\" srcset=\"https:\/\/sigillarium.pl\/wp-content\/uploads\/2024\/09\/Dominium_Turady_uchwyt-pieczec-seal-petschaft-siegel-sceau-cachet-sigillo-sigillarium.jpg.jpg 494w, https:\/\/sigillarium.pl\/wp-content\/uploads\/2024\/09\/Dominium_Turady_uchwyt-pieczec-seal-petschaft-siegel-sceau-cachet-sigillo-sigillarium.jpg-132x300.jpg 132w, https:\/\/sigillarium.pl\/wp-content\/uploads\/2024\/09\/Dominium_Turady_uchwyt-pieczec-seal-petschaft-siegel-sceau-cachet-sigillo-sigillarium.jpg-450x1024.jpg 450w\" sizes=\"auto, (max-width: 494px) 100vw, 494px\" \/><\/figure>\n<\/div><\/div>\n\n\n\n<div class=\"wp-block-column is-layout-flow wp-block-column-is-layout-flow\" style=\"flex-basis:0.51%\"><\/div>\n\n\n\n<div class=\"wp-block-column is-layout-flow wp-block-column-is-layout-flow\" style=\"flex-basis:48.19%\">\n<style> td {font-size: 11px; color: black; font-family: Arial;} <\/style>\n<table style=\"width: 500px; height: 150px;\">\n\t<tbody><tr>\n\t\t<td style=\"background-color: #DDDDDD; width:6%; text-align: center; \"><b>1<\/b><\/td>\n\t\t<td style=\"padding-left: 8px;\">kolekcja prywatna<\/td>\n\t<\/tr>\n\t<tr>\n\t\t<td style=\"background-color: #DDDDDD; text-align: center; \"><b>2<\/b><\/td>\n<td style=\"background-color: #FFFF99; white-space: nowrap; padding-left: 8px;\"><b><big><big> <a href=\"https:\/\/pl.wikipedia.org\/wiki\/Turady\">TURADY<\/a><\/big><\/big><\/b><br><b><big>Dominium<\/big><\/b><\/td>\n\t<\/tr>\n\t<tr>\n\t\t<td style=\"background-color: #DDDDDD; text-align: center; \"><b>3a<\/b><\/td>\n\t\t<td style=\"padding-left: 8px;\">stal<\/td>\n\t<\/tr>\n\t<tr>\n\t\t<td style=\"background-color: #DDDDDD; text-align: center; \"><b>3b<\/b><\/td>\n\t\t<td style=\"padding-left: 8px;\">stal <\/td>\n\t<\/tr>\n\t<tr>\n\t\t<td style=\"background-color: #DDDDDD; text-align: center; \"><b>4<\/b><\/td>\n\t\t<td style=\"padding-left: 8px;\">okr\u0105g\u0142a \u00d8 34 mm<\/td>\n\t<\/tr>\n\t<tr>\n\t\t<td style=\"background-color: #DDDDDD; text-align: center; \"><b>5<\/b><\/td>\n\t\t<td style=\"padding-left: 8px;\">wkl\u0119s\u0142oryty<\/td>\n\t<\/tr>\n\t<tr>\n\t\t<td style=\"background-color: #DDDDDD; text-align: center; \"><b>6<\/b><\/td>\n<td style=\"padding-left: 8px;\">&#8211;<\/td>\n\t<\/tr>\n<tr>\n\t\t<td style=\"background-color: #DDDDDD; text-align: center; \"><b>7<\/b><\/td>\n<td style=\"padding-left: 8px;\"> uchwyt w formie graniastos\u0142upa o o\u015bmiok\u0105tnej podstawie, stanowi\u0105cy ze stopk\u0105 i matryc\u0105 jedn\u0105 ca\u0142o\u015b\u0107<\/td>\n\t<\/tr>\n\t<tr>\n\t\t<td style=\"background-color: #DDDDDD; text-align: center; \"><b>7a<\/b><\/td>\n\t\t<td style=\"padding-left: 8px;\">66 mm<\/td>\n\t<\/tr>\n\t<tr>\n\t\t<td style=\"background-color: #DDDDDD; text-align: center; \"><b>7b<\/b><\/td>\n\t\t<td style=\"padding-left: 8px;\">63 mm, w tym stopka 17 mm<\/td>\n\t<\/tr>\n\t<tr>\n\t\t<td style=\"background-color: #DDDDDD; text-align: center; \"><b>7c<\/b><\/td>\n\t\t<td style=\"padding-left: 8px;\">3 mm<\/td>\n\t<\/tr>\n\t<tr>\n\t\t<td style=\"background-color: #DDDDDD; text-align: center; \"><b>8<\/b><\/td>\n<td style=\"padding-left: 8px;\">&#8211;<\/td>\n\t<\/tr>\n\t<tr>\n\t\t<td style=\"background-color: #DDDDDD; text-align: center; \"><b>9a<\/b><\/td>\n\t\t<td style=\"padding-left: 8px;\">majusku\u0142a<\/td> \n\t<\/tr>\n\t<tr>\n\t\t<td style=\"background-color: #DDDDDD; text-align: center; \"><b>9b<\/b><\/td>\n<td style=\"padding-left: 8px;\"><br> w p\u00f3\u0142otoku g\u00f3rnym:<b> DOMINIUM TURADY. <\/b><br><br><\/td>  \n\t<\/tr> \n\t<tr>\n\t\t<td style=\"background-color: #DDDDDD; text-align: center; \"><b>10<\/b><\/td>\n<td style=\"padding-left: 8px;\"> W polu piecz\u0119ci st\u00f3\u0142 prostok\u0105tny, przy nim cztery osoby siedz\u0105ce na krzes\u0142ach, trzymaj\u0105ce w prawym r\u0119ku ga\u0142\u0105zki. Na stole wazon?\/butla? Poni\u017cej sto\u0142u i os\u00f3b ponoplia nowo\u017cytne: chor\u0105gwie, szable, armaty, b\u0119bny, kule. Na zewn\u0105trz, wok\u00f3\u0142 pola piecz\u0119ci, pojedyncze obrze\u017cenie ci\u0105g\u0142e.<\/td>\n<\/tr>\n\t<tr>\n\t\t<td style=\"background-color: #DDDDDD; text-align: center; \"><b>11<\/b><\/td>\n<td style=\"padding-left: 8px;\">&#8211;<\/td>\n\t<\/tr>\n\t<tr>\n\t\t<td style=\"background-color: #DDDDDD; text-align: center; \"><b>12<\/b><\/td>\n<td style=\"padding-left: 8px;\">&#8211;<\/td>\n\t<\/tr>\n<\/tbody><\/table>\n\n\n\n<p class=\"has-small-font-size\"> <a rel=\"noreferrer noopener\" href=\"http:\/\/sigillarium.pl\/index.php\/legenda-do-opisu-tloka-pieczetnego\/\" target=\"_blank\">Legenda<\/a> <\/p>\n<\/div>\n<\/div>\n\n\n\n<hr class=\"wp-block-separator has-alpha-channel-opacity\"\/>\n\n\n\n<div class=\"wp-block-columns is-layout-flex wp-container-core-columns-is-layout-9d6595d7 wp-block-columns-is-layout-flex\">\n<div class=\"wp-block-column is-layout-flow wp-block-column-is-layout-flow\" style=\"flex-basis:4.37%\"><\/div>\n\n\n\n<div class=\"wp-block-column is-vertically-aligned-center is-layout-flow wp-block-column-is-layout-flow\" style=\"flex-basis:23.43%\">\n<figure class=\"wp-block-gallery aligncenter has-nested-images columns-default is-cropped wp-block-gallery-26 is-layout-flex wp-block-gallery-is-layout-flex\">\n<figure class=\"wp-block-image size-large is-style-default\"><a href=\"https:\/\/sigillarium.pl\/wp-content\/uploads\/2022\/08\/Zamarte-Dominium-pieczec-seal-petschaft-siegel-sceau-sigillo-sigillarium.jpg\"><img loading=\"lazy\" decoding=\"async\" width=\"1024\" height=\"1019\" data-id=\"21535\" src=\"https:\/\/sigillarium.pl\/wp-content\/uploads\/2022\/08\/Zamarte-Dominium-pieczec-seal-petschaft-siegel-sceau-sigillo-sigillarium-1024x1019.jpg\" alt=\"\" class=\"wp-image-21535\" srcset=\"https:\/\/sigillarium.pl\/wp-content\/uploads\/2022\/08\/Zamarte-Dominium-pieczec-seal-petschaft-siegel-sceau-sigillo-sigillarium-1024x1019.jpg 1024w, https:\/\/sigillarium.pl\/wp-content\/uploads\/2022\/08\/Zamarte-Dominium-pieczec-seal-petschaft-siegel-sceau-sigillo-sigillarium-300x300.jpg 300w, https:\/\/sigillarium.pl\/wp-content\/uploads\/2022\/08\/Zamarte-Dominium-pieczec-seal-petschaft-siegel-sceau-sigillo-sigillarium-150x150.jpg 150w, https:\/\/sigillarium.pl\/wp-content\/uploads\/2022\/08\/Zamarte-Dominium-pieczec-seal-petschaft-siegel-sceau-sigillo-sigillarium-768x764.jpg 768w, https:\/\/sigillarium.pl\/wp-content\/uploads\/2022\/08\/Zamarte-Dominium-pieczec-seal-petschaft-siegel-sceau-sigillo-sigillarium.jpg 1055w\" sizes=\"auto, (max-width: 1024px) 100vw, 1024px\" \/><\/a><\/figure>\n<\/figure>\n<\/div>\n\n\n\n<div class=\"wp-block-column is-layout-flow wp-block-column-is-layout-flow\" style=\"flex-basis:1%\"><\/div>\n\n\n\n<div class=\"wp-block-column is-vertically-aligned-center is-layout-flow wp-block-column-is-layout-flow\" style=\"flex-basis:22.51%\"><div class=\"wp-block-image\">\n<figure class=\"aligncenter size-full is-resized\"><img loading=\"lazy\" decoding=\"async\" width=\"447\" height=\"968\" src=\"https:\/\/sigillarium.pl\/wp-content\/uploads\/2022\/08\/Zamarte-Dominium-pieczec-uchwyt-seal-petschaft-siegel-sceau-sigillo-sigillarium.jpg\" alt=\"\" class=\"wp-image-21536\" style=\"width:165px;height:355px\" srcset=\"https:\/\/sigillarium.pl\/wp-content\/uploads\/2022\/08\/Zamarte-Dominium-pieczec-uchwyt-seal-petschaft-siegel-sceau-sigillo-sigillarium.jpg 447w, https:\/\/sigillarium.pl\/wp-content\/uploads\/2022\/08\/Zamarte-Dominium-pieczec-uchwyt-seal-petschaft-siegel-sceau-sigillo-sigillarium-139x300.jpg 139w\" sizes=\"auto, (max-width: 447px) 100vw, 447px\" \/><\/figure>\n<\/div><\/div>\n\n\n\n<div class=\"wp-block-column is-layout-flow wp-block-column-is-layout-flow\" style=\"flex-basis:0.51%\"><\/div>\n\n\n\n<div class=\"wp-block-column is-layout-flow wp-block-column-is-layout-flow\" style=\"flex-basis:48.19%\">\n<style> td {font-size: 11px; color: black; font-family: Arial;} <\/style>\n<table style=\"width: 500px; height: 150px;\">\n\t<tr>\n\t\t<td style=\"background-color: #DDDDDD; width:6%; text-align: center; \"><b>1<\/b><\/td>\n\t\t<td style=\"padding-left: 8px;\">kolekcja prywatna<\/td>\n\t<\/tr>\n\t<tr>\n\t\t<td style=\"background-color: #DDDDDD; text-align: center; \"><b>2<\/b><\/td>\n<td style=\"background-color: #FFFF99; white-space: nowrap; padding-left: 8px;\"><b><big><big> <a href=\"https:\/\/pl.wikipedia.org\/wiki\/Zamarte_(powiat_s%C4%99pole%C5%84ski) \">ZAMARTE <\/a> <\/big><\/big><br \/><big> Dominium szlacheckie <\/big><\/td>\n\t<\/tr>\n\t<tr>\n\t\t<td style=\"background-color: #DDDDDD; text-align: center; \"><b>3a<\/b><\/td>\n\t\t<td style=\"padding-left: 8px;\">mosi\u0105dz<\/td>\n\t<\/tr>\n\t<tr>\n\t\t<td style=\"background-color: #DDDDDD; text-align: center; \"><b>3b<\/b><\/td>\n\t\t<td style=\"padding-left: 8px;\">drewno<\/td>\n\t<\/tr>\n\t<tr>\n\t\t<td style=\"background-color: #DDDDDD; text-align: center; \"><b>4<\/b><\/td>\n\t\t<td style=\"padding-left: 8px;\">okr\u0105g\u0142a \u00d8 29 mm<\/td>\n\t<\/tr>\n\t<tr>\n\t\t<td style=\"background-color: #DDDDDD; text-align: center; \"><b>5<\/b><\/td>\n\t\t<td style=\"padding-left: 8px;\">wypuk\u0142oryty<\/td>\n\t<\/tr>\n\t<tr>\n\t\t<td style=\"background-color: #DDDDDD; text-align: center; \"><b>6<\/b><\/td>\n<td style=\"padding-left: 8px;\">na rancie matrycy znacznik prawid\u0142owego ustawienia t\u0142oka <\/td>\n\t<\/tr>\n<tr>\n\t\t<td style=\"background-color: #DDDDDD; text-align: center; \"><b>7<\/b><\/td>\n<td style=\"padding-left: 8px;\">&#8211; <\/td>\n\t<\/tr>\n\t<tr>\n\t\t<td style=\"background-color: #DDDDDD; text-align: center; \"><b>7a<\/b><\/td>\n\t\t<td style=\"padding-left: 8px;\"> 102 mm<\/td>\n\t<\/tr>\n\t<tr>\n\t\t<td style=\"background-color: #DDDDDD; text-align: center; \"><b>7b<\/b><\/td>\n<td style=\"padding-left: 8px;\"> 97 mm, w tym skuwka 15 mm ( \u00d8 21 mm)<\/td>\n\t<\/tr>\n\t<tr>\n\t\t<td style=\"background-color: #DDDDDD; text-align: center; \"><b>7c<\/b><\/td>\n\t\t<td style=\"padding-left: 8px;\"> 5 mm<\/td>\n\t<\/tr>\n\t<tr>\n\t\t<td style=\"background-color: #DDDDDD; text-align: center; \"><b>8<\/b><\/td>\n<td style=\"padding-left: 8px;\">&#8211; <\/td>\n\t<\/tr>\n\t<tr>\n\t\t<td style=\"background-color: #DDDDDD; text-align: center; \"><b>9a<\/b><\/td>\n\t\t<td style=\"padding-left: 8px;\">majusku\u0142a<\/td>\n\t<\/tr>\n\t<tr>\n\t\t<td style=\"background-color: #DDDDDD; text-align: center; \"><b>9b<\/b><\/td>\n<td style=\"padding-left: 8px;\"> <br \/>w polu:  <b> ADELICH DOMINIUM ZAMARTE. <\/b><br \/><br \/><\/td> \n<\/tr>\n\t<tr>\t\n\t\t<td style=\"background-color: #DDDDDD; text-align: center; \"><b>10<\/b><\/td>\n<td style=\"padding-left: 8px;\"> W polu piecz\u0119ci na tarczy szwajcarskiej odmiana herbu Wolszlegier (dwie strza\u0142y w krzy\u017c sko\u015bny, na nich taka\u017c strza\u0142a). Ponad tarcz\u0105 korona o trzech fleuronach i dw\u00f3ch pa\u0142kach. W klejnocie skrzyg\u0142o orle przeszyte strza\u0142\u0105. Na zewn\u0105trz, wok\u00f3\u0142 pola piecz\u0119ci, pojedyncze obrze\u017cenie ci\u0105g\u0142e. <\/td>\n<\/tr>\n\t<tr>\n\t\t<td style=\"background-color: #DDDDDD; text-align: center; \"><b>11<\/b><\/td>\n<td style=\"padding-left: 8px;\">&#8211;<\/td>\n\t<\/tr>\n\t<tr>\n\t\t<td style=\"background-color: #DDDDDD; text-align: center; \"><b>12<\/b><\/td>\n<td style=\"padding-left: 8px;\"> Zobacz dodatkowo: <a href=\" http:\/\/www.polskiezabytki.pl\/m\/obiekt\/1454\/Zamarte\/ \">Zamarte  <\/a> <\/td>\n\t<\/tr>\n<\/table>\n\n\n\n<p class=\"has-small-font-size\"> <a rel=\"noreferrer noopener\" href=\"http:\/\/sigillarium.pl\/index.php\/legenda-do-opisu-tloka-pieczetnego\/\" target=\"_blank\">Legenda<\/a> <\/p>\n<\/div>\n<\/div>\n\n\n\n<hr class=\"wp-block-separator has-alpha-channel-opacity\"\/>\n\n\n\n<div class=\"wp-block-columns is-layout-flex wp-container-core-columns-is-layout-9d6595d7 wp-block-columns-is-layout-flex\">\n<div class=\"wp-block-column is-layout-flow wp-block-column-is-layout-flow\" style=\"flex-basis:4.37%\"><\/div>\n\n\n\n<div class=\"wp-block-column is-vertically-aligned-center is-layout-flow wp-block-column-is-layout-flow\" style=\"flex-basis:23.43%\">\n<figure class=\"wp-block-gallery aligncenter has-nested-images columns-default is-cropped wp-block-gallery-27 is-layout-flex wp-block-gallery-is-layout-flex\">\n<figure class=\"wp-block-image size-large is-style-default\"><a href=\"https:\/\/sigillarium.pl\/wp-content\/uploads\/2023\/05\/Zywiec-Arcyksiazecy-Zarzad-Lasow_pieczec-seal-petschaft-siegel-sceau-sigillarium.jpg.jpg\"><img loading=\"lazy\" decoding=\"async\" width=\"1024\" height=\"1013\" data-id=\"25077\" src=\"https:\/\/sigillarium.pl\/wp-content\/uploads\/2023\/05\/Zywiec-Arcyksiazecy-Zarzad-Lasow_pieczec-seal-petschaft-siegel-sceau-sigillarium.jpg-1024x1013.jpg\" alt=\"\" class=\"wp-image-25077\" srcset=\"https:\/\/sigillarium.pl\/wp-content\/uploads\/2023\/05\/Zywiec-Arcyksiazecy-Zarzad-Lasow_pieczec-seal-petschaft-siegel-sceau-sigillarium.jpg-1024x1013.jpg 1024w, https:\/\/sigillarium.pl\/wp-content\/uploads\/2023\/05\/Zywiec-Arcyksiazecy-Zarzad-Lasow_pieczec-seal-petschaft-siegel-sceau-sigillarium.jpg-300x297.jpg 300w, https:\/\/sigillarium.pl\/wp-content\/uploads\/2023\/05\/Zywiec-Arcyksiazecy-Zarzad-Lasow_pieczec-seal-petschaft-siegel-sceau-sigillarium.jpg-768x759.jpg 768w, https:\/\/sigillarium.pl\/wp-content\/uploads\/2023\/05\/Zywiec-Arcyksiazecy-Zarzad-Lasow_pieczec-seal-petschaft-siegel-sceau-sigillarium.jpg.jpg 1073w\" sizes=\"auto, (max-width: 1024px) 100vw, 1024px\" \/><\/a><\/figure>\n<\/figure>\n<\/div>\n\n\n\n<div class=\"wp-block-column is-layout-flow wp-block-column-is-layout-flow\" style=\"flex-basis:1%\"><\/div>\n\n\n\n<div class=\"wp-block-column is-vertically-aligned-center is-layout-flow wp-block-column-is-layout-flow\" style=\"flex-basis:22.51%\"><div class=\"wp-block-image\">\n<figure class=\"aligncenter size-large is-resized\"><img loading=\"lazy\" decoding=\"async\" width=\"442\" height=\"1024\" src=\"https:\/\/sigillarium.pl\/wp-content\/uploads\/2023\/04\/Zywiec-Arcyksiazecy-Zarzad-Lasu_uchwyt-pieczec-seal-petschaft-siegel-sceau-sigillarium.jpg-442x1024.png\" alt=\"\" class=\"wp-image-25006\" style=\"width:161px;height:372px\" srcset=\"https:\/\/sigillarium.pl\/wp-content\/uploads\/2023\/04\/Zywiec-Arcyksiazecy-Zarzad-Lasu_uchwyt-pieczec-seal-petschaft-siegel-sceau-sigillarium.jpg-442x1024.png 442w, https:\/\/sigillarium.pl\/wp-content\/uploads\/2023\/04\/Zywiec-Arcyksiazecy-Zarzad-Lasu_uchwyt-pieczec-seal-petschaft-siegel-sceau-sigillarium.jpg-130x300.png 130w, https:\/\/sigillarium.pl\/wp-content\/uploads\/2023\/04\/Zywiec-Arcyksiazecy-Zarzad-Lasu_uchwyt-pieczec-seal-petschaft-siegel-sceau-sigillarium.jpg.png 486w\" sizes=\"auto, (max-width: 442px) 100vw, 442px\" \/><\/figure>\n<\/div><\/div>\n\n\n\n<div class=\"wp-block-column is-layout-flow wp-block-column-is-layout-flow\" style=\"flex-basis:0.51%\"><\/div>\n\n\n\n<div class=\"wp-block-column is-layout-flow wp-block-column-is-layout-flow\" style=\"flex-basis:48.19%\">\n<style> td {font-size: 11px; color: black; font-family: Arial;} <\/style>\n<table style=\"width: 500px; height: 150px;\">\n\t<tbody><tr>\n\t\t<td style=\"background-color: #DDDDDD; width:6%; text-align: center; \"><b>1<\/b><\/td>\n\t\t<td style=\"padding-left: 8px;\">kolekcja prywatna<\/td>\n\t<\/tr>\n\t<tr>\n\t\t<td style=\"background-color: #DDDDDD; text-align: center; \"><b>2<\/b><\/td>\n<td style=\"background-color: #FFFF99; white-space: nowrap; padding-left: 8px;\"><b><big><big> <a href=\"https:\/\/pl.wikipedia.org\/wiki\/%C5%BBywiec\"> \u017bYWIEC<\/a> <\/big><\/big><\/b><br><b><big>Cesarsko &#8211; Arcyksi\u0105\u017c\u0119cy Zarz\u0105d Las\u00f3w<\/big><\/b><\/td>\n\t<\/tr>\n\t<tr>\n\t\t<td style=\"background-color: #DDDDDD; text-align: center; \"><b>3a<\/b><\/td>\n\t\t<td style=\"padding-left: 8px;\">mosi\u0105dz<\/td>\n\t<\/tr>\n\t<tr>\n\t\t<td style=\"background-color: #DDDDDD; text-align: center; \"><b>3b<\/b><\/td>\n\t\t<td style=\"padding-left: 8px;\"> drewno <\/td>\n\t<\/tr>\n\t<tr>\n\t\t<td style=\"background-color: #DDDDDD; text-align: center; \"><b>4<\/b><\/td>\n\t\t<td style=\"padding-left: 8px;\">okr\u0105g\u0142a \u00d8 34 mm<\/td>\n\t<\/tr>\n\t<tr>\n\t\t<td style=\"background-color: #DDDDDD; text-align: center; \"><b>5<\/b><\/td>\n\t\t<td style=\"padding-left: 8px;\">wkl\u0119s\u0142oryty<\/td>\n\t<\/tr>\n\t<tr>\n\t\t<td style=\"background-color: #DDDDDD; text-align: center; \"><b>6<\/b><\/td>\n<td style=\"padding-left: 8px;\"> na rancie matrycy znacznik poprawnego ustawienia t\u0142oka<\/td>\n\t<\/tr>\n<tr>\n\t\t<td style=\"background-color: #DDDDDD; text-align: center; \"><b>7<\/b><\/td>\n<td style=\"padding-left: 8px;\">uchwyt toczony o sp\u0142aszczonej ga\u0142ce<\/td>\n\t<\/tr>\n\t<tr>\n\t\t<td style=\"background-color: #DDDDDD; text-align: center; \"><b>7a<\/b><\/td>\n\t\t<td style=\"padding-left: 8px;\">118 mm<\/td>\n\t<\/tr>\n\t<tr>\n\t\t<td style=\"background-color: #DDDDDD; text-align: center; \"><b>7b<\/b><\/td>\n\t\t<td style=\"padding-left: 8px;\">  114 mm, w tym stopka 10 mm i cok\u00f3\u0142 4 mm &#8211; stanowi\u0105ce z matryc\u0105 jedn\u0105 ca\u0142o\u015b\u0107, skuwka 4 mm (\u00d8 18 mm), r\u0119koje\u015b\u0107 96 mm<\/td>\n\t<\/tr>\n\t<tr>\n\t\t<td style=\"background-color: #DDDDDD; text-align: center; \"><b>7c<\/b><\/td>\n\t\t<td style=\"padding-left: 8px;\">4 mm<\/td>\n\t<\/tr>\n\t<tr>\n\t\t<td style=\"background-color: #DDDDDD; text-align: center; \"><b>8<\/b><\/td>\n<td style=\"padding-left: 8px;\"> &#8211; <\/td>\n\t<\/tr>\n\t<tr>\n\t\t<td style=\"background-color: #DDDDDD; text-align: center; \"><b>9a<\/b><\/td>\n\t\t<td style=\"padding-left: 8px;\">majusku\u0142a<\/td>\n\t<\/tr>\n\t<tr>\n\t\t<td style=\"background-color: #DDDDDD; text-align: center; \"><b>9b<\/b><\/td>\n<td style=\"padding-left: 8px;\"><br> w otoku: <b> K <i>(aiserliche).<\/i> ERZHERZOGL FORSTAMT ZU SAYBUSCH<\/b><br><br><\/td>\n\t<\/tr>\n\t<tr>\n\t\t<td style=\"background-color: #DDDDDD; text-align: center; \"><b>10<\/b><\/td>\n<td style=\"padding-left: 8px;\">  W polu piecz\u0119ci, na tle gronostajowego p\u0142aszcza zwie\u0144czonego koron\u0105 kr\u00f3lewsk\u0105, herb rodu Habsburg\u00f3w \u017cywieckich. Na zewn\u0105trz, wok\u00f3\u0142 pola piecz\u0119ci, pojedyncze obrze\u017cenie ci\u0105g\u0142e.<\/td><\/tr>\n\t<tr>\n\t\t<td style=\"background-color: #DDDDDD; text-align: center; \"><b>11<\/b><\/td>\n<td style=\"padding-left: 8px;\">&#8211;<\/td>\n\t<\/tr>\n\t<tr>\n\t\t<td style=\"background-color: #DDDDDD; text-align: center; \"><b>12<\/b><\/td>\n\t\t<td style=\"padding-left: 8px;\">&#8211;<\/td>\n\t<\/tr>\n<\/tbody><\/table>\n\n\n\n<p class=\"has-small-font-size\"> <a rel=\"noreferrer noopener\" href=\"http:\/\/sigillarium.pl\/index.php\/legenda-do-opisu-tloka-pieczetnego\/\" target=\"_blank\">Legenda<\/a> <\/p>\n<\/div>\n<\/div>\n\n\n\n<hr class=\"wp-block-separator has-css-opacity\"\/>\n","protected":false},"excerpt":{"rendered":"<p>T\u0142oki zaprezentowano w kolejno\u015bci alfabetycznej wzgl\u0119dem nazwy miejscowo\u015bci przywo\u0142anej w legendzie t\u0142oka lub odtworzonej ze \u017ar\u00f3de\u0142 historycznych. 1 kolekcja prywatna 2 ANOPAL [BIA\u0141ORU\u015a] Gospodarstwo 3a mosi\u0105dz 3b drewno 4 owalna&hellip; <\/p>\n","protected":false},"author":1,"featured_media":0,"parent":0,"menu_order":0,"comment_status":"closed","ping_status":"closed","template":"","meta":{"footnotes":""},"class_list":["post-547","page","type-page","status-publish","hentry"],"_links":{"self":[{"href":"https:\/\/sigillarium.pl\/index.php\/wp-json\/wp\/v2\/pages\/547","targetHints":{"allow":["GET"]}}],"collection":[{"href":"https:\/\/sigillarium.pl\/index.php\/wp-json\/wp\/v2\/pages"}],"about":[{"href":"https:\/\/sigillarium.pl\/index.php\/wp-json\/wp\/v2\/types\/page"}],"author":[{"embeddable":true,"href":"https:\/\/sigillarium.pl\/index.php\/wp-json\/wp\/v2\/users\/1"}],"replies":[{"embeddable":true,"href":"https:\/\/sigillarium.pl\/index.php\/wp-json\/wp\/v2\/comments?post=547"}],"version-history":[{"count":126,"href":"https:\/\/sigillarium.pl\/index.php\/wp-json\/wp\/v2\/pages\/547\/revisions"}],"predecessor-version":[{"id":40003,"href":"https:\/\/sigillarium.pl\/index.php\/wp-json\/wp\/v2\/pages\/547\/revisions\/40003"}],"wp:attachment":[{"href":"https:\/\/sigillarium.pl\/index.php\/wp-json\/wp\/v2\/media?parent=547"}],"curies":[{"name":"wp","href":"https:\/\/api.w.org\/{rel}","templated":true}]}}