{"id":822,"date":"2020-02-20T20:35:14","date_gmt":"2020-02-20T19:35:14","guid":{"rendered":"http:\/\/sigillarium.pl\/?page_id=822"},"modified":"2025-05-21T20:59:54","modified_gmt":"2025-05-21T18:59:54","slug":"pieczecie-urzedow-i-instytucji-samorzadowych-zabor-austriacki","status":"publish","type":"page","link":"https:\/\/sigillarium.pl\/index.php\/pieczecie-urzedow-i-instytucji-samorzadowych-zabor-austriacki\/","title":{"rendered":"Piecz\u0119cie urz\u0119d\u00f3w i instytucji samorz\u0105dowych (zab\u00f3r austriacki)"},"content":{"rendered":"\n<hr class=\"wp-block-separator has-css-opacity\"\/>\n\n\n\n<p><p style=\"text-align: justify\">Instytucje samorz\u0105dowe na ziemiach polskich w XIX w. by\u0142y kszta\u0142towane w ramach system\u00f3w administracyjno-politycznych pa\u0144stw zaborczych, pod panowaniem kt\u00f3rych si\u0119 znalaz\u0142y. Generalnie system samorz\u0105dowy funkcjonowa\u0142 w oparciu o rozwi\u0105zania prawne tych pa\u0144stw, jednak cz\u0119sto z licznymi ograniczeniami.<br><br>W zaborze austriackim najwi\u0119kszymi jednostkami samorz\u0105du terytorialnego by\u0142y kraje koronne (by\u0142o ich 17 w tym Galicja i Lodomeria; pe\u0142na nazwa &#8211; <a href=\"https:\/\/pl.wikipedia.org\/wiki\/Kr%C3%B3lestwo_Galicji_i_Lodomerii\">Kr\u00f3lestwo Galicji i Lodomerii<\/a> z <a href=\"https:\/\/pl.wikipedia.org\/wiki\/Wielkie_Ksi%C4%99stwo_Krakowskie\">Wielkim Ksi\u0119stwem Krakowskim<\/a> i Ksi\u0119stwami <a href=\"https:\/\/pl.wikipedia.org\/wiki\/Ksi%C4%99stwo_o%C5%9Bwi%C4%99cimskie\">O\u015bwi\u0119cimskim<\/a> i <a href=\"https:\/\/pl.wikipedia.org\/wiki\/Ksi%C4%99stwo_zatorskie\">Zatorskim<\/a>), kt\u00f3re dzieli\u0142y si\u0119 pierwotnie na okr\u0119gi i powiaty, a p\u00f3\u017aniej ju\u017c tylko na powiaty. Administracja kraju koronnego by\u0142a prowadzona r\u00f3wnolegle przez namiestnika cesarza, jako najwy\u017cszego organu \u00a0rz\u0105du (cesarza) i wydzia\u0142 krajowy wybierany przez sejm krajowy, kt\u00f3ry reprezentowa\u0142 spo\u0142eczno\u015b\u0107 lokaln\u0105. Przy czym zakres samorz\u0105du kraju by\u0142 bardzo w\u0105ski i ograniczony.<br><br>Podzia\u0142 terytorialny kraju koronnego by\u0142 dwuszczeblowy. Pierwszym szczeblem by\u0142y powiaty, w kt\u00f3rych istnia\u0142y zar\u00f3wno administracja rz\u0105dowa, kt\u00f3rej przedstawicielami byli staro\u015bci podlegaj\u0105cy namiestnikowi, jak r\u00f3wnie\u017c samorz\u0105dowa. W samorz\u0105dach powiatowych organami stanowi\u0105cymi by\u0142y rady powiatowe, a wykonawczymi wydzia\u0142y powiatowe na czele z marsza\u0142kiem powiatu, zatwierdzanym przez cesarza.   <br><br>Najmniejsz\u0105 jednostk\u0105 samorz\u0105dow\u0105 by\u0142a gminy, kt\u00f3ra mia\u0142a ju\u017c typowo charakter samorz\u0105dowy. Ka\u017cda wie\u015b niezale\u017cnie od swojej wielko\u015bci tworzy\u0142a gmin\u0119. Ich organami by\u0142y rady gmin oraz zwierzchno\u015bci gminnej z naczelnikami gminy (w\u00f3jtami). Przy czym z obszar\u00f3w gmin wiejskich mog\u0142y by\u0107 wy\u0142\u0105czane obszary dworskie, kt\u00f3re tworzy\u0142y odr\u0119bn\u0105 gmin\u0119 z patrymonialnym w\u0142adztwem dziedzic\u00f3w.  <br><br>Miasta by\u0142y traktowane jako gminy miejskie a ich organami by\u0142y odpowiednio rady miejskie i magistraty z burmistrzami lub prezydentami (Lw\u00f3w, Krak\u00f3w). <br><br> \u0179r\u00f3d\u0142o: <a href=\"https:\/\/www.arslege.pl\/1023\/materialy-edukacyjne\/1082\/ustroj-polityczno-administracyjny-w-zaborze-austriackim\/\">K. Andryszczyk, Ustr\u00f3j polityczno-administracyjny w zaborze austriackim.<\/a> <\/p>\n\n\n\n<hr class=\"wp-block-separator has-css-opacity\"\/>\n\n\n\n<p>W tej cz\u0119\u015bci portalu zaprezentowano podgrup\u0119 t\u0142ok\u00f3w piecz\u0119tnych, kt\u00f3re nale\u017ca\u0142y do urz\u0119d\u00f3w i instytucji samorz\u0105dowych \u2013 jako os\u00f3b prawnych, np. okr\u0119g, powiat, rada powiatu, wydzia\u0142 powiatowy, gmina, rada gminy, zwierzchno\u015b\u0107 gminna, rada miasta, magistrat. T\u0142oki zaprezentowano w kolejno\u015bci alfabetycznej wzgl\u0119dem nazwy miejscowo\u015bci przywo\u0142anej w legendzie t\u0142oka lub odtworzonej ze \u017ar\u00f3de\u0142 historycznych. <\/p>\n\n\n\n<hr class=\"wp-block-separator has-css-opacity\"\/>\n\n\n\n<div class=\"wp-block-columns is-layout-flex wp-container-core-columns-is-layout-9d6595d7 wp-block-columns-is-layout-flex\">\n<div class=\"wp-block-column is-layout-flow wp-block-column-is-layout-flow\" style=\"flex-basis:5%\"><\/div>\n\n\n\n<div class=\"wp-block-column is-vertically-aligned-center is-layout-flow wp-block-column-is-layout-flow\" style=\"flex-basis:23%\">\n<figure class=\"wp-block-gallery aligncenter has-nested-images columns-default is-cropped wp-block-gallery-1 is-layout-flex wp-block-gallery-is-layout-flex\">\n<figure class=\"wp-block-image size-full is-style-default\"><a href=\"https:\/\/sigillarium.pl\/wp-content\/uploads\/2020\/03\/Karaczyn\u00f3w-Wie\u015b-2.jpg\"><img loading=\"lazy\" decoding=\"async\" width=\"565\" height=\"580\" data-id=\"1313\" src=\"http:\/\/sigillarium.pl\/wp-content\/uploads\/2020\/03\/Karaczyn\u00f3w-Wie\u015b-2.jpg\" alt=\"\" class=\"wp-image-1313\" srcset=\"https:\/\/sigillarium.pl\/wp-content\/uploads\/2020\/03\/Karaczyn\u00f3w-Wie\u015b-2.jpg 565w, https:\/\/sigillarium.pl\/wp-content\/uploads\/2020\/03\/Karaczyn\u00f3w-Wie\u015b-2-292x300.jpg 292w\" sizes=\"auto, (max-width: 565px) 100vw, 565px\" \/><\/a><\/figure>\n<\/figure>\n<\/div>\n\n\n\n<div class=\"wp-block-column is-layout-flow wp-block-column-is-layout-flow\" style=\"flex-basis:1%\"><\/div>\n\n\n\n<div class=\"wp-block-column is-vertically-aligned-center is-layout-flow wp-block-column-is-layout-flow\" style=\"flex-basis:22%\"><div class=\"wp-block-image\">\n<figure class=\"aligncenter size-large is-resized\"><img loading=\"lazy\" decoding=\"async\" src=\"http:\/\/sigillarium.pl\/wp-content\/uploads\/2020\/03\/Karaczyn\u00f3w-Wie\u015b-uchwyt-340x1024.jpg\" alt=\"\" class=\"wp-image-1314\" width=\"121\" height=\"364\" srcset=\"https:\/\/sigillarium.pl\/wp-content\/uploads\/2020\/03\/Karaczyn\u00f3w-Wie\u015b-uchwyt-340x1024.jpg 340w, https:\/\/sigillarium.pl\/wp-content\/uploads\/2020\/03\/Karaczyn\u00f3w-Wie\u015b-uchwyt-100x300.jpg 100w, https:\/\/sigillarium.pl\/wp-content\/uploads\/2020\/03\/Karaczyn\u00f3w-Wie\u015b-uchwyt-511x1536.jpg 511w, https:\/\/sigillarium.pl\/wp-content\/uploads\/2020\/03\/Karaczyn\u00f3w-Wie\u015b-uchwyt-681x2048.jpg 681w, https:\/\/sigillarium.pl\/wp-content\/uploads\/2020\/03\/Karaczyn\u00f3w-Wie\u015b-uchwyt.jpg 754w\" sizes=\"auto, (max-width: 121px) 100vw, 121px\" \/><\/figure>\n<\/div><\/div>\n\n\n\n<div class=\"wp-block-column is-layout-flow wp-block-column-is-layout-flow\" style=\"flex-basis:1%\"><\/div>\n\n\n\n<div class=\"wp-block-column is-layout-flow wp-block-column-is-layout-flow\" style=\"flex-basis:48%\">\n<style> td {font-size: 11px; color: black; font-family: Arial;} <\/style>\n<table style=\"width: 500px; height: 150px;\">\n\t<tr>\n\t\t<td style=\"background-color: #DDDDDD; width:6%; text-align: center; \"><b>1<\/b><\/td>\n\t\t<td style=\"padding-left: 8px;\">kolekcja prywatna<\/td>\n\t<\/tr>\n\t<tr>\n\t\t<td style=\"background-color: #DDDDDD; text-align: center; \"><b>2<\/b><\/td>\n<td style=\"background-color: #FFFF99; white-space: nowrap; padding-left: 8px;\"><b><big><big><a href=\" https:\/\/pl.wikipedia.org\/wiki\/Karaczyn%C3%B3w\"> KARACZYN\u00d3W <\/a> <\/big><\/big><br \/><big>Wie\u015b<\/big><\/b><\/td>\n\t<\/tr>\n\t<tr>\n\t\t<td style=\"background-color: #DDDDDD; text-align: center; \"><b>3a<\/b><\/td>\n\t\t<td style=\"padding-left: 8px;\">mosi\u0105dz<\/td>\n\t<\/tr>\n\t<tr>\n\t\t<td style=\"background-color: #DDDDDD; text-align: center; \"><b>3b<\/b><\/td>\n\t\t<td style=\"padding-left: 8px;\"> drewno <\/td>\n\t<\/tr>\n\t<tr>\n\t\t<td style=\"background-color: #DDDDDD; text-align: center; \"><b>4<\/b><\/td>\n\t\t<td style=\"padding-left: 8px;\">kwadratowa 32 mm x 32 mm<\/td>\n\t<\/tr>\n\t<tr>\n\t\t<td style=\"background-color: #DDDDDD; text-align: center; \"><b>5<\/b><\/td>\n\t\t<td style=\"padding-left: 8px;\">wypuk\u0142oryty<\/td>\n\t<\/tr>\n\t<tr>\n\t\t<td style=\"background-color: #DDDDDD; text-align: center; \"><b>6<\/b><\/td>\n<td style=\"padding-left: 8px;\"> &#8211;<\/td>\n\t<\/tr>\n<tr>\n\t\t<td style=\"background-color: #DDDDDD; text-align: center; \"><b>7<\/b><\/td>\n<td style=\"padding-left: 8px;\"> uchwyt toczony o gruszkowatej ga\u0142ce<\/td>\n\t<\/tr>\n\t<tr>\n\t\t<td style=\"background-color: #DDDDDD; text-align: center; \"><b>7a<\/b><\/td>\n\t\t<td style=\"padding-left: 8px;\">113 mm<\/td>\n\t<\/tr>\n\t<tr>\n\t\t<td style=\"background-color: #DDDDDD; text-align: center; \"><b>7b<\/b><\/td>\n\t\t<td style=\"padding-left: 8px;\">107 mm, w tym uchwyt drewniany 84 mm, skuwka 7,5 mm, trzpie\u0144 mosi\u0119\u017cny 15,5 mm <\/td>\n\t<\/tr>\n\t<tr>\n\t\t<td style=\"background-color: #DDDDDD; text-align: center; \"><b>7c<\/b><\/td>\n\t\t<td style=\"padding-left: 8px;\"> 6 mm<\/td>\n\t<\/tr>\n\t<tr>\n\t\t<td style=\"background-color: #DDDDDD; text-align: center; \"><b>8<\/b><\/td>\n<td style=\"padding-left: 8px;\">&#8211; <\/td>\n\t<\/tr>\n\t<tr>\n\t\t<td style=\"background-color: #DDDDDD; text-align: center; \"><b>9a<\/b><\/td>\n\t\t<td style=\"padding-left: 8px;\">majusku\u0142a<\/td>\n\t<\/tr>\n\t<tr>\n\t\t<td style=\"background-color: #DDDDDD; text-align: center; \"><b>9b<\/b><\/td>\n<td style=\"padding-left: 8px;\"><br\/> w polu, powy\u017cej obrazu napiecz\u0119tnego: <b>WIE\u015a<\/b><br\/>w polu, poni\u017cej obrazu napiecz\u0119tnego: <b> KARACZYN\u00d3W<br\/><br\/><\/td> \n\t<\/tr>\n\t<tr>\n\t\t<td style=\"background-color: #DDDDDD; text-align: center; \"><b>10<\/b><\/td>\n<td style=\"padding-left: 8px;\"> W polu piecz\u0119ci herb Leszczyc, po bokach  dwie ga\u0142\u0119zie palmowe skrzy\u017cowane na dole.  Na zewn\u0105trz, wok\u00f3\u0142 pola piecz\u0119ci, pojedyncze obrze\u017cenie ci\u0105g\u0142e. <\/td>\n<\/tr>\n\t<tr>\n\t\t<td style=\"background-color: #DDDDDD; text-align: center; \"><b>11<\/b><\/td>\n<td style=\"padding-left: 8px;\">&#8211;<\/td>\n\t<\/tr>\n\t<tr>\n\t\t<td style=\"background-color: #DDDDDD; text-align: center; \"><b>12<\/b><\/td>\n<td style=\"padding-left: 8px;\"> &#8211;<\/td>\n\t<\/tr>\n<\/table>\n\n\n\n<p class=\"has-small-font-size\">  <a href=\"http:\/\/sigillarium.pl\/index.php\/legenda-do-opisu-tloka-pieczetnego\/\" target=\"_blank\" rel=\"noreferrer noopener\">Legenda<\/a>  <\/p>\n<\/div>\n<\/div>\n\n\n\n<hr class=\"wp-block-separator has-css-opacity\"\/>\n\n\n\n<div class=\"wp-block-columns is-layout-flex wp-container-core-columns-is-layout-9d6595d7 wp-block-columns-is-layout-flex\">\n<div class=\"wp-block-column is-layout-flow wp-block-column-is-layout-flow\" style=\"flex-basis:5%\"><\/div>\n\n\n\n<div class=\"wp-block-column is-vertically-aligned-center is-layout-flow wp-block-column-is-layout-flow\" style=\"flex-basis:23%\">\n<figure class=\"wp-block-gallery aligncenter has-nested-images columns-default is-cropped wp-block-gallery-2 is-layout-flex wp-block-gallery-is-layout-flex\">\n<figure class=\"wp-block-image size-full is-style-default\"><a href=\"https:\/\/sigillarium.pl\/wp-content\/uploads\/2020\/10\/Krakow-Szkola-4-klasowa-tlok.jpg\"><img loading=\"lazy\" decoding=\"async\" width=\"994\" height=\"996\" data-id=\"8803\" src=\"https:\/\/sigillarium.pl\/wp-content\/uploads\/2020\/10\/Krakow-Szkola-4-klasowa-tlok.jpg\" alt=\"\" class=\"wp-image-8803\" srcset=\"https:\/\/sigillarium.pl\/wp-content\/uploads\/2020\/10\/Krakow-Szkola-4-klasowa-tlok.jpg 994w, https:\/\/sigillarium.pl\/wp-content\/uploads\/2020\/10\/Krakow-Szkola-4-klasowa-tlok-300x300.jpg 300w, https:\/\/sigillarium.pl\/wp-content\/uploads\/2020\/10\/Krakow-Szkola-4-klasowa-tlok-150x150.jpg 150w, https:\/\/sigillarium.pl\/wp-content\/uploads\/2020\/10\/Krakow-Szkola-4-klasowa-tlok-768x770.jpg 768w\" sizes=\"auto, (max-width: 994px) 100vw, 994px\" \/><\/a><\/figure>\n<\/figure>\n<\/div>\n\n\n\n<div class=\"wp-block-column is-layout-flow wp-block-column-is-layout-flow\" style=\"flex-basis:1%\"><\/div>\n\n\n\n<div class=\"wp-block-column is-vertically-aligned-center is-layout-flow wp-block-column-is-layout-flow\" style=\"flex-basis:22%\"><div class=\"wp-block-image\">\n<figure class=\"aligncenter size-large is-resized\"><img loading=\"lazy\" decoding=\"async\" src=\"https:\/\/sigillarium.pl\/wp-content\/uploads\/2020\/10\/Krakow-Szkola-4-klasowa-trzpien.jpg\" alt=\"\" class=\"wp-image-8804\" width=\"226\" height=\"107\"\/><\/figure>\n<\/div><\/div>\n\n\n\n<div class=\"wp-block-column is-layout-flow wp-block-column-is-layout-flow\" style=\"flex-basis:1%\"><\/div>\n\n\n\n<div class=\"wp-block-column is-layout-flow wp-block-column-is-layout-flow\" style=\"flex-basis:48%\">\n<style> td {font-size: 11px; color: black; font-family: Arial;} <\/style>\n<table style=\"width: 500px; height: 150px;\">\n\t<tr>\n\t\t<td style=\"background-color: #DDDDDD; width:6%; text-align: center; \"><b>1<\/b><\/td>\n\t\t<td style=\"padding-left: 8px;\">kolekcja prywatna<\/td>\n\t<\/tr>\n\t<tr>\n\t\t<td style=\"background-color: #DDDDDD; text-align: center; \"><b>2<\/b><\/td>\n<td style=\"background-color: #FFFF99; white-space: nowrap; padding-left: 8px;\"><b><big><big> <a href=\" https:\/\/pl.wikipedia.org\/wiki\/Krak\u00f3w \"> KRAK\u00d3W <\/a> <\/big><\/big><br \/><big> Czwarta Szko\u0142a 4- ro klasowa Miejska <\/big><\/td>\n\t<\/tr>\n\t<tr>\n\t\t<td style=\"background-color: #DDDDDD; text-align: center; \"><b>3a<\/b><\/td>\n\t\t<td style=\"padding-left: 8px;\">mosi\u0105dz<\/td>\n\t<\/tr>\n\t<tr>\n\t\t<td style=\"background-color: #DDDDDD; text-align: center; \"><b>3b<\/b><\/td>\n\t\t<td style=\"padding-left: 8px;\">&#8211; <\/td>\n\t<\/tr>\n\t<tr>\n\t\t<td style=\"background-color: #DDDDDD; text-align: center; \"><b>4<\/b><\/td>\n\t\t<td style=\"padding-left: 8px;\">okr\u0105g\u0142a \u00d8 36,5 mm<\/td>\n\t<\/tr>\n\t<tr>\n\t\t<td style=\"background-color: #DDDDDD; text-align: center; \"><b>5<\/b><\/td>\n\t\t<td style=\"padding-left: 8px;\">wkl\u0119s\u0142oryty<\/td>\n\t<\/tr>\n\t<tr>\n\t\t<td style=\"background-color: #DDDDDD; text-align: center; \"><b>6<\/b><\/td>\n<td style=\"padding-left: 8px;\">na rancie matrycy znacznik prawid\u0142owego ustawienia t\u0142oka<\/td>\n\t<\/tr>\n<tr>\n\t\t<td style=\"background-color: #DDDDDD; text-align: center; \"><b>7<\/b><\/td>\n<td style=\"padding-left: 8px;\">brak uchwytu, trzpie\u0144 do jego nabicia <\/td>\n\t<\/tr>\n\t<tr>\n\t\t<td style=\"background-color: #DDDDDD; text-align: center; \"><b>7a<\/b><\/td>\n\t\t<td style=\"padding-left: 8px;\">38 mm<\/td>\n\t<\/tr>\n\t<tr>\n\t\t<td style=\"background-color: #DDDDDD; text-align: center; \"><b>7b<\/b><\/td>\n<td style=\"padding-left: 8px;\">32 mm<\/td>\n\t<\/tr>\n\t<tr>\n\t\t<td style=\"background-color: #DDDDDD; text-align: center; \"><b>7c<\/b><\/td>\n\t\t<td style=\"padding-left: 8px;\"> 6 mm<\/td>\n\t<\/tr>\n\t<tr>\n\t\t<td style=\"background-color: #DDDDDD; text-align: center; \"><b>8<\/b><\/td>\n<td style=\"padding-left: 8px;\">&#8211;<\/td>\n\t<\/tr>\n\t<tr>\n\t\t<td style=\"background-color: #DDDDDD; text-align: center; \"><b>9a<\/b><\/td>\n\t\t<td style=\"padding-left: 8px;\">majusku\u0142a, minusku\u0142a<\/td>\n\t<\/tr>\n\t<tr>\n\t\t<td style=\"background-color: #DDDDDD; text-align: center; \"><b>9b<\/b><\/td>\n<td style=\"padding-left: 8px;\"> <br \/ >w otoku: <b>CZWARTA SZKO\u0141A 4ro KLASOWA MIEJSKA.<\/b><br \/>w p\u00f3\u0142pier\u015bcieniu dolnym: <b>W KRAKOWIE. <br \/ ><br \/ ><\/td> \n<\/tr>\n\t<tr>\t\n\t\t<td style=\"background-color: #DDDDDD; text-align: center; \"><b>10<\/b><\/td>\n<td style=\"padding-left: 8px;\"> W polu piecz\u0119ci mur ceglany z trzema basztami z okienkami, z kt\u00f3rych \u015brodkowa wy\u017csza i na postumencie, zwie\u0144czonymi krenela\u017cem o trzech blankach ka\u017cda. W murze brama o otwartych podwojach, z okuciami i podniesion\u0105 bron\u0105. W prze\u015bwicie bramy herb Orze\u0142 Bia\u0142y. Ponad basztami zamkni\u0119ta korona. Na zewn\u0105trz, wok\u00f3\u0142 pola piecz\u0119ci, pojedyncze obrze\u017cenie ci\u0105g\u0142e.<td>\n<\/tr>\n\t<tr>\n\t\t<td style=\"background-color: #DDDDDD; text-align: center; \"><b>11<\/b><\/td>\n<td style=\"padding-left: 8px;\">&#8211;<\/td>\n\t<\/tr>\n\t<tr>\n\t\t<td style=\"background-color: #DDDDDD; text-align: center; \"><b>12<\/b><\/td>\n<td style=\"padding-left: 8px;\">&#8211;<\/td>\n\t<\/tr>\n<\/table>\n\n\n\n<p class=\"has-small-font-size\">  <a href=\"http:\/\/sigillarium.pl\/index.php\/legenda-do-opisu-tloka-pieczetnego\/\" target=\"_blank\" rel=\"noreferrer noopener\">Legenda<\/a>  <\/p>\n<\/div>\n<\/div>\n\n\n\n<hr class=\"wp-block-separator has-alpha-channel-opacity\"\/>\n\n\n\n<div class=\"wp-block-columns is-layout-flex wp-container-core-columns-is-layout-9d6595d7 wp-block-columns-is-layout-flex\">\n<div class=\"wp-block-column is-layout-flow wp-block-column-is-layout-flow\" style=\"flex-basis:5%\"><\/div>\n\n\n\n<div class=\"wp-block-column is-vertically-aligned-center is-layout-flow wp-block-column-is-layout-flow\" style=\"flex-basis:23%\">\n<figure class=\"wp-block-gallery aligncenter has-nested-images columns-default is-cropped wp-block-gallery-3 is-layout-flex wp-block-gallery-is-layout-flex\">\n<figure class=\"wp-block-image size-large is-style-default\"><a href=\"https:\/\/sigillarium.pl\/wp-content\/uploads\/2022\/09\/Krakow-Zaklad-Higieny-pieczec-seal-petschaft-siegel-sceau-sigillarium.jpg\"><img loading=\"lazy\" decoding=\"async\" width=\"1024\" height=\"1024\" data-id=\"22072\" src=\"https:\/\/sigillarium.pl\/wp-content\/uploads\/2022\/09\/Krakow-Zaklad-Higieny-pieczec-seal-petschaft-siegel-sceau-sigillarium-1024x1024.jpg\" alt=\"\" class=\"wp-image-22072\" srcset=\"https:\/\/sigillarium.pl\/wp-content\/uploads\/2022\/09\/Krakow-Zaklad-Higieny-pieczec-seal-petschaft-siegel-sceau-sigillarium-1024x1024.jpg 1024w, https:\/\/sigillarium.pl\/wp-content\/uploads\/2022\/09\/Krakow-Zaklad-Higieny-pieczec-seal-petschaft-siegel-sceau-sigillarium-300x300.jpg 300w, https:\/\/sigillarium.pl\/wp-content\/uploads\/2022\/09\/Krakow-Zaklad-Higieny-pieczec-seal-petschaft-siegel-sceau-sigillarium-150x150.jpg 150w, https:\/\/sigillarium.pl\/wp-content\/uploads\/2022\/09\/Krakow-Zaklad-Higieny-pieczec-seal-petschaft-siegel-sceau-sigillarium-768x769.jpg 768w, https:\/\/sigillarium.pl\/wp-content\/uploads\/2022\/09\/Krakow-Zaklad-Higieny-pieczec-seal-petschaft-siegel-sceau-sigillarium.jpg 1063w\" sizes=\"auto, (max-width: 1024px) 100vw, 1024px\" \/><\/a><\/figure>\n<\/figure>\n<\/div>\n\n\n\n<div class=\"wp-block-column is-layout-flow wp-block-column-is-layout-flow\" style=\"flex-basis:1%\"><\/div>\n\n\n\n<div class=\"wp-block-column is-vertically-aligned-center is-layout-flow wp-block-column-is-layout-flow\" style=\"flex-basis:22%\"><div class=\"wp-block-image\">\n<figure class=\"aligncenter size-full is-resized\"><img loading=\"lazy\" decoding=\"async\" src=\"https:\/\/sigillarium.pl\/wp-content\/uploads\/2022\/09\/Krakow-Zaklad-Higieny-pieczec-uchwyt-seal-petschaft-siegel-sceau-sigillarium.jpg\" alt=\"\" class=\"wp-image-22073\" width=\"118\" height=\"385\" srcset=\"https:\/\/sigillarium.pl\/wp-content\/uploads\/2022\/09\/Krakow-Zaklad-Higieny-pieczec-uchwyt-seal-petschaft-siegel-sceau-sigillarium.jpg 300w, https:\/\/sigillarium.pl\/wp-content\/uploads\/2022\/09\/Krakow-Zaklad-Higieny-pieczec-uchwyt-seal-petschaft-siegel-sceau-sigillarium-92x300.jpg 92w\" sizes=\"auto, (max-width: 118px) 100vw, 118px\" \/><\/figure>\n<\/div><\/div>\n\n\n\n<div class=\"wp-block-column is-layout-flow wp-block-column-is-layout-flow\" style=\"flex-basis:1%\"><\/div>\n\n\n\n<div class=\"wp-block-column is-layout-flow wp-block-column-is-layout-flow\" style=\"flex-basis:48%\">\n<style> td {font-size: 11px; color: black; font-family: Arial;} <\/style>\n<table style=\"width: 500px; height: 150px;\">\n\t<tr>\n\t\t<td style=\"background-color: #DDDDDD; width:6%; text-align: center; \"><b>1<\/b><\/td>\n\t\t<td style=\"padding-left: 8px;\">kolekcja prywatna<\/td>\n\t<\/tr>\n\t<tr>\n\t\t<td style=\"background-color: #DDDDDD; text-align: center; \"><b>2<\/b><\/td>\n<td style=\"background-color: #FFFF99; white-space: nowrap; padding-left: 8px;\"><b><big><big> <a href=\" https:\/\/pl.wikipedia.org\/wiki\/Krak%C3%B3w\">KRAK\u00d3W <\/a> <\/big><\/big><br \/><big> Zak\u0142ad Higieny<\/big><\/td> \n\t<\/tr>\n\t<tr>\n\t\t<td style=\"background-color: #DDDDDD; text-align: center; \"><b>3a<\/b><\/td>\n\t\t<td style=\"padding-left: 8px;\">mosi\u0105dz<\/td>\n\t<\/tr>\n\t<tr>\n\t\t<td style=\"background-color: #DDDDDD; text-align: center; \"><b>3b<\/b><\/td>\n\t\t<td style=\"padding-left: 8px;\">drewno<\/td>\n\t<\/tr>\n\t<tr>\n\t\t<td style=\"background-color: #DDDDDD; text-align: center; \"><b>4<\/b><\/td>\n\t\t<td style=\"padding-left: 8px;\">okr\u0105g\u0142a \u00d8  30 mm<\/td>\n\t<\/tr>\n\t<tr>\n\t\t<td style=\"background-color: #DDDDDD; text-align: center; \"><b>5<\/b><\/td>\n\t\t<td style=\"padding-left: 8px;\">wkl\u0119s\u0142oryty<\/td>\n\t<\/tr>\n\t<tr>\n\t\t<td style=\"background-color: #DDDDDD; text-align: center; \"><b>6<\/b><\/td>\n<td style=\"padding-left: 8px;\">&#8211; <\/td>\n\t<\/tr>\n<tr>\n\t\t<td style=\"background-color: #DDDDDD; text-align: center; \"><b>7<\/b><\/td>\n<td style=\"padding-left: 8px;\"> uchwyt toczony o kulistej ga\u0142ce <\/td>\n\t<\/tr>\n\t<tr>\n\t\t<td style=\"background-color: #DDDDDD; text-align: center; \"><b>7a<\/b><\/td>\n\t\t<td style=\"padding-left: 8px;\"> 109 mm<\/td>\n\t<\/tr>\n\t<tr>\n\t\t<td style=\"background-color: #DDDDDD; text-align: center; \"><b>7b<\/b><\/td>\n<td style=\"padding-left: 8px;\">104,5 mm, w tym stopka 6,5 mm, cok\u00f3\u0142 7,5 mm, stanowi\u0105ce z matryc\u0105 jedn\u0105 ca\u0142o\u015b\u0107, <br \/>skuwka 9 mm (\u00d8  14 mm) <\/td>\n\t<\/tr>\n\t<tr>\n\t\t<td style=\"background-color: #DDDDDD; text-align: center; \"><b>7c<\/b><\/td>\n\t\t<td style=\"padding-left: 8px;\"> 4,5 mm<\/td>\n\t<\/tr>\n\t<tr>\n\t\t<td style=\"background-color: #DDDDDD; text-align: center; \"><b>8<\/b><\/td>\n<td style=\"padding-left: 8px;\">&#8211; <\/td>\n\t<\/tr>\n\t<tr>\n\t\t<td style=\"background-color: #DDDDDD; text-align: center; \"><b>9a<\/b><\/td>\n\t\t<td style=\"padding-left: 8px;\">majusku\u0142a, minusku\u0142a <\/td>\n\t<\/tr>\n\t<tr>\n\t\t<td style=\"background-color: #DDDDDD; text-align: center; \"><b>9b<\/b><\/td>\n<td style=\"padding-left: 8px;\"> <br \/>w p\u00f3\u0142otoku g\u00f3rnym: <b> * ZAK\u0141AD HYGIENY * <\/b><br \/>w p\u00f3\u0142otoku dolnym: <b> w KRAKOWIE. <\/b><br \/> <br \/><\/td> \n<\/tr>\n\t<tr>\t\n\t\t<td style=\"background-color: #DDDDDD; text-align: center; \"><b>10<\/b><\/td>\n<td style=\"padding-left: 8px;\"> W polu piecz\u0119ci tarcza dwudzielna w s\u0142up. W polu pierwszym dwa skrzy\u017cowane ber\u0142a, w polu drugim laska Eskulapa. Tarcza zwie\u0144czona koron\u0105 zamkni\u0119t\u0105 z krzy\u017cem. Na zewn\u0105trz, wok\u00f3\u0142 pola piecz\u0119ci, podw\u00f3jne obrze\u017cenie ci\u0105g\u0142e. <\/td>\n<\/tr>\n\t<tr>\n\t\t<td style=\"background-color: #DDDDDD; text-align: center; \"><b>11<\/b><\/td>\n<td style=\"padding-left: 8px;\">&#8211;<\/td>\n\t<\/tr>\n\t<tr>\n\t\t<td style=\"background-color: #DDDDDD; text-align: center; \"><b>12<\/b><\/td>\n<td style=\"padding-left: 8px;\">&#8211; <\/td>\n\t<\/tr>\n<\/table>\n\n\n\n<p class=\"has-small-font-size\">  <a href=\"http:\/\/sigillarium.pl\/index.php\/legenda-do-opisu-tloka-pieczetnego\/\" target=\"_blank\" rel=\"noreferrer noopener\">Legenda<\/a>  <\/p>\n<\/div>\n<\/div>\n\n\n\n<hr class=\"wp-block-separator has-css-opacity\"\/>\n\n\n\n<div class=\"wp-block-columns is-layout-flex wp-container-core-columns-is-layout-9d6595d7 wp-block-columns-is-layout-flex\">\n<div class=\"wp-block-column is-layout-flow wp-block-column-is-layout-flow\" style=\"flex-basis:5%\"><\/div>\n\n\n\n<div class=\"wp-block-column is-vertically-aligned-center is-layout-flow wp-block-column-is-layout-flow\" style=\"flex-basis:23%\">\n<figure class=\"wp-block-gallery aligncenter has-nested-images columns-default is-cropped wp-block-gallery-4 is-layout-flex wp-block-gallery-is-layout-flex\">\n<figure class=\"wp-block-image size-full is-style-default\"><a href=\"https:\/\/sigillarium.pl\/wp-content\/uploads\/2020\/10\/Miecino-Rada-Szkolna-tlok.jpg\"><img loading=\"lazy\" decoding=\"async\" width=\"827\" height=\"810\" data-id=\"8809\" src=\"https:\/\/sigillarium.pl\/wp-content\/uploads\/2020\/10\/Miecino-Rada-Szkolna-tlok.jpg\" alt=\"\" class=\"wp-image-8809\" srcset=\"https:\/\/sigillarium.pl\/wp-content\/uploads\/2020\/10\/Miecino-Rada-Szkolna-tlok.jpg 827w, https:\/\/sigillarium.pl\/wp-content\/uploads\/2020\/10\/Miecino-Rada-Szkolna-tlok-300x294.jpg 300w, https:\/\/sigillarium.pl\/wp-content\/uploads\/2020\/10\/Miecino-Rada-Szkolna-tlok-768x752.jpg 768w\" sizes=\"auto, (max-width: 827px) 100vw, 827px\" \/><\/a><\/figure>\n<\/figure>\n<\/div>\n\n\n\n<div class=\"wp-block-column is-layout-flow wp-block-column-is-layout-flow\" style=\"flex-basis:1%\"><\/div>\n\n\n\n<div class=\"wp-block-column is-vertically-aligned-center is-layout-flow wp-block-column-is-layout-flow\" style=\"flex-basis:22%\"><div class=\"wp-block-image\">\n<figure class=\"aligncenter size-large is-resized\"><img loading=\"lazy\" decoding=\"async\" src=\"https:\/\/sigillarium.pl\/wp-content\/uploads\/2020\/10\/Miecino-Rada-Szkolna-uchwyt-2.jpg\" alt=\"\" class=\"wp-image-8810\" width=\"147\" height=\"247\"\/><\/figure>\n<\/div><\/div>\n\n\n\n<div class=\"wp-block-column is-layout-flow wp-block-column-is-layout-flow\" style=\"flex-basis:1%\"><\/div>\n\n\n\n<div class=\"wp-block-column is-layout-flow wp-block-column-is-layout-flow\" style=\"flex-basis:48%\">\n<style> td {font-size: 11px; color: black; font-family: Arial;} <\/style>\n<table style=\"width: 500px; height: 150px;\">\n\t<tr>\n\t\t<td style=\"background-color: #DDDDDD; width:6%; text-align: center; \"><b>1<\/b><\/td>\n\t\t<td style=\"padding-left: 8px;\">kolekcja prywatna<\/td>\n\t<\/tr>\n\t<tr>\n\t\t<td style=\"background-color: #DDDDDD; text-align: center; \"><b>2<\/b><\/td>\n<td style=\"background-color: #FFFF99; white-space: nowrap; padding-left: 8px;\"><b><big><big> <a href=\" https:\/\/pl.wikipedia.org\/wiki\/M%C4%99cina \"> M\u0118CINA  <\/a> <\/a> <\/big><\/big><br \/><big> Rada Szkolna miejscowa<\/big><\/td>\n\t<\/tr>\n\t<tr>\n\t\t<td style=\"background-color: #DDDDDD; text-align: center; \"><b>3a<\/b><\/td>\n\t\t<td style=\"padding-left: 8px;\">mosi\u0105dz<\/td>\n\t<\/tr>\n\t<tr>\n\t\t<td style=\"background-color: #DDDDDD; text-align: center; \"><b>3b<\/b><\/td>\n\t\t<td style=\"padding-left: 8px;\">mosi\u0105dz<\/td>\n\t<\/tr>\n\t<tr>\n\t\t<td style=\"background-color: #DDDDDD; text-align: center; \"><b>4<\/b><\/td>\n\t\t<td style=\"padding-left: 8px;\">okr\u0105g\u0142a \u00d8 25 mm<\/td>\n\t<\/tr>\n\t<tr>\n\t\t<td style=\"background-color: #DDDDDD; text-align: center; \"><b>5<\/b><\/td>\n\t\t<td style=\"padding-left: 8px;\">wkl\u0119s\u0142oryty<\/td>\n\t<\/tr>\n\t<tr>\n\t\t<td style=\"background-color: #DDDDDD; text-align: center; \"><b>6<\/b><\/td>\n<td style=\"padding-left: 8px;\">&#8211;<\/td>\n\t<\/tr>\n<tr>\n\t\t<td style=\"background-color: #DDDDDD; text-align: center; \"><b>7<\/b><\/td>\n<td style=\"padding-left: 8px;\">uchwyt toczony, na\u015bladuj\u0105cy w formie tralk\u0119 <\/td>\n\t<\/tr>\n\t<tr>\n\t\t<td style=\"background-color: #DDDDDD; text-align: center; \"><b>7a<\/b><\/td>\n\t\t<td style=\"padding-left: 8px;\">45,5 mm<\/td>\n\t<\/tr>\n\t<tr>\n\t\t<td style=\"background-color: #DDDDDD; text-align: center; \"><b>7b<\/b><\/td>\n<td style=\"padding-left: 8px;\">42,5 mm<\/td>\n\t<\/tr>\n\t<tr>\n\t\t<td style=\"background-color: #DDDDDD; text-align: center; \"><b>7c<\/b><\/td>\n\t\t<td style=\"padding-left: 8px;\"> 3 mm<\/td>\n\t<\/tr>\n\t<tr>\n\t\t<td style=\"background-color: #DDDDDD; text-align: center; \"><b>8<\/b><\/td>\n<td style=\"padding-left: 8px;\">&#8211;<\/td>\n\t<\/tr>\n\t<tr>\n\t\t<td style=\"background-color: #DDDDDD; text-align: center; \"><b>9a<\/b><\/td>\n\t\t<td style=\"padding-left: 8px;\">majusku\u0142a, minusku\u0142a<\/td>\n\t<\/tr>\n\t<tr>\n\t\t<td style=\"background-color: #DDDDDD; text-align: center; \"><b>9b<\/b><\/td>\n<td style=\"padding-left: 8px;\"> <br \/>w p\u00f3\u0142otoku g\u00f3rnym:<b> Rada Szkolna<\/b><br \/>\nw polu: <b> miejscowa <\/b><br \/>\nw p\u00f3\u0142otoku dolnym:<b> w M\u0119cinie<br \/><br \/><\/td> \n<\/tr>\n\t<tr>\t\n\t\t<td style=\"background-color: #DDDDDD; text-align: center; \"><b>10<\/b><\/td>\n<td style=\"padding-left: 8px;\"> W polu piecz\u0119ci napis. Na zewn\u0105trz, wok\u00f3\u0142 pola piecz\u0119ci, pojedyncze obrze\u017cenie ci\u0105g\u0142e.<td>\n<\/tr>\n\t<tr>\n\t\t<td style=\"background-color: #DDDDDD; text-align: center; \"><b>11<\/b><\/td>\n<td style=\"padding-left: 8px;\">&#8211;<\/td>\n\t<\/tr>\n\t<tr>\n\t\t<td style=\"background-color: #DDDDDD; text-align: center; \"><b>12<\/b><\/td>\n<td style=\"padding-left: 8px;\">&#8211;<\/td>\n\t<\/tr>\n<\/table>\n\n\n\n<p class=\"has-small-font-size\">  <a href=\"http:\/\/sigillarium.pl\/index.php\/legenda-do-opisu-tloka-pieczetnego\/\" target=\"_blank\" rel=\"noreferrer noopener\">Legenda<\/a>  <\/p>\n<\/div>\n<\/div>\n\n\n\n<hr class=\"wp-block-separator has-css-opacity\"\/>\n\n\n\n<div class=\"wp-block-columns is-layout-flex wp-container-core-columns-is-layout-9d6595d7 wp-block-columns-is-layout-flex\">\n<div class=\"wp-block-column is-layout-flow wp-block-column-is-layout-flow\" style=\"flex-basis:5%\"><\/div>\n\n\n\n<div class=\"wp-block-column is-vertically-aligned-center is-layout-flow wp-block-column-is-layout-flow\" style=\"flex-basis:23%\">\n<figure class=\"wp-block-gallery aligncenter has-nested-images columns-default is-cropped wp-block-gallery-5 is-layout-flex wp-block-gallery-is-layout-flex\">\n<figure class=\"wp-block-image size-full is-style-default\"><a href=\"https:\/\/sigillarium.pl\/wp-content\/uploads\/2022\/04\/Olesko-Zwierzchnosc-gminy-krolewskiego-miasta-pieczec-seal-petschaft-siegel-sceau-sigillo-1-jpg.jpg\"><img loading=\"lazy\" decoding=\"async\" width=\"1002\" height=\"981\" data-id=\"20144\" src=\"https:\/\/sigillarium.pl\/wp-content\/uploads\/2022\/04\/Olesko-Zwierzchnosc-gminy-krolewskiego-miasta-pieczec-seal-petschaft-siegel-sceau-sigillo-1-jpg.jpg\" alt=\"\" class=\"wp-image-20144\" srcset=\"https:\/\/sigillarium.pl\/wp-content\/uploads\/2022\/04\/Olesko-Zwierzchnosc-gminy-krolewskiego-miasta-pieczec-seal-petschaft-siegel-sceau-sigillo-1-jpg.jpg 1002w, https:\/\/sigillarium.pl\/wp-content\/uploads\/2022\/04\/Olesko-Zwierzchnosc-gminy-krolewskiego-miasta-pieczec-seal-petschaft-siegel-sceau-sigillo-1-jpg-300x294.jpg 300w, https:\/\/sigillarium.pl\/wp-content\/uploads\/2022\/04\/Olesko-Zwierzchnosc-gminy-krolewskiego-miasta-pieczec-seal-petschaft-siegel-sceau-sigillo-1-jpg-768x752.jpg 768w\" sizes=\"auto, (max-width: 1002px) 100vw, 1002px\" \/><\/a><\/figure>\n<\/figure>\n<\/div>\n\n\n\n<div class=\"wp-block-column is-layout-flow wp-block-column-is-layout-flow\" style=\"flex-basis:1%\"><\/div>\n\n\n\n<div class=\"wp-block-column is-vertically-aligned-center is-layout-flow wp-block-column-is-layout-flow\" style=\"flex-basis:22%\"><div class=\"wp-block-image\">\n<figure class=\"aligncenter size-full\"><img loading=\"lazy\" decoding=\"async\" width=\"549\" height=\"355\" src=\"https:\/\/sigillarium.pl\/wp-content\/uploads\/2022\/03\/Olesko-Zwierzchnosc-gminy-krolewskiego-miasta-uchwyt-seal-petschaft-siegel-sceau-sigillo.jpg.jpg\" alt=\"\" class=\"wp-image-19973\" srcset=\"https:\/\/sigillarium.pl\/wp-content\/uploads\/2022\/03\/Olesko-Zwierzchnosc-gminy-krolewskiego-miasta-uchwyt-seal-petschaft-siegel-sceau-sigillo.jpg.jpg 549w, https:\/\/sigillarium.pl\/wp-content\/uploads\/2022\/03\/Olesko-Zwierzchnosc-gminy-krolewskiego-miasta-uchwyt-seal-petschaft-siegel-sceau-sigillo.jpg-300x194.jpg 300w\" sizes=\"auto, (max-width: 549px) 100vw, 549px\" \/><\/figure>\n<\/div><\/div>\n\n\n\n<div class=\"wp-block-column is-layout-flow wp-block-column-is-layout-flow\" style=\"flex-basis:1%\"><\/div>\n\n\n\n<div class=\"wp-block-column is-layout-flow wp-block-column-is-layout-flow\" style=\"flex-basis:48%\">\n<style> td {font-size: 11px; color: black; font-family: Arial;} <\/style>\n<table style=\"width: 500px; height: 150px;\">\n\t<tbody><tr>\n\t\t<td style=\"background-color: #DDDDDD; width:6%; text-align: center; \"><b>1<\/b><\/td>\n\t\t<td style=\"padding-left: 8px;\">kolekcja prywatna<\/td>\n\t<\/tr>\n\t<tr>\n\t\t<td style=\"background-color: #DDDDDD; text-align: center; \"><b>2<\/b><\/td>\n<td style=\"background-color: #FFFF99; white-space: nowrap; padding-left: 8px;\"><b><big><big> <a href=\"https:\/\/pl.wikipedia.org\/wiki\/Olesko\"> OLESKO [UKRAINA]<\/a> <\/big><\/big><br><big> Zwierzchno\u015b\u0107 Gminy Kr\u00f3lewskiego Miasta<\/big><\/b><\/td>\n\t<\/tr>\n\t<tr>\n\t\t<td style=\"background-color: #DDDDDD; text-align: center; \"><b>3a<\/b><\/td>\n\t\t<td style=\"padding-left: 8px;\">mosi\u0105dz<\/td>\n\t<\/tr>\n\t<tr>\n\t\t<td style=\"background-color: #DDDDDD; text-align: center; \"><b>3b<\/b><\/td>\n\t\t<td style=\"padding-left: 8px;\">&#8211;<\/td>\n\t<\/tr>\n\t<tr>\n\t\t<td style=\"background-color: #DDDDDD; text-align: center; \"><b>4<\/b><\/td>\n\t\t<td style=\"padding-left: 8px;\">okr\u0105g\u0142a \u00d8 51 mm<\/td>\n\t<\/tr>\n\t<tr>\n\t\t<td style=\"background-color: #DDDDDD; text-align: center; \"><b>5<\/b><\/td>\n\t\t<td style=\"padding-left: 8px;\">wkl\u0119s\u0142oryty<\/td>\n\t<\/tr>\n\t<tr>\n\t\t<td style=\"background-color: #DDDDDD; text-align: center; \"><b>6<\/b><\/td>\n<td style=\"padding-left: 8px;\"> na rancie znak prawid\u0142owego ustawienia t\u0142oka<\/td>\n\t<\/tr>\n<tr>\n\t\t<td style=\"background-color: #DDDDDD; text-align: center; \"><b>7<\/b><\/td>\n<td style=\"padding-left: 8px;\">brak, stopka i cok\u00f3\u0142 z u\u0142amanym trzpieniem<\/td>\n\t<\/tr>\n\t<tr>\n\t\t<td style=\"background-color: #DDDDDD; text-align: center; \"><b>7a<\/b><\/td>\n\t\t<td style=\"padding-left: 8px;\">25 mm<\/td>\n\t<\/tr>\n\t<tr>\n\t\t<td style=\"background-color: #DDDDDD; text-align: center; \"><b>7b<\/b><\/td>\n\t\t<td style=\"padding-left: 8px;\">18 mm, w tym stopka 4 mm (owalna 26 x 39 mm) i cok\u00f3\u0142 7 mm <\/td>\n\t<\/tr>\n\t<tr>\n\t\t<td style=\"background-color: #DDDDDD; text-align: center; \"><b>7c<\/b><\/td>\n\t\t<td style=\"padding-left: 8px;\">7 mm<\/td>\n\t<\/tr>\n\t<tr>\n\t\t<td style=\"background-color: #DDDDDD; text-align: center; \"><b>8<\/b><\/td>\n<td style=\"padding-left: 8px;\">&#8211;<\/td>\n\t<\/tr>\n\t<tr>\n\t\t<td style=\"background-color: #DDDDDD; text-align: center; \"><b>9a<\/b><\/td>\n\t\t<td style=\"padding-left: 8px;\">majusku\u0142a<\/td>\n\t<\/tr>\n\t<tr>\n\t\t<td style=\"background-color: #DDDDDD; text-align: center; \"><b>9b<\/b><\/td>\n<td style=\"padding-left: 8px;\"><br> otoku:  <b>\u25ca ZWIERZCHNO\u015a\u0106 GMINY KR\u00d3L <i> (ewskiego):<\/i> MIASTA \u25ca \/\/ OLESKO<\/b><br><br><\/td> \n\t<\/tr>\n\t<tr>\n\t\t<td style=\"background-color: #DDDDDD; text-align: center; \"><b>10<\/b><\/td>\n<td style=\"padding-left: 8px;\"> W polu piecz\u0119ci, oddzielonym od pola legendy obrze\u017ceniem \u0142a\u0144cuszkowym, tarcza renesansowa czw\u00f3rdzielna w krzy\u017c.  W polu pierwszym herb P\u00f3\u0142\u015bwiat?, w polu drugim herb Paw\u0119za ?, w polu trzecim herb Korczak i czwartym herb Top\u00f3r. Nad tarcz\u0105  korona o pi\u0119ciu fleuronach i czterech pa\u0142kach. Na zewn\u0105trz, wok\u00f3\u0142 pola legendy, podw\u00f3jne obrze\u017cenie ci\u0105gle i pere\u0142kowe.<\/td>\n<\/tr>\n\t<tr>\n\t\t<td style=\"background-color: #DDDDDD; text-align: center; \"><b>11<\/b><\/td>\n<td style=\"padding-left: 8px;\">&#8211;<\/td>\n\t<\/tr>\n\t<tr>\n\t\t<td style=\"background-color: #DDDDDD; text-align: center; \"><b>12<\/b><\/td>\n<td style=\"padding-left: 8px;\">&#8211;<\/td>\n\t<\/tr>\n<\/tbody><\/table>\n\n\n\n<p class=\"has-small-font-size\">  <a href=\"http:\/\/sigillarium.pl\/index.php\/legenda-do-opisu-tloka-pieczetnego\/\" target=\"_blank\" rel=\"noreferrer noopener\">Legenda<\/a>  <\/p>\n<\/div>\n<\/div>\n\n\n\n<hr class=\"wp-block-separator has-css-opacity\"\/>\n\n\n\n<div class=\"wp-block-columns is-layout-flex wp-container-core-columns-is-layout-9d6595d7 wp-block-columns-is-layout-flex\">\n<div class=\"wp-block-column is-layout-flow wp-block-column-is-layout-flow\" style=\"flex-basis:5%\"><\/div>\n\n\n\n<div class=\"wp-block-column is-vertically-aligned-center is-layout-flow wp-block-column-is-layout-flow\" style=\"flex-basis:23%\">\n<figure class=\"wp-block-gallery aligncenter has-nested-images columns-default is-cropped wp-block-gallery-6 is-layout-flex wp-block-gallery-is-layout-flex\">\n<figure class=\"wp-block-image size-full is-style-default\"><a href=\"https:\/\/sigillarium.pl\/wp-content\/uploads\/2021\/06\/Podhajce_Wydzial_powiatowy_pieczec_seal_petschaft_siegel_sceau_sigillarium-1.jpg\"><img loading=\"lazy\" decoding=\"async\" width=\"948\" height=\"953\" data-id=\"14010\" src=\"https:\/\/sigillarium.pl\/wp-content\/uploads\/2021\/06\/Podhajce_Wydzial_powiatowy_pieczec_seal_petschaft_siegel_sceau_sigillarium-1.jpg\" alt=\"\" class=\"wp-image-14010\" srcset=\"https:\/\/sigillarium.pl\/wp-content\/uploads\/2021\/06\/Podhajce_Wydzial_powiatowy_pieczec_seal_petschaft_siegel_sceau_sigillarium-1.jpg 948w, https:\/\/sigillarium.pl\/wp-content\/uploads\/2021\/06\/Podhajce_Wydzial_powiatowy_pieczec_seal_petschaft_siegel_sceau_sigillarium-1-298x300.jpg 298w, https:\/\/sigillarium.pl\/wp-content\/uploads\/2021\/06\/Podhajce_Wydzial_powiatowy_pieczec_seal_petschaft_siegel_sceau_sigillarium-1-150x150.jpg 150w, https:\/\/sigillarium.pl\/wp-content\/uploads\/2021\/06\/Podhajce_Wydzial_powiatowy_pieczec_seal_petschaft_siegel_sceau_sigillarium-1-768x772.jpg 768w\" sizes=\"auto, (max-width: 948px) 100vw, 948px\" \/><\/a><\/figure>\n<\/figure>\n<\/div>\n\n\n\n<div class=\"wp-block-column is-layout-flow wp-block-column-is-layout-flow\" style=\"flex-basis:1%\"><\/div>\n\n\n\n<div class=\"wp-block-column is-vertically-aligned-center is-layout-flow wp-block-column-is-layout-flow\" style=\"flex-basis:22%\"><div class=\"wp-block-image\">\n<figure class=\"aligncenter size-full is-resized\"><img loading=\"lazy\" decoding=\"async\" src=\"https:\/\/sigillarium.pl\/wp-content\/uploads\/2021\/06\/Podhajce_Wydzial_powiatowy_rewers_pieczec_seal_petschaft_siegel_sceau_sigillarium-1.jpg\" alt=\"\" class=\"wp-image-14011\" width=\"247\" height=\"247\" srcset=\"https:\/\/sigillarium.pl\/wp-content\/uploads\/2021\/06\/Podhajce_Wydzial_powiatowy_rewers_pieczec_seal_petschaft_siegel_sceau_sigillarium-1.jpg 1005w, https:\/\/sigillarium.pl\/wp-content\/uploads\/2021\/06\/Podhajce_Wydzial_powiatowy_rewers_pieczec_seal_petschaft_siegel_sceau_sigillarium-1-300x300.jpg 300w, https:\/\/sigillarium.pl\/wp-content\/uploads\/2021\/06\/Podhajce_Wydzial_powiatowy_rewers_pieczec_seal_petschaft_siegel_sceau_sigillarium-1-150x150.jpg 150w, https:\/\/sigillarium.pl\/wp-content\/uploads\/2021\/06\/Podhajce_Wydzial_powiatowy_rewers_pieczec_seal_petschaft_siegel_sceau_sigillarium-1-768x770.jpg 768w\" sizes=\"auto, (max-width: 247px) 100vw, 247px\" \/><\/figure>\n<\/div><\/div>\n\n\n\n<div class=\"wp-block-column is-layout-flow wp-block-column-is-layout-flow\" style=\"flex-basis:1%\"><\/div>\n\n\n\n<div class=\"wp-block-column is-layout-flow wp-block-column-is-layout-flow\" style=\"flex-basis:48%\">\n<style> td {font-size: 11px; color: black; font-family: Arial;} <\/style>\n<table style=\"width: 500px; height: 150px;\">\n\t<tbody><tr>\n\t\t<td style=\"background-color: #DDDDDD; width:6%; text-align: center; \"><b>1<\/b><\/td>\n\t\t<td style=\"padding-left: 8px;\">kolekcja prywatna<\/td>\n\t<\/tr>\n\t<tr>\n\t\t<td style=\"background-color: #DDDDDD; text-align: center; \"><b>2<\/b><\/td>\n<td style=\"background-color: #FFFF99; white-space: nowrap; padding-left: 8px;\"><b><big><big><a href=\" https:\/\/pl.wikipedia.org\/wiki\/Podhajce \">PODHAJCE<\/a><\/big><\/big><br><big> Wydzia\u0142 Powiatowy<\/big><\/b><\/td>\n\t<\/tr>\n\t<tr>\n\t\t<td style=\"background-color: #DDDDDD; text-align: center; \"><b>3a<\/b><\/td>\n\t\t<td style=\"padding-left: 8px;\">mosi\u0105dz<\/td>\n\t<\/tr>\n\t<tr>\n\t\t<td style=\"background-color: #DDDDDD; text-align: center; \"><b>3b<\/b><\/td>\n\t\t<td style=\"padding-left: 8px;\"> &#8211; <\/td>\n\t<\/tr>\n\t<tr>\n\t\t<td style=\"background-color: #DDDDDD; text-align: center; \"><b>4<\/b><\/td>\n<td style=\"padding-left: 8px;\"> okr\u0105g\u0142a \u00d8 32,5 mm  <\/td>\n\t<\/tr>\n\t<tr>\n\t\t<td style=\"background-color: #DDDDDD; text-align: center; \"><b>5<\/b><\/td>\n\t\t<td style=\"padding-left: 8px;\">wkl\u0119s\u0142oryty<\/td>\n\t<\/tr>\n\t<tr>\n\t\t<td style=\"background-color: #DDDDDD; text-align: center; \"><b>6<\/b><\/td>\n<td style=\"padding-left: 8px;\">&#8211;<\/td>\n\t<\/tr>\n<tr>\n\t\t<td style=\"background-color: #DDDDDD; text-align: center; \"><b>7<\/b><\/td>\n<td style=\"padding-left: 8px;\">brak, \u015blad po tulei do mocowania uchwytu <\/td>\n\t<\/tr>\n\t<tr>\n\t\t<td style=\"background-color: #DDDDDD; text-align: center; \"><b>7a<\/b><\/td>\n\t\t<td style=\"padding-left: 8px;\">7,5 mm<\/td>\n\t<\/tr>\n\t<tr>\n\t\t<td style=\"background-color: #DDDDDD; text-align: center; \"><b>7b<\/b><\/td>\n<td style=\"padding-left: 8px;\">0,5 mm, \u015blad po tulei do mocowania uchwytu <\/td>\n\t<\/tr>\n\t<tr>\n\t\t<td style=\"background-color: #DDDDDD; text-align: center; \"><b>7c<\/b><\/td>\n\t\t<td style=\"padding-left: 8px;\"> 7 mm<\/td>\n\t<\/tr>\n\t<tr>\n\t\t<td style=\"background-color: #DDDDDD; text-align: center; \"><b>8<\/b><\/td>\n<td style=\"padding-left: 8px;\">&#8211;<\/td>\n\t<\/tr>\n\t<tr>\n\t\t<td style=\"background-color: #DDDDDD; text-align: center; \"><b>9a<\/b><\/td>\n\t\t<td style=\"padding-left: 8px;\">majusku\u0142a<\/td>\n\t<\/tr>\n\t<tr>\n\t\t<td style=\"background-color: #DDDDDD; text-align: center; \"><b>9b<\/b><\/td>\n<td style=\"padding-left: 8px;\"><br> w g\u00f3rnym p\u00f3\u0142otoku: <b>* WYDZIA\u0141 POWIATOWY *<\/b><br> w dolnym p\u00f3\u0142otoku:<b> W PODHAJCACH<br><br><\/b><\/td> \n<\/tr>\n\t<tr>\t\n\t\t<td style=\"background-color: #DDDDDD; text-align: center; \"><b>10<\/b><\/td>\n<td style=\"padding-left: 8px;\"> W polu piecz\u0119ci herb Galicji i Lodomerii; tarcza typu francuskiego dzielona w krzy\u017c, w polu pierwszym trzy korony u\u0142o\u017cone w pas 2-1, w polu drugim dwie belki u\u0142o\u017cone wpas, w polu trzecim orze\u0142 z po\u0142o\u017con\u0105 na nim liter\u0105 O, w polu czwartym orze\u0142 z po\u0142o\u017con\u0105 na nim liter\u0105 Z. Nad tarcz\u0105 kr\u00f3lewska korona zamkni\u0119ta. Na zewn\u0105trz, wok\u00f3\u0142 pola piecz\u0119ci, pojedyncze obrze\u017cenie ci\u0105g\u0142e.<\/td><td>\n<\/td><\/tr>\n\t<tr>\n\t\t<td style=\"background-color: #DDDDDD; text-align: center; \"><b>11<\/b><\/td>\n<td style=\"padding-left: 8px;\">&#8211;<\/td>\n\t<\/tr>\n\t<tr>\n\t\t<td style=\"background-color: #DDDDDD; text-align: center; \"><b>12<\/b><\/td>\n<td style=\"padding-left: 8px;\"> &#8211; <\/td>\n\t<\/tr>\n<\/tbody><\/table>\n\n\n\n<p class=\"has-small-font-size\">  <a href=\"http:\/\/sigillarium.pl\/index.php\/legenda-do-opisu-tloka-pieczetnego\/\" target=\"_blank\" rel=\"noreferrer noopener\">Legenda<\/a>  <\/p>\n<\/div>\n<\/div>\n\n\n\n<hr class=\"wp-block-separator has-css-opacity\"\/>\n\n\n\n<div class=\"wp-block-columns is-layout-flex wp-container-core-columns-is-layout-9d6595d7 wp-block-columns-is-layout-flex\">\n<div class=\"wp-block-column is-layout-flow wp-block-column-is-layout-flow\" style=\"flex-basis:5%\"><\/div>\n\n\n\n<div class=\"wp-block-column is-vertically-aligned-center is-layout-flow wp-block-column-is-layout-flow\" style=\"flex-basis:23%\">\n<figure class=\"wp-block-gallery aligncenter has-nested-images columns-default is-cropped wp-block-gallery-7 is-layout-flex wp-block-gallery-is-layout-flex\">\n<figure class=\"wp-block-image size-full is-style-default\"><a href=\"https:\/\/sigillarium.pl\/wp-content\/uploads\/2020\/11\/Przedmiescie_zwiercznosc_gminy_awers.jpg\"><img loading=\"lazy\" decoding=\"async\" width=\"1019\" height=\"1028\" data-id=\"9805\" src=\"https:\/\/sigillarium.pl\/wp-content\/uploads\/2020\/11\/Przedmiescie_zwiercznosc_gminy_awers.jpg\" alt=\"\" class=\"wp-image-9805\" srcset=\"https:\/\/sigillarium.pl\/wp-content\/uploads\/2020\/11\/Przedmiescie_zwiercznosc_gminy_awers.jpg 1019w, https:\/\/sigillarium.pl\/wp-content\/uploads\/2020\/11\/Przedmiescie_zwiercznosc_gminy_awers-297x300.jpg 297w, https:\/\/sigillarium.pl\/wp-content\/uploads\/2020\/11\/Przedmiescie_zwiercznosc_gminy_awers-1015x1024.jpg 1015w, https:\/\/sigillarium.pl\/wp-content\/uploads\/2020\/11\/Przedmiescie_zwiercznosc_gminy_awers-150x150.jpg 150w, https:\/\/sigillarium.pl\/wp-content\/uploads\/2020\/11\/Przedmiescie_zwiercznosc_gminy_awers-768x775.jpg 768w\" sizes=\"auto, (max-width: 1019px) 100vw, 1019px\" \/><\/a><\/figure>\n<\/figure>\n<\/div>\n\n\n\n<div class=\"wp-block-column is-layout-flow wp-block-column-is-layout-flow\" style=\"flex-basis:1%\"><\/div>\n\n\n\n<div class=\"wp-block-column is-vertically-aligned-center is-layout-flow wp-block-column-is-layout-flow\" style=\"flex-basis:22%\"><div class=\"wp-block-image\">\n<figure class=\"aligncenter size-large is-resized\"><img loading=\"lazy\" decoding=\"async\" src=\"https:\/\/sigillarium.pl\/wp-content\/uploads\/2020\/11\/Przedmiescie_zwierzchnosc_gminy_uchwyt.jpg\" alt=\"\" class=\"wp-image-9806\" width=\"156\" height=\"363\"\/><\/figure>\n<\/div><\/div>\n\n\n\n<div class=\"wp-block-column is-layout-flow wp-block-column-is-layout-flow\" style=\"flex-basis:1%\"><\/div>\n\n\n\n<div class=\"wp-block-column is-layout-flow wp-block-column-is-layout-flow\" style=\"flex-basis:48%\">\n<style> td {font-size: 11px; color: black; font-family: Arial;} <\/style>\n<table style=\"width: 500px; height: 150px;\">\n\t<tr>\n\t\t<td style=\"background-color: #DDDDDD; width:6%; text-align: center; \"><b>1<\/b><\/td>\n\t\t<td style=\"padding-left: 8px;\">kolekcja prywatna<\/td>\n\t<\/tr>\n\t<tr>\n\t\t<td style=\"background-color: #DDDDDD; text-align: center; \"><b>2<\/b><\/td>\n<td style=\"background-color: #FFFF99; white-space: nowrap; padding-left: 8px;\"><b><big><big>PRZEDMIE\u015aCIE <\/a> <\/big><\/big><br \/><big>Zwierzchno\u015b\u0107 Gminy<\/big><\/td>\n\t<\/tr>\n\t<tr>\n\t\t<td style=\"background-color: #DDDDDD; text-align: center; \"><b>3a<\/b><\/td>\n\t\t<td style=\"padding-left: 8px;\">mosi\u0105dz<\/td>\n\t<\/tr>\n\t<tr>\n\t\t<td style=\"background-color: #DDDDDD; text-align: center; \"><b>3b<\/b><\/td>\n\t\t<td style=\"padding-left: 8px;\">mosi\u0105dz\/drewno <\/td>\n\t<\/tr>\n\t<tr>\n\t\t<td style=\"background-color: #DDDDDD; text-align: center; \"><b>4<\/b><\/td>\n\t\t<td style=\"padding-left: 8px;\">okr\u0105g\u0142a \u00d8 32 mm<\/td>\n\t<\/tr>\n\t<tr>\n\t\t<td style=\"background-color: #DDDDDD; text-align: center; \"><b>5<\/b><\/td>\n\t\t<td style=\"padding-left: 8px;\">wkl\u0119s\u0142oryty<\/td>\n\t<\/tr>\n\t<tr>\n\t\t<td style=\"background-color: #DDDDDD; text-align: center; \"><b>6<\/b><\/td>\n<td style=\"padding-left: 8px;\"> &#8211;<\/td>\n\t<\/tr>\n<tr>\n\t\t<td style=\"background-color: #DDDDDD; text-align: center; \"><b>7<\/b><\/td>\n<td style=\"padding-left: 8px;\"> uchwyt dwucz\u0119\u015bciowy \u2013 trzpie\u0144 mosi\u0119\u017cny toczony,  do kt\u00f3rego przymocowany jest drewniany uchwyt toczony o gruszkowatej ga\u0142ce, <\/td>\n\t<\/tr>\n\t<tr>\n\t\t<td style=\"background-color: #DDDDDD; text-align: center; \"><b>7a<\/b><\/td>\n\t\t<td style=\"padding-left: 8px;\">105 mm<\/td>\n\t<\/tr>\n\t<tr>\n\t\t<td style=\"background-color: #DDDDDD; text-align: center; \"><b>7b<\/b><\/td>\n\t\t<td style=\"padding-left: 8px;\"> 100 mm, w tym trzpie\u0144 mosi\u0119\u017cny 17 mm, skuwka 6 mm <\/td>\n\t<\/tr>\n\t<tr>\n\t\t<td style=\"background-color: #DDDDDD; text-align: center; \"><b>7c<\/b><\/td>\n\t\t<td style=\"padding-left: 8px;\"> 5 mm<\/td>\n\t<\/tr>\n\t<tr>\n\t\t<td style=\"background-color: #DDDDDD; text-align: center; \"><b>8<\/b><\/td>\n<td style=\"padding-left: 8px;\"> na ga\u0142ce znacznik prawid\u0142owego ustawienia t\u0142oka <\/td>\n\t<\/tr>\n\t<tr>\n\t\t<td style=\"background-color: #DDDDDD; text-align: center; \"><b>9a<\/b><\/td>\n\t\t<td style=\"padding-left: 8px;\">majusku\u0142a<\/td>\n\t<\/tr>\n\t<tr>\n\t\t<td style=\"background-color: #DDDDDD; text-align: center; \"><b>9b<\/b><\/td>\n<td style=\"padding-left: 8px;\"> <br\/>w otoku rozdzielonym skrzy\u017cowanymi ga\u0142\u0105zkami: <b>ZWIERZCHNO\u015a\u0106 GMINY PRZEDMIE\u015aCIA<\/b><br \/>w polu: <b>1881<\/b><br \/><br \/><\/td> \n<\/tr>\n\t<tr>\t\n\t\t<td style=\"background-color: #DDDDDD; text-align: center; \"><b>10<\/b><\/td>\n<td style=\"padding-left: 8px;\">W polu piecz\u0119ci, oddzielonym od pola legendy obrze\u017ceniem ci\u0105g\u0142ym, \u0142a\u0144cuch o okr\u0105g\u0142ych ogniwach u\u0142o\u017cony wzd\u0142u\u017c 2\/3 obrze\u017cenia, zako\u0144czony z prawej strony hakiem, poni\u017cej data. Na zewn\u0105trz, wok\u00f3\u0142 pola legendy, pojedyncze obrze\u017cenie ci\u0105g\u0142e.<td>\n<\/tr>\n\t<tr>\n\t\t<td style=\"background-color: #DDDDDD; text-align: center; \"><b>11<\/b><\/td>\n<td style=\"padding-left: 8px;\">&#8211;<\/td>\n\t<\/tr>\n\t<tr>\n\t\t<td style=\"background-color: #DDDDDD; text-align: center; \"><b>12<\/b><\/td>\n<td style=\"padding-left: 8px;\">obecnie cz\u0119\u015b\u0107 miasta Sanok<td>\n\t<\/tr>\n<\/table>\n\n\n\n<p class=\"has-small-font-size\">  <a href=\"http:\/\/sigillarium.pl\/index.php\/legenda-do-opisu-tloka-pieczetnego\/\" target=\"_blank\" rel=\"noreferrer noopener\">Legenda<\/a>  <\/p>\n<\/div>\n<\/div>\n\n\n\n<hr class=\"wp-block-separator has-css-opacity\"\/>\n\n\n\n<div class=\"wp-block-columns is-layout-flex wp-container-core-columns-is-layout-9d6595d7 wp-block-columns-is-layout-flex\">\n<div class=\"wp-block-column is-layout-flow wp-block-column-is-layout-flow\" style=\"flex-basis:5%\"><\/div>\n\n\n\n<div class=\"wp-block-column is-vertically-aligned-center is-layout-flow wp-block-column-is-layout-flow\" style=\"flex-basis:23%\">\n<figure class=\"wp-block-gallery aligncenter has-nested-images columns-default is-cropped wp-block-gallery-8 is-layout-flex wp-block-gallery-is-layout-flex\">\n<figure class=\"wp-block-image size-full is-style-default\"><a href=\"https:\/\/sigillarium.pl\/wp-content\/uploads\/2020\/04\/Zbara\u017c-Zak\u0142ady-Kredowe-t\u0142ok.jpg\"><img loading=\"lazy\" decoding=\"async\" width=\"1421\" height=\"1406\" data-id=\"2322\" src=\"http:\/\/sigillarium.pl\/wp-content\/uploads\/2020\/04\/Zbara\u017c-Zak\u0142ady-Kredowe-t\u0142ok.jpg\" alt=\"\" class=\"wp-image-2322\" srcset=\"https:\/\/sigillarium.pl\/wp-content\/uploads\/2020\/04\/Zbara\u017c-Zak\u0142ady-Kredowe-t\u0142ok.jpg 1421w, https:\/\/sigillarium.pl\/wp-content\/uploads\/2020\/04\/Zbara\u017c-Zak\u0142ady-Kredowe-t\u0142ok-300x297.jpg 300w, https:\/\/sigillarium.pl\/wp-content\/uploads\/2020\/04\/Zbara\u017c-Zak\u0142ady-Kredowe-t\u0142ok-1024x1013.jpg 1024w, https:\/\/sigillarium.pl\/wp-content\/uploads\/2020\/04\/Zbara\u017c-Zak\u0142ady-Kredowe-t\u0142ok-768x760.jpg 768w\" sizes=\"auto, (max-width: 1421px) 100vw, 1421px\" \/><\/a><\/figure>\n<\/figure>\n<\/div>\n\n\n\n<div class=\"wp-block-column is-layout-flow wp-block-column-is-layout-flow\" style=\"flex-basis:1%\"><\/div>\n\n\n\n<div class=\"wp-block-column is-vertically-aligned-center is-layout-flow wp-block-column-is-layout-flow\" style=\"flex-basis:22%\"><div class=\"wp-block-image\">\n<figure class=\"aligncenter size-large is-resized\"><img loading=\"lazy\" decoding=\"async\" src=\"http:\/\/sigillarium.pl\/wp-content\/uploads\/2020\/04\/Zak\u0142ady-Kredowe-w-Zbara\u017cu-trzonek-351x1024.jpg\" alt=\"\" class=\"wp-image-2323\" width=\"128\" height=\"369\"\/><\/figure>\n<\/div><\/div>\n\n\n\n<div class=\"wp-block-column is-layout-flow wp-block-column-is-layout-flow\" style=\"flex-basis:1%\"><\/div>\n\n\n\n<div class=\"wp-block-column is-layout-flow wp-block-column-is-layout-flow\" style=\"flex-basis:48%\">\n<style> td {font-size: 11px; color: black; font-family: Arial;} <\/style>\n<table style=\"width: 500px; height: 150px;\">\n\t<tr>\n\t\t<td style=\"background-color: #DDDDDD; width:6%; text-align: center; \"><b>1<\/b><\/td>\n\t\t<td style=\"padding-left: 8px;\">kolekcja prywatna<\/td>\n\t<\/tr>\n\t<tr>\n\t\t<td style=\"background-color: #DDDDDD; text-align: center; \"><b>2<\/b><\/td>\n<td style=\"background-color: #FFFF99; white-space: nowrap; padding-left: 8px;\"><b><big><big> <a href=\"https:\/\/pl.wikipedia.org\/wiki\/Zbara%C5%BC\"> ZBARA\u017b<\/a><\/big><\/big><br \/><big> Biuro Powiatowe C. K. Galicyjskiego Zak\u0142adu Kredytowego W\u0142o\u015bcian <\/big><\/td>\n\t<\/tr>\n\t<tr>\n\t\t<td style=\"background-color: #DDDDDD; text-align: center; \"><b>3a<\/b><\/td>\n\t\t<td style=\"padding-left: 8px;\">mosi\u0105dz<\/td>\n\t<\/tr>\n\t<tr>\n\t\t<td style=\"background-color: #DDDDDD; text-align: center; \"><b>3b<\/b><\/td>\n\t\t<td style=\"padding-left: 8px;\">drewno <\/td>\n\t<\/tr>\n\t<tr>\n\t\t<td style=\"background-color: #DDDDDD; text-align: center; \"><b>4<\/b><\/td>\n\t\t<td style=\"padding-left: 8px;\">okr\u0105g\u0142a \u00d8 29 mm<\/td>\n\t<\/tr>\n\t<tr>\n\t\t<td style=\"background-color: #DDDDDD; text-align: center; \"><b>5<\/b><\/td>\n\t\t<td style=\"padding-left: 8px;\">wkl\u0119s\u0142oryty<\/td>\n\t<\/tr>\n\t<tr>\n\t\t<td style=\"background-color: #DDDDDD; text-align: center; \"><b>6<\/b><\/td>\n<td style=\"padding-left: 8px;\">&#8211;<\/td>\n\t<\/tr>\n<tr>\n\t\t<td style=\"background-color: #DDDDDD; text-align: center; \"><b>7<\/b><\/td>\n<td style=\"padding-left: 8px;\"> uchwyt toczony o sp\u0142aszczonej ga\u0142ce <\/td>\n\t<\/tr>\n\t<tr>\n\t\t<td style=\"background-color: #DDDDDD; text-align: center; \"><b>7a<\/b><\/td>\n\t\t<td style=\"padding-left: 8px;\">112 mm<\/td>\n\t<\/tr>\n\t<tr>\n\t\t<td style=\"background-color: #DDDDDD; text-align: center; \"><b>7b<\/b><\/td>\n\t\t<td style=\"padding-left: 8px;\"> 97 mm, w tym skuwka 11 mm <\/td>\n\t<\/tr>\n\t<tr>\n\t\t<td style=\"background-color: #DDDDDD; text-align: center; \"><b>7c<\/b><\/td>\n\t\t<td style=\"padding-left: 8px;\"> 5 mm<\/td>\n\t<\/tr>\n\t<tr>\n\t\t<td style=\"background-color: #DDDDDD; text-align: center; \"><b>8<\/b><\/td>\n<td style=\"padding-left: 8px;\">&#8211;<\/td>\n\t<\/tr>\n\t<tr>\n\t\t<td style=\"background-color: #DDDDDD; text-align: center; \"><b>9a<\/b><\/td>\n\t\t<td style=\"padding-left: 8px;\">majusku\u0142a<\/td>\n\t<\/tr>\n\t<tr>\n\t\t<td style=\"background-color: #DDDDDD; text-align: center; \"><b>9b<\/b><\/td>\n<td style=\"padding-left: 8px;\"><br\/> w otoku:<b> BI\u00d3RO POWIATOWE C. K. UPR. <i> (zywilejowanego)<\/i> GAL.<i> (icyjskiego)<\/i> ZAK\u0141<i> (adu)<\/i> KRED<i> (ytowego),<\/i> W\u0141O\u015aCIAN<\/b><br\/> w p\u00f3\u0142otoku poni\u017cej obrazu napi\u0119c\u017cetnego:<b> W ZBRA\u017bU<\/b><br \/><br \/><\/td> \n<\/tr>\n\t<tr>\t\n\t\t<td style=\"background-color: #DDDDDD; text-align: center; \"><b>10<\/b><\/td>\n<td style=\"padding-left: 8px;\">W polu piecz\u0119ci god\u0142o Cesarstwa Austrii &#8211; orze\u0142 dwug\u0142owy w koronie cesarskiej ze wst\u0119gami, trzymaj\u0105cy w szponach miecz i jab\u0142ko a na piersi tarcz\u0119 herbow\u0105 z herbem Habsburg\u00f3w otoczon\u0105 \u0142a\u0144cuchem Orderu Z\u0142otego Runa. Na zewn\u0105trz, wok\u00f3\u0142 pola piecz\u0119ci, pojedyncze obrze\u017cenie ci\u0105g\u0142e.<td>\n<\/tr>\n\t<tr>\n\t\t<td style=\"background-color: #DDDDDD; text-align: center; \"><b>11<\/b><\/td>\n<td style=\"padding-left: 8px;\">&#8211;<\/td>\n\t<\/tr>\n\t<tr>\n\t\t<td style=\"background-color: #DDDDDD; text-align: center; \"><b>12<\/b><\/td>\n<td style=\"padding-left: 8px;\">&#8211;<\/td>\n\t<\/tr>\n<\/table>\n\n\n\n<p class=\"has-small-font-size\">  <a href=\"http:\/\/sigillarium.pl\/index.php\/legenda-do-opisu-tloka-pieczetnego\/\" target=\"_blank\" rel=\"noreferrer noopener\">Legenda<\/a>  <\/p>\n<\/div>\n<\/div>\n\n\n\n<hr class=\"wp-block-separator has-css-opacity\"\/>\n","protected":false},"excerpt":{"rendered":"<p>Instytucje samorz\u0105dowe na ziemiach polskich w XIX w. by\u0142y kszta\u0142towane w ramach system\u00f3w administracyjno-politycznych pa\u0144stw zaborczych, pod panowaniem kt\u00f3rych si\u0119 znalaz\u0142y. Generalnie system samorz\u0105dowy funkcjonowa\u0142 w oparciu o rozwi\u0105zania prawne&hellip; <\/p>\n","protected":false},"author":1,"featured_media":0,"parent":0,"menu_order":0,"comment_status":"closed","ping_status":"closed","template":"","meta":{"footnotes":""},"class_list":["post-822","page","type-page","status-publish","hentry"],"_links":{"self":[{"href":"https:\/\/sigillarium.pl\/index.php\/wp-json\/wp\/v2\/pages\/822","targetHints":{"allow":["GET"]}}],"collection":[{"href":"https:\/\/sigillarium.pl\/index.php\/wp-json\/wp\/v2\/pages"}],"about":[{"href":"https:\/\/sigillarium.pl\/index.php\/wp-json\/wp\/v2\/types\/page"}],"author":[{"embeddable":true,"href":"https:\/\/sigillarium.pl\/index.php\/wp-json\/wp\/v2\/users\/1"}],"replies":[{"embeddable":true,"href":"https:\/\/sigillarium.pl\/index.php\/wp-json\/wp\/v2\/comments?post=822"}],"version-history":[{"count":32,"href":"https:\/\/sigillarium.pl\/index.php\/wp-json\/wp\/v2\/pages\/822\/revisions"}],"predecessor-version":[{"id":22297,"href":"https:\/\/sigillarium.pl\/index.php\/wp-json\/wp\/v2\/pages\/822\/revisions\/22297"}],"wp:attachment":[{"href":"https:\/\/sigillarium.pl\/index.php\/wp-json\/wp\/v2\/media?parent=822"}],"curies":[{"name":"wp","href":"https:\/\/api.w.org\/{rel}","templated":true}]}}