{"id":874,"date":"2020-02-22T16:19:29","date_gmt":"2020-02-22T15:19:29","guid":{"rendered":"http:\/\/sigillarium.pl\/?page_id=874"},"modified":"2026-01-26T20:26:50","modified_gmt":"2026-01-26T19:26:50","slug":"pieczecie-urzedow-i-instytucji-panstwowych-od-1945-do-1989","status":"publish","type":"page","link":"https:\/\/sigillarium.pl\/index.php\/pieczecie-urzedow-i-instytucji-panstwowych-od-1945-do-1989\/","title":{"rendered":"Piecz\u0119cie urz\u0119d\u00f3w i instytucji pa\u0144stwowych (1945 &#8211; 1989)"},"content":{"rendered":"\n<hr class=\"wp-block-separator has-css-opacity\"\/>\n\n\n\n<p>T\u0142oki zaprezentowano w kolejno\u015bci alfabetycznej wzgl\u0119dem nazwy miejscowo\u015bci przywo\u0142anej w legendzie t\u0142oka lub odtworzonej ze \u017ar\u00f3de\u0142 historycznych. <\/p>\n\n\n\n<hr class=\"wp-block-separator has-css-opacity\"\/>\n\n\n\n<div class=\"wp-block-columns is-layout-flex wp-container-core-columns-is-layout-9d6595d7 wp-block-columns-is-layout-flex\">\n<div class=\"wp-block-column is-layout-flow wp-block-column-is-layout-flow\" style=\"flex-basis:5%\"><\/div>\n\n\n\n<div class=\"wp-block-column is-vertically-aligned-center is-layout-flow wp-block-column-is-layout-flow\" style=\"flex-basis:23%\">\n<figure class=\"wp-block-gallery aligncenter has-nested-images columns-default is-cropped wp-block-gallery-1 is-layout-flex wp-block-gallery-is-layout-flex\">\n<figure class=\"wp-block-image size-full is-style-default\"><a href=\"https:\/\/sigillarium.pl\/wp-content\/uploads\/2021\/03\/Aleksander_kujawski.jpg\"><img loading=\"lazy\" decoding=\"async\" width=\"1127\" height=\"1117\" data-id=\"12035\" src=\"https:\/\/sigillarium.pl\/wp-content\/uploads\/2021\/03\/Aleksander_kujawski.jpg\" alt=\"\" class=\"wp-image-12035\" srcset=\"https:\/\/sigillarium.pl\/wp-content\/uploads\/2021\/03\/Aleksander_kujawski.jpg 1127w, https:\/\/sigillarium.pl\/wp-content\/uploads\/2021\/03\/Aleksander_kujawski-300x297.jpg 300w, https:\/\/sigillarium.pl\/wp-content\/uploads\/2021\/03\/Aleksander_kujawski-1024x1015.jpg 1024w, https:\/\/sigillarium.pl\/wp-content\/uploads\/2021\/03\/Aleksander_kujawski-150x150.jpg 150w, https:\/\/sigillarium.pl\/wp-content\/uploads\/2021\/03\/Aleksander_kujawski-768x761.jpg 768w\" sizes=\"auto, (max-width: 1127px) 100vw, 1127px\" \/><\/a><\/figure>\n<\/figure>\n<\/div>\n\n\n\n<div class=\"wp-block-column is-layout-flow wp-block-column-is-layout-flow\" style=\"flex-basis:1%\"><\/div>\n\n\n\n<div class=\"wp-block-column is-vertically-aligned-center is-layout-flow wp-block-column-is-layout-flow\" style=\"flex-basis:22%\"><div class=\"wp-block-image is-resized\">\n<figure class=\"aligncenter size-large\"><img loading=\"lazy\" decoding=\"async\" width=\"409\" height=\"1024\" src=\"https:\/\/sigillarium.pl\/wp-content\/uploads\/2021\/03\/uchwyt_PKP-409x1024.jpg\" alt=\"\" class=\"wp-image-12036\" style=\"width:148px;height:auto\" srcset=\"https:\/\/sigillarium.pl\/wp-content\/uploads\/2021\/03\/uchwyt_PKP-409x1024.jpg 409w, https:\/\/sigillarium.pl\/wp-content\/uploads\/2021\/03\/uchwyt_PKP-120x300.jpg 120w, https:\/\/sigillarium.pl\/wp-content\/uploads\/2021\/03\/uchwyt_PKP.jpg 431w\" sizes=\"auto, (max-width: 409px) 100vw, 409px\" \/><\/figure>\n<\/div><\/div>\n\n\n\n<div class=\"wp-block-column is-layout-flow wp-block-column-is-layout-flow\" style=\"flex-basis:1%\"><\/div>\n\n\n\n<div class=\"wp-block-column is-layout-flow wp-block-column-is-layout-flow\" style=\"flex-basis:48%\">\n<style> td {font-size: 11px; color: black; font-family: Arial;} <\/style>\n<table style=\"width: 500px; height: 150px;\">\n\t<tbody><tr>\n\t\t<td style=\"background-color: #DDDDDD; width:6%; text-align: center; \"><b>1<\/b><\/td>\n\t\t<td style=\"padding-left: 8px;\">kolekcja prywatna<\/td>\n\t<\/tr>\n\t<tr>\n\t\t<td style=\"background-color: #DDDDDD; text-align: center; \"><b>2<\/b><\/td>\n<td style=\"background-color: #FFFF99; white-space: nowrap; padding-left: 8px;\"><b><big><big><a href=\"https:\/\/pl.wikipedia.org\/wiki\/Linia_kolejowa_Dobre_Kujawskie_%E2%80%93_Aleksandr%C3%B3w_Kujawski_W%C4%85skotorowy\">ALEKSANDR\u00d3W KUJAWSKI <\/a><\/big><\/big><br><big>Stacja P.K.P. w\u0105skotorowa<\/big><\/b><\/td>\n\t<\/tr>\n\t<tr>\n\t\t<td style=\"background-color: #DDDDDD; text-align: center; \"><b>3a<\/b><\/td>\n\t\t<td style=\"padding-left: 8px;\">mosi\u0105dz<\/td>\n\t<\/tr>\n\t<tr>\n\t\t<td style=\"background-color: #DDDDDD; text-align: center; \"><b>3b<\/b><\/td>\n\t\t<td style=\"padding-left: 8px;\">drewniany<\/td>\n\t<\/tr>\n\t<tr>\n\t\t<td style=\"background-color: #DDDDDD; text-align: center; \"><b>4<\/b><\/td>\n\t\t<td style=\"padding-left: 8px;\">okr\u0105g\u0142a \u00d8 42 mm<\/td>\n\t<\/tr>\n\t<tr>\n\t\t<td style=\"background-color: #DDDDDD; text-align: center; \"><b>5<\/b><\/td>\n\t\t<td style=\"padding-left: 8px;\">wypuk\u0142oryty<\/td>\n\t<\/tr>\n\t<tr>\n\t\t<td style=\"background-color: #DDDDDD; text-align: center; \"><b>6<\/b><\/td>\n<td style=\"padding-left: 8px;\">&#8211;<\/td>\n\t<\/tr>\n<tr>\n\t\t<td style=\"background-color: #DDDDDD; text-align: center; \"><b>7<\/b><\/td>\n<td style=\"padding-left: 8px;\">uchwyt  toczony o wyd\u0142u\u017conej ga\u0142ce <\/td>\n\t<\/tr>\n\t<tr>\n\t\t<td style=\"background-color: #DDDDDD; text-align: center; \"><b>7a<\/b><\/td>\n\t\t<td style=\"padding-left: 8px;\">157 mm<\/td>\n\t<\/tr>\n\t<tr>\n\t\t<td style=\"background-color: #DDDDDD; text-align: center; \"><b>7b<\/b><\/td>\n\t\t<td style=\"padding-left: 8px;\">116 mm, w tym skuwka 11 mm <\/td>\n\t<\/tr>\n\t<tr>\n\t\t<td style=\"background-color: #DDDDDD; text-align: center; \"><b>7c<\/b><\/td>\n\t\t<td style=\"padding-left: 8px;\"> 41 mm, w tym matryca w\u0142a\u015bciwa 6 mm, mechanizm z ruchom\u0105 matryc\u0105 umo\u017cliwiaj\u0105cy ustawianie bie\u017c\u0105cej daty &#8211; 35 mm <\/td>\n\t<\/tr>\n\t<tr>\n\t\t<td style=\"background-color: #DDDDDD; text-align: center; \"><b>8<\/b><\/td>\n<td style=\"padding-left: 8px;\">&#8211;<\/td>\n\t<\/tr>\n\t<tr>\n\t\t<td style=\"background-color: #DDDDDD; text-align: center; \"><b>9a<\/b><\/td>\n\t\t<td style=\"padding-left: 8px;\">majusku\u0142a<\/td>\n\t<\/tr>\n\t<tr>\n\t\t<td style=\"background-color: #DDDDDD; text-align: center; \"><b>9b<\/b><\/td>\n<td style=\"padding-left: 8px\"><br> w p\u00f3\u0142otoku g\u00f3rnym:  <b><big><\/big>* P.K.P. * <br><\/b> w p\u00f3\u0142otoku dolnym: <b> ST <i> (acja). <\/i> ALEKSANDR\u00d3W \u2013 KUJ <i>(awski)<\/i> &#8211; W\u0104SKI <\/b><br> w polu data ostatniego u\u017cycia: <b> 15.V. 1952.<br><br><\/b><\/td> \n\t<\/tr>\n\t<tr>\n\t\t<td style=\"background-color: #DDDDDD; text-align: center; \"><b>10<\/b><\/td>\n<td style=\"padding-left: 8px;\"> W owalnym polu piecz\u0119ci, oddzielonym od pola legendy obrze\u017ceniem ci\u0105g\u0142ym, prostok\u0105tny otw\u00f3r z ruchom\u0105 matryc\u0105 do ustawiania bie\u017c\u0105cej daty. Na zewn\u0105trz, wok\u00f3\u0142 pola legendy, pojedyncze obrze\u017cenie ci\u0105g\u0142e. <\/td>\n<\/tr>\n\t<tr>\n\t\t<td style=\"background-color: #DDDDDD; text-align: center; \"><b>11<\/b><\/td>\n<td style=\"padding-left: 8px;\">&#8211;<\/td>\n\t<\/tr>\n\t<tr>\n<td style=\"background-color: #DDDDDD; text-align: center; \"><b>12<\/b><\/td>\n<td style=\"padding-left: 8px;\"> &#8211; <\/td>\n\t<\/tr>\n<\/tbody><\/table>\n\n\n\n<p class=\"has-small-font-size\"> <a rel=\"noreferrer noopener\" href=\"http:\/\/sigillarium.pl\/index.php\/legenda-do-opisu-tloka-pieczetnego\/\" target=\"_blank\">Legenda<\/a> <\/p>\n<\/div>\n<\/div>\n\n\n\n<hr class=\"wp-block-separator has-css-opacity\"\/>\n\n\n\n<div class=\"wp-block-columns is-layout-flex wp-container-core-columns-is-layout-9d6595d7 wp-block-columns-is-layout-flex\">\n<div class=\"wp-block-column is-layout-flow wp-block-column-is-layout-flow\" style=\"flex-basis:5%\"><\/div>\n\n\n\n<div class=\"wp-block-column is-vertically-aligned-center is-layout-flow wp-block-column-is-layout-flow\" style=\"flex-basis:23%\">\n<figure class=\"wp-block-gallery aligncenter has-nested-images columns-default is-cropped wp-block-gallery-2 is-layout-flex wp-block-gallery-is-layout-flex\">\n<figure class=\"wp-block-image size-full is-style-default\"><a href=\"https:\/\/sigillarium.pl\/wp-content\/uploads\/2025\/06\/Bangkok_Ambasada_Polska.jpg\"><img loading=\"lazy\" decoding=\"async\" width=\"714\" height=\"720\" data-id=\"35422\" src=\"https:\/\/sigillarium.pl\/wp-content\/uploads\/2025\/06\/Bangkok_Ambasada_Polska.jpg\" alt=\"\" class=\"wp-image-35422\" srcset=\"https:\/\/sigillarium.pl\/wp-content\/uploads\/2025\/06\/Bangkok_Ambasada_Polska.jpg 714w, https:\/\/sigillarium.pl\/wp-content\/uploads\/2025\/06\/Bangkok_Ambasada_Polska-298x300.jpg 298w, https:\/\/sigillarium.pl\/wp-content\/uploads\/2025\/06\/Bangkok_Ambasada_Polska-150x150.jpg 150w\" sizes=\"auto, (max-width: 714px) 100vw, 714px\" \/><\/a><\/figure>\n<\/figure>\n<\/div>\n\n\n\n<div class=\"wp-block-column is-layout-flow wp-block-column-is-layout-flow\" style=\"flex-basis:1%\"><\/div>\n\n\n\n<div class=\"wp-block-column is-vertically-aligned-center is-layout-flow wp-block-column-is-layout-flow\" style=\"flex-basis:22%\"><div class=\"wp-block-image\">\n<figure class=\"aligncenter size-full is-resized\"><img loading=\"lazy\" decoding=\"async\" width=\"656\" height=\"720\" src=\"https:\/\/sigillarium.pl\/wp-content\/uploads\/2025\/06\/Bangkok_Ambasada_Polska1.jpg\" alt=\"\" class=\"wp-image-35424\" style=\"width:170px\" srcset=\"https:\/\/sigillarium.pl\/wp-content\/uploads\/2025\/06\/Bangkok_Ambasada_Polska1.jpg 656w, https:\/\/sigillarium.pl\/wp-content\/uploads\/2025\/06\/Bangkok_Ambasada_Polska1-273x300.jpg 273w\" sizes=\"auto, (max-width: 656px) 100vw, 656px\" \/><\/figure>\n<\/div><\/div>\n\n\n\n<div class=\"wp-block-column is-layout-flow wp-block-column-is-layout-flow\" style=\"flex-basis:1%\"><\/div>\n\n\n\n<div class=\"wp-block-column is-layout-flow wp-block-column-is-layout-flow\" style=\"flex-basis:48%\">\n<style> td {font-size: 11px; color: black; font-family: Arial;} <\/style>\n<table style=\"width: 500px; height: 150px;\">\n\t<tbody><tr>\n\t\t<td style=\"background-color: #DDDDDD; width:6%; text-align: center; \"><b>1<\/b><\/td>\n\t\t<td style=\"padding-left: 8px;\">kolekcja prywatna<\/td>\n\t<\/tr>\n\t<tr>\n\t\t<td style=\"background-color: #DDDDDD; text-align: center; \"><b>2<\/b><\/td>\n<td style=\"background-color: #FFFF99; white-space: nowrap; padding-left: 8px;\"><b><big><big><a href=\"https:\/\/pl.wikipedia.org\/wiki\/Bangkok\">BANGKOK [TAJLANDIA]<\/a><\/big><\/big><br><big>Ambasada Polska<\/big><\/b><\/td>\n\t<\/tr>\n\t<tr>\n\t\t<td style=\"background-color: #DDDDDD; text-align: center; \"><b>3a<\/b><\/td>\n\t\t<td style=\"padding-left: 8px;\">mosi\u0105dz\/stal<\/td>\n\t<\/tr>\n\t<tr>\n\t\t<td style=\"background-color: #DDDDDD; text-align: center; \"><b>3b<\/b><\/td>\n\t\t<td style=\"padding-left: 8px;\">&#8211; <\/td>\n\t<\/tr>\n\t<tr>\n\t\t<td style=\"background-color: #DDDDDD; text-align: center; \"><b>4<\/b><\/td>\n\t\t<td style=\"padding-left: 8px;\">okr\u0105g\u0142a \u00d8 20 mm, osadzona w stalowym pier\u015bcieniu \u00d8 30 mm <\/td>\n\t<\/tr>\n\t<tr>\n\t\t<td style=\"background-color: #DDDDDD; text-align: center; \"><b>5<\/b><\/td>\n\t\t<td style=\"padding-left: 8px;\">wypuk\u0142oryty<\/td>\n\t<\/tr>\n\t<tr>\n\t\t<td style=\"background-color: #DDDDDD; text-align: center; \"><b>6<\/b><\/td>\n<td style=\"padding-left: 8px;\">na rancie numer ewidencyjny 376 265 oraz sygnatura wytw\u00f3rcy m\/\/W <\/td> <\/td>\n\t<\/tr>\n<tr>\n\t\t<td style=\"background-color: #DDDDDD; text-align: center; \"><b>7<\/b><\/td>\n<td style=\"padding-left: 8px;\"> &#8211;<\/td>\n\t<\/tr>\n\t<tr>\n\t\t<td style=\"background-color: #DDDDDD; text-align: center; \"><b>7a<\/b><\/td>\n\t\t<td style=\"padding-left: 8px;\"> 31 mm <\/td>\n\t<\/tr>\n\t<tr>\n\t\t<td style=\"background-color: #DDDDDD; text-align: center; \"><b>7b<\/b><\/td>\n\t\t<td style=\"padding-left: 8px;\">18 mm, \u015bruba zabezpieczaj\u0105ca 11,5 mm <\/td>\n\t<\/tr>\n\t<tr>\n\t\t<td style=\"background-color: #DDDDDD; text-align: center; \"><b>7c<\/b><\/td>\n\t\t<td style=\"padding-left: 8px;\">13 mm, matryca z pier\u015bcieniem stalowym<\/td>\n\t<\/tr>\n\t<tr>\n\t\t<td style=\"background-color: #DDDDDD; text-align: center; \"><b>8<\/b><\/td>\n<td style=\"padding-left: 8px;\">&#8211;<\/td>\n\t<\/tr>\n\t<tr>\n\t\t<td style=\"background-color: #DDDDDD; text-align: center; \"><b>9a<\/b><\/td>\n\t\t<td style=\"padding-left: 8px;\">majusku\u0142a<\/td>\n\t<\/tr>\n\t<tr>\n\t\t<td style=\"background-color: #DDDDDD; text-align: center; \"><b>9b<\/b><\/td>\n<td style=\"padding-left: 8px;\"><br> w otoku:<b> * AMBASADA POLSKA W BANGKOKU * \/\/ 663 <br><br><\/b><\/td> \n\t<\/tr>\n\t<tr>\n\t\t<td style=\"background-color: #DDDDDD; text-align: center; \"><b>10<\/b><\/td>\n<td style=\"padding-left: 8px;\"> W polu piecz\u0119ci napis, numer oraz wizerunek or\u0142a, ustalony dla god\u0142a herbu Polskiej Rzeczypospolitej Ludowej w 1955 r. Na zewn\u0105trz pola piecz\u0119ci pojedyncze obrze\u017cenie ci\u0105g\u0142e. <br><br><\/td>\n<\/tr>\n\t<tr>\n\t\t<td style=\"background-color: #DDDDDD; text-align: center; \"><b>11<\/b><\/td>\n<td style=\"padding-left: 8px;\">&#8211;<\/td>\n\t<\/tr>\n\t<tr>\n<td style=\"background-color: #DDDDDD; text-align: center; \"><b>12<\/b><\/td>\n<td style=\"padding-left: 8px;\">dolna matryca piecz\u0119ci suchej<\/td>\n\t<\/tr>\n<\/tbody><\/table>\n\n\n\n<p class=\"has-small-font-size\"> <a rel=\"noreferrer noopener\" href=\"http:\/\/sigillarium.pl\/index.php\/legenda-do-opisu-tloka-pieczetnego\/\" target=\"_blank\">Legenda<\/a> <\/p>\n<\/div>\n<\/div>\n\n\n\n<hr class=\"wp-block-separator has-alpha-channel-opacity\"\/>\n\n\n\n<div class=\"wp-block-columns is-layout-flex wp-container-core-columns-is-layout-9d6595d7 wp-block-columns-is-layout-flex\">\n<div class=\"wp-block-column is-layout-flow wp-block-column-is-layout-flow\" style=\"flex-basis:5%\"><\/div>\n\n\n\n<div class=\"wp-block-column is-vertically-aligned-center is-layout-flow wp-block-column-is-layout-flow\" style=\"flex-basis:23%\">\n<figure class=\"wp-block-gallery aligncenter has-nested-images columns-default is-cropped wp-block-gallery-3 is-layout-flex wp-block-gallery-is-layout-flex\">\n<figure class=\"wp-block-image size-full is-style-default\"><a href=\"https:\/\/sigillarium.pl\/wp-content\/uploads\/2025\/10\/Chelmza_zbiorcza-szkolagminna_pieczec.jpg\"><img loading=\"lazy\" decoding=\"async\" width=\"726\" height=\"720\" data-id=\"37214\" src=\"https:\/\/sigillarium.pl\/wp-content\/uploads\/2025\/10\/Chelmza_zbiorcza-szkolagminna_pieczec.jpg\" alt=\"\" class=\"wp-image-37214\" srcset=\"https:\/\/sigillarium.pl\/wp-content\/uploads\/2025\/10\/Chelmza_zbiorcza-szkolagminna_pieczec.jpg 726w, https:\/\/sigillarium.pl\/wp-content\/uploads\/2025\/10\/Chelmza_zbiorcza-szkolagminna_pieczec-300x298.jpg 300w, https:\/\/sigillarium.pl\/wp-content\/uploads\/2025\/10\/Chelmza_zbiorcza-szkolagminna_pieczec-150x150.jpg 150w\" sizes=\"auto, (max-width: 726px) 100vw, 726px\" \/><\/a><\/figure>\n<\/figure>\n<\/div>\n\n\n\n<div class=\"wp-block-column is-layout-flow wp-block-column-is-layout-flow\" style=\"flex-basis:1%\"><\/div>\n\n\n\n<div class=\"wp-block-column is-vertically-aligned-center is-layout-flow wp-block-column-is-layout-flow\" style=\"flex-basis:22%\"><div class=\"wp-block-image\">\n<figure class=\"aligncenter size-large is-resized\"><img loading=\"lazy\" decoding=\"async\" width=\"1024\" height=\"602\" src=\"https:\/\/sigillarium.pl\/wp-content\/uploads\/2025\/10\/Chelmza_zbiorcza-szkolagminna_pieczec_nr-1024x602.jpg\" alt=\"\" class=\"wp-image-37215\" style=\"width:180px\" srcset=\"https:\/\/sigillarium.pl\/wp-content\/uploads\/2025\/10\/Chelmza_zbiorcza-szkolagminna_pieczec_nr-1024x602.jpg 1024w, https:\/\/sigillarium.pl\/wp-content\/uploads\/2025\/10\/Chelmza_zbiorcza-szkolagminna_pieczec_nr-300x176.jpg 300w, https:\/\/sigillarium.pl\/wp-content\/uploads\/2025\/10\/Chelmza_zbiorcza-szkolagminna_pieczec_nr-768x452.jpg 768w, https:\/\/sigillarium.pl\/wp-content\/uploads\/2025\/10\/Chelmza_zbiorcza-szkolagminna_pieczec_nr.jpg 1182w\" sizes=\"auto, (max-width: 1024px) 100vw, 1024px\" \/><\/figure>\n<\/div><\/div>\n\n\n\n<div class=\"wp-block-column is-layout-flow wp-block-column-is-layout-flow\" style=\"flex-basis:1%\"><\/div>\n\n\n\n<div class=\"wp-block-column is-layout-flow wp-block-column-is-layout-flow\" style=\"flex-basis:48%\">\n<style> td {font-size: 11px; color: black; font-family: Arial;} <\/style>\n<table style=\"width: 500px; height: 150px;\">\n\t<tr>\n\t\t<td style=\"background-color: #DDDDDD; width:6%; text-align: center; \"><b>1<\/b><\/td>\n\t\t<td style=\"padding-left: 8px;\">kolekcja prywatna<\/td>\n\t<\/tr>\n\t<tr>\n\t\t<td style=\"background-color: #DDDDDD; text-align: center; \"><b>2<\/b><\/td>\n<td style=\"background-color: #FFFF99; white-space: nowrap; padding-left: 8px;\"><b><big><big><a href=\"https:\/\/pl.wikipedia.org\/wiki\/Che%C5%82m%C5%BCa\">CHE\u0141M\u017bA<\/a><\/big><br\/><\/big><big>Zbiorcza Szko\u0142a Gminna<\/b><br\/><\/td>\n\t<\/tr>\n\t<tr>\n\t\t<td style=\"background-color: #DDDDDD; text-align: center; \"><b>3a<\/b><\/td>\n\t\t<td style=\"padding-left: 8px;\">mosi\u0105dz<\/td>\n\t<\/tr>\n\t<tr>\n\t\t<td style=\"background-color: #DDDDDD; text-align: center; \"><b>3b<\/b><\/td>\n\t\t<td style=\"padding-left: 8px;\">&#8211;<\/td>\n\t<\/tr>\n\t<tr>\n\t\t<td style=\"background-color: #DDDDDD; text-align: center; \"><b>4<\/b><\/td>\n\t\t<td style=\"padding-left: 8px;\">okr\u0105g\u0142a \u00d8 20 mm<\/td>\n\t<\/tr>\n\t<tr>\n\t\t<td style=\"background-color: #DDDDDD; text-align: center; \"><b>5<\/b><\/td>\n\t\t<td style=\"padding-left: 8px;\">wypuk\u0142oryty<\/td>\n\t<\/tr>\n\t<tr>\n\t\t<td style=\"background-color: #DDDDDD; text-align: center; \"><b>6<\/b><\/td>\n<td style=\"padding-left: 8px;\"> na rancie matrycy nr ewidencyjny 371 562, numer grawera 550, sygnatura wytw\u00f3rcy m \/\/ W<\/td>\n\t<\/tr>\n<tr>\n\t\t<td style=\"background-color: #DDDDDD; text-align: center; \"><b>7<\/b><\/td>\n<td style=\"padding-left: 8px;\">&#8211;<\/td>\n\t<\/tr>\n\t<tr>\n\t\t<td style=\"background-color: #DDDDDD; text-align: center; \"><b>7a<\/b><\/td>\n\t\t<td style=\"padding-left: 8px;\">9 mm<\/td>\n\t<\/tr>\n\t<tr>\n\t\t<td style=\"background-color: #DDDDDD; text-align: center; \"><b>7b<\/b><\/td>\n\t\t<td style=\"padding-left: 8px;\">&#8211; <\/td>\n\t<\/tr>\n\t<tr>\n\t\t<td style=\"background-color: #DDDDDD; text-align: center; \"><b>7c<\/b><\/td>\n\t\t<td style=\"padding-left: 8px;\">9 mm<\/td>\n\t<\/tr>\n\t<tr>\n\t\t<td style=\"background-color: #DDDDDD; text-align: center; \"><b>8<\/b><\/td>\n<td style=\"padding-left: 8px;\">&#8211;<\/td>\n\t<\/tr>\n\t<tr>\n\t\t<td style=\"background-color: #DDDDDD; text-align: center; \"><b>9a<\/b><\/td>\n\t\t<td style=\"padding-left: 8px;\">majusku\u0142a<\/td>\n\t<\/tr>\n\t<tr>\n\t\t<td style=\"background-color: #DDDDDD; text-align: center; \"><b>9b<\/b><\/td>\n<td style=\"padding-left: 8px;\"> <br \/>w p\u00f3\u0142otoku g\u00f3rnym: <b>* ZBIORCZA SZKO\u0141A GMINNA *<\/b><BR> w p\u00f3\u0142otoku dolnym: <b> W CHE\u0141M\u017bY <\/b><br \/><br \/><\/td> \n\t<\/tr>\n\t<tr>\n\t\t<td style=\"background-color: #DDDDDD; text-align: center; \"><b>10<\/b><\/td>\n<td style=\"padding-left: 8px;\"> W polu piecz\u0119ci, oddzielonym od pola legendy pojedy\u0144czym obrze\u017ceniem ci\u0105g\u0142ym, wizerunek or\u0142a ustalony dla god\u0142a herbu Polskiej Rzeczypospolitej Ludowej w 1955 r. Na zewn\u0105trz pola legendy pojedyncze obrze\u017cenie ci\u0105g\u0142e.<\/td>\n<\/tr>\n\t<tr>\n\t\t<td style=\"background-color: #DDDDDD; text-align: center; \"><b>11<\/b><\/td>\n<td style=\"padding-left: 8px;\"> &#8211;<\/td>\n\t<\/tr>\n\t<tr>\n\t\t<td style=\"background-color: #DDDDDD; text-align: center; \"><b>12<\/b><\/td>\n\t\t<td style=\"padding-left: 8px;\">&#8211;<\/td>\n\t<\/tr>\n<\/table>\n\n\n\n<p class=\"has-small-font-size\"> <a rel=\"noreferrer noopener\" href=\"http:\/\/sigillarium.pl\/index.php\/legenda-do-opisu-tloka-pieczetnego\/\" target=\"_blank\">Legenda<\/a> <\/p>\n<\/div>\n<\/div>\n\n\n\n<hr class=\"wp-block-separator has-alpha-channel-opacity\"\/>\n\n\n\n<div class=\"wp-block-columns is-layout-flex wp-container-core-columns-is-layout-9d6595d7 wp-block-columns-is-layout-flex\">\n<div class=\"wp-block-column is-layout-flow wp-block-column-is-layout-flow\" style=\"flex-basis:5%\"><\/div>\n\n\n\n<div class=\"wp-block-column is-vertically-aligned-center is-layout-flow wp-block-column-is-layout-flow\" style=\"flex-basis:23%\">\n<figure class=\"wp-block-gallery aligncenter has-nested-images columns-default is-cropped wp-block-gallery-4 is-layout-flex wp-block-gallery-is-layout-flex\">\n<figure class=\"wp-block-image size-full is-style-default\"><a href=\"https:\/\/sigillarium.pl\/wp-content\/uploads\/2023\/04\/Czestochowa-Panstwowe-Liceum-Ogolnokszalcace-dla-pracujacych-pieczec-seal-petschaft-siegel-sceau-sigillarium.jpg.jpg\"><img loading=\"lazy\" decoding=\"async\" width=\"983\" height=\"973\" data-id=\"24996\" src=\"https:\/\/sigillarium.pl\/wp-content\/uploads\/2023\/04\/Czestochowa-Panstwowe-Liceum-Ogolnokszalcace-dla-pracujacych-pieczec-seal-petschaft-siegel-sceau-sigillarium.jpg.jpg\" alt=\"\" class=\"wp-image-24996\" srcset=\"https:\/\/sigillarium.pl\/wp-content\/uploads\/2023\/04\/Czestochowa-Panstwowe-Liceum-Ogolnokszalcace-dla-pracujacych-pieczec-seal-petschaft-siegel-sceau-sigillarium.jpg.jpg 983w, https:\/\/sigillarium.pl\/wp-content\/uploads\/2023\/04\/Czestochowa-Panstwowe-Liceum-Ogolnokszalcace-dla-pracujacych-pieczec-seal-petschaft-siegel-sceau-sigillarium.jpg-300x297.jpg 300w, https:\/\/sigillarium.pl\/wp-content\/uploads\/2023\/04\/Czestochowa-Panstwowe-Liceum-Ogolnokszalcace-dla-pracujacych-pieczec-seal-petschaft-siegel-sceau-sigillarium.jpg-768x760.jpg 768w\" sizes=\"auto, (max-width: 983px) 100vw, 983px\" \/><\/a><\/figure>\n<\/figure>\n<\/div>\n\n\n\n<div class=\"wp-block-column is-layout-flow wp-block-column-is-layout-flow\" style=\"flex-basis:1%\"><\/div>\n\n\n\n<div class=\"wp-block-column is-vertically-aligned-center is-layout-flow wp-block-column-is-layout-flow\" style=\"flex-basis:22%\"><div class=\"wp-block-image is-resized\">\n<figure class=\"aligncenter size-large\"><img loading=\"lazy\" decoding=\"async\" width=\"468\" height=\"1024\" src=\"https:\/\/sigillarium.pl\/wp-content\/uploads\/2023\/04\/Czestochowa-Panstwowe-Liceum-Ogolnokszalcace-dla-pracujacych-uchwyt-pieczec-seal-petschaft-siegel-sceau-sigillarium.jpg-468x1024.jpg\" alt=\"\" class=\"wp-image-24997\" style=\"aspect-ratio:0.45703125;width:166px;height:auto\" srcset=\"https:\/\/sigillarium.pl\/wp-content\/uploads\/2023\/04\/Czestochowa-Panstwowe-Liceum-Ogolnokszalcace-dla-pracujacych-uchwyt-pieczec-seal-petschaft-siegel-sceau-sigillarium.jpg-468x1024.jpg 468w, https:\/\/sigillarium.pl\/wp-content\/uploads\/2023\/04\/Czestochowa-Panstwowe-Liceum-Ogolnokszalcace-dla-pracujacych-uchwyt-pieczec-seal-petschaft-siegel-sceau-sigillarium.jpg-137x300.jpg 137w, https:\/\/sigillarium.pl\/wp-content\/uploads\/2023\/04\/Czestochowa-Panstwowe-Liceum-Ogolnokszalcace-dla-pracujacych-uchwyt-pieczec-seal-petschaft-siegel-sceau-sigillarium.jpg.jpg 514w\" sizes=\"auto, (max-width: 468px) 100vw, 468px\" \/><\/figure>\n<\/div><\/div>\n\n\n\n<div class=\"wp-block-column is-layout-flow wp-block-column-is-layout-flow\" style=\"flex-basis:1%\"><\/div>\n\n\n\n<div class=\"wp-block-column is-layout-flow wp-block-column-is-layout-flow\" style=\"flex-basis:48%\">\n<style> td {font-size: 11px; color: black; font-family: Arial;} <\/style>\n<table style=\"width: 500px; height: 150px;\">\n\t<tbody><tr>\n\t\t<td style=\"background-color: #DDDDDD; width:6%; text-align: center; \"><b>1<\/b><\/td>\n\t\t<td style=\"padding-left: 8px;\">kolekcja prywatna<\/td>\n\t<\/tr>\n\t<tr>\n\t\t<td style=\"background-color: #DDDDDD; text-align: center; \"><b>2<\/b><\/td>\n<td style=\"background-color: #FFFF99; white-space: nowrap; padding-left: 8px;\"><b><big><big> <a href=\" https:\/\/pl.wikipedia.org\/wiki\/Cz%C4%99stochowa\">CZ\u0118STOCHOWA<\/a><a> <\/a><\/big><\/big><a><br><big>Pa\u0144stwowe Liceum Og\u00f3lnokszta\u0142c\u0105ce dla Pracuj\u0105cych<\/big><br><\/a><\/b><\/td>\n\t<\/tr>\n\t<tr>\n\t\t<td style=\"background-color: #DDDDDD; text-align: center; \"><b>3a<\/b><\/td>\n\t\t<td style=\"padding-left: 8px;\">mosi\u0105dz<\/td>\n\t<\/tr>\n\t<tr>\n\t\t<td style=\"background-color: #DDDDDD; text-align: center; \"><b>3b<\/b><\/td>\n\t\t<td style=\"padding-left: 8px;\">drewno<\/td>\n\t<\/tr>\n\t<tr>\n\t\t<td style=\"background-color: #DDDDDD; text-align: center; \"><b>4<\/b><\/td>\n\t\t<td style=\"padding-left: 8px;\">okr\u0105g\u0142a \u00d8 30 mm <\/td>\n\t<\/tr>\n\t<tr>\n\t\t<td style=\"background-color: #DDDDDD; text-align: center; \"><b>5<\/b><\/td>\n\t\t<td style=\"padding-left: 8px;\">wkl\u0119s\u0142oryty<\/td>\n\t<\/tr>\n\t<tr>\n\t\t<td style=\"background-color: #DDDDDD; text-align: center; \"><b>6<\/b><\/td>\n<td style=\"padding-left: 8px;\">na rancie numer grawera 5 <\/td>\n\t<\/tr>\n<tr>\n\t\t<td style=\"background-color: #DDDDDD; text-align: center; \"><b>7<\/b><\/td>\n<td style=\"padding-left: 8px;\">uchwyt toczony o kulistej ga\u0142ce <\/td>\n\t<\/tr>\n\t<tr>\n\t\t<td style=\"background-color: #DDDDDD; text-align: center; \"><b>7a<\/b><\/td>\n\t\t<td style=\"padding-left: 8px;\"> 88 mm<\/td>\n\t<\/tr>\n\t<tr>\n\t\t<td style=\"background-color: #DDDDDD; text-align: center; \"><b>7b<\/b><\/td>\n<td style=\"padding-left: 8px;\">79 mm, w tym skuwka 8 mm (\u00d8 16,5 mm )<\/td>\n\t<\/tr>\n\t<tr>\n\t\t<td style=\"background-color: #DDDDDD; text-align: center; \"><b>7c<\/b><\/td>\n\t\t<td style=\"padding-left: 8px;\"> 9 mm<\/td>\n\t<\/tr>\n\t<tr>\n\t\t<td style=\"background-color: #DDDDDD; text-align: center; \"><b>8<\/b><\/td>\n<td style=\"padding-left: 8px;\">na r\u0119koje\u015bci znacznik prawid\u0142owego ustawienia t\u0142oka <\/td>\n\t<\/tr>\n\t<tr>\n\t\t<td style=\"background-color: #DDDDDD; text-align: center; \"><b>9a<\/b><\/td>\n\t\t<td style=\"padding-left: 8px;\">majusku\u0142a<\/td>\n\t<\/tr>\n\t<tr>\n\t\t<td style=\"background-color: #DDDDDD; text-align: center; \"><b>9b<\/b><\/td>\n<td style=\"padding-left: 8px;\">w otoku zewn\u0119trznym:<b> * PA\u0143STWOWE LICEUM OG\u00d3LNOKSZTA\u0141C\u0104CE <\/B> <BR> w otoku wewn\u0119trznym: <b> * DLA PRACUJ\u0104CYCH * \/\/ W CZ\u0118STOCHOWIE<br><br><\/td>\n<\/tr>\n\t<tr>\t\n\t\t<td style=\"background-color: #DDDDDD; text-align: center; \"><b>10<\/b><\/td><br><br>\n<td style=\"padding-left: 8px;\"> W polu piecz\u0119ci, oddzielonym od pola legendy pojedynczym obrze\u017ceniem ci\u0105g\u0142ym, wizerunek or\u0142a ustalony dla god\u0142a herbu Polskiej Rzeczypospolitej Ludowej w 1955 r. Na zewn\u0105trz, wok\u00f3\u0142 pola legendy, pojedyncze obrze\u017cenie ci\u0105g\u0142e.<\/td>\n<\/tr>\n\t<tr>\n\t\t<td style=\"background-color: #DDDDDD; text-align: center; \"><b>11<\/b><\/td>\n<td style=\"padding-left: 8px;\">&#8211;<\/td>\n\t<\/tr>\n\t<tr>\n\t\t<td style=\"background-color: #DDDDDD; text-align: center; \"><b>12<\/b><\/td>\n<td style=\"padding-left: 8px;\">na odwrocie matrycy numer ewidencyjny 144 037<\/td>\n\t<\/tr>\n<\/tbody><\/table>\n\n\n\n<p class=\"has-small-font-size\"> <a rel=\"noreferrer noopener\" href=\"http:\/\/sigillarium.pl\/index.php\/legenda-do-opisu-tloka-pieczetnego\/\" target=\"_blank\">Legenda<\/a> <\/p>\n<\/div>\n<\/div>\n\n\n\n<hr class=\"wp-block-separator has-alpha-channel-opacity\"\/>\n\n\n\n<div class=\"wp-block-columns is-layout-flex wp-container-core-columns-is-layout-9d6595d7 wp-block-columns-is-layout-flex\">\n<div class=\"wp-block-column is-layout-flow wp-block-column-is-layout-flow\" style=\"flex-basis:5%\"><\/div>\n\n\n\n<div class=\"wp-block-column is-vertically-aligned-center is-layout-flow wp-block-column-is-layout-flow\" style=\"flex-basis:23%\">\n<figure class=\"wp-block-gallery aligncenter has-nested-images columns-default is-cropped wp-block-gallery-5 is-layout-flex wp-block-gallery-is-layout-flex\">\n<figure class=\"wp-block-image size-full is-style-default\"><a href=\"https:\/\/sigillarium.pl\/wp-content\/uploads\/2020\/04\/Gda\u0144sk-PWRN-t\u0142ok.jpg\"><img loading=\"lazy\" decoding=\"async\" width=\"644\" height=\"645\" data-id=\"3086\" src=\"http:\/\/sigillarium.pl\/wp-content\/uploads\/2020\/04\/Gda\u0144sk-PWRN-t\u0142ok.jpg\" alt=\"\" class=\"wp-image-3086\" srcset=\"https:\/\/sigillarium.pl\/wp-content\/uploads\/2020\/04\/Gda\u0144sk-PWRN-t\u0142ok.jpg 644w, https:\/\/sigillarium.pl\/wp-content\/uploads\/2020\/04\/Gda\u0144sk-PWRN-t\u0142ok-300x300.jpg 300w, https:\/\/sigillarium.pl\/wp-content\/uploads\/2020\/04\/Gda\u0144sk-PWRN-t\u0142ok-150x150.jpg 150w\" sizes=\"auto, (max-width: 644px) 100vw, 644px\" \/><\/a><\/figure>\n<\/figure>\n<\/div>\n\n\n\n<div class=\"wp-block-column is-layout-flow wp-block-column-is-layout-flow\" style=\"flex-basis:1%\"><\/div>\n\n\n\n<div class=\"wp-block-column is-vertically-aligned-center is-layout-flow wp-block-column-is-layout-flow\" style=\"flex-basis:22%\"><div class=\"wp-block-image is-resized\">\n<figure class=\"aligncenter size-large\"><img loading=\"lazy\" decoding=\"async\" width=\"352\" height=\"825\" src=\"http:\/\/sigillarium.pl\/wp-content\/uploads\/2020\/04\/Gda\u0144sk-PWRN-uchwyt.jpg\" alt=\"\" class=\"wp-image-3087\" style=\"aspect-ratio:0.4266666666666667;width:120px;height:auto\" srcset=\"https:\/\/sigillarium.pl\/wp-content\/uploads\/2020\/04\/Gda\u0144sk-PWRN-uchwyt.jpg 352w, https:\/\/sigillarium.pl\/wp-content\/uploads\/2020\/04\/Gda\u0144sk-PWRN-uchwyt-128x300.jpg 128w\" sizes=\"auto, (max-width: 352px) 100vw, 352px\" \/><\/figure>\n<\/div><\/div>\n\n\n\n<div class=\"wp-block-column is-layout-flow wp-block-column-is-layout-flow\" style=\"flex-basis:1%\"><\/div>\n\n\n\n<div class=\"wp-block-column is-layout-flow wp-block-column-is-layout-flow\" style=\"flex-basis:48%\">\n<style> td {font-size: 11px; color: black; font-family: Arial;} <\/style>\n<table style=\"width: 500px; height: 150px;\">\n\t<tbody><tr>\n\t\t<td style=\"background-color: #DDDDDD; width:6%; text-align: center; \"><b>1<\/b><\/td>\n\t\t<td style=\"padding-left: 8px;\">kolekcja prywatna<\/td>\n\t<\/tr>\n\t<tr>\n\t\t<td style=\"background-color: #DDDDDD; text-align: center; \"><b>2<\/b><\/td>\n<td style=\"background-color: #FFFF99; white-space: nowrap; padding-left: 8px;\"><b><big><big><a href=\"https:\/\/pl.wikipedia.org\/wiki\/Gda%C5%84sk\"> GDA\u0143SK<\/a> <\/big><\/big><\/b><br><big><b>Prezydium Wojew\u00f3dzkiej Rady Narodowej<\/b><\/big><\/td>\n\t<\/tr>\n\t<tr>\n\t\t<td style=\"background-color: #DDDDDD; text-align: center; \"><b>3a<\/b><\/td>\n\t\t<td style=\"padding-left: 8px;\">mosi\u0105dz<\/td>\n\t<\/tr>\n\t<tr>\n\t\t<td style=\"background-color: #DDDDDD; text-align: center; \"><b>3b<\/b><\/td>\n\t\t<td style=\"padding-left: 8px;\">tworzywo sztuczne<\/td>\n\t<\/tr>\n\t<tr>\n\t\t<td style=\"background-color: #DDDDDD; text-align: center; \"><b>4<\/b><\/td>\n\t\t<td style=\"padding-left: 8px;\">okr\u0105g\u0142a \u00d8 30 mm<\/td>\n\t<\/tr>\n\t<tr>\n\t\t<td style=\"background-color: #DDDDDD; text-align: center; \"><b>5<\/b><\/td>\n\t\t<td style=\"padding-left: 8px;\">wkl\u0119s\u0142oryty<\/td>\n\t<\/tr>\n\t<tr>\n\t\t<td style=\"background-color: #DDDDDD; text-align: center; \"><b>6<\/b><\/td>\n<td style=\"padding-left: 8px;\">&#8211;<\/td>\n\t<\/tr>\n<tr>\n\t\t<td style=\"background-color: #DDDDDD; text-align: center; \"><b>7<\/b><\/td>\n<td style=\"padding-left: 8px;\"> uchwyt o kulistej ga\u0142ce<\/td>\n\t<\/tr>\n\t<tr>\n\t\t<td style=\"background-color: #DDDDDD; text-align: center; \"><b>7a<\/b><\/td>\n\t\t<td style=\"padding-left: 8px;\">70 mm<\/td>\n\t<\/tr>\n\t<tr>\n\t\t<td style=\"background-color: #DDDDDD; text-align: center; \"><b>7b<\/b><\/td>\n\t\t<td style=\"padding-left: 8px;\">61,5 mm<\/td>\n\t<\/tr>\n\t<tr>\n\t\t<td style=\"background-color: #DDDDDD; text-align: center; \"><b>7c<\/b><\/td>\n\t\t<td style=\"padding-left: 8px;\">8,5 mm<\/td>\n\t<\/tr>\n\t<tr>\n\t\t<td style=\"background-color: #DDDDDD; text-align: center; \"><b>8<\/b><\/td>\n<td style=\"padding-left: 8px;\">na ga\u0142ce uchwytu znacznik prawid\u0142owego ustawienia t\u0142oka oraz sygnatura wytw\u00f3rcy m \/\/ W <\/td>\n\t<\/tr>\n\t<tr>\n\t\t<td style=\"background-color: #DDDDDD; text-align: center; \"><b>9a<\/b><\/td>\n\t\t<td style=\"padding-left: 8px;\">majusku\u0142a<\/td>\n\t<\/tr>\n\t<tr>\n\t\t<td style=\"background-color: #DDDDDD; text-align: center; \"><b>9b<\/b><\/td>\n<td style=\"padding-left: 8px;\"><br> w otoku: <b>* PREZYDIUM   WOJEW\u00d3DZKIEJ  RADY   NARODOWEJ * 1 <\/b><br> w polu poni\u017cej obrazu napiecz\u0119tnego: <b>   W   GDA\u0143SKU<\/b><br><br><\/td> \n\t<\/tr>\n\t<tr>\n\t\t<td style=\"background-color: #DDDDDD; text-align: center; \"><b>10<\/b><\/td>\n<td style=\"padding-left: 8px;\"> W polu piecz\u0119ci wizerunek or\u0142a, ustalony dla god\u0142a herbu Polskiej Rzeczypospolitej Ludowej w 1955 r. Na zewn\u0105trz, wok\u00f3\u0142 pola piecz\u0119ci, pojedyncze obrze\u017cenie ci\u0105g\u0142e <\/td>\n<\/tr>\n\t<tr>\n\t\t<td style=\"background-color: #DDDDDD; text-align: center; \"><b>11<\/b><\/td>\n<td style=\"padding-left: 8px;\">&#8211;<\/td>\n\t<\/tr>\n\t<tr>\n\t\t<td style=\"background-color: #DDDDDD; text-align: center; \"><b>12<\/b><\/td>\n<td style=\"padding-left: 8px;\"> na odwrocie matrycy nr ewidencyjny 359 001, numer grawera 72, sygnatura wytw\u00f3rcy m \/\/ W <\/td>\n\t<\/tr>\n<\/tbody><\/table>\n\n\n\n<p class=\"has-small-font-size\"> <a rel=\"noreferrer noopener\" href=\"http:\/\/sigillarium.pl\/index.php\/legenda-do-opisu-tloka-pieczetnego\/\" target=\"_blank\">Legenda<\/a> <\/p>\n<\/div>\n<\/div>\n\n\n\n<hr class=\"wp-block-separator has-alpha-channel-opacity\"\/>\n\n\n\n<div class=\"wp-block-columns is-layout-flex wp-container-core-columns-is-layout-9d6595d7 wp-block-columns-is-layout-flex\">\n<div class=\"wp-block-column is-layout-flow wp-block-column-is-layout-flow\" style=\"flex-basis:5%\"><\/div>\n\n\n\n<div class=\"wp-block-column is-vertically-aligned-center is-layout-flow wp-block-column-is-layout-flow\" style=\"flex-basis:23%\">\n<figure class=\"wp-block-gallery aligncenter has-nested-images columns-default is-cropped wp-block-gallery-6 is-layout-flex wp-block-gallery-is-layout-flex\">\n<figure class=\"wp-block-image size-large is-style-default\"><a href=\"https:\/\/sigillarium.pl\/wp-content\/uploads\/2022\/05\/Holowczyce-Urzad-stanu-cywilnego-pieczec-seal-petschaft-siegel-sceau-sigillo-sigillarium.jpg.jpg\"><img loading=\"lazy\" decoding=\"async\" width=\"1024\" height=\"1024\" data-id=\"20571\" src=\"https:\/\/sigillarium.pl\/wp-content\/uploads\/2022\/05\/Holowczyce-Urzad-stanu-cywilnego-pieczec-seal-petschaft-siegel-sceau-sigillo-sigillarium.jpg-1024x1024.jpg\" alt=\"\" class=\"wp-image-20571\" srcset=\"https:\/\/sigillarium.pl\/wp-content\/uploads\/2022\/05\/Holowczyce-Urzad-stanu-cywilnego-pieczec-seal-petschaft-siegel-sceau-sigillo-sigillarium.jpg-1024x1024.jpg 1024w, https:\/\/sigillarium.pl\/wp-content\/uploads\/2022\/05\/Holowczyce-Urzad-stanu-cywilnego-pieczec-seal-petschaft-siegel-sceau-sigillo-sigillarium.jpg-300x300.jpg 300w, https:\/\/sigillarium.pl\/wp-content\/uploads\/2022\/05\/Holowczyce-Urzad-stanu-cywilnego-pieczec-seal-petschaft-siegel-sceau-sigillo-sigillarium.jpg-150x150.jpg 150w, https:\/\/sigillarium.pl\/wp-content\/uploads\/2022\/05\/Holowczyce-Urzad-stanu-cywilnego-pieczec-seal-petschaft-siegel-sceau-sigillo-sigillarium.jpg-768x769.jpg 768w, https:\/\/sigillarium.pl\/wp-content\/uploads\/2022\/05\/Holowczyce-Urzad-stanu-cywilnego-pieczec-seal-petschaft-siegel-sceau-sigillo-sigillarium.jpg.jpg 1056w\" sizes=\"auto, (max-width: 1024px) 100vw, 1024px\" \/><\/a><\/figure>\n<\/figure>\n<\/div>\n\n\n\n<div class=\"wp-block-column is-layout-flow wp-block-column-is-layout-flow\" style=\"flex-basis:1%\"><\/div>\n\n\n\n<div class=\"wp-block-column is-vertically-aligned-center is-layout-flow wp-block-column-is-layout-flow\" style=\"flex-basis:22%\"><div class=\"wp-block-image is-resized\">\n<figure class=\"aligncenter size-full\"><img loading=\"lazy\" decoding=\"async\" width=\"975\" height=\"974\" src=\"https:\/\/sigillarium.pl\/wp-content\/uploads\/2022\/05\/Holowczyce-Urzad-stanu-cywilnego-uchwyt-pieczec-seal-petschaft-siegel-sceau-sigillo-sigillarium.jpg.jpg\" alt=\"\" class=\"wp-image-20572\" srcset=\"https:\/\/sigillarium.pl\/wp-content\/uploads\/2022\/05\/Holowczyce-Urzad-stanu-cywilnego-uchwyt-pieczec-seal-petschaft-siegel-sceau-sigillo-sigillarium.jpg.jpg 975w, https:\/\/sigillarium.pl\/wp-content\/uploads\/2022\/05\/Holowczyce-Urzad-stanu-cywilnego-uchwyt-pieczec-seal-petschaft-siegel-sceau-sigillo-sigillarium.jpg-300x300.jpg 300w, https:\/\/sigillarium.pl\/wp-content\/uploads\/2022\/05\/Holowczyce-Urzad-stanu-cywilnego-uchwyt-pieczec-seal-petschaft-siegel-sceau-sigillo-sigillarium.jpg-150x150.jpg 150w, https:\/\/sigillarium.pl\/wp-content\/uploads\/2022\/05\/Holowczyce-Urzad-stanu-cywilnego-uchwyt-pieczec-seal-petschaft-siegel-sceau-sigillo-sigillarium.jpg-768x767.jpg 768w\" sizes=\"auto, (max-width: 975px) 100vw, 975px\" \/><\/figure>\n<\/div><\/div>\n\n\n\n<div class=\"wp-block-column is-layout-flow wp-block-column-is-layout-flow\" style=\"flex-basis:1%\"><\/div>\n\n\n\n<div class=\"wp-block-column is-layout-flow wp-block-column-is-layout-flow\" style=\"flex-basis:48%\">\n<style> td {font-size: 11px; color: black; font-family: Arial;} <\/style>\n<table style=\"width: 500px; height: 150px;\">\n\t<tbody><tr>\n\t\t<td style=\"background-color: #DDDDDD; width:6%; text-align: center; \"><b>1<\/b><\/td>\n\t\t<td style=\"padding-left: 8px;\">kolekcja prywatna<\/td>\n\t<\/tr>\n\t<tr>\n\t\t<td style=\"background-color: #DDDDDD; text-align: center; \"><b>2<\/b><\/td>\n<td style=\"background-color: #FFFF99; white-space: nowrap; padding-left: 8px;\"><b><big><big> <a href=\"https:\/\/pl.wikipedia.org\/wiki\/Stare_Ho%C5%82owczyce\"> HO\u0141OWCZYCE<\/a> <\/big><\/big><br><big> Urz\u0105d Stanu Cywilnego<\/big><\/b><\/td>\n\t<\/tr>\n\t<tr>\n\t\t<td style=\"background-color: #DDDDDD; text-align: center; \"><b>3a<\/b><\/td>\n\t\t<td style=\"padding-left: 8px;\">mosi\u0105dz<\/td>\n\t<\/tr>\n\t<tr>\n\t\t<td style=\"background-color: #DDDDDD; text-align: center; \"><b>3b<\/b><\/td>\n\t\t<td style=\"padding-left: 8px;\"> &#8211; <\/td>\n\t<\/tr>\n\t<tr>\n\t\t<td style=\"background-color: #DDDDDD; text-align: center; \"><b>4<\/b><\/td>\n\t\t<td style=\"padding-left: 8px;\">okr\u0105g\u0142a \u00d8 36 mm<\/td>\n\t<\/tr>\n\t<tr>\n\t\t<td style=\"background-color: #DDDDDD; text-align: center; \"><b>5<\/b><\/td>\n\t\t<td style=\"padding-left: 8px;\">wypuk\u0142oryty<\/td>\n\t<\/tr>\n\t<tr>\n\t\t<td style=\"background-color: #DDDDDD; text-align: center; \"><b>6<\/b><\/td>\n<td style=\"padding-left: 8px;\"> na rancie numer grawera 6 <\/td>\n\t<\/tr>\n<tr>\n\t\t<td style=\"background-color: #DDDDDD; text-align: center; \"><b>7<\/b><\/td>\n<td style=\"padding-left: 8px;\">brak, otw\u00f3r do jego zamocowania<\/td>\n\t<\/tr>\n\t<tr>\n\t\t<td style=\"background-color: #DDDDDD; text-align: center; \"><b>7a<\/b><\/td>\n\t\t<td style=\"padding-left: 8px;\">13 mm<\/td>\n\t<\/tr>\n\t<tr>\n\t\t<td style=\"background-color: #DDDDDD; text-align: center; \"><b>7b<\/b><\/td>\n\t\t<td style=\"padding-left: 8px;\">13 mm<\/td>\n\t<\/tr>\n\t<tr>\n\t\t<td style=\"background-color: #DDDDDD; text-align: center; \"><b>7c<\/b><\/td>\n\t\t<td style=\"padding-left: 8px;\">13 mm<\/td>\n\t<\/tr>\n\t<tr>\n\t\t<td style=\"background-color: #DDDDDD; text-align: center; \"><b>8<\/b><\/td>\n<td style=\"padding-left: 8px;\"> &#8211; <\/td>\n\t<\/tr>\n\t<tr>\n\t\t<td style=\"background-color: #DDDDDD; text-align: center; \"><b>9a<\/b><\/td>\n\t\t<td style=\"padding-left: 8px;\">majusku\u0142a<\/td>\n\t<\/tr>\n\t<tr>\n\t\t<td style=\"background-color: #DDDDDD; text-align: center; \"><b>9b<\/b><\/td>\n<td style=\"padding-left: 8px;\"><br> w p\u00f3\u0142otoku g\u00f3rnym :  <b><big>*<\/big> URZ\u0104D STANU CYWILNEGO * <br><\/b>  w p\u00f3\u0142otoku dolnym : <b>HO\u0141OWCZYCE W HOROSZKACH<br><br><\/b><\/td> \n\t<\/tr>\n\t<tr>\n\t\t<td style=\"background-color: #DDDDDD; text-align: center; \"><b>10<\/b><\/td>\n<td style=\"padding-left: 8px;\"> W polu piecz\u0119ci, oddzielonym od pola legendy obrze\u017ceniem ci\u0105g\u0142ym, wizerunek or\u0142a w koronie, ustalony dla god\u0142a herbu Rzeczypospolitej Polskiej w 1927 r., uszczerbiony w Mennicy przez odj\u0119cie korony. Na zewn\u0105trz, wok\u00f3\u0142 pola legendy, pojedyncze obrze\u017cenie ci\u0105g\u0142e. <\/td>\n<\/tr>\n\t<tr>\n\t\t<td style=\"background-color: #DDDDDD; text-align: center; \"><b>11<\/b><\/td>\n<td style=\"padding-left: 8px;\">&#8211;<\/td>\n\t<\/tr>\n\t<tr>\n<td style=\"background-color: #DDDDDD; text-align: center; \"><b>12<\/b><\/td>\n<td style=\"padding-left: 8px;\">Na odwrocie matrycy nr ewidencyjny 36 606, sygnatura wytw\u00f3rcy: orze\u0142 i herb Ko\u015bciesza, mi\u0119dzy nimi napis: MENNICA \/\/ PA\u0143STWOWA <\/td>\n\t<\/tr>\n<\/tbody><\/table>\n\n\n\n<p class=\"has-small-font-size\"> <a rel=\"noreferrer noopener\" href=\"http:\/\/sigillarium.pl\/index.php\/legenda-do-opisu-tloka-pieczetnego\/\" target=\"_blank\">Legenda<\/a> <\/p>\n<\/div>\n<\/div>\n\n\n\n<hr class=\"wp-block-separator has-alpha-channel-opacity\"\/>\n\n\n\n<div class=\"wp-block-columns is-layout-flex wp-container-core-columns-is-layout-9d6595d7 wp-block-columns-is-layout-flex\">\n<div class=\"wp-block-column is-layout-flow wp-block-column-is-layout-flow\" style=\"flex-basis:5%\"><\/div>\n\n\n\n<div class=\"wp-block-column is-vertically-aligned-center is-layout-flow wp-block-column-is-layout-flow\" style=\"flex-basis:23%\">\n<figure class=\"wp-block-gallery aligncenter has-nested-images columns-default is-cropped wp-block-gallery-7 is-layout-flex wp-block-gallery-is-layout-flex\">\n<figure class=\"wp-block-image size-large is-style-default\"><a href=\"https:\/\/sigillarium.pl\/wp-content\/uploads\/2025\/05\/Ilawa-PPRN-Powiatowa-Komisja-Lokalowa-pieczec-seal-petschaft-siegel-sceau-cachet-sigillo-sigillarium.jpg\"><img loading=\"lazy\" decoding=\"async\" width=\"1024\" height=\"1020\" data-id=\"35839\" src=\"https:\/\/sigillarium.pl\/wp-content\/uploads\/2025\/05\/Ilawa-PPRN-Powiatowa-Komisja-Lokalowa-pieczec-seal-petschaft-siegel-sceau-cachet-sigillo-sigillarium-1024x1020.jpg\" alt=\"\" class=\"wp-image-35839\" srcset=\"https:\/\/sigillarium.pl\/wp-content\/uploads\/2025\/05\/Ilawa-PPRN-Powiatowa-Komisja-Lokalowa-pieczec-seal-petschaft-siegel-sceau-cachet-sigillo-sigillarium-1024x1020.jpg 1024w, https:\/\/sigillarium.pl\/wp-content\/uploads\/2025\/05\/Ilawa-PPRN-Powiatowa-Komisja-Lokalowa-pieczec-seal-petschaft-siegel-sceau-cachet-sigillo-sigillarium-300x300.jpg 300w, https:\/\/sigillarium.pl\/wp-content\/uploads\/2025\/05\/Ilawa-PPRN-Powiatowa-Komisja-Lokalowa-pieczec-seal-petschaft-siegel-sceau-cachet-sigillo-sigillarium-150x150.jpg 150w, https:\/\/sigillarium.pl\/wp-content\/uploads\/2025\/05\/Ilawa-PPRN-Powiatowa-Komisja-Lokalowa-pieczec-seal-petschaft-siegel-sceau-cachet-sigillo-sigillarium-768x765.jpg 768w, https:\/\/sigillarium.pl\/wp-content\/uploads\/2025\/05\/Ilawa-PPRN-Powiatowa-Komisja-Lokalowa-pieczec-seal-petschaft-siegel-sceau-cachet-sigillo-sigillarium-1536x1531.jpg 1536w, https:\/\/sigillarium.pl\/wp-content\/uploads\/2025\/05\/Ilawa-PPRN-Powiatowa-Komisja-Lokalowa-pieczec-seal-petschaft-siegel-sceau-cachet-sigillo-sigillarium.jpg 1754w\" sizes=\"auto, (max-width: 1024px) 100vw, 1024px\" \/><\/a><\/figure>\n<\/figure>\n<\/div>\n\n\n\n<div class=\"wp-block-column is-layout-flow wp-block-column-is-layout-flow\" style=\"flex-basis:1%\"><\/div>\n\n\n\n<div class=\"wp-block-column is-vertically-aligned-center is-layout-flow wp-block-column-is-layout-flow\" style=\"flex-basis:22%\"><div class=\"wp-block-image is-resized\">\n<figure class=\"aligncenter size-full\"><img loading=\"lazy\" decoding=\"async\" width=\"1976\" height=\"1995\" src=\"https:\/\/sigillarium.pl\/wp-content\/uploads\/2025\/05\/Ilawa-PPRN-Powiatowa-Komisja-Lokalowa-pieczec-rewers-seal-petschaft-siegel-sceau-cachet-sigillo-sigillarium.jpg\" alt=\"\" class=\"wp-image-35840\" srcset=\"https:\/\/sigillarium.pl\/wp-content\/uploads\/2025\/05\/Ilawa-PPRN-Powiatowa-Komisja-Lokalowa-pieczec-rewers-seal-petschaft-siegel-sceau-cachet-sigillo-sigillarium.jpg 1976w, https:\/\/sigillarium.pl\/wp-content\/uploads\/2025\/05\/Ilawa-PPRN-Powiatowa-Komisja-Lokalowa-pieczec-rewers-seal-petschaft-siegel-sceau-cachet-sigillo-sigillarium-297x300.jpg 297w, https:\/\/sigillarium.pl\/wp-content\/uploads\/2025\/05\/Ilawa-PPRN-Powiatowa-Komisja-Lokalowa-pieczec-rewers-seal-petschaft-siegel-sceau-cachet-sigillo-sigillarium-1014x1024.jpg 1014w, https:\/\/sigillarium.pl\/wp-content\/uploads\/2025\/05\/Ilawa-PPRN-Powiatowa-Komisja-Lokalowa-pieczec-rewers-seal-petschaft-siegel-sceau-cachet-sigillo-sigillarium-150x150.jpg 150w, https:\/\/sigillarium.pl\/wp-content\/uploads\/2025\/05\/Ilawa-PPRN-Powiatowa-Komisja-Lokalowa-pieczec-rewers-seal-petschaft-siegel-sceau-cachet-sigillo-sigillarium-768x775.jpg 768w, https:\/\/sigillarium.pl\/wp-content\/uploads\/2025\/05\/Ilawa-PPRN-Powiatowa-Komisja-Lokalowa-pieczec-rewers-seal-petschaft-siegel-sceau-cachet-sigillo-sigillarium-1521x1536.jpg 1521w\" sizes=\"auto, (max-width: 1976px) 100vw, 1976px\" \/><\/figure>\n<\/div><\/div>\n\n\n\n<div class=\"wp-block-column is-layout-flow wp-block-column-is-layout-flow\" style=\"flex-basis:1%\"><\/div>\n\n\n\n<div class=\"wp-block-column is-layout-flow wp-block-column-is-layout-flow\" style=\"flex-basis:48%\">\n<style> td {font-size: 11px; color: black; font-family: Arial;} <\/style>\n<table style=\"width: 500px; height: 150px;\">\n\t<tbody><tr>\n\t\t<td style=\"background-color: #DDDDDD; width:6%; text-align: center; \"><b>1<\/b><\/td>\n\t\t<td style=\"padding-left: 8px;\">kolekcja prywatna<\/td>\n\t<\/tr>\n\t<tr>\n\t\t<td style=\"background-color: #DDDDDD; text-align: center; \"><b>2<\/b><\/td>\n<td style=\"background-color: #FFFF99; white-space: nowrap; padding-left: 8px;\"><b><big><big> <a href=\"https:\/\/pl.wikipedia.org\/wiki\/I%C5%82awa\">I\u0141AWA<\/a> <\/big><\/big><br><big> Prezydium Powiatowej Rady Narodowej<br> Powiatowa komisja lokalowa <\/big><\/b><\/td>\n\t<\/tr>\n\t<tr>\n\t\t<td style=\"background-color: #DDDDDD; text-align: center; \"><b>3a<\/b><\/td>\n\t\t<td style=\"padding-left: 8px;\">mosi\u0105dz<\/td>\n\t<\/tr>\n\t<tr>\n\t\t<td style=\"background-color: #DDDDDD; text-align: center; \"><b>3b<\/b><\/td>\n\t\t<td style=\"padding-left: 8px;\">&#8211;<\/td>\n\t<\/tr>\n\t<tr>\n\t\t<td style=\"background-color: #DDDDDD; text-align: center; \"><b>4<\/b><\/td>\n\t\t<td style=\"padding-left: 8px;\">okr\u0105g\u0142a \u00d8 36 mm<\/td>\n\t<\/tr>\n\t<tr>\n\t\t<td style=\"background-color: #DDDDDD; text-align: center; \"><b>5<\/b><\/td>\n\t\t<td style=\"padding-left: 8px;\">wypuk\u0142oryty<\/td>\n\t<\/tr>\n\t<tr>\n\t\t<td style=\"background-color: #DDDDDD; text-align: center; \"><b>6<\/b><\/td>\n<td style=\"padding-left: 8px;\">na rancie matrycy numer grawera 22<\/td>\n\t<\/tr>\n<tr>\n\t\t<td style=\"background-color: #DDDDDD; text-align: center; \"><b>7<\/b><\/td>\n<td style=\"padding-left: 8px;\">brak uchwytu <\/td>\n\t<\/tr>\n\t<tr>\n\t\t<td style=\"background-color: #DDDDDD; text-align: center; \"><b>7a<\/b><\/td>\n\t\t<td style=\"padding-left: 8px;\"> 9 mm<\/td>\n\t<\/tr>\n\t<tr>\n\t\t<td style=\"background-color: #DDDDDD; text-align: center; \"><b>7b<\/b><\/td>\n<td style=\"padding-left: 8px;\">&#8211;<\/td>\n\t<\/tr>\n\t<tr>\n\t\t<td style=\"background-color: #DDDDDD; text-align: center; \"><b>7c<\/b><\/td>\n\t\t<td style=\"padding-left: 8px;\"> 9 mm<\/td>\n\t<\/tr>\n\t<tr>\n\t\t<td style=\"background-color: #DDDDDD; text-align: center; \"><b>8<\/b><\/td>\n<td style=\"padding-left: 8px;\">&#8211;<\/td>\n\t<\/tr>\n\t<tr>\n\t\t<td style=\"background-color: #DDDDDD; text-align: center; \"><b>9a<\/b><\/td>\n\t\t<td style=\"padding-left: 8px;\">majusku\u0142a<\/td>\n\t<\/tr>\n\t<tr>\n\t\t<td style=\"background-color: #DDDDDD; text-align: center; \"><b>9b<\/b><\/td>\n<td style=\"padding-left: 8px;\"> <br>w otoku zewewn\u0119trznym:  <b> * PREZYDIUM POWIATOWEJ RADY NARODOWEJ * \/\/ W I\u0141AWIE <\/b><br> w otoku wewn\u0119trznym: <b>POWIATOWA KOMISJA LOKALOWA<\/b><br><br><\/td> \n<\/tr>\n\t<tr>\t\n\t\t<td style=\"background-color: #DDDDDD; text-align: center; \"><b>10<\/b><\/td>\n<td style=\"padding-left: 8px;\"> W polu piecz\u0119ci, oddzielonym od pola legendy pojedynczym obrze\u017ceniem ci\u0105g\u0142ym, wizerunek or\u0142a ustalony dla god\u0142a herbu Polskiej Rzeczypospolitej Ludowej w 1955 r. Na zewn\u0105trz, wok\u00f3\u0142 pola legendy, pojedyncze obrze\u017cenie ci\u0105g\u0142e.<\/td>\n<\/tr>\n\t<tr>\n\t\t<td style=\"background-color: #DDDDDD; text-align: center; \"><b>11<\/b><\/td>\n<td style=\"padding-left: 8px;\">&#8211;<\/td>\n\t<\/tr>\n\t<tr>\n\t\t<td style=\"background-color: #DDDDDD; text-align: center; \"><b>12<\/b><\/td>\n<td style=\"padding-left: 8px;\">na odwrociu matrycy numer ewidencyjny 247716 <\/td>\n\t<\/tr>\n<\/tbody><\/table>\n\n\n\n<p class=\"has-small-font-size\"> <a rel=\"noreferrer noopener\" href=\"http:\/\/sigillarium.pl\/index.php\/legenda-do-opisu-tloka-pieczetnego\/\" target=\"_blank\">Legenda<\/a> <\/p>\n<\/div>\n<\/div>\n\n\n\n<hr class=\"wp-block-separator has-alpha-channel-opacity\"\/>\n\n\n\n<div class=\"wp-block-columns is-layout-flex wp-container-core-columns-is-layout-9d6595d7 wp-block-columns-is-layout-flex\">\n<div class=\"wp-block-column is-layout-flow wp-block-column-is-layout-flow\" style=\"flex-basis:5%\"><\/div>\n\n\n\n<div class=\"wp-block-column is-vertically-aligned-center is-layout-flow wp-block-column-is-layout-flow\" style=\"flex-basis:23%\">\n<figure class=\"wp-block-gallery aligncenter has-nested-images columns-default is-cropped wp-block-gallery-8 is-layout-flex wp-block-gallery-is-layout-flex\">\n<figure class=\"wp-block-image size-full is-style-default\"><a href=\"https:\/\/sigillarium.pl\/wp-content\/uploads\/2025\/10\/Warszawa_Instytut_Geologiczy_oddz.swietokrzyski-w-Kielacach-1.jpg\"><img loading=\"lazy\" decoding=\"async\" width=\"570\" height=\"565\" data-id=\"37192\" src=\"https:\/\/sigillarium.pl\/wp-content\/uploads\/2025\/10\/Warszawa_Instytut_Geologiczy_oddz.swietokrzyski-w-Kielacach-1.jpg\" alt=\"\" class=\"wp-image-37192\" srcset=\"https:\/\/sigillarium.pl\/wp-content\/uploads\/2025\/10\/Warszawa_Instytut_Geologiczy_oddz.swietokrzyski-w-Kielacach-1.jpg 570w, https:\/\/sigillarium.pl\/wp-content\/uploads\/2025\/10\/Warszawa_Instytut_Geologiczy_oddz.swietokrzyski-w-Kielacach-1-300x297.jpg 300w, https:\/\/sigillarium.pl\/wp-content\/uploads\/2025\/10\/Warszawa_Instytut_Geologiczy_oddz.swietokrzyski-w-Kielacach-1-150x150.jpg 150w\" sizes=\"auto, (max-width: 570px) 100vw, 570px\" \/><\/a><\/figure>\n<\/figure>\n<\/div>\n\n\n\n<div class=\"wp-block-column is-layout-flow wp-block-column-is-layout-flow\" style=\"flex-basis:1%\"><\/div>\n\n\n\n<div class=\"wp-block-column is-vertically-aligned-center is-layout-flow wp-block-column-is-layout-flow\" style=\"flex-basis:22%\"><div class=\"wp-block-image is-resized\">\n<figure class=\"aligncenter size-full\"><img loading=\"lazy\" decoding=\"async\" width=\"308\" height=\"720\" src=\"https:\/\/sigillarium.pl\/wp-content\/uploads\/2025\/10\/Warszawa_Panstwowy_Instytut_Geologiczy_oddz.swietokrzyski-w-Kielacach_uchwyt.jpg\" alt=\"\" class=\"wp-image-37211\" style=\"aspect-ratio:0.42776886035313;width:136px;height:auto\" srcset=\"https:\/\/sigillarium.pl\/wp-content\/uploads\/2025\/10\/Warszawa_Panstwowy_Instytut_Geologiczy_oddz.swietokrzyski-w-Kielacach_uchwyt.jpg 308w, https:\/\/sigillarium.pl\/wp-content\/uploads\/2025\/10\/Warszawa_Panstwowy_Instytut_Geologiczy_oddz.swietokrzyski-w-Kielacach_uchwyt-128x300.jpg 128w\" sizes=\"auto, (max-width: 308px) 100vw, 308px\" \/><\/figure>\n<\/div><\/div>\n\n\n\n<div class=\"wp-block-column is-layout-flow wp-block-column-is-layout-flow\" style=\"flex-basis:1%\"><\/div>\n\n\n\n<div class=\"wp-block-column is-layout-flow wp-block-column-is-layout-flow\" style=\"flex-basis:48%\">\n<style> td {font-size: 11px; color: black; font-family: Arial;} <\/style>\n<table style=\"width: 500px; height: 150px;\">\n\t<tr>\n\t\t<td style=\"background-color: #DDDDDD; width:6%; text-align: center; \"><b>1<\/b><\/td>\n\t\t<td style=\"padding-left: 8px;\">kolekcja prywatna<\/td>\n\t<\/tr>\n\t<tr>\n\t\t<td style=\"background-color: #DDDDDD; text-align: center; \"><b>2<\/b><\/td>\n<td style=\"background-color: #FFFF99; white-space: nowrap; padding-left: 8px;\"><b><big><big><a href=\"https:\/\/pl.wikipedia.org\/wiki\/Kielce \">KIELCE<\/a><\/big><br\/><\/big><big>Pa\u0144stwowy Instytut Geologiczny &#8211; Oddzia\u0142 \u015awi\u0119tokrzyski w Kielcach<\/b><br\/><\/td>\n\t<\/tr>\n\t<tr>\n\t\t<td style=\"background-color: #DDDDDD; text-align: center; \"><b>3a<\/b><\/td>\n\t\t<td style=\"padding-left: 8px;\">mosi\u0105dz<\/td>\n\t<\/tr>\n\t<tr>\n\t\t<td style=\"background-color: #DDDDDD; text-align: center; \"><b>3b<\/b><\/td>\n\t\t<td style=\"padding-left: 8px;\">tworzywo sztuczne<\/td>\n\t<\/tr>\n\t<tr>\n\t\t<td style=\"background-color: #DDDDDD; text-align: center; \"><b>4<\/b><\/td>\n\t\t<td style=\"padding-left: 8px;\">okr\u0105g\u0142a \u00d8 20 mm<\/td>\n\t<\/tr>\n\t<tr>\n\t\t<td style=\"background-color: #DDDDDD; text-align: center; \"><b>5<\/b><\/td>\n\t\t<td style=\"padding-left: 8px;\">wypuk\u0142oryty<\/td>\n\t<\/tr>\n\t<tr>\n\t\t<td style=\"background-color: #DDDDDD; text-align: center; \"><b>6<\/b><\/td>\n<td style=\"padding-left: 8px;\"> na rancie matrycy nr ewidencyjny 319 135, numer grawera 258, sygnatura wytw\u00f3rcy m \/\/ W<\/td>\n\t<\/tr>\n<tr>\n\t\t<td style=\"background-color: #DDDDDD; text-align: center; \"><b>7<\/b><\/td>\n<td style=\"padding-left: 8px;\"> uchwyt o kulistej ga\u0142ce<\/td>\n\t<\/tr>\n\t<tr>\n\t\t<td style=\"background-color: #DDDDDD; text-align: center; \"><b>7a<\/b><\/td>\n\t\t<td style=\"padding-left: 8px;\">73 mm<\/td>\n\t<\/tr>\n\t<tr>\n\t\t<td style=\"background-color: #DDDDDD; text-align: center; \"><b>7b<\/b><\/td>\n\t\t<td style=\"padding-left: 8px;\">64 mm<\/td>\n\t<\/tr>\n\t<tr>\n\t\t<td style=\"background-color: #DDDDDD; text-align: center; \"><b>7c<\/b><\/td>\n\t\t<td style=\"padding-left: 8px;\">9 mm<\/td>\n\t<\/tr>\n\t<tr>\n\t\t<td style=\"background-color: #DDDDDD; text-align: center; \"><b>8<\/b><\/td>\n<td style=\"padding-left: 8px;\"> na ga\u0142ce uchwytu znacznik prawid\u0142owego ustawienia t\u0142oka <\/td>\n\t<\/tr>\n\t<tr>\n\t\t<td style=\"background-color: #DDDDDD; text-align: center; \"><b>9a<\/b><\/td>\n\t\t<td style=\"padding-left: 8px;\">majusku\u0142a<\/td>\n\t<\/tr>\n\t<tr>\n\t\t<td style=\"background-color: #DDDDDD; text-align: center; \"><b>9b<\/b><\/td>\n<td style=\"padding-left: 8px;\"> <br \/>w p\u00f3\u0142otoku podw\u00f3jnym g\u00f3rnym: <b>  * INSTYTUT GEOLOGICZNY \/\/ ODDZIA\u0141 \u015aWI\u0118TOKRZYSKI <\/b><BR> w p\u00f3\u0142otoku dolnym: <b> W KIELCACH <\/b><br \/><br \/><\/td> \n\t<\/tr>\n\t<tr>\n\t\t<td style=\"background-color: #DDDDDD; text-align: center; \"><b>10<\/b><\/td>\n<td style=\"padding-left: 8px;\"> W polu piecz\u0119ci, oddzielonym od pola legendy pojedynczym obrze\u017ceniem ci\u0105g\u0142ym, wizerunek or\u0142a ustalony dla god\u0142a herbu Polskiej Rzeczypospolitej Ludowej w 1955 r. Na zewn\u0105trz pola legendy pojedyncze obrze\u017cenie ci\u0105g\u0142e.<\/td>\n<\/tr>\n\t<tr>\n\t\t<td style=\"background-color: #DDDDDD; text-align: center; \"><b>11<\/b><\/td>\n<td style=\"padding-left: 8px;\"> &#8211;<\/td>\n\t<\/tr>\n\t<tr>\n\t\t<td style=\"background-color: #DDDDDD; text-align: center; \"><b>12<\/b><\/td>\n\t\t<td style=\"padding-left: 8px;\">&#8211;<\/td>\n\t<\/tr>\n<\/table>\n\n\n\n<p class=\"has-small-font-size\"> <a rel=\"noreferrer noopener\" href=\"http:\/\/sigillarium.pl\/index.php\/legenda-do-opisu-tloka-pieczetnego\/\" target=\"_blank\">Legenda<\/a> <\/p>\n<\/div>\n<\/div>\n\n\n\n<hr class=\"wp-block-separator has-css-opacity\"\/>\n\n\n\n<div class=\"wp-block-columns is-layout-flex wp-container-core-columns-is-layout-9d6595d7 wp-block-columns-is-layout-flex\">\n<div class=\"wp-block-column is-layout-flow wp-block-column-is-layout-flow\" style=\"flex-basis:5%\"><\/div>\n\n\n\n<div class=\"wp-block-column is-vertically-aligned-center is-layout-flow wp-block-column-is-layout-flow\" style=\"flex-basis:23%\">\n<figure class=\"wp-block-gallery aligncenter has-nested-images columns-default is-cropped wp-block-gallery-9 is-layout-flex wp-block-gallery-is-layout-flex\">\n<figure class=\"wp-block-image size-full is-style-default\"><a href=\"https:\/\/sigillarium.pl\/wp-content\/uploads\/2021\/02\/Ambasada-Polska-w-Leopoldville-pieczec-seal-petschaft.jpg\"><img loading=\"lazy\" decoding=\"async\" width=\"997\" height=\"984\" data-id=\"11389\" src=\"https:\/\/sigillarium.pl\/wp-content\/uploads\/2021\/02\/Ambasada-Polska-w-Leopoldville-pieczec-seal-petschaft.jpg\" alt=\"\" class=\"wp-image-11389\" srcset=\"https:\/\/sigillarium.pl\/wp-content\/uploads\/2021\/02\/Ambasada-Polska-w-Leopoldville-pieczec-seal-petschaft.jpg 997w, https:\/\/sigillarium.pl\/wp-content\/uploads\/2021\/02\/Ambasada-Polska-w-Leopoldville-pieczec-seal-petschaft-300x296.jpg 300w, https:\/\/sigillarium.pl\/wp-content\/uploads\/2021\/02\/Ambasada-Polska-w-Leopoldville-pieczec-seal-petschaft-768x758.jpg 768w\" sizes=\"auto, (max-width: 997px) 100vw, 997px\" \/><\/a><\/figure>\n<\/figure>\n<\/div>\n\n\n\n<div class=\"wp-block-column is-layout-flow wp-block-column-is-layout-flow\" style=\"flex-basis:1%\"><\/div>\n\n\n\n<div class=\"wp-block-column is-vertically-aligned-center is-layout-flow wp-block-column-is-layout-flow\" style=\"flex-basis:22%\"><div class=\"wp-block-image is-resized\">\n<figure class=\"aligncenter size-large\"><img loading=\"lazy\" decoding=\"async\" width=\"1024\" height=\"625\" src=\"https:\/\/sigillarium.pl\/wp-content\/uploads\/2021\/02\/Ambasada-Polska-w-Leopoldville-uchwyt-1024x625.jpg\" alt=\"\" class=\"wp-image-11390\" srcset=\"https:\/\/sigillarium.pl\/wp-content\/uploads\/2021\/02\/Ambasada-Polska-w-Leopoldville-uchwyt-1024x625.jpg 1024w, https:\/\/sigillarium.pl\/wp-content\/uploads\/2021\/02\/Ambasada-Polska-w-Leopoldville-uchwyt-300x183.jpg 300w, https:\/\/sigillarium.pl\/wp-content\/uploads\/2021\/02\/Ambasada-Polska-w-Leopoldville-uchwyt-768x469.jpg 768w, https:\/\/sigillarium.pl\/wp-content\/uploads\/2021\/02\/Ambasada-Polska-w-Leopoldville-uchwyt.jpg 1095w\" sizes=\"auto, (max-width: 1024px) 100vw, 1024px\" \/><\/figure>\n<\/div><\/div>\n\n\n\n<div class=\"wp-block-column is-layout-flow wp-block-column-is-layout-flow\" style=\"flex-basis:1%\"><\/div>\n\n\n\n<div class=\"wp-block-column is-layout-flow wp-block-column-is-layout-flow\" style=\"flex-basis:48%\">\n<style> td {font-size: 11px; color: black; font-family: Arial;} <\/style>\n<table style=\"width: 500px; height: 150px;\">\n\t<tbody><tr>\n\t\t<td style=\"background-color: #DDDDDD; width:6%; text-align: center; \"><b>1<\/b><\/td>\n\t\t<td style=\"padding-left: 8px;\">kolekcja prywatna<\/td>\n\t<\/tr>\n\t<tr>\n\t\t<td style=\"background-color: #DDDDDD; text-align: center; \"><b>2<\/b><\/td>\n<td style=\"background-color: #FFFF99; white-space: nowrap; padding-left: 8px;\"><b><big><big><a href=\"https:\/\/pl.wikipedia.org\/wiki\/Kinszasa\">KINSZASA (LEOPOLDVILLE)<\/a><\/big><\/big><br><big>Ambasada Polska<\/big><\/b><\/td>\n\t<\/tr>\n\t<tr>\n\t\t<td style=\"background-color: #DDDDDD; text-align: center; \"><b>3a<\/b><\/td>\n\t\t<td style=\"padding-left: 8px;\">mosi\u0105dz\/stal<\/td>\n\t<\/tr>\n\t<tr>\n\t\t<td style=\"background-color: #DDDDDD; text-align: center; \"><b>3b<\/b><\/td>\n\t\t<td style=\"padding-left: 8px;\">&#8211; <\/td>\n\t<\/tr>\n\t<tr>\n\t\t<td style=\"background-color: #DDDDDD; text-align: center; \"><b>4<\/b><\/td>\n\t\t<td style=\"padding-left: 8px;\">okr\u0105g\u0142a \u00d8 45 mm, osadzona w stalowym pier\u015bcieniu \u00d8 50 mm <\/td>\n\t<\/tr>\n\t<tr>\n\t\t<td style=\"background-color: #DDDDDD; text-align: center; \"><b>5<\/b><\/td>\n\t\t<td style=\"padding-left: 8px;\">wypuk\u0142oryty<\/td>\n\t<\/tr>\n\t<tr>\n\t\t<td style=\"background-color: #DDDDDD; text-align: center; \"><b>6<\/b><\/td>\n<td style=\"padding-left: 8px;\">&#8211; <\/td>\n\t<\/tr>\n<tr>\n\t\t<td style=\"background-color: #DDDDDD; text-align: center; \"><b>7<\/b><\/td>\n<td style=\"padding-left: 8px;\"> &#8211;<\/td>\n\t<\/tr>\n\t<tr>\n\t\t<td style=\"background-color: #DDDDDD; text-align: center; \"><b>7a<\/b><\/td>\n\t\t<td style=\"padding-left: 8px;\"> 24 mm <\/td>\n\t<\/tr>\n\t<tr>\n\t\t<td style=\"background-color: #DDDDDD; text-align: center; \"><b>7b<\/b><\/td>\n\t\t<td style=\"padding-left: 8px;\">17 mm, w tym cok\u00f3\u0142 9,5 mm, \u015bruba zabezpieczaj\u0105ca 11,5 mm <\/td>\n\t<\/tr>\n\t<tr>\n\t\t<td style=\"background-color: #DDDDDD; text-align: center; \"><b>7c<\/b><\/td>\n\t\t<td style=\"padding-left: 8px;\">5 mm, matryca  scalona ze stopk\u0105<\/td>\n\t<\/tr>\n\t<tr>\n\t\t<td style=\"background-color: #DDDDDD; text-align: center; \"><b>8<\/b><\/td>\n<td style=\"padding-left: 8px;\">&#8211;<\/td>\n\t<\/tr>\n\t<tr>\n\t\t<td style=\"background-color: #DDDDDD; text-align: center; \"><b>9a<\/b><\/td>\n\t\t<td style=\"padding-left: 8px;\">majusku\u0142a<\/td>\n\t<\/tr>\n\t<tr>\n\t\t<td style=\"background-color: #DDDDDD; text-align: center; \"><b>9b<\/b><\/td>\n<td style=\"padding-left: 8px;\"><br> w otoku:<b> * AMBASADA POLSKA W LEOPOLDVILLE * \/\/ 199 <br><br><\/b><\/td> \n\t<\/tr>\n\t<tr>\n\t\t<td style=\"background-color: #DDDDDD; text-align: center; \"><b>10<\/b><\/td>\n<td style=\"padding-left: 8px;\"> W polu piecz\u0119ci, oddzielonym od pola legendy obrze\u017ceniem ci\u0105g\u0142ym, wizerunek or\u0142a, ustalony dla god\u0142a herbu Polskiej Rzeczypospolitej Ludowej w 1955 r. Na zewn\u0105trz pola legendy pojedyncze obrze\u017cenie ci\u0105g\u0142e. <br><br><\/td>\n<\/tr>\n\t<tr>\n\t\t<td style=\"background-color: #DDDDDD; text-align: center; \"><b>11<\/b><\/td>\n<td style=\"padding-left: 8px;\">&#8211;<\/td>\n\t<\/tr>\n\t<tr>\n<td style=\"background-color: #DDDDDD; text-align: center; \"><b>12<\/b><\/td>\n<td style=\"padding-left: 8px;\">dolna matryca piecz\u0119ci suchej, u\u017cywana w ambasadzie do 1966 r. (zmiana nazwy z Leopoldville na Kinszasa) <\/td>\n\t<\/tr>\n<\/tbody><\/table>\n\n\n\n<p class=\"has-small-font-size\"> <a rel=\"noreferrer noopener\" href=\"http:\/\/sigillarium.pl\/index.php\/legenda-do-opisu-tloka-pieczetnego\/\" target=\"_blank\">Legenda<\/a> <\/p>\n<\/div>\n<\/div>\n\n\n\n<hr class=\"wp-block-separator has-css-opacity\"\/>\n\n\n\n<div class=\"wp-block-columns is-layout-flex wp-container-core-columns-is-layout-9d6595d7 wp-block-columns-is-layout-flex\">\n<div class=\"wp-block-column is-layout-flow wp-block-column-is-layout-flow\" style=\"flex-basis:5%\"><\/div>\n\n\n\n<div class=\"wp-block-column is-vertically-aligned-center is-layout-flow wp-block-column-is-layout-flow\" style=\"flex-basis:23%\">\n<figure class=\"wp-block-gallery aligncenter has-nested-images columns-default is-cropped wp-block-gallery-10 is-layout-flex wp-block-gallery-is-layout-flex\">\n<figure class=\"wp-block-image size-full is-style-default\"><a href=\"https:\/\/sigillarium.pl\/wp-content\/uploads\/2021\/01\/KLUKI_zespol_adm_ekonom_szkol.jpg\"><img loading=\"lazy\" decoding=\"async\" width=\"1050\" height=\"1045\" data-id=\"10499\" src=\"https:\/\/sigillarium.pl\/wp-content\/uploads\/2021\/01\/KLUKI_zespol_adm_ekonom_szkol.jpg\" alt=\"\" class=\"wp-image-10499\" srcset=\"https:\/\/sigillarium.pl\/wp-content\/uploads\/2021\/01\/KLUKI_zespol_adm_ekonom_szkol.jpg 1050w, https:\/\/sigillarium.pl\/wp-content\/uploads\/2021\/01\/KLUKI_zespol_adm_ekonom_szkol-300x300.jpg 300w, https:\/\/sigillarium.pl\/wp-content\/uploads\/2021\/01\/KLUKI_zespol_adm_ekonom_szkol-1024x1019.jpg 1024w, https:\/\/sigillarium.pl\/wp-content\/uploads\/2021\/01\/KLUKI_zespol_adm_ekonom_szkol-150x150.jpg 150w, https:\/\/sigillarium.pl\/wp-content\/uploads\/2021\/01\/KLUKI_zespol_adm_ekonom_szkol-768x764.jpg 768w\" sizes=\"auto, (max-width: 1050px) 100vw, 1050px\" \/><\/a><\/figure>\n<\/figure>\n<\/div>\n\n\n\n<div class=\"wp-block-column is-layout-flow wp-block-column-is-layout-flow\" style=\"flex-basis:1%\"><\/div>\n\n\n\n<div class=\"wp-block-column is-vertically-aligned-center is-layout-flow wp-block-column-is-layout-flow\" style=\"flex-basis:22%\"><div class=\"wp-block-image is-resized\">\n<figure class=\"aligncenter size-large\"><img loading=\"lazy\" decoding=\"async\" width=\"1019\" height=\"1024\" src=\"https:\/\/sigillarium.pl\/wp-content\/uploads\/2021\/01\/KLUKI_zespol_adm_ekonom_szkol_rewers-1019x1024.jpg\" alt=\"\" class=\"wp-image-10500\" srcset=\"https:\/\/sigillarium.pl\/wp-content\/uploads\/2021\/01\/KLUKI_zespol_adm_ekonom_szkol_rewers-1019x1024.jpg 1019w, https:\/\/sigillarium.pl\/wp-content\/uploads\/2021\/01\/KLUKI_zespol_adm_ekonom_szkol_rewers-300x300.jpg 300w, https:\/\/sigillarium.pl\/wp-content\/uploads\/2021\/01\/KLUKI_zespol_adm_ekonom_szkol_rewers-150x150.jpg 150w, https:\/\/sigillarium.pl\/wp-content\/uploads\/2021\/01\/KLUKI_zespol_adm_ekonom_szkol_rewers-768x772.jpg 768w, https:\/\/sigillarium.pl\/wp-content\/uploads\/2021\/01\/KLUKI_zespol_adm_ekonom_szkol_rewers.jpg 1045w\" sizes=\"auto, (max-width: 1019px) 100vw, 1019px\" \/><\/figure>\n<\/div><\/div>\n\n\n\n<div class=\"wp-block-column is-layout-flow wp-block-column-is-layout-flow\" style=\"flex-basis:1%\"><\/div>\n\n\n\n<div class=\"wp-block-column is-layout-flow wp-block-column-is-layout-flow\" style=\"flex-basis:48%\">\n<style> td {font-size: 11px; color: black; font-family: Arial;} <\/style>\n<table style=\"width: 500px; height: 150px;\">\n\t<tbody><tr>\n\t\t<td style=\"background-color: #DDDDDD; width:6%; text-align: center; \"><b>1<\/b><\/td>\n\t\t<td style=\"padding-left: 8px;\">kolekcja prywatna<\/td>\n\t<\/tr>\n\t<tr>\n\t\t<td style=\"background-color: #DDDDDD; text-align: center; \"><b>2<\/b><\/td>\n<td style=\"background-color: #FFFF99; white-space: nowrap; padding-left: 8px;\"><b><big><big><a href=\"https:\/\/pl.wikipedia.org\/wiki\/Kluki_(wojew%C3%B3dztwo_pomorskie)\"> KLUKI<\/a> <\/big><\/big><\/b><br><big><b>Zesp\u00f3\u0142 Ekonomiczno \u2013 Administracyjny Szk\u00f3\u0142<\/b><\/big><\/td>\n\t<\/tr>\n\t<tr>\n\t\t<td style=\"background-color: #DDDDDD; text-align: center; \"><b>3a<\/b><\/td>\n\t\t<td style=\"padding-left: 8px;\">mosi\u0105dz<\/td>\n\t<\/tr>\n\t<tr>\n\t\t<td style=\"background-color: #DDDDDD; text-align: center; \"><b>3b<\/b><\/td>\n\t\t<td style=\"padding-left: 8px;\">&#8211;<\/td>\n\t<\/tr>\n\t<tr>\n\t\t<td style=\"background-color: #DDDDDD; text-align: center; \"><b>4<\/b><\/td>\n\t\t<td style=\"padding-left: 8px;\">okr\u0105g\u0142a \u00d8 36 mm<\/td>\n\t<\/tr>\n\t<tr>\n\t\t<td style=\"background-color: #DDDDDD; text-align: center; \"><b>5<\/b><\/td>\n\t\t<td style=\"padding-left: 8px;\">wypuk\u0142oryty<\/td>\n\t<\/tr>\n\t<tr>\n\t\t<td style=\"background-color: #DDDDDD; text-align: center; \"><b>6<\/b><\/td>\n<td style=\"padding-left: 8px;\">&#8211;<\/td>\n\t<\/tr>\n<tr>\n\t\t<td style=\"background-color: #DDDDDD; text-align: center; \"><b>7<\/b><\/td>\n<td style=\"padding-left: 8px;\">&#8211;<\/td>\n\t<\/tr>\n\t<tr>\n\t\t<td style=\"background-color: #DDDDDD; text-align: center; \"><b>7a<\/b><\/td>\n\t\t<td style=\"padding-left: 8px;\">9 mm<\/td>\n\t<\/tr>\n\t<tr>\n\t\t<td style=\"background-color: #DDDDDD; text-align: center; \"><b>7b<\/b><\/td>\n\t\t<td style=\"padding-left: 8px;\">&#8211;<\/td>\n\t<\/tr>\n\t<tr>\n\t\t<td style=\"background-color: #DDDDDD; text-align: center; \"><b>7c<\/b><\/td>\n\t\t<td style=\"padding-left: 8px;\">9 mm<\/td>\n\t<\/tr>\n\t<tr>\n\t\t<td style=\"background-color: #DDDDDD; text-align: center; \"><b>8<\/b><\/td>\n<td style=\"padding-left: 8px;\">&#8211;<\/td>\n\t<\/tr>\n\t<tr>\n\t\t<td style=\"background-color: #DDDDDD; text-align: center; \"><b>9a<\/b><\/td>\n\t\t<td style=\"padding-left: 8px;\">majusku\u0142a<\/td>\n\t<\/tr>\n\t<tr>\n\t\t<td style=\"background-color: #DDDDDD; text-align: center; \"><b>9b<\/b><\/td>\n<td style=\"padding-left: 8px;\"><br> w otoku: <b>* ZESP\u00d3\u0141 EKONOMICZNO &#8211; ADMINISTRACYJNY SZK\u00d3\u0141 \/\/  W  KLUKACH<\/b><br><br><\/td> \n\t<\/tr>\n\t<tr>\n\t\t<td style=\"background-color: #DDDDDD; text-align: center; \"><b>10<\/b><\/td>\n<td style=\"padding-left: 8px;\"> W polu piecz\u0119ci, oddzielonym od pola legendy obrze\u017ceniem ci\u0105g\u0142ym, wizerunek or\u0142a, ustalony dla god\u0142a herbu Polskiej Rzeczypospolitej Ludowej w 1955 r. Na zewn\u0105trz, wok\u00f3\u0142 pola legendy, pojedyncze obrze\u017cenie ci\u0105g\u0142e <\/td>\n<\/tr>\n\t<tr>\n\t\t<td style=\"background-color: #DDDDDD; text-align: center; \"><b>11<\/b><\/td>\n<td style=\"padding-left: 8px;\">&#8211;<\/td>\n\t<\/tr>\n\t<tr>\n\t\t<td style=\"background-color: #DDDDDD; text-align: center; \"><b>12<\/b><\/td>\n<td style=\"padding-left: 8px;\"> na odwrocie matrycy nr ewidencyjny 454 367, numer grawera 78, sygnatura wytw\u00f3rcy m \/\/ W <\/td>\n\t<\/tr>\n<\/tbody><\/table>\n\n\n\n<p class=\"has-small-font-size\"> <a rel=\"noreferrer noopener\" href=\"http:\/\/sigillarium.pl\/index.php\/legenda-do-opisu-tloka-pieczetnego\/\" target=\"_blank\">Legenda<\/a> <\/p>\n<\/div>\n<\/div>\n\n\n\n<hr class=\"wp-block-separator has-css-opacity\"\/>\n\n\n\n<div class=\"wp-block-columns is-layout-flex wp-container-core-columns-is-layout-9d6595d7 wp-block-columns-is-layout-flex\">\n<div class=\"wp-block-column is-layout-flow wp-block-column-is-layout-flow\" style=\"flex-basis:5%\"><\/div>\n\n\n\n<div class=\"wp-block-column is-vertically-aligned-center is-layout-flow wp-block-column-is-layout-flow\" style=\"flex-basis:23%\">\n<figure class=\"wp-block-gallery aligncenter has-nested-images columns-default is-cropped wp-block-gallery-11 is-layout-flex wp-block-gallery-is-layout-flex\">\n<figure class=\"wp-block-image size-full is-style-default\"><a href=\"https:\/\/sigillarium.pl\/wp-content\/uploads\/2020\/10\/Koniecpol_PMRN_USC-2.jpg\"><img loading=\"lazy\" decoding=\"async\" width=\"1092\" height=\"1087\" data-id=\"8797\" src=\"https:\/\/sigillarium.pl\/wp-content\/uploads\/2020\/10\/Koniecpol_PMRN_USC-2.jpg\" alt=\"\" class=\"wp-image-8797\" srcset=\"https:\/\/sigillarium.pl\/wp-content\/uploads\/2020\/10\/Koniecpol_PMRN_USC-2.jpg 1092w, https:\/\/sigillarium.pl\/wp-content\/uploads\/2020\/10\/Koniecpol_PMRN_USC-2-300x300.jpg 300w, https:\/\/sigillarium.pl\/wp-content\/uploads\/2020\/10\/Koniecpol_PMRN_USC-2-1024x1019.jpg 1024w, https:\/\/sigillarium.pl\/wp-content\/uploads\/2020\/10\/Koniecpol_PMRN_USC-2-150x150.jpg 150w, https:\/\/sigillarium.pl\/wp-content\/uploads\/2020\/10\/Koniecpol_PMRN_USC-2-768x764.jpg 768w\" sizes=\"auto, (max-width: 1092px) 100vw, 1092px\" \/><\/a><\/figure>\n<\/figure>\n<\/div>\n\n\n\n<div class=\"wp-block-column is-layout-flow wp-block-column-is-layout-flow\" style=\"flex-basis:1%\"><\/div>\n\n\n\n<div class=\"wp-block-column is-vertically-aligned-center is-layout-flow wp-block-column-is-layout-flow\" style=\"flex-basis:22%\"><div class=\"wp-block-image is-resized\">\n<figure class=\"aligncenter size-large\"><img loading=\"lazy\" decoding=\"async\" width=\"514\" height=\"1024\" src=\"https:\/\/sigillarium.pl\/wp-content\/uploads\/2020\/10\/Koniecpol_PMRN_USC_uchwyt-2-514x1024.jpg\" alt=\"\" class=\"wp-image-8798\" style=\"width:165px;height:auto\" srcset=\"https:\/\/sigillarium.pl\/wp-content\/uploads\/2020\/10\/Koniecpol_PMRN_USC_uchwyt-2-514x1024.jpg 514w, https:\/\/sigillarium.pl\/wp-content\/uploads\/2020\/10\/Koniecpol_PMRN_USC_uchwyt-2-151x300.jpg 151w, https:\/\/sigillarium.pl\/wp-content\/uploads\/2020\/10\/Koniecpol_PMRN_USC_uchwyt-2.jpg 574w\" sizes=\"auto, (max-width: 514px) 100vw, 514px\" \/><\/figure>\n<\/div><\/div>\n\n\n\n<div class=\"wp-block-column is-layout-flow wp-block-column-is-layout-flow\" style=\"flex-basis:1%\"><\/div>\n\n\n\n<div class=\"wp-block-column is-layout-flow wp-block-column-is-layout-flow\" style=\"flex-basis:48%\">\n<style> td {font-size: 11px; color: black; font-family: Arial;} <\/style>\n<table style=\"width: 500px; height: 150px;\">\n\t<tbody><tr>\n\t\t<td style=\"background-color: #DDDDDD; width:6%; text-align: center; \"><b>1<\/b><\/td>\n\t\t<td style=\"padding-left: 8px;\">kolekcja prywatna<\/td>\n\t<\/tr>\n\t<tr>\n\t\t<td style=\"background-color: #DDDDDD; text-align: center; \"><b>2<\/b><\/td>\n<td style=\"background-color: #FFFF99; white-space: nowrap; padding-left: 8px;\"><b><big><big><a href=\"https:\/\/pl.wikipedia.org\/wiki\/Koniecpol\"> KONIECPOL<\/a><\/big><\/big><\/b><br><big><b>Prezydium Miejskiej Rady Narodowej \u2013 Urz\u0105d Stanu Cywilnego<\/b><\/big><\/td>\n\t<\/tr>\n\t<tr>\n\t\t<td style=\"background-color: #DDDDDD; text-align: center; \"><b>3a<\/b><\/td>\n\t\t<td style=\"padding-left: 8px;\">mosi\u0105dz<\/td>\n\t<\/tr>\n\t<tr>\n\t\t<td style=\"background-color: #DDDDDD; text-align: center; \"><b>3b<\/b><\/td>\n\t\t<td style=\"padding-left: 8px;\">drewno<\/td>\n\t<\/tr>\n\t<tr>\n\t\t<td style=\"background-color: #DDDDDD; text-align: center; \"><b>4<\/b><\/td>\n\t\t<td style=\"padding-left: 8px;\">okr\u0105g\u0142a \u00d8 36 mm<\/td>\n\t<\/tr>\n\t<tr>\n\t\t<td style=\"background-color: #DDDDDD; text-align: center; \"><b>5<\/b><\/td>\n\t\t<td style=\"padding-left: 8px;\">wypuk\u0142oryty<\/td>\n\t<\/tr>\n\t<tr>\n\t\t<td style=\"background-color: #DDDDDD; text-align: center; \"><b>6<\/b><\/td>\n<td style=\"padding-left: 8px;\">&#8211;<\/td>\n\t<\/tr>\n<tr>\n\t\t<td style=\"background-color: #DDDDDD; text-align: center; \"><b>7<\/b><\/td>\n<td style=\"padding-left: 8px;\">uchwyt o kulistej ga\u0142ce<\/td>\n\t<\/tr>\n\t<tr>\n\t\t<td style=\"background-color: #DDDDDD; text-align: center; \"><b>7a<\/b><\/td>\n\t\t<td style=\"padding-left: 8px;\">99 mm<\/td>\n\t<\/tr>\n\t<tr>\n\t\t<td style=\"background-color: #DDDDDD; text-align: center; \"><b>7b<\/b><\/td>\n\t\t<td style=\"padding-left: 8px;\">90 mm, w tym skuwka 9 mm<\/td>\n\t<\/tr>\n\t<tr>\n\t\t<td style=\"background-color: #DDDDDD; text-align: center; \"><b>7c<\/b><\/td>\n\t\t<td style=\"padding-left: 8px;\">9 mm<\/td>\n\t<\/tr>\n\t<tr>\n\t\t<td style=\"background-color: #DDDDDD; text-align: center; \"><b>8<\/b><\/td>\n<td style=\"padding-left: 8px;\">na ga\u0142ce uchwytu znacznik prawid\u0142owego ustawienia t\u0142oka<\/td>\n\t<\/tr>\n\t<tr>\n\t\t<td style=\"background-color: #DDDDDD; text-align: center; \"><b>9a<\/b><\/td>\n\t\t<td style=\"padding-left: 8px;\">majusku\u0142a<\/td>\n\t<\/tr>\n\t<tr>\n\t\t<td style=\"background-color: #DDDDDD; text-align: center; \"><b>9b<\/b><\/td>\n<td style=\"padding-left: 8px;\"><br> w otoku:  <b>* PREZYDIUM MIEJSKIEJ RADY NARODOWEJ * W KONIECPOLU<\/b><br> w p\u00f3\u0142otoku g\u00f3rnym:<b> URZ\u0104D STANU CYWILNEGO <\/b><br><br><\/td> \n\t<\/tr>\n\t<tr>\n\t\t<td style=\"background-color: #DDDDDD; text-align: center; \"><b>10<\/b><\/td>\n<td style=\"padding-left: 8px;\"> W polu piecz\u0119ci, oddzielonym od pola legendy obrze\u017ceniem ci\u0105g\u0142ym, wizerunek or\u0142a, ustalony dla god\u0142a herbu Polskiej Rzeczypospolitej Ludowej w 1955 r. Na zewn\u0105trz, wok\u00f3\u0142 pola legendy, pojedyncze obrze\u017cenie ci\u0105g\u0142e. <\/td>\n<\/tr>\n\t<tr>\n\t\t<td style=\"background-color: #DDDDDD; text-align: center; \"><b>11<\/b><\/td>\n<td style=\"padding-left: 8px;\">&#8211;<\/td>\n\t<\/tr>\n\t<tr>\n\t\t<td style=\"background-color: #DDDDDD; text-align: center; \"><b>12<\/b><\/td>\n<td style=\"padding-left: 8px;\"> na odwrocie matrycy numer ewidencyjny 305 287, numer grawera 215 <\/td>\n\t<\/tr>\n<\/tbody><\/table>\n\n\n\n<p class=\"has-small-font-size\"> <a rel=\"noreferrer noopener\" href=\"http:\/\/sigillarium.pl\/index.php\/legenda-do-opisu-tloka-pieczetnego\/\" target=\"_blank\">Legenda<\/a> <\/p>\n<\/div>\n<\/div>\n\n\n\n<hr class=\"wp-block-separator has-alpha-channel-opacity\"\/>\n\n\n\n<div class=\"wp-block-columns is-layout-flex wp-container-core-columns-is-layout-9d6595d7 wp-block-columns-is-layout-flex\">\n<div class=\"wp-block-column is-layout-flow wp-block-column-is-layout-flow\" style=\"flex-basis:5%\"><\/div>\n\n\n\n<div class=\"wp-block-column is-vertically-aligned-center is-layout-flow wp-block-column-is-layout-flow\" style=\"flex-basis:23%\">\n<figure class=\"wp-block-gallery aligncenter has-nested-images columns-default is-cropped wp-block-gallery-12 is-layout-flex wp-block-gallery-is-layout-flex\">\n<figure class=\"wp-block-image size-full is-style-default\"><a href=\"https:\/\/sigillarium.pl\/wp-content\/uploads\/2023\/12\/Krakow-Panstwowy-Osrodek-Szkolenia-Motorowego-pieczec-seal-petschaft-siegel-sceau-cachet-sigillarium1.jpg\"><img loading=\"lazy\" decoding=\"async\" width=\"1108\" height=\"1110\" data-id=\"29804\" src=\"https:\/\/sigillarium.pl\/wp-content\/uploads\/2023\/12\/Krakow-Panstwowy-Osrodek-Szkolenia-Motorowego-pieczec-seal-petschaft-siegel-sceau-cachet-sigillarium1.jpg\" alt=\"\" class=\"wp-image-29804\" srcset=\"https:\/\/sigillarium.pl\/wp-content\/uploads\/2023\/12\/Krakow-Panstwowy-Osrodek-Szkolenia-Motorowego-pieczec-seal-petschaft-siegel-sceau-cachet-sigillarium1.jpg 1108w, https:\/\/sigillarium.pl\/wp-content\/uploads\/2023\/12\/Krakow-Panstwowy-Osrodek-Szkolenia-Motorowego-pieczec-seal-petschaft-siegel-sceau-cachet-sigillarium1-300x300.jpg 300w, https:\/\/sigillarium.pl\/wp-content\/uploads\/2023\/12\/Krakow-Panstwowy-Osrodek-Szkolenia-Motorowego-pieczec-seal-petschaft-siegel-sceau-cachet-sigillarium1-1022x1024.jpg 1022w, https:\/\/sigillarium.pl\/wp-content\/uploads\/2023\/12\/Krakow-Panstwowy-Osrodek-Szkolenia-Motorowego-pieczec-seal-petschaft-siegel-sceau-cachet-sigillarium1-150x150.jpg 150w, https:\/\/sigillarium.pl\/wp-content\/uploads\/2023\/12\/Krakow-Panstwowy-Osrodek-Szkolenia-Motorowego-pieczec-seal-petschaft-siegel-sceau-cachet-sigillarium1-768x769.jpg 768w\" sizes=\"auto, (max-width: 1108px) 100vw, 1108px\" \/><\/a><\/figure>\n<\/figure>\n<\/div>\n\n\n\n<div class=\"wp-block-column is-layout-flow wp-block-column-is-layout-flow\" style=\"flex-basis:1%\"><\/div>\n\n\n\n<div class=\"wp-block-column is-vertically-aligned-center is-layout-flow wp-block-column-is-layout-flow\" style=\"flex-basis:22%\"><div class=\"wp-block-image is-resized\">\n<figure class=\"aligncenter size-large\"><img loading=\"lazy\" decoding=\"async\" width=\"459\" height=\"1024\" src=\"https:\/\/sigillarium.pl\/wp-content\/uploads\/2023\/12\/Krakow-Panstwowy-Osrodek-Szkolenia-Motorowego-uchwyt-pieczec-seal-petschaft-siegel-sceau-cachet-sigillarium1-459x1024.jpg\" alt=\"\" class=\"wp-image-29806\" style=\"width:153px;height:auto\" srcset=\"https:\/\/sigillarium.pl\/wp-content\/uploads\/2023\/12\/Krakow-Panstwowy-Osrodek-Szkolenia-Motorowego-uchwyt-pieczec-seal-petschaft-siegel-sceau-cachet-sigillarium1-459x1024.jpg 459w, https:\/\/sigillarium.pl\/wp-content\/uploads\/2023\/12\/Krakow-Panstwowy-Osrodek-Szkolenia-Motorowego-uchwyt-pieczec-seal-petschaft-siegel-sceau-cachet-sigillarium1-134x300.jpg 134w, https:\/\/sigillarium.pl\/wp-content\/uploads\/2023\/12\/Krakow-Panstwowy-Osrodek-Szkolenia-Motorowego-uchwyt-pieczec-seal-petschaft-siegel-sceau-cachet-sigillarium1.jpg 504w\" sizes=\"auto, (max-width: 459px) 100vw, 459px\" \/><\/figure>\n<\/div><\/div>\n\n\n\n<div class=\"wp-block-column is-layout-flow wp-block-column-is-layout-flow\" style=\"flex-basis:1%\"><\/div>\n\n\n\n<div class=\"wp-block-column is-layout-flow wp-block-column-is-layout-flow\" style=\"flex-basis:48%\">\n<style> td {font-size: 11px; color: black; font-family: Arial;} <\/style>\n<table style=\"width: 500px; height: 150px;\">\n\t<tbody><tr>\n\t\t<td style=\"background-color: #DDDDDD; width:6%; text-align: center; \"><b>1<\/b><\/td>\n\t\t<td style=\"padding-left: 8px;\">kolekcja prywatna<\/td>\n\t<\/tr>\n\t<tr>\n\t\t<td style=\"background-color: #DDDDDD; text-align: center; \"><b>2<\/b><\/td>\n<td style=\"background-color: #FFFF99; white-space: nowrap; padding-left: 8px;\"><b><big><big> <a href=\"https:\/\/pl.wikipedia.org\/wiki\/Krak%C3%B3w\">KRAK\u00d3W<\/a> <\/big><\/big><br><big>Pa\u0144stwowy O\u015brodek Szkolenia Motorowego<\/big><\/b><\/td>\n\t<\/tr>\n\t<tr>\n\t\t<td style=\"background-color: #DDDDDD; text-align: center; \"><b>3a<\/b><\/td>\n\t\t<td style=\"padding-left: 8px;\">mosi\u0105dz<\/td>\n\t<\/tr>\n\t<tr>\n\t\t<td style=\"background-color: #DDDDDD; text-align: center; \"><b>3b<\/b><\/td>\n\t\t<td style=\"padding-left: 8px;\"> drewniany <\/td>\n\t<\/tr>\n\t<tr>\n\t\t<td style=\"background-color: #DDDDDD; text-align: center; \"><b>4<\/b><\/td>\n\t\t<td style=\"padding-left: 8px;\">okr\u0105g\u0142a \u00d8 36 mm<\/td>\n\t<\/tr>\n\t<tr>\n\t\t<td style=\"background-color: #DDDDDD; text-align: center; \"><b>5<\/b><\/td>\n\t\t<td style=\"padding-left: 8px;\">wypuk\u0142oryty<\/td>\n\t<\/tr>\n\t<tr>\n\t\t<td style=\"background-color: #DDDDDD; text-align: center; \"><b>6<\/b><\/td>\n<td style=\"padding-left: 8px;\"> na rancie matrycy numer grawera 36 <\/td>\n\t<\/tr>\n<tr>\n\t\t<td style=\"background-color: #DDDDDD; text-align: center; \"><b>7<\/b><\/td>\n<td style=\"padding-left: 8px;\">uchwyt toczony o kulistej ga\u0142ce<\/td>\n\t<\/tr>\n\t<tr>\n\t\t<td style=\"background-color: #DDDDDD; text-align: center; \"><b>7a<\/b><\/td>\n\t\t<td style=\"padding-left: 8px;\">90 mm<\/td>\n\t<\/tr>\n\t<tr>\n\t\t<td style=\"background-color: #DDDDDD; text-align: center; \"><b>7b<\/b><\/td>\n\t\t<td style=\"padding-left: 8px;\">80 mm\/td>\n\t<\/tr>\n\t<tr>\n\t\t<td style=\"background-color: #DDDDDD; text-align: center; \"><b>7c<\/b><\/td>\n\t\t<td style=\"padding-left: 8px;\">10 mm<\/td>\n\t<\/tr>\n\t<tr>\n\t\t<td style=\"background-color: #DDDDDD; text-align: center; \"><b>8<\/b><\/td>\n<td style=\"padding-left: 8px;\"> &#8211; <\/td>\n\t<\/tr>\n\t<tr>\n\t\t<td style=\"background-color: #DDDDDD; text-align: center; \"><b>9a<\/b><\/td>\n\t\t<td style=\"padding-left: 8px;\">majusku\u0142a<\/td>\n\t<\/tr>\n\t<tr>\n\t\t<td style=\"background-color: #DDDDDD; text-align: center; \"><b>9b<\/b><\/td>\n<td style=\"padding-left: 8px;\"><br> w otoku:  <b><big>*<\/big>* PA\u0143STW<i> (owy) <\/i> O\u015aRODEK SZKOL<i> (enia)<\/i> MOTOR <i> (owego)*  \/\/<\/i> W KRAKOWIE<br><br><\/b><\/td> \n\t<\/tr>\n\t<tr>\n\t\t<td style=\"background-color: #DDDDDD; text-align: center; \"><b>10<\/b><\/td>\n<td style=\"padding-left: 8px;\"> W polu piecz\u0119ci, oddzielonym od pola legendy obrze\u017ceniem ci\u0105g\u0142ym, wizerunek or\u0142a w koronie, ustalony dla god\u0142a herbu Rzeczypospolitej Polskiej w 1927 r., uszczerbiony w Mennicy przez odj\u0119cie korony. Na zewn\u0105trz, wok\u00f3\u0142 pola legendy, pojedyncze obrze\u017cenie ci\u0105g\u0142e. <\/td>\n<\/tr>\n\t<tr>\n\t\t<td style=\"background-color: #DDDDDD; text-align: center; \"><b>11<\/b><\/td>\n<td style=\"padding-left: 8px;\">&#8211;<\/td>\n\t<\/tr>\n\t<tr>\n<td style=\"background-color: #DDDDDD; text-align: center; \"><b>12<\/b><\/td>\n<td style=\"padding-left: 8px;\">Na odwrocie matrycy nr ewidencyjny 72 445.<\/td>\n\t<\/tr>\n<\/tbody><\/table>\n\n\n\n<p class=\"has-small-font-size\"> <a rel=\"noreferrer noopener\" href=\"http:\/\/sigillarium.pl\/index.php\/legenda-do-opisu-tloka-pieczetnego\/\" target=\"_blank\">Legenda<\/a> <\/p>\n<\/div>\n<\/div>\n\n\n\n<hr class=\"wp-block-separator has-alpha-channel-opacity\"\/>\n\n\n\n<div class=\"wp-block-columns is-layout-flex wp-container-core-columns-is-layout-9d6595d7 wp-block-columns-is-layout-flex\">\n<div class=\"wp-block-column is-layout-flow wp-block-column-is-layout-flow\" style=\"flex-basis:5%\"><\/div>\n\n\n\n<div class=\"wp-block-column is-vertically-aligned-center is-layout-flow wp-block-column-is-layout-flow\" style=\"flex-basis:23%\">\n<figure class=\"wp-block-gallery aligncenter has-nested-images columns-default is-cropped wp-block-gallery-13 is-layout-flex wp-block-gallery-is-layout-flex\">\n<figure class=\"wp-block-image size-large is-style-default\"><a href=\"https:\/\/sigillarium.pl\/wp-content\/uploads\/2022\/07\/Krasnystaw-Urzad-Miejski-pieczec-seal-petschaft-siegel-sceau-cachet-sigillo-sigillarium.jpg\"><img loading=\"lazy\" decoding=\"async\" width=\"1021\" height=\"1024\" data-id=\"21328\" src=\"https:\/\/sigillarium.pl\/wp-content\/uploads\/2022\/07\/Krasnystaw-Urzad-Miejski-pieczec-seal-petschaft-siegel-sceau-cachet-sigillo-sigillarium-1021x1024.jpg\" alt=\"\" class=\"wp-image-21328\" srcset=\"https:\/\/sigillarium.pl\/wp-content\/uploads\/2022\/07\/Krasnystaw-Urzad-Miejski-pieczec-seal-petschaft-siegel-sceau-cachet-sigillo-sigillarium-1021x1024.jpg 1021w, https:\/\/sigillarium.pl\/wp-content\/uploads\/2022\/07\/Krasnystaw-Urzad-Miejski-pieczec-seal-petschaft-siegel-sceau-cachet-sigillo-sigillarium-300x300.jpg 300w, https:\/\/sigillarium.pl\/wp-content\/uploads\/2022\/07\/Krasnystaw-Urzad-Miejski-pieczec-seal-petschaft-siegel-sceau-cachet-sigillo-sigillarium-150x150.jpg 150w, https:\/\/sigillarium.pl\/wp-content\/uploads\/2022\/07\/Krasnystaw-Urzad-Miejski-pieczec-seal-petschaft-siegel-sceau-cachet-sigillo-sigillarium-768x770.jpg 768w, https:\/\/sigillarium.pl\/wp-content\/uploads\/2022\/07\/Krasnystaw-Urzad-Miejski-pieczec-seal-petschaft-siegel-sceau-cachet-sigillo-sigillarium.jpg 1089w\" sizes=\"auto, (max-width: 1021px) 100vw, 1021px\" \/><\/a><\/figure>\n<\/figure>\n<\/div>\n\n\n\n<div class=\"wp-block-column is-layout-flow wp-block-column-is-layout-flow\" style=\"flex-basis:1%\"><\/div>\n\n\n\n<div class=\"wp-block-column is-vertically-aligned-center is-layout-flow wp-block-column-is-layout-flow\" style=\"flex-basis:22%\"><div class=\"wp-block-image is-resized\">\n<figure class=\"aligncenter size-full\"><img loading=\"lazy\" decoding=\"async\" width=\"364\" height=\"913\" src=\"https:\/\/sigillarium.pl\/wp-content\/uploads\/2022\/07\/Krasnystaw-Urzad-Miejski-pieczec-uchwyt-seal-petschaft-siegel-sceau-cachet-sigillarium.jpg\" alt=\"\" class=\"wp-image-21330\" style=\"width:118px;height:auto\" srcset=\"https:\/\/sigillarium.pl\/wp-content\/uploads\/2022\/07\/Krasnystaw-Urzad-Miejski-pieczec-uchwyt-seal-petschaft-siegel-sceau-cachet-sigillarium.jpg 364w, https:\/\/sigillarium.pl\/wp-content\/uploads\/2022\/07\/Krasnystaw-Urzad-Miejski-pieczec-uchwyt-seal-petschaft-siegel-sceau-cachet-sigillarium-120x300.jpg 120w\" sizes=\"auto, (max-width: 364px) 100vw, 364px\" \/><\/figure>\n<\/div><\/div>\n\n\n\n<div class=\"wp-block-column is-layout-flow wp-block-column-is-layout-flow\" style=\"flex-basis:1%\"><\/div>\n\n\n\n<div class=\"wp-block-column is-layout-flow wp-block-column-is-layout-flow\" style=\"flex-basis:48%\">\n<style> td {font-size: 11px; color: black; font-family: Arial;} <\/style>\n<table style=\"width: 500px; height: 150px;\">\n\t<tbody><tr>\n\t\t<td style=\"background-color: #DDDDDD; width:6%; text-align: center; \"><b>1<\/b><\/td>\n\t\t<td style=\"padding-left: 8px;\">kolekcja prywatna<\/td>\n\t<\/tr>\n\t<tr>\n\t\t<td style=\"background-color: #DDDDDD; text-align: center; \"><b>2<\/b><\/td>\n<td style=\"background-color: #FFFF99; white-space: nowrap; padding-left: 8px;\"><b><big><big> <a href=\" https:\/\/pl.wikipedia.org\/wiki\/Krasnystaw\"> KRASNYSTAW <\/a> <\/big><\/big><br><big> Urz\u0105d Miejski <\/big><\/b><\/td>\n\t<\/tr>\n\t<tr>\n\t\t<td style=\"background-color: #DDDDDD; text-align: center; \"><b>3a<\/b><\/td>\n\t\t<td style=\"padding-left: 8px;\">mosi\u0105dz<\/td>\n\t<\/tr>\n\t<tr>\n\t\t<td style=\"background-color: #DDDDDD; text-align: center; \"><b>3b<\/b><\/td>\n\t\t<td style=\"padding-left: 8px;\">tworzywo sztuczne<\/td>\n\t<\/tr>\n\t<tr>\n\t\t<td style=\"background-color: #DDDDDD; text-align: center; \"><b>4<\/b><\/td>\n\t\t<td style=\"padding-left: 8px;\">okr\u0105g\u0142a \u00d8 30 mm<\/td>\n\t<\/tr>\n\t<tr>\n\t\t<td style=\"background-color: #DDDDDD; text-align: center; \"><b>5<\/b><\/td>\n\t\t<td style=\"padding-left: 8px;\">wkl\u0119s\u0142oryty<\/td>\n\t<\/tr>\n\t<tr>\n\t\t<td style=\"background-color: #DDDDDD; text-align: center; \"><b>6<\/b><\/td>\n<td style=\"padding-left: 8px;\">&#8211;<\/td>\n\t<\/tr>\n<tr>\n\t\t<td style=\"background-color: #DDDDDD; text-align: center; \"><b>7<\/b><\/td>\n<td style=\"padding-left: 8px;\">uchwyt o kulistej ga\u0142ce <\/td>\n\t<\/tr>\n\t<tr>\n\t\t<td style=\"background-color: #DDDDDD; text-align: center; \"><b>7a<\/b><\/td>\n\t\t<td style=\"padding-left: 8px;\"> 74 mm<\/td>\n\t<\/tr>\n\t<tr>\n\t\t<td style=\"background-color: #DDDDDD; text-align: center; \"><b>7b<\/b><\/td>\n<td style=\"padding-left: 8px;\"> 66 mm <\/td>\n\t<\/tr>\n\t<tr>\n\t\t<td style=\"background-color: #DDDDDD; text-align: center; \"><b>7c<\/b><\/td>\n\t\t<td style=\"padding-left: 8px;\"> 8 mm<\/td>\n\t<\/tr>\n\t<tr>\n\t\t<td style=\"background-color: #DDDDDD; text-align: center; \"><b>8<\/b><\/td>\n<td style=\"padding-left: 8px;\">na ga\u0142ce uchwytu znacznik wytw\u00f3rcy m\/\/W<\/td>\n\t<\/tr>\n\t<tr>\n\t\t<td style=\"background-color: #DDDDDD; text-align: center; \"><b>9a<\/b><\/td>\n\t\t<td style=\"padding-left: 8px;\">majusku\u0142a<\/td>\n\t<\/tr>\n\t<tr>\n\t\t<td style=\"background-color: #DDDDDD; text-align: center; \"><b>9b<\/b><\/td>\n<td style=\"padding-left: 8px;\"> <br>w otoku:  <b> \u2022 URZ\u0104D MIEJSKI W KRASNYMSTAWIE<\/b><br><br><\/td> \n<\/tr>\n\t<tr>\t\n\t\t<td style=\"background-color: #DDDDDD; text-align: center; \"><b>10<\/b><\/td>\n<td style=\"padding-left: 8px;\"> W polu piecz\u0119ci, oddzielonym od pola legendy pojedynczym obrze\u017ceniem ci\u0105g\u0142ym, wizerunek or\u0142a ustalony dla god\u0142a herbu Polskiej Rzeczypospolitej Ludowej w 1955 r. Na zewn\u0105trz, wok\u00f3\u0142 pola legendy, pojedyncze obrze\u017cenie ci\u0105g\u0142e.<\/td>\n<\/tr>\n\t<tr>\n\t\t<td style=\"background-color: #DDDDDD; text-align: center; \"><b>11<\/b><\/td>\n<td style=\"padding-left: 8px;\">&#8211;<\/td>\n\t<\/tr>\n\t<tr>\n\t\t<td style=\"background-color: #DDDDDD; text-align: center; \"><b>12<\/b><\/td>\n<td style=\"padding-left: 8px;\">na odwrocie matrycy numer ewidencyjny 373 264, numer grawera 72, sygnatura wytw\u00f3rcy: m\/\/W<\/td>\n\t<\/tr>\n<\/tbody><\/table>\n\n\n\n<p class=\"has-small-font-size\"> <a rel=\"noreferrer noopener\" href=\"http:\/\/sigillarium.pl\/index.php\/legenda-do-opisu-tloka-pieczetnego\/\" target=\"_blank\">Legenda<\/a> <\/p>\n<\/div>\n<\/div>\n\n\n\n<hr class=\"wp-block-separator has-alpha-channel-opacity\"\/>\n\n\n\n<div class=\"wp-block-columns is-layout-flex wp-container-core-columns-is-layout-9d6595d7 wp-block-columns-is-layout-flex\">\n<div class=\"wp-block-column is-layout-flow wp-block-column-is-layout-flow\" style=\"flex-basis:5%\"><\/div>\n\n\n\n<div class=\"wp-block-column is-vertically-aligned-center is-layout-flow wp-block-column-is-layout-flow\" style=\"flex-basis:23%\">\n<figure class=\"wp-block-gallery aligncenter has-nested-images columns-default is-cropped wp-block-gallery-14 is-layout-flex wp-block-gallery-is-layout-flex\">\n<figure class=\"wp-block-image size-full is-style-default\"><a href=\"https:\/\/sigillarium.pl\/wp-content\/uploads\/2022\/05\/Krotoszyn-Panstwowa-komisja-egzaminacyjna-dla-nauczycieli-szkol-powszechnych-pieczec-seal-petschaft-siegel-sceau-sigillo-sigillarium.jpg.jpg\"><img loading=\"lazy\" decoding=\"async\" width=\"548\" height=\"557\" data-id=\"20618\" src=\"https:\/\/sigillarium.pl\/wp-content\/uploads\/2022\/05\/Krotoszyn-Panstwowa-komisja-egzaminacyjna-dla-nauczycieli-szkol-powszechnych-pieczec-seal-petschaft-siegel-sceau-sigillo-sigillarium.jpg.jpg\" alt=\"\" class=\"wp-image-20618\" srcset=\"https:\/\/sigillarium.pl\/wp-content\/uploads\/2022\/05\/Krotoszyn-Panstwowa-komisja-egzaminacyjna-dla-nauczycieli-szkol-powszechnych-pieczec-seal-petschaft-siegel-sceau-sigillo-sigillarium.jpg.jpg 548w, https:\/\/sigillarium.pl\/wp-content\/uploads\/2022\/05\/Krotoszyn-Panstwowa-komisja-egzaminacyjna-dla-nauczycieli-szkol-powszechnych-pieczec-seal-petschaft-siegel-sceau-sigillo-sigillarium.jpg-295x300.jpg 295w\" sizes=\"auto, (max-width: 548px) 100vw, 548px\" \/><\/a><\/figure>\n<\/figure>\n<\/div>\n\n\n\n<div class=\"wp-block-column is-vertically-aligned-center is-layout-flow wp-block-column-is-layout-flow\" style=\"flex-basis:22%\"><div class=\"wp-block-image is-resized\">\n<figure class=\"aligncenter size-full\"><img loading=\"lazy\" decoding=\"async\" width=\"490\" height=\"530\" src=\"https:\/\/sigillarium.pl\/wp-content\/uploads\/2022\/05\/Krotoszyn-Panstwowa-komisja-egzaminacyjna-dla-nauczycieli-szkol-powszechnych-uchwyt-pieczec-seal-petschaft-siegel-sceau-sigillo-sigillarium.jpg.jpg\" alt=\"\" class=\"wp-image-20619\" srcset=\"https:\/\/sigillarium.pl\/wp-content\/uploads\/2022\/05\/Krotoszyn-Panstwowa-komisja-egzaminacyjna-dla-nauczycieli-szkol-powszechnych-uchwyt-pieczec-seal-petschaft-siegel-sceau-sigillo-sigillarium.jpg.jpg 490w, https:\/\/sigillarium.pl\/wp-content\/uploads\/2022\/05\/Krotoszyn-Panstwowa-komisja-egzaminacyjna-dla-nauczycieli-szkol-powszechnych-uchwyt-pieczec-seal-petschaft-siegel-sceau-sigillo-sigillarium.jpg-277x300.jpg 277w\" sizes=\"auto, (max-width: 490px) 100vw, 490px\" \/><\/figure>\n<\/div><\/div>\n\n\n\n<div class=\"wp-block-column is-layout-flow wp-block-column-is-layout-flow\" style=\"flex-basis:1%\"><\/div>\n\n\n\n<div class=\"wp-block-column is-layout-flow wp-block-column-is-layout-flow\" style=\"flex-basis:1%\"><\/div>\n\n\n\n<div class=\"wp-block-column is-layout-flow wp-block-column-is-layout-flow\" style=\"flex-basis:48%\">\n<style> td {font-size: 11px; color: black; font-family: Arial;} <\/style>\n<table style=\"width: 500px; height: 150px;\">\n\t<tbody><tr>\n\t\t<td style=\"background-color: #DDDDDD; width:6%; text-align: center; \"><b>1<\/b><\/td>\n\t\t<td style=\"padding-left: 8px;\">kolekcja prywatna<\/td>\n\t<\/tr>\n\t<tr>\n\t\t<td style=\"background-color: #DDDDDD; text-align: center; \"><b>2<\/b><\/td>\n<td style=\"background-color: #FFFF99; white-space: nowrap; padding-left: 8px;\"><b><big><big><a href=\" https:https:\/\/pl.wikipedia.org\/wiki\/Krotoszyn \">KROTOSZYN<\/a><\/big><\/big><br><big>Pa\u0144stwowa Komisja Egzaminacyjna dla Nauczycieli Szk\u00f3\u0142 Powszechnych<\/big><\/b><\/td>\n\t<\/tr>\n\t<tr>\n\t\t<td style=\"background-color: #DDDDDD; text-align: center; \"><b>3a<\/b><\/td>\n\t\t<td style=\"padding-left: 8px;\">mosi\u0105dz<\/td>\n\t<\/tr>\n\t<tr>\n\t\t<td style=\"background-color: #DDDDDD; text-align: center; \"><b>3b<\/b><\/td>\n\t\t<td style=\"padding-left: 8px;\">&#8211; <\/td>\n\t<\/tr>\n\t<tr>\n\t\t<td style=\"background-color: #DDDDDD; text-align: center; \"><b>4<\/b><\/td>\n\t\t<td style=\"padding-left: 8px;\">okr\u0105g\u0142a \u00d8 39 mm<\/td>\n\t<\/tr>\n\t<tr>\n\t\t<td style=\"background-color: #DDDDDD; text-align: center; \"><b>5<\/b><\/td>\n\t\t<td style=\"padding-left: 8px;\">wypuk\u0142oryty<\/td>\n\t<\/tr>\n\t<tr>\n\t\t<td style=\"background-color: #DDDDDD; text-align: center; \"><b>6<\/b><\/td>\n<td style=\"padding-left: 8px;\">&#8211;<\/td>\n\t<\/tr>\n<tr>\n\t\t<td style=\"background-color: #DDDDDD; text-align: center; \"><b>7<\/b><\/td>\n<td style=\"padding-left: 8px;\">brak, trzpie\u0144 do jego zamocowania<\/td>\n\t<\/tr>\n\t<tr>\n\t\t<td style=\"background-color: #DDDDDD; text-align: center; \"><b>7a<\/b><\/td>\n\t\t<td style=\"padding-left: 8px;\">102 mm<\/td>\n\t<\/tr>\n\t<tr>\n\t\t<td style=\"background-color: #DDDDDD; text-align: center; \"><b>7b<\/b><\/td>\n\t\t<td style=\"padding-left: 8px;\">43 mm<\/td>\n\t<\/tr>\n\t<tr>\n\t\t<td style=\"background-color: #DDDDDD; text-align: center; \"><b>7c<\/b><\/td>\n\t\t<td style=\"padding-left: 8px;\">13 mm<\/td>\n\t<\/tr>\n\t<tr>\n\t\t<td style=\"background-color: #DDDDDD; text-align: center; \"><b>8<\/b><\/td>\n<td style=\"padding-left: 8px;\">&#8211;<\/td>\n\t<\/tr>\n\t<tr>\n\t\t<td style=\"background-color: #DDDDDD; text-align: center; \"><b>9a<\/b><\/td>\n\t\t<td style=\"padding-left: 8px;\">majusku\u0142a<\/td>\n\t<\/tr>\n\t<tr>\n\t\t<td style=\"background-color: #DDDDDD; text-align: center; \"><b>9b<\/b><\/td>\n<td style=\"padding-left: 8px;\"><br> w otoku:<b> * PA\u0143STWOWA KOM <i> (isja).<\/i> EGZ<i> (aminacyjna).<\/i> DLA NAUCZ<i> (ycieli)<\/i> SZK<i> (\u00f3\u0142).<\/i> POWSZ<i> (echnych).<\/i> W KROTOSZYNIE<\/b> <br><br><\/td> \n\t<\/tr>\n\t<tr>\n\t\t<td style=\"background-color: #DDDDDD; text-align: center; \"><b>10<\/b><\/td>\n<td style=\"padding-left: 8px;\"> W polu piecz\u0119ci, oddzielonym od pola legendy obrze\u017ceniem ci\u0105g\u0142ym, wizerunek or\u0142a w koronie, ustalony dla god\u0142a herbu Rzeczypospolitej Polskiej w 1927 r. Na zewn\u0105trz, wok\u00f3\u0142 pola legendy, pojedyncze obrze\u017cenie ci\u0105g\u0142e. <br><br><\/td>\n<\/tr>\n\t<tr>\n\t\t<td style=\"background-color: #DDDDDD; text-align: center; \"><b>11<\/b><\/td>\n<td style=\"padding-left: 8px;\">&#8211;<\/td>\n\t<\/tr>\n\t<tr>\n<td style=\"background-color: #DDDDDD; text-align: center; \"><b>12<\/b><\/td>\n<td style=\"padding-left: 8px;\">&#8211;<\/td>\n\t<\/tr>\n<\/tbody><\/table>\n\n\n\n<p class=\"has-small-font-size\"> <a rel=\"noreferrer noopener\" href=\"http:\/\/sigillarium.pl\/index.php\/legenda-do-opisu-tloka-pieczetnego\/\" target=\"_blank\">Legenda<\/a> <\/p>\n<\/div>\n<\/div>\n\n\n\n<hr class=\"wp-block-separator has-css-opacity\"\/>\n\n\n\n<div class=\"wp-block-columns is-layout-flex wp-container-core-columns-is-layout-9d6595d7 wp-block-columns-is-layout-flex\">\n<div class=\"wp-block-column is-layout-flow wp-block-column-is-layout-flow\" style=\"flex-basis:4.9%\"><\/div>\n\n\n\n<div class=\"wp-block-column is-vertically-aligned-center is-layout-flow wp-block-column-is-layout-flow\" style=\"flex-basis:22.9%\">\n<figure class=\"wp-block-gallery aligncenter has-nested-images columns-default is-cropped wp-block-gallery-15 is-layout-flex wp-block-gallery-is-layout-flex\">\n<figure class=\"wp-block-image size-full is-style-default\"><a href=\"https:\/\/sigillarium.pl\/wp-content\/uploads\/2020\/04\/Legnica-Ministerstwo-Przemys\u0142u-i-Handlu-fin-t\u0142ok.jpg\"><img loading=\"lazy\" decoding=\"async\" width=\"723\" height=\"724\" data-id=\"2498\" src=\"http:\/\/sigillarium.pl\/wp-content\/uploads\/2020\/04\/Legnica-Ministerstwo-Przemys\u0142u-i-Handlu-fin-t\u0142ok.jpg\" alt=\"\" class=\"wp-image-2498\" srcset=\"https:\/\/sigillarium.pl\/wp-content\/uploads\/2020\/04\/Legnica-Ministerstwo-Przemys\u0142u-i-Handlu-fin-t\u0142ok.jpg 723w, https:\/\/sigillarium.pl\/wp-content\/uploads\/2020\/04\/Legnica-Ministerstwo-Przemys\u0142u-i-Handlu-fin-t\u0142ok-300x300.jpg 300w, https:\/\/sigillarium.pl\/wp-content\/uploads\/2020\/04\/Legnica-Ministerstwo-Przemys\u0142u-i-Handlu-fin-t\u0142ok-150x150.jpg 150w\" sizes=\"auto, (max-width: 723px) 100vw, 723px\" \/><\/a><\/figure>\n<\/figure>\n<\/div>\n\n\n\n<div class=\"wp-block-column is-layout-flow wp-block-column-is-layout-flow\" style=\"flex-basis:0.9%\"><\/div>\n\n\n\n<div class=\"wp-block-column is-vertically-aligned-center is-layout-flow wp-block-column-is-layout-flow\" style=\"flex-basis:22.9%\"><div class=\"wp-block-image\">\n<figure class=\"aligncenter size-large\"><img loading=\"lazy\" decoding=\"async\" width=\"583\" height=\"581\" src=\"http:\/\/sigillarium.pl\/wp-content\/uploads\/2020\/05\/Legnica.jpg\" alt=\"\" class=\"wp-image-4043\" srcset=\"https:\/\/sigillarium.pl\/wp-content\/uploads\/2020\/05\/Legnica.jpg 583w, https:\/\/sigillarium.pl\/wp-content\/uploads\/2020\/05\/Legnica-300x300.jpg 300w, https:\/\/sigillarium.pl\/wp-content\/uploads\/2020\/05\/Legnica-150x150.jpg 150w\" sizes=\"auto, (max-width: 583px) 100vw, 583px\" \/><\/figure>\n<\/div><\/div>\n\n\n\n<div class=\"wp-block-column is-layout-flow wp-block-column-is-layout-flow\" style=\"flex-basis:0.4%\"><\/div>\n\n\n\n<div class=\"wp-block-column is-layout-flow wp-block-column-is-layout-flow\" style=\"flex-basis:48%\">\n<style> td {font-size: 11px; color: black; font-family: Arial;} <\/style>\n<table style=\"width: 500px; height: 150px;\">\n\t<tbody><tr>\n\t\t<td style=\"background-color: #DDDDDD; width:6%; text-align: center; \"><b>1<\/b><\/td>\n\t\t<td style=\"padding-left: 8px;\">kolekcja prywatna<\/td>\n\t<\/tr>\n\t<tr>\n\t\t<td style=\"background-color: #DDDDDD; text-align: center; \"><b>2<\/b><\/td>\n<td style=\"background-color: #FFFF99; white-space: nowrap; padding-left: 8px;\"><b><big><big><a href=\"https:\/\/pl.wikipedia.org\/wiki\/Legnica\"> LEGNICA<\/a><\/big><\/big><\/b><br><big><b>Ministerstwo Przemys\u0142u I Handlu<br>Szko\u0142a Przysposobienia Przemys\u0142owego Nr 26<\/b><\/big><\/td>\n\t<\/tr>\n\t<tr>\n\t\t<td style=\"background-color: #DDDDDD; text-align: center; \"><b>3a<\/b><\/td>\n\t\t<td style=\"padding-left: 8px;\">mosi\u0105dz<\/td>\n\t<\/tr>\n\t<tr>\n\t\t<td style=\"background-color: #DDDDDD; text-align: center; \"><b>3b<\/b><\/td>\n\t\t<td style=\"padding-left: 8px;\">&#8211;<\/td>\n\t<\/tr>\n\t<tr>\n\t\t<td style=\"background-color: #DDDDDD; text-align: center; \"><b>4<\/b><\/td>\n\t\t<td style=\"padding-left: 8px;\">okr\u0105g\u0142a \u00d8 36 mm<\/td>\n\t<\/tr>\n\t<tr>\n\t\t<td style=\"background-color: #DDDDDD; text-align: center; \"><b>5<\/b><\/td>\n\t\t<td style=\"padding-left: 8px;\">wypuk\u0142oryty<\/td>\n\t<\/tr>\n\t<tr>\n\t\t<td style=\"background-color: #DDDDDD; text-align: center; \"><b>6<\/b><\/td>\n<td style=\"padding-left: 8px;\">na rancie numer grawera 5<\/td>\n\t<\/tr>\n<tr>\n\t\t<td style=\"background-color: #DDDDDD; text-align: center; \"><b>7<\/b><\/td>\n<td style=\"padding-left: 8px;\">&#8211; <\/td>\n\t<\/tr>\n\t<tr>\n\t\t<td style=\"background-color: #DDDDDD; text-align: center; \"><b>7a<\/b><\/td>\n\t\t<td style=\"padding-left: 8px;\">&#8211;<\/td>\n\t<\/tr>\n\t<tr>\n\t\t<td style=\"background-color: #DDDDDD; text-align: center; \"><b>7b<\/b><\/td>\n\t\t<td style=\"padding-left: 8px;\"><\/td>\n\t<\/tr>\n\t<tr>\n\t\t<td style=\"background-color: #DDDDDD; text-align: center; \"><b>7c<\/b><\/td>\n\t\t<td style=\"padding-left: 8px;\">12 mm<\/td>\n\t<\/tr>\n\t<tr>\n\t\t<td style=\"background-color: #DDDDDD; text-align: center; \"><b>8<\/b><\/td>\n<td style=\"padding-left: 8px;\">&#8211; <\/td>\n\t<\/tr>\n\t<tr>\n\t\t<td style=\"background-color: #DDDDDD; text-align: center; \"><b>9a<\/b><\/td>\n\t\t<td style=\"padding-left: 8px;\">majusku\u0142a<\/td>\n\t<\/tr>\n\t<tr>\n\t\t<td style=\"background-color: #DDDDDD; text-align: center; \"><b>9b<\/b><\/td>\n<td style=\"padding-left: 8px;\"><br> w dw\u00f3ch otokach:  <b>* MINISTERSTWO  PRZEMYS\u0141U I HANDLU \/\/  &#8211; SZKO\u0141A  PRZYSPOSOBIENIA PRZEMYS\u0141. <i>(owego)<\/i> NR. 26 &#8211;  W  LEGNICY &#8211; <\/b><br><br><\/td> \n\t<\/tr>\n\t<tr>\n\t\t<td style=\"background-color: #DDDDDD; text-align: center; \"><b>10<\/b><\/td>\n<td style=\"padding-left: 8px;\"> W polu piecz\u0119ci, oddzielonym od pola legendy obrze\u017ceniem ci\u0105g\u0142ym, wizerunek or\u0142a w koronie, ustalony dla god\u0142a herbu Rzeczypospolitej Polskiej w grudniu 1927 r. , uszczerbiony w Mennicy przez odj\u0119cie korony.. Na zewn\u0105trz, wok\u00f3\u0142 pola legendy, pojedyncze obrze\u017cenie ci\u0105g\u0142e <\/td>\n<\/tr>\n\t<tr>\n\t\t<td style=\"background-color: #DDDDDD; text-align: center; \"><b>11<\/b><\/td>\n<td style=\"padding-left: 8px;\">&#8211;<\/td>\n\t<\/tr>\n\t<tr>\n\t\t<td style=\"background-color: #DDDDDD; text-align: center; \"><b>12<\/b><\/td>\n<td style=\"padding-left: 8px;\"> na odwrocie matrycy nr ewidencyjny 32 413, sygnatura wytw\u00f3rcy: orze\u0142 i herb Ko\u015bciesza, mi\u0119dzy nimi napis MENNICA \/\/ PA\u0143STWOWA <\/td>\n\t<\/tr>\n<\/tbody><\/table>\n\n\n\n<p class=\"has-small-font-size\"> <a rel=\"noreferrer noopener\" href=\"http:\/\/sigillarium.pl\/index.php\/legenda-do-opisu-tloka-pieczetnego\/\" target=\"_blank\">Legenda<\/a> <\/p>\n<\/div>\n<\/div>\n\n\n\n<hr class=\"wp-block-separator has-css-opacity\"\/>\n\n\n\n<div class=\"wp-block-columns is-layout-flex wp-container-core-columns-is-layout-9d6595d7 wp-block-columns-is-layout-flex\">\n<div class=\"wp-block-column is-layout-flow wp-block-column-is-layout-flow\" style=\"flex-basis:4.9%\"><\/div>\n\n\n\n<div class=\"wp-block-column is-vertically-aligned-center is-layout-flow wp-block-column-is-layout-flow\" style=\"flex-basis:22.9%\">\n<figure class=\"wp-block-gallery aligncenter has-nested-images columns-default is-cropped wp-block-gallery-16 is-layout-flex wp-block-gallery-is-layout-flex\">\n<figure class=\"wp-block-image size-full is-style-default\"><a href=\"https:\/\/sigillarium.pl\/wp-content\/uploads\/2021\/02\/LESZNO-Urzad-Gminy-pieczec-seal-petschaft.jpg\"><img loading=\"lazy\" decoding=\"async\" width=\"1074\" height=\"1072\" data-id=\"11475\" src=\"https:\/\/sigillarium.pl\/wp-content\/uploads\/2021\/02\/LESZNO-Urzad-Gminy-pieczec-seal-petschaft.jpg\" alt=\"\" class=\"wp-image-11475\" srcset=\"https:\/\/sigillarium.pl\/wp-content\/uploads\/2021\/02\/LESZNO-Urzad-Gminy-pieczec-seal-petschaft.jpg 1074w, https:\/\/sigillarium.pl\/wp-content\/uploads\/2021\/02\/LESZNO-Urzad-Gminy-pieczec-seal-petschaft-300x300.jpg 300w, https:\/\/sigillarium.pl\/wp-content\/uploads\/2021\/02\/LESZNO-Urzad-Gminy-pieczec-seal-petschaft-1024x1022.jpg 1024w, https:\/\/sigillarium.pl\/wp-content\/uploads\/2021\/02\/LESZNO-Urzad-Gminy-pieczec-seal-petschaft-150x150.jpg 150w, https:\/\/sigillarium.pl\/wp-content\/uploads\/2021\/02\/LESZNO-Urzad-Gminy-pieczec-seal-petschaft-768x767.jpg 768w\" sizes=\"auto, (max-width: 1074px) 100vw, 1074px\" \/><\/a><\/figure>\n<\/figure>\n<\/div>\n\n\n\n<div class=\"wp-block-column is-layout-flow wp-block-column-is-layout-flow\" style=\"flex-basis:0.9%\"><\/div>\n\n\n\n<div class=\"wp-block-column is-vertically-aligned-center is-layout-flow wp-block-column-is-layout-flow\" style=\"flex-basis:22.9%\"><div class=\"wp-block-image is-resized\">\n<figure class=\"aligncenter size-large\"><img loading=\"lazy\" decoding=\"async\" width=\"1024\" height=\"1024\" src=\"https:\/\/sigillarium.pl\/wp-content\/uploads\/2021\/02\/LESZNO-Urzad-Gminy-rewers-1024x1024.jpg\" alt=\"\" class=\"wp-image-11476\" srcset=\"https:\/\/sigillarium.pl\/wp-content\/uploads\/2021\/02\/LESZNO-Urzad-Gminy-rewers-1024x1024.jpg 1024w, https:\/\/sigillarium.pl\/wp-content\/uploads\/2021\/02\/LESZNO-Urzad-Gminy-rewers-300x300.jpg 300w, https:\/\/sigillarium.pl\/wp-content\/uploads\/2021\/02\/LESZNO-Urzad-Gminy-rewers-150x150.jpg 150w, https:\/\/sigillarium.pl\/wp-content\/uploads\/2021\/02\/LESZNO-Urzad-Gminy-rewers-768x769.jpg 768w, https:\/\/sigillarium.pl\/wp-content\/uploads\/2021\/02\/LESZNO-Urzad-Gminy-rewers.jpg 1040w\" sizes=\"auto, (max-width: 1024px) 100vw, 1024px\" \/><\/figure>\n<\/div>\n\n<div class=\"wp-block-image is-resized\">\n<figure class=\"aligncenter size-large\"><img loading=\"lazy\" decoding=\"async\" width=\"1024\" height=\"430\" src=\"https:\/\/sigillarium.pl\/wp-content\/uploads\/2021\/02\/LESZNO-Urzad-Gminy-rant-1024x430.jpg\" alt=\"\" class=\"wp-image-11478\" srcset=\"https:\/\/sigillarium.pl\/wp-content\/uploads\/2021\/02\/LESZNO-Urzad-Gminy-rant-1024x430.jpg 1024w, https:\/\/sigillarium.pl\/wp-content\/uploads\/2021\/02\/LESZNO-Urzad-Gminy-rant-300x126.jpg 300w, https:\/\/sigillarium.pl\/wp-content\/uploads\/2021\/02\/LESZNO-Urzad-Gminy-rant-768x322.jpg 768w, https:\/\/sigillarium.pl\/wp-content\/uploads\/2021\/02\/LESZNO-Urzad-Gminy-rant.jpg 1537w\" sizes=\"auto, (max-width: 1024px) 100vw, 1024px\" \/><\/figure>\n<\/div><\/div>\n\n\n\n<div class=\"wp-block-column is-layout-flow wp-block-column-is-layout-flow\" style=\"flex-basis:0.4%\"><\/div>\n\n\n\n<div class=\"wp-block-column is-layout-flow wp-block-column-is-layout-flow\" style=\"flex-basis:48%\">\n<style> td {font-size: 11px; color: black; font-family: Arial;} <\/style>\n<table style=\"width: 500px; height: 150px;\">\n\t<tbody><tr>\n\t\t<td style=\"background-color: #DDDDDD; width:6%; text-align: center; \"><b>1<\/b><\/td>\n\t\t<td style=\"padding-left: 8px;\">kolekcja prywatna<\/td>\n\t<\/tr>\n\t<tr>\n\t\t<td style=\"background-color: #DDDDDD; text-align: center; \"><b>2<\/b><\/td><td style=\"background-color: #FFFF99; white-space: nowrap; padding-left: 8px;\"><b><big><big><a href=\"https:\/\/pl.wikipedia.org\/wiki\/Leszno\">LESZNO<\/a><\/big><\/big><br><big>Urz\u0105d Gminy<\/big><\/b><\/td>\n\t<\/tr>\n\t<tr>\n\t\t<td style=\"background-color: #DDDDDD; text-align: center; \"><b>3a<\/b><\/td>\n\t\t<td style=\"padding-left: 8px;\">mosi\u0105dz<\/td>\n\t<\/tr>\n\t<tr>\n\t\t<td style=\"background-color: #DDDDDD; text-align: center; \"><b>3b<\/b><\/td>\n\t\t<td style=\"padding-left: 8px;\">&#8211;<\/td>\n\t<\/tr>\n\t<tr>\n\t\t<td style=\"background-color: #DDDDDD; text-align: center; \"><b>4<\/b><\/td>\n\t\t<td style=\"padding-left: 8px;\">okr\u0105g\u0142a \u00d8 23 mm, osadzona w stalowym pier\u015bcieniu<\/td>\n\t<\/tr>\n\t<tr>\n\t\t<td style=\"background-color: #DDDDDD; text-align: center; \"><b>5<\/b><\/td>\n\t\t<td style=\"padding-left: 8px;\">wypuk\u0142oryty<\/td>\n\t<\/tr>\n\t<tr>\n\t\t<td style=\"background-color: #DDDDDD; text-align: center; \"><b>6<\/b><\/td>\n<td style=\"padding-left: 8px;\"> na rancie pier\u015bcienia nr fabryczny 426 041, sygnatura wytw\u00f3rcy m \/\/ W<\/td>\n\t<\/tr>\n<tr>\n\t\t<td style=\"background-color: #DDDDDD; text-align: center; \"><b>7<\/b><\/td>\n<td style=\"padding-left: 8px;\"> brak, otw\u00f3r do mocowania do prasy <\/td>\n\t<\/tr>\n\t<tr>\n\t\t<td style=\"background-color: #DDDDDD; text-align: center; \"><b>7a<\/b><\/td>\n\t\t<td style=\"padding-left: 8px;\"> 14 mm<\/td>\n\t<\/tr>\n\t<tr>\n\t\t<td style=\"background-color: #DDDDDD; text-align: center; \"><b>7b<\/b><\/td>\n\t\t<td style=\"padding-left: 8px;\"> &#8211; <\/td>\n\t<\/tr>\n\t<tr>\n\t\t<td style=\"background-color: #DDDDDD; text-align: center; \"><b>7c<\/b><\/td>\n\t\t<td style=\"padding-left: 8px;\">3 mm<\/td>\n\t<\/tr>\n\t<tr>\n\t\t<td style=\"background-color: #DDDDDD; text-align: center; \"><b>8<\/b><\/td>\n<td style=\"padding-left: 8px;\"> &#8211; <\/td>\n\t<\/tr>\n\t<tr>\n\t\t<td style=\"background-color: #DDDDDD; text-align: center; \"><b>9a<\/b><\/td>\n\t\t<td style=\"padding-left: 8px;\">majusku\u0142a<\/td>\n\t<\/tr>\n\t<tr>\n\t\t<td style=\"background-color: #DDDDDD; text-align: center; \"><b>9b<\/b><\/td>\n<td style=\"padding-left: 8px;\"> w otoku: <b> \u2022 URZ\u0104D GMINY W LESZNIE<\/b><br><br><\/td> \n\t<\/tr>\n\t<tr>\n\t\t<td style=\"background-color: #DDDDDD; text-align: center; \"><b>10<\/b><\/td>\n<td style=\"padding-left: 8px;\"> W polu piecz\u0119ci wizerunek or\u0142a, ustalony dla god\u0142a herbu Polskiej Rzeczypospolitej Ludowej w 1955 r. Na zewn\u0105trz pola legendy pojedyncze obrze\u017cenie ci\u0105g\u0142e.<\/td>\n<\/tr>\n\t<tr>\n\t\t<td style=\"background-color: #DDDDDD; text-align: center; \"><b>11<\/b><\/td>\n<td style=\"padding-left: 8px;\">&#8211;<\/td>\n\t<\/tr>\n\t<tr>\n\t\t<td style=\"background-color: #DDDDDD; text-align: center; \"><b>12<\/b><\/td>\n\t\t<td style=\"padding-left: 8px;\">dolna matryca piecz\u0119ci suchej<\/td>\n\t<\/tr>\n<\/tbody><\/table>\n\n\n\n<p class=\"has-small-font-size\"> <a rel=\"noreferrer noopener\" href=\"http:\/\/sigillarium.pl\/index.php\/legenda-do-opisu-tloka-pieczetnego\/\" target=\"_blank\">Legenda<\/a> <\/p>\n<\/div>\n<\/div>\n\n\n\n<hr class=\"wp-block-separator has-alpha-channel-opacity\"\/>\n\n\n\n<div class=\"wp-block-columns is-layout-flex wp-container-core-columns-is-layout-9d6595d7 wp-block-columns-is-layout-flex\">\n<div class=\"wp-block-column is-layout-flow wp-block-column-is-layout-flow\" style=\"flex-basis:4.9%\"><\/div>\n\n\n\n<div class=\"wp-block-column is-vertically-aligned-center is-layout-flow wp-block-column-is-layout-flow\" style=\"flex-basis:22.9%\">\n<figure class=\"wp-block-gallery aligncenter has-nested-images columns-default is-cropped wp-block-gallery-17 is-layout-flex wp-block-gallery-is-layout-flex\">\n<figure class=\"wp-block-image size-large is-style-default\"><a href=\"https:\/\/sigillarium.pl\/wp-content\/uploads\/2023\/05\/Lodz-Panstwowe-Liceum-Technik-Plastycznych-pieczec_mala-pieczec-seal-petschaft-siegel-sceau-sigillarium.jpg.jpg\"><img loading=\"lazy\" decoding=\"async\" width=\"1024\" height=\"1024\" data-id=\"26014\" src=\"https:\/\/sigillarium.pl\/wp-content\/uploads\/2023\/05\/Lodz-Panstwowe-Liceum-Technik-Plastycznych-pieczec_mala-pieczec-seal-petschaft-siegel-sceau-sigillarium.jpg-1024x1024.jpg\" alt=\"\" class=\"wp-image-26014\" srcset=\"https:\/\/sigillarium.pl\/wp-content\/uploads\/2023\/05\/Lodz-Panstwowe-Liceum-Technik-Plastycznych-pieczec_mala-pieczec-seal-petschaft-siegel-sceau-sigillarium.jpg-1024x1024.jpg 1024w, https:\/\/sigillarium.pl\/wp-content\/uploads\/2023\/05\/Lodz-Panstwowe-Liceum-Technik-Plastycznych-pieczec_mala-pieczec-seal-petschaft-siegel-sceau-sigillarium.jpg-300x300.jpg 300w, https:\/\/sigillarium.pl\/wp-content\/uploads\/2023\/05\/Lodz-Panstwowe-Liceum-Technik-Plastycznych-pieczec_mala-pieczec-seal-petschaft-siegel-sceau-sigillarium.jpg-150x150.jpg 150w, https:\/\/sigillarium.pl\/wp-content\/uploads\/2023\/05\/Lodz-Panstwowe-Liceum-Technik-Plastycznych-pieczec_mala-pieczec-seal-petschaft-siegel-sceau-sigillarium.jpg-768x767.jpg 768w, https:\/\/sigillarium.pl\/wp-content\/uploads\/2023\/05\/Lodz-Panstwowe-Liceum-Technik-Plastycznych-pieczec_mala-pieczec-seal-petschaft-siegel-sceau-sigillarium.jpg.jpg 1102w\" sizes=\"auto, (max-width: 1024px) 100vw, 1024px\" \/><\/a><\/figure>\n<\/figure>\n<\/div>\n\n\n\n<div class=\"wp-block-column is-layout-flow wp-block-column-is-layout-flow\" style=\"flex-basis:0.9%\"><\/div>\n\n\n\n<div class=\"wp-block-column is-vertically-aligned-center is-layout-flow wp-block-column-is-layout-flow\" style=\"flex-basis:22.9%\"><div class=\"wp-block-image is-resized\">\n<figure class=\"aligncenter size-large\"><img loading=\"lazy\" decoding=\"async\" width=\"393\" height=\"1024\" src=\"https:\/\/sigillarium.pl\/wp-content\/uploads\/2023\/05\/Lodz-Panstwowe-Liceum-Technik-Plastycznych-pieczec-mala-uchwyt-pieczec-seal-petschaft-siegel-sceau-sigillarium.jpg-393x1024.jpg\" alt=\"\" class=\"wp-image-26015\" style=\"aspect-ratio:0.4227330779054917;width:140px;height:auto\" srcset=\"https:\/\/sigillarium.pl\/wp-content\/uploads\/2023\/05\/Lodz-Panstwowe-Liceum-Technik-Plastycznych-pieczec-mala-uchwyt-pieczec-seal-petschaft-siegel-sceau-sigillarium.jpg-393x1024.jpg 393w, https:\/\/sigillarium.pl\/wp-content\/uploads\/2023\/05\/Lodz-Panstwowe-Liceum-Technik-Plastycznych-pieczec-mala-uchwyt-pieczec-seal-petschaft-siegel-sceau-sigillarium.jpg-115x300.jpg 115w, https:\/\/sigillarium.pl\/wp-content\/uploads\/2023\/05\/Lodz-Panstwowe-Liceum-Technik-Plastycznych-pieczec-mala-uchwyt-pieczec-seal-petschaft-siegel-sceau-sigillarium.jpg.jpg 432w\" sizes=\"auto, (max-width: 393px) 100vw, 393px\" \/><\/figure>\n<\/div><\/div>\n\n\n\n<div class=\"wp-block-column is-layout-flow wp-block-column-is-layout-flow\" style=\"flex-basis:0.4%\"><\/div>\n\n\n\n<div class=\"wp-block-column is-layout-flow wp-block-column-is-layout-flow\" style=\"flex-basis:48%\">\n<style> td {font-size: 11px; color: black; font-family: Arial;} <\/style>\n<table style=\"width: 500px; height: 150px;\">\n\t<tbody><tr>\n\t\t<td style=\"background-color: #DDDDDD; width:6%; text-align: center; \"><b>1<\/b><\/td>\n\t\t<td style=\"padding-left: 8px;\">kolekcja prywatna<\/td>\n\t<\/tr>\n\t<tr>\n\t\t<td style=\"background-color: #DDDDDD; text-align: center; \"><b>2<\/b><\/td>\n<td style=\"background-color: #FFFF99; white-space: nowrap; padding-left: 8px;\"><b><big><big> <a href=\"https:\/\/pl.wikipedia.org\/wiki\/%C5%81%C3%B3d%C5%BA\">\u0141\u00d3D\u0179<\/a> <\/big><\/big><br><big> Pa\u0144stwowe Liceum Technik Plastycznych<\/big><\/b><\/td>\n\t<\/tr>\n\t<tr>\n\t\t<td style=\"background-color: #DDDDDD; text-align: center; \"><b>3a<\/b><\/td>\n\t\t<td style=\"padding-left: 8px;\">mosi\u0105dz<\/td>\n\t<\/tr>\n\t<tr>\n\t\t<td style=\"background-color: #DDDDDD; text-align: center; \"><b>3b<\/b><\/td>\n\t\t<td style=\"padding-left: 8px;\"> drewniany <\/td>\n\t<\/tr>\n\t<tr>\n\t\t<td style=\"background-color: #DDDDDD; text-align: center; \"><b>4<\/b><\/td>\n\t\t<td style=\"padding-left: 8px;\">okr\u0105g\u0142a \u00d8 20 mm<\/td>\n\t<\/tr>\n\t<tr>\n\t\t<td style=\"background-color: #DDDDDD; text-align: center; \"><b>5<\/b><\/td>\n\t\t<td style=\"padding-left: 8px;\">wypuk\u0142oryty<\/td>\n\t<\/tr>\n\t<tr>\n\t\t<td style=\"background-color: #DDDDDD; text-align: center; \"><b>6<\/b><\/td>\n<td style=\"padding-left: 8px;\"> na rancie numer inwentarzowy 36 372 i numer grawera 6 <\/td>\n\t<\/tr>\n<tr>\n\t\t<td style=\"background-color: #DDDDDD; text-align: center; \"><b>7<\/b><\/td>\n<td style=\"padding-left: 8px;\">uchwyt toczony o kulistej ga\u0142ce<\/td>\n\t<\/tr>\n\t<tr>\n\t\t<td style=\"background-color: #DDDDDD; text-align: center; \"><b>7a<\/b><\/td>\n\t\t<td style=\"padding-left: 8px;\">95 mm<\/td>\n\t<\/tr>\n\t<tr>\n\t\t<td style=\"background-color: #DDDDDD; text-align: center; \"><b>7b<\/b><\/td>\n\t\t<td style=\"padding-left: 8px;\">83,5 mm, w tym skuwka 8 mm (\u00d8 16,5 mm)<\/td>\n\t<\/tr>\n\t<tr>\n\t\t<td style=\"background-color: #DDDDDD; text-align: center; \"><b>7c<\/b><\/td>\n\t\t<td style=\"padding-left: 8px;\">11,5 mm<\/td>\n\t<\/tr>\n\t<tr>\n\t\t<td style=\"background-color: #DDDDDD; text-align: center; \"><b>8<\/b><\/td>\n<td style=\"padding-left: 8px;\"> &#8211; <\/td>\n\t<\/tr>\n\t<tr>\n\t\t<td style=\"background-color: #DDDDDD; text-align: center; \"><b>9a<\/b><\/td>\n\t\t<td style=\"padding-left: 8px;\">majusku\u0142a<\/td>\n\t<\/tr>\n\t<tr>\n\t\t<td style=\"background-color: #DDDDDD; text-align: center; \"><b>9b<\/b><\/td>\n<td style=\"padding-left: 8px;\"><br> w otoku:  <b><big><\/big>* PA\u0143STW<i> (owe).<\/i> LIC<i> (eum).<\/i> TECHNIK PLAST <i> (ycznych).<\/i> * \/\/ W \u0141ODZI<br><br><\/b><\/td> \n\t<\/tr>\n\t<tr>\n\t\t<td style=\"background-color: #DDDDDD; text-align: center; \"><b>10<\/b><\/td>\n<td style=\"padding-left: 8px;\"> W polu piecz\u0119ci, oddzielonym od pola legendy obrze\u017ceniem ci\u0105g\u0142ym, wizerunek or\u0142a w koronie, ustalony dla god\u0142a herbu Rzeczypospolitej Polskiej w 1927 r., uszczerbiony w Mennicy przez odj\u0119cie korony. Na zewn\u0105trz, wok\u00f3\u0142 pola legendy, pojedyncze obrze\u017cenie ci\u0105g\u0142e. <\/td>\n<\/tr>\n\t<tr>\n\t\t<td style=\"background-color: #DDDDDD; text-align: center; \"><b>11<\/b><\/td>\n<td style=\"padding-left: 8px;\">&#8211;<\/td>\n\t<\/tr>\n\t<tr>\n<td style=\"background-color: #DDDDDD; text-align: center; \"><b>12<\/b><\/td>\n<td style=\"padding-left: 8px;\">&#8211; <\/td>\n\t<\/tr>\n<\/tbody><\/table>\n\n\n\n<p class=\"has-small-font-size\"> <a rel=\"noreferrer noopener\" href=\"http:\/\/sigillarium.pl\/index.php\/legenda-do-opisu-tloka-pieczetnego\/\" target=\"_blank\">Legenda<\/a> <\/p>\n<\/div>\n<\/div>\n\n\n\n<hr class=\"wp-block-separator has-alpha-channel-opacity\"\/>\n\n\n\n<div class=\"wp-block-columns is-layout-flex wp-container-core-columns-is-layout-9d6595d7 wp-block-columns-is-layout-flex\">\n<div class=\"wp-block-column is-layout-flow wp-block-column-is-layout-flow\" style=\"flex-basis:4.9%\"><\/div>\n\n\n\n<div class=\"wp-block-column is-vertically-aligned-center is-layout-flow wp-block-column-is-layout-flow\" style=\"flex-basis:22.9%\">\n<figure class=\"wp-block-gallery aligncenter has-nested-images columns-default is-cropped wp-block-gallery-18 is-layout-flex wp-block-gallery-is-layout-flex\">\n<figure class=\"wp-block-image size-large is-style-default\"><a href=\"https:\/\/sigillarium.pl\/wp-content\/uploads\/2023\/05\/Lodz-Panstwowe-Liceum-Technik-Plastycznych-pieczec1.jpg\"><img loading=\"lazy\" decoding=\"async\" width=\"1015\" height=\"1024\" data-id=\"26025\" src=\"https:\/\/sigillarium.pl\/wp-content\/uploads\/2023\/05\/Lodz-Panstwowe-Liceum-Technik-Plastycznych-pieczec1-1015x1024.jpg\" alt=\"\" class=\"wp-image-26025\" srcset=\"https:\/\/sigillarium.pl\/wp-content\/uploads\/2023\/05\/Lodz-Panstwowe-Liceum-Technik-Plastycznych-pieczec1-1015x1024.jpg 1015w, https:\/\/sigillarium.pl\/wp-content\/uploads\/2023\/05\/Lodz-Panstwowe-Liceum-Technik-Plastycznych-pieczec1-297x300.jpg 297w, https:\/\/sigillarium.pl\/wp-content\/uploads\/2023\/05\/Lodz-Panstwowe-Liceum-Technik-Plastycznych-pieczec1-150x150.jpg 150w, https:\/\/sigillarium.pl\/wp-content\/uploads\/2023\/05\/Lodz-Panstwowe-Liceum-Technik-Plastycznych-pieczec1-768x775.jpg 768w, https:\/\/sigillarium.pl\/wp-content\/uploads\/2023\/05\/Lodz-Panstwowe-Liceum-Technik-Plastycznych-pieczec1.jpg 1101w\" sizes=\"auto, (max-width: 1015px) 100vw, 1015px\" \/><\/a><\/figure>\n<\/figure>\n<\/div>\n\n\n\n<div class=\"wp-block-column is-layout-flow wp-block-column-is-layout-flow\" style=\"flex-basis:0.9%\"><\/div>\n\n\n\n<div class=\"wp-block-column is-vertically-aligned-center is-layout-flow wp-block-column-is-layout-flow\" style=\"flex-basis:22.9%\"><div class=\"wp-block-image is-resized\">\n<figure class=\"aligncenter size-large\"><img loading=\"lazy\" decoding=\"async\" width=\"448\" height=\"1024\" src=\"https:\/\/sigillarium.pl\/wp-content\/uploads\/2023\/05\/Lodz-Panstwowe-Liceum-Technik-Plastycznych-pieczec-duza-uchwyt-pieczec-seal-petschaft-siegel-sceau-sigillarium1.jpg-448x1024.png\" alt=\"\" class=\"wp-image-26080\" style=\"aspect-ratio:0.4227330779054917;width:148px;height:auto\" srcset=\"https:\/\/sigillarium.pl\/wp-content\/uploads\/2023\/05\/Lodz-Panstwowe-Liceum-Technik-Plastycznych-pieczec-duza-uchwyt-pieczec-seal-petschaft-siegel-sceau-sigillarium1.jpg-448x1024.png 448w, https:\/\/sigillarium.pl\/wp-content\/uploads\/2023\/05\/Lodz-Panstwowe-Liceum-Technik-Plastycznych-pieczec-duza-uchwyt-pieczec-seal-petschaft-siegel-sceau-sigillarium1.jpg-131x300.png 131w, https:\/\/sigillarium.pl\/wp-content\/uploads\/2023\/05\/Lodz-Panstwowe-Liceum-Technik-Plastycznych-pieczec-duza-uchwyt-pieczec-seal-petschaft-siegel-sceau-sigillarium1.jpg.png 492w\" sizes=\"auto, (max-width: 448px) 100vw, 448px\" \/><\/figure>\n<\/div><\/div>\n\n\n\n<div class=\"wp-block-column is-layout-flow wp-block-column-is-layout-flow\" style=\"flex-basis:0.4%\"><\/div>\n\n\n\n<div class=\"wp-block-column is-layout-flow wp-block-column-is-layout-flow\" style=\"flex-basis:48%\">\n<style> td {font-size: 11px; color: black; font-family: Arial;} <\/style>\n<table style=\"width: 500px; height: 150px;\">\n\t<tbody><tr>\n\t\t<td style=\"background-color: #DDDDDD; width:6%; text-align: center; \"><b>1<\/b><\/td>\n\t\t<td style=\"padding-left: 8px;\">kolekcja prywatna<\/td>\n\t<\/tr>\n\t<tr>\n\t\t<td style=\"background-color: #DDDDDD; text-align: center; \"><b>2<\/b><\/td>\n<td style=\"background-color: #FFFF99; white-space: nowrap; padding-left: 8px;\"><b><big><big> <a href=\"https:\/\/pl.wikipedia.org\/wiki\/%C5%81%C3%B3d%C5%BA\">\u0141\u00d3D\u0179<\/a> <\/big><\/big><br><big> Pa\u0144stwowe Liceum Technik Plastycznych<\/big><\/b><\/td>\n\t<\/tr>\n\t<tr>\n\t\t<td style=\"background-color: #DDDDDD; text-align: center; \"><b>3a<\/b><\/td>\n\t\t<td style=\"padding-left: 8px;\">mosi\u0105dz<\/td>\n\t<\/tr>\n\t<tr>\n\t\t<td style=\"background-color: #DDDDDD; text-align: center; \"><b>3b<\/b><\/td>\n\t\t<td style=\"padding-left: 8px;\"> drewniany <\/td>\n\t<\/tr>\n\t<tr>\n\t\t<td style=\"background-color: #DDDDDD; text-align: center; \"><b>4<\/b><\/td>\n\t\t<td style=\"padding-left: 8px;\">okr\u0105g\u0142a \u00d8 36 mm<\/td>\n\t<\/tr>\n\t<tr>\n\t\t<td style=\"background-color: #DDDDDD; text-align: center; \"><b>5<\/b><\/td>\n\t\t<td style=\"padding-left: 8px;\">wypuk\u0142oryty<\/td>\n\t<\/tr>\n\t<tr>\n\t\t<td style=\"background-color: #DDDDDD; text-align: center; \"><b>6<\/b><\/td>\n<td style=\"padding-left: 8px;\"> na rancie numer grawera 2 <\/td>\n\t<\/tr>\n<tr>\n\t\t<td style=\"background-color: #DDDDDD; text-align: center; \"><b>7<\/b><\/td>\n<td style=\"padding-left: 8px;\">uchwyt toczony o kulistej ga\u0142ce<\/td>\n\t<\/tr>\n\t<tr>\n\t\t<td style=\"background-color: #DDDDDD; text-align: center; \"><b>7a<\/b><\/td>\n\t\t<td style=\"padding-left: 8px;\">100 mm<\/td>\n\t<\/tr>\n\t<tr>\n\t\t<td style=\"background-color: #DDDDDD; text-align: center; \"><b>7b<\/b><\/td>\n\t\t<td style=\"padding-left: 8px;\">87 mm, w tym skuwka 9 mm (\u00d8 17 mm)<\/td>\n\t<\/tr>\n\t<tr>\n\t\t<td style=\"background-color: #DDDDDD; text-align: center; \"><b>7c<\/b><\/td>\n\t\t<td style=\"padding-left: 8px;\">13 mm<\/td>\n\t<\/tr>\n\t<tr>\n\t\t<td style=\"background-color: #DDDDDD; text-align: center; \"><b>8<\/b><\/td>\n<td style=\"padding-left: 8px;\"> &#8211; <\/td>\n\t<\/tr>\n\t<tr>\n\t\t<td style=\"background-color: #DDDDDD; text-align: center; \"><b>9a<\/b><\/td>\n\t\t<td style=\"padding-left: 8px;\">majusku\u0142a<\/td>\n\t<\/tr>\n\t<tr>\n\t\t<td style=\"background-color: #DDDDDD; text-align: center; \"><b>9b<\/b><\/td>\n<td style=\"padding-left: 8px;\"><br> w otoku:  <b><big><\/big>* PA\u0143STW <i> (owe).<\/i> LICEUM TECHNIK PLASTYCZNYCH * \/\/ W \u0141ODZI<br><br><\/b><\/td> \n\t<\/tr>\n\t<tr>\n\t\t<td style=\"background-color: #DDDDDD; text-align: center; \"><b>10<\/b><\/td>\n<td style=\"padding-left: 8px;\"> W polu piecz\u0119ci, oddzielonym od pola legendy obrze\u017ceniem ci\u0105g\u0142ym, wizerunek or\u0142a w koronie, ustalony dla god\u0142a herbu Rzeczypospolitej Polskiej w 1927 r., uszczerbiony w Mennicy przez odj\u0119cie korony. Na zewn\u0105trz, wok\u00f3\u0142 pola legendy, pojedyncze obrze\u017cenie ci\u0105g\u0142e. <\/td>\n<\/tr>\n\t<tr>\n\t\t<td style=\"background-color: #DDDDDD; text-align: center; \"><b>11<\/b><\/td>\n<td style=\"padding-left: 8px;\">&#8211;<\/td>\n\t<\/tr>\n\t<tr>\n<td style=\"background-color: #DDDDDD; text-align: center; \"><b>12<\/b><\/td>\n<td style=\"padding-left: 8px;\">Na odwrocie matrycy nr ewidencyjny 36 371,sygnatura wytw\u00f3rcy: orze\u0142 i herb Ko\u015bciesza, mi\u0119dzy nimi napis: MENNICA \/\/ PA\u0143STWOWA <\/td>\n\t<\/tr>\n<\/tbody><\/table>\n\n\n\n<p class=\"has-small-font-size\"> <a rel=\"noreferrer noopener\" href=\"http:\/\/sigillarium.pl\/index.php\/legenda-do-opisu-tloka-pieczetnego\/\" target=\"_blank\">Legenda<\/a> <\/p>\n<\/div>\n<\/div>\n\n\n\n<hr class=\"wp-block-separator has-alpha-channel-opacity\"\/>\n\n\n\n<div class=\"wp-block-columns is-layout-flex wp-container-core-columns-is-layout-9d6595d7 wp-block-columns-is-layout-flex\">\n<div class=\"wp-block-column is-layout-flow wp-block-column-is-layout-flow\" style=\"flex-basis:4.9%\"><\/div>\n\n\n\n<div class=\"wp-block-column is-vertically-aligned-center is-layout-flow wp-block-column-is-layout-flow\" style=\"flex-basis:22.9%\">\n<figure class=\"wp-block-gallery aligncenter has-nested-images columns-default is-cropped wp-block-gallery-19 is-layout-flex wp-block-gallery-is-layout-flex\">\n<figure class=\"wp-block-image size-full is-style-default\"><a href=\"https:\/\/sigillarium.pl\/wp-content\/uploads\/2021\/01\/Lubawka-Urzad-Miasta-i-Gminy.jpg\"><img loading=\"lazy\" decoding=\"async\" width=\"871\" height=\"866\" data-id=\"10450\" src=\"https:\/\/sigillarium.pl\/wp-content\/uploads\/2021\/01\/Lubawka-Urzad-Miasta-i-Gminy.jpg\" alt=\"\" class=\"wp-image-10450\" srcset=\"https:\/\/sigillarium.pl\/wp-content\/uploads\/2021\/01\/Lubawka-Urzad-Miasta-i-Gminy.jpg 871w, https:\/\/sigillarium.pl\/wp-content\/uploads\/2021\/01\/Lubawka-Urzad-Miasta-i-Gminy-300x298.jpg 300w, https:\/\/sigillarium.pl\/wp-content\/uploads\/2021\/01\/Lubawka-Urzad-Miasta-i-Gminy-150x150.jpg 150w, https:\/\/sigillarium.pl\/wp-content\/uploads\/2021\/01\/Lubawka-Urzad-Miasta-i-Gminy-768x764.jpg 768w\" sizes=\"auto, (max-width: 871px) 100vw, 871px\" \/><\/a><\/figure>\n<\/figure>\n<\/div>\n\n\n\n<div class=\"wp-block-column is-layout-flow wp-block-column-is-layout-flow\" style=\"flex-basis:0.9%\"><\/div>\n\n\n\n<div class=\"wp-block-column is-vertically-aligned-center is-layout-flow wp-block-column-is-layout-flow\" style=\"flex-basis:22.9%\"><div class=\"wp-block-image is-resized\">\n<figure class=\"aligncenter size-large\"><img loading=\"lazy\" decoding=\"async\" width=\"331\" height=\"783\" src=\"https:\/\/sigillarium.pl\/wp-content\/uploads\/2021\/01\/Lubawka-Urzad-Miasta-i-Gminy-uchwyt.jpg\" alt=\"\" class=\"wp-image-10451\" style=\"aspect-ratio:0.4227330779054917;width:132px;height:auto\" srcset=\"https:\/\/sigillarium.pl\/wp-content\/uploads\/2021\/01\/Lubawka-Urzad-Miasta-i-Gminy-uchwyt.jpg 331w, https:\/\/sigillarium.pl\/wp-content\/uploads\/2021\/01\/Lubawka-Urzad-Miasta-i-Gminy-uchwyt-127x300.jpg 127w\" sizes=\"auto, (max-width: 331px) 100vw, 331px\" \/><\/figure>\n<\/div><\/div>\n\n\n\n<div class=\"wp-block-column is-layout-flow wp-block-column-is-layout-flow\" style=\"flex-basis:0.4%\"><\/div>\n\n\n\n<div class=\"wp-block-column is-layout-flow wp-block-column-is-layout-flow\" style=\"flex-basis:48%\">\n<style> td {font-size: 11px; color: black; font-family: Arial;} <\/style>\n<table style=\"width: 500px; height: 150px;\">\n\t<tr>\n\t\t<td style=\"background-color: #DDDDDD; width:6%; text-align: center; \"><b>1<\/b><\/td>\n\t\t<td style=\"padding-left: 8px;\">kolekcja prywatna<\/td>\n\t<\/tr>\n\t<tr>\n\t\t<td style=\"background-color: #DDDDDD; text-align: center; \"><b>2<\/b><\/td>\n<td style=\"background-color: #FFFF99; white-space: nowrap; padding-left: 8px;\"><b><big><big><a href=\"https:\/\/pl.wikipedia.org\/wiki\/Lubawka \">LUBAWKA<\/a><\/big><\/big><br\/><big>Urz\u0105d Miasta i Gminy<br \/><\/td>\n\t<\/tr>\n\t<tr>\n\t\t<td style=\"background-color: #DDDDDD; text-align: center; \"><b>3a<\/b><\/td>\n\t\t<td style=\"padding-left: 8px;\">mosi\u0105dz<\/td>\n\t<\/tr>\n\t<tr>\n\t\t<td style=\"background-color: #DDDDDD; text-align: center; \"><b>3b<\/b><\/td>\n\t\t<td style=\"padding-left: 8px;\">tworzywo sztuczne w kolorze czarnym<\/td>\n\t<\/tr>\n\t<tr>\n\t\t<td style=\"background-color: #DDDDDD; text-align: center; \"><b>4<\/b><\/td>\n\t\t<td style=\"padding-left: 8px;\">okr\u0105g\u0142a \u00d8 20 mm<\/td>\n\t<\/tr>\n\t<tr>\n\t\t<td style=\"background-color: #DDDDDD; text-align: center; \"><b>5<\/b><\/td>\n\t\t<td style=\"padding-left: 8px;\">wypuk\u0142oryty<\/td>\n\t<\/tr>\n\t<tr>\n\t\t<td style=\"background-color: #DDDDDD; text-align: center; \"><b>6<\/b><\/td>\n<td style=\"padding-left: 8px;\">na rancie matrycy numer ewidencyjny 400 330, numer grawera 73, sygnatura wytw\u00f3rcy m\/\/W <\/td>\n\t<\/tr>\n<tr>\n\t\t<td style=\"background-color: #DDDDDD; text-align: center; \"><b>7<\/b><\/td>\n<td style=\"padding-left: 8px;\"> uchwyt o kulistej ga\u0142ce<\/td>\n\t<\/tr>\n\t<tr>\n\t\t<td style=\"background-color: #DDDDDD; text-align: center; \"><b>7a<\/b><\/td>\n\t\t<td style=\"padding-left: 8px;\">73 mm<\/td>\n\t<\/tr>\n\t<tr>\n\t\t<td style=\"background-color: #DDDDDD; text-align: center; \"><b>7b<\/b><\/td>\n\t\t<td style=\"padding-left: 8px;\">64,5 mm<\/td>\n\t<\/tr>\n\t<tr>\n\t\t<td style=\"background-color: #DDDDDD; text-align: center; \"><b>7c<\/b><\/td>\n\t\t<td style=\"padding-left: 8px;\">8,5 mm<\/td>\n\t<\/tr>\n\t<tr>\n\t\t<td style=\"background-color: #DDDDDD; text-align: center; \"><b>8<\/b><\/td>\n<td style=\"padding-left: 8px;\"> na ga\u0142ce uchwytu znacznik prawid\u0142owego ustawienia t\u0142oka oraz sygnatura wytw\u00f3rcy m\/\/W<\/td>\n\t<\/tr>\n\t<tr>\n\t\t<td style=\"background-color: #DDDDDD; text-align: center; \"><b>9a<\/b><\/td>\n\t\t<td style=\"padding-left: 8px;\">majusku\u0142a<\/td>\n\t<\/tr>\n\t<tr>\n\t\t<td style=\"background-color: #DDDDDD; text-align: center; \"><b>9b<\/b><\/td>\n<td style=\"padding-left: 8px;\"><br \/> w otoku: <b> \u2022 URZ\u0104D MIASTA I GMINY W LUBAWCE<\/b><br \/><br \/><\/td> \n\t<\/tr>\n\t<tr>\n\t\t<td style=\"background-color: #DDDDDD; text-align: center; \"><b>10<\/b><\/td>\n<td style=\"padding-left: 8px;\"> W polu piecz\u0119ci, oddzielonym od pola legendy obrze\u017ceniem ci\u0105g\u0142ym, wizerunek or\u0142a w koronie, ustalony dla god\u0142a herbu Polskiej Rzeczypospolitej Ludowej w 1955 r. Na zewn\u0105trz pola legendy pojedyncze obrze\u017cenie ci\u0105g\u0142e.<br \/><\/td>\n<\/tr>\n\t<tr>\n\t\t<td style=\"background-color: #DDDDDD; text-align: center; \"><b>11<\/b><\/td>\n<td style=\"padding-left: 8px;\">&#8211;<br \/><\/td>\n\t<\/tr>\n\t<tr>\n\t\t<td style=\"background-color: #DDDDDD; text-align: center; \"><b>12<\/b><\/td>\n\t\t<td style=\"padding-left: 8px;\">&#8211; <\/td>\n\t<\/tr>\n<\/table>\n\n\n\n<p class=\"has-small-font-size\"> <a rel=\"noreferrer noopener\" href=\"http:\/\/sigillarium.pl\/index.php\/legenda-do-opisu-tloka-pieczetnego\/\" target=\"_blank\">Legenda<\/a> <\/p>\n<\/div>\n<\/div>\n\n\n\n<hr class=\"wp-block-separator has-alpha-channel-opacity\"\/>\n\n\n\n<div class=\"wp-block-columns is-layout-flex wp-container-core-columns-is-layout-9d6595d7 wp-block-columns-is-layout-flex\">\n<div class=\"wp-block-column is-layout-flow wp-block-column-is-layout-flow\" style=\"flex-basis:4.9%\"><\/div>\n\n\n\n<div class=\"wp-block-column is-vertically-aligned-center is-layout-flow wp-block-column-is-layout-flow\" style=\"flex-basis:22.9%\">\n<figure class=\"wp-block-gallery aligncenter has-nested-images columns-default is-cropped wp-block-gallery-20 is-layout-flex wp-block-gallery-is-layout-flex\">\n<figure class=\"wp-block-image size-full is-style-default\"><a href=\"https:\/\/sigillarium.pl\/wp-content\/uploads\/2025\/10\/Miechow_Zarza-gminy_pieczec-2-1.jpg\"><img loading=\"lazy\" decoding=\"async\" width=\"404\" height=\"509\" data-id=\"37251\" src=\"https:\/\/sigillarium.pl\/wp-content\/uploads\/2025\/10\/Miechow_Zarza-gminy_pieczec-2-1.jpg\" alt=\"\" class=\"wp-image-37251\" srcset=\"https:\/\/sigillarium.pl\/wp-content\/uploads\/2025\/10\/Miechow_Zarza-gminy_pieczec-2-1.jpg 404w, https:\/\/sigillarium.pl\/wp-content\/uploads\/2025\/10\/Miechow_Zarza-gminy_pieczec-2-1-238x300.jpg 238w\" sizes=\"auto, (max-width: 404px) 100vw, 404px\" \/><\/a><\/figure>\n<\/figure>\n<\/div>\n\n\n\n<div class=\"wp-block-column is-layout-flow wp-block-column-is-layout-flow\" style=\"flex-basis:0.9%\"><\/div>\n\n\n\n<div class=\"wp-block-column is-vertically-aligned-center is-layout-flow wp-block-column-is-layout-flow\" style=\"flex-basis:22.9%\"><div class=\"wp-block-image\">\n<figure class=\"aligncenter size-large is-resized\"><img loading=\"lazy\" decoding=\"async\" width=\"488\" height=\"1024\" src=\"https:\/\/sigillarium.pl\/wp-content\/uploads\/2025\/10\/Miechow_Zarza-gminy_pieczec_uchwyt-488x1024.jpg\" alt=\"\" class=\"wp-image-37179\" style=\"width:180px\" srcset=\"https:\/\/sigillarium.pl\/wp-content\/uploads\/2025\/10\/Miechow_Zarza-gminy_pieczec_uchwyt-488x1024.jpg 488w, https:\/\/sigillarium.pl\/wp-content\/uploads\/2025\/10\/Miechow_Zarza-gminy_pieczec_uchwyt-143x300.jpg 143w, https:\/\/sigillarium.pl\/wp-content\/uploads\/2025\/10\/Miechow_Zarza-gminy_pieczec_uchwyt-768x1612.jpg 768w, https:\/\/sigillarium.pl\/wp-content\/uploads\/2025\/10\/Miechow_Zarza-gminy_pieczec_uchwyt-732x1536.jpg 732w, https:\/\/sigillarium.pl\/wp-content\/uploads\/2025\/10\/Miechow_Zarza-gminy_pieczec_uchwyt-976x2048.jpg 976w, https:\/\/sigillarium.pl\/wp-content\/uploads\/2025\/10\/Miechow_Zarza-gminy_pieczec_uchwyt.jpg 1158w\" sizes=\"auto, (max-width: 488px) 100vw, 488px\" \/><\/figure>\n<\/div><\/div>\n\n\n\n<div class=\"wp-block-column is-layout-flow wp-block-column-is-layout-flow\" style=\"flex-basis:0.4%\"><\/div>\n\n\n\n<div class=\"wp-block-column is-layout-flow wp-block-column-is-layout-flow\" style=\"flex-basis:48%\">\n<style> td {font-size: 11px; color: black; font-family: Arial;} <\/style>\n<table style=\"width: 500px; height: 150px;\">\n\t<tbody><tr>\n\t\t<td style=\"background-color: #DDDDDD; width:6%; text-align: center; \"><b>1<\/b><\/td>\n\t\t<td style=\"padding-left: 8px;\">kolekcja prywatna<\/td>\n\t<\/tr>\n\t<tr>\n\t\t<td style=\"background-color: #DDDDDD; text-align: center; \"><b>2<\/b><\/td>\n<td style=\"background-color: #FFFF99; white-space: nowrap; padding-left: 8px;\"><b><big><big><a href=\" https:\/\/pl.wikipedia.org\/wiki\/Miech%C3%B3w_(wojew%C3%B3dztwo_mazowieckie) \">MIECH\u00d3W<\/a><\/big><\/big><br><big>Zarz\u0105d gminy<\/big><\/b><\/td>\n\t<\/tr>\n\t<tr>\n\t\t<td style=\"background-color: #DDDDDD; text-align: center; \"><b>3a<\/b><\/td>\n\t\t<td style=\"padding-left: 8px;\">mosi\u0105dz<\/td>\n\t<\/tr>\n\t<tr>\n\t\t<td style=\"background-color: #DDDDDD; text-align: center; \"><b>3b<\/b><\/td>\n\t\t<td style=\"padding-left: 8px;\">drewno <\/td>\n\t<\/tr>\n\t<tr>\n\t\t<td style=\"background-color: #DDDDDD; text-align: center; \"><b>4<\/b><\/td>\n\t\t<td style=\"padding-left: 8px;\">owalna 35 x 28 mm<\/td>\n\t<\/tr>\n\t<tr>\n\t\t<td style=\"background-color: #DDDDDD; text-align: center; \"><b>5<\/b><\/td>\n\t\t<td style=\"padding-left: 8px;\">wypuk\u0142oryty<\/td>\n\t<\/tr>\n\t<tr>\n\t\t<td style=\"background-color: #DDDDDD; text-align: center; \"><b>6<\/b><\/td>\n<td style=\"padding-left: 8px;\">na rancie matrycy numer grawera 28<\/td>\n\t<\/tr>\n<tr>\n\t\t<td style=\"background-color: #DDDDDD; text-align: center; \"><b>7<\/b><\/td>\n<td style=\"padding-left: 8px;\">uchwyt toczony o kulistej ga\u0142ce<\/td>\n\t<\/tr>\n\t<tr>\n\t\t<td style=\"background-color: #DDDDDD; text-align: center; \"><b>7a<\/b><\/td>\n\t\t<td style=\"padding-left: 8px;\">92 mm<\/td>\n\t<\/tr>\n\t<tr>\n\t\t<td style=\"background-color: #DDDDDD; text-align: center; \"><b>7b<\/b><\/td>\n\t\t<td style=\"padding-left: 8px;\">81 mm, w tym skuwka 8 mm (\u00d8 16 mm)<\/td>\n\t<\/tr>\n\t<tr>\n\t\t<td style=\"background-color: #DDDDDD; text-align: center; \"><b>7c<\/b><\/td>\n\t\t<td style=\"padding-left: 8px;\">11 mm<\/td>\n\t<\/tr>\n\t<tr>\n\t\t<td style=\"background-color: #DDDDDD; text-align: center; \"><b>8<\/b><\/td>\n<td style=\"padding-left: 8px;\">&#8211;<\/td>\n\t<\/tr>\n\t<tr>\n\t\t<td style=\"background-color: #DDDDDD; text-align: center; \"><b>9a<\/b><\/td>\n\t\t<td style=\"padding-left: 8px;\">majusku\u0142a<\/td>\n\t<\/tr>\n\t<tr>\n\t\t<td style=\"background-color: #DDDDDD; text-align: center; \"><b>9b<\/b><\/td>\n<td style=\"padding-left: 8px;\"><br>w polu piecz\u0119ci poni\u017cej obrazu napiecz\u0119tnego:<b> ZARZ\u0104D GMINNY \/\/ MIECH\u00d3W \/\/ W KAZANOWIE \/\/ POWIAT \/\/ I\u0141\u017bECKI <br><br><\/b><\/td> \n\t<\/tr>\n\t<tr>\n\t\t<td style=\"background-color: #DDDDDD; text-align: center; \"><b>10<\/b><\/td>\n<td style=\"padding-left: 8px;\"> W polu piecz\u0119ci wizerunek or\u0142a w koronie, ustalony dla god\u0142a herbu Rzeczypospolitej Polskiej w 1927 r, uszczerbiony w Mennicy przez odj\u0119cie korony. Poni\u017cej napis w pieciu wierszach. Na zewn\u0105trz, wok\u00f3\u0142 pola piecz\u0119ci, pojedyncze obrze\u017cenie ci\u0105g\u0142e. <br><br><\/td>\n<\/tr>\n\t<tr>\n\t\t<td style=\"background-color: #DDDDDD; text-align: center; \"><b>11<\/b><\/td>\n<td style=\"padding-left: 8px;\">&#8211;<\/td>\n\t<\/tr>\n\t<tr>\n<td style=\"background-color: #DDDDDD; text-align: center; \"><b>12<\/b><\/td>\n<td style=\"padding-left: 8px;\">na odwrociu matrycy nr ewidencyjny 61 807 <\/td>\n\t<\/tr>\n<\/tbody><\/table>\n\n\n\n<p class=\"has-small-font-size\"> <a rel=\"noreferrer noopener\" href=\"http:\/\/sigillarium.pl\/index.php\/legenda-do-opisu-tloka-pieczetnego\/\" target=\"_blank\">Legenda<\/a> <\/p>\n<\/div>\n<\/div>\n\n\n\n<hr class=\"wp-block-separator has-css-opacity\"\/>\n\n\n\n<div class=\"wp-block-columns is-layout-flex wp-container-core-columns-is-layout-9d6595d7 wp-block-columns-is-layout-flex\">\n<div class=\"wp-block-column is-layout-flow wp-block-column-is-layout-flow\" style=\"flex-basis:4.9%\"><\/div>\n\n\n\n<div class=\"wp-block-column is-vertically-aligned-center is-layout-flow wp-block-column-is-layout-flow\" style=\"flex-basis:22.9%\">\n<figure class=\"wp-block-gallery aligncenter has-nested-images columns-default is-cropped wp-block-gallery-21 is-layout-flex wp-block-gallery-is-layout-flex\">\n<figure class=\"wp-block-image size-full is-style-default\"><a href=\"https:\/\/sigillarium.pl\/wp-content\/uploads\/2020\/04\/Mi\u0119dzych\u00f3d-Urz\u0105d-Miejski.jpg\"><img loading=\"lazy\" decoding=\"async\" width=\"624\" height=\"623\" data-id=\"2509\" src=\"http:\/\/sigillarium.pl\/wp-content\/uploads\/2020\/04\/Mi\u0119dzych\u00f3d-Urz\u0105d-Miejski.jpg\" alt=\"\" class=\"wp-image-2509\" srcset=\"https:\/\/sigillarium.pl\/wp-content\/uploads\/2020\/04\/Mi\u0119dzych\u00f3d-Urz\u0105d-Miejski.jpg 624w, https:\/\/sigillarium.pl\/wp-content\/uploads\/2020\/04\/Mi\u0119dzych\u00f3d-Urz\u0105d-Miejski-300x300.jpg 300w, https:\/\/sigillarium.pl\/wp-content\/uploads\/2020\/04\/Mi\u0119dzych\u00f3d-Urz\u0105d-Miejski-150x150.jpg 150w\" sizes=\"auto, (max-width: 624px) 100vw, 624px\" \/><\/a><\/figure>\n<\/figure>\n<\/div>\n\n\n\n<div class=\"wp-block-column is-layout-flow wp-block-column-is-layout-flow\" style=\"flex-basis:0.9%\"><\/div>\n\n\n\n<div class=\"wp-block-column is-vertically-aligned-center is-layout-flow wp-block-column-is-layout-flow\" style=\"flex-basis:22.9%\"><div class=\"wp-block-image is-resized\">\n<figure class=\"aligncenter size-large\"><img loading=\"lazy\" decoding=\"async\" width=\"421\" height=\"942\" src=\"http:\/\/sigillarium.pl\/wp-content\/uploads\/2020\/04\/Mi\u0119dzych\u00f3d-Urz\u0105d-Miejski-uchwyt.jpg\" alt=\"\" class=\"wp-image-3124\" style=\"width:126px;height:auto\" srcset=\"https:\/\/sigillarium.pl\/wp-content\/uploads\/2020\/04\/Mi\u0119dzych\u00f3d-Urz\u0105d-Miejski-uchwyt.jpg 421w, https:\/\/sigillarium.pl\/wp-content\/uploads\/2020\/04\/Mi\u0119dzych\u00f3d-Urz\u0105d-Miejski-uchwyt-134x300.jpg 134w\" sizes=\"auto, (max-width: 421px) 100vw, 421px\" \/><\/figure>\n<\/div><\/div>\n\n\n\n<div class=\"wp-block-column is-layout-flow wp-block-column-is-layout-flow\" style=\"flex-basis:0.4%\"><\/div>\n\n\n\n<div class=\"wp-block-column is-layout-flow wp-block-column-is-layout-flow\" style=\"flex-basis:48%\">\n<style> td {font-size: 11px; color: black; font-family: Arial;} <\/style>\n<table style=\"width: 500px; height: 150px;\">\n\t<tbody><tr>\n\t\t<td style=\"background-color: #DDDDDD; width:6%; text-align: center; \"><b>1<\/b><\/td>\n\t\t<td style=\"padding-left: 8px;\">kolekcja prywatna<\/td>\n\t<\/tr>\n\t<tr>\n\t\t<td style=\"background-color: #DDDDDD; text-align: center; \"><b>2<\/b><\/td>\n<td style=\"background-color: #FFFF99; white-space: nowrap; padding-left: 8px;\"><b><big><big><a href=\" https:\/\/pl.wikipedia.org\/wiki\/Mi%C4%99dzych%C3%B3d \">MI\u0118DZYCH\u00d3D <\/a> <\/big><\/big><\/b><br><b><big>Urz\u0105d Miejski<\/big><\/b><\/td>\n\t<\/tr>\n\t<tr>\n\t\t<td style=\"background-color: #DDDDDD; text-align: center; \"><b>3a<\/b><\/td>\n\t\t<td style=\"padding-left: 8px;\">mosi\u0105dz<\/td>\n\t<\/tr>\n\t<tr>\n\t\t<td style=\"background-color: #DDDDDD; text-align: center; \"><b>3b<\/b><\/td>\n\t\t<td style=\"padding-left: 8px;\">tworzywo sztuczne <\/td>\n\t<\/tr>\n\t<tr>\n\t\t<td style=\"background-color: #DDDDDD; text-align: center; \"><b>4<\/b><\/td>\n\t\t<td style=\"padding-left: 8px;\">okr\u0105g\u0142a \u00d8 30 mm<\/td>\n\t<\/tr>\n\t<tr>\n\t\t<td style=\"background-color: #DDDDDD; text-align: center; \"><b>5<\/b><\/td>\n\t\t<td style=\"padding-left: 8px;\">wkl\u0119s\u0142oryty<\/td>\n\t<\/tr>\n\t<tr>\n\t\t<td style=\"background-color: #DDDDDD; text-align: center; \"><b>6<\/b><\/td>\n<td style=\"padding-left: 8px;\">&#8211;<\/td>\n\t<\/tr>\n<tr>\n\t\t<td style=\"background-color: #DDDDDD; text-align: center; \"><b>7<\/b><\/td>\n<td style=\"padding-left: 8px;\"> uchwyt o kulistej ga\u0142ce<\/td>\n\t<\/tr>\n\t<tr>\n\t\t<td style=\"background-color: #DDDDDD; text-align: center; \"><b>7a<\/b><\/td>\n\t\t<td style=\"padding-left: 8px;\">71 mm<\/td>\n\t<\/tr>\n\t<tr>\n\t\t<td style=\"background-color: #DDDDDD; text-align: center; \"><b>7b<\/b><\/td>\n\t\t<td style=\"padding-left: 8px;\">63 mm <\/td>\n\t<\/tr>\n\t<tr>\n\t\t<td style=\"background-color: #DDDDDD; text-align: center; \"><b>7c<\/b><\/td>\n\t\t<td style=\"padding-left: 8px;\">8 mm<\/td>\n\t<\/tr>\n\t<tr>\n\t\t<td style=\"background-color: #DDDDDD; text-align: center; \"><b>8<\/b><\/td>\n<td style=\"padding-left: 8px;\">na ga\u0142ce uchwytu znacznik wytw\u00f3rcy m \/\/ W <\/td>\n\t<\/tr>\n\t<tr>\n\t\t<td style=\"background-color: #DDDDDD; text-align: center; \"><b>9a<\/b><\/td>\n\t\t<td style=\"padding-left: 8px;\">majusku\u0142a<\/td>\n\t<\/tr>\n\t<tr>\n\t\t<td style=\"background-color: #DDDDDD; text-align: center; \"><b>9b<\/b><\/td>\n<td style=\"padding-left: 8px;\"><br> w otoku: <b><big>\u2022<\/big> URZ\u0104D MIEJSKI W MI\u0118DZYCHODZIE <big><\/big><\/b><br><br><\/td> \n\t<\/tr>\n\t<tr>\n\t\t<td style=\"background-color: #DDDDDD; text-align: center; \"><b>10<\/b><\/td>\n<td style=\"padding-left: 8px;\"> W polu piecz\u0119ci, oddzielonym od pola legendy obrze\u017ceniem ci\u0105g\u0142ym, wizerunek or\u0142a, ustalony dla god\u0142a herbu Polskiej Rzeczypospolitej Ludowej w 1955 r. Na zewn\u0105trz, wok\u00f3\u0142 pola legendy, pojedyncze obrze\u017cenie ci\u0105g\u0142e <\/td>\n<\/tr>\n\t<tr>\n\t\t<td style=\"background-color: #DDDDDD; text-align: center; \"><b>11<\/b><\/td>\n<td style=\"padding-left: 8px;\">&#8211;<\/td>\n\t<\/tr>\n\t<tr>\n<td style=\"background-color: #DDDDDD; text-align: center; \"><b>12<\/b><\/td>\n<td style=\"padding-left: 8px;\">na odwrocie matrycy nr ewidencyjny 374 723, sygnatura grawerska M. 72.<\/td>\n\t<\/tr>\n<\/tbody><\/table>\n\n\n\n<p class=\"has-small-font-size\"> <a rel=\"noreferrer noopener\" href=\"http:\/\/sigillarium.pl\/index.php\/legenda-do-opisu-tloka-pieczetnego\/\" target=\"_blank\">Legenda<\/a> <\/p>\n<\/div>\n<\/div>\n\n\n\n<hr class=\"wp-block-separator has-alpha-channel-opacity\"\/>\n\n\n\n<div class=\"wp-block-columns is-layout-flex wp-container-core-columns-is-layout-9d6595d7 wp-block-columns-is-layout-flex\">\n<div class=\"wp-block-column is-layout-flow wp-block-column-is-layout-flow\" style=\"flex-basis:4.9%\"><\/div>\n\n\n\n<div class=\"wp-block-column is-vertically-aligned-center is-layout-flow wp-block-column-is-layout-flow\" style=\"flex-basis:22.9%\">\n<figure class=\"wp-block-gallery aligncenter has-nested-images columns-default is-cropped wp-block-gallery-22 is-layout-flex wp-block-gallery-is-layout-flex\">\n<figure class=\"wp-block-image size-full is-style-default\"><a href=\"https:\/\/sigillarium.pl\/wp-content\/uploads\/2025\/10\/Mrozy_liceum_Ogolnoksztalcace_pieczec-2.jpg\"><img loading=\"lazy\" decoding=\"async\" width=\"645\" height=\"636\" data-id=\"37170\" src=\"https:\/\/sigillarium.pl\/wp-content\/uploads\/2025\/10\/Mrozy_liceum_Ogolnoksztalcace_pieczec-2.jpg\" alt=\"\" class=\"wp-image-37170\" srcset=\"https:\/\/sigillarium.pl\/wp-content\/uploads\/2025\/10\/Mrozy_liceum_Ogolnoksztalcace_pieczec-2.jpg 645w, https:\/\/sigillarium.pl\/wp-content\/uploads\/2025\/10\/Mrozy_liceum_Ogolnoksztalcace_pieczec-2-300x296.jpg 300w\" sizes=\"auto, (max-width: 645px) 100vw, 645px\" \/><\/a><\/figure>\n<\/figure>\n<\/div>\n\n\n\n<div class=\"wp-block-column is-layout-flow wp-block-column-is-layout-flow\" style=\"flex-basis:0.9%\"><\/div>\n\n\n\n<div class=\"wp-block-column is-vertically-aligned-center is-layout-flow wp-block-column-is-layout-flow\" style=\"flex-basis:22.9%\"><div class=\"wp-block-image is-resized\">\n<figure class=\"aligncenter size-full\"><img loading=\"lazy\" decoding=\"async\" width=\"1212\" height=\"2560\" src=\"https:\/\/sigillarium.pl\/wp-content\/uploads\/2025\/10\/Mrozy_liceum_Ogolnoksztalcace_uchwyt_pieczec-scaled.jpg\" alt=\"\" class=\"wp-image-36968\" style=\"width:170px\" srcset=\"https:\/\/sigillarium.pl\/wp-content\/uploads\/2025\/10\/Mrozy_liceum_Ogolnoksztalcace_uchwyt_pieczec-scaled.jpg 1212w, https:\/\/sigillarium.pl\/wp-content\/uploads\/2025\/10\/Mrozy_liceum_Ogolnoksztalcace_uchwyt_pieczec-142x300.jpg 142w, https:\/\/sigillarium.pl\/wp-content\/uploads\/2025\/10\/Mrozy_liceum_Ogolnoksztalcace_uchwyt_pieczec-485x1024.jpg 485w, https:\/\/sigillarium.pl\/wp-content\/uploads\/2025\/10\/Mrozy_liceum_Ogolnoksztalcace_uchwyt_pieczec-768x1622.jpg 768w, https:\/\/sigillarium.pl\/wp-content\/uploads\/2025\/10\/Mrozy_liceum_Ogolnoksztalcace_uchwyt_pieczec-727x1536.jpg 727w, https:\/\/sigillarium.pl\/wp-content\/uploads\/2025\/10\/Mrozy_liceum_Ogolnoksztalcace_uchwyt_pieczec-970x2048.jpg 970w\" sizes=\"auto, (max-width: 1212px) 100vw, 1212px\" \/><\/figure>\n<\/div><\/div>\n\n\n\n<div class=\"wp-block-column is-layout-flow wp-block-column-is-layout-flow\" style=\"flex-basis:0.4%\"><\/div>\n\n\n\n<div class=\"wp-block-column is-layout-flow wp-block-column-is-layout-flow\" style=\"flex-basis:48%\">\n<style> td {font-size: 11px; color: black; font-family: Arial;} <\/style>\n<table style=\"width: 500px; height: 150px;\">\n\t<tbody><tr>\n\t\t<td style=\"background-color: #DDDDDD; width:6%; text-align: center; \"><b>1<\/b><\/td>\n\t\t<td style=\"padding-left: 8px;\">kolekcja prywatna<\/td>\n\t<\/tr>\n\t<tr>\n\t\t<td style=\"background-color: #DDDDDD; text-align: center; \"><b>2<\/b><\/td>\n<td style=\"background-color: #FFFF99; white-space: nowrap; padding-left: 8px;\"><b><big><big> <a href=\"https:\/\/pl.wikipedia.org\/wiki\/Mrozy\">MROZY<\/a> <\/big><\/big><br><big> Liceum Og\u00f3lnokszta\u0142c\u0105ce<\/big><\/b><\/td>\n\t<\/tr>\n\t<tr>\n\t\t<td style=\"background-color: #DDDDDD; text-align: center; \"><b>3a<\/b><\/td>\n\t\t<td style=\"padding-left: 8px;\">mosi\u0105dz<\/td>\n\t<\/tr>\n\t<tr>\n\t\t<td style=\"background-color: #DDDDDD; text-align: center; \"><b>3b<\/b><\/td>\n\t\t<td style=\"padding-left: 8px;\"> drewno <\/td>\n\t<\/tr>\n\t<tr>\n\t\t<td style=\"background-color: #DDDDDD; text-align: center; \"><b>4<\/b><\/td>\n\t\t<td style=\"padding-left: 8px;\">okr\u0105g\u0142a \u00d8 36 mm<\/td>\n\t<\/tr>\n\t<tr>\n\t\t<td style=\"background-color: #DDDDDD; text-align: center; \"><b>5<\/b><\/td>\n\t\t<td style=\"padding-left: 8px;\">wypuk\u0142oryty<\/td>\n\t<\/tr>\n\t<tr>\n\t\t<td style=\"background-color: #DDDDDD; text-align: center; \"><b>6<\/b><\/td>\n<td style=\"padding-left: 8px;\"> na rancie matrycy numer grawera 47 <\/td>\n\t<\/tr>\n<tr>\n\t\t<td style=\"background-color: #DDDDDD; text-align: center; \"><b>7<\/b><\/td>\n<td style=\"padding-left: 8px;\">uchwyt toczony o kulistej ga\u0142ce<\/td>\n\t<\/tr>\n\t<tr>\n\t\t<td style=\"background-color: #DDDDDD; text-align: center; \"><b>7a<\/b><\/td>\n\t\t<td style=\"padding-left: 8px;\">99 mm<\/td>\n\t<\/tr>\n\t<tr>\n\t\t<td style=\"background-color: #DDDDDD; text-align: center; \"><b>7b<\/b><\/td>\n\t\t<td style=\"padding-left: 8px;\">90 mm, w tym skuwka 8 mm (\u00d8 16 mm)<\/td>\n\t<\/tr>\n\t<tr>\n\t\t<td style=\"background-color: #DDDDDD; text-align: center; \"><b>7c<\/b><\/td>\n\t\t<td style=\"padding-left: 8px;\">9 mm<\/td>\n\t<\/tr>\n\t<tr>\n\t\t<td style=\"background-color: #DDDDDD; text-align: center; \"><b>8<\/b><\/td>\n<td style=\"padding-left: 8px;\"> na ga\u0142ce uchwytu znacznik prawid\u0142owego ustawienia t\u0142oka <\/td>\n\t<\/tr>\n\t<tr>\n\t\t<td style=\"background-color: #DDDDDD; text-align: center; \"><b>9a<\/b><\/td>\n\t\t<td style=\"padding-left: 8px;\">majusku\u0142a<\/td>\n\t<\/tr>\n\t<tr>\n\t\t<td style=\"background-color: #DDDDDD; text-align: center; \"><b>9b<\/b><\/td>\n<td style=\"padding-left: 8px;\"><br> w p\u00f3\u0142otoku g\u00f3rnym:  <b><big><\/big>* LICEUM OG\u00d3LNOKSZTA\u0141C\u0104CE * <\/b><br>w p\u00f3\u0142otoku dolnym:<b> W MROZACH <br><br><\/b><\/td> \n\t<\/tr>\n\t<tr>\n\t\t<td style=\"background-color: #DDDDDD; text-align: center; \"><b>10<\/b><\/td>\n<td style=\"padding-left: 8px;\"> W polu piecz\u0119ci, oddzielonym od pola legendy pojedynczym obrze\u017ceniem ci\u0105g\u0142ym, wizerunek or\u0142a w koronie, ustalony dla god\u0142a herbu Rzeczypospolitej Polskiej w 1927 r., uszczerbiony w Mennicy przez odj\u0119cie korony. Na zewn\u0105trz, wok\u00f3\u0142 pola legendy, pojedyncze obrze\u017cenie ci\u0105g\u0142e. <\/td>\n<\/tr>\n\t<tr>\n\t\t<td style=\"background-color: #DDDDDD; text-align: center; \"><b>11<\/b><\/td>\n<td style=\"padding-left: 8px;\">&#8211;<\/td>\n\t<\/tr>\n\t<tr>\n<td style=\"background-color: #DDDDDD; text-align: center; \"><b>12<\/b><\/td>\n<td style=\"padding-left: 8px;\">Na odwrociu matrycy nr ewidencyjny 158 310 <\/td>\n\t<\/tr>\n<\/tbody><\/table>\n\n\n\n<p class=\"has-small-font-size\"> <a rel=\"noreferrer noopener\" href=\"http:\/\/sigillarium.pl\/index.php\/legenda-do-opisu-tloka-pieczetnego\/\" target=\"_blank\">Legenda<\/a> <\/p>\n<\/div>\n<\/div>\n\n\n\n<hr class=\"wp-block-separator has-alpha-channel-opacity\"\/>\n\n\n\n<div class=\"wp-block-columns is-layout-flex wp-container-core-columns-is-layout-9d6595d7 wp-block-columns-is-layout-flex\">\n<div class=\"wp-block-column is-layout-flow wp-block-column-is-layout-flow\" style=\"flex-basis:4.9%\"><\/div>\n\n\n\n<div class=\"wp-block-column is-vertically-aligned-center is-layout-flow wp-block-column-is-layout-flow\" style=\"flex-basis:22.9%\">\n<figure class=\"wp-block-gallery aligncenter has-nested-images columns-default is-cropped wp-block-gallery-23 is-layout-flex wp-block-gallery-is-layout-flex\">\n<figure class=\"wp-block-image size-full is-style-default\"><a href=\"https:\/\/sigillarium.pl\/wp-content\/uploads\/2025\/02\/Mszana-Dolna-Szkola-Podstawowa-nr-2-pieczec-seal-petschaft-siegel-sceau-cachet-sigillo-sigillarium.jpg\"><img loading=\"lazy\" decoding=\"async\" width=\"839\" height=\"839\" data-id=\"33675\" src=\"https:\/\/sigillarium.pl\/wp-content\/uploads\/2025\/02\/Mszana-Dolna-Szkola-Podstawowa-nr-2-pieczec-seal-petschaft-siegel-sceau-cachet-sigillo-sigillarium.jpg\" alt=\"\" class=\"wp-image-33675\" srcset=\"https:\/\/sigillarium.pl\/wp-content\/uploads\/2025\/02\/Mszana-Dolna-Szkola-Podstawowa-nr-2-pieczec-seal-petschaft-siegel-sceau-cachet-sigillo-sigillarium.jpg 839w, https:\/\/sigillarium.pl\/wp-content\/uploads\/2025\/02\/Mszana-Dolna-Szkola-Podstawowa-nr-2-pieczec-seal-petschaft-siegel-sceau-cachet-sigillo-sigillarium-300x300.jpg 300w, https:\/\/sigillarium.pl\/wp-content\/uploads\/2025\/02\/Mszana-Dolna-Szkola-Podstawowa-nr-2-pieczec-seal-petschaft-siegel-sceau-cachet-sigillo-sigillarium-150x150.jpg 150w, https:\/\/sigillarium.pl\/wp-content\/uploads\/2025\/02\/Mszana-Dolna-Szkola-Podstawowa-nr-2-pieczec-seal-petschaft-siegel-sceau-cachet-sigillo-sigillarium-768x768.jpg 768w\" sizes=\"auto, (max-width: 839px) 100vw, 839px\" \/><\/a><\/figure>\n<\/figure>\n<\/div>\n\n\n\n<div class=\"wp-block-column is-layout-flow wp-block-column-is-layout-flow\" style=\"flex-basis:0.9%\"><\/div>\n\n\n\n<div class=\"wp-block-column is-vertically-aligned-center is-layout-flow wp-block-column-is-layout-flow\" style=\"flex-basis:22.9%\"><div class=\"wp-block-image is-resized\">\n<figure class=\"aligncenter size-full\"><img loading=\"lazy\" decoding=\"async\" width=\"377\" height=\"948\" src=\"https:\/\/sigillarium.pl\/wp-content\/uploads\/2025\/02\/Mszana-Dolna-Szkola-Podstawowa-nr-2-pieczec-uchwyt-seal-petschaft-siegel-sceau-cachet-sigillo-sigillarium.jpg\" alt=\"\" class=\"wp-image-33676\" style=\"width:116px;height:auto\" srcset=\"https:\/\/sigillarium.pl\/wp-content\/uploads\/2025\/02\/Mszana-Dolna-Szkola-Podstawowa-nr-2-pieczec-uchwyt-seal-petschaft-siegel-sceau-cachet-sigillo-sigillarium.jpg 377w, https:\/\/sigillarium.pl\/wp-content\/uploads\/2025\/02\/Mszana-Dolna-Szkola-Podstawowa-nr-2-pieczec-uchwyt-seal-petschaft-siegel-sceau-cachet-sigillo-sigillarium-119x300.jpg 119w\" sizes=\"auto, (max-width: 377px) 100vw, 377px\" \/><\/figure>\n<\/div><\/div>\n\n\n\n<div class=\"wp-block-column is-layout-flow wp-block-column-is-layout-flow\" style=\"flex-basis:0.4%\"><\/div>\n\n\n\n<div class=\"wp-block-column is-layout-flow wp-block-column-is-layout-flow\" style=\"flex-basis:48%\">\n<style> td {font-size: 11px; color: black; font-family: Arial;} <\/style>\n<table style=\"width: 500px; height: 150px;\">\n\t<tbody><tr>\n\t\t<td style=\"background-color: #DDDDDD; width:6%; text-align: center; \"><b>1<\/b><\/td>\n\t\t<td style=\"padding-left: 8px;\">kolekcja prywatna<\/td>\n\t<\/tr>\n\t<tr>\n\t\t<td style=\"background-color: #DDDDDD; text-align: center; \"><b>2<\/b><\/td>\n<td style=\"background-color: #FFFF99; white-space: nowrap; padding-left: 8px;\"><b><big><big> <a href=\" https:\/\/pl.wikipedia.org\/wiki\/Mszana_Dolna \"> MSZANA DOLNA <\/a> <\/big><\/big><br><big> Szko\u0142a Podstawowa nr 2 <\/big><\/b><\/td>\n\t<\/tr>\n\t<tr>\n\t\t<td style=\"background-color: #DDDDDD; text-align: center; \"><b>3a<\/b><\/td>\n\t\t<td style=\"padding-left: 8px;\">mosi\u0105dz<\/td>\n\t<\/tr>\n\t<tr>\n\t\t<td style=\"background-color: #DDDDDD; text-align: center; \"><b>3b<\/b><\/td>\n\t\t<td style=\"padding-left: 8px;\">tworzywo sztuczne<\/td>\n\t<\/tr>\n\t<tr>\n\t\t<td style=\"background-color: #DDDDDD; text-align: center; \"><b>4<\/b><\/td>\n\t\t<td style=\"padding-left: 8px;\">okr\u0105g\u0142a \u00d8 20 mm<\/td>\n\t<\/tr>\n\t<tr>\n\t\t<td style=\"background-color: #DDDDDD; text-align: center; \"><b>5<\/b><\/td>\n\t\t<td style=\"padding-left: 8px;\">wypuk\u0142oryty<\/td>\n\t<\/tr>\n\t<tr>\n\t\t<td style=\"background-color: #DDDDDD; text-align: center; \"><b>6<\/b><\/td>\n<td style=\"padding-left: 8px;\"> na rancie matrycy numer ewidencyjny 273213 oraz numer grawera 13<\/td>\n\t<\/tr>\n<tr>\n\t\t<td style=\"background-color: #DDDDDD; text-align: center; \"><b>7<\/b><\/td>\n<td style=\"padding-left: 8px;\">uchwyt o kulistej ga\u0142ce, w kolorze czarnym<\/td>\n\t<\/tr>\n\t<tr>\n\t\t<td style=\"background-color: #DDDDDD; text-align: center; \"><b>7a<\/b><\/td>\n\t\t<td style=\"padding-left: 8px;\"> 73 mm<\/td>\n\t<\/tr>\n\t<tr>\n\t\t<td style=\"background-color: #DDDDDD; text-align: center; \"><b>7b<\/b><\/td>\n<td style=\"padding-left: 8px;\">64,5 mm <\/td>\n\t<\/tr>\n\t<tr>\n\t\t<td style=\"background-color: #DDDDDD; text-align: center; \"><b>7c<\/b><\/td>\n\t\t<td style=\"padding-left: 8px;\"> 8,5 mm<\/td>\n\t<\/tr>\n\t<tr>\n\t\t<td style=\"background-color: #DDDDDD; text-align: center; \"><b>8<\/b><\/td>\n<td style=\"padding-left: 8px;\"> na ga\u0142ce uchwytu znacznik prawid\u0142owego ustawienia t\u0142oka, na szczycie uchwytu sygnatura M <i>(ennica)<\/i>. P <i>(a\u0144stwowa)<\/i>.<\/td>\n\t<\/tr>\n\t<tr>\n\t\t<td style=\"background-color: #DDDDDD; text-align: center; \"><b>9a<\/b><\/td>\n\t\t<td style=\"padding-left: 8px;\">majusku\u0142a<\/td>\n\t<\/tr>\n\t<tr>\n\t\t<td style=\"background-color: #DDDDDD; text-align: center; \"><b>9b<\/b><\/td>\n<td style=\"padding-left: 8px;\"> <br>w p\u00f3\u0142otoku g\u00f3rnym:  <b> * SZKO\u0141A PODSTAWOWA N <i>(ume)<\/i> R. 2 *<\/b><br> w p\u00f3\u0142otoku dolnym: <b>W MSZANIE DOLNEJ<\/b><br><br><\/td> \n<\/tr>\n\t<tr>\t\n\t\t<td style=\"background-color: #DDDDDD; text-align: center; \"><b>10<\/b><\/td>\n<td style=\"padding-left: 8px;\"> W polu piecz\u0119ci, oddzielonym od pola legendy pojedynczym obrze\u017ceniem ci\u0105g\u0142ym, wizerunek or\u0142a ustalony dla god\u0142a herbu Polskiej Rzeczypospolitej Ludowej w 1955 r. Na zewn\u0105trz, wok\u00f3\u0142 pola legendy, pojedyncze obrze\u017cenie ci\u0105g\u0142e.<\/td>\n<\/tr>\n\t<tr>\n\t\t<td style=\"background-color: #DDDDDD; text-align: center; \"><b>11<\/b><\/td>\n<td style=\"padding-left: 8px;\">&#8211;<\/td>\n\t<\/tr>\n\t<tr>\n\t\t<td style=\"background-color: #DDDDDD; text-align: center; \"><b>12<\/b><\/td>\n<td style=\"padding-left: 8px;\">&#8211; <\/td>\n\t<\/tr>\n<\/tbody><\/table>\n\n\n\n<p class=\"has-small-font-size\"> <a rel=\"noreferrer noopener\" href=\"http:\/\/sigillarium.pl\/index.php\/legenda-do-opisu-tloka-pieczetnego\/\" target=\"_blank\">Legenda<\/a> <\/p>\n<\/div>\n<\/div>\n\n\n\n<hr class=\"wp-block-separator has-alpha-channel-opacity\"\/>\n\n\n\n<div class=\"wp-block-columns is-layout-flex wp-container-core-columns-is-layout-9d6595d7 wp-block-columns-is-layout-flex\">\n<div class=\"wp-block-column is-layout-flow wp-block-column-is-layout-flow\" style=\"flex-basis:4.9%\"><\/div>\n\n\n\n<div class=\"wp-block-column is-vertically-aligned-center is-layout-flow wp-block-column-is-layout-flow\" style=\"flex-basis:22.9%\">\n<figure class=\"wp-block-gallery aligncenter has-nested-images columns-default is-cropped wp-block-gallery-24 is-layout-flex wp-block-gallery-is-layout-flex\">\n<figure class=\"wp-block-image size-full is-style-default\"><a href=\"https:\/\/sigillarium.pl\/wp-content\/uploads\/2025\/06\/Nikodemowo_publiczna-_szkola_powszechna_pieczec.jpg\"><img loading=\"lazy\" decoding=\"async\" width=\"720\" height=\"720\" data-id=\"35780\" src=\"https:\/\/sigillarium.pl\/wp-content\/uploads\/2025\/06\/Nikodemowo_publiczna-_szkola_powszechna_pieczec.jpg\" alt=\"\" class=\"wp-image-35780\" srcset=\"https:\/\/sigillarium.pl\/wp-content\/uploads\/2025\/06\/Nikodemowo_publiczna-_szkola_powszechna_pieczec.jpg 720w, https:\/\/sigillarium.pl\/wp-content\/uploads\/2025\/06\/Nikodemowo_publiczna-_szkola_powszechna_pieczec-300x300.jpg 300w, https:\/\/sigillarium.pl\/wp-content\/uploads\/2025\/06\/Nikodemowo_publiczna-_szkola_powszechna_pieczec-150x150.jpg 150w\" sizes=\"auto, (max-width: 720px) 100vw, 720px\" \/><\/a><\/figure>\n<\/figure>\n<\/div>\n\n\n\n<div class=\"wp-block-column is-layout-flow wp-block-column-is-layout-flow\" style=\"flex-basis:0.9%\"><\/div>\n\n\n\n<div class=\"wp-block-column is-vertically-aligned-center is-layout-flow wp-block-column-is-layout-flow\" style=\"flex-basis:22.9%\"><div class=\"wp-block-image is-resized\">\n<figure class=\"aligncenter size-full\"><img loading=\"lazy\" decoding=\"async\" width=\"1054\" height=\"2475\" src=\"https:\/\/sigillarium.pl\/wp-content\/uploads\/2025\/06\/Nikodemowo_publiczna_szkola_powszechna_uchwyt.jpg\" alt=\"\" class=\"wp-image-35781\" style=\"width:147px;height:auto\" srcset=\"https:\/\/sigillarium.pl\/wp-content\/uploads\/2025\/06\/Nikodemowo_publiczna_szkola_powszechna_uchwyt.jpg 1054w, https:\/\/sigillarium.pl\/wp-content\/uploads\/2025\/06\/Nikodemowo_publiczna_szkola_powszechna_uchwyt-128x300.jpg 128w, https:\/\/sigillarium.pl\/wp-content\/uploads\/2025\/06\/Nikodemowo_publiczna_szkola_powszechna_uchwyt-436x1024.jpg 436w, https:\/\/sigillarium.pl\/wp-content\/uploads\/2025\/06\/Nikodemowo_publiczna_szkola_powszechna_uchwyt-768x1803.jpg 768w, https:\/\/sigillarium.pl\/wp-content\/uploads\/2025\/06\/Nikodemowo_publiczna_szkola_powszechna_uchwyt-654x1536.jpg 654w, https:\/\/sigillarium.pl\/wp-content\/uploads\/2025\/06\/Nikodemowo_publiczna_szkola_powszechna_uchwyt-872x2048.jpg 872w\" sizes=\"auto, (max-width: 1054px) 100vw, 1054px\" \/><\/figure>\n<\/div><\/div>\n\n\n\n<div class=\"wp-block-column is-layout-flow wp-block-column-is-layout-flow\" style=\"flex-basis:0.4%\"><\/div>\n\n\n\n<div class=\"wp-block-column is-layout-flow wp-block-column-is-layout-flow\" style=\"flex-basis:48%\">\n<style> td {font-size: 11px; color: black; font-family: Arial;} <\/style>\n<table style=\"width: 500px; height: 150px;\">\n\t<tbody><tr>\n\t\t<td style=\"background-color: #DDDDDD; width:6%; text-align: center; \"><b>1<\/b><\/td>\n\t\t<td style=\"padding-left: 8px;\">kolekcja prywatna<\/td>\n\t<\/tr>\n\t<tr>\n\t\t<td style=\"background-color: #DDDDDD; text-align: center; \"><b>2<\/b><\/td>\n<td style=\"background-color: #FFFF99; white-space: nowrap; padding-left: 8px;\"><b><big><big><a href=\"https:\/\/pl.wikipedia.org\/wiki\/Nikodem%C3%B3w\">NIKODEM\u00d3W<\/a><\/big><\/big><br><big>Publiczna Szko\u0142a Powszechna<\/big><\/b><\/td>\n\t<\/tr>\n\t<tr>\n\t\t<td style=\"background-color: #DDDDDD; text-align: center; \"><b>3a<\/b><\/td>\n\t\t<td style=\"padding-left: 8px;\">mosi\u0105dz<\/td>\n\t<\/tr>\n\t<tr>\n\t\t<td style=\"background-color: #DDDDDD; text-align: center; \"><b>3b<\/b><\/td>\n\t\t<td style=\"padding-left: 8px;\">drewno <\/td>\n\t<\/tr>\n\t<tr>\n\t\t<td style=\"background-color: #DDDDDD; text-align: center; \"><b>4<\/b><\/td>\n\t\t<td style=\"padding-left: 8px;\">okr\u0105g\u0142a \u00d8 36 mm<\/td>\n\t<\/tr>\n\t<tr>\n\t\t<td style=\"background-color: #DDDDDD; text-align: center; \"><b>5<\/b><\/td>\n\t\t<td style=\"padding-left: 8px;\">wypuk\u0142oryty<\/td>\n\t<\/tr>\n\t<tr>\n\t\t<td style=\"background-color: #DDDDDD; text-align: center; \"><b>6<\/b><\/td>\n<td style=\"padding-left: 8px;\">na rancie numer grawera 2<\/td>\n\t<\/tr>\n<tr>\n\t\t<td style=\"background-color: #DDDDDD; text-align: center; \"><b>7<\/b><\/td>\n<td style=\"padding-left: 8px;\"> uchwyt toczony o kulistej ga\u0142ce<\/td>\n\t<\/tr>\n\t<tr>\n\t\t<td style=\"background-color: #DDDDDD; text-align: center; \"><b>7a<\/b><\/td>\n\t\t<td style=\"padding-left: 8px;\">99 mm<\/td>\n\t<\/tr>\n\t<tr>\n\t\t<td style=\"background-color: #DDDDDD; text-align: center; \"><b>7b<\/b><\/td>\n\t\t<td style=\"padding-left: 8px;\">86 mm, w tym skuwka 8 mm ( \u00d8 16 mm )<\/td>\n\t<\/tr>\n\t<tr>\n\t\t<td style=\"background-color: #DDDDDD; text-align: center; \"><b>7c<\/b><\/td>\n\t\t<td style=\"padding-left: 8px;\">13 mm<\/td>\n\t<\/tr>\n\t<tr>\n\t\t<td style=\"background-color: #DDDDDD; text-align: center; \"><b>8<\/b><\/td>\n<td style=\"padding-left: 8px;\">na uchwycie znacznik prawid\u0142owego ustawienia t\u0142oka<\/td>\n\t<\/tr>\n\t<tr>\n\t\t<td style=\"background-color: #DDDDDD; text-align: center; \"><b>9a<\/b><\/td>\n\t\t<td style=\"padding-left: 8px;\">majusku\u0142a<\/td>\n\t<\/tr>\n\t<tr>\n\t\t<td style=\"background-color: #DDDDDD; text-align: center; \"><b>9b<\/b><\/td>\n<td style=\"padding-left: 8px;\"><br> w otoku:<b> * PUBL <i>(iczna)<\/i> SZKO\u0141A  POWSZ <i>(echna)<\/i> * \/\/ W NIKODEMOWIE <br><br><\/b><\/td> \n\t<\/tr>\n\t<tr>\n\t\t<td style=\"background-color: #DDDDDD; text-align: center; \"><b>10<\/b><\/td>\n<td style=\"padding-left: 8px;\"> W polu piecz\u0119ci, oddzielonym od pola legendy pojedy\u0144czym obrze\u017ceniem ci\u0105g\u0142ym, wizerunek or\u0142a w koronie, ustalony dla god\u0142a herbu Rzeczypospolitej Polskiej w 1927 r.,uszczerbiony w Mennicy przez odj\u0119cie korony. Na zewn\u0105trz, wok\u00f3\u0142 pola legendy, pojedyncze obrze\u017cenie ci\u0105g\u0142e. <br><br><\/td>\n<\/tr>\n\t<tr>\n\t\t<td style=\"background-color: #DDDDDD; text-align: center; \"><b>11<\/b><\/td>\n<td style=\"padding-left: 8px;\">&#8211;<\/td>\n\t<\/tr>\n\t<tr>\n<td style=\"background-color: #DDDDDD; text-align: center; \"><b>12<\/b><\/td>\n<td style=\"padding-left: 8px;\"> na odwrociu matrycy numer ewidencyjny 40 337, sygnatura wytw\u00f3rcy: orze\u0142 i herb Ko\u015bciesza, mi\u0119dzy nimi napis: MENNICA \/\/ PA\u0143STWOWA <\/td>\n\t<\/tr>\n<\/tbody><\/table>\n\n\n\n<p class=\"has-small-font-size\"> <a rel=\"noreferrer noopener\" href=\"http:\/\/sigillarium.pl\/index.php\/legenda-do-opisu-tloka-pieczetnego\/\" target=\"_blank\">Legenda<\/a> <\/p>\n<\/div>\n<\/div>\n\n\n\n<hr class=\"wp-block-separator has-css-opacity\"\/>\n\n\n\n<div class=\"wp-block-columns is-layout-flex wp-container-core-columns-is-layout-9d6595d7 wp-block-columns-is-layout-flex\">\n<div class=\"wp-block-column is-layout-flow wp-block-column-is-layout-flow\" style=\"flex-basis:4.9%\"><\/div>\n\n\n\n<div class=\"wp-block-column is-vertically-aligned-center is-layout-flow wp-block-column-is-layout-flow\" style=\"flex-basis:22.9%\">\n<figure class=\"wp-block-gallery aligncenter has-nested-images columns-default is-cropped wp-block-gallery-25 is-layout-flex wp-block-gallery-is-layout-flex\">\n<figure class=\"wp-block-image size-full is-style-default\"><a href=\"https:\/\/sigillarium.pl\/wp-content\/uploads\/2022\/02\/Nosarzewo-Borowe-Szkola-Podstawowa-pieczec-seal-petschaft-siegel-sceau.jpg.jpg\"><img loading=\"lazy\" decoding=\"async\" width=\"916\" height=\"918\" data-id=\"19419\" src=\"https:\/\/sigillarium.pl\/wp-content\/uploads\/2022\/02\/Nosarzewo-Borowe-Szkola-Podstawowa-pieczec-seal-petschaft-siegel-sceau.jpg.jpg\" alt=\"\" class=\"wp-image-19419\" srcset=\"https:\/\/sigillarium.pl\/wp-content\/uploads\/2022\/02\/Nosarzewo-Borowe-Szkola-Podstawowa-pieczec-seal-petschaft-siegel-sceau.jpg.jpg 916w, https:\/\/sigillarium.pl\/wp-content\/uploads\/2022\/02\/Nosarzewo-Borowe-Szkola-Podstawowa-pieczec-seal-petschaft-siegel-sceau.jpg-300x300.jpg 300w, https:\/\/sigillarium.pl\/wp-content\/uploads\/2022\/02\/Nosarzewo-Borowe-Szkola-Podstawowa-pieczec-seal-petschaft-siegel-sceau.jpg-150x150.jpg 150w, https:\/\/sigillarium.pl\/wp-content\/uploads\/2022\/02\/Nosarzewo-Borowe-Szkola-Podstawowa-pieczec-seal-petschaft-siegel-sceau.jpg-768x770.jpg 768w\" sizes=\"auto, (max-width: 916px) 100vw, 916px\" \/><\/a><\/figure>\n<\/figure>\n<\/div>\n\n\n\n<div class=\"wp-block-column is-layout-flow wp-block-column-is-layout-flow\" style=\"flex-basis:0.9%\"><\/div>\n\n\n\n<div class=\"wp-block-column is-vertically-aligned-center is-layout-flow wp-block-column-is-layout-flow\" style=\"flex-basis:22.9%\"><div class=\"wp-block-image is-resized\">\n<figure class=\"aligncenter size-full\"><img loading=\"lazy\" decoding=\"async\" width=\"338\" height=\"758\" src=\"https:\/\/sigillarium.pl\/wp-content\/uploads\/2022\/02\/Nosarzewo-Borowe-Szkola-Podstawowa-uchwyt-seal-petschaft-siegel-sceau.jpg.jpg\" alt=\"\" class=\"wp-image-19420\" style=\"width:158px;height:auto\" srcset=\"https:\/\/sigillarium.pl\/wp-content\/uploads\/2022\/02\/Nosarzewo-Borowe-Szkola-Podstawowa-uchwyt-seal-petschaft-siegel-sceau.jpg.jpg 338w, https:\/\/sigillarium.pl\/wp-content\/uploads\/2022\/02\/Nosarzewo-Borowe-Szkola-Podstawowa-uchwyt-seal-petschaft-siegel-sceau.jpg-134x300.jpg 134w\" sizes=\"auto, (max-width: 338px) 100vw, 338px\" \/><\/figure>\n<\/div><\/div>\n\n\n\n<div class=\"wp-block-column is-layout-flow wp-block-column-is-layout-flow\" style=\"flex-basis:0.4%\"><\/div>\n\n\n\n<div class=\"wp-block-column is-layout-flow wp-block-column-is-layout-flow\" style=\"flex-basis:48%\">\n<style> td {font-size: 11px; color: black; font-family: Arial;} <\/style>\n<table style=\"width: 500px; height: 150px;\">\n\t<tbody><tr>\n\t\t<td style=\"background-color: #DDDDDD; width:6%; text-align: center; \"><b>1<\/b><\/td>\n\t\t<td style=\"padding-left: 8px;\">kolekcja prywatna<\/td>\n\t<\/tr>\n\t<tr>\n\t\t<td style=\"background-color: #DDDDDD; text-align: center; \"><b>2<\/b><\/td>\n<td style=\"background-color: #FFFF99; white-space: nowrap; padding-left: 8px;\"><b><big><big><a href=\"https:\/\/pl.wikipedia.org\/wiki\/Nosarzewo_Borowe\">NOSARZEWO BOROWE<\/a><\/big><\/big><\/b><br><big><b>Szko\u0142a Podstawowa<\/b><\/big><\/td>\n\t<\/tr>\n\t<tr>\n\t\t<td style=\"background-color: #DDDDDD; text-align: center; \"><b>3a<\/b><\/td>\n\t\t<td style=\"padding-left: 8px;\">mosi\u0105dz<\/td>\n\t<\/tr>\n\t<tr>\n\t\t<td style=\"background-color: #DDDDDD; text-align: center; \"><b>3b<\/b><\/td>\n\t\t<td style=\"padding-left: 8px;\">drewno<\/td>\n\t<\/tr>\n\t<tr>\n\t\t<td style=\"background-color: #DDDDDD; text-align: center; \"><b>4<\/b><\/td>\n\t\t<td style=\"padding-left: 8px;\">okr\u0105g\u0142a \u00d8 36 mm<\/td>\n\t<\/tr>\n\t<tr>\n\t\t<td style=\"background-color: #DDDDDD; text-align: center; \"><b>5<\/b><\/td>\n\t\t<td style=\"padding-left: 8px;\">wypuk\u0142oryty<\/td>\n\t<\/tr>\n\t<tr>\n\t\t<td style=\"background-color: #DDDDDD; text-align: center; \"><b>6<\/b><\/td>\n<td style=\"padding-left: 8px;\">&#8211;<\/td>\n\t<\/tr>\n<tr>\n\t\t<td style=\"background-color: #DDDDDD; text-align: center; \"><b>7<\/b><\/td>\n<td style=\"padding-left: 8px;\">uchwyt o kulistej ga\u0142ce<\/td>\n\t<\/tr>\n\t<tr>\n\t\t<td style=\"background-color: #DDDDDD; text-align: center; \"><b>7a<\/b><\/td>\n\t\t<td style=\"padding-left: 8px;\">100 mm<\/td>\n\t<\/tr>\n\t<tr>\n\t\t<td style=\"background-color: #DDDDDD; text-align: center; \"><b>7b<\/b><\/td>\n\t\t<td style=\"padding-left: 8px;\">91 mm<\/td>\n\t<\/tr>\n\t<tr>\n\t\t<td style=\"background-color: #DDDDDD; text-align: center; \"><b>7c<\/b><\/td>\n\t\t<td style=\"padding-left: 8px;\">9 mm<\/td>\n\t<\/tr>\n\t<tr>\n\t\t<td style=\"background-color: #DDDDDD; text-align: center; \"><b>8<\/b><\/td>\n<td style=\"padding-left: 8px;\">na ga\u0142ce uchwytu znacznik prawid\u0142owego ustawienia t\u0142oka<\/td>\n\t<\/tr>\n\t<tr>\n\t\t<td style=\"background-color: #DDDDDD; text-align: center; \"><b>9a<\/b><\/td>\n\t\t<td style=\"padding-left: 8px;\">majusku\u0142a<\/td>\n\t<\/tr>\n\t<tr>\n\t\t<td style=\"background-color: #DDDDDD; text-align: center; \"><b>9b<\/b><\/td>\n<td style=\"padding-left: 8px;\"><br> w p\u00f3\u0142otoku g\u00f3rnym:  <b>* SZKO\u0141A PODSTAWOWA * <br><\/b> w p\u00f3\u0142otoku dolnym: <b>W NOSARZEWIE BOROWYM<\/b><br><br><\/td> \n\t<\/tr>\n\t<tr>\n\t\t<td style=\"background-color: #DDDDDD; text-align: center; \"><b>10<\/b><\/td>\n<td style=\"padding-left: 8px;\"> W polu piecz\u0119ci, oddzielonym od pola legendy obrze\u017ceniem ci\u0105g\u0142ym, wizerunek or\u0142a, ustalony dla god\u0142a herbu Polskiej Rzeczypospolitej Ludowej w 1955 r. Na zewn\u0105trz, wok\u00f3\u0142 pola legendy, pojedyncze obrze\u017cenie ci\u0105g\u0142e. <\/td>\n<\/tr>\n\t<tr>\n\t\t<td style=\"background-color: #DDDDDD; text-align: center; \"><b>11<\/b><\/td>\n<td style=\"padding-left: 8px;\">&#8211;<\/td>\n\t<\/tr>\n\t<tr>\n\t\t<td style=\"background-color: #DDDDDD; text-align: center; \"><b>12<\/b><\/td>\n<td style=\"padding-left: 8px;\"> na odwrocie matrycy numer ewidencyjny 214 589, numer grawera 26 <\/td>\n\t<\/tr>\n<\/tbody><\/table>\n\n\n\n<p class=\"has-small-font-size\"> <a rel=\"noreferrer noopener\" href=\"http:\/\/sigillarium.pl\/index.php\/legenda-do-opisu-tloka-pieczetnego\/\" target=\"_blank\">Legenda<\/a> <\/p>\n<\/div>\n<\/div>\n\n\n\n<hr class=\"wp-block-separator has-css-opacity\"\/>\n\n\n\n<div class=\"wp-block-columns is-layout-flex wp-container-core-columns-is-layout-9d6595d7 wp-block-columns-is-layout-flex\">\n<div class=\"wp-block-column is-layout-flow wp-block-column-is-layout-flow\" style=\"flex-basis:5%\"><\/div>\n\n\n\n<div class=\"wp-block-column is-vertically-aligned-center is-layout-flow wp-block-column-is-layout-flow\" style=\"flex-basis:23%\">\n<figure class=\"wp-block-gallery aligncenter has-nested-images columns-default is-cropped wp-block-gallery-26 is-layout-flex wp-block-gallery-is-layout-flex\">\n<figure class=\"wp-block-image size-large is-style-default\"><a href=\"https:\/\/sigillarium.pl\/wp-content\/uploads\/2023\/05\/Dzikow-Nowy-Szkola-Podstawowa-pieczec-seal-petschaft-siegel-sceau-sigillarium.jpg.jpg\"><img loading=\"lazy\" decoding=\"async\" width=\"1024\" height=\"1017\" data-id=\"26011\" src=\"https:\/\/sigillarium.pl\/wp-content\/uploads\/2023\/05\/Dzikow-Nowy-Szkola-Podstawowa-pieczec-seal-petschaft-siegel-sceau-sigillarium.jpg-1024x1017.jpg\" alt=\"\" class=\"wp-image-26011\" srcset=\"https:\/\/sigillarium.pl\/wp-content\/uploads\/2023\/05\/Dzikow-Nowy-Szkola-Podstawowa-pieczec-seal-petschaft-siegel-sceau-sigillarium.jpg-1024x1017.jpg 1024w, https:\/\/sigillarium.pl\/wp-content\/uploads\/2023\/05\/Dzikow-Nowy-Szkola-Podstawowa-pieczec-seal-petschaft-siegel-sceau-sigillarium.jpg-300x298.jpg 300w, https:\/\/sigillarium.pl\/wp-content\/uploads\/2023\/05\/Dzikow-Nowy-Szkola-Podstawowa-pieczec-seal-petschaft-siegel-sceau-sigillarium.jpg-150x150.jpg 150w, https:\/\/sigillarium.pl\/wp-content\/uploads\/2023\/05\/Dzikow-Nowy-Szkola-Podstawowa-pieczec-seal-petschaft-siegel-sceau-sigillarium.jpg-768x763.jpg 768w, https:\/\/sigillarium.pl\/wp-content\/uploads\/2023\/05\/Dzikow-Nowy-Szkola-Podstawowa-pieczec-seal-petschaft-siegel-sceau-sigillarium.jpg.jpg 1122w\" sizes=\"auto, (max-width: 1024px) 100vw, 1024px\" \/><\/a><\/figure>\n<\/figure>\n<\/div>\n\n\n\n<div class=\"wp-block-column is-layout-flow wp-block-column-is-layout-flow\" style=\"flex-basis:1%\"><\/div>\n\n\n\n<div class=\"wp-block-column is-vertically-aligned-center is-layout-flow wp-block-column-is-layout-flow\" style=\"flex-basis:22%\"><div class=\"wp-block-image\">\n<figure class=\"aligncenter size-large is-resized\"><img loading=\"lazy\" decoding=\"async\" width=\"464\" height=\"1024\" src=\"https:\/\/sigillarium.pl\/wp-content\/uploads\/2023\/05\/Dzikow-Nowy-Szkola-Podstawowa-uchwyt-pieczec-seal-petschaft-siegel-sceau-sigillarium.jpg-464x1024.jpg\" alt=\"\" class=\"wp-image-26012\" style=\"aspect-ratio:0.4553314121037464;width:158px;height:auto\" srcset=\"https:\/\/sigillarium.pl\/wp-content\/uploads\/2023\/05\/Dzikow-Nowy-Szkola-Podstawowa-uchwyt-pieczec-seal-petschaft-siegel-sceau-sigillarium.jpg-464x1024.jpg 464w, https:\/\/sigillarium.pl\/wp-content\/uploads\/2023\/05\/Dzikow-Nowy-Szkola-Podstawowa-uchwyt-pieczec-seal-petschaft-siegel-sceau-sigillarium.jpg-136x300.jpg 136w, https:\/\/sigillarium.pl\/wp-content\/uploads\/2023\/05\/Dzikow-Nowy-Szkola-Podstawowa-uchwyt-pieczec-seal-petschaft-siegel-sceau-sigillarium.jpg.jpg 510w\" sizes=\"auto, (max-width: 464px) 100vw, 464px\" \/><\/figure>\n<\/div><\/div>\n\n\n\n<div class=\"wp-block-column is-layout-flow wp-block-column-is-layout-flow\" style=\"flex-basis:1%\"><\/div>\n\n\n\n<div class=\"wp-block-column is-layout-flow wp-block-column-is-layout-flow\" style=\"flex-basis:48%\">\n<style> td {font-size: 11px; color: black; font-family: Arial;} <\/style>\n<table style=\"width: 500px; height: 150px;\">\n\t<tbody><tr>\n\t\t<td style=\"background-color: #DDDDDD; width:6%; text-align: center; \"><b>1<\/b><\/td>\n\t\t<td style=\"padding-left: 8px;\">kolekcja prywatna<\/td>\n\t<\/tr>\n\t<tr>\n\t\t<td style=\"background-color: #DDDDDD; text-align: center; \"><b>2<\/b><\/td>\n<td style=\"background-color: #FFFF99; white-space: nowrap; padding-left: 8px;\"><b><big><big> <a href=\"https:\/\/pl.wikipedia.org\/wiki\/Nowy_Dzik%C3%B3w\">NOWY DZIK\u00d3W<\/a> <\/big><\/big><br><big> Szko\u0142a Podstawowa<\/big><\/b><\/td>\n\t<\/tr>\n\t<tr>\n\t\t<td style=\"background-color: #DDDDDD; text-align: center; \"><b>3a<\/b><\/td>\n\t\t<td style=\"padding-left: 8px;\">mosi\u0105dz<\/td>\n\t<\/tr>\n\t<tr>\n\t\t<td style=\"background-color: #DDDDDD; text-align: center; \"><b>3b<\/b><\/td>\n\t\t<td style=\"padding-left: 8px;\"> drewniany <\/td>\n\t<\/tr>\n\t<tr>\n\t\t<td style=\"background-color: #DDDDDD; text-align: center; \"><b>4<\/b><\/td>\n\t\t<td style=\"padding-left: 8px;\">okr\u0105g\u0142a \u00d8 36 mm<\/td>\n\t<\/tr>\n\t<tr>\n\t\t<td style=\"background-color: #DDDDDD; text-align: center; \"><b>5<\/b><\/td>\n\t\t<td style=\"padding-left: 8px;\">wypuk\u0142oryty<\/td>\n\t<\/tr>\n\t<tr>\n\t\t<td style=\"background-color: #DDDDDD; text-align: center; \"><b>6<\/b><\/td>\n<td style=\"padding-left: 8px;\"> na rancie matrycy numer grawera 32 <\/td>\n\t<\/tr>\n<tr>\n\t\t<td style=\"background-color: #DDDDDD; text-align: center; \"><b>7<\/b><\/td>\n<td style=\"padding-left: 8px;\">uchwyt toczony o kulistej ga\u0142ce<\/td>\n\t<\/tr>\n\t<tr>\n\t\t<td style=\"background-color: #DDDDDD; text-align: center; \"><b>7a<\/b><\/td>\n\t\t<td style=\"padding-left: 8px;\">100 mm<\/td>\n\t<\/tr>\n\t<tr>\n\t\t<td style=\"background-color: #DDDDDD; text-align: center; \"><b>7b<\/b><\/td>\n\t\t<td style=\"padding-left: 8px;\">90 mm, w tym skuwka 9 mm (\u00d8 16 mm)<\/td>\n\t<\/tr>\n\t<tr>\n\t\t<td style=\"background-color: #DDDDDD; text-align: center; \"><b>7c<\/b><\/td>\n\t\t<td style=\"padding-left: 8px;\">10 mm<\/td>\n\t<\/tr>\n\t<tr>\n\t\t<td style=\"background-color: #DDDDDD; text-align: center; \"><b>8<\/b><\/td>\n<td style=\"padding-left: 8px;\"> &#8211; <\/td>\n\t<\/tr>\n\t<tr>\n\t\t<td style=\"background-color: #DDDDDD; text-align: center; \"><b>9a<\/b><\/td>\n\t\t<td style=\"padding-left: 8px;\">majusku\u0142a<\/td>\n\t<\/tr>\n\t<tr>\n\t\t<td style=\"background-color: #DDDDDD; text-align: center; \"><b>9b<\/b><\/td>\n<td style=\"padding-left: 8px;\"><br> w p\u00f3\u0142otoku g\u00f3rnym:  <b><big>*<\/big> SZKO\u0141A PODSTAWOWA * <br><\/b>  w p\u00f3\u0142otoku dolnym: <b> W DZIKOWIE NOWYM<br><br><\/b><\/td> \n\t<\/tr>\n\t<tr>\n\t\t<td style=\"background-color: #DDDDDD; text-align: center; \"><b>10<\/b><\/td>\n<td style=\"padding-left: 8px;\"> W polu piecz\u0119ci, oddzielonym od pola legendy obrze\u017ceniem ci\u0105g\u0142ym, wizerunek or\u0142a w koronie, ustalony dla god\u0142a herbu Rzeczypospolitej Polskiej w 1927 r., uszczerbiony w Mennicy przez odj\u0119cie korony. Na zewn\u0105trz, wok\u00f3\u0142 pola legendy, pojedyncze obrze\u017cenie ci\u0105g\u0142e. <\/td>\n<\/tr>\n\t<tr>\n\t\t<td style=\"background-color: #DDDDDD; text-align: center; \"><b>11<\/b><\/td>\n<td style=\"padding-left: 8px;\">&#8211;<\/td>\n\t<\/tr>\n\t<tr>\n<td style=\"background-color: #DDDDDD; text-align: center; \"><b>12<\/b><\/td>\n<td style=\"padding-left: 8px;\">Na odwrocie matrycy nr ewidencyjny 191 721. Numer ten \u015bwiadczy, \u017ce piecz\u0119\u0107 zosta\u0142a wykonana oko\u0142o 1955 r. Stanowi to dow\u00f3d, \u017ce do tego momentu, piecz\u0119cie o \u00d8 36 mm by\u0142y wykonywane z przedwojennych matryc. <\/td>\n\t<\/tr>\n<\/tbody><\/table>\n\n\n\n<p class=\"has-small-font-size\"> <a rel=\"noreferrer noopener\" href=\"http:\/\/sigillarium.pl\/index.php\/legenda-do-opisu-tloka-pieczetnego\/\" target=\"_blank\">Legenda<\/a> <\/p>\n<\/div>\n<\/div>\n\n\n\n<hr class=\"wp-block-separator has-alpha-channel-opacity\"\/>\n\n\n\n<div class=\"wp-block-columns is-layout-flex wp-container-core-columns-is-layout-9d6595d7 wp-block-columns-is-layout-flex\">\n<div class=\"wp-block-column is-layout-flow wp-block-column-is-layout-flow\" style=\"flex-basis:5%\"><\/div>\n\n\n\n<div class=\"wp-block-column is-vertically-aligned-center is-layout-flow wp-block-column-is-layout-flow\" style=\"flex-basis:23%\">\n<figure class=\"wp-block-gallery aligncenter has-nested-images columns-default is-cropped wp-block-gallery-27 is-layout-flex wp-block-gallery-is-layout-flex\">\n<figure class=\"wp-block-image size-full is-style-default\"><a href=\"https:\/\/sigillarium.pl\/wp-content\/uploads\/2020\/05\/Nowy-Tomy\u015bl-PPRN-t\u0142ok.jpg\"><img loading=\"lazy\" decoding=\"async\" width=\"540\" height=\"533\" data-id=\"3546\" src=\"http:\/\/sigillarium.pl\/wp-content\/uploads\/2020\/05\/Nowy-Tomy\u015bl-PPRN-t\u0142ok.jpg\" alt=\"\" class=\"wp-image-3546\" srcset=\"https:\/\/sigillarium.pl\/wp-content\/uploads\/2020\/05\/Nowy-Tomy\u015bl-PPRN-t\u0142ok.jpg 540w, https:\/\/sigillarium.pl\/wp-content\/uploads\/2020\/05\/Nowy-Tomy\u015bl-PPRN-t\u0142ok-300x296.jpg 300w\" sizes=\"auto, (max-width: 540px) 100vw, 540px\" \/><\/a><\/figure>\n<\/figure>\n<\/div>\n\n\n\n<div class=\"wp-block-column is-layout-flow wp-block-column-is-layout-flow\" style=\"flex-basis:1%\"><\/div>\n\n\n\n<div class=\"wp-block-column is-vertically-aligned-center is-layout-flow wp-block-column-is-layout-flow\" style=\"flex-basis:22%\"><div class=\"wp-block-image\">\n<figure class=\"aligncenter size-large is-resized\"><img loading=\"lazy\" decoding=\"async\" width=\"316\" height=\"867\" src=\"http:\/\/sigillarium.pl\/wp-content\/uploads\/2020\/05\/Nowy-Tomy\u015bl-PPRN-uchwyt.jpg\" alt=\"\" class=\"wp-image-3547\" style=\"width:126px;height:344px\" srcset=\"https:\/\/sigillarium.pl\/wp-content\/uploads\/2020\/05\/Nowy-Tomy\u015bl-PPRN-uchwyt.jpg 316w, https:\/\/sigillarium.pl\/wp-content\/uploads\/2020\/05\/Nowy-Tomy\u015bl-PPRN-uchwyt-109x300.jpg 109w\" sizes=\"auto, (max-width: 316px) 100vw, 316px\" \/><\/figure>\n<\/div><\/div>\n\n\n\n<div class=\"wp-block-column is-layout-flow wp-block-column-is-layout-flow\" style=\"flex-basis:1%\"><\/div>\n\n\n\n<div class=\"wp-block-column is-layout-flow wp-block-column-is-layout-flow\" style=\"flex-basis:48%\">\n<style> td {font-size: 11px; color: black; font-family: Arial;} <\/style>\n<table style=\"width: 500px; height: 150px;\">\n\t<tr>\n\t\t<td style=\"background-color: #DDDDDD; width:6%; text-align: center; \"><b>1<\/b><\/td>\n\t\t<td style=\"padding-left: 8px;\">kolekcja prywatna<\/td>\n\t<\/tr>\n\t<tr>\n\t\t<td style=\"background-color: #DDDDDD; text-align: center; \"><b>2<\/b><\/td>\n<td style=\"background-color: #FFFF99; white-space: nowrap; padding-left: 8px;\"><b><big><big><a href=\"https:\/\/pl.wikipedia.org\/wiki\/Nowy_Tomy%C5%9Bl\"> NOWY TOMY\u015aL<\/a><\/big><\/big><\/b><br \/><big><b>Prezydium Powiatowej Rady Narodowej Wydzia\u0142 Finansowy<\/td>\n\t<\/tr>\n\t<tr>\n\t\t<td style=\"background-color: #DDDDDD; text-align: center; \"><b>3a<\/b><\/td>\n\t\t<td style=\"padding-left: 8px;\">mosi\u0105dz<\/td>\n\t<\/tr>\n\t<tr>\n\t\t<td style=\"background-color: #DDDDDD; text-align: center; \"><b>3b<\/b><\/td>\n\t\t<td style=\"padding-left: 8px;\">tworzywo sztuczne<\/td>\n\t<\/tr>\n\t<tr>\n\t\t<td style=\"background-color: #DDDDDD; text-align: center; \"><b>4<\/b><\/td>\n\t\t<td style=\"padding-left: 8px;\">okr\u0105g\u0142a \u00d8 30 mm<\/td>\n\t<\/tr>\n\t<tr>\n\t\t<td style=\"background-color: #DDDDDD; text-align: center; \"><b>5<\/b><\/td>\n\t\t<td style=\"padding-left: 8px;\">wkl\u0119s\u0142oryty<\/td>\n\t<\/tr>\n\t<tr>\n\t\t<td style=\"background-color: #DDDDDD; text-align: center; \"><b>6<\/b><\/td>\n<td style=\"padding-left: 8px;\">&#8211;<\/td>\n\t<\/tr>\n<tr>\n\t\t<td style=\"background-color: #DDDDDD; text-align: center; \"><b>7<\/b><\/td>\n<td style=\"padding-left: 8px;\">uchwyt o kulistej ga\u0142ce<\/td>\n\t<\/tr>\n\t<tr>\n\t\t<td style=\"background-color: #DDDDDD; text-align: center; \"><b>7a<\/b><\/td>\n\t\t<td style=\"padding-left: 8px;\">95 mm<\/td>\n\t<\/tr>\n\t<tr>\n\t\t<td style=\"background-color: #DDDDDD; text-align: center; \"><b>7b<\/b><\/td>\n\t\t<td style=\"padding-left: 8px;\">87 mm<\/td>\n\t<\/tr>\n\t<tr>\n\t\t<td style=\"background-color: #DDDDDD; text-align: center; \"><b>7c<\/b><\/td>\n\t\t<td style=\"padding-left: 8px;\">8 mm<\/td>\n\t<\/tr>\n\t<tr>\n\t\t<td style=\"background-color: #DDDDDD; text-align: center; \"><b>8<\/b><\/td>\n<td style=\"padding-left: 8px;\">na ga\u0142ce uchwytu znacznik wytw\u00f3rcy M. P.  <\/td>\n\t<\/tr>\n\t<tr>\n\t\t<td style=\"background-color: #DDDDDD; text-align: center; \"><b>9a<\/b><\/td>\n\t\t<td style=\"padding-left: 8px;\">majusku\u0142a<\/td>\n\t<\/tr>\n\t<tr>\n\t\t<td style=\"background-color: #DDDDDD; text-align: center; \"><b>9b<\/b><\/td>\n<td style=\"padding-left: 8px;\"><br \/> w otoku:  <b>* P. <i>(rezydium)<\/i> P. <i>(owiatowej)<\/i> R. <i>(ady)<\/i> N. <i>(arodowej)<\/i> WYDZIA\u0141  FINANSOWY *  684 <\/b><br\/> w p\u00f3\u0142otoku dolnym:<b>  W  NOWYM  TOMY\u015aLU <\/b><br \/><br \/><\/td> \n\t<\/tr>\n\t<tr>\n\t\t<td style=\"background-color: #DDDDDD; text-align: center; \"><b>10<\/b><\/td>\n<td style=\"padding-left: 8px;\"> W polu piecz\u0119ci, oddzielonym od pola legendy obrze\u017ceniem ci\u0105g\u0142ym, wizerunek or\u0142a, ustalony dla god\u0142a herbu Polskiej Rzeczypospolitej Ludowej w 1955 r. Na zewn\u0105trz, wok\u00f3\u0142 pola legendy, pojedyncze obrze\u017cenie ci\u0105g\u0142e. <\/td>\n<\/tr>\n\t<tr>\n\t\t<td style=\"background-color: #DDDDDD; text-align: center; \"><b>11<\/b><\/td>\n<td style=\"padding-left: 8px;\">&#8211;<\/td>\n\t<\/tr>\n\t<tr>\n\t\t<td style=\"background-color: #DDDDDD; text-align: center; \"><b>12<\/b><\/td>\n<td style=\"padding-left: 8px;\"> na odwrocie matrycy nr ewidencyjny 310 778, numer grawera 258 <\/td>\n\t<\/tr>\n<\/table>\n\n\n\n<p class=\"has-small-font-size\"> <a rel=\"noreferrer noopener\" href=\"http:\/\/sigillarium.pl\/index.php\/legenda-do-opisu-tloka-pieczetnego\/\" target=\"_blank\">Legenda<\/a> <\/p>\n<\/div>\n<\/div>\n\n\n\n<hr class=\"wp-block-separator has-css-opacity\"\/>\n\n\n\n<div class=\"wp-block-columns is-layout-flex wp-container-core-columns-is-layout-9d6595d7 wp-block-columns-is-layout-flex\">\n<div class=\"wp-block-column is-layout-flow wp-block-column-is-layout-flow\" style=\"flex-basis:5%\"><\/div>\n\n\n\n<div class=\"wp-block-column is-vertically-aligned-center is-layout-flow wp-block-column-is-layout-flow\" style=\"flex-basis:23%\">\n<figure class=\"wp-block-gallery aligncenter has-nested-images columns-default is-cropped wp-block-gallery-28 is-layout-flex wp-block-gallery-is-layout-flex\">\n<figure class=\"wp-block-image size-large is-style-default\"><a href=\"https:\/\/sigillarium.pl\/wp-content\/uploads\/2022\/02\/Ostrow-Wielkopolski-PKP-pieczec-seal-petschaft-siegel-sceau-sigillo-sigillarium.jpg\"><img loading=\"lazy\" decoding=\"async\" width=\"1024\" height=\"686\" data-id=\"19217\" src=\"https:\/\/sigillarium.pl\/wp-content\/uploads\/2022\/02\/Ostrow-Wielkopolski-PKP-pieczec-seal-petschaft-siegel-sceau-sigillo-sigillarium-1024x686.jpg\" alt=\"\" class=\"wp-image-19217\" srcset=\"https:\/\/sigillarium.pl\/wp-content\/uploads\/2022\/02\/Ostrow-Wielkopolski-PKP-pieczec-seal-petschaft-siegel-sceau-sigillo-sigillarium-1024x686.jpg 1024w, https:\/\/sigillarium.pl\/wp-content\/uploads\/2022\/02\/Ostrow-Wielkopolski-PKP-pieczec-seal-petschaft-siegel-sceau-sigillo-sigillarium-300x201.jpg 300w, https:\/\/sigillarium.pl\/wp-content\/uploads\/2022\/02\/Ostrow-Wielkopolski-PKP-pieczec-seal-petschaft-siegel-sceau-sigillo-sigillarium-768x515.jpg 768w, https:\/\/sigillarium.pl\/wp-content\/uploads\/2022\/02\/Ostrow-Wielkopolski-PKP-pieczec-seal-petschaft-siegel-sceau-sigillo-sigillarium.jpg 1532w\" sizes=\"auto, (max-width: 1024px) 100vw, 1024px\" \/><\/a><\/figure>\n<\/figure>\n<\/div>\n\n\n\n<div class=\"wp-block-column is-layout-flow wp-block-column-is-layout-flow\" style=\"flex-basis:1%\"><\/div>\n\n\n\n<div class=\"wp-block-column is-vertically-aligned-center is-layout-flow wp-block-column-is-layout-flow\" style=\"flex-basis:22%\"><div class=\"wp-block-image\">\n<figure class=\"aligncenter size-full is-resized\"><img loading=\"lazy\" decoding=\"async\" width=\"294\" height=\"927\" src=\"https:\/\/sigillarium.pl\/wp-content\/uploads\/2022\/02\/Ostrow-Wielkopolski-PKP-pieczec-uchwyt-seal-petschaft-siegel-sceau-sigillo-sigillarium.jpg\" alt=\"\" class=\"wp-image-19219\" style=\"width:123px;height:387px\" srcset=\"https:\/\/sigillarium.pl\/wp-content\/uploads\/2022\/02\/Ostrow-Wielkopolski-PKP-pieczec-uchwyt-seal-petschaft-siegel-sceau-sigillo-sigillarium.jpg 294w, https:\/\/sigillarium.pl\/wp-content\/uploads\/2022\/02\/Ostrow-Wielkopolski-PKP-pieczec-uchwyt-seal-petschaft-siegel-sceau-sigillo-sigillarium-95x300.jpg 95w\" sizes=\"auto, (max-width: 294px) 100vw, 294px\" \/><\/figure>\n<\/div><\/div>\n\n\n\n<div class=\"wp-block-column is-layout-flow wp-block-column-is-layout-flow\" style=\"flex-basis:1%\"><\/div>\n\n\n\n<div class=\"wp-block-column is-layout-flow wp-block-column-is-layout-flow\" style=\"flex-basis:48%\">\n<style> td {font-size: 11px; color: black; font-family: Arial;} <\/style>\n<table style=\"width: 500px; height: 150px;\">\n\t<tbody><tr>\n\t\t<td style=\"background-color: #DDDDDD; width:6%; text-align: center; \"><b>1<\/b><\/td>\n\t\t<td style=\"padding-left: 8px;\">kolekcja prywatna<\/td>\n\t<\/tr>\n\t<tr>\n\t\t<td style=\"background-color: #DDDDDD; text-align: center; \"><b>2<\/b><\/td>\n<td style=\"background-color: #FFFF99; white-space: nowrap; padding-left: 8px;\"><b><big><big> <a href=\" https:\/\/pl.wikipedia.org\/wiki\/Ostr%C3%B3w_Wielkopolski\"> OSTR\u00d3W WIELKOPOLSKI <\/a> <\/big><\/big><br><big> Polskie Koleje Pa\u0144stwowe<\/big><\/b><\/td>\n\t<\/tr>\n\t<tr>\n\t\t<td style=\"background-color: #DDDDDD; text-align: center; \"><b>3a<\/b><\/td>\n\t\t<td style=\"padding-left: 8px;\">mosi\u0105dz<\/td>\n\t<\/tr>\n\t<tr>\n\t\t<td style=\"background-color: #DDDDDD; text-align: center; \"><b>3b<\/b><\/td>\n\t\t<td style=\"padding-left: 8px;\">drewno<\/td>\n\t<\/tr>\n\t<tr>\n\t\t<td style=\"background-color: #DDDDDD; text-align: center; \"><b>4<\/b><\/td>\n\t\t<td style=\"padding-left: 8px;\">prostok\u0105tna 35 x 25 mm<\/td>\n\t<\/tr>\n\t<tr>\n\t\t<td style=\"background-color: #DDDDDD; text-align: center; \"><b>5<\/b><\/td>\n\t\t<td style=\"padding-left: 8px;\">wypuk\u0142oryty<\/td>\n\t<\/tr>\n\t<tr>\n\t\t<td style=\"background-color: #DDDDDD; text-align: center; \"><b>6<\/b><\/td>\n<td style=\"padding-left: 8px;\">na cokole sygnatura wytw\u00f3rcy: (\u2026) \u0141ZRiK  (\u2026) RCAAD  KT E7\/3<\/td>\n\t<\/tr>\n<tr>\n\t\t<td style=\"background-color: #DDDDDD; text-align: center; \"><b>7<\/b><\/td>\n<td style=\"padding-left: 8px;\">uchwyt toczony o wyd\u0142u\u017conej ga\u0142ce <\/td>\n\t<\/tr>\n\t<tr>\n\t\t<td style=\"background-color: #DDDDDD; text-align: center; \"><b>7a<\/b><\/td>\n\t\t<td style=\"padding-left: 8px;\"> 123 mm<\/td>\n\t<\/tr>\n\t<tr>\n\t\t<td style=\"background-color: #DDDDDD; text-align: center; \"><b>7b<\/b><\/td>\n<td style=\"padding-left: 8px;\"> 118 mm, w tym cok\u00f3\u0142 31 mm, stanowi\u0105cy z matryc\u0105 jedn\u0105 ca\u0142o\u015b\u0107 oraz skuwka 11 mm (\u00d8 20,5 mm)<\/td>\n\t<\/tr>\n\t<tr>\n\t\t<td style=\"background-color: #DDDDDD; text-align: center; \"><b>7c<\/b><\/td>\n\t\t<td style=\"padding-left: 8px;\"> 5 mm<\/td>\n\t<\/tr>\n\t<tr>\n\t\t<td style=\"background-color: #DDDDDD; text-align: center; \"><b>8<\/b><\/td>\n<td style=\"padding-left: 8px;\">na uchwycie znacznik prawid\u0142owego ustawienia t\u0142oka (pineska)<\/td>\n\t<\/tr>\n\t<tr>\n\t\t<td style=\"background-color: #DDDDDD; text-align: center; \"><b>9a<\/b><\/td>\n\t\t<td style=\"padding-left: 8px;\">majusku\u0142a<\/td>\n\t<\/tr>\n\t<tr>\n\t\t<td style=\"background-color: #DDDDDD; text-align: center; \"><b>9b<\/b><\/td>\n<td style=\"padding-left: 8px;\"> <br>w polu:  <b> P <i>(olskie)<\/i> K <i>(oleje)<\/i> P <i>(a\u0144stwowe)<\/i> \/\/ P \/ 12 \/\/ OSTR\u00d3W W <i>(iel)<\/i> K <i>(o)<\/i> P <i>(olski) <\/i>.<br><br><\/b><\/td> \n<\/tr>\n\t<tr>\t\n\t\t<td style=\"background-color: #DDDDDD; text-align: center; \"><b>10<\/b><\/td>\n<td style=\"padding-left: 8px;\"> W polu piecz\u0119ci, w prostok\u0105tnym otworze, sze\u015b\u0107 obrotowych pier\u015bcieni z cyframi (datownik?). Powy\u017cej i poni\u017cej oraz po  bokach otworu napisy. Na zewn\u0105trz, wok\u00f3\u0142 pola piecz\u0119ci, pojedyncze obrze\u017cenie ci\u0105g\u0142e.<\/td><td>\n<\/td><\/tr>\n\t<tr>\n\t\t<td style=\"background-color: #DDDDDD; text-align: center; \"><b>11<\/b><\/td>\n<td style=\"padding-left: 8px;\">&#8211;<\/td>\n\t<\/tr>\n\t<tr>\n\t\t<td style=\"background-color: #DDDDDD; text-align: center; \"><b>12<\/b><\/td>\n<td style=\"padding-left: 8px;\">&#8211;<\/td>\n\t<\/tr>\n<\/tbody><\/table>\n\n\n\n<p class=\"has-small-font-size\"> <a rel=\"noreferrer noopener\" href=\"http:\/\/sigillarium.pl\/index.php\/legenda-do-opisu-tloka-pieczetnego\/\" target=\"_blank\">Legenda<\/a> <\/p>\n<\/div>\n<\/div>\n\n\n\n<hr class=\"wp-block-separator has-css-opacity\"\/>\n\n\n\n<div class=\"wp-block-columns is-layout-flex wp-container-core-columns-is-layout-9d6595d7 wp-block-columns-is-layout-flex\">\n<div class=\"wp-block-column is-layout-flow wp-block-column-is-layout-flow\" style=\"flex-basis:5%\"><\/div>\n\n\n\n<div class=\"wp-block-column is-vertically-aligned-center is-layout-flow wp-block-column-is-layout-flow\" style=\"flex-basis:23%\">\n<figure class=\"wp-block-gallery aligncenter has-nested-images columns-default is-cropped wp-block-gallery-29 is-layout-flex wp-block-gallery-is-layout-flex\">\n<figure class=\"wp-block-image size-full is-style-default\"><a href=\"https:\/\/sigillarium.pl\/wp-content\/uploads\/2021\/02\/Polska-Rzeczpospolita-Ludowa-pieczec.jpg\"><img loading=\"lazy\" decoding=\"async\" width=\"952\" height=\"952\" data-id=\"11525\" src=\"https:\/\/sigillarium.pl\/wp-content\/uploads\/2021\/02\/Polska-Rzeczpospolita-Ludowa-pieczec.jpg\" alt=\"\" class=\"wp-image-11525\" srcset=\"https:\/\/sigillarium.pl\/wp-content\/uploads\/2021\/02\/Polska-Rzeczpospolita-Ludowa-pieczec.jpg 952w, https:\/\/sigillarium.pl\/wp-content\/uploads\/2021\/02\/Polska-Rzeczpospolita-Ludowa-pieczec-300x300.jpg 300w, https:\/\/sigillarium.pl\/wp-content\/uploads\/2021\/02\/Polska-Rzeczpospolita-Ludowa-pieczec-150x150.jpg 150w, https:\/\/sigillarium.pl\/wp-content\/uploads\/2021\/02\/Polska-Rzeczpospolita-Ludowa-pieczec-768x768.jpg 768w\" sizes=\"auto, (max-width: 952px) 100vw, 952px\" \/><\/a><\/figure>\n<\/figure>\n<\/div>\n\n\n\n<div class=\"wp-block-column is-layout-flow wp-block-column-is-layout-flow\" style=\"flex-basis:1%\"><\/div>\n\n\n\n<div class=\"wp-block-column is-vertically-aligned-center is-layout-flow wp-block-column-is-layout-flow\" style=\"flex-basis:22%\"><div class=\"wp-block-image\">\n<figure class=\"aligncenter size-large is-resized\"><img loading=\"lazy\" decoding=\"async\" width=\"996\" height=\"1024\" src=\"https:\/\/sigillarium.pl\/wp-content\/uploads\/2021\/02\/Polska-Rzeczpospolita-Ludowa-uchwyt-996x1024.jpg\" alt=\"\" class=\"wp-image-11526\" style=\"width:232px;height:243px\" srcset=\"https:\/\/sigillarium.pl\/wp-content\/uploads\/2021\/02\/Polska-Rzeczpospolita-Ludowa-uchwyt-996x1024.jpg 996w, https:\/\/sigillarium.pl\/wp-content\/uploads\/2021\/02\/Polska-Rzeczpospolita-Ludowa-uchwyt-292x300.jpg 292w, https:\/\/sigillarium.pl\/wp-content\/uploads\/2021\/02\/Polska-Rzeczpospolita-Ludowa-uchwyt-768x790.jpg 768w, https:\/\/sigillarium.pl\/wp-content\/uploads\/2021\/02\/Polska-Rzeczpospolita-Ludowa-uchwyt.jpg 1094w\" sizes=\"auto, (max-width: 996px) 100vw, 996px\" \/><\/figure>\n<\/div><\/div>\n\n\n\n<div class=\"wp-block-column is-layout-flow wp-block-column-is-layout-flow\" style=\"flex-basis:1%\"><\/div>\n\n\n\n<div class=\"wp-block-column is-layout-flow wp-block-column-is-layout-flow\" style=\"flex-basis:48%\">\n<style> td {font-size: 11px; color: black; font-family: Arial;} <\/style>\n<table style=\"width: 500px; height: 150px;\">\n\t<tbody><tr>\n\t\t<td style=\"background-color: #DDDDDD; width:6%; text-align: center; \"><b>1<\/b><\/td>\n\t\t<td style=\"padding-left: 8px;\">kolekcja prywatna<\/td>\n\t<\/tr>\n\t<tr>\n\t\t<td style=\"background-color: #DDDDDD; text-align: center; \"><b>2<\/b><\/td><td style=\"background-color: #FFFF99; white-space: nowrap; padding-left: 8px;\"><b><big><big><a href=\"https:\/\/pl.wikipedia.org\/wiki\/Polska_Rzeczpospolita_Ludowa\">POLSKA RZECZPOSPOLITA LUDOWA<\/a><\/big><\/big><br><big>Pa\u0144stwo<\/big><\/b><\/td>\n\t<\/tr>\n\t<tr>\n\t\t<td style=\"background-color: #DDDDDD; text-align: center; \"><b>3a<\/b><\/td>\n\t\t<td style=\"padding-left: 8px;\">stal<\/td>\n\t<\/tr>\n\t<tr>\n\t\t<td style=\"background-color: #DDDDDD; text-align: center; \"><b>3b<\/b><\/td>\n\t\t<td style=\"padding-left: 8px;\">&#8211;<\/td>\n\t<\/tr>\n\t<tr>\n\t\t<td style=\"background-color: #DDDDDD; text-align: center; \"><b>4<\/b><\/td>\n\t\t<td style=\"padding-left: 8px;\">okr\u0105g\u0142a \u00d8 30 mm<\/td>\n\t<\/tr>\n\t<tr>\n\t\t<td style=\"background-color: #DDDDDD; text-align: center; \"><b>5<\/b><\/td>\n\t\t<td style=\"padding-left: 8px;\">wkl\u0119s\u0142oryty<\/td>\n\t<\/tr>\n\t<tr>\n\t\t<td style=\"background-color: #DDDDDD; text-align: center; \"><b>6<\/b><\/td><td style=\"padding-left: 8px;\"> na rancie matrycy sygnatura wytw\u00f3rcy m \/\/ W<\/td>\n\t<\/tr>\n<tr>\n\t\t<td style=\"background-color: #DDDDDD; text-align: center; \"><b>7<\/b><\/td><td style=\"padding-left: 8px;\"> brak, trzpie\u0144 z otworem do mocowania do prasy <\/td>\n\t<\/tr>\n\t<tr>\n\t\t<td style=\"background-color: #DDDDDD; text-align: center; \"><b>7a<\/b><\/td>\n\t\t<td style=\"padding-left: 8px;\"> 28 mm<\/td>\n\t<\/tr>\n\t<tr>\n\t\t<td style=\"background-color: #DDDDDD; text-align: center; \"><b>7b<\/b><\/td>\n\t\t<td style=\"padding-left: 8px;\"> 16 mm<\/td>\n\t<\/tr>\n\t<tr>\n\t\t<td style=\"background-color: #DDDDDD; text-align: center; \"><b>7c<\/b><\/td>\n\t\t<td style=\"padding-left: 8px;\">12 mm<\/td>\n\t<\/tr>\n\t<tr>\n\t\t<td style=\"background-color: #DDDDDD; text-align: center; \"><b>8<\/b><\/td>\n<td style=\"padding-left: 8px;\"> &#8211; <\/td>\n\t<\/tr>\n\t<tr>\n\t\t<td style=\"background-color: #DDDDDD; text-align: center; \"><b>9a<\/b><\/td>\n\t\t<td style=\"padding-left: 8px;\">majusku\u0142a<\/td>\n\t<\/tr>\n\t<tr>\n\t\t<td style=\"background-color: #DDDDDD; text-align: center; \"><b>9b<\/b><\/td><td style=\"padding-left: 8px;\"> <br>w otoku: <b> POLSKA RZECZPOSPOLITA LUDOWA<\/b><br><br><\/td> \n\t<\/tr>\n\t<tr>\n\t\t<td style=\"background-color: #DDDDDD; text-align: center; \"><b>10<\/b><\/td>\n<td style=\"padding-left: 8px;\"> W polu piecz\u0119ci, oddzielonym od pola legendy obrze\u017ceniem pere\u0142kowym, wizerunek or\u0142a, ustalony dla god\u0142a herbu Polskiej Rzeczypospolitej Ludowej w 1955 r. Na zewn\u0105trz pola legendy pojedyncze obrze\u017cenie sznurowe.<\/td>\n<\/tr>\n\t<tr>\n\t\t<td style=\"background-color: #DDDDDD; text-align: center; \"><b>11<\/b><\/td>\n<td style=\"padding-left: 8px;\">&#8211;<\/td>\n\t<\/tr>\n\t<tr>\n\t\t<td style=\"background-color: #DDDDDD; text-align: center; \"><b>12<\/b><\/td>\n\t\t<td style=\"padding-left: 8px;\">g\u00f3rna matryca piecz\u0119ci suchej, z uskokiem w pion umo\u017cliwiaj\u0105cym prawid\u0142owe odbicie piecz\u0119ci na zdj\u0119ciu i kartce  dowodu osobistego <\/td>\n\t<\/tr>\n<\/tbody><\/table>\n\n\n\n<p class=\"has-small-font-size\"> <a rel=\"noreferrer noopener\" href=\"http:\/\/sigillarium.pl\/index.php\/legenda-do-opisu-tloka-pieczetnego\/\" target=\"_blank\">Legenda<\/a> <\/p>\n<\/div>\n<\/div>\n\n\n\n<hr class=\"wp-block-separator has-alpha-channel-opacity\"\/>\n\n\n\n<div class=\"wp-block-columns is-layout-flex wp-container-core-columns-is-layout-9d6595d7 wp-block-columns-is-layout-flex\">\n<div class=\"wp-block-column is-layout-flow wp-block-column-is-layout-flow\" style=\"flex-basis:5%\"><\/div>\n\n\n\n<div class=\"wp-block-column is-vertically-aligned-center is-layout-flow wp-block-column-is-layout-flow\" style=\"flex-basis:23%\">\n<figure class=\"wp-block-gallery aligncenter has-nested-images columns-default is-cropped wp-block-gallery-30 is-layout-flex wp-block-gallery-is-layout-flex\">\n<figure class=\"wp-block-image size-full is-style-default\"><a href=\"https:\/\/sigillarium.pl\/wp-content\/uploads\/2023\/12\/POznan_Izba_Przemyslowo_Handlowa-pieczec-seal-petschaft-siegel-sceau-cachet-sigillarium2.jpg\"><img loading=\"lazy\" decoding=\"async\" width=\"884\" height=\"1050\" data-id=\"29832\" src=\"https:\/\/sigillarium.pl\/wp-content\/uploads\/2023\/12\/POznan_Izba_Przemyslowo_Handlowa-pieczec-seal-petschaft-siegel-sceau-cachet-sigillarium2.jpg\" alt=\"\" class=\"wp-image-29832\" srcset=\"https:\/\/sigillarium.pl\/wp-content\/uploads\/2023\/12\/POznan_Izba_Przemyslowo_Handlowa-pieczec-seal-petschaft-siegel-sceau-cachet-sigillarium2.jpg 884w, https:\/\/sigillarium.pl\/wp-content\/uploads\/2023\/12\/POznan_Izba_Przemyslowo_Handlowa-pieczec-seal-petschaft-siegel-sceau-cachet-sigillarium2-253x300.jpg 253w, https:\/\/sigillarium.pl\/wp-content\/uploads\/2023\/12\/POznan_Izba_Przemyslowo_Handlowa-pieczec-seal-petschaft-siegel-sceau-cachet-sigillarium2-862x1024.jpg 862w, https:\/\/sigillarium.pl\/wp-content\/uploads\/2023\/12\/POznan_Izba_Przemyslowo_Handlowa-pieczec-seal-petschaft-siegel-sceau-cachet-sigillarium2-768x912.jpg 768w\" sizes=\"auto, (max-width: 884px) 100vw, 884px\" \/><\/a><\/figure>\n<\/figure>\n<\/div>\n\n\n\n<div class=\"wp-block-column is-layout-flow wp-block-column-is-layout-flow\" style=\"flex-basis:1%\"><\/div>\n\n\n\n<div class=\"wp-block-column is-vertically-aligned-center is-layout-flow wp-block-column-is-layout-flow\" style=\"flex-basis:22%\"><div class=\"wp-block-image is-resized\">\n<figure class=\"aligncenter size-large\"><img loading=\"lazy\" decoding=\"async\" width=\"410\" height=\"1024\" src=\"https:\/\/sigillarium.pl\/wp-content\/uploads\/2023\/12\/POznan_Izba_Przemyslowo_Handlowa-uchwyt-pieczec-seal-petschaft-siegel-sceau-cachet-sigillarium-410x1024.jpg\" alt=\"\" class=\"wp-image-29834\" style=\"width:141px;height:auto\" srcset=\"https:\/\/sigillarium.pl\/wp-content\/uploads\/2023\/12\/POznan_Izba_Przemyslowo_Handlowa-uchwyt-pieczec-seal-petschaft-siegel-sceau-cachet-sigillarium-410x1024.jpg 410w, https:\/\/sigillarium.pl\/wp-content\/uploads\/2023\/12\/POznan_Izba_Przemyslowo_Handlowa-uchwyt-pieczec-seal-petschaft-siegel-sceau-cachet-sigillarium-120x300.jpg 120w, https:\/\/sigillarium.pl\/wp-content\/uploads\/2023\/12\/POznan_Izba_Przemyslowo_Handlowa-uchwyt-pieczec-seal-petschaft-siegel-sceau-cachet-sigillarium.jpg 450w\" sizes=\"auto, (max-width: 410px) 100vw, 410px\" \/><\/figure>\n<\/div><\/div>\n\n\n\n<div class=\"wp-block-column is-layout-flow wp-block-column-is-layout-flow\" style=\"flex-basis:1%\"><\/div>\n\n\n\n<div class=\"wp-block-column is-layout-flow wp-block-column-is-layout-flow\" style=\"flex-basis:48%\">\n<style> td {font-size: 11px; color: black; font-family: Arial;} <\/style>\n<table style=\"width: 500px; height: 150px;\">\n\t<tbody><tr>\n\t\t<td style=\"background-color: #DDDDDD; width:6%; text-align: center; \"><b>1<\/b><\/td>\n\t\t<td style=\"padding-left: 8px;\">kolekcja prywatna<\/td>\n\t<\/tr>\n\t<tr>\n\t\t<td style=\"background-color: #DDDDDD; text-align: center; \"><b>2<\/b><\/td>\n<td style=\"background-color: #FFFF99; white-space: nowrap; padding-left: 8px;\"><b><big><big> <a href=\"https:\/\/pl.wikipedia.org\/wiki\/Pozna%C5%84\"> POZNA\u0143 <\/a> <\/big><\/big><br><big>Izba Przemys\u0142owo &#8211; Handlowa <\/big><\/b><\/td>\n\t<\/tr>\n\t<tr>\n\t\t<td style=\"background-color: #DDDDDD; text-align: center; \"><b>3a<\/b><\/td>\n\t\t<td style=\"padding-left: 8px;\">mosi\u0105dz<\/td>\n\t<\/tr>\n\t<tr>\n\t\t<td style=\"background-color: #DDDDDD; text-align: center; \"><b>3b<\/b><\/td>\n\t\t<td style=\"padding-left: 8px;\"> drewno <\/td>\n\t<\/tr>\n\t<tr>\n\t\t<td style=\"background-color: #DDDDDD; text-align: center; \"><b>4<\/b><\/td>\n\t\t<td style=\"padding-left: 8px;\">owalna 25 x 21 mm<\/td>\n\t<\/tr>\n\t<tr>\n\t\t<td style=\"background-color: #DDDDDD; text-align: center; \"><b>5<\/b><\/td>\n\t\t<td style=\"padding-left: 8px;\">wypuk\u0142oryty<\/td>\n\t<\/tr>\n\t<tr>\n\t\t<td style=\"background-color: #DDDDDD; text-align: center; \"><b>6<\/b><\/td>\n<td style=\"padding-left: 8px;\"> na rancie matrycy nr grawera 18, numer ewidencyjny 32 755 <\/td>\n\t<\/tr>\n<tr>\n\t\t<td style=\"background-color: #DDDDDD; text-align: center; \"><b>7<\/b><\/td>\n<td style=\"padding-left: 8px;\"> uchwyt toczony o kulistej ga\u0142ce<\/td>\n\t<\/tr>\n\t<tr>\n\t\t<td style=\"background-color: #DDDDDD; text-align: center; \"><b>7a<\/b><\/td>\n\t\t<td style=\"padding-left: 8px;\">88 mm<\/td>\n\t<\/tr>\n\t<tr>\n\t\t<td style=\"background-color: #DDDDDD; text-align: center; \"><b>7b<\/b><\/td>\n\t\t<td style=\"padding-left: 8px;\"> 80,5 mm, w tym skuwka (7 mm, \u00d8 16 mm)<\/td>\n\t<\/tr>\n\t<tr>\n\t\t<td style=\"background-color: #DDDDDD; text-align: center; \"><b>7c<\/b><\/td>\n\t\t<td style=\"padding-left: 8px;\"> 7,5 mm<\/td>\n\t<\/tr>\n\t<tr>\n\t\t<td style=\"background-color: #DDDDDD; text-align: center; \"><b>8<\/b><\/td>\n<td style=\"padding-left: 8px;\">&#8211; <\/td>\n\t<\/tr>\n\t<tr>\n\t\t<td style=\"background-color: #DDDDDD; text-align: center; \"><b>9a<\/b><\/td>\n\t\t<td style=\"padding-left: 8px;\">majusku\u0142a<\/td>\n\t<\/tr>\n\t<tr>\n\t\t<td style=\"background-color: #DDDDDD; text-align: center; \"><b>9b<\/b><\/td>\n<td style=\"padding-left: 8px;\"><br> w polu piecz\u0119ci poni\u017cej obrazu napiecz\u0119tnego:<b> IZBA \/\/ PRZEMYS\u0141OWO &#8211; \/\/ HANDLOWA \/\/ W POZNANIU \/\/ 1 <\/b><br><br><\/td> \n\n\t<\/tr><tr>\n\t\t<td style=\"background-color: #DDDDDD; text-align: center; \"><b>10<\/b><\/td>\n<td style=\"padding-left: 8px;\"> W polu piecz\u0119ci legenda i wizerunek or\u0142a w koronie, ustalony dla god\u0142a herbu Rzeczypospolitej Polskiej w 1927 r., uszczerbiony w Mennicy przez odj\u0119cie korony. Na zewn\u0105trz, wok\u00f3\u0142 pola piecz\u0119ci, pojedyncze obrze\u017cenie ci\u0105g\u0142e.<\/td>\n<\/tr>\n\t<tr>\n\t\t<td style=\"background-color: #DDDDDD; text-align: center; \"><b>11<\/b><\/td>\n<td style=\"padding-left: 8px;\"> &#8211; <\/td>\n\t<\/tr>\n\t<tr>\n\t\t<td style=\"background-color: #DDDDDD; text-align: center; \"><b>12<\/b><\/td>\n<td style=\"padding-left: 8px;\">&#8211;<\/td>\n\t<\/tr>\n<\/tbody><\/table>\n\n\n\n<p class=\"has-small-font-size\"> <a rel=\"noreferrer noopener\" href=\"http:\/\/sigillarium.pl\/index.php\/legenda-do-opisu-tloka-pieczetnego\/\" target=\"_blank\">Legenda<\/a> <\/p>\n<\/div>\n<\/div>\n\n\n\n<hr class=\"wp-block-separator has-alpha-channel-opacity\"\/>\n\n\n\n<div class=\"wp-block-columns is-layout-flex wp-container-core-columns-is-layout-9d6595d7 wp-block-columns-is-layout-flex\">\n<div class=\"wp-block-column is-layout-flow wp-block-column-is-layout-flow\" style=\"flex-basis:5%\"><\/div>\n\n\n\n<div class=\"wp-block-column is-vertically-aligned-center is-layout-flow wp-block-column-is-layout-flow\" style=\"flex-basis:23%\">\n<figure class=\"wp-block-gallery aligncenter has-nested-images columns-default is-cropped wp-block-gallery-31 is-layout-flex wp-block-gallery-is-layout-flex\">\n<figure class=\"wp-block-image size-large is-style-default\"><a href=\"https:\/\/sigillarium.pl\/wp-content\/uploads\/2022\/09\/Poznan-PORN-Poznan-Jezyny-wydzial-spraw-wewnetrznych-pieczec-seal-petschaft-siegel-sceau-sigillarium.jpg.jpg\"><img loading=\"lazy\" decoding=\"async\" width=\"1011\" height=\"1024\" data-id=\"22154\" src=\"https:\/\/sigillarium.pl\/wp-content\/uploads\/2022\/09\/Poznan-PORN-Poznan-Jezyny-wydzial-spraw-wewnetrznych-pieczec-seal-petschaft-siegel-sceau-sigillarium.jpg-1011x1024.jpg\" alt=\"\" class=\"wp-image-22154\" srcset=\"https:\/\/sigillarium.pl\/wp-content\/uploads\/2022\/09\/Poznan-PORN-Poznan-Jezyny-wydzial-spraw-wewnetrznych-pieczec-seal-petschaft-siegel-sceau-sigillarium.jpg-1011x1024.jpg 1011w, https:\/\/sigillarium.pl\/wp-content\/uploads\/2022\/09\/Poznan-PORN-Poznan-Jezyny-wydzial-spraw-wewnetrznych-pieczec-seal-petschaft-siegel-sceau-sigillarium.jpg-296x300.jpg 296w, https:\/\/sigillarium.pl\/wp-content\/uploads\/2022\/09\/Poznan-PORN-Poznan-Jezyny-wydzial-spraw-wewnetrznych-pieczec-seal-petschaft-siegel-sceau-sigillarium.jpg-768x778.jpg 768w, https:\/\/sigillarium.pl\/wp-content\/uploads\/2022\/09\/Poznan-PORN-Poznan-Jezyny-wydzial-spraw-wewnetrznych-pieczec-seal-petschaft-siegel-sceau-sigillarium.jpg.jpg 1061w\" sizes=\"auto, (max-width: 1011px) 100vw, 1011px\" \/><\/a><\/figure>\n<\/figure>\n<\/div>\n\n\n\n<div class=\"wp-block-column is-layout-flow wp-block-column-is-layout-flow\" style=\"flex-basis:1%\"><\/div>\n\n\n\n<div class=\"wp-block-column is-vertically-aligned-center is-layout-flow wp-block-column-is-layout-flow\" style=\"flex-basis:22%\"><div class=\"wp-block-image\">\n<figure class=\"aligncenter size-large is-resized\"><img loading=\"lazy\" decoding=\"async\" width=\"1024\" height=\"762\" src=\"https:\/\/sigillarium.pl\/wp-content\/uploads\/2022\/09\/Poznan-PORN-Poznan-Jezyny-wydzial-spraw-wewnetrznych-1.jpg-1024x762.png\" alt=\"\" class=\"wp-image-22155\" style=\"width:220px;height:163px\" srcset=\"https:\/\/sigillarium.pl\/wp-content\/uploads\/2022\/09\/Poznan-PORN-Poznan-Jezyny-wydzial-spraw-wewnetrznych-1.jpg-1024x762.png 1024w, https:\/\/sigillarium.pl\/wp-content\/uploads\/2022\/09\/Poznan-PORN-Poznan-Jezyny-wydzial-spraw-wewnetrznych-1.jpg-300x223.png 300w, https:\/\/sigillarium.pl\/wp-content\/uploads\/2022\/09\/Poznan-PORN-Poznan-Jezyny-wydzial-spraw-wewnetrznych-1.jpg-768x571.png 768w, https:\/\/sigillarium.pl\/wp-content\/uploads\/2022\/09\/Poznan-PORN-Poznan-Jezyny-wydzial-spraw-wewnetrznych-1.jpg.png 1448w\" sizes=\"auto, (max-width: 1024px) 100vw, 1024px\" \/><\/figure>\n<\/div><\/div>\n\n\n\n<div class=\"wp-block-column is-layout-flow wp-block-column-is-layout-flow\" style=\"flex-basis:1%\"><\/div>\n\n\n\n<div class=\"wp-block-column is-layout-flow wp-block-column-is-layout-flow\" style=\"flex-basis:48%\">\n<style> td {font-size: 11px; color: black; font-family: Arial;} <\/style>\n<table style=\"width: 500px; height: 150px;\">\n\t<tbody><tr>\n\t\t<td style=\"background-color: #DDDDDD; width:6%; text-align: center; \"><b>1<\/b><\/td>\n\t\t<td style=\"padding-left: 8px;\">kolekcja prywatna<\/td>\n\t<\/tr>\n\t<tr>\n\t\t<td style=\"background-color: #DDDDDD; text-align: center; \"><b>2<\/b><\/td>\n<td style=\"background-color: #FFFF99; white-space: nowrap; padding-left: 8px;\"><b><big><big> <a href=\"https:\/\/pl.wikipedia.org\/wiki\/Je%C5%BCyce\">POZNA\u0143 &#8211; JE\u017bYCE<\/a> <\/big><\/big><br><big> PORN Wydzia\u0142 Spraw Wewn\u0119trznych<\/big><\/b><\/td>\n\t<\/tr>\n\t<tr>\n\t\t<td style=\"background-color: #DDDDDD; text-align: center; \"><b>3a<\/b><\/td>\n\t\t<td style=\"padding-left: 8px;\">mosi\u0105dz<\/td>\n\t<\/tr>\n\t<tr>\n\t\t<td style=\"background-color: #DDDDDD; text-align: center; \"><b>3b<\/b><\/td>\n\t\t<td style=\"padding-left: 8px;\">mosi\u0105dz<\/td>\n\t<\/tr>\n\t<tr>\n\t\t<td style=\"background-color: #DDDDDD; text-align: center; \"><b>4<\/b><\/td>\n\t\t<td style=\"padding-left: 8px;\">okr\u0105g\u0142a \u00d8 25 mm<\/td>\n\t<\/tr>\n\t<tr>\n\t\t<td style=\"background-color: #DDDDDD; text-align: center; \"><b>5<\/b><\/td>\n\t\t<td style=\"padding-left: 8px;\">wkl\u0119s\u0142oryty<\/td>\n\t<\/tr>\n\t<tr>\n\t\t<td style=\"background-color: #DDDDDD; text-align: center; \"><b>6<\/b><\/td>\n<td style=\"padding-left: 8px;\">&#8211; <\/td>\n\t<\/tr>\n<tr>\n\t\t<td style=\"background-color: #DDDDDD; text-align: center; \"><b>7<\/b><\/td>\n<td style=\"padding-left: 8px;\">uchwyt owalny z drutu mosi\u0119\u017cnego<\/td>\n\t<\/tr>\n\t<tr>\n\t\t<td style=\"background-color: #DDDDDD; text-align: center; \"><b>7a<\/b><\/td>\n\t\t<td style=\"padding-left: 8px;\"> 26 mm<\/td>\n\t<\/tr>\n\t<tr>\n\t\t<td style=\"background-color: #DDDDDD; text-align: center; \"><b>7b<\/b><\/td>\n<td style=\"padding-left: 8px;\">18 mm<\/td>\n\t<\/tr>\n\t<tr>\n\t\t<td style=\"background-color: #DDDDDD; text-align: center; \"><b>7c<\/b><\/td>\n\t\t<td style=\"padding-left: 8px;\"> 8 mm<\/td>\n\t<\/tr>\n\t<tr>\n\t\t<td style=\"background-color: #DDDDDD; text-align: center; \"><b>8<\/b><\/td>\n<td style=\"padding-left: 8px;\">&#8211; <\/td>\n\t<\/tr>\n\t<tr>\n\t\t<td style=\"background-color: #DDDDDD; text-align: center; \"><b>9a<\/b><\/td>\n\t\t<td style=\"padding-left: 8px;\">majusku\u0142a, minusku\u0142a<\/td>\n\t<\/tr>\n\t<tr>\n\t\t<td style=\"background-color: #DDDDDD; text-align: center; \"><b>9b<\/b><\/td>\n<td style=\"padding-left: 8px;\"> <br>w g\u00f3rnym otoku:  <b> * WYDZIA\u0141 SPRAW WEWN\u0118TRZNYCH *<\/b><br> w dolnym otoku:<b> PORN Pozna\u0144-Je\u017cyce<\/b> <br><br><\/td> \n<\/tr>\n\t<tr>\t\n\t\t<td style=\"background-color: #DDDDDD; text-align: center; \"><b>10<\/b><\/td>\n<td style=\"padding-left: 8px;\"> W polu piecz\u0119ci, odzielonym od pola legendy obrze\u017ceniem ci\u0105g\u0142ym liczba 15.  Na zewn\u0105trz, wok\u00f3\u0142 pola legendy, pojedyncze obrze\u017cenie ci\u0105g\u0142e. <\/td>\n<\/tr>\n\t<tr>\n\t\t<td style=\"background-color: #DDDDDD; text-align: center; \"><b>11<\/b><\/td>\n<td style=\"padding-left: 8px;\">&#8211;<\/td>\n\t<\/tr>\n\t<tr>\n\t\t<td style=\"background-color: #DDDDDD; text-align: center; \"><b>12<\/b><\/td>\n<td style=\"padding-left: 8px;\"> &#8211; <\/td>\n\t<\/tr>\n<\/tbody><\/table>\n\n\n\n<p class=\"has-small-font-size\"> <a rel=\"noreferrer noopener\" href=\"http:\/\/sigillarium.pl\/index.php\/legenda-do-opisu-tloka-pieczetnego\/\" target=\"_blank\">Legenda<\/a> <\/p>\n<\/div>\n<\/div>\n\n\n\n<hr class=\"wp-block-separator has-alpha-channel-opacity\"\/>\n\n\n\n<div class=\"wp-block-columns is-layout-flex wp-container-core-columns-is-layout-9d6595d7 wp-block-columns-is-layout-flex\">\n<div class=\"wp-block-column is-layout-flow wp-block-column-is-layout-flow\" style=\"flex-basis:5%\"><\/div>\n\n\n\n<div class=\"wp-block-column is-vertically-aligned-center is-layout-flow wp-block-column-is-layout-flow\" style=\"flex-basis:23%\">\n<figure class=\"wp-block-gallery aligncenter has-nested-images columns-default is-cropped wp-block-gallery-32 is-layout-flex wp-block-gallery-is-layout-flex\">\n<figure class=\"wp-block-image size-full is-style-default\"><a href=\"https:\/\/sigillarium.pl\/wp-content\/uploads\/2023\/06\/Raciaz-Panstwowa-Ogolnoksztalcaca-Szkola-Podstawowa-pieczec-seal-petschaft-siegel-sceau-sigillarium.jpg.png\"><img loading=\"lazy\" decoding=\"async\" width=\"896\" height=\"892\" data-id=\"27081\" src=\"https:\/\/sigillarium.pl\/wp-content\/uploads\/2023\/06\/Raciaz-Panstwowa-Ogolnoksztalcaca-Szkola-Podstawowa-pieczec-seal-petschaft-siegel-sceau-sigillarium.jpg.png\" alt=\"\" class=\"wp-image-27081\" srcset=\"https:\/\/sigillarium.pl\/wp-content\/uploads\/2023\/06\/Raciaz-Panstwowa-Ogolnoksztalcaca-Szkola-Podstawowa-pieczec-seal-petschaft-siegel-sceau-sigillarium.jpg.png 896w, https:\/\/sigillarium.pl\/wp-content\/uploads\/2023\/06\/Raciaz-Panstwowa-Ogolnoksztalcaca-Szkola-Podstawowa-pieczec-seal-petschaft-siegel-sceau-sigillarium.jpg-300x300.png 300w, https:\/\/sigillarium.pl\/wp-content\/uploads\/2023\/06\/Raciaz-Panstwowa-Ogolnoksztalcaca-Szkola-Podstawowa-pieczec-seal-petschaft-siegel-sceau-sigillarium.jpg-150x150.png 150w, https:\/\/sigillarium.pl\/wp-content\/uploads\/2023\/06\/Raciaz-Panstwowa-Ogolnoksztalcaca-Szkola-Podstawowa-pieczec-seal-petschaft-siegel-sceau-sigillarium.jpg-768x765.png 768w\" sizes=\"auto, (max-width: 896px) 100vw, 896px\" \/><\/a><\/figure>\n<\/figure>\n<\/div>\n\n\n\n<div class=\"wp-block-column is-layout-flow wp-block-column-is-layout-flow\" style=\"flex-basis:1%\"><\/div>\n\n\n\n<div class=\"wp-block-column is-vertically-aligned-center is-layout-flow wp-block-column-is-layout-flow\" style=\"flex-basis:22%\"><div class=\"wp-block-image\">\n<figure class=\"aligncenter size-large is-resized\"><img loading=\"lazy\" decoding=\"async\" width=\"482\" height=\"1024\" src=\"https:\/\/sigillarium.pl\/wp-content\/uploads\/2023\/06\/Raciaz-Panstwowa-Ogolnoksztalcaca-Szkola-Podstawowa-uchwyt-pieczec-seal-petschaft-siegel-sceau-sigillarium.jpg-482x1024.jpg\" alt=\"\" class=\"wp-image-27083\" style=\"aspect-ratio:0.470703125;width:163px;height:auto\" srcset=\"https:\/\/sigillarium.pl\/wp-content\/uploads\/2023\/06\/Raciaz-Panstwowa-Ogolnoksztalcaca-Szkola-Podstawowa-uchwyt-pieczec-seal-petschaft-siegel-sceau-sigillarium.jpg-482x1024.jpg 482w, https:\/\/sigillarium.pl\/wp-content\/uploads\/2023\/06\/Raciaz-Panstwowa-Ogolnoksztalcaca-Szkola-Podstawowa-uchwyt-pieczec-seal-petschaft-siegel-sceau-sigillarium.jpg-141x300.jpg 141w, https:\/\/sigillarium.pl\/wp-content\/uploads\/2023\/06\/Raciaz-Panstwowa-Ogolnoksztalcaca-Szkola-Podstawowa-uchwyt-pieczec-seal-petschaft-siegel-sceau-sigillarium.jpg.jpg 522w\" sizes=\"auto, (max-width: 482px) 100vw, 482px\" \/><\/figure>\n<\/div><\/div>\n\n\n\n<div class=\"wp-block-column is-layout-flow wp-block-column-is-layout-flow\" style=\"flex-basis:1%\"><\/div>\n\n\n\n<div class=\"wp-block-column is-layout-flow wp-block-column-is-layout-flow\" style=\"flex-basis:48%\">\n<style> td {font-size: 11px; color: black; font-family: Arial;} <\/style>\n<table style=\"width: 500px; height: 150px;\">\n\t<tbody><tr>\n\t\t<td style=\"background-color: #DDDDDD; width:6%; text-align: center; \"><b>1<\/b><\/td>\n\t\t<td style=\"padding-left: 8px;\">kolekcja prywatna<\/td>\n\t<\/tr>\n\t<tr>\n\t\t<td style=\"background-color: #DDDDDD; text-align: center; \"><b>2<\/b><\/td>\n<td style=\"background-color: #FFFF99; white-space: nowrap; padding-left: 8px;\"><b><big><big> <a href=\" https:\/\/pl.wikipedia.org\/wiki\/Raci%C4%85%C5%BC\">RACI\u0104\u017b<\/a><a> <\/a><\/big><\/big><a><br><big>Pa\u0144stwowa Og\u00f3lnokszta\u0142c\u0105ca Szko\u0142a Podstawowa dla Pracuj\u0105cych<\/big><br><\/a><\/b><\/td>\n\t<\/tr>\n\t<tr>\n\t\t<td style=\"background-color: #DDDDDD; text-align: center; \"><b>3a<\/b><\/td>\n\t\t<td style=\"padding-left: 8px;\">mosi\u0105dz<\/td>\n\t<\/tr>\n\t<tr>\n\t\t<td style=\"background-color: #DDDDDD; text-align: center; \"><b>3b<\/b><\/td>\n\t\t<td style=\"padding-left: 8px;\">drewno<\/td>\n\t<\/tr>\n\t<tr>\n\t\t<td style=\"background-color: #DDDDDD; text-align: center; \"><b>4<\/b><\/td>\n\t\t<td style=\"padding-left: 8px;\">okr\u0105g\u0142a \u00d8 36 mm <\/td>\n\t<\/tr>\n\t<tr>\n\t\t<td style=\"background-color: #DDDDDD; text-align: center; \"><b>5<\/b><\/td>\n\t\t<td style=\"padding-left: 8px;\">wypuk\u0142oryta<\/td>\n\t<\/tr>\n\t<tr>\n\t\t<td style=\"background-color: #DDDDDD; text-align: center; \"><b>6<\/b><\/td>\n<td style=\"padding-left: 8px;\">na rancie nr grawera 5 <\/td>\n\t<\/tr>\n<tr>\n\t\t<td style=\"background-color: #DDDDDD; text-align: center; \"><b>7<\/b><\/td>\n<td style=\"padding-left: 8px;\">uchwyt toczony o kulistej ga\u0142ce <\/td>\n\t<\/tr>\n\t<tr>\n\t\t<td style=\"background-color: #DDDDDD; text-align: center; \"><b>7a<\/b><\/td>\n\t\t<td style=\"padding-left: 8px;\"> 97 mm<\/td>\n\t<\/tr>\n\t<tr>\n\t\t<td style=\"background-color: #DDDDDD; text-align: center; \"><b>7b<\/b><\/td>\n<td style=\"padding-left: 8px;\">90 mm w tym skuwka 8 mm (\u00d8 16 mm)<\/td>\n\t<\/tr>\n\t<tr>\n\t\t<td style=\"background-color: #DDDDDD; text-align: center; \"><b>7c<\/b><\/td>\n\t\t<td style=\"padding-left: 8px;\"> 9 mm<\/td>\n\t<\/tr>\n\t<tr>\n\t\t<td style=\"background-color: #DDDDDD; text-align: center; \"><b>8<\/b><\/td>\n<td style=\"padding-left: 8px;\">na r\u0119koje\u015bci znacznik prawid\u0142owego ustawienia t\u0142oka <\/td>\n\t<\/tr>\n\t<tr>\n\t\t<td style=\"background-color: #DDDDDD; text-align: center; \"><b>9a<\/b><\/td>\n\t\t<td style=\"padding-left: 8px;\">majusku\u0142a<\/td>\n\t<\/tr>\n\t<tr>\n\t\t<td style=\"background-color: #DDDDDD; text-align: center; \"><b>9b<\/b><\/td>\n<td style=\"padding-left: 8px;\">w otoku zewn\u0119trznym:<b> * 1 * PA\u0143STW <I> (owa)<\/i> OG\u00d3LNOKSZTA\u0141C\u0104CA SZKO\u0141A PODSTAWOWA<\/B> <BR> w otoku wewn\u0119trznym: <b> DLA PRACUJ\u0104CYCH \/\/ W RACI\u0104\u017bU <br><br><\/td>\n<\/tr>\n\t<tr>\t\n\t\t<td style=\"background-color: #DDDDDD; text-align: center; \"><b>10<\/b><\/td><br><br>\n<td style=\"padding-left: 8px;\"> W polu piecz\u0119ci, oddzielonym od pola legendy obrze\u017ceniem ci\u0105g\u0142ym, wizerunek or\u0142a w koronie, ustalony dla god\u0142a herbu Rzeczypospolitej Polskiej w 1927 r., uszczerbiony w Mennicy przez odj\u0119cie korony. Na zewn\u0105trz, wok\u00f3\u0142 pola legendy, pojedyncze obrze\u017cenie ci\u0105g\u0142e. <\/td>\n<\/tr>\n\t<tr>\n\t\t<td style=\"background-color: #DDDDDD; text-align: center; \"><b>11<\/b><\/td>\n<td style=\"padding-left: 8px;\">&#8211;<\/td>\n\t<\/tr>\n\t<tr>\n\t\t<td style=\"background-color: #DDDDDD; text-align: center; \"><b>12<\/b><\/td>\n<td style=\"padding-left: 8px;\">na odwrocie matrycy numer ewidencyjny 113 258 <\/td>\n\t<\/tr>\n<\/tbody><\/table>\n\n\n\n<p class=\"has-small-font-size\"> <a rel=\"noreferrer noopener\" href=\"http:\/\/sigillarium.pl\/index.php\/legenda-do-opisu-tloka-pieczetnego\/\" target=\"_blank\">Legenda<\/a> <\/p>\n<\/div>\n<\/div>\n\n\n\n<hr class=\"wp-block-separator has-css-opacity\"\/>\n\n\n\n<div class=\"wp-block-columns is-layout-flex wp-container-core-columns-is-layout-9d6595d7 wp-block-columns-is-layout-flex\">\n<div class=\"wp-block-column is-layout-flow wp-block-column-is-layout-flow\" style=\"flex-basis:5%\"><\/div>\n\n\n\n<div class=\"wp-block-column is-vertically-aligned-center is-layout-flow wp-block-column-is-layout-flow\" style=\"flex-basis:23%\">\n<figure class=\"wp-block-gallery aligncenter has-nested-images columns-default is-cropped wp-block-gallery-33 is-layout-flex wp-block-gallery-is-layout-flex\">\n<figure class=\"wp-block-image size-large is-style-default\"><a href=\"https:\/\/sigillarium.pl\/wp-content\/uploads\/2023\/03\/RAWICZ1.jpg\"><img loading=\"lazy\" decoding=\"async\" width=\"1024\" height=\"1024\" data-id=\"24225\" src=\"https:\/\/sigillarium.pl\/wp-content\/uploads\/2023\/03\/RAWICZ1-1024x1024.jpg\" alt=\"\" class=\"wp-image-24225\" srcset=\"https:\/\/sigillarium.pl\/wp-content\/uploads\/2023\/03\/RAWICZ1-1024x1024.jpg 1024w, https:\/\/sigillarium.pl\/wp-content\/uploads\/2023\/03\/RAWICZ1-300x300.jpg 300w, https:\/\/sigillarium.pl\/wp-content\/uploads\/2023\/03\/RAWICZ1-150x150.jpg 150w, https:\/\/sigillarium.pl\/wp-content\/uploads\/2023\/03\/RAWICZ1-768x768.jpg 768w, https:\/\/sigillarium.pl\/wp-content\/uploads\/2023\/03\/RAWICZ1.jpg 1032w\" sizes=\"auto, (max-width: 1024px) 100vw, 1024px\" \/><\/a><\/figure>\n<\/figure>\n<\/div>\n\n\n\n<div class=\"wp-block-column is-layout-flow wp-block-column-is-layout-flow\" style=\"flex-basis:1%\"><\/div>\n\n\n\n<div class=\"wp-block-column is-vertically-aligned-center is-layout-flow wp-block-column-is-layout-flow\" style=\"flex-basis:22%\"><div class=\"wp-block-image\">\n<figure class=\"aligncenter size-large\"><img loading=\"lazy\" decoding=\"async\" width=\"1024\" height=\"1021\" src=\"https:\/\/sigillarium.pl\/wp-content\/uploads\/2023\/03\/RAWICZ2-1024x1021.jpg\" alt=\"\" class=\"wp-image-24227\" srcset=\"https:\/\/sigillarium.pl\/wp-content\/uploads\/2023\/03\/RAWICZ2-1024x1021.jpg 1024w, https:\/\/sigillarium.pl\/wp-content\/uploads\/2023\/03\/RAWICZ2-300x300.jpg 300w, https:\/\/sigillarium.pl\/wp-content\/uploads\/2023\/03\/RAWICZ2-150x150.jpg 150w, https:\/\/sigillarium.pl\/wp-content\/uploads\/2023\/03\/RAWICZ2-768x766.jpg 768w, https:\/\/sigillarium.pl\/wp-content\/uploads\/2023\/03\/RAWICZ2.jpg 1050w\" sizes=\"auto, (max-width: 1024px) 100vw, 1024px\" \/><\/figure>\n<\/div><\/div>\n\n\n\n<div class=\"wp-block-column is-layout-flow wp-block-column-is-layout-flow\" style=\"flex-basis:1%\"><\/div>\n\n\n\n<div class=\"wp-block-column is-layout-flow wp-block-column-is-layout-flow\" style=\"flex-basis:48%\">\n<style> td {font-size: 11px; color: black; font-family: Arial;} <\/style>\n<table style=\"width: 500px; height: 150px;\">\n\t<tr>\n\t\t<td style=\"background-color: #DDDDDD; width:6%; text-align: center; \"><b>1<\/b><\/td>\n\t\t<td style=\"padding-left: 8px;\">kolekcja prywatna<\/td>\n\t<\/tr>\n\t<tr>\n\t\t<td style=\"background-color: #DDDDDD; text-align: center; \"><b>2<\/b><\/td>\n<td style=\"background-color: #FFFF99; white-space: nowrap; padding-left: 8px;\"><b><big><big> <a href=\"https:\/\/pl.wikipedia.org\/wiki\/Rawicz \"> RAWICZ <\/a> <\/big><\/big><br \/><big> Powiatowa Komisja Orzekaj\u0105ca d\/s Dyscypliny Bud\u017cetowej <\/big><\/td>\n\t<\/tr>\n\t<tr>\n\t\t<td style=\"background-color: #DDDDDD; text-align: center; \"><b>3a<\/b><\/td>\n\t\t<td style=\"padding-left: 8px;\">mosi\u0105dz<\/td>\n\t<\/tr>\n\t<tr>\n\t\t<td style=\"background-color: #DDDDDD; text-align: center; \"><b>3b<\/b><\/td>\n\t\t<td style=\"padding-left: 8px;\">&#8211;<\/td>\n\t<\/tr>\n\t<tr>\n\t\t<td style=\"background-color: #DDDDDD; text-align: center; \"><b>4<\/b><\/td>\n\t\t<td style=\"padding-left: 8px;\">okr\u0105g\u0142a \u00d8 36 mm<\/td>\n\t<\/tr>\n\t<tr>\n\t\t<td style=\"background-color: #DDDDDD; text-align: center; \"><b>5<\/b><\/td>\n\t\t<td style=\"padding-left: 8px;\">wypuk\u0142oryty<\/td>\n\t<\/tr>\n\t<tr>\n\t\t<td style=\"background-color: #DDDDDD; text-align: center; \"><b>6<\/b><\/td>\n<td style=\"padding-left: 8px;\">&#8211;<\/td>\n\t<\/tr>\n<tr>\n\t\t<td style=\"background-color: #DDDDDD; text-align: center; \"><b>7<\/b><\/td>\n<td style=\"padding-left: 8px;\">brak uchwytu <\/td>\n\t<\/tr>\n\t<tr>\n\t\t<td style=\"background-color: #DDDDDD; text-align: center; \"><b>7a<\/b><\/td>\n\t\t<td style=\"padding-left: 8px;\"> 9 mm<\/td>\n\t<\/tr>\n\t<tr>\n\t\t<td style=\"background-color: #DDDDDD; text-align: center; \"><b>7b<\/b><\/td>\n<td style=\"padding-left: 8px;\"> &#8211; <\/td>\n\t<\/tr>\n\t<tr>\n\t\t<td style=\"background-color: #DDDDDD; text-align: center; \"><b>7c<\/b><\/td>\n\t\t<td style=\"padding-left: 8px;\"> 9 mm<\/td>\n\t<\/tr>\n\t<tr>\n\t\t<td style=\"background-color: #DDDDDD; text-align: center; \"><b>8<\/b><\/td>\n<td style=\"padding-left: 8px;\">&#8211;<\/td>\n\t<\/tr>\n\t<tr>\n\t\t<td style=\"background-color: #DDDDDD; text-align: center; \"><b>9a<\/b><\/td>\n\t\t<td style=\"padding-left: 8px;\">majusku\u0142a<\/td>\n\t<\/tr>\n\t<tr>\n\t\t<td style=\"background-color: #DDDDDD; text-align: center; \"><b>9b<\/b><\/td>\n<td style=\"padding-left: 8px;\"> <br \/>w otoku zewn\u0119trznym: <b>* POWIATOWA KOMISJA ORZEKAJ\u0104CA <\/b><br \/> w otoku wewn\u0119trznym: <b> * D <i>(o)<\/i> \/ S <i>(praw)<\/i> DYSCYPLINY BUD\u017b <i>(etowej)<\/i> * \/\/ W RAWICZU<\/b><br \/><br \/><\/td> \n<\/tr>\n\t<tr>\t\n\t\t<td style=\"background-color: #DDDDDD; text-align: center; \"><b>10<\/b><\/td>\n<td style=\"padding-left: 8px;\"> W polu piecz\u0119ci, oddzielonym od pola legendy pojedynczym obrze\u017ceniem ci\u0105g\u0142ym, wizerunek or\u0142a ustalony dla god\u0142a herbu Polskiej Rzeczypospolitej Ludowej w 1955 r. Na zewn\u0105trz, wok\u00f3\u0142 pola legendy, pojedyncze obrze\u017cenie ci\u0105g\u0142e.<\/td>\n<\/tr>\n\t<tr>\n\t\t<td style=\"background-color: #DDDDDD; text-align: center; \"><b>11<\/b><\/td>\n<td style=\"padding-left: 8px;\">&#8211;<\/td>\n\t<\/tr>\n\t<tr>\n\t\t<td style=\"background-color: #DDDDDD; text-align: center; \"><b>12<\/b><\/td>\n<td style=\"padding-left: 8px;\">na odwrocie matrycy numer ewidencyjny 380 666, numer grawera 550, sygnatura wytw\u00f3rcy: m\/\/W<\/td>\n\t<\/tr>\n<\/table>\n\n\n\n<p class=\"has-small-font-size\"> <a rel=\"noreferrer noopener\" href=\"http:\/\/sigillarium.pl\/index.php\/legenda-do-opisu-tloka-pieczetnego\/\" target=\"_blank\">Legenda<\/a> <\/p>\n<\/div>\n<\/div>\n\n\n\n<hr class=\"wp-block-separator has-alpha-channel-opacity\"\/>\n\n\n\n<div class=\"wp-block-columns is-layout-flex wp-container-core-columns-is-layout-9d6595d7 wp-block-columns-is-layout-flex\">\n<div class=\"wp-block-column is-layout-flow wp-block-column-is-layout-flow\" style=\"flex-basis:5%\"><\/div>\n\n\n\n<div class=\"wp-block-column is-vertically-aligned-center is-layout-flow wp-block-column-is-layout-flow\" style=\"flex-basis:23%\">\n<figure class=\"wp-block-gallery aligncenter has-nested-images columns-default is-cropped wp-block-gallery-34 is-layout-flex wp-block-gallery-is-layout-flex\">\n<figure class=\"wp-block-image size-full is-style-default\"><a href=\"https:\/\/sigillarium.pl\/wp-content\/uploads\/2023\/06\/Sejny-Prezydium-Powiatowej-Rady-Narodowej-pieczec-seal-petschaft-siegel-sceau-sigillarium.jpg.jpg\"><img loading=\"lazy\" decoding=\"async\" width=\"867\" height=\"862\" data-id=\"27085\" src=\"https:\/\/sigillarium.pl\/wp-content\/uploads\/2023\/06\/Sejny-Prezydium-Powiatowej-Rady-Narodowej-pieczec-seal-petschaft-siegel-sceau-sigillarium.jpg.jpg\" alt=\"\" class=\"wp-image-27085\" srcset=\"https:\/\/sigillarium.pl\/wp-content\/uploads\/2023\/06\/Sejny-Prezydium-Powiatowej-Rady-Narodowej-pieczec-seal-petschaft-siegel-sceau-sigillarium.jpg.jpg 867w, https:\/\/sigillarium.pl\/wp-content\/uploads\/2023\/06\/Sejny-Prezydium-Powiatowej-Rady-Narodowej-pieczec-seal-petschaft-siegel-sceau-sigillarium.jpg-300x298.jpg 300w, https:\/\/sigillarium.pl\/wp-content\/uploads\/2023\/06\/Sejny-Prezydium-Powiatowej-Rady-Narodowej-pieczec-seal-petschaft-siegel-sceau-sigillarium.jpg-150x150.jpg 150w, https:\/\/sigillarium.pl\/wp-content\/uploads\/2023\/06\/Sejny-Prezydium-Powiatowej-Rady-Narodowej-pieczec-seal-petschaft-siegel-sceau-sigillarium.jpg-768x764.jpg 768w\" sizes=\"auto, (max-width: 867px) 100vw, 867px\" \/><\/a><\/figure>\n<\/figure>\n<\/div>\n\n\n\n<div class=\"wp-block-column is-layout-flow wp-block-column-is-layout-flow\" style=\"flex-basis:1%\"><\/div>\n\n\n\n<div class=\"wp-block-column is-vertically-aligned-center is-layout-flow wp-block-column-is-layout-flow\" style=\"flex-basis:22%\"><div class=\"wp-block-image\">\n<figure class=\"aligncenter size-large is-resized\"><img loading=\"lazy\" decoding=\"async\" width=\"421\" height=\"1024\" src=\"https:\/\/sigillarium.pl\/wp-content\/uploads\/2023\/06\/Sejny-Prezydium-Powiatowej-Rady-Narodowej-uchwyt-pieczec-seal-petschaft-siegel-sceau-sigillarium.jpg-421x1024.jpg\" alt=\"\" class=\"wp-image-27086\" style=\"aspect-ratio:0.4111328125;width:150px;height:auto\" srcset=\"https:\/\/sigillarium.pl\/wp-content\/uploads\/2023\/06\/Sejny-Prezydium-Powiatowej-Rady-Narodowej-uchwyt-pieczec-seal-petschaft-siegel-sceau-sigillarium.jpg-421x1024.jpg 421w, https:\/\/sigillarium.pl\/wp-content\/uploads\/2023\/06\/Sejny-Prezydium-Powiatowej-Rady-Narodowej-uchwyt-pieczec-seal-petschaft-siegel-sceau-sigillarium.jpg-123x300.jpg 123w, https:\/\/sigillarium.pl\/wp-content\/uploads\/2023\/06\/Sejny-Prezydium-Powiatowej-Rady-Narodowej-uchwyt-pieczec-seal-petschaft-siegel-sceau-sigillarium.jpg.jpg 462w\" sizes=\"auto, (max-width: 421px) 100vw, 421px\" \/><\/figure>\n<\/div><\/div>\n\n\n\n<div class=\"wp-block-column is-layout-flow wp-block-column-is-layout-flow\" style=\"flex-basis:1%\"><\/div>\n\n\n\n<div class=\"wp-block-column is-layout-flow wp-block-column-is-layout-flow\" style=\"flex-basis:48%\">\n<style> td {font-size: 11px; color: black; font-family: Arial;} <\/style>\n<table style=\"width: 500px; height: 150px;\">\n\t<tbody><tr>\n\t\t<td style=\"background-color: #DDDDDD; width:6%; text-align: center; \"><b>1<\/b><\/td>\n\t\t<td style=\"padding-left: 8px;\">kolekcja prywatna<\/td>\n\t<\/tr>\n\t<tr>\n\t\t<td style=\"background-color: #DDDDDD; text-align: center; \"><b>2<\/b><\/td>\n<td style=\"background-color: #FFFF99; white-space: nowrap; padding-left: 8px;\"><b><big><big> <a href=\" https:\/\/pl.wikipedia.org\/wiki\/Sejny\">SEJNY<\/a><a> <\/a><\/big><\/big><a><br><big>Prezydium Powiatowej Rady Narodowej<\/big><br><\/a><\/b><\/td>\n\t<\/tr>\n\t<tr>\n\t\t<td style=\"background-color: #DDDDDD; text-align: center; \"><b>3a<\/b><\/td>\n\t\t<td style=\"padding-left: 8px;\">mosi\u0105dz<\/td>\n\t<\/tr>\n\t<tr>\n\t\t<td style=\"background-color: #DDDDDD; text-align: center; \"><b>3b<\/b><\/td>\n\t\t<td style=\"padding-left: 8px;\">drewno<\/td>\n\t<\/tr>\n\t<tr>\n\t\t<td style=\"background-color: #DDDDDD; text-align: center; \"><b>4<\/b><\/td>\n\t\t<td style=\"padding-left: 8px;\">okr\u0105g\u0142a \u00d8 36 mm <\/td>\n\t<\/tr>\n\t<tr>\n\t\t<td style=\"background-color: #DDDDDD; text-align: center; \"><b>5<\/b><\/td>\n\t\t<td style=\"padding-left: 8px;\">wypuk\u0142oryta<\/td>\n\t<\/tr>\n\t<tr>\n\t\t<td style=\"background-color: #DDDDDD; text-align: center; \"><b>6<\/b><\/td>\n<td style=\"padding-left: 8px;\">na rancie nr grawera 24 <\/td>\n\t<\/tr>\n<tr>\n\t\t<td style=\"background-color: #DDDDDD; text-align: center; \"><b>7<\/b><\/td>\n<td style=\"padding-left: 8px;\">uchwyt toczony o kulistej ga\u0142ce <\/td>\n\t<\/tr>\n\t<tr>\n\t\t<td style=\"background-color: #DDDDDD; text-align: center; \"><b>7a<\/b><\/td>\n\t\t<td style=\"padding-left: 8px;\"> 99 mm<\/td>\n\t<\/tr>\n\t<tr>\n\t\t<td style=\"background-color: #DDDDDD; text-align: center; \"><b>7b<\/b><\/td>\n<td style=\"padding-left: 8px;\">90 mm w tym skuwka 7 mm (\u00d8 16 mm)<\/td>\n\t<\/tr>\n\t<tr>\n\t\t<td style=\"background-color: #DDDDDD; text-align: center; \"><b>7c<\/b><\/td>\n\t\t<td style=\"padding-left: 8px;\"> 9 mm<\/td>\n\t<\/tr>\n\t<tr>\n\t\t<td style=\"background-color: #DDDDDD; text-align: center; \"><b>8<\/b><\/td>\n<td style=\"padding-left: 8px;\">na r\u0119koje\u015bci znacznik prawid\u0142owego ustawienia t\u0142oka <\/td>\n\t<\/tr>\n\t<tr>\n\t\t<td style=\"background-color: #DDDDDD; text-align: center; \"><b>9a<\/b><\/td>\n\t\t<td style=\"padding-left: 8px;\">majusku\u0142a<\/td>\n\t<\/tr>\n\t<tr>\n\t\t<td style=\"background-color: #DDDDDD; text-align: center; \"><b>9b<\/b><\/td>\n<td style=\"padding-left: 8px;\">w otoku zewn\u0119trznym:<b> * PREZYDIUM POWIATOWEJ RADY NARODOWEJ<\/B> <BR> w otoku wewn\u0119trznym: <b> W SEJNACH <br><br><\/td>\n<\/tr>\n\t<tr>\t\n\t\t<td style=\"background-color: #DDDDDD; text-align: center; \"><b>10<\/b><\/td><br><br>\n<td style=\"padding-left: 8px;\"> W polu piecz\u0119ci, oddzielonym od pola legendy pojedynczym obrze\u017ceniem ci\u0105g\u0142ym, wizerunek or\u0142a ustalony dla god\u0142a herbu Polskiej Rzeczypospolitej Ludowej w 1955 r. Na zewn\u0105trz, wok\u00f3\u0142 pola legendy, pojedyncze obrze\u017cenie ci\u0105g\u0142e. <\/td>\n<\/tr>\n\t<tr>\n\t\t<td style=\"background-color: #DDDDDD; text-align: center; \"><b>11<\/b><\/td>\n<td style=\"padding-left: 8px;\">&#8211;<\/td>\n\t<\/tr>\n\t<tr>\n\t\t<td style=\"background-color: #DDDDDD; text-align: center; \"><b>12<\/b><\/td>\n<td style=\"padding-left: 8px;\">na odwrocie matrycy numer ewidencyjny 200 840 <\/td>\n\t<\/tr>\n<\/tbody><\/table>\n\n\n\n<p class=\"has-small-font-size\"> <a rel=\"noreferrer noopener\" href=\"http:\/\/sigillarium.pl\/index.php\/legenda-do-opisu-tloka-pieczetnego\/\" target=\"_blank\">Legenda<\/a> <\/p>\n<\/div>\n<\/div>\n\n\n\n<hr class=\"wp-block-separator has-alpha-channel-opacity\"\/>\n\n\n\n<div class=\"wp-block-columns is-layout-flex wp-container-core-columns-is-layout-9d6595d7 wp-block-columns-is-layout-flex\">\n<div class=\"wp-block-column is-layout-flow wp-block-column-is-layout-flow\" style=\"flex-basis:5%\"><\/div>\n\n\n\n<div class=\"wp-block-column is-vertically-aligned-center is-layout-flow wp-block-column-is-layout-flow\" style=\"flex-basis:23%\">\n<figure class=\"wp-block-gallery aligncenter has-nested-images columns-default is-cropped wp-block-gallery-35 is-layout-flex wp-block-gallery-is-layout-flex\">\n<figure class=\"wp-block-image size-large is-style-default\"><a href=\"https:\/\/sigillarium.pl\/wp-content\/uploads\/2023\/03\/Bianow-Prezydium-Miejskiej-Rady-Narodowej-pieczec-seal-petschaft-siegel-sceau-sigillarium.1.jpg\"><img loading=\"lazy\" decoding=\"async\" width=\"1024\" height=\"1009\" data-id=\"24725\" src=\"https:\/\/sigillarium.pl\/wp-content\/uploads\/2023\/03\/Bianow-Prezydium-Miejskiej-Rady-Narodowej-pieczec-seal-petschaft-siegel-sceau-sigillarium.1-1024x1009.jpg\" alt=\"\" class=\"wp-image-24725\" srcset=\"https:\/\/sigillarium.pl\/wp-content\/uploads\/2023\/03\/Bianow-Prezydium-Miejskiej-Rady-Narodowej-pieczec-seal-petschaft-siegel-sceau-sigillarium.1-1024x1009.jpg 1024w, https:\/\/sigillarium.pl\/wp-content\/uploads\/2023\/03\/Bianow-Prezydium-Miejskiej-Rady-Narodowej-pieczec-seal-petschaft-siegel-sceau-sigillarium.1-300x296.jpg 300w, https:\/\/sigillarium.pl\/wp-content\/uploads\/2023\/03\/Bianow-Prezydium-Miejskiej-Rady-Narodowej-pieczec-seal-petschaft-siegel-sceau-sigillarium.1-768x757.jpg 768w, https:\/\/sigillarium.pl\/wp-content\/uploads\/2023\/03\/Bianow-Prezydium-Miejskiej-Rady-Narodowej-pieczec-seal-petschaft-siegel-sceau-sigillarium.1.jpg 1038w\" sizes=\"auto, (max-width: 1024px) 100vw, 1024px\" \/><\/a><\/figure>\n<\/figure>\n<\/div>\n\n\n\n<div class=\"wp-block-column is-layout-flow wp-block-column-is-layout-flow\" style=\"flex-basis:1%\"><\/div>\n\n\n\n<div class=\"wp-block-column is-vertically-aligned-center is-layout-flow wp-block-column-is-layout-flow\" style=\"flex-basis:22%\"><div class=\"wp-block-image is-resized\">\n<figure class=\"aligncenter size-large\"><img loading=\"lazy\" decoding=\"async\" width=\"488\" height=\"1024\" src=\"https:\/\/sigillarium.pl\/wp-content\/uploads\/2023\/03\/Bianow-Prezydium-Miejskiej-Rady-Narodowej-uchwyt-pieczec-seal-petschaft-siegel-sceau-sigillarium.jpg-488x1024.jpg\" alt=\"\" class=\"wp-image-24691\" style=\"width:165px;height:auto\" srcset=\"https:\/\/sigillarium.pl\/wp-content\/uploads\/2023\/03\/Bianow-Prezydium-Miejskiej-Rady-Narodowej-uchwyt-pieczec-seal-petschaft-siegel-sceau-sigillarium.jpg-488x1024.jpg 488w, https:\/\/sigillarium.pl\/wp-content\/uploads\/2023\/03\/Bianow-Prezydium-Miejskiej-Rady-Narodowej-uchwyt-pieczec-seal-petschaft-siegel-sceau-sigillarium.jpg-143x300.jpg 143w, https:\/\/sigillarium.pl\/wp-content\/uploads\/2023\/03\/Bianow-Prezydium-Miejskiej-Rady-Narodowej-uchwyt-pieczec-seal-petschaft-siegel-sceau-sigillarium.jpg.jpg 536w\" sizes=\"auto, (max-width: 488px) 100vw, 488px\" \/><\/figure>\n<\/div><\/div>\n\n\n\n<div class=\"wp-block-column is-layout-flow wp-block-column-is-layout-flow\" style=\"flex-basis:1%\"><\/div>\n\n\n\n<div class=\"wp-block-column is-layout-flow wp-block-column-is-layout-flow\" style=\"flex-basis:48%\">\n<style> td {font-size: 11px; color: black; font-family: Arial;} <\/style>\n<table style=\"width: 500px; height: 150px;\">\n\t<tbody><tr>\n\t\t<td style=\"background-color: #DDDDDD; width:6%; text-align: center; \"><b>1<\/b><\/td>\n\t\t<td style=\"padding-left: 8px;\">kolekcja prywatna<\/td>\n\t<\/tr>\n\t<tr>\n\t\t<td style=\"background-color: #DDDDDD; text-align: center; \"><b>2<\/b><\/td>\n<td style=\"background-color: #FFFF99; white-space: nowrap; padding-left: 8px;\"><b><big><big><a href=\"https:\/\/pl.wikipedia.org\/wiki\/Sian%C3%B3w\"> SIAN\u00d3W<\/a><\/big><\/big><\/b><br><big><b>Prezydium Miejskiej Rady Narodowej<\/b><\/big><\/td>\n\t<\/tr>\n\t<tr>\n\t\t<td style=\"background-color: #DDDDDD; text-align: center; \"><b>3a<\/b><\/td>\n\t\t<td style=\"padding-left: 8px;\">mosi\u0105dz<\/td>\n\t<\/tr>\n\t<tr>\n\t\t<td style=\"background-color: #DDDDDD; text-align: center; \"><b>3b<\/b><\/td>\n\t\t<td style=\"padding-left: 8px;\">drewno<\/td>\n\t<\/tr>\n\t<tr>\n\t\t<td style=\"background-color: #DDDDDD; text-align: center; \"><b>4<\/b><\/td>\n\t\t<td style=\"padding-left: 8px;\">okr\u0105g\u0142a \u00d8 30 mm<\/td>\n\t<\/tr>\n\t<tr>\n\t\t<td style=\"background-color: #DDDDDD; text-align: center; \"><b>5<\/b><\/td>\n\t\t<td style=\"padding-left: 8px;\">wkl\u0119s\u0142oryty<\/td>\n\t<\/tr>\n\t<tr>\n\t\t<td style=\"background-color: #DDDDDD; text-align: center; \"><b>6<\/b><\/td>\n<td style=\"padding-left: 8px;\">na rancie matrycy numer grawera 5<\/td>\n\t<\/tr>\n<tr>\n\t\t<td style=\"background-color: #DDDDDD; text-align: center; \"><b>7<\/b><\/td>\n<td style=\"padding-left: 8px;\">uchwyt toczony o kulistej ga\u0142ce<\/td>\n\t<\/tr>\n\t<tr>\n\t\t<td style=\"background-color: #DDDDDD; text-align: center; \"><b>7a<\/b><\/td>\n\t\t<td style=\"padding-left: 8px;\">97 mm<\/td>\n\t<\/tr>\n\t<tr>\n\t\t<td style=\"background-color: #DDDDDD; text-align: center; \"><b>7b<\/b><\/td>\n\t\t<td style=\"padding-left: 8px;\">88 mm, w tym skuwka 10 mm (\u00d8 30 mm)<\/td>\n\t<\/tr>\n\t<tr>\n\t\t<td style=\"background-color: #DDDDDD; text-align: center; \"><b>7c<\/b><\/td>\n\t\t<td style=\"padding-left: 8px;\">9 mm<\/td>\n\t<\/tr>\n\t<tr>\n\t\t<td style=\"background-color: #DDDDDD; text-align: center; \"><b>8<\/b><\/td>\n<td style=\"padding-left: 8px;\">na ga\u0142ce uchwytu znacznik prawid\u0142owego ustawienia t\u0142oka<\/td>\n\t<\/tr>\n\t<tr>\n\t\t<td style=\"background-color: #DDDDDD; text-align: center; \"><b>9a<\/b><\/td>\n\t\t<td style=\"padding-left: 8px;\">majusku\u0142a<\/td>\n\t<\/tr>\n\t<tr>\n\t\t<td style=\"background-color: #DDDDDD; text-align: center; \"><b>9b<\/b><\/td>\n<td style=\"padding-left: 8px;\"><br> w otoku (zewn\u0119trznym):  <b>* PREZYDIUM MIEJSKIEJ RADY NARODOWEJ * <\/b><br> w otoku wewn\u0119trznym:<b> POW <i> (iat).<\/i> KOSZALI\u0143SKI \/\/ W SIENIAWIE <\/b><br><br><\/td> \n\t<\/tr>\n\t<tr>\n\t\t<td style=\"background-color: #DDDDDD; text-align: center; \"><b>10<\/b><\/td>\n<td style=\"padding-left: 8px;\"> W polu piecz\u0119ci, oddzielonym od pola legendy obrze\u017ceniem ci\u0105g\u0142ym, wizerunek or\u0142a, ustalony dla god\u0142a herbu Polskiej Rzeczypospolitej Ludowej w 1955 r. Na zewn\u0105trz, wok\u00f3\u0142 pola legendy, pojedyncze obrze\u017cenie ci\u0105g\u0142e. <\/td>\n<\/tr>\n\t<tr>\n\t\t<td style=\"background-color: #DDDDDD; text-align: center; \"><b>11<\/b><\/td>\n<td style=\"padding-left: 8px;\">&#8211;<\/td>\n\t<\/tr>\n\t<tr>\n\t\t<td style=\"background-color: #DDDDDD; text-align: center; \"><b>12<\/b><\/td>\n<td style=\"padding-left: 8px;\"> na odwrocie matrycy numer ewidencyjny 98 562, <\/td>\n\t<\/tr>\n<\/tbody><\/table>\n\n\n\n<p class=\"has-small-font-size\"> <a rel=\"noreferrer noopener\" href=\"http:\/\/sigillarium.pl\/index.php\/legenda-do-opisu-tloka-pieczetnego\/\" target=\"_blank\">Legenda<\/a> <\/p>\n<\/div>\n<\/div>\n\n\n\n<hr class=\"wp-block-separator has-alpha-channel-opacity\"\/>\n\n\n\n<div class=\"wp-block-columns is-layout-flex wp-container-core-columns-is-layout-9d6595d7 wp-block-columns-is-layout-flex\">\n<div class=\"wp-block-column is-layout-flow wp-block-column-is-layout-flow\" style=\"flex-basis:5%\"><\/div>\n\n\n\n<div class=\"wp-block-column is-vertically-aligned-center is-layout-flow wp-block-column-is-layout-flow\" style=\"flex-basis:23%\">\n<figure class=\"wp-block-gallery aligncenter has-nested-images columns-default is-cropped wp-block-gallery-36 is-layout-flex wp-block-gallery-is-layout-flex\">\n<figure class=\"wp-block-image size-full is-style-default\"><a href=\"https:\/\/sigillarium.pl\/wp-content\/uploads\/2025\/10\/Warszawa_Instytut-Geologiczny-_odzial-gornoslaski-w-Sosnowcu_pieczec.jpg\"><img loading=\"lazy\" decoding=\"async\" width=\"500\" height=\"500\" data-id=\"37187\" src=\"https:\/\/sigillarium.pl\/wp-content\/uploads\/2025\/10\/Warszawa_Instytut-Geologiczny-_odzial-gornoslaski-w-Sosnowcu_pieczec.jpg\" alt=\"\" class=\"wp-image-37187\" srcset=\"https:\/\/sigillarium.pl\/wp-content\/uploads\/2025\/10\/Warszawa_Instytut-Geologiczny-_odzial-gornoslaski-w-Sosnowcu_pieczec.jpg 500w, https:\/\/sigillarium.pl\/wp-content\/uploads\/2025\/10\/Warszawa_Instytut-Geologiczny-_odzial-gornoslaski-w-Sosnowcu_pieczec-300x300.jpg 300w, https:\/\/sigillarium.pl\/wp-content\/uploads\/2025\/10\/Warszawa_Instytut-Geologiczny-_odzial-gornoslaski-w-Sosnowcu_pieczec-150x150.jpg 150w\" sizes=\"auto, (max-width: 500px) 100vw, 500px\" \/><\/a><\/figure>\n<\/figure>\n<\/div>\n\n\n\n<div class=\"wp-block-column is-layout-flow wp-block-column-is-layout-flow\" style=\"flex-basis:1%\"><\/div>\n\n\n\n<div class=\"wp-block-column is-vertically-aligned-center is-layout-flow wp-block-column-is-layout-flow\" style=\"flex-basis:22%\"><div class=\"wp-block-image is-resized\">\n<figure class=\"aligncenter size-large\"><img loading=\"lazy\" decoding=\"async\" width=\"441\" height=\"1024\" src=\"https:\/\/sigillarium.pl\/wp-content\/uploads\/2025\/10\/Warszawa_Instytut-Geologiczny-_odzial-gornoslaski-w-Sosnowcui_uchwyt-441x1024.jpg\" alt=\"\" class=\"wp-image-37342\" style=\"aspect-ratio:0.4306787289986185;width:127px;height:auto\" srcset=\"https:\/\/sigillarium.pl\/wp-content\/uploads\/2025\/10\/Warszawa_Instytut-Geologiczny-_odzial-gornoslaski-w-Sosnowcui_uchwyt-441x1024.jpg 441w, https:\/\/sigillarium.pl\/wp-content\/uploads\/2025\/10\/Warszawa_Instytut-Geologiczny-_odzial-gornoslaski-w-Sosnowcui_uchwyt-129x300.jpg 129w, https:\/\/sigillarium.pl\/wp-content\/uploads\/2025\/10\/Warszawa_Instytut-Geologiczny-_odzial-gornoslaski-w-Sosnowcui_uchwyt-768x1784.jpg 768w, https:\/\/sigillarium.pl\/wp-content\/uploads\/2025\/10\/Warszawa_Instytut-Geologiczny-_odzial-gornoslaski-w-Sosnowcui_uchwyt-661x1536.jpg 661w, https:\/\/sigillarium.pl\/wp-content\/uploads\/2025\/10\/Warszawa_Instytut-Geologiczny-_odzial-gornoslaski-w-Sosnowcui_uchwyt-882x2048.jpg 882w, https:\/\/sigillarium.pl\/wp-content\/uploads\/2025\/10\/Warszawa_Instytut-Geologiczny-_odzial-gornoslaski-w-Sosnowcui_uchwyt.jpg 1034w\" sizes=\"auto, (max-width: 441px) 100vw, 441px\" \/><\/figure>\n<\/div><\/div>\n\n\n\n<div class=\"wp-block-column is-layout-flow wp-block-column-is-layout-flow\" style=\"flex-basis:1%\"><\/div>\n\n\n\n<div class=\"wp-block-column is-layout-flow wp-block-column-is-layout-flow\" style=\"flex-basis:48%\">\n<style> td {font-size: 11px; color: black; font-family: Arial;} <\/style>\n<table style=\"width: 500px; height: 150px;\">\n\t<tr>\n\t\t<td style=\"background-color: #DDDDDD; width:6%; text-align: center; \"><b>1<\/b><\/td>\n\t\t<td style=\"padding-left: 8px;\">kolekcja prywatna<\/td>\n\t<\/tr>\n\t<tr>\n\t\t<td style=\"background-color: #DDDDDD; text-align: center; \"><b>2<\/b><\/td>\n<td style=\"background-color: #FFFF99; white-space: nowrap; padding-left: 8px;\"><b><big><big><a href=\"https:\/\/pl.wikipedia.org\/wiki\/Sosnowiec \"> SOSNOWIEC<\/a><\/big><br\/><\/big><big>Pa\u0144stwowy Instytut Geologiczny &#8211; Oddzia\u0142 G\u00f3rno\u015bl\u0105ski w Sosnowcu<\/b><br\/><\/td>\n\t<\/tr>\n\t<tr>\n\t\t<td style=\"background-color: #DDDDDD; text-align: center; \"><b>3a<\/b><\/td>\n\t\t<td style=\"padding-left: 8px;\">mosi\u0105dz<\/td>\n\t<\/tr>\n\t<tr>\n\t\t<td style=\"background-color: #DDDDDD; text-align: center; \"><b>3b<\/b><\/td>\n\t\t<td style=\"padding-left: 8px;\">tworzywo sztuczne<\/td>\n\t<\/tr>\n\t<tr>\n\t\t<td style=\"background-color: #DDDDDD; text-align: center; \"><b>4<\/b><\/td>\n\t\t<td style=\"padding-left: 8px;\">okr\u0105g\u0142a \u00d8 20 mm<\/td>\n\t<\/tr>\n\t<tr>\n\t\t<td style=\"background-color: #DDDDDD; text-align: center; \"><b>5<\/b><\/td>\n\t\t<td style=\"padding-left: 8px;\">wypuk\u0142oryty<\/td>\n\t<\/tr>\n\t<tr>\n\t\t<td style=\"background-color: #DDDDDD; text-align: center; \"><b>6<\/b><\/td>\n<td style=\"padding-left: 8px;\"> na rancie matrycy nr ewidencyjny 319 129, numer grawera 243, sygnatura wytw\u00f3rcy m \/\/ W<\/td>\n\t<\/tr>\n<tr>\n\t\t<td style=\"background-color: #DDDDDD; text-align: center; \"><b>7<\/b><\/td>\n<td style=\"padding-left: 8px;\"> uchwyt o kulistej ga\u0142ce<\/td>\n\t<\/tr>\n\t<tr>\n\t\t<td style=\"background-color: #DDDDDD; text-align: center; \"><b>7a<\/b><\/td>\n\t\t<td style=\"padding-left: 8px;\">73 mm<\/td>\n\t<\/tr>\n\t<tr>\n\t\t<td style=\"background-color: #DDDDDD; text-align: center; \"><b>7b<\/b><\/td>\n\t\t<td style=\"padding-left: 8px;\">64 mm<\/td>\n\t<\/tr>\n\t<tr>\n\t\t<td style=\"background-color: #DDDDDD; text-align: center; \"><b>7c<\/b><\/td>\n\t\t<td style=\"padding-left: 8px;\">9 mm<\/td>\n\t<\/tr>\n\t<tr>\n\t\t<td style=\"background-color: #DDDDDD; text-align: center; \"><b>8<\/b><\/td>\n<td style=\"padding-left: 8px;\"> na ga\u0142ce uchwytu znacznik prawid\u0142owego ustawienia t\u0142oka oraz sygnatura M <I>(ennica)<\/i> P <i>(a\u0144stwowa)<\/td>\n\t<\/tr>\n\t<tr>\n\t\t<td style=\"background-color: #DDDDDD; text-align: center; \"><b>9a<\/b><\/td>\n\t\t<td style=\"padding-left: 8px;\">majusku\u0142a<\/td>\n\t<\/tr>\n\t<tr>\n\t\t<td style=\"background-color: #DDDDDD; text-align: center; \"><b>9b<\/b><\/td>\n<td style=\"padding-left: 8px;\"> <br \/>w p\u00f3\u0142otoku podw\u00f3jnym g\u00f3rnym: <b>  * INSTYTUT GEOLOGICZNY \/\/ ODDZIA\u0141 G\u00d3RNO\u015aL\u0104SKI <\/b><BR> w p\u00f3\u0142otoku dolnym: <b> W SOSNOWCU <\/b><br \/><br \/><\/td> \n\t<\/tr>\n\t<tr>\n\t\t<td style=\"background-color: #DDDDDD; text-align: center; \"><b>10<\/b><\/td>\n<td style=\"padding-left: 8px;\"> W polu piecz\u0119ci, oddzielonym od pola legendy pojedynczym obrze\u017ceniem ci\u0105g\u0142ym, wizerunek or\u0142a, ustalony dla god\u0142a herbu Polskiej Rzeczypospolitej Ludowej w 1955 r. Na zewn\u0105trz pola legendy pojedyncze obrze\u017cenie ci\u0105g\u0142e.<\/td>\n<\/tr>\n\t<tr>\n\t\t<td style=\"background-color: #DDDDDD; text-align: center; \"><b>11<\/b><\/td>\n<td style=\"padding-left: 8px;\"> &#8211;<\/td>\n\t<\/tr>\n\t<tr>\n\t\t<td style=\"background-color: #DDDDDD; text-align: center; \"><b>12<\/b><\/td>\n\t\t<td style=\"padding-left: 8px;\">&#8211;<\/td>\n\t<\/tr>\n<\/table>\n\n\n\n<p class=\"has-small-font-size\"> <a rel=\"noreferrer noopener\" href=\"http:\/\/sigillarium.pl\/index.php\/legenda-do-opisu-tloka-pieczetnego\/\" target=\"_blank\">Legenda<\/a> <\/p>\n<\/div>\n<\/div>\n\n\n\n<hr class=\"wp-block-separator has-alpha-channel-opacity\"\/>\n\n\n\n<div class=\"wp-block-columns is-layout-flex wp-container-core-columns-is-layout-9d6595d7 wp-block-columns-is-layout-flex\">\n<div class=\"wp-block-column is-layout-flow wp-block-column-is-layout-flow\" style=\"flex-basis:5%\"><\/div>\n\n\n\n<div class=\"wp-block-column is-vertically-aligned-center is-layout-flow wp-block-column-is-layout-flow\" style=\"flex-basis:23%\">\n<figure class=\"wp-block-gallery aligncenter has-nested-images columns-default is-cropped wp-block-gallery-37 is-layout-flex wp-block-gallery-is-layout-flex\">\n<figure class=\"wp-block-image size-large is-style-default\"><a href=\"https:\/\/sigillarium.pl\/wp-content\/uploads\/2023\/12\/Dzikow-Stary-SzkolaPodsyawowa-pieczec-seal-petschaft-siegel-sceau-cachet-sigillarium1.jpg\"><img loading=\"lazy\" decoding=\"async\" width=\"997\" height=\"1024\" data-id=\"29799\" src=\"https:\/\/sigillarium.pl\/wp-content\/uploads\/2023\/12\/Dzikow-Stary-SzkolaPodsyawowa-pieczec-seal-petschaft-siegel-sceau-cachet-sigillarium1-997x1024.jpg\" alt=\"\" class=\"wp-image-29799\" srcset=\"https:\/\/sigillarium.pl\/wp-content\/uploads\/2023\/12\/Dzikow-Stary-SzkolaPodsyawowa-pieczec-seal-petschaft-siegel-sceau-cachet-sigillarium1-997x1024.jpg 997w, https:\/\/sigillarium.pl\/wp-content\/uploads\/2023\/12\/Dzikow-Stary-SzkolaPodsyawowa-pieczec-seal-petschaft-siegel-sceau-cachet-sigillarium1-292x300.jpg 292w, https:\/\/sigillarium.pl\/wp-content\/uploads\/2023\/12\/Dzikow-Stary-SzkolaPodsyawowa-pieczec-seal-petschaft-siegel-sceau-cachet-sigillarium1-768x788.jpg 768w, https:\/\/sigillarium.pl\/wp-content\/uploads\/2023\/12\/Dzikow-Stary-SzkolaPodsyawowa-pieczec-seal-petschaft-siegel-sceau-cachet-sigillarium1.jpg 1052w\" sizes=\"auto, (max-width: 997px) 100vw, 997px\" \/><\/a><\/figure>\n<\/figure>\n<\/div>\n\n\n\n<div class=\"wp-block-column is-layout-flow wp-block-column-is-layout-flow\" style=\"flex-basis:1%\"><\/div>\n\n\n\n<div class=\"wp-block-column is-vertically-aligned-center is-layout-flow wp-block-column-is-layout-flow\" style=\"flex-basis:22%\"><div class=\"wp-block-image is-resized\">\n<figure class=\"aligncenter size-large\"><img loading=\"lazy\" decoding=\"async\" width=\"417\" height=\"1024\" src=\"https:\/\/sigillarium.pl\/wp-content\/uploads\/2023\/12\/Dzikow-Stary-SzkolaPodsyawowa-uchwyt-pieczec-seal-petschaft-siegel-sceau-cachet-sigillarium1-417x1024.jpg\" alt=\"\" class=\"wp-image-29801\" style=\"width:151px;height:auto\" srcset=\"https:\/\/sigillarium.pl\/wp-content\/uploads\/2023\/12\/Dzikow-Stary-SzkolaPodsyawowa-uchwyt-pieczec-seal-petschaft-siegel-sceau-cachet-sigillarium1-417x1024.jpg 417w, https:\/\/sigillarium.pl\/wp-content\/uploads\/2023\/12\/Dzikow-Stary-SzkolaPodsyawowa-uchwyt-pieczec-seal-petschaft-siegel-sceau-cachet-sigillarium1-122x300.jpg 122w, https:\/\/sigillarium.pl\/wp-content\/uploads\/2023\/12\/Dzikow-Stary-SzkolaPodsyawowa-uchwyt-pieczec-seal-petschaft-siegel-sceau-cachet-sigillarium1.jpg 458w\" sizes=\"auto, (max-width: 417px) 100vw, 417px\" \/><\/figure>\n<\/div><\/div>\n\n\n\n<div class=\"wp-block-column is-layout-flow wp-block-column-is-layout-flow\" style=\"flex-basis:1%\"><\/div>\n\n\n\n<div class=\"wp-block-column is-layout-flow wp-block-column-is-layout-flow\" style=\"flex-basis:48%\">\n<style> td {font-size: 11px; color: black; font-family: Arial;} <\/style>\n<table style=\"width: 500px; height: 150px;\">\n\t<tbody><tr>\n\t\t<td style=\"background-color: #DDDDDD; width:6%; text-align: center; \"><b>1<\/b><\/td>\n\t\t<td style=\"padding-left: 8px;\">kolekcja prywatna<\/td>\n\t<\/tr>\n\t<tr>\n\t\t<td style=\"background-color: #DDDDDD; text-align: center; \"><b>2<\/b><\/td>\n<td style=\"background-color: #FFFF99; white-space: nowrap; padding-left: 8px;\"><b><big><big> <a href=\"https:\/\/pl.wikipedia.org\/wiki\/Stary_Dzik%C3%B3w\">STARY DZIK\u00d3W<\/a> <\/big><\/big><br><big> Szko\u0142a Podstawowa<\/big><\/b><\/td>\n\t<\/tr>\n\t<tr>\n\t\t<td style=\"background-color: #DDDDDD; text-align: center; \"><b>3a<\/b><\/td>\n\t\t<td style=\"padding-left: 8px;\">mosi\u0105dz<\/td>\n\t<\/tr>\n\t<tr>\n\t\t<td style=\"background-color: #DDDDDD; text-align: center; \"><b>3b<\/b><\/td>\n\t\t<td style=\"padding-left: 8px;\"> drewniany <\/td>\n\t<\/tr>\n\t<tr>\n\t\t<td style=\"background-color: #DDDDDD; text-align: center; \"><b>4<\/b><\/td>\n\t\t<td style=\"padding-left: 8px;\">okr\u0105g\u0142a \u00d8 36 mm<\/td>\n\t<\/tr>\n\t<tr>\n\t\t<td style=\"background-color: #DDDDDD; text-align: center; \"><b>5<\/b><\/td>\n\t\t<td style=\"padding-left: 8px;\">wypuk\u0142oryty<\/td>\n\t<\/tr>\n\t<tr>\n\t\t<td style=\"background-color: #DDDDDD; text-align: center; \"><b>6<\/b><\/td>\n<td style=\"padding-left: 8px;\"> na rancie matrycy numer grawera 24 <\/td>\n\t<\/tr>\n<tr>\n\t\t<td style=\"background-color: #DDDDDD; text-align: center; \"><b>7<\/b><\/td>\n<td style=\"padding-left: 8px;\">uchwyt toczony o kulistej ga\u0142ce<\/td>\n\t<\/tr>\n\t<tr>\n\t\t<td style=\"background-color: #DDDDDD; text-align: center; \"><b>7a<\/b><\/td>\n\t\t<td style=\"padding-left: 8px;\">100 mm<\/td>\n\t<\/tr>\n\t<tr>\n\t\t<td style=\"background-color: #DDDDDD; text-align: center; \"><b>7b<\/b><\/td>\n\t\t<td style=\"padding-left: 8px;\">90 mm, w tym skuwka 9 mm (\u00d8 16 mm)<\/td>\n\t<\/tr>\n\t<tr>\n\t\t<td style=\"background-color: #DDDDDD; text-align: center; \"><b>7c<\/b><\/td>\n\t\t<td style=\"padding-left: 8px;\">10 mm<\/td>\n\t<\/tr>\n\t<tr>\n\t\t<td style=\"background-color: #DDDDDD; text-align: center; \"><b>8<\/b><\/td>\n<td style=\"padding-left: 8px;\"> &#8211; <\/td>\n\t<\/tr>\n\t<tr>\n\t\t<td style=\"background-color: #DDDDDD; text-align: center; \"><b>9a<\/b><\/td>\n\t\t<td style=\"padding-left: 8px;\">majusku\u0142a<\/td>\n\t<\/tr>\n\t<tr>\n\t\t<td style=\"background-color: #DDDDDD; text-align: center; \"><b>9b<\/b><\/td>\n<td style=\"padding-left: 8px;\"><br> w p\u00f3\u0142otoku g\u00f3rnym:  <b><big>*<\/big> SZKO\u0141A PODSTAWOWA * <br><\/b>  w p\u00f3\u0142otoku dolnym: <b> W DZIKOWIE STARYM<br><br><\/b><\/td> \n\t<\/tr>\n\t<tr>\n\t\t<td style=\"background-color: #DDDDDD; text-align: center; \"><b>10<\/b><\/td>\n<td style=\"padding-left: 8px;\"> W polu piecz\u0119ci, oddzielonym od pola legendy obrze\u017ceniem ci\u0105g\u0142ym, wizerunek or\u0142a w koronie, ustalony dla god\u0142a herbu Rzeczypospolitej Polskiej w 1927 r., uszczerbiony w Mennicy przez odj\u0119cie korony. Na zewn\u0105trz, wok\u00f3\u0142 pola legendy, pojedyncze obrze\u017cenie ci\u0105g\u0142e. <\/td>\n<\/tr>\n\t<tr>\n\t\t<td style=\"background-color: #DDDDDD; text-align: center; \"><b>11<\/b><\/td>\n<td style=\"padding-left: 8px;\">&#8211;<\/td>\n\t<\/tr>\n\t<tr>\n<td style=\"background-color: #DDDDDD; text-align: center; \"><b>12<\/b><\/td>\n<td style=\"padding-left: 8px;\">Na odwrocie matrycy nr ewidencyjny 179 565. <\/td>\n\t<\/tr>\n<\/tbody><\/table>\n\n\n\n<p class=\"has-small-font-size\"> <a rel=\"noreferrer noopener\" href=\"http:\/\/sigillarium.pl\/index.php\/legenda-do-opisu-tloka-pieczetnego\/\" target=\"_blank\">Legenda<\/a> <\/p>\n<\/div>\n<\/div>\n\n\n\n<hr class=\"wp-block-separator has-css-opacity\"\/>\n\n\n\n<div class=\"wp-block-columns is-layout-flex wp-container-core-columns-is-layout-9d6595d7 wp-block-columns-is-layout-flex\">\n<div class=\"wp-block-column is-layout-flow wp-block-column-is-layout-flow\" style=\"flex-basis:5%\"><\/div>\n\n\n\n<div class=\"wp-block-column is-vertically-aligned-center is-layout-flow wp-block-column-is-layout-flow\" style=\"flex-basis:23%\">\n<figure class=\"wp-block-gallery aligncenter has-nested-images columns-default is-cropped wp-block-gallery-38 is-layout-flex wp-block-gallery-is-layout-flex\">\n<figure class=\"wp-block-image size-large is-style-default\"><a href=\"https:\/\/sigillarium.pl\/wp-content\/uploads\/2023\/05\/Warszawa-PROERG-pieczec-seal-petschaft-siegel-sceau-cachet-sigillarium.jpg\"><img loading=\"lazy\" decoding=\"async\" width=\"1024\" height=\"1015\" data-id=\"25021\" src=\"https:\/\/sigillarium.pl\/wp-content\/uploads\/2023\/05\/Warszawa-PROERG-pieczec-seal-petschaft-siegel-sceau-cachet-sigillarium-1024x1015.jpg\" alt=\"\" class=\"wp-image-25021\" srcset=\"https:\/\/sigillarium.pl\/wp-content\/uploads\/2023\/05\/Warszawa-PROERG-pieczec-seal-petschaft-siegel-sceau-cachet-sigillarium-1024x1015.jpg 1024w, https:\/\/sigillarium.pl\/wp-content\/uploads\/2023\/05\/Warszawa-PROERG-pieczec-seal-petschaft-siegel-sceau-cachet-sigillarium-300x297.jpg 300w, https:\/\/sigillarium.pl\/wp-content\/uploads\/2023\/05\/Warszawa-PROERG-pieczec-seal-petschaft-siegel-sceau-cachet-sigillarium-150x150.jpg 150w, https:\/\/sigillarium.pl\/wp-content\/uploads\/2023\/05\/Warszawa-PROERG-pieczec-seal-petschaft-siegel-sceau-cachet-sigillarium-768x761.jpg 768w, https:\/\/sigillarium.pl\/wp-content\/uploads\/2023\/05\/Warszawa-PROERG-pieczec-seal-petschaft-siegel-sceau-cachet-sigillarium.jpg 1042w\" sizes=\"auto, (max-width: 1024px) 100vw, 1024px\" \/><\/a><\/figure>\n<\/figure>\n<\/div>\n\n\n\n<div class=\"wp-block-column is-layout-flow wp-block-column-is-layout-flow\" style=\"flex-basis:1%\"><\/div>\n\n\n\n<div class=\"wp-block-column is-vertically-aligned-center is-layout-flow wp-block-column-is-layout-flow\" style=\"flex-basis:22%\"><div class=\"wp-block-image\">\n<figure class=\"aligncenter size-full is-resized\"><img loading=\"lazy\" decoding=\"async\" width=\"506\" height=\"924\" src=\"https:\/\/sigillarium.pl\/wp-content\/uploads\/2023\/05\/Warszawa-PROERG-pieczec-uchwyt-seal-petschaft-siegel-sceau-cachet-sigillarium.jpg\" alt=\"\" class=\"wp-image-25022\" style=\"width:168px;height:307px\" srcset=\"https:\/\/sigillarium.pl\/wp-content\/uploads\/2023\/05\/Warszawa-PROERG-pieczec-uchwyt-seal-petschaft-siegel-sceau-cachet-sigillarium.jpg 506w, https:\/\/sigillarium.pl\/wp-content\/uploads\/2023\/05\/Warszawa-PROERG-pieczec-uchwyt-seal-petschaft-siegel-sceau-cachet-sigillarium-164x300.jpg 164w\" sizes=\"auto, (max-width: 506px) 100vw, 506px\" \/><\/figure>\n<\/div><\/div>\n\n\n\n<div class=\"wp-block-column is-layout-flow wp-block-column-is-layout-flow\" style=\"flex-basis:1%\"><\/div>\n\n\n\n<div class=\"wp-block-column is-layout-flow wp-block-column-is-layout-flow\" style=\"flex-basis:48%\">\n<style> td {font-size: 11px; color: black; font-family: Arial;} <\/style>\n<table style=\"width: 500px; height: 150px;\">\n\t<tr>\n\t\t<td style=\"background-color: #DDDDDD; width:6%; text-align: center; \"><b>1<\/b><\/td>\n\t\t<td style=\"padding-left: 8px;\">kolekcja prywatna<\/td>\n\t<\/tr>\n\t<tr>\n\t\t<td style=\"background-color: #DDDDDD; text-align: center; \"><b>2<\/b><\/td>\n<td style=\"background-color: #FFFF99; white-space: nowrap; padding-left: 8px;\"><b><big><big> <a href=\"https:\/\/pl.wikipedia.org\/wiki\/Warszawa \"> WARSZAWA<a> <\/big><\/big><br \/><big> Biuro Projekt\u00f3w Przemys\u0142u Organicznego PROERG<\/big><br \/ ><\/td>\n\t<\/tr>\n\t<tr>\n\t\t<td style=\"background-color: #DDDDDD; text-align: center; \"><b>3a<\/b><\/td>\n\t\t<td style=\"padding-left: 8px;\">mosi\u0105dz<\/td>\n\t<\/tr>\n\t<tr>\n\t\t<td style=\"background-color: #DDDDDD; text-align: center; \"><b>3b<\/b><\/td>\n\t\t<td style=\"padding-left: 8px;\">drewno<\/td>\n\t<\/tr>\n\t<tr>\n\t\t<td style=\"background-color: #DDDDDD; text-align: center; \"><b>4<\/b><\/td>\n\t\t<td style=\"padding-left: 8px;\">okr\u0105g\u0142a \u00d8 20 mm<\/td>\n\t<\/tr>\n\t<tr>\n\t\t<td style=\"background-color: #DDDDDD; text-align: center; \"><b>5<\/b><\/td>\n\t\t<td style=\"padding-left: 8px;\">wkl\u0119s\u0142oryty<\/td>\n\t<\/tr>\n\t<tr>\n\t\t<td style=\"background-color: #DDDDDD; text-align: center; \"><b>6<\/b><\/td>\n<td style=\"padding-left: 8px;\">na rancie numer ewidencyjny 147 871<\/td>\n\t<\/tr>\n<tr>\n\t\t<td style=\"background-color: #DDDDDD; text-align: center; \"><b>7<\/b><\/td>\n<td style=\"padding-left: 8px;\">uchwyt toczony o kulistej ga\u0142ce <\/td>\n\t<\/tr>\n\t<tr>\n\t\t<td style=\"background-color: #DDDDDD; text-align: center; \"><b>7a<\/b><\/td>\n\t\t<td style=\"padding-left: 8px;\">57,5 mm<\/td>\n\t<\/tr>\n\t<tr>\n\t\t<td style=\"background-color: #DDDDDD; text-align: center; \"><b>7b<\/b><\/td>\n<td style=\"padding-left: 8px;\">46,5 mm, w tym skuwka 8 mm (\u00d8 16,5 mm) <\/td>\n\t<\/tr>\n\t<tr>\n\t\t<td style=\"background-color: #DDDDDD; text-align: center; \"><b>7c<\/b><\/td>\n\t\t<td style=\"padding-left: 8px;\">11 mm<\/td>\n\t<\/tr>\n\t<tr>\n\t\t<td style=\"background-color: #DDDDDD; text-align: center; \"><b>8<\/b><\/td>\n<td style=\"padding-left: 8px;\">na r\u0119koje\u015bci znacznik prawid\u0142owego ustawienia t\u0142oka <\/td>\n\t<\/tr>\n\t<tr>\n\t\t<td style=\"background-color: #DDDDDD; text-align: center; \"><b>9a<\/b><\/td>\n\t\t<td style=\"padding-left: 8px;\">majusku\u0142a<\/td>\n\t<\/tr>\n\t<tr>\n\t\t<td style=\"background-color: #DDDDDD; text-align: center; \"><b>9b<\/b><\/td>\n<td style=\"padding-left: 8px;\"> <br \/>w otoku: <b>* PROERG * \/\/ WARSZAWA <\/b> <br \/>w polu: <b>261<\/b><br \/><br \/><\/td> \n<\/tr>\n\t<tr>\t\n\t\t<td style=\"background-color: #DDDDDD; text-align: center; \"><b>10<\/b><\/td>\n<td style=\"padding-left: 8px;\"> W polu piecz\u0119ci napis w jednym wierszu. Na zewn\u0105trz, wok\u00f3\u0142 pola piecz\u0119ci, pojedyncze obrze\u017cenie ci\u0105g\u0142e.<\/td>\n<\/tr>\n\t<tr>\n\t\t<td style=\"background-color: #DDDDDD; text-align: center; \"><b>11<\/b><\/td>\n<td style=\"padding-left: 8px;\">&#8211;<\/td>\n\t<\/tr>\n\t<tr>\n\t\t<td style=\"background-color: #DDDDDD; text-align: center; \"><b>12<\/b><\/td>\n<td style=\"padding-left: 8px;\">&#8211; <\/td>\n\t<\/tr>\n<\/table>\n\n\n\n<p class=\"has-small-font-size\"> <a rel=\"noreferrer noopener\" href=\"http:\/\/sigillarium.pl\/index.php\/legenda-do-opisu-tloka-pieczetnego\/\" target=\"_blank\">Legenda<\/a> <\/p>\n<\/div>\n<\/div>\n\n\n\n<hr class=\"wp-block-separator has-alpha-channel-opacity\"\/>\n\n\n\n<div class=\"wp-block-columns is-layout-flex wp-container-core-columns-is-layout-9d6595d7 wp-block-columns-is-layout-flex\">\n<div class=\"wp-block-column is-layout-flow wp-block-column-is-layout-flow\" style=\"flex-basis:5%\"><\/div>\n\n\n\n<div class=\"wp-block-column is-vertically-aligned-center is-layout-flow wp-block-column-is-layout-flow\" style=\"flex-basis:23%\">\n<figure class=\"wp-block-gallery aligncenter has-nested-images columns-default is-cropped wp-block-gallery-39 is-layout-flex wp-block-gallery-is-layout-flex\">\n<figure class=\"wp-block-image size-full is-style-default\"><a href=\"https:\/\/sigillarium.pl\/wp-content\/uploads\/2020\/05\/Warszawa-Inspektorat-Kontroli-Gospodarki-Drewnem-t\u0142ok.jpg\"><img loading=\"lazy\" decoding=\"async\" width=\"412\" height=\"402\" data-id=\"4050\" src=\"http:\/\/sigillarium.pl\/wp-content\/uploads\/2020\/05\/Warszawa-Inspektorat-Kontroli-Gospodarki-Drewnem-t\u0142ok.jpg\" alt=\"\" class=\"wp-image-4050\" srcset=\"https:\/\/sigillarium.pl\/wp-content\/uploads\/2020\/05\/Warszawa-Inspektorat-Kontroli-Gospodarki-Drewnem-t\u0142ok.jpg 412w, https:\/\/sigillarium.pl\/wp-content\/uploads\/2020\/05\/Warszawa-Inspektorat-Kontroli-Gospodarki-Drewnem-t\u0142ok-300x293.jpg 300w\" sizes=\"auto, (max-width: 412px) 100vw, 412px\" \/><\/a><\/figure>\n<\/figure>\n\n\n\n<p><\/p>\n<\/div>\n\n\n\n<div class=\"wp-block-column is-layout-flow wp-block-column-is-layout-flow\" style=\"flex-basis:1%\"><\/div>\n\n\n\n<div class=\"wp-block-column is-vertically-aligned-center is-layout-flow wp-block-column-is-layout-flow\" style=\"flex-basis:22%\"><div class=\"wp-block-image\">\n<figure class=\"aligncenter size-large is-resized\"><img loading=\"lazy\" decoding=\"async\" width=\"343\" height=\"693\" src=\"http:\/\/sigillarium.pl\/wp-content\/uploads\/2020\/05\/Warszawa-Inspektorat-Kontroli-Gospodarki-Drewnem-uchwyt.jpg\" alt=\"\" class=\"wp-image-4051\" style=\"width:160px;height:321px\" srcset=\"https:\/\/sigillarium.pl\/wp-content\/uploads\/2020\/05\/Warszawa-Inspektorat-Kontroli-Gospodarki-Drewnem-uchwyt.jpg 343w, https:\/\/sigillarium.pl\/wp-content\/uploads\/2020\/05\/Warszawa-Inspektorat-Kontroli-Gospodarki-Drewnem-uchwyt-148x300.jpg 148w\" sizes=\"auto, (max-width: 343px) 100vw, 343px\" \/><\/figure>\n<\/div><\/div>\n\n\n\n<div class=\"wp-block-column is-layout-flow wp-block-column-is-layout-flow\" style=\"flex-basis:1%\"><\/div>\n\n\n\n<div class=\"wp-block-column is-layout-flow wp-block-column-is-layout-flow\" style=\"flex-basis:48%\">\n<style> td {font-size: 11px; color: black; font-family: Arial;} <\/style>\n<table style=\"width: 500px; height: 150px;\">\n\t<tr>\n\t\t<td style=\"background-color: #DDDDDD; width:6%; text-align: center; \"><b>1<\/b><\/td>\n\t\t<td style=\"padding-left: 8px;\">kolekcja prywatna<\/td>\n\t<\/tr>\n\t<tr>\n\t\t<td style=\"background-color: #DDDDDD; text-align: center; \"><b>2<\/b><\/td>\n<td style=\"background-color: #FFFF99; white-space: nowrap; padding-left: 8px;\"><b><big><big><a href=\"https:\/\/pl.wikipedia.org\/wiki\/Warszawa\"> WARSZAWA<\/a><\/big><br\/><\/big><big>Inspektorat Kontroli Gospodarki Drewnem<\/b><br\/><\/td>\n\t<\/tr>\n\t<tr>\n\t\t<td style=\"background-color: #DDDDDD; text-align: center; \"><b>3a<\/b><\/td>\n\t\t<td style=\"padding-left: 8px;\">mosi\u0105dz<\/td>\n\t<\/tr>\n\t<tr>\n\t\t<td style=\"background-color: #DDDDDD; text-align: center; \"><b>3b<\/b><\/td>\n\t\t<td style=\"padding-left: 8px;\">tworzywo sztuczne<\/td>\n\t<\/tr>\n\t<tr>\n\t\t<td style=\"background-color: #DDDDDD; text-align: center; \"><b>4<\/b><\/td>\n\t\t<td style=\"padding-left: 8px;\">okr\u0105g\u0142a \u00d8 20 mm<\/td>\n\t<\/tr>\n\t<tr>\n\t\t<td style=\"background-color: #DDDDDD; text-align: center; \"><b>5<\/b><\/td>\n\t\t<td style=\"padding-left: 8px;\">wypuk\u0142oryty<\/td>\n\t<\/tr>\n\t<tr>\n\t\t<td style=\"background-color: #DDDDDD; text-align: center; \"><b>6<\/b><\/td>\n<td style=\"padding-left: 8px;\"> na rancie matrycy nr ewidencyjny 412 631, numer grawera 78, sygnatura wytw\u00f3rcy m \/\/ W<\/td>\n\t<\/tr>\n<tr>\n\t\t<td style=\"background-color: #DDDDDD; text-align: center; \"><b>7<\/b><\/td>\n<td style=\"padding-left: 8px;\"> uchwyt o kulistej ga\u0142ce<\/td>\n\t<\/tr>\n\t<tr>\n\t\t<td style=\"background-color: #DDDDDD; text-align: center; \"><b>7a<\/b><\/td>\n\t\t<td style=\"padding-left: 8px;\">72 mm<\/td>\n\t<\/tr>\n\t<tr>\n\t\t<td style=\"background-color: #DDDDDD; text-align: center; \"><b>7b<\/b><\/td>\n\t\t<td style=\"padding-left: 8px;\">63 mm<\/td>\n\t<\/tr>\n\t<tr>\n\t\t<td style=\"background-color: #DDDDDD; text-align: center; \"><b>7c<\/b><\/td>\n\t\t<td style=\"padding-left: 8px;\">9 mm<\/td>\n\t<\/tr>\n\t<tr>\n\t\t<td style=\"background-color: #DDDDDD; text-align: center; \"><b>8<\/b><\/td>\n<td style=\"padding-left: 8px;\"> na ga\u0142ce uchwytu znacznik prawid\u0142owego ustawienia t\u0142oka oraz sygnatura wytw\u00f3rcy m \/\/ W<\/td>\n\t<\/tr>\n\t<tr>\n\t\t<td style=\"background-color: #DDDDDD; text-align: center; \"><b>9a<\/b><\/td>\n\t\t<td style=\"padding-left: 8px;\">majusku\u0142a<\/td>\n\t<\/tr>\n\t<tr>\n\t\t<td style=\"background-color: #DDDDDD; text-align: center; \"><b>9b<\/b><\/td>\n<td style=\"padding-left: 8px;\"> <br \/>w otoku: <b>  * INSPEKTORAT   KONTROLI GOSPODARKI   DREWNEM<\/b><br \/><br \/><\/td> \n\t<\/tr>\n\t<tr>\n\t\t<td style=\"background-color: #DDDDDD; text-align: center; \"><b>10<\/b><\/td>\n<td style=\"padding-left: 8px;\"> W polu piecz\u0119ci oddzielonym od pola legendy obrze\u017ceniem ci\u0105g\u0142ym, wizerunek or\u0142a, ustalony dla god\u0142a herbu Polskiej Rzeczypospolitej Ludowej w 1955 r. Na zewn\u0105trz pola legendy pojedyncze obrze\u017cenie ci\u0105g\u0142e.<\/td>\n<\/tr>\n\t<tr>\n\t\t<td style=\"background-color: #DDDDDD; text-align: center; \"><b>11<\/b><\/td>\n<td style=\"padding-left: 8px;\"> J. Giersz, Piecz\u0119cie &#8211; niedoceniana i nie do ko\u0144ca znana dzia\u0142alno\u015b\u0107 Mennicy Warszawskiej, Biuletyn Numizmatyczny 4\/2018, s. 285.<\/td>\n\t<\/tr>\n\t<tr>\n\t\t<td style=\"background-color: #DDDDDD; text-align: center; \"><b>12<\/b><\/td>\n\t\t<td style=\"padding-left: 8px;\">&#8211;<\/td>\n\t<\/tr>\n<\/table>\n\n\n\n<p class=\"has-small-font-size\"> <a rel=\"noreferrer noopener\" href=\"http:\/\/sigillarium.pl\/index.php\/legenda-do-opisu-tloka-pieczetnego\/\" target=\"_blank\">Legenda<\/a> <\/p>\n<\/div>\n<\/div>\n\n\n\n<hr class=\"wp-block-separator has-alpha-channel-opacity\"\/>\n\n\n\n<div class=\"wp-block-columns is-layout-flex wp-container-core-columns-is-layout-9d6595d7 wp-block-columns-is-layout-flex\">\n<div class=\"wp-block-column is-layout-flow wp-block-column-is-layout-flow\" style=\"flex-basis:5%\"><\/div>\n\n\n\n<div class=\"wp-block-column is-vertically-aligned-center is-layout-flow wp-block-column-is-layout-flow\" style=\"flex-basis:23%\">\n<figure class=\"wp-block-gallery aligncenter has-nested-images columns-default is-cropped wp-block-gallery-40 is-layout-flex wp-block-gallery-is-layout-flex\">\n<figure class=\"wp-block-image size-large is-style-default\"><a href=\"https:\/\/sigillarium.pl\/wp-content\/uploads\/2022\/07\/Warszawa-Okecie-B-pieczec-seal-petschaft-siegel-sceau-sigillo-sigillarium.jpg\"><img loading=\"lazy\" decoding=\"async\" width=\"1024\" height=\"468\" data-id=\"21357\" src=\"https:\/\/sigillarium.pl\/wp-content\/uploads\/2022\/07\/Warszawa-Okecie-B-pieczec-seal-petschaft-siegel-sceau-sigillo-sigillarium-1024x468.jpg\" alt=\"\" class=\"wp-image-21357\" srcset=\"https:\/\/sigillarium.pl\/wp-content\/uploads\/2022\/07\/Warszawa-Okecie-B-pieczec-seal-petschaft-siegel-sceau-sigillo-sigillarium-1024x468.jpg 1024w, https:\/\/sigillarium.pl\/wp-content\/uploads\/2022\/07\/Warszawa-Okecie-B-pieczec-seal-petschaft-siegel-sceau-sigillo-sigillarium-300x137.jpg 300w, https:\/\/sigillarium.pl\/wp-content\/uploads\/2022\/07\/Warszawa-Okecie-B-pieczec-seal-petschaft-siegel-sceau-sigillo-sigillarium-768x351.jpg 768w, https:\/\/sigillarium.pl\/wp-content\/uploads\/2022\/07\/Warszawa-Okecie-B-pieczec-seal-petschaft-siegel-sceau-sigillo-sigillarium-1536x702.jpg 1536w, https:\/\/sigillarium.pl\/wp-content\/uploads\/2022\/07\/Warszawa-Okecie-B-pieczec-seal-petschaft-siegel-sceau-sigillo-sigillarium.jpg 1854w\" sizes=\"auto, (max-width: 1024px) 100vw, 1024px\" \/><\/a><\/figure>\n<\/figure>\n<\/div>\n\n\n\n<div class=\"wp-block-column is-layout-flow wp-block-column-is-layout-flow\" style=\"flex-basis:1%\"><\/div>\n\n\n\n<div class=\"wp-block-column is-vertically-aligned-center is-layout-flow wp-block-column-is-layout-flow\" style=\"flex-basis:22%\"><div class=\"wp-block-image is-resized\">\n<figure class=\"aligncenter size-large\"><img loading=\"lazy\" decoding=\"async\" width=\"571\" height=\"1024\" src=\"https:\/\/sigillarium.pl\/wp-content\/uploads\/2022\/07\/Warszawa-Okecie-B-pieczec-uchwyt-seal-petschaft-siegel-sceau-sigillo-sigillarium-571x1024.jpg\" alt=\"\" class=\"wp-image-21358\" style=\"width:190px\" srcset=\"https:\/\/sigillarium.pl\/wp-content\/uploads\/2022\/07\/Warszawa-Okecie-B-pieczec-uchwyt-seal-petschaft-siegel-sceau-sigillo-sigillarium-571x1024.jpg 571w, https:\/\/sigillarium.pl\/wp-content\/uploads\/2022\/07\/Warszawa-Okecie-B-pieczec-uchwyt-seal-petschaft-siegel-sceau-sigillo-sigillarium-167x300.jpg 167w, https:\/\/sigillarium.pl\/wp-content\/uploads\/2022\/07\/Warszawa-Okecie-B-pieczec-uchwyt-seal-petschaft-siegel-sceau-sigillo-sigillarium.jpg 577w\" sizes=\"auto, (max-width: 571px) 100vw, 571px\" \/><\/figure>\n<\/div><\/div>\n\n\n\n<div class=\"wp-block-column is-layout-flow wp-block-column-is-layout-flow\" style=\"flex-basis:1%\"><\/div>\n\n\n\n<div class=\"wp-block-column is-layout-flow wp-block-column-is-layout-flow\" style=\"flex-basis:48%\">\n<style> td {font-size: 11px; color: black; font-family: Arial;} <\/style>\n<table style=\"width: 500px; height: 150px;\">\n\t<tr>\n\t\t<td style=\"background-color: #DDDDDD; width:6%; text-align: center; \"><b>1<\/b><\/td>\n\t\t<td style=\"padding-left: 8px;\">kolekcja prywatna<\/td>\n\t<\/tr>\n\t<tr>\n\t\t<td style=\"background-color: #DDDDDD; text-align: center; \"><b>2<\/b><\/td>\n<td style=\"background-color: #FFFF99; white-space: nowrap; padding-left: 8px;\"><b><big><big> <a href=\"https:\/\/pl.wikipedia.org\/wiki\/Warszawa \"> WARSZAWA <\/a> <\/big><\/big><br \/><big> Lotnisko Ok\u0119cie<\/big><\/td>\n\t<\/tr>\n\t<tr>\n\t\t<td style=\"background-color: #DDDDDD; text-align: center; \"><b>3a<\/b><\/td>\n\t\t<td style=\"padding-left: 8px;\">mosi\u0105dz<\/td>\n\t<\/tr>\n\t<tr>\n\t\t<td style=\"background-color: #DDDDDD; text-align: center; \"><b>3b<\/b><\/td>\n\t\t<td style=\"padding-left: 8px;\">drewno<\/td>\n\t<\/tr>\n\t<tr>\n\t\t<td style=\"background-color: #DDDDDD; text-align: center; \"><b>4<\/b><\/td>\n\t\t<td style=\"padding-left: 8px;\">prostok\u0105tna 25 x 55 mm<\/td>\n\t<\/tr>\n\t<tr>\n\t\t<td style=\"background-color: #DDDDDD; text-align: center; \"><b>5<\/b><\/td>\n\t\t<td style=\"padding-left: 8px;\">wypuk\u0142oryty<\/td>\n\t<\/tr>\n\t<tr>\n\t\t<td style=\"background-color: #DDDDDD; text-align: center; \"><b>6<\/b><\/td>\n<td style=\"padding-left: 8px;\">&#8211; <\/td>\n\t<\/tr>\n<tr>\n\t\t<td style=\"background-color: #DDDDDD; text-align: center; \"><b>7<\/b><\/td>\n<td style=\"padding-left: 8px;\">uchwyt toczony o kulistej ga\u0142ce, lakierowany na czarno<\/td>\n\t<\/tr>\n\t<tr>\n\t\t<td style=\"background-color: #DDDDDD; text-align: center; \"><b>7a<\/b><\/td>\n\t\t<td style=\"padding-left: 8px;\"> 116,5 mm<\/td>\n\t<\/tr>\n\t<tr>\n\t\t<td style=\"background-color: #DDDDDD; text-align: center; \"><b>7b<\/b><\/td>\n<td style=\"padding-left: 8px;\">111,5 mm, w tym cok\u00f3\u0142  31 mm, stanowi\u0105cy z matryc\u0105 jedn\u0105 ca\u0142o\u015b\u0107<\/td>\n\t<\/tr>\n\t<tr>\n\t\t<td style=\"background-color: #DDDDDD; text-align: center; \"><b>7c<\/b><\/td>\n\t\t<td style=\"padding-left: 8px;\"> 5 mm<\/td>\n\t<\/tr>\n\t<tr>\n\t\t<td style=\"background-color: #DDDDDD; text-align: center; \"><b>8<\/b><\/td>\n<td style=\"padding-left: 8px;\">&#8211; <\/td>\n\t<\/tr>\n\t<tr>\n\t\t<td style=\"background-color: #DDDDDD; text-align: center; \"><b>9a<\/b><\/td>\n\t\t<td style=\"padding-left: 8px;\">majusku\u0142a<\/td>\n\t<\/tr>\n\t<tr>\n\t\t<td style=\"background-color: #DDDDDD; text-align: center; \"><b>9b<\/b><\/td>\n<td style=\"padding-left: 8px;\"> <br \/>w polu:  <b> WARSZAWA OK\u0118CIE B \/\/ PRZYBYCIE<\/b><br \/><br \/><\/td> \n<\/tr>\n\t<tr>\t\n\t\t<td style=\"background-color: #DDDDDD; text-align: center; \"><b>10<\/b><\/td>\n<td style=\"padding-left: 8px;\"> W polu piecz\u0119ci, w prostok\u0105tnym otworze, trzyna\u015bcie obrotowych pier\u015bcieni z cyframi. Powy\u017cej i poni\u017cej otworu napisy. Na zewn\u0105trz, wok\u00f3\u0142 pola piecz\u0119ci, pojedyncze obrze\u017cenie ci\u0105g\u0142e.<\/td>\n<\/tr>\n\t<tr>\n\t\t<td style=\"background-color: #DDDDDD; text-align: center; \"><b>11<\/b><\/td>\n<td style=\"padding-left: 8px;\">&#8211;<\/td>\n\t<\/tr>\n\t<tr>\n\t\t<td style=\"background-color: #DDDDDD; text-align: center; \"><b>12<\/b><\/td>\n<td style=\"padding-left: 8px;\">&#8211;<\/td>\n\t<\/tr>\n<\/table>\n\n\n\n<p class=\"has-small-font-size\"> <a rel=\"noreferrer noopener\" href=\"http:\/\/sigillarium.pl\/index.php\/legenda-do-opisu-tloka-pieczetnego\/\" target=\"_blank\">Legenda<\/a> <\/p>\n<\/div>\n<\/div>\n\n\n\n<hr class=\"wp-block-separator has-alpha-channel-opacity\"\/>\n\n\n\n<div class=\"wp-block-columns is-layout-flex wp-container-core-columns-is-layout-9d6595d7 wp-block-columns-is-layout-flex\">\n<div class=\"wp-block-column is-layout-flow wp-block-column-is-layout-flow\" style=\"flex-basis:5%\"><\/div>\n\n\n\n<div class=\"wp-block-column is-vertically-aligned-center is-layout-flow wp-block-column-is-layout-flow\" style=\"flex-basis:23%\">\n<figure class=\"wp-block-gallery aligncenter has-nested-images columns-default is-cropped wp-block-gallery-41 is-layout-flex wp-block-gallery-is-layout-flex\">\n<figure class=\"wp-block-image size-large is-style-default\"><a href=\"https:\/\/sigillarium.pl\/wp-content\/uploads\/2024\/10\/Warszawa-Lotnisko-Okecie-Odejscie-pieczec-seal-petschaft-siegel-sceau-cachet-sigillo-sigillarium.jpg\"><img loading=\"lazy\" decoding=\"async\" width=\"1024\" height=\"462\" data-id=\"33366\" src=\"https:\/\/sigillarium.pl\/wp-content\/uploads\/2024\/10\/Warszawa-Lotnisko-Okecie-Odejscie-pieczec-seal-petschaft-siegel-sceau-cachet-sigillo-sigillarium-1024x462.jpg\" alt=\"\" class=\"wp-image-33366\" srcset=\"https:\/\/sigillarium.pl\/wp-content\/uploads\/2024\/10\/Warszawa-Lotnisko-Okecie-Odejscie-pieczec-seal-petschaft-siegel-sceau-cachet-sigillo-sigillarium-1024x462.jpg 1024w, https:\/\/sigillarium.pl\/wp-content\/uploads\/2024\/10\/Warszawa-Lotnisko-Okecie-Odejscie-pieczec-seal-petschaft-siegel-sceau-cachet-sigillo-sigillarium-300x135.jpg 300w, https:\/\/sigillarium.pl\/wp-content\/uploads\/2024\/10\/Warszawa-Lotnisko-Okecie-Odejscie-pieczec-seal-petschaft-siegel-sceau-cachet-sigillo-sigillarium-768x346.jpg 768w, https:\/\/sigillarium.pl\/wp-content\/uploads\/2024\/10\/Warszawa-Lotnisko-Okecie-Odejscie-pieczec-seal-petschaft-siegel-sceau-cachet-sigillo-sigillarium.jpg 1371w\" sizes=\"auto, (max-width: 1024px) 100vw, 1024px\" \/><\/a><\/figure>\n<\/figure>\n<\/div>\n\n\n\n<div class=\"wp-block-column is-layout-flow wp-block-column-is-layout-flow\" style=\"flex-basis:1%\"><\/div>\n\n\n\n<div class=\"wp-block-column is-vertically-aligned-center is-layout-flow wp-block-column-is-layout-flow\" style=\"flex-basis:22%\"><div class=\"wp-block-image is-resized\">\n<figure class=\"aligncenter size-full\"><img loading=\"lazy\" decoding=\"async\" width=\"511\" height=\"954\" src=\"https:\/\/sigillarium.pl\/wp-content\/uploads\/2024\/10\/Warszawa-Lotnisko-Okecie-Odejscie-pieczec-uchwyt-seal-petschaft-siegel-sceau-cachet-sigillo-sigillarium.jpg\" alt=\"\" class=\"wp-image-33367\" style=\"width:190px\" srcset=\"https:\/\/sigillarium.pl\/wp-content\/uploads\/2024\/10\/Warszawa-Lotnisko-Okecie-Odejscie-pieczec-uchwyt-seal-petschaft-siegel-sceau-cachet-sigillo-sigillarium.jpg 511w, https:\/\/sigillarium.pl\/wp-content\/uploads\/2024\/10\/Warszawa-Lotnisko-Okecie-Odejscie-pieczec-uchwyt-seal-petschaft-siegel-sceau-cachet-sigillo-sigillarium-161x300.jpg 161w\" sizes=\"auto, (max-width: 511px) 100vw, 511px\" \/><\/figure>\n<\/div><\/div>\n\n\n\n<div class=\"wp-block-column is-layout-flow wp-block-column-is-layout-flow\" style=\"flex-basis:1%\"><\/div>\n\n\n\n<div class=\"wp-block-column is-layout-flow wp-block-column-is-layout-flow\" style=\"flex-basis:48%\">\n<style> td {font-size: 11px; color: black; font-family: Arial;} <\/style>\n<table style=\"width: 500px; height: 150px;\">\n\t<tr>\n\t\t<td style=\"background-color: #DDDDDD; width:6%; text-align: center; \"><b>1<\/b><\/td>\n\t\t<td style=\"padding-left: 8px;\">kolekcja prywatna<\/td>\n\t<\/tr>\n\t<tr>\n\t\t<td style=\"background-color: #DDDDDD; text-align: center; \"><b>2<\/b><\/td>\n<td style=\"background-color: #FFFF99; white-space: nowrap; padding-left: 8px;\"><b><big><big> <a href=\"https:\/\/pl.wikipedia.org\/wiki\/Warszawa \"> WARSZAWA <\/a> <\/big><\/big><br \/><big> Lotnisko Ok\u0119cie<\/big><\/td>\n\t<\/tr>\n\t<tr>\n\t\t<td style=\"background-color: #DDDDDD; text-align: center; \"><b>3a<\/b><\/td>\n\t\t<td style=\"padding-left: 8px;\">mosi\u0105dz<\/td>\n\t<\/tr>\n\t<tr>\n\t\t<td style=\"background-color: #DDDDDD; text-align: center; \"><b>3b<\/b><\/td>\n\t\t<td style=\"padding-left: 8px;\">drewno<\/td>\n\t<\/tr>\n\t<tr>\n\t\t<td style=\"background-color: #DDDDDD; text-align: center; \"><b>4<\/b><\/td>\n\t\t<td style=\"padding-left: 8px;\">prostok\u0105tna 25 x 55 mm<\/td>\n\t<\/tr>\n\t<tr>\n\t\t<td style=\"background-color: #DDDDDD; text-align: center; \"><b>5<\/b><\/td>\n\t\t<td style=\"padding-left: 8px;\">wypuk\u0142oryty<\/td>\n\t<\/tr>\n\t<tr>\n\t\t<td style=\"background-color: #DDDDDD; text-align: center; \"><b>6<\/b><\/td>\n<td style=\"padding-left: 8px;\">&#8211; <\/td>\n\t<\/tr>\n<tr>\n\t\t<td style=\"background-color: #DDDDDD; text-align: center; \"><b>7<\/b><\/td>\n<td style=\"padding-left: 8px;\">uchwyt toczony o kulistej ga\u0142ce, lakierowany<\/td>\n\t<\/tr>\n\t<tr>\n\t\t<td style=\"background-color: #DDDDDD; text-align: center; \"><b>7a<\/b><\/td>\n\t\t<td style=\"padding-left: 8px;\"> 120 mm<\/td>\n\t<\/tr>\n\t<tr>\n\t\t<td style=\"background-color: #DDDDDD; text-align: center; \"><b>7b<\/b><\/td>\n<td style=\"padding-left: 8px;\">115 mm, w tym cok\u00f3\u0142  31 mm, stanowi\u0105cy z matryc\u0105 jedn\u0105 ca\u0142o\u015b\u0107, skuwka 12 mm (\u00d8 20 mm)<\/td>\n\t<\/tr>\n\t<tr>\n\t\t<td style=\"background-color: #DDDDDD; text-align: center; \"><b>7c<\/b><\/td>\n\t\t<td style=\"padding-left: 8px;\"> 5 mm<\/td>\n\t<\/tr>\n\t<tr>\n\t\t<td style=\"background-color: #DDDDDD; text-align: center; \"><b>8<\/b><\/td>\n<td style=\"padding-left: 8px;\">&#8211; <\/td>\n\t<\/tr>\n\t<tr>\n\t\t<td style=\"background-color: #DDDDDD; text-align: center; \"><b>9a<\/b><\/td>\n\t\t<td style=\"padding-left: 8px;\">majusku\u0142a<\/td>\n\t<\/tr>\n\t<tr>\n\t\t<td style=\"background-color: #DDDDDD; text-align: center; \"><b>9b<\/b><\/td>\n<td style=\"padding-left: 8px;\"> <br \/>w polu:  <b> WARSZAWA OK\u0118CIE \/\/ ODEJ\u015aCIE<\/b><br \/><br \/><\/td> \n<\/tr>\n\t<tr>\t\n\t\t<td style=\"background-color: #DDDDDD; text-align: center; \"><b>10<\/b><\/td>\n<td style=\"padding-left: 8px;\"> W polu piecz\u0119ci, w prostok\u0105tnym otworze, trzyna\u015bcie obrotowych pier\u015bcieni z cyframi. Powy\u017cej i poni\u017cej otworu napisy. Na zewn\u0105trz, wok\u00f3\u0142 pola piecz\u0119ci, pojedyncze obrze\u017cenie ci\u0105g\u0142e.<\/td>\n<\/tr>\n\t<tr>\n\t\t<td style=\"background-color: #DDDDDD; text-align: center; \"><b>11<\/b><\/td>\n<td style=\"padding-left: 8px;\">&#8211;<\/td>\n\t<\/tr>\n\t<tr>\n\t\t<td style=\"background-color: #DDDDDD; text-align: center; \"><b>12<\/b><\/td>\n<td style=\"padding-left: 8px;\">&#8211;<\/td>\n\t<\/tr>\n<\/table>\n\n\n\n<p class=\"has-small-font-size\"> <a rel=\"noreferrer noopener\" href=\"http:\/\/sigillarium.pl\/index.php\/legenda-do-opisu-tloka-pieczetnego\/\" target=\"_blank\">Legenda<\/a> <\/p>\n<\/div>\n<\/div>\n\n\n\n<hr class=\"wp-block-separator has-css-opacity\"\/>\n\n\n\n<div class=\"wp-block-columns is-layout-flex wp-container-core-columns-is-layout-9d6595d7 wp-block-columns-is-layout-flex\">\n<div class=\"wp-block-column is-layout-flow wp-block-column-is-layout-flow\" style=\"flex-basis:5%\"><\/div>\n\n\n\n<div class=\"wp-block-column is-vertically-aligned-center is-layout-flow wp-block-column-is-layout-flow\" style=\"flex-basis:23%\">\n<figure class=\"wp-block-gallery aligncenter has-nested-images columns-default is-cropped wp-block-gallery-42 is-layout-flex wp-block-gallery-is-layout-flex\">\n<figure class=\"wp-block-image size-full is-style-default\"><a href=\"https:\/\/sigillarium.pl\/wp-content\/uploads\/2025\/06\/Warszawa_Ministerstwo_Handlu_Zagranicznego_pieczec.jpg\"><img loading=\"lazy\" decoding=\"async\" width=\"702\" height=\"697\" data-id=\"36471\" src=\"https:\/\/sigillarium.pl\/wp-content\/uploads\/2025\/06\/Warszawa_Ministerstwo_Handlu_Zagranicznego_pieczec.jpg\" alt=\"\" class=\"wp-image-36471\" srcset=\"https:\/\/sigillarium.pl\/wp-content\/uploads\/2025\/06\/Warszawa_Ministerstwo_Handlu_Zagranicznego_pieczec.jpg 702w, https:\/\/sigillarium.pl\/wp-content\/uploads\/2025\/06\/Warszawa_Ministerstwo_Handlu_Zagranicznego_pieczec-300x298.jpg 300w, https:\/\/sigillarium.pl\/wp-content\/uploads\/2025\/06\/Warszawa_Ministerstwo_Handlu_Zagranicznego_pieczec-150x150.jpg 150w\" sizes=\"auto, (max-width: 702px) 100vw, 702px\" \/><\/a><\/figure>\n<\/figure>\n<\/div>\n\n\n\n<div class=\"wp-block-column is-layout-flow wp-block-column-is-layout-flow\" style=\"flex-basis:1%\"><\/div>\n\n\n\n<div class=\"wp-block-column is-vertically-aligned-center is-layout-flow wp-block-column-is-layout-flow\" style=\"flex-basis:22%\"><div class=\"wp-block-image is-resized\">\n<figure class=\"aligncenter size-large\"><img loading=\"lazy\" decoding=\"async\" width=\"405\" height=\"1024\" src=\"https:\/\/sigillarium.pl\/wp-content\/uploads\/2025\/06\/Warszawa_Ministerstwo_Handlu_Zagranicznego_uchwyt-405x1024.jpg\" alt=\"\" class=\"wp-image-36472\" style=\"width:145px\" srcset=\"https:\/\/sigillarium.pl\/wp-content\/uploads\/2025\/06\/Warszawa_Ministerstwo_Handlu_Zagranicznego_uchwyt-405x1024.jpg 405w, https:\/\/sigillarium.pl\/wp-content\/uploads\/2025\/06\/Warszawa_Ministerstwo_Handlu_Zagranicznego_uchwyt-119x300.jpg 119w, https:\/\/sigillarium.pl\/wp-content\/uploads\/2025\/06\/Warszawa_Ministerstwo_Handlu_Zagranicznego_uchwyt-768x1940.jpg 768w, https:\/\/sigillarium.pl\/wp-content\/uploads\/2025\/06\/Warszawa_Ministerstwo_Handlu_Zagranicznego_uchwyt-608x1536.jpg 608w, https:\/\/sigillarium.pl\/wp-content\/uploads\/2025\/06\/Warszawa_Ministerstwo_Handlu_Zagranicznego_uchwyt-811x2048.jpg 811w, https:\/\/sigillarium.pl\/wp-content\/uploads\/2025\/06\/Warszawa_Ministerstwo_Handlu_Zagranicznego_uchwyt.jpg 980w\" sizes=\"auto, (max-width: 405px) 100vw, 405px\" \/><\/figure>\n<\/div><\/div>\n\n\n\n<div class=\"wp-block-column is-layout-flow wp-block-column-is-layout-flow\" style=\"flex-basis:1%\"><\/div>\n\n\n\n<div class=\"wp-block-column is-layout-flow wp-block-column-is-layout-flow\" style=\"flex-basis:48%\">\n<style> td {font-size: 11px; color: black; font-family: Arial;} <\/style>\n<table style=\"width: 500px; height: 150px;\">\n\t<tbody><tr>\n\t\t<td style=\"background-color: #DDDDDD; width:6%; text-align: center; \"><b>1<\/b><\/td>\n\t\t<td style=\"padding-left: 8px;\">kolekcja prywatna<\/td>\n\t<\/tr>\n\t<tr>\n\t\t<td style=\"background-color: #DDDDDD; text-align: center; \"><b>2<\/b><\/td>\n<td style=\"background-color: #FFFF99; white-space: nowrap; padding-left: 8px;\"><b><big><big> <a href=\"https:\/\/pl.wikipedia.org\/wiki\/Warszawa\">WARSZAWA <\/a> <\/big><\/big><br><big>Ministerstwo Handlu Zagranicznego &#8211; Centralny Inspektorat Standaryzacji <\/big><br><\/b><\/td> \n\t<\/tr>\n\t<tr>\n\t\t<td style=\"background-color: #DDDDDD; text-align: center; \"><b>3a<\/b><\/td>\n\t\t<td style=\"padding-left: 8px;\">mosi\u0105dz<\/td>\n\t<\/tr>\n\t<tr>\n\t\t<td style=\"background-color: #DDDDDD; text-align: center; \"><b>3b<\/b><\/td>\n\t\t<td style=\"padding-left: 8px;\">drewno <\/td>\n\t<\/tr>\n\t<tr>\n\t\t<td style=\"background-color: #DDDDDD; text-align: center; \"><b>4<\/b><\/td>\n\t\t<td style=\"padding-left: 8px;\">okr\u0105g\u0142a  \u00d8 36 mm <\/td>\n\t<\/tr>\n\t<tr>\n\t\t<td style=\"background-color: #DDDDDD; text-align: center; \"><b>5<\/b><\/td>\n\t\t<td style=\"padding-left: 8px;\">wypuk\u0142oryty<\/td>\n\t<\/tr>\n\t<tr>\n\t\t<td style=\"background-color: #DDDDDD; text-align: center; \"><b>6<\/b><\/td>\n<td style=\"padding-left: 8px;\">na rancie matrycy numer grawera 48<\/td>\n\t<\/tr>\n<tr>\n\t\t<td style=\"background-color: #DDDDDD; text-align: center; \"><b>7<\/b><\/td>\n<td style=\"padding-left: 8px;\" uchwyt=\"\" toczony=\"\" o=\"\" kulistej=\"\" ga\u0142ce=\"\" <=\"\" td=\"\">\n\t<\/td><\/tr>\n\t<tr>\n\t\t<td style=\"background-color: #DDDDDD; text-align: center; \"><b>7a<\/b><\/td>\n\t\t<td style=\"padding-left: 8px;\"> 99 mm<\/td>\n\t<\/tr>\n\t<tr>\n\t\t<td style=\"background-color: #DDDDDD; text-align: center; \"><b>7b<\/b><\/td>\n<td style=\"padding-left: 8px;\">90 mm, w tym skuwka 9 mm ( \u00d8 16 mm)<\/td>\n\t<\/tr>\n\t<tr>\n\t\t<td style=\"background-color: #DDDDDD; text-align: center; \"><b>7c<\/b><\/td>\n\t\t<td style=\"padding-left: 8px;\"> 9 mm<\/td>\n\t<\/tr>\n\t<tr>\n\t\t<td style=\"background-color: #DDDDDD; text-align: center; \"><b>8<\/b><\/td>\n<td style=\"padding-left: 8px;\">&#8211; <\/td>\n\t<\/tr>\n\t<tr>\n\t\t<td style=\"background-color: #DDDDDD; text-align: center; \"><b>9a<\/b><\/td>\n\t\t<td style=\"padding-left: 8px;\">majusku\u0142a<\/td>\n\t<\/tr>\n\t<tr>\n\t\t<td style=\"background-color: #DDDDDD; text-align: center; \"><b>9b<\/b><\/td>\n<td style=\"padding-left: 8px;\"> w otoku: <b>* MIN <i> (isterstwo). <\/i> HANDLU ZAGR <i>(anicznego). <\/i> CENTR <i>(alny). <\/i> INSP <i> (ektorat).<\/i><\/i> STANDARYZACJI * \/\/ 3 <br><br><\/b><\/td> \n<\/tr>\n\t<tr>\t\n\t\t<td style=\"background-color: #DDDDDD; text-align: center; \"><b>10<\/b><\/td>\n<td style=\"padding-left: 8px;\"> W polu piecz\u0119ci odzielonym od pola legendy pojedynczym obrze\u017ceniem ci\u0105g\u0142ym, wizerunek or\u0142a ustalony dla god\u0142a herbu Polskiej Rzeczypospolitej Ludowej w 1955 r. Na zewn\u0105trz, wok\u00f3\u0142 pola legendy, pojedyncze obrze\u017cenie ci\u0105g\u0142e.<\/td>\n<\/tr>\n\t<tr>\n\t\t<td style=\"background-color: #DDDDDD; text-align: center; \"><b>11<\/b><\/td>\n<td style=\"padding-left: 8px;\">&#8211;<\/td>\n\t<\/tr>\n\t<tr>\n\t\t<td style=\"background-color: #DDDDDD; text-align: center; \"><b>12<\/b><\/td>\n<td style=\"padding-left: 8px;\"> na odwrociu matrycy numer ewidencyjny 180911 (9 nabita na 4) <br><\/td>\n\t<\/tr>\n<\/tbody><\/table>\n\n\n\n<p class=\"has-small-font-size\"> <a rel=\"noreferrer noopener\" href=\"http:\/\/sigillarium.pl\/index.php\/legenda-do-opisu-tloka-pieczetnego\/\" target=\"_blank\">Legenda<\/a> <\/p>\n<\/div>\n<\/div>\n\n\n\n<hr class=\"wp-block-separator has-alpha-channel-opacity\"\/>\n\n\n\n<div class=\"wp-block-columns is-layout-flex wp-container-core-columns-is-layout-9d6595d7 wp-block-columns-is-layout-flex\">\n<div class=\"wp-block-column is-layout-flow wp-block-column-is-layout-flow\" style=\"flex-basis:5%\"><\/div>\n\n\n\n<div class=\"wp-block-column is-vertically-aligned-center is-layout-flow wp-block-column-is-layout-flow\" style=\"flex-basis:23%\">\n<figure class=\"wp-block-gallery aligncenter has-nested-images columns-default is-cropped wp-block-gallery-43 is-layout-flex wp-block-gallery-is-layout-flex\">\n<figure class=\"wp-block-image size-full is-style-default\"><a href=\"https:\/\/sigillarium.pl\/wp-content\/uploads\/2025\/06\/Warszawa_Ministerstwo_Handlu_Zagranicznego1_pieczec.jpg\"><img loading=\"lazy\" decoding=\"async\" width=\"724\" height=\"720\" data-id=\"36474\" src=\"https:\/\/sigillarium.pl\/wp-content\/uploads\/2025\/06\/Warszawa_Ministerstwo_Handlu_Zagranicznego1_pieczec.jpg\" alt=\"\" class=\"wp-image-36474\" srcset=\"https:\/\/sigillarium.pl\/wp-content\/uploads\/2025\/06\/Warszawa_Ministerstwo_Handlu_Zagranicznego1_pieczec.jpg 724w, https:\/\/sigillarium.pl\/wp-content\/uploads\/2025\/06\/Warszawa_Ministerstwo_Handlu_Zagranicznego1_pieczec-300x298.jpg 300w, https:\/\/sigillarium.pl\/wp-content\/uploads\/2025\/06\/Warszawa_Ministerstwo_Handlu_Zagranicznego1_pieczec-150x150.jpg 150w\" sizes=\"auto, (max-width: 724px) 100vw, 724px\" \/><\/a><\/figure>\n<\/figure>\n<\/div>\n\n\n\n<div class=\"wp-block-column is-layout-flow wp-block-column-is-layout-flow\" style=\"flex-basis:1%\"><\/div>\n\n\n\n<div class=\"wp-block-column is-vertically-aligned-center is-layout-flow wp-block-column-is-layout-flow\" style=\"flex-basis:22%\"><div class=\"wp-block-image is-resized\">\n<figure class=\"aligncenter size-full\"><img loading=\"lazy\" decoding=\"async\" width=\"328\" height=\"720\" src=\"https:\/\/sigillarium.pl\/wp-content\/uploads\/2025\/06\/Warszawa_Ministerstwo_Handlu_Zagranicznego_uchwyt-1.jpg\" alt=\"\" class=\"wp-image-36477\" style=\"width:165px\" srcset=\"https:\/\/sigillarium.pl\/wp-content\/uploads\/2025\/06\/Warszawa_Ministerstwo_Handlu_Zagranicznego_uchwyt-1.jpg 328w, https:\/\/sigillarium.pl\/wp-content\/uploads\/2025\/06\/Warszawa_Ministerstwo_Handlu_Zagranicznego_uchwyt-1-137x300.jpg 137w\" sizes=\"auto, (max-width: 328px) 100vw, 328px\" \/><\/figure>\n<\/div><\/div>\n\n\n\n<div class=\"wp-block-column is-layout-flow wp-block-column-is-layout-flow\" style=\"flex-basis:1%\"><\/div>\n\n\n\n<div class=\"wp-block-column is-layout-flow wp-block-column-is-layout-flow\" style=\"flex-basis:48%\">\n<style> td {font-size: 11px; color: black; font-family: Arial;} <\/style>\n<table style=\"width: 500px; height: 150px;\">\n\t<tbody><tr>\n\t\t<td style=\"background-color: #DDDDDD; width:6%; text-align: center; \"><b>1<\/b><\/td>\n\t\t<td style=\"padding-left: 8px;\">kolekcja prywatna<\/td>\n\t<\/tr>\n\t<tr>\n\t\t<td style=\"background-color: #DDDDDD; text-align: center; \"><b>2<\/b><\/td>\n<td style=\"background-color: #FFFF99; white-space: nowrap; padding-left: 8px;\"><b><big><big> <a href=\"https:\/\/pl.wikipedia.org\/wiki\/Warszawa\">WARSZAWA <\/a> <\/big><\/big><br><big>Ministerstwo Handlu Zagranicznego &#8211; Centralny Inspektorat Standaryzacji <\/big><br><\/b><\/td> \n\t<\/tr>\n\t<tr>\n\t\t<td style=\"background-color: #DDDDDD; text-align: center; \"><b>3a<\/b><\/td>\n\t\t<td style=\"padding-left: 8px;\">mosi\u0105dz<\/td>\n\t<\/tr>\n\t<tr>\n\t\t<td style=\"background-color: #DDDDDD; text-align: center; \"><b>3b<\/b><\/td>\n\t\t<td style=\"padding-left: 8px;\">drewno <\/td>\n\t<\/tr>\n\t<tr>\n\t\t<td style=\"background-color: #DDDDDD; text-align: center; \"><b>4<\/b><\/td>\n\t\t<td style=\"padding-left: 8px;\">okr\u0105g\u0142a  \u00d8 30 mm <\/td>\n\t<\/tr>\n\t<tr>\n\t\t<td style=\"background-color: #DDDDDD; text-align: center; \"><b>5<\/b><\/td>\n\t\t<td style=\"padding-left: 8px;\">wkl\u0119skoryty<\/td>\n\t<\/tr>\n\t<tr>\n\t\t<td style=\"background-color: #DDDDDD; text-align: center; \"><b>6<\/b><\/td>\n<td style=\"padding-left: 8px;\">na rancie matrycy numer grawera 9<\/td>\n\t<\/tr>\n<tr>\n\t\t<td style=\"background-color: #DDDDDD; text-align: center; \"><b>7<\/b><\/td>\n<td style=\"padding-left: 8px;\" uchwyt=\"\" toczony=\"\" o=\"\" kulistej=\"\" ga\u0142ce=\"\" <=\"\" td=\"\">\n\t<\/td><\/tr>\n\t<tr>\n\t\t<td style=\"background-color: #DDDDDD; text-align: center; \"><b>7a<\/b><\/td>\n\t\t<td style=\"padding-left: 8px;\"> 92 mm<\/td>\n\t<\/tr>\n\t<tr>\n\t\t<td style=\"background-color: #DDDDDD; text-align: center; \"><b>7b<\/b><\/td>\n<td style=\"padding-left: 8px;\">82 mm, w tym skuwka 8 mm ( \u00d8 16 mm)<\/td>\n\t<\/tr>\n\t<tr>\n\t\t<td style=\"background-color: #DDDDDD; text-align: center; \"><b>7c<\/b><\/td>\n\t\t<td style=\"padding-left: 8px;\"> 10 mm<\/td>\n\t<\/tr>\n\t<tr>\n\t\t<td style=\"background-color: #DDDDDD; text-align: center; \"><b>8<\/b><\/td>\n<td style=\"padding-left: 8px;\">&#8211; <\/td>\n\t<\/tr>\n\t<tr>\n\t\t<td style=\"background-color: #DDDDDD; text-align: center; \"><b>9a<\/b><\/td>\n\t\t<td style=\"padding-left: 8px;\">majusku\u0142a<\/td>\n\t<\/tr>\n\t<tr>\n\t\t<td style=\"background-color: #DDDDDD; text-align: center; \"><b>9b<\/b><\/td>\n<td style=\"padding-left: 8px;\"> w otoku: <b>* MIN <i> (isterstwo). <\/i> HANDLU ZAGR <i>(anicznego). <\/i> CENTR <i>(alny). <\/i> INSP <i> (ektorat).<\/i><\/i> STANDARYZACJI * \/\/ 5 <br><br><\/b><\/td> \n<\/tr>\n\t<tr>\t\n\t\t<td style=\"background-color: #DDDDDD; text-align: center; \"><b>10<\/b><\/td>\n<td style=\"padding-left: 8px;\"> W polu piecz\u0119ci odzielonym od pola legendy pojedynczym obrze\u017ceniem ci\u0105g\u0142ym, wizerunek or\u0142a ustalony dla god\u0142a herbu Polskiej Rzeczypospolitej Ludowej w 1955 r. Na zewn\u0105trz, wok\u00f3\u0142 pola legendy, pojedyncze obrze\u017cenie ci\u0105g\u0142e.<\/td>\n<\/tr>\n\t<tr>\n\t\t<td style=\"background-color: #DDDDDD; text-align: center; \"><b>11<\/b><\/td>\n<td style=\"padding-left: 8px;\">&#8211;<\/td>\n\t<\/tr>\n\t<tr>\n\t\t<td style=\"background-color: #DDDDDD; text-align: center; \"><b>12<\/b><\/td>\n<td style=\"padding-left: 8px;\"> na odwrociu matrycy numer ewidencyjny 180888 <br><\/td>\n\t<\/tr>\n<\/tbody><\/table>\n\n\n\n<p class=\"has-small-font-size\"> <a rel=\"noreferrer noopener\" href=\"http:\/\/sigillarium.pl\/index.php\/legenda-do-opisu-tloka-pieczetnego\/\" target=\"_blank\">Legenda<\/a> <\/p>\n<\/div>\n<\/div>\n\n\n\n<hr class=\"wp-block-separator has-alpha-channel-opacity\"\/>\n\n\n\n<div class=\"wp-block-columns is-layout-flex wp-container-core-columns-is-layout-9d6595d7 wp-block-columns-is-layout-flex\">\n<div class=\"wp-block-column is-layout-flow wp-block-column-is-layout-flow\" style=\"flex-basis:5%\"><\/div>\n\n\n\n<div class=\"wp-block-column is-vertically-aligned-center is-layout-flow wp-block-column-is-layout-flow\" style=\"flex-basis:23%\">\n<figure class=\"wp-block-gallery aligncenter has-nested-images columns-default is-cropped wp-block-gallery-44 is-layout-flex wp-block-gallery-is-layout-flex\">\n<figure class=\"wp-block-image size-full is-style-default\"><a href=\"https:\/\/sigillarium.pl\/wp-content\/uploads\/2020\/05\/Warszawa-Ministerstwo-Handlu-t\u0142ok.jpg\"><img loading=\"lazy\" decoding=\"async\" width=\"561\" height=\"557\" data-id=\"3554\" src=\"http:\/\/sigillarium.pl\/wp-content\/uploads\/2020\/05\/Warszawa-Ministerstwo-Handlu-t\u0142ok.jpg\" alt=\"\" class=\"wp-image-3554\" srcset=\"https:\/\/sigillarium.pl\/wp-content\/uploads\/2020\/05\/Warszawa-Ministerstwo-Handlu-t\u0142ok.jpg 561w, https:\/\/sigillarium.pl\/wp-content\/uploads\/2020\/05\/Warszawa-Ministerstwo-Handlu-t\u0142ok-300x298.jpg 300w, https:\/\/sigillarium.pl\/wp-content\/uploads\/2020\/05\/Warszawa-Ministerstwo-Handlu-t\u0142ok-150x150.jpg 150w\" sizes=\"auto, (max-width: 561px) 100vw, 561px\" \/><\/a><\/figure>\n<\/figure>\n<\/div>\n\n\n\n<div class=\"wp-block-column is-layout-flow wp-block-column-is-layout-flow\" style=\"flex-basis:1%\"><\/div>\n\n\n\n<div class=\"wp-block-column is-vertically-aligned-center is-layout-flow wp-block-column-is-layout-flow\" style=\"flex-basis:22%\"><div class=\"wp-block-image is-resized\">\n<figure class=\"aligncenter size-large\"><img loading=\"lazy\" decoding=\"async\" width=\"326\" height=\"870\" src=\"http:\/\/sigillarium.pl\/wp-content\/uploads\/2020\/05\/Warszawa-Ministerstwo-Handlu-uchwyt.jpg\" alt=\"\" class=\"wp-image-3555\" style=\"width:140px\" srcset=\"https:\/\/sigillarium.pl\/wp-content\/uploads\/2020\/05\/Warszawa-Ministerstwo-Handlu-uchwyt.jpg 326w, https:\/\/sigillarium.pl\/wp-content\/uploads\/2020\/05\/Warszawa-Ministerstwo-Handlu-uchwyt-112x300.jpg 112w\" sizes=\"auto, (max-width: 326px) 100vw, 326px\" \/><\/figure>\n<\/div><\/div>\n\n\n\n<div class=\"wp-block-column is-layout-flow wp-block-column-is-layout-flow\" style=\"flex-basis:1%\"><\/div>\n\n\n\n<div class=\"wp-block-column is-layout-flow wp-block-column-is-layout-flow\" style=\"flex-basis:48%\">\n<style> td {font-size: 11px; color: black; font-family: Arial;} <\/style>\n<table style=\"width: 500px; height: 150px;\">\n\t<tr>\n\t\t<td style=\"background-color: #DDDDDD; width:6%; text-align: center; \"><b>1<\/b><\/td>\n\t\t<td style=\"padding-left: 8px;\">kolekcja prywatna<\/td>\n\t<\/tr>\n\t<tr>\n\t\t<td style=\"background-color: #DDDDDD; text-align: center; \"><b>2<\/b><\/td>\n<td style=\"background-color: #FFFF99; white-space: nowrap; padding-left: 8px;\"><b><big><big><a href=\"https:\/\/pl.wikipedia.org\/wiki\/Warszawa\"> WARSZAWA<\/a><\/big><\/big><\/b><br \/><big><b>Ministerstwo Handlu Zagranicznego &#8211; Centralny Inspektorat Standaryzacji<\/td>\n\t<\/tr>\n\t<tr>\n\t\t<td style=\"background-color: #DDDDDD; text-align: center; \"><b>3a<\/b><\/td>\n\t\t<td style=\"padding-left: 8px;\">mosi\u0105dz<\/td>\n\t<\/tr>\n\t<tr>\n\t\t<td style=\"background-color: #DDDDDD; text-align: center; \"><b>3b<\/b><\/td>\n\t\t<td style=\"padding-left: 8px;\">drewno<\/td>\n\t<\/tr>\n\t<tr>\n\t\t<td style=\"background-color: #DDDDDD; text-align: center; \"><b>4<\/b><\/td>\n\t\t<td style=\"padding-left: 8px;\">okr\u0105g\u0142a \u00d8 30,5 mm<\/td>\n\t<\/tr>\n\t<tr>\n\t\t<td style=\"background-color: #DDDDDD; text-align: center; \"><b>5<\/b><\/td>\n\t\t<td style=\"padding-left: 8px;\">wkl\u0119s\u0142oryty<\/td>\n\t<\/tr>\n\t<tr>\n\t\t<td style=\"background-color: #DDDDDD; text-align: center; \"><b>6<\/b><\/td>\n<td style=\"padding-left: 8px;\">na rancie numer grawera 9.<\/td>\n\t<\/tr>\n<tr>\n\t\t<td style=\"background-color: #DDDDDD; text-align: center; \"><b>7<\/b><\/td>\n<td style=\"padding-left: 8px;\"> uchwyt o kulistej ga\u0142ce<\/td>\n\t<\/tr>\n\t<tr>\n\t\t<td style=\"background-color: #DDDDDD; text-align: center; \"><b>7a<\/b><\/td>\n\t\t<td style=\"padding-left: 8px;\">91 mm<\/td>\n\t<\/tr>\n\t<tr>\n\t\t<td style=\"background-color: #DDDDDD; text-align: center; \"><b>7b<\/b><\/td>\n\t\t<td style=\"padding-left: 8px;\">80 mm, w tym skuwka 7,5 mm<\/td>\n\t<\/tr>\n\t<tr>\n\t\t<td style=\"background-color: #DDDDDD; text-align: center; \"><b>7c<\/b><\/td>\n\t\t<td style=\"padding-left: 8px;\">11 mm<\/td>\n\t<\/tr>\n\t<tr>\n\t\t<td style=\"background-color: #DDDDDD; text-align: center; \"><b>8<\/b><\/td>\n<td style=\"padding-left: 8px;\">na ga\u0142ce uchwytu znacznik prawid\u0142owego ustawienia t\u0142oka<\/td>\n\t<\/tr>\n\t<tr>\n\t\t<td style=\"background-color: #DDDDDD; text-align: center; \"><b>9a<\/b><\/td>\n\t\t<td style=\"padding-left: 8px;\">majusku\u0142a<\/td>\n\t<\/tr>\n\t<tr>\n\t\t<td style=\"background-color: #DDDDDD; text-align: center; \"><b>9b<\/b><\/td>\n<td style=\"padding-left: 8px;\"><br \/> w otoku:  <b>* MIN  <i>(isterstwo).<\/i>  HANDLU  ZAGR  <i>(anicznego).<\/i>  CENTR <i>(alny).<\/i>  INSP <i>(ektorat)<\/i>  STANDARYZACJI *\/\/  24<\/b><br \/><br \/><\/td> \n\t<\/tr>\n\t<tr>\n\t\t<td style=\"background-color: #DDDDDD; text-align: center; \"><b>10<\/b><\/td>\n<td style=\"padding-left: 8px;\"> W polu piecz\u0119ci, oddzielonym od pola legendy pojedynczym obrze\u017ceniem ci\u0105g\u0142ym, wizerunek or\u0142a, ustalony dla god\u0142a herbu Polskiej Rzeczypospolitej Ludowej w 1955 r. Na zewn\u0105trz, wok\u00f3\u0142 pola legendy, pojedyncze obrze\u017cenie ci\u0105g\u0142e <\/td>\n<\/tr>\n\t<tr>\n\t\t<td style=\"background-color: #DDDDDD; text-align: center; \"><b>11<\/b><\/td>\n<td style=\"padding-left: 8px;\">&#8211;<\/td>\n\t<\/tr>\n\t<tr>\n\t\t<td style=\"background-color: #DDDDDD; text-align: center; \"><b>12<\/b><\/td>\n<td style=\"padding-left: 8px;\"> na odwrocie matrycy nr ewidencyjny 180 907<\/td>\n\t<\/tr>\n<\/table>\n\n\n\n<p class=\"has-small-font-size\"> <a rel=\"noreferrer noopener\" href=\"http:\/\/sigillarium.pl\/index.php\/legenda-do-opisu-tloka-pieczetnego\/\" target=\"_blank\">Legenda<\/a> <\/p>\n<\/div>\n<\/div>\n\n\n\n<hr class=\"wp-block-separator has-alpha-channel-opacity\"\/>\n\n\n\n<div class=\"wp-block-columns is-layout-flex wp-container-core-columns-is-layout-9d6595d7 wp-block-columns-is-layout-flex\">\n<div class=\"wp-block-column is-layout-flow wp-block-column-is-layout-flow\" style=\"flex-basis:5%\"><\/div>\n\n\n\n<div class=\"wp-block-column is-vertically-aligned-center is-layout-flow wp-block-column-is-layout-flow\" style=\"flex-basis:23%\">\n<figure class=\"wp-block-gallery aligncenter has-nested-images columns-default is-cropped wp-block-gallery-45 is-layout-flex wp-block-gallery-is-layout-flex\">\n<figure class=\"wp-block-image size-full is-style-default\"><a href=\"https:\/\/sigillarium.pl\/wp-content\/uploads\/2023\/03\/Warszawa-Ministerstwo-Handlu-Zagranicznego-Centrala-Inspekcja-Standaryzacji-pieczec-seal-petschaft-siegel-sceau-sigillarium-1.jpg\"><img loading=\"lazy\" decoding=\"async\" width=\"670\" height=\"676\" data-id=\"24711\" src=\"https:\/\/sigillarium.pl\/wp-content\/uploads\/2023\/03\/Warszawa-Ministerstwo-Handlu-Zagranicznego-Centrala-Inspekcja-Standaryzacji-pieczec-seal-petschaft-siegel-sceau-sigillarium-1.jpg\" alt=\"\" class=\"wp-image-24711\" srcset=\"https:\/\/sigillarium.pl\/wp-content\/uploads\/2023\/03\/Warszawa-Ministerstwo-Handlu-Zagranicznego-Centrala-Inspekcja-Standaryzacji-pieczec-seal-petschaft-siegel-sceau-sigillarium-1.jpg 670w, https:\/\/sigillarium.pl\/wp-content\/uploads\/2023\/03\/Warszawa-Ministerstwo-Handlu-Zagranicznego-Centrala-Inspekcja-Standaryzacji-pieczec-seal-petschaft-siegel-sceau-sigillarium-1-297x300.jpg 297w, https:\/\/sigillarium.pl\/wp-content\/uploads\/2023\/03\/Warszawa-Ministerstwo-Handlu-Zagranicznego-Centrala-Inspekcja-Standaryzacji-pieczec-seal-petschaft-siegel-sceau-sigillarium-1-150x150.jpg 150w\" sizes=\"auto, (max-width: 670px) 100vw, 670px\" \/><\/a><\/figure>\n<\/figure>\n<\/div>\n\n\n\n<div class=\"wp-block-column is-layout-flow wp-block-column-is-layout-flow\" style=\"flex-basis:1%\"><\/div>\n\n\n\n<div class=\"wp-block-column is-vertically-aligned-center is-layout-flow wp-block-column-is-layout-flow\" style=\"flex-basis:22%\"><div class=\"wp-block-image is-resized\">\n<figure class=\"aligncenter size-full\"><img loading=\"lazy\" decoding=\"async\" width=\"329\" height=\"684\" src=\"https:\/\/sigillarium.pl\/wp-content\/uploads\/2023\/03\/Warszawa-Ministerstwo-Handlu-Zagranicznehgo-uchwyt-pieczec-seal-petschaft-siegel-sceau-sigillarium-1.jpg-1.jpg\" alt=\"\" class=\"wp-image-24674\" style=\"width:175px\" srcset=\"https:\/\/sigillarium.pl\/wp-content\/uploads\/2023\/03\/Warszawa-Ministerstwo-Handlu-Zagranicznehgo-uchwyt-pieczec-seal-petschaft-siegel-sceau-sigillarium-1.jpg-1.jpg 329w, https:\/\/sigillarium.pl\/wp-content\/uploads\/2023\/03\/Warszawa-Ministerstwo-Handlu-Zagranicznehgo-uchwyt-pieczec-seal-petschaft-siegel-sceau-sigillarium-1.jpg-1-144x300.jpg 144w\" sizes=\"auto, (max-width: 329px) 100vw, 329px\" \/><\/figure>\n<\/div><\/div>\n\n\n\n<div class=\"wp-block-column is-layout-flow wp-block-column-is-layout-flow\" style=\"flex-basis:1%\"><\/div>\n\n\n\n<div class=\"wp-block-column is-layout-flow wp-block-column-is-layout-flow\" style=\"flex-basis:48%\">\n<style> td {font-size: 11px; color: black; font-family: Arial;} <\/style>\n<table style=\"width: 500px; height: 150px;\">\n\t<tbody><tr>\n\t\t<td style=\"background-color: #DDDDDD; width:6%; text-align: center; \"><b>1<\/b><\/td>\n\t\t<td style=\"padding-left: 8px;\">kolekcja prywatna<\/td>\n\t<\/tr>\n\t<tr>\n\t\t<td style=\"background-color: #DDDDDD; text-align: center; \"><b>2<\/b><\/td>\n<td style=\"background-color: #FFFF99; white-space: nowrap; padding-left: 8px;\"><b><big><big> <a href=\"https:\/\/pl.wikipedia.org\/wiki\/Warszawa\">WARSZAWA <\/a> <\/big><\/big><br><big>Ministerstwo Handlu Zagranicznego &#8211; Centralny Inspektorat Standaryzacji <\/big><br><\/b><\/td> \n\t<\/tr>\n\t<tr>\n\t\t<td style=\"background-color: #DDDDDD; text-align: center; \"><b>3a<\/b><\/td>\n\t\t<td style=\"padding-left: 8px;\">mosi\u0105dz<\/td>\n\t<\/tr>\n\t<tr>\n\t\t<td style=\"background-color: #DDDDDD; text-align: center; \"><b>3b<\/b><\/td>\n\t\t<td style=\"padding-left: 8px;\">drewno <\/td>\n\t<\/tr>\n\t<tr>\n\t\t<td style=\"background-color: #DDDDDD; text-align: center; \"><b>4<\/b><\/td>\n\t\t<td style=\"padding-left: 8px;\">okr\u0105g\u0142a  \u00d8 30 mm <\/td>\n\t<\/tr>\n\t<tr>\n\t\t<td style=\"background-color: #DDDDDD; text-align: center; \"><b>5<\/b><\/td>\n\t\t<td style=\"padding-left: 8px;\">wkl\u0119skoryty<\/td>\n\t<\/tr>\n\t<tr>\n\t\t<td style=\"background-color: #DDDDDD; text-align: center; \"><b>6<\/b><\/td>\n<td style=\"padding-left: 8px;\">na rancie matrycy numer grawera 9<\/td>\n\t<\/tr>\n<tr>\n\t\t<td style=\"background-color: #DDDDDD; text-align: center; \"><b>7<\/b><\/td>\n<td style=\"padding-left: 8px;\" uchwyt=\"\" toczony=\"\" o=\"\" kulistej=\"\" ga\u0142ce=\"\" <=\"\" td=\"\">\n\t<\/td><\/tr>\n\t<tr>\n\t\t<td style=\"background-color: #DDDDDD; text-align: center; \"><b>7a<\/b><\/td>\n\t\t<td style=\"padding-left: 8px;\"> 92 mm<\/td>\n\t<\/tr>\n\t<tr>\n\t\t<td style=\"background-color: #DDDDDD; text-align: center; \"><b>7b<\/b><\/td>\n<td style=\"padding-left: 8px;\">82 mm, w tym skuwka 8 mm ( \u00d8 16 mm)<\/td>\n\t<\/tr>\n\t<tr>\n\t\t<td style=\"background-color: #DDDDDD; text-align: center; \"><b>7c<\/b><\/td>\n\t\t<td style=\"padding-left: 8px;\"> 10 mm<\/td>\n\t<\/tr>\n\t<tr>\n\t\t<td style=\"background-color: #DDDDDD; text-align: center; \"><b>8<\/b><\/td>\n<td style=\"padding-left: 8px;\">&#8211; <\/td>\n\t<\/tr>\n\t<tr>\n\t\t<td style=\"background-color: #DDDDDD; text-align: center; \"><b>9a<\/b><\/td>\n\t\t<td style=\"padding-left: 8px;\">majusku\u0142a<\/td>\n\t<\/tr>\n\t<tr>\n\t\t<td style=\"background-color: #DDDDDD; text-align: center; \"><b>9b<\/b><\/td>\n<td style=\"padding-left: 8px;\"> w otoku: <b>* MIN <i> (isterstwo). <\/i> HANDLU ZAGR <i>(anicznego). <\/i> CENTR <i>(alny). <\/i> INSP <i> (ektorat).<\/i><\/i> STANDARYZACJI * \/\/ 25 <br><br><\/b><\/td> \n<\/tr>\n\t<tr>\t\n\t\t<td style=\"background-color: #DDDDDD; text-align: center; \"><b>10<\/b><\/td>\n<td style=\"padding-left: 8px;\"> W polu piecz\u0119ci odzielonym od pola legendy pojedynczym obrze\u017ceniem ci\u0105g\u0142ym, wizerunek or\u0142a ustalony dla god\u0142a herbu Polskiej Rzeczypospolitej Ludowej w 1955 r. Na zewn\u0105trz, wok\u00f3\u0142 pola piecz\u0119ci, pojedyncze obrze\u017cenie ci\u0105g\u0142e.<\/td>\n<\/tr>\n\t<tr>\n\t\t<td style=\"background-color: #DDDDDD; text-align: center; \"><b>11<\/b><\/td>\n<td style=\"padding-left: 8px;\">&#8211;<\/td>\n\t<\/tr>\n\t<tr>\n\t\t<td style=\"background-color: #DDDDDD; text-align: center; \"><b>12<\/b><\/td>\n<td style=\"padding-left: 8px;\"> na odwrocie matrycy numer ewidencyjny 180 908 <br><\/td>\n\t<\/tr>\n<\/tbody><\/table>\n\n\n\n<p class=\"has-small-font-size\"> <a rel=\"noreferrer noopener\" href=\"http:\/\/sigillarium.pl\/index.php\/legenda-do-opisu-tloka-pieczetnego\/\" target=\"_blank\">Legenda<\/a> <\/p>\n<\/div>\n<\/div>\n\n\n\n<hr class=\"wp-block-separator has-alpha-channel-opacity\"\/>\n\n\n\n<div class=\"wp-block-columns is-layout-flex wp-container-core-columns-is-layout-9d6595d7 wp-block-columns-is-layout-flex\">\n<div class=\"wp-block-column is-layout-flow wp-block-column-is-layout-flow\" style=\"flex-basis:5%\"><\/div>\n\n\n\n<div class=\"wp-block-column is-vertically-aligned-center is-layout-flow wp-block-column-is-layout-flow\" style=\"flex-basis:23%\">\n<figure class=\"wp-block-gallery aligncenter has-nested-images columns-default is-cropped wp-block-gallery-46 is-layout-flex wp-block-gallery-is-layout-flex\">\n<figure class=\"wp-block-image size-full is-style-default\"><a href=\"https:\/\/sigillarium.pl\/wp-content\/uploads\/2025\/10\/Warszawa_Panstwowy-Instytut-Geologiczny-_odzial-Karpacki.jpg\"><img loading=\"lazy\" decoding=\"async\" width=\"537\" height=\"536\" data-id=\"37189\" src=\"https:\/\/sigillarium.pl\/wp-content\/uploads\/2025\/10\/Warszawa_Panstwowy-Instytut-Geologiczny-_odzial-Karpacki.jpg\" alt=\"\" class=\"wp-image-37189\" srcset=\"https:\/\/sigillarium.pl\/wp-content\/uploads\/2025\/10\/Warszawa_Panstwowy-Instytut-Geologiczny-_odzial-Karpacki.jpg 537w, https:\/\/sigillarium.pl\/wp-content\/uploads\/2025\/10\/Warszawa_Panstwowy-Instytut-Geologiczny-_odzial-Karpacki-300x300.jpg 300w, https:\/\/sigillarium.pl\/wp-content\/uploads\/2025\/10\/Warszawa_Panstwowy-Instytut-Geologiczny-_odzial-Karpacki-150x150.jpg 150w\" sizes=\"auto, (max-width: 537px) 100vw, 537px\" \/><\/a><\/figure>\n<\/figure>\n<\/div>\n\n\n\n<div class=\"wp-block-column is-layout-flow wp-block-column-is-layout-flow\" style=\"flex-basis:1%\"><\/div>\n\n\n\n<div class=\"wp-block-column is-vertically-aligned-center is-layout-flow wp-block-column-is-layout-flow\" style=\"flex-basis:22%\"><div class=\"wp-block-image\">\n<figure class=\"aligncenter size-full is-resized\"><img loading=\"lazy\" decoding=\"async\" width=\"920\" height=\"2128\" src=\"https:\/\/sigillarium.pl\/wp-content\/uploads\/2025\/10\/Warszawa_Panstwowy-Instytut-Geologiczny-_odzial-Karpacki_uchwyt-2.jpg\" alt=\"\" class=\"wp-image-37345\" style=\"aspect-ratio:0.3972377507398882;width:126px;height:auto\" srcset=\"https:\/\/sigillarium.pl\/wp-content\/uploads\/2025\/10\/Warszawa_Panstwowy-Instytut-Geologiczny-_odzial-Karpacki_uchwyt-2.jpg 920w, https:\/\/sigillarium.pl\/wp-content\/uploads\/2025\/10\/Warszawa_Panstwowy-Instytut-Geologiczny-_odzial-Karpacki_uchwyt-2-130x300.jpg 130w, https:\/\/sigillarium.pl\/wp-content\/uploads\/2025\/10\/Warszawa_Panstwowy-Instytut-Geologiczny-_odzial-Karpacki_uchwyt-2-443x1024.jpg 443w, https:\/\/sigillarium.pl\/wp-content\/uploads\/2025\/10\/Warszawa_Panstwowy-Instytut-Geologiczny-_odzial-Karpacki_uchwyt-2-768x1776.jpg 768w, https:\/\/sigillarium.pl\/wp-content\/uploads\/2025\/10\/Warszawa_Panstwowy-Instytut-Geologiczny-_odzial-Karpacki_uchwyt-2-664x1536.jpg 664w, https:\/\/sigillarium.pl\/wp-content\/uploads\/2025\/10\/Warszawa_Panstwowy-Instytut-Geologiczny-_odzial-Karpacki_uchwyt-2-885x2048.jpg 885w\" sizes=\"auto, (max-width: 920px) 100vw, 920px\" \/><\/figure>\n<\/div><\/div>\n\n\n\n<div class=\"wp-block-column is-layout-flow wp-block-column-is-layout-flow\" style=\"flex-basis:1%\"><\/div>\n\n\n\n<div class=\"wp-block-column is-layout-flow wp-block-column-is-layout-flow\" style=\"flex-basis:48%\">\n<style> td {font-size: 11px; color: black; font-family: Arial;} <\/style>\n<table style=\"width: 500px; height: 150px;\">\n\t<tr>\n\t\t<td style=\"background-color: #DDDDDD; width:6%; text-align: center; \"><b>1<\/b><\/td>\n\t\t<td style=\"padding-left: 8px;\">kolekcja prywatna<\/td>\n\t<\/tr>\n\t<tr>\n\t\t<td style=\"background-color: #DDDDDD; text-align: center; \"><b>2<\/b><\/td>\n<td style=\"background-color: #FFFF99; white-space: nowrap; padding-left: 8px;\"><b><big><big><a href=\"https:\/\/pl.wikipedia.org\/wiki\/Warszawa\"> WARSZAWA<\/a><\/big><br\/><\/big><big>Pa\u0144stwowy Instytut Geologiczny &#8211; Oddzia\u0142 Karpacki<\/b><br\/><\/td>\n\t<\/tr>\n\t<tr>\n\t\t<td style=\"background-color: #DDDDDD; text-align: center; \"><b>3a<\/b><\/td>\n\t\t<td style=\"padding-left: 8px;\">mosi\u0105dz<\/td>\n\t<\/tr>\n\t<tr>\n\t\t<td style=\"background-color: #DDDDDD; text-align: center; \"><b>3b<\/b><\/td>\n\t\t<td style=\"padding-left: 8px;\">tworzywo sztuczne<\/td>\n\t<\/tr>\n\t<tr>\n\t\t<td style=\"background-color: #DDDDDD; text-align: center; \"><b>4<\/b><\/td>\n\t\t<td style=\"padding-left: 8px;\">okr\u0105g\u0142a \u00d8 20 mm<\/td>\n\t<\/tr>\n\t<tr>\n\t\t<td style=\"background-color: #DDDDDD; text-align: center; \"><b>5<\/b><\/td>\n\t\t<td style=\"padding-left: 8px;\">wypuk\u0142oryty<\/td>\n\t<\/tr>\n\t<tr>\n\t\t<td style=\"background-color: #DDDDDD; text-align: center; \"><b>6<\/b><\/td>\n<td style=\"padding-left: 8px;\"> na rancie matrycy nr ewidencyjny 455 741, numer grawera 550, sygnatura wytw\u00f3rcy m \/\/ W<\/td>\n\t<\/tr>\n<tr>\n\t\t<td style=\"background-color: #DDDDDD; text-align: center; \"><b>7<\/b><\/td>\n<td style=\"padding-left: 8px;\"> uchwyt o kulistej ga\u0142ce<\/td>\n\t<\/tr>\n\t<tr>\n\t\t<td style=\"background-color: #DDDDDD; text-align: center; \"><b>7a<\/b><\/td>\n\t\t<td style=\"padding-left: 8px;\">72 mm<\/td>\n\t<\/tr>\n\t<tr>\n\t\t<td style=\"background-color: #DDDDDD; text-align: center; \"><b>7b<\/b><\/td>\n\t\t<td style=\"padding-left: 8px;\">63 mm<\/td>\n\t<\/tr>\n\t<tr>\n\t\t<td style=\"background-color: #DDDDDD; text-align: center; \"><b>7c<\/b><\/td>\n\t\t<td style=\"padding-left: 8px;\">9 mm<\/td>\n\t<\/tr>\n\t<tr>\n\t\t<td style=\"background-color: #DDDDDD; text-align: center; \"><b>8<\/b><\/td>\n<td style=\"padding-left: 8px;\"> na ga\u0142ce uchwytu znacznik prawid\u0142owego ustawienia t\u0142oka<\/td>\n\t<\/tr>\n\t<tr>\n\t\t<td style=\"background-color: #DDDDDD; text-align: center; \"><b>9a<\/b><\/td>\n\t\t<td style=\"padding-left: 8px;\">majusku\u0142a<\/td>\n\t<\/tr>\n\t<tr>\n\t\t<td style=\"background-color: #DDDDDD; text-align: center; \"><b>9b<\/b><\/td>\n<td style=\"padding-left: 8px;\"> <br \/>w otoku: <b>  * PA\u0143STWOWY INSTYTUT GEOLOGICZNY <\/b><BR> w p\u00f3\u0142otoku dolnym: <b> ODDZIA\u0141 KARPACKI <\/b><br \/><br \/><\/td> \n\t<\/tr>\n\t<tr>\n\t\t<td style=\"background-color: #DDDDDD; text-align: center; \"><b>10<\/b><\/td>\n<td style=\"padding-left: 8px;\"> W polu piecz\u0119ci oddzielonym od pola legendy pojedynczym obrze\u017ceniem ci\u0105g\u0142ym, wizerunek or\u0142a ustalony dla god\u0142a herbu Polskiej Rzeczypospolitej Ludowej w 1955 r. Na zewn\u0105trz pola legendy pojedyncze obrze\u017cenie ci\u0105g\u0142e.<\/td>\n<\/tr>\n\t<tr>\n\t\t<td style=\"background-color: #DDDDDD; text-align: center; \"><b>11<\/b><\/td>\n<td style=\"padding-left: 8px;\"> &#8211;<\/td>\n\t<\/tr>\n\t<tr>\n\t\t<td style=\"background-color: #DDDDDD; text-align: center; \"><b>12<\/b><\/td>\n\t\t<td style=\"padding-left: 8px;\">&#8211;<\/td>\n\t<\/tr>\n<\/table>\n\n\n\n<p class=\"has-small-font-size\"> <a rel=\"noreferrer noopener\" href=\"http:\/\/sigillarium.pl\/index.php\/legenda-do-opisu-tloka-pieczetnego\/\" target=\"_blank\">Legenda<\/a> <\/p>\n<\/div>\n<\/div>\n\n\n\n<hr class=\"wp-block-separator has-alpha-channel-opacity\"\/>\n\n\n\n<div class=\"wp-block-columns is-layout-flex wp-container-core-columns-is-layout-9d6595d7 wp-block-columns-is-layout-flex\">\n<div class=\"wp-block-column is-layout-flow wp-block-column-is-layout-flow\" style=\"flex-basis:5%\"><\/div>\n\n\n\n<div class=\"wp-block-column is-vertically-aligned-center is-layout-flow wp-block-column-is-layout-flow\" style=\"flex-basis:23%\">\n<figure class=\"wp-block-gallery aligncenter has-nested-images columns-default is-cropped wp-block-gallery-47 is-layout-flex wp-block-gallery-is-layout-flex\">\n<figure class=\"wp-block-image size-full is-style-default\"><a href=\"https:\/\/sigillarium.pl\/wp-content\/uploads\/2025\/09\/Panstwowe-Przedsiebiorstwo-Polskie-Uzdrowiska-Dyrekcja-naczelna-pieczec-seal-petschaft-siegel-sceau-cachet-sigillo-sigillarium.jpg\"><img loading=\"lazy\" decoding=\"async\" width=\"1747\" height=\"1741\" data-id=\"36717\" src=\"https:\/\/sigillarium.pl\/wp-content\/uploads\/2025\/09\/Panstwowe-Przedsiebiorstwo-Polskie-Uzdrowiska-Dyrekcja-naczelna-pieczec-seal-petschaft-siegel-sceau-cachet-sigillo-sigillarium.jpg\" alt=\"\" class=\"wp-image-36717\" srcset=\"https:\/\/sigillarium.pl\/wp-content\/uploads\/2025\/09\/Panstwowe-Przedsiebiorstwo-Polskie-Uzdrowiska-Dyrekcja-naczelna-pieczec-seal-petschaft-siegel-sceau-cachet-sigillo-sigillarium.jpg 1747w, https:\/\/sigillarium.pl\/wp-content\/uploads\/2025\/09\/Panstwowe-Przedsiebiorstwo-Polskie-Uzdrowiska-Dyrekcja-naczelna-pieczec-seal-petschaft-siegel-sceau-cachet-sigillo-sigillarium-300x300.jpg 300w, https:\/\/sigillarium.pl\/wp-content\/uploads\/2025\/09\/Panstwowe-Przedsiebiorstwo-Polskie-Uzdrowiska-Dyrekcja-naczelna-pieczec-seal-petschaft-siegel-sceau-cachet-sigillo-sigillarium-1024x1020.jpg 1024w, https:\/\/sigillarium.pl\/wp-content\/uploads\/2025\/09\/Panstwowe-Przedsiebiorstwo-Polskie-Uzdrowiska-Dyrekcja-naczelna-pieczec-seal-petschaft-siegel-sceau-cachet-sigillo-sigillarium-150x150.jpg 150w, https:\/\/sigillarium.pl\/wp-content\/uploads\/2025\/09\/Panstwowe-Przedsiebiorstwo-Polskie-Uzdrowiska-Dyrekcja-naczelna-pieczec-seal-petschaft-siegel-sceau-cachet-sigillo-sigillarium-768x765.jpg 768w, https:\/\/sigillarium.pl\/wp-content\/uploads\/2025\/09\/Panstwowe-Przedsiebiorstwo-Polskie-Uzdrowiska-Dyrekcja-naczelna-pieczec-seal-petschaft-siegel-sceau-cachet-sigillo-sigillarium-1536x1531.jpg 1536w\" sizes=\"auto, (max-width: 1747px) 100vw, 1747px\" \/><\/a><\/figure>\n<\/figure>\n<\/div>\n\n\n\n<div class=\"wp-block-column is-layout-flow wp-block-column-is-layout-flow\" style=\"flex-basis:1%\"><\/div>\n\n\n\n<div class=\"wp-block-column is-vertically-aligned-center is-layout-flow wp-block-column-is-layout-flow\" style=\"flex-basis:22%\"><div class=\"wp-block-image\">\n<figure class=\"aligncenter size-full is-resized\"><img loading=\"lazy\" decoding=\"async\" width=\"286\" height=\"720\" src=\"https:\/\/sigillarium.pl\/wp-content\/uploads\/2025\/09\/Panstwowe-Przedsiebiorstwo-Polskie-Uzdrowiska-Dyrekcja-naczelna-pieczec-seal-petschaft-uchwyt-siegel-sceau-cachet-sigillo-sigillarium.jpg\" alt=\"\" class=\"wp-image-36719\" style=\"aspect-ratio:0.3972377507398882;width:144px;height:auto\" srcset=\"https:\/\/sigillarium.pl\/wp-content\/uploads\/2025\/09\/Panstwowe-Przedsiebiorstwo-Polskie-Uzdrowiska-Dyrekcja-naczelna-pieczec-seal-petschaft-uchwyt-siegel-sceau-cachet-sigillo-sigillarium.jpg 286w, https:\/\/sigillarium.pl\/wp-content\/uploads\/2025\/09\/Panstwowe-Przedsiebiorstwo-Polskie-Uzdrowiska-Dyrekcja-naczelna-pieczec-seal-petschaft-uchwyt-siegel-sceau-cachet-sigillo-sigillarium-119x300.jpg 119w\" sizes=\"auto, (max-width: 286px) 100vw, 286px\" \/><\/figure>\n<\/div><\/div>\n\n\n\n<div class=\"wp-block-column is-layout-flow wp-block-column-is-layout-flow\" style=\"flex-basis:1%\"><\/div>\n\n\n\n<div class=\"wp-block-column is-layout-flow wp-block-column-is-layout-flow\" style=\"flex-basis:48%\">\n<style> td {font-size: 11px; color: black; font-family: Arial;} <\/style>\n<table style=\"width: 500px; height: 150px;\">\n\t<tbody><tr>\n\t\t<td style=\"background-color: #DDDDDD; width:6%; text-align: center; \"><b>1<\/b><\/td>\n\t\t<td style=\"padding-left: 8px;\">kolekcja prywatna<\/td>\n\t<\/tr>\n\t<tr>\n\t\t<td style=\"background-color: #DDDDDD; text-align: center; \"><b>2<\/b><\/td>\n<td style=\"background-color: #FFFF99; white-space: nowrap; padding-left: 8px;\"><b><big><big> <a href=\" https:\/\/pl.wikipedia.org\/wiki\/Warszawa \"> WARSZAWA<\/a> <\/big><\/big><br><big> Pa\u0144stwowe Przedsi\u0119biorstwo Polskie Uzdrowiska<br>Dyrekcja naczelna<\/big><\/b><\/td>\n\t<\/tr>\n\t<tr>\n\t\t<td style=\"background-color: #DDDDDD; text-align: center; \"><b>3a<\/b><\/td>\n\t\t<td style=\"padding-left: 8px;\">mosi\u0105dz<\/td>\n\t<\/tr>\n\t<tr>\n\t\t<td style=\"background-color: #DDDDDD; text-align: center; \"><b>3b<\/b><\/td>\n\t\t<td style=\"padding-left: 8px;\">drewno<\/td>\n\t<\/tr>\n\t<tr>\n\t\t<td style=\"background-color: #DDDDDD; text-align: center; \"><b>4<\/b><\/td>\n\t\t<td style=\"padding-left: 8px;\">okr\u0105g\u0142a \u00d8 22 mm<\/td>\n\t<\/tr>\n\t<tr>\n\t\t<td style=\"background-color: #DDDDDD; text-align: center; \"><b>5<\/b><\/td>\n\t\t<td style=\"padding-left: 8px;\">wkl\u0119s\u0142oryty<\/td>\n\t<\/tr>\n\t<tr>\n\t\t<td style=\"background-color: #DDDDDD; text-align: center; \"><b>6<\/b><\/td>\n<td style=\"padding-left: 8px;\">&#8211;<\/td>\n\t<\/tr>\n<tr>\n\t\t<td style=\"background-color: #DDDDDD; text-align: center; \"><b>7<\/b><\/td>\n<td style=\"padding-left: 8px;\">uchwyt toczony o kulistej ga\u0142ce<\/td>\n\t<\/tr>\n\t<tr>\n\t\t<td style=\"background-color: #DDDDDD; text-align: center; \"><b>7a<\/b><\/td>\n\t\t<td style=\"padding-left: 8px;\">85 mm<\/td>\n\t<\/tr>\n\t<tr>\n\t\t<td style=\"background-color: #DDDDDD; text-align: center; \"><b>7b<\/b><\/td>\n<td style=\"padding-left: 8px;\">73 mm<\/td>\n\t<\/tr>\n\t<tr>\n\t\t<td style=\"background-color: #DDDDDD; text-align: center; \"><b>7c<\/b><\/td>\n\t\t<td style=\"padding-left: 8px;\">12 mm<\/td>\n\t<\/tr>\n\t<tr>\n\t\t<td style=\"background-color: #DDDDDD; text-align: center; \"><b>8<\/b><\/td>\n<td style=\"padding-left: 8px;\">na ga\u0142ce uchwytu znacznik prawid\u0142owego ustawienia t\u0142oka (pineska)<\/td>\n\t<\/tr>\n\t<tr>\n\t\t<td style=\"background-color: #DDDDDD; text-align: center; \"><b>9a<\/b><\/td>\n\t\t<td style=\"padding-left: 8px;\">majusku\u0142a<\/td>\n\t<\/tr>\n\t<tr>\n\t\t<td style=\"background-color: #DDDDDD; text-align: center; \"><b>9b<\/b><\/td>\n<td style=\"padding-left: 8px;\"> <br>w otoku:  <b> * PA\u0143STW <i>(owe)<\/i> PRZED <i>(si\u0119biorstwo)<\/i> POLSKIE UZDROWISKA <\/b><br> w polu: <b>DYREKCJA \/\/ NACZELNA<\/b><br><br><\/td> \n<\/tr>\n\t<tr>\t\n\t\t<td style=\"background-color: #DDDDDD; text-align: center; \"><b>10<\/b><\/td>\n<td style=\"padding-left: 8px;\"> W polu piecz\u0119ci napis w dw\u00f3ch wierszach. Na zewn\u0105trz, wok\u00f3\u0142 pola piecz\u0119ci, pojedyncze obrze\u017cenie ci\u0105g\u0142e.<\/td>\n<\/tr>\n\t<tr>\n\t\t<td style=\"background-color: #DDDDDD; text-align: center; \"><b>11<\/b><\/td>\n<td style=\"padding-left: 8px;\">&#8211;<\/td>\n\t<\/tr>\n\t<tr>\n\t\t<td style=\"background-color: #DDDDDD; text-align: center; \"><b>12<\/b><\/td>\n<td style=\"padding-left: 8px;\"> Naczelna Dyrekcja PP \u201ePolskie Uzdrowiska\u201d zosta\u0142a powo\u0142ana w 1949 r. i funkcjonowa\u0142a do 1951\/53 r. <\/td>\n\t<\/tr>\n<\/tbody><\/table>\n\n\n\n<p class=\"has-small-font-size\"> <a rel=\"noreferrer noopener\" href=\"http:\/\/sigillarium.pl\/index.php\/legenda-do-opisu-tloka-pieczetnego\/\" target=\"_blank\">Legenda<\/a> <\/p>\n<\/div>\n<\/div>\n\n\n\n<hr class=\"wp-block-separator has-alpha-channel-opacity\"\/>\n\n\n\n<div class=\"wp-block-columns is-layout-flex wp-container-core-columns-is-layout-9d6595d7 wp-block-columns-is-layout-flex\">\n<div class=\"wp-block-column is-layout-flow wp-block-column-is-layout-flow\" style=\"flex-basis:5%\"><\/div>\n\n\n\n<div class=\"wp-block-column is-vertically-aligned-center is-layout-flow wp-block-column-is-layout-flow\" style=\"flex-basis:23%\">\n<figure class=\"wp-block-gallery aligncenter has-nested-images columns-default is-cropped wp-block-gallery-48 is-layout-flex wp-block-gallery-is-layout-flex\">\n<figure class=\"wp-block-image size-full is-style-default\"><a href=\"https:\/\/sigillarium.pl\/wp-content\/uploads\/2022\/05\/Warszawa-Panstwowy-Monopol-spirytusowy_Uchwyt-pieczec-seal-petschaft-siegel-sceau-sigillo-1.jpg-2-1.jpg\"><img loading=\"lazy\" decoding=\"async\" width=\"542\" height=\"526\" data-id=\"20436\" src=\"https:\/\/sigillarium.pl\/wp-content\/uploads\/2022\/05\/Warszawa-Panstwowy-Monopol-spirytusowy_Uchwyt-pieczec-seal-petschaft-siegel-sceau-sigillo-1.jpg-2-1.jpg\" alt=\"\" class=\"wp-image-20436\" srcset=\"https:\/\/sigillarium.pl\/wp-content\/uploads\/2022\/05\/Warszawa-Panstwowy-Monopol-spirytusowy_Uchwyt-pieczec-seal-petschaft-siegel-sceau-sigillo-1.jpg-2-1.jpg 542w, https:\/\/sigillarium.pl\/wp-content\/uploads\/2022\/05\/Warszawa-Panstwowy-Monopol-spirytusowy_Uchwyt-pieczec-seal-petschaft-siegel-sceau-sigillo-1.jpg-2-1-300x291.jpg 300w\" sizes=\"auto, (max-width: 542px) 100vw, 542px\" \/><\/a><\/figure>\n<\/figure>\n<\/div>\n\n\n\n<div class=\"wp-block-column is-layout-flow wp-block-column-is-layout-flow\" style=\"flex-basis:1%\"><\/div>\n\n\n\n<div class=\"wp-block-column is-vertically-aligned-center is-layout-flow wp-block-column-is-layout-flow\" style=\"flex-basis:22%\"><div class=\"wp-block-image\">\n<figure class=\"aligncenter size-full\"><img loading=\"lazy\" decoding=\"async\" width=\"249\" height=\"249\" src=\"https:\/\/sigillarium.pl\/wp-content\/uploads\/2022\/05\/Warszawa-Panstwowy-Monopol-spirytusowy_Uchwyt-pieczec-seal-petschaft-siegel-sceau-sigillo.jpg-2.jpg\" alt=\"\" class=\"wp-image-20406\" srcset=\"https:\/\/sigillarium.pl\/wp-content\/uploads\/2022\/05\/Warszawa-Panstwowy-Monopol-spirytusowy_Uchwyt-pieczec-seal-petschaft-siegel-sceau-sigillo.jpg-2.jpg 249w, https:\/\/sigillarium.pl\/wp-content\/uploads\/2022\/05\/Warszawa-Panstwowy-Monopol-spirytusowy_Uchwyt-pieczec-seal-petschaft-siegel-sceau-sigillo.jpg-2-150x150.jpg 150w\" sizes=\"auto, (max-width: 249px) 100vw, 249px\" \/><\/figure>\n<\/div><\/div>\n\n\n\n<div class=\"wp-block-column is-layout-flow wp-block-column-is-layout-flow\" style=\"flex-basis:1%\"><\/div>\n\n\n\n<div class=\"wp-block-column is-layout-flow wp-block-column-is-layout-flow\" style=\"flex-basis:48%\">\n<style> td {font-size: 11px; color: black; font-family: Arial;} <\/style>\n<table style=\"width: 500px; height: 150px;\">\n\t<tbody><tr>\n\t\t<td style=\"background-color: #DDDDDD; width:6%; text-align: center; \"><b>1<\/b><\/td>\n\t\t<td style=\"padding-left: 8px;\">kolekcja prywatna<\/td>\n\t<\/tr>\n\t<tr>\n\t\t<td style=\"background-color: #DDDDDD; text-align: center; \"><b>2<\/b><\/td>\n<td style=\"background-color: #FFFF99; white-space: nowrap; padding-left: 8px;\"><b><big><big> <a href=\"https:\/\/pl.wikipedia.org\/wiki\/Warszawa  \">WARSZAWA<\/a> <\/big><\/big><br><big> Pa\u0144stwowy Monopol Spirytusowy &#8211; Zak\u0142ady w Warszawie <\/big><\/b><\/td>\n\t<\/tr>\n\t<tr>\n\t\t<td style=\"background-color: #DDDDDD; text-align: center; \"><b>3a<\/b><\/td>\n\t\t<td style=\"padding-left: 8px;\">mosi\u0105dz<\/td>\n\t<\/tr>\n\t<tr>\n\t\t<td style=\"background-color: #DDDDDD; text-align: center; \"><b>3b<\/b><\/td>\n\t\t<td style=\"padding-left: 8px;\">&#8211;<\/td>\n\t<\/tr>\n\t<tr>\n\t\t<td style=\"background-color: #DDDDDD; text-align: center; \"><b>4<\/b><\/td>\n\t\t<td style=\"padding-left: 8px;\">okr\u0105g\u0142a \u00d8 30 mm<\/td>\n\t<\/tr>\n\t<tr>\n\t\t<td style=\"background-color: #DDDDDD; text-align: center; \"><b>5<\/b><\/td>\n\t\t<td style=\"padding-left: 8px;\">wkl\u0119s\u0142oryty<\/td>\n\t<\/tr>\n\t<tr>\n\t\t<td style=\"background-color: #DDDDDD; text-align: center; \"><b>6<\/b><\/td>\n<td style=\"padding-left: 8px;\">&#8211;<\/td>\n\t<\/tr>\n<tr>\n\t\t<td style=\"background-color: #DDDDDD; text-align: center; \"><b>7<\/b><\/td>\n<td style=\"padding-left: 8px;\">brak otw\u00f3r do jego zamocowania<\/td>\n\t<\/tr>\n\t<tr>\n\t\t<td style=\"background-color: #DDDDDD; text-align: center; \"><b>7a<\/b><\/td>\n\t\t<td style=\"padding-left: 8px;\">14 mm<\/td>\n\t<\/tr>\n\t<tr>\n\t\t<td style=\"background-color: #DDDDDD; text-align: center; \"><b>7b<\/b><\/td>\n<td style=\"padding-left: 8px;\">&#8211;<\/td>\n\t<\/tr>\n\t<tr>\n\t\t<td style=\"background-color: #DDDDDD; text-align: center; \"><b>7c<\/b><\/td>\n\t\t<td style=\"padding-left: 8px;\"> 14 mm<\/td>\n\t<\/tr>\n\t<tr>\n\t\t<td style=\"background-color: #DDDDDD; text-align: center; \"><b>8<\/b><\/td>\n<td style=\"padding-left: 8px;\">&#8211;<\/td>\n\t<\/tr>\n\t<tr>\n\t\t<td style=\"background-color: #DDDDDD; text-align: center; \"><b>9a<\/b><\/td>\n\t\t<td style=\"padding-left: 8px;\">majusku\u0142a<\/td>\n\t<\/tr>\n\t<tr>\n\t\t<td style=\"background-color: #DDDDDD; text-align: center; \"><b>9b<\/b><\/td>\n<td style=\"padding-left: 8px;\"> <br>w p\u00f3\u0142otoku g\u00f3rnym:  <b> * PA\u0143STW <i> (owy).<\/i> MONOPOL SPIR<i> (ytusowy).<\/i><\/b><br> w p\u00f3\u0142otoku dolnym: <b>ZAK\u0141ADY W  WARSZAWIE <br><br><\/b><\/td> \n<\/tr>\n\t<tr>\t\n\t\t<td style=\"background-color: #DDDDDD; text-align: center; \"><b>10<\/b><\/td>\n<td style=\"padding-left: 8px;\">  W polu piecz\u0119ci, oddzielonym od pola legendy obrze\u017ceniem ci\u0105g\u0142ym, wizerunek or\u0142a ustalony dla god\u0142a herbu Rzeczypospolitej Polskiej w grudniu 1927 r., uszczerbiony w Mennicy przez odj\u0119cie korony.Na zewn\u0105trz, wok\u00f3\u0142 pola legendy, pojedyncze obrze\u017cenie ci\u0105g\u0142e .<\/td>\n<\/tr>\n\t<tr>\n\t\t<td style=\"background-color: #DDDDDD; text-align: center; \"><b>11<\/b><\/td>\n<td style=\"padding-left: 8px;\">&#8211;<\/td>\n\t<\/tr>\n\t<tr>\n\t\t<td style=\"background-color: #DDDDDD; text-align: center; \"><b>12<\/b><\/td>\n<td style=\"padding-left: 8px;\">na odwrocie matrycy nr ewidencyjny 19 201 oraz  sygnatura wytw\u00f3rcy:  orze\u0142 i herb Ko\u015bciesza, mi\u0119dzy nimi napis MENNICA \/\/ PA\u0143STWOWA (herb Ko\u015bciesza i napis cz\u0119\u015bciowo niewybite)<\/td>\n\t<\/tr>\n<\/tbody><\/table>\n\n\n\n<p class=\"has-small-font-size\"> <a rel=\"noreferrer noopener\" href=\"http:\/\/sigillarium.pl\/index.php\/legenda-do-opisu-tloka-pieczetnego\/\" target=\"_blank\">Legenda<\/a> <\/p>\n<\/div>\n<\/div>\n\n\n\n<hr class=\"wp-block-separator has-css-opacity\"\/>\n\n\n\n<div class=\"wp-block-columns is-layout-flex wp-container-core-columns-is-layout-9d6595d7 wp-block-columns-is-layout-flex\">\n<div class=\"wp-block-column is-layout-flow wp-block-column-is-layout-flow\" style=\"flex-basis:5%\"><\/div>\n\n\n\n<div class=\"wp-block-column is-vertically-aligned-center is-layout-flow wp-block-column-is-layout-flow\" style=\"flex-basis:23%\">\n<figure class=\"wp-block-gallery aligncenter has-nested-images columns-default is-cropped wp-block-gallery-49 is-layout-flex wp-block-gallery-is-layout-flex\">\n<figure class=\"wp-block-image size-full is-style-default\"><a href=\"https:\/\/sigillarium.pl\/wp-content\/uploads\/2021\/05\/pkp-wrszawa-praga.jpg\"><img loading=\"lazy\" decoding=\"async\" width=\"948\" height=\"950\" data-id=\"13432\" src=\"https:\/\/sigillarium.pl\/wp-content\/uploads\/2021\/05\/pkp-wrszawa-praga.jpg\" alt=\"\" class=\"wp-image-13432\" srcset=\"https:\/\/sigillarium.pl\/wp-content\/uploads\/2021\/05\/pkp-wrszawa-praga.jpg 948w, https:\/\/sigillarium.pl\/wp-content\/uploads\/2021\/05\/pkp-wrszawa-praga-300x300.jpg 300w, https:\/\/sigillarium.pl\/wp-content\/uploads\/2021\/05\/pkp-wrszawa-praga-150x150.jpg 150w, https:\/\/sigillarium.pl\/wp-content\/uploads\/2021\/05\/pkp-wrszawa-praga-768x770.jpg 768w\" sizes=\"auto, (max-width: 948px) 100vw, 948px\" \/><\/a><\/figure>\n<\/figure>\n<\/div>\n\n\n\n<div class=\"wp-block-column is-layout-flow wp-block-column-is-layout-flow\" style=\"flex-basis:1%\"><\/div>\n\n\n\n<div class=\"wp-block-column is-vertically-aligned-center is-layout-flow wp-block-column-is-layout-flow\" style=\"flex-basis:22%\"><div class=\"wp-block-image is-resized\">\n<figure class=\"aligncenter size-large\"><img loading=\"lazy\" decoding=\"async\" width=\"548\" height=\"1024\" src=\"https:\/\/sigillarium.pl\/wp-content\/uploads\/2021\/05\/pkp_uchwyt1-548x1024.jpg\" alt=\"\" class=\"wp-image-13493\" style=\"width:210px\" srcset=\"https:\/\/sigillarium.pl\/wp-content\/uploads\/2021\/05\/pkp_uchwyt1-548x1024.jpg 548w, https:\/\/sigillarium.pl\/wp-content\/uploads\/2021\/05\/pkp_uchwyt1-161x300.jpg 161w, https:\/\/sigillarium.pl\/wp-content\/uploads\/2021\/05\/pkp_uchwyt1.jpg 602w\" sizes=\"auto, (max-width: 548px) 100vw, 548px\" \/><\/figure>\n<\/div><\/div>\n\n\n\n<div class=\"wp-block-column is-layout-flow wp-block-column-is-layout-flow\" style=\"flex-basis:1%\"><\/div>\n\n\n\n<div class=\"wp-block-column is-layout-flow wp-block-column-is-layout-flow\" style=\"flex-basis:48%\">\n<style> td {font-size: 11px; color: black; font-family: Arial;} <\/style>\n<table style=\"width: 500px; height: 150px;\">\n\t<tbody><tr>\n\t\t<td style=\"background-color: #DDDDDD; width:6%; text-align: center; \"><b>1<\/b><\/td>\n\t\t<td style=\"padding-left: 8px;\">kolekcja prywatna<\/td>\n\t<\/tr>\n\t<tr>\n\t\t<td style=\"background-color: #DDDDDD; text-align: center; \"><b>2<\/b><\/td>\n<td style=\"background-color: #FFFF99; white-space: nowrap; padding-left: 8px;\"><b><big><big><a href=\"https:\/\/pl.wikipedia.org\/wiki\/Warszawa_Praga_(stacja_kolejowa)\">WARSZAWA PRAGA<\/a><\/big><\/big><br><big>Stacja kolejowa<\/big><\/b><\/td>\n\t<\/tr>\n\t<tr>\n\t\t<td style=\"background-color: #DDDDDD; text-align: center; \"><b>3a<\/b><\/td>\n\t\t<td style=\"padding-left: 8px;\">aluminium<\/td>\n\t<\/tr>\n\t<tr>\n\t\t<td style=\"background-color: #DDDDDD; text-align: center; \"><b>3b<\/b><\/td>\n\t\t<td style=\"padding-left: 8px;\">drewniany<\/td>\n\t<\/tr>\n\t<tr>\n\t\t<td style=\"background-color: #DDDDDD; text-align: center; \"><b>4<\/b><\/td>\n\t\t<td style=\"padding-left: 8px;\">okr\u0105g\u0142a \u00d8 30 mm<\/td>\n\t<\/tr>\n\t<tr>\n\t\t<td style=\"background-color: #DDDDDD; text-align: center; \"><b>5<\/b><\/td>\n\t\t<td style=\"padding-left: 8px;\">wk\u0142\u0119s\u0142oryty<\/td>\n\t<\/tr>\n\t<tr>\n\t\t<td style=\"background-color: #DDDDDD; text-align: center; \"><b>6<\/b><\/td>\n<td style=\"padding-left: 8px;\"> na rancie znacznik prawid\u0142owego ustawienia t\u0142oka <\/td>\n\t<\/tr>\n<tr>\n\t\t<td style=\"background-color: #DDDDDD; text-align: center; \"><b>7<\/b><\/td>\n<td style=\"padding-left: 8px;\">uchwyt toczony o kulistej ga\u0142ce<\/td>\n\t<\/tr>\n\t<tr>\n\t\t<td style=\"background-color: #DDDDDD; text-align: center; \"><b>7a<\/b><\/td>\n\t\t<td style=\"padding-left: 8px;\">96 mm<\/td>\n\t<\/tr>\n\t<tr>\n\t\t<td style=\"background-color: #DDDDDD; text-align: center; \"><b>7b<\/b><\/td>\n\t\t<td style=\"padding-left: 8px;\">79 mm, w tym skuwka 9 mm  (\u00d8 12 mm)<\/td>\n\t<\/tr>\n\t<tr>\n\t\t<td style=\"background-color: #DDDDDD; text-align: center; \"><b>7c<\/b><\/td>\n\t\t<td style=\"padding-left: 8px;\">17 mm<\/td>\n\t<\/tr>\n\t<tr>\n\t\t<td style=\"background-color: #DDDDDD; text-align: center; \"><b>8<\/b><\/td>\n<td style=\"padding-left: 8px;\">na ga\u0142ce znacznik prawid\u0142owego ustawienia t\u0142oka (pineska)<\/td>\n\t<\/tr>\n\t<tr>\n\t\t<td style=\"background-color: #DDDDDD; text-align: center; \"><b>9a<\/b><\/td>\n\t\t<td style=\"padding-left: 8px;\">majusku\u0142a<\/td>\n\t<\/tr>\n\t<tr>\n\t\t<td style=\"background-color: #DDDDDD; text-align: center; \"><b>9b<\/b><\/td>\n<td style=\"padding-left: 8px;\"><br> w otoku:<b> * DYR <i> (ekcja).<\/i> OKR <i>(\u0119gowa).<\/i> KOLEI PA\u0143STWOWYCH W WARSZAWIE<br><\/b>w polu: <b>WARSZAWA &#8211; \/\/ PRAGA<\/b><br><br><\/td> \n\t<\/tr>\n\t<tr>\n\t\t<td style=\"background-color: #DDDDDD; text-align: center; \"><b>10<\/b><\/td>\n<td style=\"padding-left: 8px;\"> W polu piecz\u0119ci, oddzielonym od pola legendy obrze\u017ceniem ci\u0105g\u0142ym, nazwa stacji kolejowej. Na zewn\u0105trz, wok\u00f3\u0142 pola legendy, pojedyncze obrze\u017cenie ci\u0105g\u0142e. <br><br><\/td>\n<\/tr>\n\t<tr>\n\t\t<td style=\"background-color: #DDDDDD; text-align: center; \"><b>11<\/b><\/td>\n<td style=\"padding-left: 8px;\"> &#8211; <\/td>\n\t<\/tr>\n\t<tr>\n<td style=\"background-color: #DDDDDD; text-align: center; \"><b>12<\/b><\/td>\n<td style=\"padding-left: 8px;\"> &#8211; <\/td>\n\t<\/tr>\n<\/tbody><\/table>\n\n\n\n<p class=\"has-small-font-size\"> <a rel=\"noreferrer noopener\" href=\"http:\/\/sigillarium.pl\/index.php\/legenda-do-opisu-tloka-pieczetnego\/\" target=\"_blank\">Legenda<\/a> <\/p>\n<\/div>\n<\/div>\n\n\n\n<hr class=\"wp-block-separator has-alpha-channel-opacity\"\/>\n\n\n\n<div class=\"wp-block-columns is-layout-flex wp-container-core-columns-is-layout-9d6595d7 wp-block-columns-is-layout-flex\">\n<div class=\"wp-block-column is-layout-flow wp-block-column-is-layout-flow\" style=\"flex-basis:5%\"><\/div>\n\n\n\n<div class=\"wp-block-column is-vertically-aligned-center is-layout-flow wp-block-column-is-layout-flow\" style=\"flex-basis:23%\">\n<figure class=\"wp-block-gallery aligncenter has-nested-images columns-default is-cropped wp-block-gallery-50 is-layout-flex wp-block-gallery-is-layout-flex\">\n<figure class=\"wp-block-image size-full is-style-default\"><a href=\"https:\/\/sigillarium.pl\/wp-content\/uploads\/2025\/10\/Warszawa_Specjalna-_Szkola_wychowawcza_nr.2-2-2.jpg\"><img loading=\"lazy\" decoding=\"async\" width=\"590\" height=\"590\" data-id=\"37208\" src=\"https:\/\/sigillarium.pl\/wp-content\/uploads\/2025\/10\/Warszawa_Specjalna-_Szkola_wychowawcza_nr.2-2-2.jpg\" alt=\"\" class=\"wp-image-37208\" srcset=\"https:\/\/sigillarium.pl\/wp-content\/uploads\/2025\/10\/Warszawa_Specjalna-_Szkola_wychowawcza_nr.2-2-2.jpg 590w, https:\/\/sigillarium.pl\/wp-content\/uploads\/2025\/10\/Warszawa_Specjalna-_Szkola_wychowawcza_nr.2-2-2-300x300.jpg 300w, https:\/\/sigillarium.pl\/wp-content\/uploads\/2025\/10\/Warszawa_Specjalna-_Szkola_wychowawcza_nr.2-2-2-150x150.jpg 150w\" sizes=\"auto, (max-width: 590px) 100vw, 590px\" \/><\/a><\/figure>\n<\/figure>\n<\/div>\n\n\n\n<div class=\"wp-block-column is-layout-flow wp-block-column-is-layout-flow\" style=\"flex-basis:1%\"><\/div>\n\n\n\n<div class=\"wp-block-column is-vertically-aligned-center is-layout-flow wp-block-column-is-layout-flow\" style=\"flex-basis:22%\"><div class=\"wp-block-image is-resized\">\n<figure class=\"aligncenter size-large\"><img loading=\"lazy\" decoding=\"async\" width=\"465\" height=\"1024\" src=\"https:\/\/sigillarium.pl\/wp-content\/uploads\/2025\/10\/Warszawa_Specjalna_Szkola_wychowawcza_nr.2-465x1024.jpg\" alt=\"\" class=\"wp-image-36982\" style=\"aspect-ratio:0.45409550083167677;width:144px;height:auto\" srcset=\"https:\/\/sigillarium.pl\/wp-content\/uploads\/2025\/10\/Warszawa_Specjalna_Szkola_wychowawcza_nr.2-465x1024.jpg 465w, https:\/\/sigillarium.pl\/wp-content\/uploads\/2025\/10\/Warszawa_Specjalna_Szkola_wychowawcza_nr.2-136x300.jpg 136w, https:\/\/sigillarium.pl\/wp-content\/uploads\/2025\/10\/Warszawa_Specjalna_Szkola_wychowawcza_nr.2-768x1690.jpg 768w, https:\/\/sigillarium.pl\/wp-content\/uploads\/2025\/10\/Warszawa_Specjalna_Szkola_wychowawcza_nr.2-698x1536.jpg 698w, https:\/\/sigillarium.pl\/wp-content\/uploads\/2025\/10\/Warszawa_Specjalna_Szkola_wychowawcza_nr.2-931x2048.jpg 931w, https:\/\/sigillarium.pl\/wp-content\/uploads\/2025\/10\/Warszawa_Specjalna_Szkola_wychowawcza_nr.2-scaled.jpg 1164w\" sizes=\"auto, (max-width: 465px) 100vw, 465px\" \/><\/figure>\n<\/div><\/div>\n\n\n\n<div class=\"wp-block-column is-layout-flow wp-block-column-is-layout-flow\" style=\"flex-basis:1%\"><\/div>\n\n\n\n<div class=\"wp-block-column is-layout-flow wp-block-column-is-layout-flow\" style=\"flex-basis:48%\">\n<style> td {font-size: 11px; color: black; font-family: Arial;} <\/style>\n<table style=\"width: 500px; height: 150px;\">\n\t<tbody><tr>\n\t\t<td style=\"background-color: #DDDDDD; width:6%; text-align: center; \"><b>1<\/b><\/td>\n\t\t<td style=\"padding-left: 8px;\">kolekcja prywatna<\/td>\n\t<\/tr>\n\t<tr>\n\t\t<td style=\"background-color: #DDDDDD; text-align: center; \"><b>2<\/b><\/td>\n<td style=\"background-color: #FFFF99; white-space: nowrap; padding-left: 8px;\"><b><big><big> <a href=\"https:\/\/pl.wikipedia.org\/wiki\/Warszawa\"> WARSZAWA<\/a> <\/big><\/big><br><big> Specjalny O\u015brodek Szkolno-Wychowawczy Nr 12 <\/big><\/b><\/td>\n\t<\/tr>\n\t<tr>\n\t\t<td style=\"background-color: #DDDDDD; text-align: center; \"><b>3a<\/b><\/td>\n\t\t<td style=\"padding-left: 8px;\">mosi\u0105dz<\/td>\n\t<\/tr>\n\t<tr>\n\t\t<td style=\"background-color: #DDDDDD; text-align: center; \"><b>3b<\/b><\/td>\n\t\t<td style=\"padding-left: 8px;\">drewno<\/td>\n\t<\/tr>\n\t<tr>\n\t\t<td style=\"background-color: #DDDDDD; text-align: center; \"><b>4<\/b><\/td>\n\t\t<td style=\"padding-left: 8px;\">okr\u0105g\u0142a \u00d8 20 mm<\/td>\n\t<\/tr>\n\t<tr>\n\t\t<td style=\"background-color: #DDDDDD; text-align: center; \"><b>5<\/b><\/td>\n\t\t<td style=\"padding-left: 8px;\">wkl\u0119s\u0142oryty<\/td>\n\t<\/tr>\n\t<tr>\n\t\t<td style=\"background-color: #DDDDDD; text-align: center; \"><b>6<\/b><\/td>\n<td style=\"padding-left: 8px;\">&#8211;<\/td>\n\t<\/tr>\n<tr>\n\t\t<td style=\"background-color: #DDDDDD; text-align: center; \"><b>7<\/b><\/td>\n<td style=\"padding-left: 8px;\">uchwyt toczony o kulistej ga\u0142ce, lakierowany na czerwono <\/td>\n\t<\/tr>\n\t<tr>\n\t\t<td style=\"background-color: #DDDDDD; text-align: center; \"><b>7a<\/b><\/td>\n\t\t<td style=\"padding-left: 8px;\"> 77 mm<\/td>\n\t<\/tr>\n\t<tr>\n\t\t<td style=\"background-color: #DDDDDD; text-align: center; \"><b>7b<\/b><\/td>\n<td style=\"padding-left: 8px;\">66 mm<\/td>\n\t<\/tr>\n\t<tr>\n\t\t<td style=\"background-color: #DDDDDD; text-align: center; \"><b>7c<\/b><\/td>\n\t\t<td style=\"padding-left: 8px;\"> 11 mm<\/td>\n\t<\/tr>\n\t<tr>\n\t\t<td style=\"background-color: #DDDDDD; text-align: center; \"><b>8<\/b><\/td>\n<td style=\"padding-left: 8px;\">na uchwycie znacznik prawid\u0142owego ustawienia t\u0142oka (pineska)<\/td>\n\t<\/tr>\n\t<tr>\n\t\t<td style=\"background-color: #DDDDDD; text-align: center; \"><b>9a<\/b><\/td>\n\t\t<td style=\"padding-left: 8px;\">majusku\u0142a<\/td>\n\t<\/tr>\n\t<tr>\n\t\t<td style=\"background-color: #DDDDDD; text-align: center; \"><b>9b<\/b><\/td>\n<td style=\"padding-left: 8px;\"> <br>w otoku :  <b> * SPEC <i>(jalny)<\/i> O\u015aR <i>(odek)<\/i> SZKOL <i> (no) &#8211; <\/i> WYCHOWAW <i> (czy)<\/I> N <i>(umer)<\/i> r 12 * \/\/ W W <i> (arsza) &#8211; WIE <\/b><br><br><br><\/td> \n<\/tr>\n\t<tr>\t\n\t\t<td style=\"background-color: #DDDDDD; text-align: center; \"><b>10<\/b><\/td>\n<td style=\"padding-left: 8px;\"> W polu piecz\u0119ci, oddzielonym od pola legendy pojedynczym obrze\u017ceniem ci\u0105g\u0142ym, autorski wizerunek or\u0142a zbli\u017cony do wizerunku or\u0142a ustalonego dla god\u0142a herbu Polskiej Rzeczypospolitej Ludowej w 1955 r. Na zewn\u0105trz, wok\u00f3\u0142 pola legendy, pojedyncze obrze\u017cenie ci\u0105g\u0142e.<\/td>\n<\/tr>\n\t<tr>\n\t\t<td style=\"background-color: #DDDDDD; text-align: center; \"><b>11<\/b><\/td>\n<td style=\"padding-left: 8px;\">&#8211;<\/td>\n\t<\/tr>\n\t<tr>\n\t\t<td style=\"background-color: #DDDDDD; text-align: center; \"><b>12<\/b><\/td>\n<td style=\"padding-left: 8px;\">&#8211;<\/td>\n\t<\/tr>\n<\/tbody><\/table>\n\n\n\n<p class=\"has-small-font-size\"> <a rel=\"noreferrer noopener\" href=\"http:\/\/sigillarium.pl\/index.php\/legenda-do-opisu-tloka-pieczetnego\/\" target=\"_blank\">Legenda<\/a> <\/p>\n<\/div>\n<\/div>\n\n\n\n<hr class=\"wp-block-separator has-css-opacity\"\/>\n\n\n\n<div class=\"wp-block-columns is-layout-flex wp-container-core-columns-is-layout-9d6595d7 wp-block-columns-is-layout-flex\">\n<div class=\"wp-block-column is-layout-flow wp-block-column-is-layout-flow\" style=\"flex-basis:5%\"><\/div>\n\n\n\n<div class=\"wp-block-column is-vertically-aligned-center is-layout-flow wp-block-column-is-layout-flow\" style=\"flex-basis:23%\">\n<figure class=\"wp-block-gallery aligncenter has-nested-images columns-default is-cropped wp-block-gallery-51 is-layout-flex wp-block-gallery-is-layout-flex\">\n<figure class=\"wp-block-image size-large is-style-default\"><a href=\"https:\/\/sigillarium.pl\/wp-content\/uploads\/2023\/05\/Warszawa-Urzad-Dzielnicowy-Warszawa-Wola-pieczec-seal-petschaft-siegel-sceau-sigillarium.jpg-2.jpg\"><img loading=\"lazy\" decoding=\"async\" width=\"1024\" height=\"1016\" data-id=\"26021\" src=\"https:\/\/sigillarium.pl\/wp-content\/uploads\/2023\/05\/Warszawa-Urzad-Dzielnicowy-Warszawa-Wola-pieczec-seal-petschaft-siegel-sceau-sigillarium.jpg-2-1024x1016.jpg\" alt=\"\" class=\"wp-image-26021\" srcset=\"https:\/\/sigillarium.pl\/wp-content\/uploads\/2023\/05\/Warszawa-Urzad-Dzielnicowy-Warszawa-Wola-pieczec-seal-petschaft-siegel-sceau-sigillarium.jpg-2-1024x1016.jpg 1024w, https:\/\/sigillarium.pl\/wp-content\/uploads\/2023\/05\/Warszawa-Urzad-Dzielnicowy-Warszawa-Wola-pieczec-seal-petschaft-siegel-sceau-sigillarium.jpg-2-300x298.jpg 300w, https:\/\/sigillarium.pl\/wp-content\/uploads\/2023\/05\/Warszawa-Urzad-Dzielnicowy-Warszawa-Wola-pieczec-seal-petschaft-siegel-sceau-sigillarium.jpg-2-150x150.jpg 150w, https:\/\/sigillarium.pl\/wp-content\/uploads\/2023\/05\/Warszawa-Urzad-Dzielnicowy-Warszawa-Wola-pieczec-seal-petschaft-siegel-sceau-sigillarium.jpg-2-768x762.jpg 768w, https:\/\/sigillarium.pl\/wp-content\/uploads\/2023\/05\/Warszawa-Urzad-Dzielnicowy-Warszawa-Wola-pieczec-seal-petschaft-siegel-sceau-sigillarium.jpg-2.jpg 1134w\" sizes=\"auto, (max-width: 1024px) 100vw, 1024px\" \/><\/a><\/figure>\n<\/figure>\n<\/div>\n\n\n\n<div class=\"wp-block-column is-layout-flow wp-block-column-is-layout-flow\" style=\"flex-basis:1%\"><\/div>\n\n\n\n<div class=\"wp-block-column is-vertically-aligned-center is-layout-flow wp-block-column-is-layout-flow\" style=\"flex-basis:22%\"><div class=\"wp-block-image\">\n<figure class=\"aligncenter size-large is-resized\"><img loading=\"lazy\" decoding=\"async\" width=\"462\" height=\"1024\" src=\"https:\/\/sigillarium.pl\/wp-content\/uploads\/2023\/05\/Warszawa-Urzad-Dzielnicowy-Warszawa-Wola-pieczec-uchwyt-pieczec-seal-petschaft-siegel-sceau-sigillarium.jpg-462x1024.jpg\" alt=\"\" class=\"wp-image-26022\" style=\"aspect-ratio:0.451171875;width:155px;height:auto\" srcset=\"https:\/\/sigillarium.pl\/wp-content\/uploads\/2023\/05\/Warszawa-Urzad-Dzielnicowy-Warszawa-Wola-pieczec-uchwyt-pieczec-seal-petschaft-siegel-sceau-sigillarium.jpg-462x1024.jpg 462w, https:\/\/sigillarium.pl\/wp-content\/uploads\/2023\/05\/Warszawa-Urzad-Dzielnicowy-Warszawa-Wola-pieczec-uchwyt-pieczec-seal-petschaft-siegel-sceau-sigillarium.jpg-135x300.jpg 135w, https:\/\/sigillarium.pl\/wp-content\/uploads\/2023\/05\/Warszawa-Urzad-Dzielnicowy-Warszawa-Wola-pieczec-uchwyt-pieczec-seal-petschaft-siegel-sceau-sigillarium.jpg.jpg 508w\" sizes=\"auto, (max-width: 462px) 100vw, 462px\" \/><\/figure>\n<\/div><\/div>\n\n\n\n<div class=\"wp-block-column is-layout-flow wp-block-column-is-layout-flow\" style=\"flex-basis:1%\"><\/div>\n\n\n\n<div class=\"wp-block-column is-layout-flow wp-block-column-is-layout-flow\" style=\"flex-basis:48%\">\n<style> td {font-size: 11px; color: black; font-family: Arial;} <\/style>\n<table style=\"width: 500px; height: 150px;\">\n\t<tbody><tr>\n\t\t<td style=\"background-color: #DDDDDD; width:6%; text-align: center; \"><b>1<\/b><\/td>\n\t\t<td style=\"padding-left: 8px;\">kolekcja prywatna<\/td>\n\t<\/tr>\n\t<tr>\n\t\t<td style=\"background-color: #DDDDDD; text-align: center; \"><b>2<\/b><\/td>\n<td style=\"background-color: #FFFF99; white-space: nowrap; padding-left: 8px;\"><b><big><big><a href=\" https:\/\/pl.wikipedia.org\/wiki\/Wola_(Warszawa)\">WARSZAWA <\/a> <\/big><\/big><\/b><br><b><big>Urz\u0105d Dzielnicowy<\/big><\/b><\/td>\n\t<\/tr>\n\t<tr>\n\t\t<td style=\"background-color: #DDDDDD; text-align: center; \"><b>3a<\/b><\/td>\n\t\t<td style=\"padding-left: 8px;\">mosi\u0105dz<\/td>\n\t<\/tr>\n\t<tr>\n\t\t<td style=\"background-color: #DDDDDD; text-align: center; \"><b>3b<\/b><\/td>\n\t\t<td style=\"padding-left: 8px;\">tworzywo sztuczne <\/td>\n\t<\/tr>\n\t<tr>\n\t\t<td style=\"background-color: #DDDDDD; text-align: center; \"><b>4<\/b><\/td>\n\t\t<td style=\"padding-left: 8px;\">okr\u0105g\u0142a \u00d8 36 mm<\/td>\n\t<\/tr>\n\t<tr>\n\t\t<td style=\"background-color: #DDDDDD; text-align: center; \"><b>5<\/b><\/td>\n\t\t<td style=\"padding-left: 8px;\">wypuk\u0142oryty<\/td>\n\t<\/tr>\n\t<tr>\n\t\t<td style=\"background-color: #DDDDDD; text-align: center; \"><b>6<\/b><\/td>\n<td style=\"padding-left: 8px;\">&#8211;<\/td>\n\t<\/tr>\n<tr>\n\t\t<td style=\"background-color: #DDDDDD; text-align: center; \"><b>7<\/b><\/td>\n<td style=\"padding-left: 8px;\"> uchwyt o kulistej ga\u0142ce<\/td>\n\t<\/tr>\n\t<tr>\n\t\t<td style=\"background-color: #DDDDDD; text-align: center; \"><b>7a<\/b><\/td>\n\t\t<td style=\"padding-left: 8px;\">89 mm<\/td>\n\t<\/tr>\n\t<tr>\n\t\t<td style=\"background-color: #DDDDDD; text-align: center; \"><b>7b<\/b><\/td>\n\t\t<td style=\"padding-left: 8px;\">80 mm <\/td>\n\t<\/tr>\n\t<tr>\n\t\t<td style=\"background-color: #DDDDDD; text-align: center; \"><b>7c<\/b><\/td>\n\t\t<td style=\"padding-left: 8px;\">9 mm<\/td>\n\t<\/tr>\n\t<tr>\n\t\t<td style=\"background-color: #DDDDDD; text-align: center; \"><b>8<\/b><\/td>\n<td style=\"padding-left: 8px;\">na ga\u0142ce uchwytu znacznik wytw\u00f3rcy m \/\/ W <\/td>\n\t<\/tr>\n\t<tr>\n\t\t<td style=\"background-color: #DDDDDD; text-align: center; \"><b>9a<\/b><\/td>\n\t\t<td style=\"padding-left: 8px;\">majusku\u0142a<\/td>\n\t<\/tr>\n\t<tr>\n\t\t<td style=\"background-color: #DDDDDD; text-align: center; \"><b>9b<\/b><\/td>\n<td style=\"padding-left: 8px;\"><br> w otoku: <b><big>\u2022<\/big> URZ\u0104D DZIELNICOWY WARSZAWA &#8211; WOLA <big><\/big><\/b><br><br><\/td> \n\t<\/tr>\n\t<tr>\n\t\t<td style=\"background-color: #DDDDDD; text-align: center; \"><b>10<\/b><\/td>\n<td style=\"padding-left: 8px;\"> W polu piecz\u0119ci, oddzielonym od pola legendy obrze\u017ceniem ci\u0105g\u0142ym, wizerunek or\u0142a, ustalony dla god\u0142a herbu Polskiej Rzeczypospolitej Ludowej w 1955 r. Na zewn\u0105trz, wok\u00f3\u0142 pola legendy, pojedyncze obrze\u017cenie ci\u0105g\u0142e <\/td>\n<\/tr>\n\t<tr>\n\t\t<td style=\"background-color: #DDDDDD; text-align: center; \"><b>11<\/b><\/td>\n<td style=\"padding-left: 8px;\">&#8211;<\/td>\n\t<\/tr>\n\t<tr>\n<td style=\"background-color: #DDDDDD; text-align: center; \"><b>12<\/b><\/td>\n<td style=\"padding-left: 8px;\">na odwrocie matrycy nr ewidencyjny 464 117 (najwy\u017cszy znany numer piecz\u0119ci w PRL), nr grawera 129 i sygnatura wytw\u00f3rcy m\/\/W<\/td>\n\t<\/tr>\n<\/tbody><\/table>\n\n\n\n<p class=\"has-small-font-size\"> <a rel=\"noreferrer noopener\" href=\"http:\/\/sigillarium.pl\/index.php\/legenda-do-opisu-tloka-pieczetnego\/\" target=\"_blank\">Legenda<\/a> <\/p>\n<\/div>\n<\/div>\n\n\n\n<hr class=\"wp-block-separator has-alpha-channel-opacity\"\/>\n\n\n\n<div class=\"wp-block-columns is-layout-flex wp-container-core-columns-is-layout-9d6595d7 wp-block-columns-is-layout-flex\">\n<div class=\"wp-block-column is-layout-flow wp-block-column-is-layout-flow\" style=\"flex-basis:5%\"><\/div>\n\n\n\n<div class=\"wp-block-column is-vertically-aligned-center is-layout-flow wp-block-column-is-layout-flow\" style=\"flex-basis:23%\">\n<figure class=\"wp-block-gallery aligncenter has-nested-images columns-default is-cropped wp-block-gallery-52 is-layout-flex wp-block-gallery-is-layout-flex\">\n<figure class=\"wp-block-image size-large is-style-default\"><a href=\"https:\/\/sigillarium.pl\/wp-content\/uploads\/2023\/06\/Warszawa-Srudmiescie-Urzad-Dzielnicowy-pieczec-seal-petschaft-siegel-sceau-sigillarium.jpg.jpg\"><img loading=\"lazy\" decoding=\"async\" width=\"1021\" height=\"1024\" data-id=\"27097\" src=\"https:\/\/sigillarium.pl\/wp-content\/uploads\/2023\/06\/Warszawa-Srudmiescie-Urzad-Dzielnicowy-pieczec-seal-petschaft-siegel-sceau-sigillarium.jpg-1021x1024.jpg\" alt=\"\" class=\"wp-image-27097\" srcset=\"https:\/\/sigillarium.pl\/wp-content\/uploads\/2023\/06\/Warszawa-Srudmiescie-Urzad-Dzielnicowy-pieczec-seal-petschaft-siegel-sceau-sigillarium.jpg-1021x1024.jpg 1021w, https:\/\/sigillarium.pl\/wp-content\/uploads\/2023\/06\/Warszawa-Srudmiescie-Urzad-Dzielnicowy-pieczec-seal-petschaft-siegel-sceau-sigillarium.jpg-300x300.jpg 300w, https:\/\/sigillarium.pl\/wp-content\/uploads\/2023\/06\/Warszawa-Srudmiescie-Urzad-Dzielnicowy-pieczec-seal-petschaft-siegel-sceau-sigillarium.jpg-150x150.jpg 150w, https:\/\/sigillarium.pl\/wp-content\/uploads\/2023\/06\/Warszawa-Srudmiescie-Urzad-Dzielnicowy-pieczec-seal-petschaft-siegel-sceau-sigillarium.jpg-768x770.jpg 768w, https:\/\/sigillarium.pl\/wp-content\/uploads\/2023\/06\/Warszawa-Srudmiescie-Urzad-Dzielnicowy-pieczec-seal-petschaft-siegel-sceau-sigillarium.jpg.jpg 1122w\" sizes=\"auto, (max-width: 1021px) 100vw, 1021px\" \/><\/a><\/figure>\n<\/figure>\n<\/div>\n\n\n\n<div class=\"wp-block-column is-layout-flow wp-block-column-is-layout-flow\" style=\"flex-basis:1%\"><\/div>\n\n\n\n<div class=\"wp-block-column is-vertically-aligned-center is-layout-flow wp-block-column-is-layout-flow\" style=\"flex-basis:22%\"><div class=\"wp-block-image\">\n<figure class=\"aligncenter size-large is-resized\"><img loading=\"lazy\" decoding=\"async\" width=\"470\" height=\"1024\" src=\"https:\/\/sigillarium.pl\/wp-content\/uploads\/2023\/06\/Warszawa-Srudmiescie-Urzad-Dzielnicowy-uchwyt-pieczec-seal-petschaft-siegel-sceau-sigillarium-1.jpg-470x1024.jpg\" alt=\"\" class=\"wp-image-27098\" style=\"aspect-ratio:0.451171875;width:154px;height:auto\" srcset=\"https:\/\/sigillarium.pl\/wp-content\/uploads\/2023\/06\/Warszawa-Srudmiescie-Urzad-Dzielnicowy-uchwyt-pieczec-seal-petschaft-siegel-sceau-sigillarium-1.jpg-470x1024.jpg 470w, https:\/\/sigillarium.pl\/wp-content\/uploads\/2023\/06\/Warszawa-Srudmiescie-Urzad-Dzielnicowy-uchwyt-pieczec-seal-petschaft-siegel-sceau-sigillarium-1.jpg-138x300.jpg 138w, https:\/\/sigillarium.pl\/wp-content\/uploads\/2023\/06\/Warszawa-Srudmiescie-Urzad-Dzielnicowy-uchwyt-pieczec-seal-petschaft-siegel-sceau-sigillarium-1.jpg.jpg 516w\" sizes=\"auto, (max-width: 470px) 100vw, 470px\" \/><\/figure>\n<\/div><\/div>\n\n\n\n<div class=\"wp-block-column is-layout-flow wp-block-column-is-layout-flow\" style=\"flex-basis:1%\"><\/div>\n\n\n\n<div class=\"wp-block-column is-layout-flow wp-block-column-is-layout-flow\" style=\"flex-basis:48%\">\n<style> td {font-size: 11px; color: black; font-family: Arial;} <\/style>\n<table style=\"width: 500px; height: 150px;\">\n\t<tbody><tr>\n\t\t<td style=\"background-color: #DDDDDD; width:6%; text-align: center; \"><b>1<\/b><\/td>\n\t\t<td style=\"padding-left: 8px;\">kolekcja prywatna<\/td>\n\t<\/tr>\n\t<tr>\n\t\t<td style=\"background-color: #DDDDDD; text-align: center; \"><b>2<\/b><\/td>\n<td style=\"background-color: #FFFF99; white-space: nowrap; padding-left: 8px;\"><b><big><big><a href=\" https:\/\/pl.wikipedia.org\/wiki\/Warszawa_%C5%9Ar%C3%B3dmie%C5%9Bcie\">WARSZAWA <\/a> <\/big><\/big><\/b><br><b><big>Urz\u0105d Dzielnicowy<\/big><\/b><\/td>\n\t<\/tr>\n\t<tr>\n\t\t<td style=\"background-color: #DDDDDD; text-align: center; \"><b>3a<\/b><\/td>\n\t\t<td style=\"padding-left: 8px;\">mosi\u0105dz<\/td>\n\t<\/tr>\n\t<tr>\n\t\t<td style=\"background-color: #DDDDDD; text-align: center; \"><b>3b<\/b><\/td>\n\t\t<td style=\"padding-left: 8px;\">tworzywo sztuczne <\/td>\n\t<\/tr>\n\t<tr>\n\t\t<td style=\"background-color: #DDDDDD; text-align: center; \"><b>4<\/b><\/td>\n\t\t<td style=\"padding-left: 8px;\">okr\u0105g\u0142a \u00d8 36 mm<\/td>\n\t<\/tr>\n\t<tr>\n\t\t<td style=\"background-color: #DDDDDD; text-align: center; \"><b>5<\/b><\/td>\n\t\t<td style=\"padding-left: 8px;\">wypuk\u0142oryty<\/td>\n\t<\/tr>\n\t<tr>\n\t\t<td style=\"background-color: #DDDDDD; text-align: center; \"><b>6<\/b><\/td>\n<td style=\"padding-left: 8px;\">&#8211;<\/td>\n\t<\/tr>\n<tr>\n\t\t<td style=\"background-color: #DDDDDD; text-align: center; \"><b>7<\/b><\/td>\n<td style=\"padding-left: 8px;\"> uchwyt o kulistej ga\u0142ce<\/td>\n\t<\/tr>\n\t<tr>\n\t\t<td style=\"background-color: #DDDDDD; text-align: center; \"><b>7a<\/b><\/td>\n\t\t<td style=\"padding-left: 8px;\">89 mm<\/td>\n\t<\/tr>\n\t<tr>\n\t\t<td style=\"background-color: #DDDDDD; text-align: center; \"><b>7b<\/b><\/td>\n\t\t<td style=\"padding-left: 8px;\">80 mm <\/td>\n\t<\/tr>\n\t<tr>\n\t\t<td style=\"background-color: #DDDDDD; text-align: center; \"><b>7c<\/b><\/td>\n\t\t<td style=\"padding-left: 8px;\">9 mm<\/td>\n\t<\/tr>\n\t<tr>\n\t\t<td style=\"background-color: #DDDDDD; text-align: center; \"><b>8<\/b><\/td>\n<td style=\"padding-left: 8px;\">na ga\u0142ce uchwytu znacznik wytw\u00f3rcy m \/\/ W <\/td>\n\t<\/tr>\n\t<tr>\n\t\t<td style=\"background-color: #DDDDDD; text-align: center; \"><b>9a<\/b><\/td>\n\t\t<td style=\"padding-left: 8px;\">majusku\u0142a<\/td>\n\t<\/tr>\n\t<tr>\n\t\t<td style=\"background-color: #DDDDDD; text-align: center; \"><b>9b<\/b><\/td>\n<td style=\"padding-left: 8px;\"><br> w otoku: <b><big>\u2022<\/big> URZ\u0104D DZIELNICOWY WARSZAWA &#8211; \u015aR\u00d3DMIE\u015aCIE <big><\/big><\/b><br><br><\/td> \n\t<\/tr>\n\t<tr>\n\t\t<td style=\"background-color: #DDDDDD; text-align: center; \"><b>10<\/b><\/td>\n<td style=\"padding-left: 8px;\"> W polu piecz\u0119ci, oddzielonym od pola legendy obrze\u017ceniem ci\u0105g\u0142ym, wizerunek or\u0142a, ustalony dla god\u0142a herbu Polskiej Rzeczypospolitej Ludowej w 1955 r. Na zewn\u0105trz, wok\u00f3\u0142 pola legendy, pojedyncze obrze\u017cenie ci\u0105g\u0142e <\/td>\n<\/tr>\n\t<tr>\n\t\t<td style=\"background-color: #DDDDDD; text-align: center; \"><b>11<\/b><\/td>\n<td style=\"padding-left: 8px;\">&#8211;<\/td>\n\t<\/tr>\n\t<tr>\n<td style=\"background-color: #DDDDDD; text-align: center; \"><b>12<\/b><\/td>\n<td style=\"padding-left: 8px;\">na odwrocie matrycy nr ewidencyjny 463 956, nr grawera 129 i sygnatura wytw\u00f3rcy m\/\/W<\/td>\n\t<\/tr>\n<\/tbody><\/table>\n\n\n\n<p class=\"has-small-font-size\"> <a rel=\"noreferrer noopener\" href=\"http:\/\/sigillarium.pl\/index.php\/legenda-do-opisu-tloka-pieczetnego\/\" target=\"_blank\">Legenda<\/a> <\/p>\n<\/div>\n<\/div>\n\n\n\n<hr class=\"wp-block-separator has-alpha-channel-opacity\"\/>\n\n\n\n<div class=\"wp-block-columns is-layout-flex wp-container-core-columns-is-layout-9d6595d7 wp-block-columns-is-layout-flex\">\n<div class=\"wp-block-column is-layout-flow wp-block-column-is-layout-flow\" style=\"flex-basis:5%\"><\/div>\n\n\n\n<div class=\"wp-block-column is-vertically-aligned-center is-layout-flow wp-block-column-is-layout-flow\" style=\"flex-basis:23%\">\n<figure class=\"wp-block-gallery aligncenter has-nested-images columns-default is-cropped wp-block-gallery-53 is-layout-flex wp-block-gallery-is-layout-flex\">\n<figure class=\"wp-block-image size-full is-style-default\"><a href=\"https:\/\/sigillarium.pl\/wp-content\/uploads\/2022\/10\/Warszawa-Urzad-Rezerw_panstwowych-pieczec-seal-petschaft-siegel-sceau-sigillarium.jpg.jpg\"><img loading=\"lazy\" decoding=\"async\" width=\"1005\" height=\"1019\" data-id=\"22438\" src=\"https:\/\/sigillarium.pl\/wp-content\/uploads\/2022\/10\/Warszawa-Urzad-Rezerw_panstwowych-pieczec-seal-petschaft-siegel-sceau-sigillarium.jpg.jpg\" alt=\"\" class=\"wp-image-22438\" srcset=\"https:\/\/sigillarium.pl\/wp-content\/uploads\/2022\/10\/Warszawa-Urzad-Rezerw_panstwowych-pieczec-seal-petschaft-siegel-sceau-sigillarium.jpg.jpg 1005w, https:\/\/sigillarium.pl\/wp-content\/uploads\/2022\/10\/Warszawa-Urzad-Rezerw_panstwowych-pieczec-seal-petschaft-siegel-sceau-sigillarium.jpg-296x300.jpg 296w, https:\/\/sigillarium.pl\/wp-content\/uploads\/2022\/10\/Warszawa-Urzad-Rezerw_panstwowych-pieczec-seal-petschaft-siegel-sceau-sigillarium.jpg-768x779.jpg 768w\" sizes=\"auto, (max-width: 1005px) 100vw, 1005px\" \/><\/a><\/figure>\n<\/figure>\n<\/div>\n\n\n\n<div class=\"wp-block-column is-layout-flow wp-block-column-is-layout-flow\" style=\"flex-basis:1%\"><\/div>\n\n\n\n<div class=\"wp-block-column is-vertically-aligned-center is-layout-flow wp-block-column-is-layout-flow\" style=\"flex-basis:22%\"><div class=\"wp-block-image is-resized\">\n<figure class=\"aligncenter size-large\"><img loading=\"lazy\" decoding=\"async\" width=\"1024\" height=\"1019\" src=\"https:\/\/sigillarium.pl\/wp-content\/uploads\/2022\/10\/Warszawa-Urzad-Rezerw_Panstwowych-uchwyt-pieczec-seal-petschaft-siegel-sceau-sigillarium.jpg-1024x1019.jpg\" alt=\"\" class=\"wp-image-22440\" srcset=\"https:\/\/sigillarium.pl\/wp-content\/uploads\/2022\/10\/Warszawa-Urzad-Rezerw_Panstwowych-uchwyt-pieczec-seal-petschaft-siegel-sceau-sigillarium.jpg-1024x1019.jpg 1024w, https:\/\/sigillarium.pl\/wp-content\/uploads\/2022\/10\/Warszawa-Urzad-Rezerw_Panstwowych-uchwyt-pieczec-seal-petschaft-siegel-sceau-sigillarium.jpg-300x300.jpg 300w, https:\/\/sigillarium.pl\/wp-content\/uploads\/2022\/10\/Warszawa-Urzad-Rezerw_Panstwowych-uchwyt-pieczec-seal-petschaft-siegel-sceau-sigillarium.jpg-150x150.jpg 150w, https:\/\/sigillarium.pl\/wp-content\/uploads\/2022\/10\/Warszawa-Urzad-Rezerw_Panstwowych-uchwyt-pieczec-seal-petschaft-siegel-sceau-sigillarium.jpg-768x764.jpg 768w, https:\/\/sigillarium.pl\/wp-content\/uploads\/2022\/10\/Warszawa-Urzad-Rezerw_Panstwowych-uchwyt-pieczec-seal-petschaft-siegel-sceau-sigillarium.jpg.jpg 1060w\" sizes=\"auto, (max-width: 1024px) 100vw, 1024px\" \/><\/figure>\n<\/div><\/div>\n\n\n\n<div class=\"wp-block-column is-layout-flow wp-block-column-is-layout-flow\" style=\"flex-basis:1%\"><\/div>\n\n\n\n<div class=\"wp-block-column is-layout-flow wp-block-column-is-layout-flow\" style=\"flex-basis:48%\">\n<style> td {font-size: 11px; color: black; font-family: Arial;} <\/style>\n<table style=\"width: 500px; height: 150px;\">\n\t<tbody><tr>\n\t\t<td style=\"background-color: #DDDDDD; width:6%; text-align: center; \"><b>1<\/b><\/td>\n\t\t<td style=\"padding-left: 8px;\">kolekcja prywatna<\/td>\n\t<\/tr>\n\t<tr>\n\t\t<td style=\"background-color: #DDDDDD; text-align: center; \"><b>2<\/b><\/td>\n<td style=\"background-color: #FFFF99; white-space: nowrap; padding-left: 8px;\"><b><big><big><a href=\"https:\/\/pl.wikipedia.org\/wiki\/Warszawa \">WARSZAWA<\/a><\/big><\/big><br><big>Urz\u0105d Rezerw Pa\u0144stwowych<\/big><\/b><\/td>\n\t<\/tr>\n\t<tr>\n\t\t<td style=\"background-color: #DDDDDD; text-align: center; \"><b>3a<\/b><\/td>\n\t\t<td style=\"padding-left: 8px;\">mosi\u0105dz<\/td>\n\t<\/tr>\n\t<tr>\n\t\t<td style=\"background-color: #DDDDDD; text-align: center; \"><b>3b<\/b><\/td>\n\t\t<td style=\"padding-left: 8px;\">&#8211;<\/td>\n\t<\/tr>\n\t<tr>\n\t\t<td style=\"background-color: #DDDDDD; text-align: center; \"><b>4<\/b><\/td>\n\t\t<td style=\"padding-left: 8px;\">okr\u0105g\u0142a \u00d8 46 mm<\/td>\n\t<\/tr>\n\t<tr>\n\t\t<td style=\"background-color: #DDDDDD; text-align: center; \"><b>5<\/b><\/td>\n\t\t<td style=\"padding-left: 8px;\">wypuk\u0142oryty<\/td>\n\t<\/tr>\n\t<tr>\n\t\t<td style=\"background-color: #DDDDDD; text-align: center; \"><b>6<\/b><\/td>\n<td style=\"padding-left: 8px;\">na rancie nr grawera 32<\/td>\n\t<\/tr>\n<tr>\n\t\t<td style=\"background-color: #DDDDDD; text-align: center; \"><b>7<\/b><\/td>\n<td style=\"padding-left: 8px;\">brak, otw\u00f3r do wkr\u0119cenia uchwytu<\/td>\n\t<\/tr>\n\t<tr>\n\t\t<td style=\"background-color: #DDDDDD; text-align: center; \"><b>7a<\/b><\/td>\n\t\t<td style=\"padding-left: 8px;\">9,5 mm<\/td>\n\t<\/tr>\n\t<tr>\n\t\t<td style=\"background-color: #DDDDDD; text-align: center; \"><b>7b<\/b><\/td>\n\t\t<td style=\"padding-left: 8px;\">&#8211;<\/td>\n\t<\/tr>\n\t<tr>\n\t\t<td style=\"background-color: #DDDDDD; text-align: center; \"><b>7c<\/b><\/td>\n\t\t<td style=\"padding-left: 8px;\">9,5 mm<\/td>\n\t<\/tr>\n\t<tr>\n\t\t<td style=\"background-color: #DDDDDD; text-align: center; \"><b>8<\/b><\/td>\n<td style=\"padding-left: 8px;\">&#8211;<\/td>\n\t<\/tr>\n\t<tr>\n\t\t<td style=\"background-color: #DDDDDD; text-align: center; \"><b>9a<\/b><\/td>\n\t\t<td style=\"padding-left: 8px;\">majusku\u0142a<\/td>\n\t<\/tr>\n\t<tr>\n\t\t<td style=\"background-color: #DDDDDD; text-align: center; \"><b>9b<\/b><\/td>\n<td style=\"padding-left: 8px;\"><br> w otoku: <b>URZ\u0104D REZERW PA\u0143STWOWYCH \/\/  *  3  * <br><br><\/b><\/td> \n\t<\/tr>\n\t<tr>\n\t\t<td style=\"background-color: #DDDDDD; text-align: center; \"><b>10<\/b><\/td>\n<td style=\"padding-left: 8px;\"> W polu piecz\u0119ci, oddzielonym od pola legendy obrze\u017ceniem ci\u0105g\u0142ym, wizerunek or\u0142a w koronie, ustalony dla god\u0142a herbu Rzeczypospolitej Polskiej w grudniu 1927 r., uszczerbiony w Mennicy przez odj\u0119cie korony. Na zewn\u0105trz pola legendy pojedyncze obrze\u017cenie ci\u0105g\u0142e.<br><\/td>\n<\/tr>\n\t<tr>\n\t\t<td style=\"background-color: #DDDDDD; text-align: center; \"><b>11<\/b><\/td>\n<td style=\"padding-left: 8px;\">&#8211;<br><\/td>\n\t<\/tr>\n\t<tr>\n\t\t<td style=\"background-color: #DDDDDD; text-align: center; \"><b>12<\/b><\/td>\n\t\t<td style=\"padding-left: 8px;\">Na odwrocie matrycy nr ewidencyjny 193 383. <\/td>\n\t<\/tr>\n<\/tbody><\/table>\n\n\n\n<p class=\"has-small-font-size\"> <a rel=\"noreferrer noopener\" href=\"http:\/\/sigillarium.pl\/index.php\/legenda-do-opisu-tloka-pieczetnego\/\" target=\"_blank\">Legenda<\/a> <\/p>\n<\/div>\n<\/div>\n\n\n\n<hr class=\"wp-block-separator has-alpha-channel-opacity\"\/>\n\n\n\n<div class=\"wp-block-columns is-layout-flex wp-container-core-columns-is-layout-9d6595d7 wp-block-columns-is-layout-flex\">\n<div class=\"wp-block-column is-layout-flow wp-block-column-is-layout-flow\" style=\"flex-basis:5%\"><\/div>\n\n\n\n<div class=\"wp-block-column is-vertically-aligned-center is-layout-flow wp-block-column-is-layout-flow\" style=\"flex-basis:23%\">\n<figure class=\"wp-block-gallery aligncenter has-nested-images columns-default is-cropped wp-block-gallery-54 is-layout-flex wp-block-gallery-is-layout-flex\">\n<figure class=\"wp-block-image size-full is-style-default\"><a href=\"https:\/\/sigillarium.pl\/wp-content\/uploads\/2025\/10\/Wiecbork_Szkola-Podstawowa-im.-I-Armii-Wokska-Polskiego_pieczec_skasowana-2.jpg\"><img loading=\"lazy\" decoding=\"async\" width=\"1889\" height=\"1886\" data-id=\"37206\" src=\"https:\/\/sigillarium.pl\/wp-content\/uploads\/2025\/10\/Wiecbork_Szkola-Podstawowa-im.-I-Armii-Wokska-Polskiego_pieczec_skasowana-2.jpg\" alt=\"\" class=\"wp-image-37206\" srcset=\"https:\/\/sigillarium.pl\/wp-content\/uploads\/2025\/10\/Wiecbork_Szkola-Podstawowa-im.-I-Armii-Wokska-Polskiego_pieczec_skasowana-2.jpg 1889w, https:\/\/sigillarium.pl\/wp-content\/uploads\/2025\/10\/Wiecbork_Szkola-Podstawowa-im.-I-Armii-Wokska-Polskiego_pieczec_skasowana-2-300x300.jpg 300w, https:\/\/sigillarium.pl\/wp-content\/uploads\/2025\/10\/Wiecbork_Szkola-Podstawowa-im.-I-Armii-Wokska-Polskiego_pieczec_skasowana-2-1024x1022.jpg 1024w, https:\/\/sigillarium.pl\/wp-content\/uploads\/2025\/10\/Wiecbork_Szkola-Podstawowa-im.-I-Armii-Wokska-Polskiego_pieczec_skasowana-2-150x150.jpg 150w, https:\/\/sigillarium.pl\/wp-content\/uploads\/2025\/10\/Wiecbork_Szkola-Podstawowa-im.-I-Armii-Wokska-Polskiego_pieczec_skasowana-2-768x767.jpg 768w, https:\/\/sigillarium.pl\/wp-content\/uploads\/2025\/10\/Wiecbork_Szkola-Podstawowa-im.-I-Armii-Wokska-Polskiego_pieczec_skasowana-2-1536x1534.jpg 1536w\" sizes=\"auto, (max-width: 1889px) 100vw, 1889px\" \/><\/a><\/figure>\n<\/figure>\n<\/div>\n\n\n\n<div class=\"wp-block-column is-layout-flow wp-block-column-is-layout-flow\" style=\"flex-basis:1%\"><\/div>\n\n\n\n<div class=\"wp-block-column is-vertically-aligned-center is-layout-flow wp-block-column-is-layout-flow\" style=\"flex-basis:22%\"><div class=\"wp-block-image is-resized\">\n<figure class=\"aligncenter size-large\"><img loading=\"lazy\" decoding=\"async\" width=\"1024\" height=\"1022\" src=\"https:\/\/sigillarium.pl\/wp-content\/uploads\/2025\/10\/Wiecbork_Szkola-Podstawowa-im.-I-Armii-Wokska-Polskiego_pieczec_skasowana_rewers-2-1-1024x1022.jpg\" alt=\"\" class=\"wp-image-37209\" srcset=\"https:\/\/sigillarium.pl\/wp-content\/uploads\/2025\/10\/Wiecbork_Szkola-Podstawowa-im.-I-Armii-Wokska-Polskiego_pieczec_skasowana_rewers-2-1-1024x1022.jpg 1024w, https:\/\/sigillarium.pl\/wp-content\/uploads\/2025\/10\/Wiecbork_Szkola-Podstawowa-im.-I-Armii-Wokska-Polskiego_pieczec_skasowana_rewers-2-1-300x300.jpg 300w, https:\/\/sigillarium.pl\/wp-content\/uploads\/2025\/10\/Wiecbork_Szkola-Podstawowa-im.-I-Armii-Wokska-Polskiego_pieczec_skasowana_rewers-2-1-150x150.jpg 150w, https:\/\/sigillarium.pl\/wp-content\/uploads\/2025\/10\/Wiecbork_Szkola-Podstawowa-im.-I-Armii-Wokska-Polskiego_pieczec_skasowana_rewers-2-1-768x767.jpg 768w, https:\/\/sigillarium.pl\/wp-content\/uploads\/2025\/10\/Wiecbork_Szkola-Podstawowa-im.-I-Armii-Wokska-Polskiego_pieczec_skasowana_rewers-2-1-1536x1533.jpg 1536w, https:\/\/sigillarium.pl\/wp-content\/uploads\/2025\/10\/Wiecbork_Szkola-Podstawowa-im.-I-Armii-Wokska-Polskiego_pieczec_skasowana_rewers-2-1.jpg 1762w\" sizes=\"auto, (max-width: 1024px) 100vw, 1024px\" \/><\/figure>\n<\/div><\/div>\n\n\n\n<div class=\"wp-block-column is-layout-flow wp-block-column-is-layout-flow\" style=\"flex-basis:1%\"><\/div>\n\n\n\n<div class=\"wp-block-column is-layout-flow wp-block-column-is-layout-flow\" style=\"flex-basis:48%\">\n<style> td {font-size: 11px; color: black; font-family: Arial;} <\/style>\n<table style=\"width: 500px; height: 150px;\">\n\t<tbody><tr>\n\t\t<td style=\"background-color: #DDDDDD; width:6%; text-align: center; \"><b>1<\/b><\/td>\n\t\t<td style=\"padding-left: 8px;\">kolekcja prywatna<\/td>\n\t<\/tr>\n\t<tr>\n\t\t<td style=\"background-color: #DDDDDD; text-align: center; \"><b>2<\/b><\/td>\n<td style=\"background-color: #FFFF99; white-space: nowrap; padding-left: 8px;\"><b><big><big> <a href=\" https:\/\/pl.wikipedia.org\/wiki\/Wi%C4%99cbork\">WI\u0118CBORK<\/a><a> <\/a><\/big><\/big><a><br><big>Szko\u0142a Podstawowa nr 1 im. I Armii Wojska Polskiego<\/big><br><\/a><\/b><\/td>\n\t<\/tr>\n\t<tr>\n\t\t<td style=\"background-color: #DDDDDD; text-align: center; \"><b>3a<\/b><\/td>\n\t\t<td style=\"padding-left: 8px;\">mosi\u0105dz<\/td>\n\t<\/tr>\n\t<tr>\n\t\t<td style=\"background-color: #DDDDDD; text-align: center; \"><b>3b<\/b><\/td>\n\t\t<td style=\"padding-left: 8px;\">&#8211;<\/td>\n\t<\/tr>\n\t<tr>\n\t\t<td style=\"background-color: #DDDDDD; text-align: center; \"><b>4<\/b><\/td>\n\t\t<td style=\"padding-left: 8px;\">okr\u0105g\u0142a \u00d8 36 mm <\/td>\n\t<\/tr>\n\t<tr>\n\t\t<td style=\"background-color: #DDDDDD; text-align: center; \"><b>5<\/b><\/td>\n\t\t<td style=\"padding-left: 8px;\">wypuk\u0142oryty<\/td>\n\t<\/tr>\n\t<tr>\n\t\t<td style=\"background-color: #DDDDDD; text-align: center; \"><b>6<\/b><\/td>\n<td style=\"padding-left: 8px;\">&#8211; <\/td>\n\t<\/tr>\n<tr>\n\t\t<td style=\"background-color: #DDDDDD; text-align: center; \"><b>7<\/b><\/td>\n<td style=\"padding-left: 8px;\">brak, otw\u00f3r do jego zamocowania <\/td>\n\t<\/tr>\n\t<tr>\n\t\t<td style=\"background-color: #DDDDDD; text-align: center; \"><b>7a<\/b><\/td>\n\t\t<td style=\"padding-left: 8px;\"> 9 mm<\/td>\n\t<\/tr>\n\t<tr>\n\t\t<td style=\"background-color: #DDDDDD; text-align: center; \"><b>7b<\/b><\/td>\n<td style=\"padding-left: 8px;\">&#8211;<\/td>\n\t<\/tr>\n\t<tr>\n\t\t<td style=\"background-color: #DDDDDD; text-align: center; \"><b>7c<\/b><\/td>\n\t\t<td style=\"padding-left: 8px;\"> 9 mm<\/td>\n\t<\/tr>\n\t<tr>\n\t\t<td style=\"background-color: #DDDDDD; text-align: center; \"><b>8<\/b><\/td>\n<td style=\"padding-left: 8px;\">&#8211;<\/td>\n\t<\/tr>\n\t<tr>\n\t\t<td style=\"background-color: #DDDDDD; text-align: center; \"><b>9a<\/b><\/td>\n\t\t<td style=\"padding-left: 8px;\">majusku\u0142a<\/td>\n\t<\/tr>\n\t<tr>\n\t\t<td style=\"background-color: #DDDDDD; text-align: center; \"><b>9b<\/b><\/td>\n<td style=\"padding-left: 8px;\">w otoku zewn\u0119trznym:<b> * SZKO\u0141A PODSTAWOWA N <i>(ume)<\/i> R 1 *<\/B> <BR> w otoku wewn\u0119trznym: <b> \u2022 IM <i>(ienia)<\/i> I ARMII WOJSKA POLSKIEGO \/\/ W WI\u0118CBORKU <br><br><\/td>\n<\/tr>\n\t<tr>\t\n\t\t<td style=\"background-color: #DDDDDD; text-align: center; \"><b>10<\/b><\/td><br><br>\n<td style=\"padding-left: 8px;\"> W polu piecz\u0119ci, oddzielonym od pola legendy pojedynczym obrze\u017ceniem ci\u0105g\u0142ym, wizerunek or\u0142a ustalony dla god\u0142a herbu Polskiej Rzeczypospolitej Ludowej w 1955 r. Na zewn\u0105trz, wok\u00f3\u0142 pola legendy, pojedyncze obrze\u017cenie ci\u0105g\u0142e.<\/td>\n<\/tr>\n\t<tr>\n\t\t<td style=\"background-color: #DDDDDD; text-align: center; \"><b>11<\/b><\/td>\n<td style=\"padding-left: 8px;\">T\u0142ok piecz\u0119tny skasowany.<\/td>\n\t<\/tr>\n\t<tr>\n\t\t<td style=\"background-color: #DDDDDD; text-align: center; \"><b>12<\/b><\/td>\n<td style=\"padding-left: 8px;\">na odwrociu matrycy numer ewidencyjny 451 135, numer grawera 78, sygnatura wytw\u00f3rcy m\/\/W<\/td>\n\t<\/tr>\n<\/tbody><\/table>\n\n\n\n<p class=\"has-small-font-size\"> <a rel=\"noreferrer noopener\" href=\"http:\/\/sigillarium.pl\/index.php\/legenda-do-opisu-tloka-pieczetnego\/\" target=\"_blank\">Legenda<\/a> <\/p>\n<\/div>\n<\/div>\n\n\n\n<hr class=\"wp-block-separator has-alpha-channel-opacity\"\/>\n\n\n\n<div class=\"wp-block-columns is-layout-flex wp-container-core-columns-is-layout-9d6595d7 wp-block-columns-is-layout-flex\">\n<div class=\"wp-block-column is-layout-flow wp-block-column-is-layout-flow\" style=\"flex-basis:5%\"><\/div>\n\n\n\n<div class=\"wp-block-column is-vertically-aligned-center is-layout-flow wp-block-column-is-layout-flow\" style=\"flex-basis:23%\">\n<figure class=\"wp-block-gallery aligncenter has-nested-images columns-default is-cropped wp-block-gallery-55 is-layout-flex wp-block-gallery-is-layout-flex\">\n<figure class=\"wp-block-image size-full is-style-default\"><a href=\"https:\/\/sigillarium.pl\/wp-content\/uploads\/2025\/10\/Wiecbork_Zbiorcza_Szkola_Gminna_pieczec_skasowana-2-3.jpg\"><img loading=\"lazy\" decoding=\"async\" width=\"822\" height=\"828\" data-id=\"37278\" src=\"https:\/\/sigillarium.pl\/wp-content\/uploads\/2025\/10\/Wiecbork_Zbiorcza_Szkola_Gminna_pieczec_skasowana-2-3.jpg\" alt=\"\" class=\"wp-image-37278\" srcset=\"https:\/\/sigillarium.pl\/wp-content\/uploads\/2025\/10\/Wiecbork_Zbiorcza_Szkola_Gminna_pieczec_skasowana-2-3.jpg 822w, https:\/\/sigillarium.pl\/wp-content\/uploads\/2025\/10\/Wiecbork_Zbiorcza_Szkola_Gminna_pieczec_skasowana-2-3-298x300.jpg 298w, https:\/\/sigillarium.pl\/wp-content\/uploads\/2025\/10\/Wiecbork_Zbiorcza_Szkola_Gminna_pieczec_skasowana-2-3-150x150.jpg 150w, https:\/\/sigillarium.pl\/wp-content\/uploads\/2025\/10\/Wiecbork_Zbiorcza_Szkola_Gminna_pieczec_skasowana-2-3-768x774.jpg 768w\" sizes=\"auto, (max-width: 822px) 100vw, 822px\" \/><\/a><\/figure>\n<\/figure>\n<\/div>\n\n\n\n<div class=\"wp-block-column is-layout-flow wp-block-column-is-layout-flow\" style=\"flex-basis:1%\"><\/div>\n\n\n\n<div class=\"wp-block-column is-vertically-aligned-center is-layout-flow wp-block-column-is-layout-flow\" style=\"flex-basis:22%\"><div class=\"wp-block-image is-resized\">\n<figure class=\"aligncenter size-full\"><img loading=\"lazy\" decoding=\"async\" width=\"465\" height=\"459\" src=\"https:\/\/sigillarium.pl\/wp-content\/uploads\/2025\/10\/Wiecbork_Zbiorcza_Szkola_Gminna_pieczec_skasowana-1.jpg\" alt=\"\" class=\"wp-image-37315\" srcset=\"https:\/\/sigillarium.pl\/wp-content\/uploads\/2025\/10\/Wiecbork_Zbiorcza_Szkola_Gminna_pieczec_skasowana-1.jpg 465w, https:\/\/sigillarium.pl\/wp-content\/uploads\/2025\/10\/Wiecbork_Zbiorcza_Szkola_Gminna_pieczec_skasowana-1-300x296.jpg 300w\" sizes=\"auto, (max-width: 465px) 100vw, 465px\" \/><\/figure>\n<\/div><\/div>\n\n\n\n<div class=\"wp-block-column is-layout-flow wp-block-column-is-layout-flow\" style=\"flex-basis:1%\"><\/div>\n\n\n\n<div class=\"wp-block-column is-layout-flow wp-block-column-is-layout-flow\" style=\"flex-basis:48%\">\n<style> td {font-size: 11px; color: black; font-family: Arial;} <\/style>\n<table style=\"width: 500px; height: 150px;\">\n\t<tbody><tr>\n\t\t<td style=\"background-color: #DDDDDD; width:6%; text-align: center; \"><b>1<\/b><\/td>\n\t\t<td style=\"padding-left: 8px;\">kolekcja prywatna<\/td>\n\t<\/tr>\n\t<tr>\n\t\t<td style=\"background-color: #DDDDDD; text-align: center; \"><b>2<\/b><\/td>\n<td style=\"background-color: #FFFF99; white-space: nowrap; padding-left: 8px;\"><b><big><big> <a href=\" https:\/\/pl.wikipedia.org\/wiki\/Wi%C4%99cbork\">WI\u0118CBORK<\/a><\/big><\/big><br><big>Zbiorcza Szko\u0142a Gminna<\/big><br><\/b><\/td>\n\t<\/tr>\n\t<tr>\n\t\t<td style=\"background-color: #DDDDDD; text-align: center; \"><b>3a<\/b><\/td>\n\t\t<td style=\"padding-left: 8px;\">mosi\u0105dz<\/td>\n\t<\/tr>\n\t<tr>\n\t\t<td style=\"background-color: #DDDDDD; text-align: center; \"><b>3b<\/b><\/td>\n\t\t<td style=\"padding-left: 8px;\">&#8211;<\/td>\n\t<\/tr>\n\t<tr>\n\t\t<td style=\"background-color: #DDDDDD; text-align: center; \"><b>4<\/b><\/td>\n\t\t<td style=\"padding-left: 8px;\">okr\u0105g\u0142a \u00d8 36 mm <\/td>\n\t<\/tr>\n\t<tr>\n\t\t<td style=\"background-color: #DDDDDD; text-align: center; \"><b>5<\/b><\/td>\n\t\t<td style=\"padding-left: 8px;\">wypuk\u0142oryty<\/td>\n\t<\/tr>\n\t<tr>\n\t\t<td style=\"background-color: #DDDDDD; text-align: center; \"><b>6<\/b><\/td>\n<td style=\"padding-left: 8px;\">&#8211;<\/td>\n\t<\/tr>\n<tr>\n\t\t<td style=\"background-color: #DDDDDD; text-align: center; \"><b>7<\/b><\/td>\n<td style=\"padding-left: 8px;\">brak, otw\u00f3r do jego zamocowania <\/td>\n\t<\/tr>\n\t<tr>\n\t\t<td style=\"background-color: #DDDDDD; text-align: center; \"><b>7a<\/b><\/td>\n\t\t<td style=\"padding-left: 8px;\"> 9 mm<\/td>\n\t<\/tr>\n\t<tr>\n\t\t<td style=\"background-color: #DDDDDD; text-align: center; \"><b>7b<\/b><\/td>\n<td style=\"padding-left: 8px;\">&#8211;<\/td>\n\t<\/tr>\n\t<tr>\n\t\t<td style=\"background-color: #DDDDDD; text-align: center; \"><b>7c<\/b><\/td>\n\t\t<td style=\"padding-left: 8px;\"> 9 mm<\/td>\n\t<\/tr>\n\t<tr>\n\t\t<td style=\"background-color: #DDDDDD; text-align: center; \"><b>8<\/b><\/td>\n<td style=\"padding-left: 8px;\">&#8211;<\/td>\n\t<\/tr>\n\t<tr>\n\t\t<td style=\"background-color: #DDDDDD; text-align: center; \"><b>9a<\/b><\/td>\n\t\t<td style=\"padding-left: 8px;\">majusku\u0142a<\/td>\n\t<\/tr>\n\t<tr>\n\t\t<td style=\"background-color: #DDDDDD; text-align: center; \"><b>9b<\/b><\/td>\n<td style=\"padding-left: 8px;\">w otoku zewn\u0119trznym:<b> * ZBIORCZA SZKO\u0141A GMINNA * 1 * \/\/ W WI\u0118CBORKU <br><br><\/td>\n<\/tr>\n\t<tr>\t\n\t\t<td style=\"background-color: #DDDDDD; text-align: center; \"><b>10<\/b><\/td><br><br>\n<td style=\"padding-left: 8px;\"> W polu piecz\u0119ci, oddzielonym od pola legendy pojedynczym obrze\u017ceniem ci\u0105g\u0142ym, wizerunek or\u0142a ustalony dla god\u0142a herbu Polskiej Rzeczypospolitej Ludowej w 1955 r. Na zewn\u0105trz, wok\u00f3\u0142 pola legendy, pojedyncze obrze\u017cenie ci\u0105g\u0142e.<\/td>\n<\/tr>\n\t<tr>\n\t\t<td style=\"background-color: #DDDDDD; text-align: center; \"><b>11<\/b><\/td>\n<td style=\"padding-left: 8px;\">T\u0142ok piecz\u0119tny skasowany. <\/td>\n\t<\/tr>\n\t<tr>\n\t\t<td style=\"background-color: #DDDDDD; text-align: center; \"><b>12<\/b><\/td>\n<td style=\"padding-left: 8px;\">na odwrociu matrycy numer ewidencyjny 414 872, numer grawera 77, sygnatura wytw\u00f3rcy m\/\/W<\/td>\n\t<\/tr>\n<\/tbody><\/table>\n\n\n\n<p class=\"has-small-font-size\"> <a rel=\"noreferrer noopener\" href=\"http:\/\/sigillarium.pl\/index.php\/legenda-do-opisu-tloka-pieczetnego\/\" target=\"_blank\">Legenda<\/a> <\/p>\n<\/div>\n<\/div>\n\n\n\n<hr class=\"wp-block-separator has-alpha-channel-opacity\"\/>\n\n\n\n<div class=\"wp-block-columns is-layout-flex wp-container-core-columns-is-layout-9d6595d7 wp-block-columns-is-layout-flex\">\n<div class=\"wp-block-column is-layout-flow wp-block-column-is-layout-flow\" style=\"flex-basis:5%\"><\/div>\n\n\n\n<div class=\"wp-block-column is-vertically-aligned-center is-layout-flow wp-block-column-is-layout-flow\" style=\"flex-basis:23%\">\n<figure class=\"wp-block-gallery aligncenter has-nested-images columns-default is-cropped wp-block-gallery-56 is-layout-flex wp-block-gallery-is-layout-flex\">\n<figure class=\"wp-block-image size-full is-style-default\"><a href=\"https:\/\/sigillarium.pl\/wp-content\/uploads\/2025\/06\/Zakrzewo_Publiczna_szkola_powszechna_pieczec.jpg\"><img loading=\"lazy\" decoding=\"async\" width=\"601\" height=\"606\" data-id=\"35789\" src=\"https:\/\/sigillarium.pl\/wp-content\/uploads\/2025\/06\/Zakrzewo_Publiczna_szkola_powszechna_pieczec.jpg\" alt=\"\" class=\"wp-image-35789\" srcset=\"https:\/\/sigillarium.pl\/wp-content\/uploads\/2025\/06\/Zakrzewo_Publiczna_szkola_powszechna_pieczec.jpg 601w, https:\/\/sigillarium.pl\/wp-content\/uploads\/2025\/06\/Zakrzewo_Publiczna_szkola_powszechna_pieczec-298x300.jpg 298w, https:\/\/sigillarium.pl\/wp-content\/uploads\/2025\/06\/Zakrzewo_Publiczna_szkola_powszechna_pieczec-150x150.jpg 150w\" sizes=\"auto, (max-width: 601px) 100vw, 601px\" \/><\/a><\/figure>\n<\/figure>\n<\/div>\n\n\n\n<div class=\"wp-block-column is-layout-flow wp-block-column-is-layout-flow\" style=\"flex-basis:1%\"><\/div>\n\n\n\n<div class=\"wp-block-column is-vertically-aligned-center is-layout-flow wp-block-column-is-layout-flow\" style=\"flex-basis:22%\"><div class=\"wp-block-image is-resized\">\n<figure class=\"aligncenter size-large\"><img loading=\"lazy\" decoding=\"async\" width=\"468\" height=\"1024\" src=\"https:\/\/sigillarium.pl\/wp-content\/uploads\/2025\/06\/Zakrzewo_pub.szkola_powszechna_uchwyt-468x1024.jpg\" alt=\"\" class=\"wp-image-35787\" style=\"aspect-ratio:0.4443359375;object-fit:cover;width:165px\" srcset=\"https:\/\/sigillarium.pl\/wp-content\/uploads\/2025\/06\/Zakrzewo_pub.szkola_powszechna_uchwyt-468x1024.jpg 468w, https:\/\/sigillarium.pl\/wp-content\/uploads\/2025\/06\/Zakrzewo_pub.szkola_powszechna_uchwyt-137x300.jpg 137w, https:\/\/sigillarium.pl\/wp-content\/uploads\/2025\/06\/Zakrzewo_pub.szkola_powszechna_uchwyt-768x1682.jpg 768w, https:\/\/sigillarium.pl\/wp-content\/uploads\/2025\/06\/Zakrzewo_pub.szkola_powszechna_uchwyt-701x1536.jpg 701w, https:\/\/sigillarium.pl\/wp-content\/uploads\/2025\/06\/Zakrzewo_pub.szkola_powszechna_uchwyt-935x2048.jpg 935w, https:\/\/sigillarium.pl\/wp-content\/uploads\/2025\/06\/Zakrzewo_pub.szkola_powszechna_uchwyt.jpg 1130w\" sizes=\"auto, (max-width: 468px) 100vw, 468px\" \/><\/figure>\n<\/div><\/div>\n\n\n\n<div class=\"wp-block-column is-layout-flow wp-block-column-is-layout-flow\" style=\"flex-basis:1%\"><\/div>\n\n\n\n<div class=\"wp-block-column is-layout-flow wp-block-column-is-layout-flow\" style=\"flex-basis:48%\">\n<style> td {font-size: 11px; color: black; font-family: Arial;} <\/style>\n<table style=\"width: 500px; height: 150px;\">\n\t<tbody><tr>\n\t\t<td style=\"background-color: #DDDDDD; width:6%; text-align: center; \"><b>1<\/b><\/td>\n\t\t<td style=\"padding-left: 8px;\">kolekcja prywatna<\/td>\n\t<\/tr>\n\t<tr>\n\t\t<td style=\"background-color: #DDDDDD; text-align: center; \"><b>2<\/b><\/td>\n<td style=\"background-color: #FFFF99; white-space: nowrap; padding-left: 8px;\"><b><big><big><a href=\"https:\/\/pl.wikipedia.org\/wiki\/Zakrzew_(powiat_radomski)\">ZAKRZEW<\/a><\/big><\/big><br><big>Publiczna Szko\u0142a Powszechna<\/big><\/b><\/td>\n\t<\/tr>\n\t<tr>\n\t\t<td style=\"background-color: #DDDDDD; text-align: center; \"><b>3a<\/b><\/td>\n\t\t<td style=\"padding-left: 8px;\">mosi\u0105dz<\/td>\n\t<\/tr>\n\t<tr>\n\t\t<td style=\"background-color: #DDDDDD; text-align: center; \"><b>3b<\/b><\/td>\n\t\t<td style=\"padding-left: 8px;\">drewno <\/td>\n\t<\/tr>\n\t<tr>\n\t\t<td style=\"background-color: #DDDDDD; text-align: center; \"><b>4<\/b><\/td>\n\t\t<td style=\"padding-left: 8px;\">okr\u0105g\u0142a \u00d8 36 mm<\/td>\n\t<\/tr>\n\t<tr>\n\t\t<td style=\"background-color: #DDDDDD; text-align: center; \"><b>5<\/b><\/td>\n\t\t<td style=\"padding-left: 8px;\">wypuk\u0142oryty<\/td>\n\t<\/tr>\n\t<tr>\n\t\t<td style=\"background-color: #DDDDDD; text-align: center; \"><b>6<\/b><\/td>\n<td style=\"padding-left: 8px;\">na rancie matrycy numer grawera 16<\/td>\n\t<\/tr>\n<tr>\n\t\t<td style=\"background-color: #DDDDDD; text-align: center; \"><b>7<\/b><\/td>\n<td style=\"padding-left: 8px;\"> uchwyt toczony o kulistej ga\u0142ce<\/td>\n\t<\/tr>\n\t<tr>\n\t\t<td style=\"background-color: #DDDDDD; text-align: center; \"><b>7a<\/b><\/td>\n\t\t<td style=\"padding-left: 8px;\">100 mm<\/td>\n\t<\/tr>\n\t<tr>\n\t\t<td style=\"background-color: #DDDDDD; text-align: center; \"><b>7b<\/b><\/td>\n\t\t<td style=\"padding-left: 8px;\">89 mm, w tym skuwka 8 mm ( \u00d8 16 mm )<\/td>\n\t<\/tr>\n\t<tr>\n\t\t<td style=\"background-color: #DDDDDD; text-align: center; \"><b>7c<\/b><\/td>\n\t\t<td style=\"padding-left: 8px;\">11 mm<\/td>\n\t<\/tr>\n\t<tr>\n\t\t<td style=\"background-color: #DDDDDD; text-align: center; \"><b>8<\/b><\/td>\n<td style=\"padding-left: 8px;\">na uchwycie znacznik prawid\u0142owego ustawienia t\u0142oka<\/td>\n\t<\/tr>\n\t<tr>\n\t\t<td style=\"background-color: #DDDDDD; text-align: center; \"><b>9a<\/b><\/td>\n\t\t<td style=\"padding-left: 8px;\">majusku\u0142a<\/td>\n\t<\/tr>\n\t<tr>\n\t\t<td style=\"background-color: #DDDDDD; text-align: center; \"><b>9b<\/b><\/td>\n<td style=\"padding-left: 8px;\"><br> w otoku:<b> * PUBL <i>(iczna)<\/i> SZKO\u0141A  POWSZ <i>(echna)<\/i> * \/\/ W ZAKRZEWIE <br><br><\/b><\/td> \n\t<\/tr>\n\t<tr>\n\t\t<td style=\"background-color: #DDDDDD; text-align: center; \"><b>10<\/b><\/td>\n<td style=\"padding-left: 8px;\"> W polu piecz\u0119ci, oddzielonym od pola legendy pojedy\u0144czym obrze\u017ceniem ci\u0105g\u0142ym, wizerunek or\u0142a w koronie, ustalony dla god\u0142a herbu Rzeczypospolitej Polskiej w 1927 r., uszczerbiony w Mennicy przez odj\u0119cie korony. Na zewn\u0105trz, wok\u00f3\u0142 pola legendy, pojedyncze obrze\u017cenie ci\u0105g\u0142e. <br><br><\/td>\n<\/tr>\n\t<tr>\n\t\t<td style=\"background-color: #DDDDDD; text-align: center; \"><b>11<\/b><\/td>\n<td style=\"padding-left: 8px;\">&#8211;<\/td>\n\t<\/tr>\n\t<tr>\n<td style=\"background-color: #DDDDDD; text-align: center; \"><b>12<\/b><\/td>\n<td style=\"padding-left: 8px;\"> na odwrociu matrycy numer ewidencyjny 22 911, sygnatura wytw\u00f3rcy: orze\u0142 i herb Ko\u015bciesza, mi\u0119dzy nimi napis: MENNICA \/\/ PA\u0143STWOWA <\/td>\n\t<\/tr>\n<\/tbody><\/table>\n\n\n\n<p class=\"has-small-font-size\"> <a rel=\"noreferrer noopener\" href=\"http:\/\/sigillarium.pl\/index.php\/legenda-do-opisu-tloka-pieczetnego\/\" target=\"_blank\">Legenda<\/a> <\/p>\n<\/div>\n<\/div>\n\n\n\n<hr class=\"wp-block-separator has-alpha-channel-opacity\"\/>\n\n\n\n<div class=\"wp-block-columns is-layout-flex wp-container-core-columns-is-layout-9d6595d7 wp-block-columns-is-layout-flex\">\n<div class=\"wp-block-column is-layout-flow wp-block-column-is-layout-flow\" style=\"flex-basis:5%\"><\/div>\n\n\n\n<div class=\"wp-block-column is-vertically-aligned-center is-layout-flow wp-block-column-is-layout-flow\" style=\"flex-basis:23%\">\n<figure class=\"wp-block-gallery aligncenter has-nested-images columns-default is-cropped wp-block-gallery-57 is-layout-flex wp-block-gallery-is-layout-flex\">\n<figure class=\"wp-block-image size-large is-style-default\"><a href=\"https:\/\/sigillarium.pl\/wp-content\/uploads\/2023\/06\/Zlotow-Szkola-Podstawowa-pieczec-seal-petschaft-siegel-sceau-sigillarium.jpg.jpg\"><img loading=\"lazy\" decoding=\"async\" width=\"1018\" height=\"1024\" data-id=\"27094\" src=\"https:\/\/sigillarium.pl\/wp-content\/uploads\/2023\/06\/Zlotow-Szkola-Podstawowa-pieczec-seal-petschaft-siegel-sceau-sigillarium.jpg-1018x1024.jpg\" alt=\"\" class=\"wp-image-27094\" srcset=\"https:\/\/sigillarium.pl\/wp-content\/uploads\/2023\/06\/Zlotow-Szkola-Podstawowa-pieczec-seal-petschaft-siegel-sceau-sigillarium.jpg-1018x1024.jpg 1018w, https:\/\/sigillarium.pl\/wp-content\/uploads\/2023\/06\/Zlotow-Szkola-Podstawowa-pieczec-seal-petschaft-siegel-sceau-sigillarium.jpg-298x300.jpg 298w, https:\/\/sigillarium.pl\/wp-content\/uploads\/2023\/06\/Zlotow-Szkola-Podstawowa-pieczec-seal-petschaft-siegel-sceau-sigillarium.jpg-150x150.jpg 150w, https:\/\/sigillarium.pl\/wp-content\/uploads\/2023\/06\/Zlotow-Szkola-Podstawowa-pieczec-seal-petschaft-siegel-sceau-sigillarium.jpg-768x773.jpg 768w, https:\/\/sigillarium.pl\/wp-content\/uploads\/2023\/06\/Zlotow-Szkola-Podstawowa-pieczec-seal-petschaft-siegel-sceau-sigillarium.jpg.jpg 1118w\" sizes=\"auto, (max-width: 1018px) 100vw, 1018px\" \/><\/a><\/figure>\n<\/figure>\n<\/div>\n\n\n\n<div class=\"wp-block-column is-layout-flow wp-block-column-is-layout-flow\" style=\"flex-basis:1%\"><\/div>\n\n\n\n<div class=\"wp-block-column is-vertically-aligned-center is-layout-flow wp-block-column-is-layout-flow\" style=\"flex-basis:22%\"><div class=\"wp-block-image is-resized\">\n<figure class=\"aligncenter size-large\"><img loading=\"lazy\" decoding=\"async\" width=\"430\" height=\"1024\" src=\"https:\/\/sigillarium.pl\/wp-content\/uploads\/2023\/06\/Zlotow-Szkola-Podstawowa-uchwyt-pieczec-seal-petschaft-siegel-sceau-sigillarium.jpg-430x1024.jpg\" alt=\"\" class=\"wp-image-27095\" style=\"aspect-ratio:0.4443359375;object-fit:cover;width:165px\" srcset=\"https:\/\/sigillarium.pl\/wp-content\/uploads\/2023\/06\/Zlotow-Szkola-Podstawowa-uchwyt-pieczec-seal-petschaft-siegel-sceau-sigillarium.jpg-430x1024.jpg 430w, https:\/\/sigillarium.pl\/wp-content\/uploads\/2023\/06\/Zlotow-Szkola-Podstawowa-uchwyt-pieczec-seal-petschaft-siegel-sceau-sigillarium.jpg-126x300.jpg 126w, https:\/\/sigillarium.pl\/wp-content\/uploads\/2023\/06\/Zlotow-Szkola-Podstawowa-uchwyt-pieczec-seal-petschaft-siegel-sceau-sigillarium.jpg.jpg 472w\" sizes=\"auto, (max-width: 430px) 100vw, 430px\" \/><\/figure>\n<\/div><\/div>\n\n\n\n<div class=\"wp-block-column is-layout-flow wp-block-column-is-layout-flow\" style=\"flex-basis:1%\"><\/div>\n\n\n\n<div class=\"wp-block-column is-layout-flow wp-block-column-is-layout-flow\" style=\"flex-basis:48%\">\n<style> td {font-size: 11px; color: black; font-family: Arial;} <\/style>\n<table style=\"width: 500px; height: 150px;\">\n\t<tbody><tr>\n\t\t<td style=\"background-color: #DDDDDD; width:6%; text-align: center; \"><b>1<\/b><\/td>\n\t\t<td style=\"padding-left: 8px;\">kolekcja prywatna<\/td>\n\t<\/tr>\n\t<tr>\n\t\t<td style=\"background-color: #DDDDDD; text-align: center; \"><b>2<\/b><\/td>\n<td style=\"background-color: #FFFF99; white-space: nowrap; padding-left: 8px;\"><b><big><big> <a href=\"https:\/\/pl.wikipedia.org\/wiki\/Z%C5%82ot%C3%B3w\">Z\u0141OT\u00d3W<\/a> <\/big><\/big><br><big> Szko\u0142a Podstawowa<\/big><\/b><\/td>\n\t<\/tr>\n\t<tr>\n\t\t<td style=\"background-color: #DDDDDD; text-align: center; \"><b>3a<\/b><\/td>\n\t\t<td style=\"padding-left: 8px;\">mosi\u0105dz<\/td>\n\t<\/tr>\n\t<tr>\n\t\t<td style=\"background-color: #DDDDDD; text-align: center; \"><b>3b<\/b><\/td>\n\t\t<td style=\"padding-left: 8px;\"> drewniany <\/td>\n\t<\/tr>\n\t<tr>\n\t\t<td style=\"background-color: #DDDDDD; text-align: center; \"><b>4<\/b><\/td>\n\t\t<td style=\"padding-left: 8px;\">okr\u0105g\u0142a \u00d8 36 mm<\/td>\n\t<\/tr>\n\t<tr>\n\t\t<td style=\"background-color: #DDDDDD; text-align: center; \"><b>5<\/b><\/td>\n\t\t<td style=\"padding-left: 8px;\">wypuk\u0142oryty<\/td>\n\t<\/tr>\n\t<tr>\n\t\t<td style=\"background-color: #DDDDDD; text-align: center; \"><b>6<\/b><\/td>\n<td style=\"padding-left: 8px;\">&#8211;<\/td>\n\t<\/tr>\n<tr>\n\t\t<td style=\"background-color: #DDDDDD; text-align: center; \"><b>7<\/b><\/td>\n<td style=\"padding-left: 8px;\">uchwyt toczony o kulistej ga\u0142ce<\/td>\n\t<\/tr>\n\t<tr>\n\t\t<td style=\"background-color: #DDDDDD; text-align: center; \"><b>7a<\/b><\/td>\n\t\t<td style=\"padding-left: 8px;\">98 mm<\/td>\n\t<\/tr>\n\t<tr>\n\t\t<td style=\"background-color: #DDDDDD; text-align: center; \"><b>7b<\/b><\/td>\n\t\t<td style=\"padding-left: 8px;\">89 mm, w tym skuwka 5 mm (\u00d8 16 mm)<\/td>\n\t<\/tr>\n\t<tr>\n\t\t<td style=\"background-color: #DDDDDD; text-align: center; \"><b>7c<\/b><\/td>\n\t\t<td style=\"padding-left: 8px;\">9 mm<\/td>\n\t<\/tr>\n\t<tr>\n\t\t<td style=\"background-color: #DDDDDD; text-align: center; \"><b>8<\/b><\/td>\n<td style=\"padding-left: 8px;\"> &#8211; <\/td>\n\t<\/tr>\n\t<tr>\n\t\t<td style=\"background-color: #DDDDDD; text-align: center; \"><b>9a<\/b><\/td>\n\t\t<td style=\"padding-left: 8px;\">majusku\u0142a<\/td>\n\t<\/tr>\n\t<tr>\n\t\t<td style=\"background-color: #DDDDDD; text-align: center; \"><b>9b<\/b><\/td>\n<td style=\"padding-left: 8px;\"><br> w p\u00f3\u0142otoku g\u00f3rnym:  <b><big>*<\/big> SZKO\u0141A PODSTAWOWA * <br><\/b>  w p\u00f3\u0142otoku dolnym: <b> W Z\u0141OTOWIE<br><br><\/b><\/td> \n\t<\/tr>\n\t<tr>\n\t\t<td style=\"background-color: #DDDDDD; text-align: center; \"><b>10<\/b><\/td>\n<td style=\"padding-left: 8px;\"> W polu piecz\u0119ci, oddzielonym od pola legendy pojedynczym obrze\u017ceniem ci\u0105g\u0142ym, wizerunek or\u0142a ustalony dla god\u0142a herbu Polskiej Rzeczypospolitej Ludowej w 1955 r. Na zewn\u0105trz, wok\u00f3\u0142 pola legendy, pojedyncze obrze\u017cenie ci\u0105g\u0142e. <\/td>\n<\/tr>\n\t<tr>\n\t\t<td style=\"background-color: #DDDDDD; text-align: center; \"><b>11<\/b><\/td>\n<td style=\"padding-left: 8px;\">&#8211;<\/td>\n\t<\/tr>\n\t<tr>\n<td style=\"background-color: #DDDDDD; text-align: center; \"><b>12<\/b><\/td>\n<td style=\"padding-left: 8px;\">na odwrocie matrycy nr ewidencyjny 268 761 i numer grawera 19. <\/td>\n\t<\/tr>\n<\/tbody><\/table>\n\n\n\n<p class=\"has-small-font-size\"> <a rel=\"noreferrer noopener\" href=\"http:\/\/sigillarium.pl\/index.php\/legenda-do-opisu-tloka-pieczetnego\/\" target=\"_blank\">Legenda<\/a> <\/p>\n<\/div>\n<\/div>\n\n\n\n<hr class=\"wp-block-separator has-css-opacity\"\/>\n\n\n\n<div class=\"wp-block-columns is-layout-flex wp-container-core-columns-is-layout-9d6595d7 wp-block-columns-is-layout-flex\">\n<div class=\"wp-block-column is-layout-flow wp-block-column-is-layout-flow\" style=\"flex-basis:5%\"><\/div>\n\n\n\n<div class=\"wp-block-column is-vertically-aligned-center is-layout-flow wp-block-column-is-layout-flow\" style=\"flex-basis:23%\">\n<figure class=\"wp-block-gallery aligncenter has-nested-images columns-default is-cropped wp-block-gallery-58 is-layout-flex wp-block-gallery-is-layout-flex\">\n<figure class=\"wp-block-image size-full is-style-default\"><a href=\"https:\/\/sigillarium.pl\/wp-content\/uploads\/2020\/10\/NN_kontrla_akcyzowa.jpg\"><img loading=\"lazy\" decoding=\"async\" width=\"1082\" height=\"1066\" data-id=\"8815\" src=\"https:\/\/sigillarium.pl\/wp-content\/uploads\/2020\/10\/NN_kontrla_akcyzowa.jpg\" alt=\"\" class=\"wp-image-8815\" srcset=\"https:\/\/sigillarium.pl\/wp-content\/uploads\/2020\/10\/NN_kontrla_akcyzowa.jpg 1082w, https:\/\/sigillarium.pl\/wp-content\/uploads\/2020\/10\/NN_kontrla_akcyzowa-300x296.jpg 300w, https:\/\/sigillarium.pl\/wp-content\/uploads\/2020\/10\/NN_kontrla_akcyzowa-1024x1009.jpg 1024w, https:\/\/sigillarium.pl\/wp-content\/uploads\/2020\/10\/NN_kontrla_akcyzowa-768x757.jpg 768w\" sizes=\"auto, (max-width: 1082px) 100vw, 1082px\" \/><\/a><\/figure>\n<\/figure>\n\n\n\n<p><\/p>\n<\/div>\n\n\n\n<div class=\"wp-block-column is-layout-flow wp-block-column-is-layout-flow\" style=\"flex-basis:1%\"><\/div>\n\n\n\n<div class=\"wp-block-column is-vertically-aligned-center is-layout-flow wp-block-column-is-layout-flow\" style=\"flex-basis:22%\"><div class=\"wp-block-image\">\n<figure class=\"aligncenter size-large is-resized\"><img loading=\"lazy\" decoding=\"async\" width=\"619\" height=\"1024\" src=\"https:\/\/sigillarium.pl\/wp-content\/uploads\/2020\/10\/NN_kontrola-akcyzowa_uchwyt-619x1024.jpg\" alt=\"\" class=\"wp-image-8816\" style=\"width:164px;height:265px\" srcset=\"https:\/\/sigillarium.pl\/wp-content\/uploads\/2020\/10\/NN_kontrola-akcyzowa_uchwyt-619x1024.jpg 619w, https:\/\/sigillarium.pl\/wp-content\/uploads\/2020\/10\/NN_kontrola-akcyzowa_uchwyt-181x300.jpg 181w, https:\/\/sigillarium.pl\/wp-content\/uploads\/2020\/10\/NN_kontrola-akcyzowa_uchwyt.jpg 680w\" sizes=\"auto, (max-width: 619px) 100vw, 619px\" \/><\/figure>\n<\/div><\/div>\n\n\n\n<div class=\"wp-block-column is-layout-flow wp-block-column-is-layout-flow\" style=\"flex-basis:1%\"><\/div>\n\n\n\n<div class=\"wp-block-column is-layout-flow wp-block-column-is-layout-flow\" style=\"flex-basis:48%\">\n<style> td {font-size: 11px; color: black; font-family: Arial;} <\/style>\n<table style=\"width: 500px; height: 150px;\">\n\t<tr>\n\t\t<td style=\"background-color: #DDDDDD; width:6%; text-align: center; \"><b>1<\/b><\/td>\n\t\t<td style=\"padding-left: 8px;\">kolekcja prywatna<\/td>\n\t<\/tr>\n\t<tr>\n\t\t<td style=\"background-color: #DDDDDD; text-align: center; \"><b>2<\/b><\/td>\n<td style=\"background-color: #FFFF99; white-space: nowrap; padding-left: 8px;\"><b><big><big>NN<\/a><\/big><\/big><\/b><br \/><b><b>Kontrola akcyzowa 347<\/b><\/b><\/td>\n\t<\/tr>\n\t<tr>\n\t\t<td style=\"background-color: #DDDDDD; text-align: center; \"><b>3a<\/b><\/td>\n\t\t<td style=\"padding-left: 8px;\">mosi\u0105dz<\/td>\n\t<\/tr>\n\t<tr>\n\t\t<td style=\"background-color: #DDDDDD; text-align: center; \"><b>3b<\/b><\/td>\n\t\t<td style=\"padding-left: 8px;\"> drewno <\/td>\n\t<\/tr>\n\t<tr>\n\t\t<td style=\"background-color: #DDDDDD; text-align: center; \"><b>4<\/b><\/td>\n\t\t<td style=\"padding-left: 8px;\">okr\u0105g\u0142a \u00d8 36 mm<\/td>\n\t<\/tr>\n\t<tr>\n\t\t<td style=\"background-color: #DDDDDD; text-align: center; \"><b>5<\/b><\/td>\n\t\t<td style=\"padding-left: 8px;\">wypuk\u0142oryty<\/td>\n\t<\/tr>\n\t<tr>\n\t\t<td style=\"background-color: #DDDDDD; text-align: center; \"><b>6<\/b><\/td>\n<td style=\"padding-left: 8px;\"> na rancie numer grawera 12 <\/td>\n\t<\/tr>\n<tr>\n\t\t<td style=\"background-color: #DDDDDD; text-align: center; \"><b>7<\/b><\/td>\n<td style=\"padding-left: 8px;\"> uchwyt toczony o kulistej ga\u0142ce<\/td>\n\t<\/tr>\n\t<tr>\n\t\t<td style=\"background-color: #DDDDDD; text-align: center; \"><b>7a<\/b><\/td>\n\t\t<td style=\"padding-left: 8px;\">59 mm<\/td>\n\t<\/tr>\n\t<tr>\n\t\t<td style=\"background-color: #DDDDDD; text-align: center; \"><b>7b<\/b><\/td>\n\t\t<td style=\"padding-left: 8px;\">45 mm, w tym skuwka 7,5 mm <\/td>\n\t<\/tr>\n\t<tr>\n\t\t<td style=\"background-color: #DDDDDD; text-align: center; \"><b>7c<\/b><\/td>\n\t\t<td style=\"padding-left: 8px;\">14 mm<\/td>\n\t<\/tr>\n\t<tr>\n\t\t<td style=\"background-color: #DDDDDD; text-align: center; \"><b>8<\/b><\/td>\n<td style=\"padding-left: 8px;\">na ga\u0142ce uchwytu znacznik prawid\u0142owego ustawienia t\u0142oka (pineska)<\/td>\n\t<\/tr>\n\t<tr>\n\t\t<td style=\"background-color: #DDDDDD; text-align: center; \"><b>9a<\/b><\/td>\n\t\t<td style=\"padding-left: 8px;\">majusku\u0142a<\/td>\n\t<\/tr>\n\t<tr>\n\t\t<td style=\"background-color: #DDDDDD; text-align: center; \"><b>9b<\/b><\/td>\n<td style=\"padding-left: 8px;\"><br \/> w otoku:  <b><big>*<\/big> KONTROL AKCYZOWA <big>*<\/big> 347<\/b><br \/><br \/><\/td> \n\t<\/tr>\n\t<tr>\n\t\t<td style=\"background-color: #DDDDDD; text-align: center; \"><b>10<\/b><\/td>\n<td style=\"padding-left: 8px;\"> W polu piecz\u0119ci, oddzielonym od pola legendy obrze\u017ceniem ci\u0105g\u0142ym, wizerunek or\u0142a w koronie, ustalony dla god\u0142a herbu Rzeczypospolitej Polskiej w grudniu 1927 r., uszczerbiony w Mennicy przez odj\u0119cie korony. Na zewn\u0105trz, wok\u00f3\u0142 pola legendy, pojedyncze obrze\u017cenie ci\u0105g\u0142e. <\/td>\n<\/tr>\n\t<tr>\n\t\t<td style=\"background-color: #DDDDDD; text-align: center; \"><b>11<\/b><\/td>\n<td style=\"padding-left: 8px;\">&#8211;<\/td>\n\t<\/tr>\n\t<tr>\n<td style=\"background-color: #DDDDDD; text-align: center; \"><b>12<\/b><\/td>\n<td style=\"padding-left: 8px;\">Na odwrocie matrycy numer ewidencyjny 43 491, sygnatura wytw\u00f3rcy: orze\u0142 i herb Ko\u015bciesza, mi\u0119dzy nimi napis: MENNICA \/\/ PA\u0143STWOWA <\/td>\n\t<\/tr>\n<\/table>\n\n\n\n<p class=\"has-small-font-size\"> <a rel=\"noreferrer noopener\" href=\"http:\/\/sigillarium.pl\/index.php\/legenda-do-opisu-tloka-pieczetnego\/\" target=\"_blank\">Legenda<\/a> <\/p>\n<\/div>\n<\/div>\n\n\n\n<hr class=\"wp-block-separator has-css-opacity\"\/>\n\n\n\n<div class=\"wp-block-columns is-layout-flex wp-container-core-columns-is-layout-9d6595d7 wp-block-columns-is-layout-flex\">\n<div class=\"wp-block-column is-layout-flow wp-block-column-is-layout-flow\" style=\"flex-basis:5%\"><\/div>\n\n\n\n<div class=\"wp-block-column is-vertically-aligned-center is-layout-flow wp-block-column-is-layout-flow\" style=\"flex-basis:23%\">\n<figure class=\"wp-block-gallery aligncenter has-nested-images columns-default is-cropped wp-block-gallery-59 is-layout-flex wp-block-gallery-is-layout-flex\">\n<figure class=\"wp-block-image size-full is-style-default\"><a href=\"https:\/\/sigillarium.pl\/wp-content\/uploads\/2020\/10\/NN_Panstwoowa-Inspekcja-Handlowa-3.jpg\"><img loading=\"lazy\" decoding=\"async\" width=\"1060\" height=\"1054\" data-id=\"8818\" src=\"https:\/\/sigillarium.pl\/wp-content\/uploads\/2020\/10\/NN_Panstwoowa-Inspekcja-Handlowa-3.jpg\" alt=\"\" class=\"wp-image-8818\" srcset=\"https:\/\/sigillarium.pl\/wp-content\/uploads\/2020\/10\/NN_Panstwoowa-Inspekcja-Handlowa-3.jpg 1060w, https:\/\/sigillarium.pl\/wp-content\/uploads\/2020\/10\/NN_Panstwoowa-Inspekcja-Handlowa-3-300x298.jpg 300w, https:\/\/sigillarium.pl\/wp-content\/uploads\/2020\/10\/NN_Panstwoowa-Inspekcja-Handlowa-3-1024x1018.jpg 1024w, https:\/\/sigillarium.pl\/wp-content\/uploads\/2020\/10\/NN_Panstwoowa-Inspekcja-Handlowa-3-150x150.jpg 150w, https:\/\/sigillarium.pl\/wp-content\/uploads\/2020\/10\/NN_Panstwoowa-Inspekcja-Handlowa-3-768x764.jpg 768w\" sizes=\"auto, (max-width: 1060px) 100vw, 1060px\" \/><\/a><\/figure>\n<\/figure>\n\n\n\n<p><\/p>\n<\/div>\n\n\n\n<div class=\"wp-block-column is-layout-flow wp-block-column-is-layout-flow\" style=\"flex-basis:1%\"><\/div>\n\n\n\n<div class=\"wp-block-column is-vertically-aligned-center is-layout-flow wp-block-column-is-layout-flow\" style=\"flex-basis:22%\"><div class=\"wp-block-image\">\n<figure class=\"aligncenter size-large is-resized\"><img loading=\"lazy\" decoding=\"async\" width=\"479\" height=\"1024\" src=\"https:\/\/sigillarium.pl\/wp-content\/uploads\/2020\/10\/NN_Panstwoowa-Inspekcja-Handlowa_uchwyt-2-479x1024.jpg\" alt=\"\" class=\"wp-image-8819\" style=\"width:175px;height:369px\" srcset=\"https:\/\/sigillarium.pl\/wp-content\/uploads\/2020\/10\/NN_Panstwoowa-Inspekcja-Handlowa_uchwyt-2-479x1024.jpg 479w, https:\/\/sigillarium.pl\/wp-content\/uploads\/2020\/10\/NN_Panstwoowa-Inspekcja-Handlowa_uchwyt-2-140x300.jpg 140w, https:\/\/sigillarium.pl\/wp-content\/uploads\/2020\/10\/NN_Panstwoowa-Inspekcja-Handlowa_uchwyt-2.jpg 526w\" sizes=\"auto, (max-width: 479px) 100vw, 479px\" \/><\/figure>\n<\/div><\/div>\n\n\n\n<div class=\"wp-block-column is-layout-flow wp-block-column-is-layout-flow\" style=\"flex-basis:1%\"><\/div>\n\n\n\n<div class=\"wp-block-column is-layout-flow wp-block-column-is-layout-flow\" style=\"flex-basis:48%\">\n<style> td {font-size: 11px; color: black; font-family: Arial;} <\/style>\n<table style=\"width: 500px; height: 150px;\">\n\t<tbody><tr>\n\t\t<td style=\"background-color: #DDDDDD; width:6%; text-align: center; \"><b>1<\/b><\/td>\n\t\t<td style=\"padding-left: 8px;\">kolekcja prywatna<\/td>\n\t<\/tr>\n\t<tr>\n\t\t<td style=\"background-color: #DDDDDD; text-align: center; \"><b>2<\/b><\/td>\n<td style=\"background-color: #FFFF99; white-space: nowrap; padding-left: 8px;\"><b><big><big>NN<\/big><\/big><\/b><br><big><b>Pa\u0144stwowa Inspekcja Handlowa Nr 317<\/b><\/big><\/td>\n\t<\/tr>\n\t<tr>\n\t\t<td style=\"background-color: #DDDDDD; text-align: center; \"><b>3a<\/b><\/td>\n\t\t<td style=\"padding-left: 8px;\">mosi\u0105dz<\/td>\n\t<\/tr>\n\t<tr>\n\t\t<td style=\"background-color: #DDDDDD; text-align: center; \"><b>3b<\/b><\/td>\n\t\t<td style=\"padding-left: 8px;\">drewno<\/td>\n\t<\/tr>\n\t<tr>\n\t\t<td style=\"background-color: #DDDDDD; text-align: center; \"><b>4<\/b><\/td>\n\t\t<td style=\"padding-left: 8px;\">okr\u0105g\u0142a \u00d8 30 mm<\/td>\n\t<\/tr>\n\t<tr>\n\t\t<td style=\"background-color: #DDDDDD; text-align: center; \"><b>5<\/b><\/td>\n\t\t<td style=\"padding-left: 8px;\">wk\u0142\u0119s\u0142oryta<\/td>\n\t<\/tr>\n\t<tr>\n\t\t<td style=\"background-color: #DDDDDD; text-align: center; \"><b>6<\/b><\/td>\n<td style=\"padding-left: 8px;\">&#8211;<\/td>\n\t<\/tr>\n<tr>\n\t\t<td style=\"background-color: #DDDDDD; text-align: center; \"><b>7<\/b><\/td>\n<td style=\"padding-left: 8px;\">uchwyt toczony o kulistej ga\u0142ce<\/td>\n\t<\/tr>\n\t<tr>\n\t\t<td style=\"background-color: #DDDDDD; text-align: center; \"><b>7a<\/b><\/td>\n\t\t<td style=\"padding-left: 8px;\">91 mm<\/td>\n\t<\/tr>\n\t<tr>\n\t\t<td style=\"background-color: #DDDDDD; text-align: center; \"><b>7b<\/b><\/td>\n\t\t<td style=\"padding-left: 8px;\">82 mm, w tym skuwka 6 mm<\/td>\n\t<\/tr>\n\t<tr>\n\t\t<td style=\"background-color: #DDDDDD; text-align: center; \"><b>7c<\/b><\/td>\n\t\t<td style=\"padding-left: 8px;\">9 mm<\/td>\n\t<\/tr>\n\t<tr>\n\t\t<td style=\"background-color: #DDDDDD; text-align: center; \"><b>8<\/b><\/td>\n<td style=\"padding-left: 8px;\">na ga\u0142ce uchwytu znacznik prawid\u0142owego ustawienia t\u0142oka<\/td>\n\t<\/tr>\n\t<tr>\n\t\t<td style=\"background-color: #DDDDDD; text-align: center; \"><b>9a<\/b><\/td>\n\t\t<td style=\"padding-left: 8px;\">majusku\u0142a<\/td>\n\t<\/tr>\n\t<tr>\n\t\t<td style=\"background-color: #DDDDDD; text-align: center; \"><b>9b<\/b><\/td>\n<td style=\"padding-left: 8px;\"><br> w otoku:  <b>* PA\u0143STWOWA INSPEKCJA HANDLOWA NR 317 <\/b><br><br><\/td> \n\t<\/tr>\n\t<tr>\n\t\t<td style=\"background-color: #DDDDDD; text-align: center; \"><b>10<\/b><\/td>\n<td style=\"padding-left: 8px;\"> W polu piecz\u0119ci, oddzielonym od pola legendy obrze\u017ceniem ci\u0105g\u0142ym, wizerunek or\u0142a, ustalony dla god\u0142a herbu Polskiej Rzeczypospolitej Ludowej w 1955 r. Na zewn\u0105trz, wok\u00f3\u0142 pola legendy, pojedyncze obrze\u017cenie ci\u0105g\u0142e. <\/td>\n<\/tr>\n\t<tr>\n\t\t<td style=\"background-color: #DDDDDD; text-align: center; \"><b>11<\/b><\/td>\n<td style=\"padding-left: 8px;\">&#8211;<\/td>\n\t<\/tr>\n\t<tr>\n\t\t<td style=\"background-color: #DDDDDD; text-align: center; \"><b>12<\/b><\/td>\n<td style=\"padding-left: 8px;\"> na odwrocie matrycy numer ewidencyjny 233 277, numer grawera 33 <\/td>\n\t<\/tr>\n<\/tbody><\/table>\n\n\n\n<p class=\"has-small-font-size\"> <a rel=\"noreferrer noopener\" href=\"http:\/\/sigillarium.pl\/index.php\/legenda-do-opisu-tloka-pieczetnego\/\" target=\"_blank\">Legenda<\/a> <\/p>\n<\/div>\n<\/div>\n\n\n\n<hr class=\"wp-block-separator has-css-opacity\"\/>\n","protected":false},"excerpt":{"rendered":"<p>T\u0142oki zaprezentowano w kolejno\u015bci alfabetycznej wzgl\u0119dem nazwy miejscowo\u015bci przywo\u0142anej w legendzie t\u0142oka lub odtworzonej ze \u017ar\u00f3de\u0142 historycznych. 1 kolekcja prywatna 2 ALEKSANDR\u00d3W KUJAWSKI Stacja P.K.P. w\u0105skotorowa 3a mosi\u0105dz 3b drewniany&hellip; <\/p>\n","protected":false},"author":1,"featured_media":0,"parent":0,"menu_order":0,"comment_status":"closed","ping_status":"closed","template":"","meta":{"footnotes":""},"class_list":["post-874","page","type-page","status-publish","hentry"],"_links":{"self":[{"href":"https:\/\/sigillarium.pl\/index.php\/wp-json\/wp\/v2\/pages\/874","targetHints":{"allow":["GET"]}}],"collection":[{"href":"https:\/\/sigillarium.pl\/index.php\/wp-json\/wp\/v2\/pages"}],"about":[{"href":"https:\/\/sigillarium.pl\/index.php\/wp-json\/wp\/v2\/types\/page"}],"author":[{"embeddable":true,"href":"https:\/\/sigillarium.pl\/index.php\/wp-json\/wp\/v2\/users\/1"}],"replies":[{"embeddable":true,"href":"https:\/\/sigillarium.pl\/index.php\/wp-json\/wp\/v2\/comments?post=874"}],"version-history":[{"count":195,"href":"https:\/\/sigillarium.pl\/index.php\/wp-json\/wp\/v2\/pages\/874\/revisions"}],"predecessor-version":[{"id":38837,"href":"https:\/\/sigillarium.pl\/index.php\/wp-json\/wp\/v2\/pages\/874\/revisions\/38837"}],"wp:attachment":[{"href":"https:\/\/sigillarium.pl\/index.php\/wp-json\/wp\/v2\/media?parent=874"}],"curies":[{"name":"wp","href":"https:\/\/api.w.org\/{rel}","templated":true}]}}