{"id":885,"date":"2020-02-22T16:24:47","date_gmt":"2020-02-22T15:24:47","guid":{"rendered":"http:\/\/sigillarium.pl\/?page_id=885"},"modified":"2025-04-21T15:11:19","modified_gmt":"2025-04-21T13:11:19","slug":"pieczecie-wojskowe-do-x-1939","status":"publish","type":"page","link":"https:\/\/sigillarium.pl\/index.php\/pieczecie-wojskowe-do-x-1939\/","title":{"rendered":"Piecz\u0119cie wojskowe do X 1939"},"content":{"rendered":"\n<hr class=\"wp-block-separator has-css-opacity\"\/>\n\n\n\n<p>T\u0142oki zaprezentowano w kolejno\u015bci alfabetycznej wzgl\u0119dem nazwy miejscowo\u015bci przywo\u0142anej w legendzie t\u0142oka lub odtworzonej ze \u017ar\u00f3de\u0142 historycznych. <\/p>\n\n\n\n<hr class=\"wp-block-separator has-css-opacity\"\/>\n\n\n\n<div class=\"wp-block-columns is-layout-flex wp-container-core-columns-is-layout-9d6595d7 wp-block-columns-is-layout-flex\">\n<div class=\"wp-block-column is-layout-flow wp-block-column-is-layout-flow\" style=\"flex-basis:5%\"><\/div>\n\n\n\n<div class=\"wp-block-column is-vertically-aligned-center is-layout-flow wp-block-column-is-layout-flow\" style=\"flex-basis:23%\">\n<figure class=\"wp-block-gallery aligncenter has-nested-images columns-default is-cropped wp-block-gallery-1 is-layout-flex wp-block-gallery-is-layout-flex\">\n<figure class=\"wp-block-image size-full\"><a href=\"https:\/\/sigillarium.pl\/wp-content\/uploads\/2025\/04\/Bydgoszcz-Wojskowy-Sad-Rejownowy-pieczec-seal-petschaft-siegel-sceau-cachet-sigillo-sigillarium.jpg\"><img loading=\"lazy\" decoding=\"async\" width=\"1086\" height=\"1083\" data-id=\"34910\" src=\"https:\/\/sigillarium.pl\/wp-content\/uploads\/2025\/04\/Bydgoszcz-Wojskowy-Sad-Rejownowy-pieczec-seal-petschaft-siegel-sceau-cachet-sigillo-sigillarium.jpg\" alt=\"\" class=\"wp-image-34910\" srcset=\"https:\/\/sigillarium.pl\/wp-content\/uploads\/2025\/04\/Bydgoszcz-Wojskowy-Sad-Rejownowy-pieczec-seal-petschaft-siegel-sceau-cachet-sigillo-sigillarium.jpg 1086w, https:\/\/sigillarium.pl\/wp-content\/uploads\/2025\/04\/Bydgoszcz-Wojskowy-Sad-Rejownowy-pieczec-seal-petschaft-siegel-sceau-cachet-sigillo-sigillarium-300x300.jpg 300w, https:\/\/sigillarium.pl\/wp-content\/uploads\/2025\/04\/Bydgoszcz-Wojskowy-Sad-Rejownowy-pieczec-seal-petschaft-siegel-sceau-cachet-sigillo-sigillarium-1024x1021.jpg 1024w, https:\/\/sigillarium.pl\/wp-content\/uploads\/2025\/04\/Bydgoszcz-Wojskowy-Sad-Rejownowy-pieczec-seal-petschaft-siegel-sceau-cachet-sigillo-sigillarium-150x150.jpg 150w, https:\/\/sigillarium.pl\/wp-content\/uploads\/2025\/04\/Bydgoszcz-Wojskowy-Sad-Rejownowy-pieczec-seal-petschaft-siegel-sceau-cachet-sigillo-sigillarium-768x766.jpg 768w\" sizes=\"auto, (max-width: 1086px) 100vw, 1086px\" \/><\/a><\/figure>\n<\/figure>\n<\/div>\n\n\n\n<div class=\"wp-block-column is-layout-flow wp-block-column-is-layout-flow\" style=\"flex-basis:1%\"><\/div>\n\n\n\n<div class=\"wp-block-column is-vertically-aligned-center is-layout-flow wp-block-column-is-layout-flow\" style=\"flex-basis:22%\"><div class=\"wp-block-image\">\n<figure class=\"aligncenter size-full is-resized\"><img loading=\"lazy\" decoding=\"async\" width=\"553\" height=\"938\" src=\"https:\/\/sigillarium.pl\/wp-content\/uploads\/2025\/04\/Bydgoszcz-Wojskowy-Sad-Rejownowy-pieczec-uchwyt-seal-petschaft-siegel-sceau-cachet-sigillo-sigillarium.jpg\" alt=\"\" class=\"wp-image-34911\" style=\"width:180px\" srcset=\"https:\/\/sigillarium.pl\/wp-content\/uploads\/2025\/04\/Bydgoszcz-Wojskowy-Sad-Rejownowy-pieczec-uchwyt-seal-petschaft-siegel-sceau-cachet-sigillo-sigillarium.jpg 553w, https:\/\/sigillarium.pl\/wp-content\/uploads\/2025\/04\/Bydgoszcz-Wojskowy-Sad-Rejownowy-pieczec-uchwyt-seal-petschaft-siegel-sceau-cachet-sigillo-sigillarium-177x300.jpg 177w\" sizes=\"auto, (max-width: 553px) 100vw, 553px\" \/><\/figure>\n<\/div><\/div>\n\n\n\n<div class=\"wp-block-column is-layout-flow wp-block-column-is-layout-flow\" style=\"flex-basis:1%\"><\/div>\n\n\n\n<div class=\"wp-block-column is-layout-flow wp-block-column-is-layout-flow\" style=\"flex-basis:48%\">\n<style> td {font-size: 11px; color: black; font-family: Arial;} <\/style>\n<table style=\"width: 500px; height: 150px;\">\n\t<tbody><tr>\n\t\t<td style=\"background-color: #DDDDDD; width:6%; text-align: center; \"><b>1<\/b><\/td>\n\t\t<td style=\"padding-left: 8px;\">kolekcja prywatna<\/td>\n\t<\/tr>\n\t<tr>\n\t\t<td style=\"background-color: #DDDDDD; text-align: center; \"><b>2<\/b><\/td>\n<td style=\"background-color: #FFFF99; white-space: nowrap; padding-left: 8px;\"><b><big><big><a href=\" https:\/\/pl.wikipedia.org\/wiki\/Bydgoszcz \">BYDGOSZCZ<\/a><\/big><\/big><br><big>Wojskowy S\u0105d Rejonowy<\/big><\/b><\/td>\n\t<\/tr>\n\t<tr>\n\t\t<td style=\"background-color: #DDDDDD; text-align: center; \"><b>3a<\/b><\/td>\n\t\t<td style=\"padding-left: 8px;\">mosi\u0105dz<\/td>\n\t<\/tr>\n\t<tr>\n\t\t<td style=\"background-color: #DDDDDD; text-align: center; \"><b>3b<\/b><\/td>\n\t\t<td style=\"padding-left: 8px;\">drewno <\/td>\n\t<\/tr>\n\t<tr>\n\t\t<td style=\"background-color: #DDDDDD; text-align: center; \"><b>4<\/b><\/td>\n\t\t<td style=\"padding-left: 8px;\">okr\u0105g\u0142a \u00d8 36 mm<\/td>\n\t<\/tr>\n\t<tr>\n\t\t<td style=\"background-color: #DDDDDD; text-align: center; \"><b>5<\/b><\/td>\n\t\t<td style=\"padding-left: 8px;\">wypuk\u0142oryty<\/td>\n\t<\/tr>\n\t<tr>\n\t\t<td style=\"background-color: #DDDDDD; text-align: center; \"><b>6<\/b><\/td>\n<td style=\"padding-left: 8px;\">na rancie matrycy numer grawera 2<\/td>\n\t<\/tr>\n<tr>\n\t\t<td style=\"background-color: #DDDDDD; text-align: center; \"><b>7<\/b><\/td>\n<td style=\"padding-left: 8px;\">uchwyt toczony o kulistej ga\u0142ce<\/td>\n\t<\/tr>\n\t<tr>\n\t\t<td style=\"background-color: #DDDDDD; text-align: center; \"><b>7a<\/b><\/td>\n\t\t<td style=\"padding-left: 8px;\">63 mm<\/td>\n\t<\/tr>\n\t<tr>\n\t\t<td style=\"background-color: #DDDDDD; text-align: center; \"><b>7b<\/b><\/td>\n\t\t<td style=\"padding-left: 8px;\">50 mm<\/td>\n\t<\/tr>\n\t<tr>\n\t\t<td style=\"background-color: #DDDDDD; text-align: center; \"><b>7c<\/b><\/td>\n\t\t<td style=\"padding-left: 8px;\">13 mm<\/td>\n\t<\/tr>\n\t<tr>\n\t\t<td style=\"background-color: #DDDDDD; text-align: center; \"><b>8<\/b><\/td>\n<td style=\"padding-left: 8px;\">&#8211;<\/td>\n\t<\/tr>\n\t<tr>\n\t\t<td style=\"background-color: #DDDDDD; text-align: center; \"><b>9a<\/b><\/td>\n\t\t<td style=\"padding-left: 8px;\">majusku\u0142a<\/td>\n\t<\/tr>\n\t<tr>\n\t\t<td style=\"background-color: #DDDDDD; text-align: center; \"><b>9b<\/b><\/td>\n<td style=\"padding-left: 8px;\"><br> w otoku:<b> * WOJSKOWY S\u0104D REJONOWY \/\/ W BYDGOSZCZY<br><br><\/b><\/td> \n\t<\/tr>\n\t<tr>\n\t\t<td style=\"background-color: #DDDDDD; text-align: center; \"><b>10<\/b><\/td>\n<td style=\"padding-left: 8px;\"> W polu piecz\u0119ci, oddzielonym od pola legendy obrze\u017ceniem ci\u0105g\u0142ym, wizerunek or\u0142a w koronie, ustalony dla god\u0142a herbu Rzeczypospolitej Polskiej w 1927 r. Na zewn\u0105trz, wok\u00f3\u0142 pola legendy, pojedyncze obrze\u017cenie ci\u0105g\u0142e. <br><br><\/td>\n<\/tr>\n\t<tr>\n\t\t<td style=\"background-color: #DDDDDD; text-align: center; \"><b>11<\/b><\/td>\n<td style=\"padding-left: 8px;\">&#8211;<\/td>\n\t<\/tr>\n\t<tr>\n<td style=\"background-color: #DDDDDD; text-align: center; \"><b>12<\/b><\/td>\n<td style=\"padding-left: 8px;\">na odwrociu matrycy nr ewidencyjny 400 <\/td>\n\t<\/tr>\n<\/tbody><\/table>\n\n\n\n<p class=\"has-small-font-size\">  <a rel=\"noreferrer noopener\" href=\"http:\/\/sigillarium.pl\/index.php\/legenda-do-opisu-tloka-pieczetnego\/\" target=\"_blank\">Legenda<\/a>    <\/p>\n<\/div>\n<\/div>\n\n\n\n<hr class=\"wp-block-separator has-alpha-channel-opacity\"\/>\n\n\n\n<div class=\"wp-block-columns is-layout-flex wp-container-core-columns-is-layout-9d6595d7 wp-block-columns-is-layout-flex\">\n<div class=\"wp-block-column is-layout-flow wp-block-column-is-layout-flow\" style=\"flex-basis:5%\"><\/div>\n\n\n\n<div class=\"wp-block-column is-vertically-aligned-center is-layout-flow wp-block-column-is-layout-flow\" style=\"flex-basis:23%\">\n<figure class=\"wp-block-gallery aligncenter has-nested-images columns-default is-cropped wp-block-gallery-2 is-layout-flex wp-block-gallery-is-layout-flex\">\n<figure class=\"wp-block-image size-full\"><a href=\"https:\/\/sigillarium.pl\/wp-content\/uploads\/2022\/08\/Dowodztwo-29-pulku-artylerii-polowej-pieczec-seal-petschaft-siegel-sigillarium.jpg.jpg\"><img loading=\"lazy\" decoding=\"async\" width=\"555\" height=\"555\" data-id=\"21567\" src=\"https:\/\/sigillarium.pl\/wp-content\/uploads\/2022\/08\/Dowodztwo-29-pulku-artylerii-polowej-pieczec-seal-petschaft-siegel-sigillarium.jpg.jpg\" alt=\"\" class=\"wp-image-21567\" srcset=\"https:\/\/sigillarium.pl\/wp-content\/uploads\/2022\/08\/Dowodztwo-29-pulku-artylerii-polowej-pieczec-seal-petschaft-siegel-sigillarium.jpg.jpg 555w, https:\/\/sigillarium.pl\/wp-content\/uploads\/2022\/08\/Dowodztwo-29-pulku-artylerii-polowej-pieczec-seal-petschaft-siegel-sigillarium.jpg-300x300.jpg 300w, https:\/\/sigillarium.pl\/wp-content\/uploads\/2022\/08\/Dowodztwo-29-pulku-artylerii-polowej-pieczec-seal-petschaft-siegel-sigillarium.jpg-150x150.jpg 150w\" sizes=\"auto, (max-width: 555px) 100vw, 555px\" \/><\/a><\/figure>\n<\/figure>\n<\/div>\n\n\n\n<div class=\"wp-block-column is-layout-flow wp-block-column-is-layout-flow\" style=\"flex-basis:1%\"><\/div>\n\n\n\n<div class=\"wp-block-column is-vertically-aligned-center is-layout-flow wp-block-column-is-layout-flow\" style=\"flex-basis:22%\"><div class=\"wp-block-image\">\n<figure class=\"aligncenter size-large\"><img loading=\"lazy\" decoding=\"async\" width=\"1016\" height=\"1024\" src=\"https:\/\/sigillarium.pl\/wp-content\/uploads\/2022\/08\/Dowodztwo-29-pulku-artylerii-polowej-uchwyt-pieczec-seal-petschaft-siegel-sigillarium.jpg-1016x1024.jpg\" alt=\"\" class=\"wp-image-21568\" srcset=\"https:\/\/sigillarium.pl\/wp-content\/uploads\/2022\/08\/Dowodztwo-29-pulku-artylerii-polowej-uchwyt-pieczec-seal-petschaft-siegel-sigillarium.jpg-1016x1024.jpg 1016w, https:\/\/sigillarium.pl\/wp-content\/uploads\/2022\/08\/Dowodztwo-29-pulku-artylerii-polowej-uchwyt-pieczec-seal-petschaft-siegel-sigillarium.jpg-298x300.jpg 298w, https:\/\/sigillarium.pl\/wp-content\/uploads\/2022\/08\/Dowodztwo-29-pulku-artylerii-polowej-uchwyt-pieczec-seal-petschaft-siegel-sigillarium.jpg-150x150.jpg 150w, https:\/\/sigillarium.pl\/wp-content\/uploads\/2022\/08\/Dowodztwo-29-pulku-artylerii-polowej-uchwyt-pieczec-seal-petschaft-siegel-sigillarium.jpg-768x774.jpg 768w, https:\/\/sigillarium.pl\/wp-content\/uploads\/2022\/08\/Dowodztwo-29-pulku-artylerii-polowej-uchwyt-pieczec-seal-petschaft-siegel-sigillarium.jpg.jpg 1116w\" sizes=\"auto, (max-width: 1016px) 100vw, 1016px\" \/><\/figure>\n<\/div><\/div>\n\n\n\n<div class=\"wp-block-column is-layout-flow wp-block-column-is-layout-flow\" style=\"flex-basis:1%\"><\/div>\n\n\n\n<div class=\"wp-block-column is-layout-flow wp-block-column-is-layout-flow\" style=\"flex-basis:48%\">\n<style> td {font-size: 11px; color: black; font-family: Arial;} <\/style>\n<table style=\"width: 500px; height: 150px;\">\n\t<tbody><tr>\n\t\t<td style=\"background-color: #DDDDDD; width:6%; text-align: center; \"><b>1<\/b><\/td>\n\t\t<td style=\"padding-left: 8px;\">kolekcja prywatna<\/td>\n\t<\/tr>\n\t<tr>\n\t\t<td style=\"background-color: #DDDDDD; text-align: center; \"><b>2<\/b><\/td>\n<td style=\"background-color: #FFFF99; white-space: nowrap; padding-left: 8px;\"><b><big><big> <a href=\"https:\/\/pl.wikipedia.org\/wiki\/Grodno\"> GRODNO ? [BIA\u0141ORU\u015a]\n <\/a> <\/big><\/big><br><big> Dow\u00f3dztwo 29. Pu\u0142ku Artylerii Polowej <\/big><\/b><\/td>\n\t<\/tr>\n\t<tr>\n\t\t<td style=\"background-color: #DDDDDD; text-align: center; \"><b>3a<\/b><\/td>\n\t\t<td style=\"padding-left: 8px;\">mosi\u0105dz<\/td>\n\t<\/tr>\n\t<tr>\n\t\t<td style=\"background-color: #DDDDDD; text-align: center; \"><b>3b<\/b><\/td>\n\t\t<td style=\"padding-left: 8px;\">&#8211;<\/td>\n\t<\/tr>\n\t<tr>\n\t\t<td style=\"background-color: #DDDDDD; text-align: center; \"><b>4<\/b><\/td>\n\t\t<td style=\"padding-left: 8px;\">okr\u0105g\u0142a \u00d8 41 mm<\/td>\n\t<\/tr>\n\t<tr>\n\t\t<td style=\"background-color: #DDDDDD; text-align: center; \"><b>5<\/b><\/td>\n\t\t<td style=\"padding-left: 8px;\">wkl\u0119s\u0142oryty<\/td>\n\t<\/tr>\n\t<tr>\n\t\t<td style=\"background-color: #DDDDDD; text-align: center; \"><b>6<\/b><\/td>\n<td style=\"padding-left: 8px;\"> cztery uszka z otworami do przymocowania do drewnianego uchwytu<\/td>\n\t<\/tr>\n<tr>\n\t\t<td style=\"background-color: #DDDDDD; text-align: center; \"><b>7<\/b><\/td>\n<td style=\"padding-left: 8px;\">brak uchwytu<\/td>\n\t<\/tr>\n\t<tr>\n\t\t<td style=\"background-color: #DDDDDD; text-align: center; \"><b>7a<\/b><\/td>\n\t\t<td style=\"padding-left: 8px;\"> 4 mm<\/td>\n\t<\/tr>\n\t<tr>\n\t\t<td style=\"background-color: #DDDDDD; text-align: center; \"><b>7b<\/b><\/td>\n<td style=\"padding-left: 8px;\">&#8211;<\/td>\n\t<\/tr>\n\t<tr>\n\t\t<td style=\"background-color: #DDDDDD; text-align: center; \"><b>7c<\/b><\/td>\n\t\t<td style=\"padding-left: 8px;\"> 4 mm<\/td>\n\t<\/tr>\n\t<tr>\n\t\t<td style=\"background-color: #DDDDDD; text-align: center; \"><b>8<\/b><\/td>\n<td style=\"padding-left: 8px;\">&#8211;<\/td>\n\t<\/tr>\n\t<tr>\n\t\t<td style=\"background-color: #DDDDDD; text-align: center; \"><b>9a<\/b><\/td>\n\t\t<td style=\"padding-left: 8px;\">majusku\u0142a<\/td>\n\t<\/tr>\n\t<tr>\n\t\t<td style=\"background-color: #DDDDDD; text-align: center; \"><b>9b<\/b><\/td>\n<td style=\"padding-left: 8px;\"> <br>w otoku:  <b> * DOW\u00d3DZTWO 29 P<i> (u\u0142ku).<\/i> ARTYLERJI POL <i> (owej).<\/i><\/b><i><br><br><\/i><\/td> \n<\/tr>\n\t<tr>\t\n\t\t<td style=\"background-color: #DDDDDD; text-align: center; \"><b>10<\/b><\/td>\n<td style=\"padding-left: 8px;\"> W polu piecz\u0119ci, oddzielonym od pola legendy pojedynczym obrze\u017ceniem ci\u0105g\u0142ym, kontury or\u0142a (orze\u0142 wyci\u0119ty) wg. wzoru z 1919 r. Na zewn\u0105trz, wok\u00f3\u0142 pola legendy, pojedyncze obrze\u017cenie ci\u0105g\u0142e.<\/td>\n<\/tr>\n\t<tr>\n\t\t<td style=\"background-color: #DDDDDD; text-align: center; \"><b>11<\/b><\/td>\n<td style=\"padding-left: 8px;\">&#8211;<\/td>\n\t<\/tr>\n\t<tr>\n\t\t<td style=\"background-color: #DDDDDD; text-align: center; \"><b>12<\/b><\/td>\n<td style=\"padding-left: 8px;\">&#8211;<\/td>\n\t<\/tr>\n<\/tbody><\/table>\n\n\n\n<p class=\"has-small-font-size\">  <a rel=\"noreferrer noopener\" href=\"http:\/\/sigillarium.pl\/index.php\/legenda-do-opisu-tloka-pieczetnego\/\" target=\"_blank\">Legenda<\/a>    <\/p>\n<\/div>\n<\/div>\n\n\n\n<hr class=\"wp-block-separator has-alpha-channel-opacity\"\/>\n\n\n\n<div class=\"wp-block-columns is-layout-flex wp-container-core-columns-is-layout-9d6595d7 wp-block-columns-is-layout-flex\">\n<div class=\"wp-block-column is-layout-flow wp-block-column-is-layout-flow\" style=\"flex-basis:5%\"><\/div>\n\n\n\n<div class=\"wp-block-column is-vertically-aligned-center is-layout-flow wp-block-column-is-layout-flow\" style=\"flex-basis:23%\">\n<figure class=\"wp-block-gallery aligncenter has-nested-images columns-default is-cropped wp-block-gallery-3 is-layout-flex wp-block-gallery-is-layout-flex\">\n<figure class=\"wp-block-image size-full\"><a href=\"https:\/\/sigillarium.pl\/wp-content\/uploads\/2022\/05\/Lublin-Wojskowa-Prokuratura-Okregowa-nr-2-pieczec-seal-petschaft-siegel-sceau-2-1.jpg\"><img loading=\"lazy\" decoding=\"async\" width=\"1013\" height=\"1013\" data-id=\"20607\" src=\"https:\/\/sigillarium.pl\/wp-content\/uploads\/2022\/05\/Lublin-Wojskowa-Prokuratura-Okregowa-nr-2-pieczec-seal-petschaft-siegel-sceau-2-1.jpg\" alt=\"\" class=\"wp-image-20607\" srcset=\"https:\/\/sigillarium.pl\/wp-content\/uploads\/2022\/05\/Lublin-Wojskowa-Prokuratura-Okregowa-nr-2-pieczec-seal-petschaft-siegel-sceau-2-1.jpg 1013w, https:\/\/sigillarium.pl\/wp-content\/uploads\/2022\/05\/Lublin-Wojskowa-Prokuratura-Okregowa-nr-2-pieczec-seal-petschaft-siegel-sceau-2-1-300x300.jpg 300w, https:\/\/sigillarium.pl\/wp-content\/uploads\/2022\/05\/Lublin-Wojskowa-Prokuratura-Okregowa-nr-2-pieczec-seal-petschaft-siegel-sceau-2-1-150x150.jpg 150w, https:\/\/sigillarium.pl\/wp-content\/uploads\/2022\/05\/Lublin-Wojskowa-Prokuratura-Okregowa-nr-2-pieczec-seal-petschaft-siegel-sceau-2-1-768x768.jpg 768w\" sizes=\"auto, (max-width: 1013px) 100vw, 1013px\" \/><\/a><\/figure>\n<\/figure>\n<\/div>\n\n\n\n<div class=\"wp-block-column is-layout-flow wp-block-column-is-layout-flow\" style=\"flex-basis:1%\"><\/div>\n\n\n\n<div class=\"wp-block-column is-vertically-aligned-center is-layout-flow wp-block-column-is-layout-flow\" style=\"flex-basis:22%\"><div class=\"wp-block-image\">\n<figure class=\"aligncenter size-full is-resized\"><img loading=\"lazy\" decoding=\"async\" width=\"386\" height=\"986\" src=\"https:\/\/sigillarium.pl\/wp-content\/uploads\/2022\/05\/Lublin-Wojskowa-Prokuratura-Okregowa-nr-2-pieczec-uchwyt-seal-petschaft-siegel-sceau.jpg\" alt=\"\" class=\"wp-image-20601\" style=\"aspect-ratio:0.39295392953929537;width:140px;height:auto\" srcset=\"https:\/\/sigillarium.pl\/wp-content\/uploads\/2022\/05\/Lublin-Wojskowa-Prokuratura-Okregowa-nr-2-pieczec-uchwyt-seal-petschaft-siegel-sceau.jpg 386w, https:\/\/sigillarium.pl\/wp-content\/uploads\/2022\/05\/Lublin-Wojskowa-Prokuratura-Okregowa-nr-2-pieczec-uchwyt-seal-petschaft-siegel-sceau-117x300.jpg 117w\" sizes=\"auto, (max-width: 386px) 100vw, 386px\" \/><\/figure>\n<\/div><\/div>\n\n\n\n<div class=\"wp-block-column is-layout-flow wp-block-column-is-layout-flow\" style=\"flex-basis:1%\"><\/div>\n\n\n\n<div class=\"wp-block-column is-layout-flow wp-block-column-is-layout-flow\" style=\"flex-basis:48%\">\n<style> td {font-size: 11px; color: black; font-family: Arial;} <\/style>\n<table style=\"width: 500px; height: 150px;\">\n\t<tbody><tr>\n\t\t<td style=\"background-color: #DDDDDD; width:6%; text-align: center; \"><b>1<\/b><\/td>\n\t\t<td style=\"padding-left: 8px;\">kolekcja prywatna<\/td>\n\t<\/tr>\n\t<tr>\n\t\t<td style=\"background-color: #DDDDDD; text-align: center; \"><b>2<\/b><\/td>\n<td style=\"background-color: #FFFF99; white-space: nowrap; padding-left: 8px;\"><b><big><big><a href=\" https:\/\/pl.wikipedia.org\/wiki\/Lublin \">LUBLIN<\/a><\/big><\/big><br><big>Wojskowa Prokuratura Okr\u0119gowa Nr II<\/big><\/b><\/td>\n\t<\/tr>\n\t<tr>\n\t\t<td style=\"background-color: #DDDDDD; text-align: center; \"><b>3a<\/b><\/td>\n\t\t<td style=\"padding-left: 8px;\">mosi\u0105dz<\/td>\n\t<\/tr>\n\t<tr>\n\t\t<td style=\"background-color: #DDDDDD; text-align: center; \"><b>3b<\/b><\/td>\n\t\t<td style=\"padding-left: 8px;\">drewno <\/td>\n\t<\/tr>\n\t<tr>\n\t\t<td style=\"background-color: #DDDDDD; text-align: center; \"><b>4<\/b><\/td>\n\t\t<td style=\"padding-left: 8px;\">okr\u0105g\u0142a \u00d8 39 mm<\/td>\n\t<\/tr>\n\t<tr>\n\t\t<td style=\"background-color: #DDDDDD; text-align: center; \"><b>5<\/b><\/td>\n\t\t<td style=\"padding-left: 8px;\">wypuk\u0142oryty<\/td>\n\t<\/tr>\n\t<tr>\n\t\t<td style=\"background-color: #DDDDDD; text-align: center; \"><b>6<\/b><\/td>\n<td style=\"padding-left: 8px;\">na rancie nr grawera 8<\/td>\n\t<\/tr>\n<tr>\n\t\t<td style=\"background-color: #DDDDDD; text-align: center; \"><b>7<\/b><\/td>\n<td style=\"padding-left: 8px;\"> uchwyt toczony o kulistej ga\u0142ce<\/td>\n\t<\/tr>\n\t<tr>\n\t\t<td style=\"background-color: #DDDDDD; text-align: center; \"><b>7a<\/b><\/td>\n\t\t<td style=\"padding-left: 8px;\">102 mm<\/td>\n\t<\/tr>\n\t<tr>\n\t\t<td style=\"background-color: #DDDDDD; text-align: center; \"><b>7b<\/b><\/td>\n\t\t<td style=\"padding-left: 8px;\">88 mm, w tym skuwka 10 mm ( \u00d8 16 mm )<\/td>\n\t<\/tr>\n\t<tr>\n\t\t<td style=\"background-color: #DDDDDD; text-align: center; \"><b>7c<\/b><\/td>\n\t\t<td style=\"padding-left: 8px;\">14 mm<\/td>\n\t<\/tr>\n\t<tr>\n\t\t<td style=\"background-color: #DDDDDD; text-align: center; \"><b>8<\/b><\/td>\n<td style=\"padding-left: 8px;\">na uchwycie miejsce po znaczniku prawid\u0142owego ustawienia t\u0142oka (pineska)<\/td>\n\t<\/tr>\n\t<tr>\n\t\t<td style=\"background-color: #DDDDDD; text-align: center; \"><b>9a<\/b><\/td>\n\t\t<td style=\"padding-left: 8px;\">majusku\u0142a<\/td>\n\t<\/tr>\n\t<tr>\n\t\t<td style=\"background-color: #DDDDDD; text-align: center; \"><b>9b<\/b><\/td>\n<td style=\"padding-left: 8px;\"><br> w otoku:<b> * WOJSKOWA PROKURATURA OKR\u0118GOWA NR II * \/\/ W LUBLINIE <\/b> <br><br><\/td> \n\t<\/tr>\n\t<tr>\n\t\t<td style=\"background-color: #DDDDDD; text-align: center; \"><b>10<\/b><\/td>\n<td style=\"padding-left: 8px;\"> W polu piecz\u0119ci, oddzielonym od pola legendy obrze\u017ceniem ci\u0105g\u0142ym, wizerunek or\u0142a w koronie, ustalony dla god\u0142a herbu Rzeczypospolitej Polskiej w 1927 r. Na zewn\u0105trz, wok\u00f3\u0142 pola legendy, pojedyncze obrze\u017cenie ci\u0105g\u0142e. <br><br><\/td>\n<\/tr>\n\t<tr>\n\t\t<td style=\"background-color: #DDDDDD; text-align: center; \"><b>11<\/b><\/td>\n<td style=\"padding-left: 8px;\">&#8211;<\/td>\n\t<\/tr>\n\t<tr>\n<td style=\"background-color: #DDDDDD; text-align: center; \"><b>12<\/b><\/td>\n<td style=\"padding-left: 8px;\"> na odwrocie matrycy numer ewidencyjny 49 140, sygnatura wytw\u00f3rcy: orze\u0142 i herb Ko\u015bciesza, mi\u0119dzy nimi napis: MENNICA \/\/ PA\u0143STWOWA <\/td>\n\t<\/tr>\n<\/tbody><\/table>\n\n\n\n<p class=\"has-small-font-size\">  <a rel=\"noreferrer noopener\" href=\"http:\/\/sigillarium.pl\/index.php\/legenda-do-opisu-tloka-pieczetnego\/\" target=\"_blank\">Legenda<\/a>    <\/p>\n<\/div>\n<\/div>\n\n\n\n<hr class=\"wp-block-separator has-alpha-channel-opacity\"\/>\n\n\n\n<div class=\"wp-block-columns is-layout-flex wp-container-core-columns-is-layout-9d6595d7 wp-block-columns-is-layout-flex\">\n<div class=\"wp-block-column is-layout-flow wp-block-column-is-layout-flow\" style=\"flex-basis:5%\"><\/div>\n\n\n\n<div class=\"wp-block-column is-vertically-aligned-center is-layout-flow wp-block-column-is-layout-flow\" style=\"flex-basis:23%\">\n<figure class=\"wp-block-gallery aligncenter has-nested-images columns-default is-cropped wp-block-gallery-4 is-layout-flex wp-block-gallery-is-layout-flex\">\n<figure class=\"wp-block-image size-full\"><a href=\"https:\/\/sigillarium.pl\/wp-content\/uploads\/2022\/07\/Pionki-Komendant-garnizonu-pieczec-seal-petschaft-siegel-sceau-sigillarium-scaled.jpg\"><img loading=\"lazy\" decoding=\"async\" width=\"2560\" height=\"802\" data-id=\"20964\" src=\"https:\/\/sigillarium.pl\/wp-content\/uploads\/2022\/07\/Pionki-Komendant-garnizonu-pieczec-seal-petschaft-siegel-sceau-sigillarium-scaled.jpg\" alt=\"\" class=\"wp-image-20964\" srcset=\"https:\/\/sigillarium.pl\/wp-content\/uploads\/2022\/07\/Pionki-Komendant-garnizonu-pieczec-seal-petschaft-siegel-sceau-sigillarium-scaled.jpg 2560w, https:\/\/sigillarium.pl\/wp-content\/uploads\/2022\/07\/Pionki-Komendant-garnizonu-pieczec-seal-petschaft-siegel-sceau-sigillarium-300x94.jpg 300w, https:\/\/sigillarium.pl\/wp-content\/uploads\/2022\/07\/Pionki-Komendant-garnizonu-pieczec-seal-petschaft-siegel-sceau-sigillarium-1024x321.jpg 1024w, https:\/\/sigillarium.pl\/wp-content\/uploads\/2022\/07\/Pionki-Komendant-garnizonu-pieczec-seal-petschaft-siegel-sceau-sigillarium-768x241.jpg 768w, https:\/\/sigillarium.pl\/wp-content\/uploads\/2022\/07\/Pionki-Komendant-garnizonu-pieczec-seal-petschaft-siegel-sceau-sigillarium-1536x481.jpg 1536w, https:\/\/sigillarium.pl\/wp-content\/uploads\/2022\/07\/Pionki-Komendant-garnizonu-pieczec-seal-petschaft-siegel-sceau-sigillarium-2048x642.jpg 2048w\" sizes=\"auto, (max-width: 2560px) 100vw, 2560px\" \/><\/a><\/figure>\n<\/figure>\n<\/div>\n\n\n\n<div class=\"wp-block-column is-layout-flow wp-block-column-is-layout-flow\" style=\"flex-basis:1%\"><\/div>\n\n\n\n<div class=\"wp-block-column is-vertically-aligned-center is-layout-flow wp-block-column-is-layout-flow\" style=\"flex-basis:22%\"><div class=\"wp-block-image\">\n<figure class=\"aligncenter size-large\"><img loading=\"lazy\" decoding=\"async\" width=\"1024\" height=\"411\" src=\"https:\/\/sigillarium.pl\/wp-content\/uploads\/2022\/07\/Pionki-Komendant-garnizonu-pieczec-rewers-seal-petschaft-siegel-sceau-1024x411.jpg\" alt=\"\" class=\"wp-image-20965\" srcset=\"https:\/\/sigillarium.pl\/wp-content\/uploads\/2022\/07\/Pionki-Komendant-garnizonu-pieczec-rewers-seal-petschaft-siegel-sceau-1024x411.jpg 1024w, https:\/\/sigillarium.pl\/wp-content\/uploads\/2022\/07\/Pionki-Komendant-garnizonu-pieczec-rewers-seal-petschaft-siegel-sceau-300x120.jpg 300w, https:\/\/sigillarium.pl\/wp-content\/uploads\/2022\/07\/Pionki-Komendant-garnizonu-pieczec-rewers-seal-petschaft-siegel-sceau-768x308.jpg 768w, https:\/\/sigillarium.pl\/wp-content\/uploads\/2022\/07\/Pionki-Komendant-garnizonu-pieczec-rewers-seal-petschaft-siegel-sceau.jpg 1464w\" sizes=\"auto, (max-width: 1024px) 100vw, 1024px\" \/><\/figure>\n<\/div>\n\n<div class=\"wp-block-image\">\n<figure class=\"aligncenter size-large\"><img loading=\"lazy\" decoding=\"async\" width=\"1024\" height=\"498\" src=\"https:\/\/sigillarium.pl\/wp-content\/uploads\/2022\/07\/Pionki-Komendant-garnizonu-pieczec-bok-seal-petschaft-siegel-sceau-1024x498.jpg\" alt=\"\" class=\"wp-image-20966\" srcset=\"https:\/\/sigillarium.pl\/wp-content\/uploads\/2022\/07\/Pionki-Komendant-garnizonu-pieczec-bok-seal-petschaft-siegel-sceau-1024x498.jpg 1024w, https:\/\/sigillarium.pl\/wp-content\/uploads\/2022\/07\/Pionki-Komendant-garnizonu-pieczec-bok-seal-petschaft-siegel-sceau-300x146.jpg 300w, https:\/\/sigillarium.pl\/wp-content\/uploads\/2022\/07\/Pionki-Komendant-garnizonu-pieczec-bok-seal-petschaft-siegel-sceau-768x374.jpg 768w, https:\/\/sigillarium.pl\/wp-content\/uploads\/2022\/07\/Pionki-Komendant-garnizonu-pieczec-bok-seal-petschaft-siegel-sceau.jpg 1356w\" sizes=\"auto, (max-width: 1024px) 100vw, 1024px\" \/><\/figure>\n<\/div><\/div>\n\n\n\n<div class=\"wp-block-column is-layout-flow wp-block-column-is-layout-flow\" style=\"flex-basis:1%\"><\/div>\n\n\n\n<div class=\"wp-block-column is-layout-flow wp-block-column-is-layout-flow\" style=\"flex-basis:48%\">\n<style> td {font-size: 11px; color: black; font-family: Arial;} <\/style>\n<table style=\"width: 500px; height: 150px;\">\n\t<tr>\n\t\t<td style=\"background-color: #DDDDDD; width:6%; text-align: center; \"><b>1<\/b><\/td>\n\t\t<td style=\"padding-left: 8px;\">kolekcja prywatna<\/td>\n\t<\/tr>\n\t<tr>\n\t\t<td style=\"background-color: #DDDDDD; text-align: center; \"><b>2<\/b><\/td>\n<td style=\"background-color: #FFFF99; white-space: nowrap; padding-left: 8px;\"><b><big><big> <a href=\" https:\/\/pl.wikipedia.org\/wiki\/Pionki\"> PIONKI <\/a> <\/big><\/big><br \/><big> Komendant Garnizonu <\/big><\/td>\n\t<\/tr>\n\t<tr>\n\t\t<td style=\"background-color: #DDDDDD; text-align: center; \"><b>3a<\/b><\/td>\n\t\t<td style=\"padding-left: 8px;\">guma<\/td>\n\t<\/tr>\n\t<tr>\n\t\t<td style=\"background-color: #DDDDDD; text-align: center; \"><b>3b<\/b><\/td>\n\t\t<td style=\"padding-left: 8px;\">mosi\u0105dz<\/td>\n\t<\/tr>\n\t<tr>\n\t\t<td style=\"background-color: #DDDDDD; text-align: center; \"><b>4<\/b><\/td>\n\t\t<td style=\"padding-left: 8px;\">prostok\u0105tna 15 x 45 mm<\/td>\n\t<\/tr>\n\t<tr>\n\t\t<td style=\"background-color: #DDDDDD; text-align: center; \"><b>5<\/b><\/td>\n\t\t<td style=\"padding-left: 8px;\">wypuk\u0142olany<\/td>\n\t<\/tr>\n\t<tr>\n\t\t<td style=\"background-color: #DDDDDD; text-align: center; \"><b>6<\/b><\/td>\n<td style=\"padding-left: 8px;\">&#8211; <\/td>\n\t<\/tr>\n<tr>\n\t\t<td style=\"background-color: #DDDDDD; text-align: center; \"><b>7<\/b><\/td>\n<td style=\"padding-left: 8px;\">uchwyt o formie coko\u0142u z ruchomym pier\u015bcieniem<\/td>\n\t<\/tr>\n\t<tr>\n\t\t<td style=\"background-color: #DDDDDD; text-align: center; \"><b>7a<\/b><\/td>\n\t\t<td style=\"padding-left: 8px;\"> 21 mm<\/td>\n\t<\/tr>\n\t<tr>\n\t\t<td style=\"background-color: #DDDDDD; text-align: center; \"><b>7b<\/b><\/td>\n<td style=\"padding-left: 8px;\">18,5 mm, w tym stopka 2 mm, cok\u00f3\u0142 4 mm <\/td>\n\t<\/tr>\n\t<tr>\n\t\t<td style=\"background-color: #DDDDDD; text-align: center; \"><b>7c<\/b><\/td>\n\t\t<td style=\"padding-left: 8px;\"> 2,5 mm<\/td>\n\t<\/tr>\n\t<tr>\n\t\t<td style=\"background-color: #DDDDDD; text-align: center; \"><b>8<\/b><\/td>\n<td style=\"padding-left: 8px;\">&#8211;<\/td>\n\t<\/tr>\n\t<tr>\n\t\t<td style=\"background-color: #DDDDDD; text-align: center; \"><b>9a<\/b><\/td>\n\t\t<td style=\"padding-left: 8px;\">majusku\u0142a, minusku\u0142a<\/td>\n\t<\/tr>\n\t<tr>\n\t\t<td style=\"background-color: #DDDDDD; text-align: center; \"><b>9b<\/b><\/td>\n<td style=\"padding-left: 8px;\"> <br \/>w polu:  <b> Komendant Garnizonu \/\/ Pionki <\/b><br><br><\/td> \n<\/tr>\n\t<tr>\t\n\t\t<td style=\"background-color: #DDDDDD; text-align: center; \"><b>10<\/b><\/td>\n<td style=\"padding-left: 8px;\"> W polu piecz\u0119ci napis w dw\u00f3ch wierszach (w pierwszym dysponent, w drugim nazwa miejscowo\u015bci).<\/td>\n<\/tr>\n\t<tr>\n\t\t<td style=\"background-color: #DDDDDD; text-align: center; \"><b>11<\/b><\/td>\n<td style=\"padding-left: 8px;\">&#8211;<\/td>\n\t<\/tr>\n\t<tr>\n\t\t<td style=\"background-color: #DDDDDD; text-align: center; \"><b>12<\/b><\/td>\n<td style=\"padding-left: 8px;\">&#8211;<\/td>\n\t<\/tr>\n<\/table>\n\n\n\n<p class=\"has-small-font-size\">  <a rel=\"noreferrer noopener\" href=\"http:\/\/sigillarium.pl\/index.php\/legenda-do-opisu-tloka-pieczetnego\/\" target=\"_blank\">Legenda<\/a>    <\/p>\n<\/div>\n<\/div>\n\n\n\n<hr class=\"wp-block-separator has-alpha-channel-opacity\"\/>\n\n\n\n<div class=\"wp-block-columns is-layout-flex wp-container-core-columns-is-layout-9d6595d7 wp-block-columns-is-layout-flex\">\n<div class=\"wp-block-column is-layout-flow wp-block-column-is-layout-flow\" style=\"flex-basis:5%\"><\/div>\n\n\n\n<div class=\"wp-block-column is-vertically-aligned-center is-layout-flow wp-block-column-is-layout-flow\" style=\"flex-basis:23%\">\n<figure class=\"wp-block-gallery aligncenter has-nested-images columns-default is-cropped wp-block-gallery-5 is-layout-flex wp-block-gallery-is-layout-flex\">\n<figure class=\"wp-block-image size-full\"><a href=\"https:\/\/sigillarium.pl\/wp-content\/uploads\/2020\/04\/Pozna\u0144-Sk\u0142adnica-Uzbrojenia-t\u0142ok.jpg\"><img loading=\"lazy\" decoding=\"async\" width=\"809\" height=\"806\" data-id=\"3134\" src=\"http:\/\/sigillarium.pl\/wp-content\/uploads\/2020\/04\/Pozna\u0144-Sk\u0142adnica-Uzbrojenia-t\u0142ok.jpg\" alt=\"\" class=\"wp-image-3134\" srcset=\"https:\/\/sigillarium.pl\/wp-content\/uploads\/2020\/04\/Pozna\u0144-Sk\u0142adnica-Uzbrojenia-t\u0142ok.jpg 809w, https:\/\/sigillarium.pl\/wp-content\/uploads\/2020\/04\/Pozna\u0144-Sk\u0142adnica-Uzbrojenia-t\u0142ok-300x300.jpg 300w, https:\/\/sigillarium.pl\/wp-content\/uploads\/2020\/04\/Pozna\u0144-Sk\u0142adnica-Uzbrojenia-t\u0142ok-150x150.jpg 150w, https:\/\/sigillarium.pl\/wp-content\/uploads\/2020\/04\/Pozna\u0144-Sk\u0142adnica-Uzbrojenia-t\u0142ok-768x765.jpg 768w\" sizes=\"auto, (max-width: 809px) 100vw, 809px\" \/><\/a><\/figure>\n<\/figure>\n<\/div>\n\n\n\n<div class=\"wp-block-column is-layout-flow wp-block-column-is-layout-flow\" style=\"flex-basis:1%\"><\/div>\n\n\n\n<div class=\"wp-block-column is-vertically-aligned-center is-layout-flow wp-block-column-is-layout-flow\" style=\"flex-basis:22%\"><div class=\"wp-block-image\">\n<figure class=\"aligncenter size-large is-resized\"><img loading=\"lazy\" decoding=\"async\" width=\"404\" height=\"945\" src=\"http:\/\/sigillarium.pl\/wp-content\/uploads\/2020\/04\/Pozna\u0144-Sk\u0142adnica-Uzbrojenia-uchwyt.jpg\" alt=\"\" class=\"wp-image-3135\" style=\"width:153px;height:358px\" srcset=\"https:\/\/sigillarium.pl\/wp-content\/uploads\/2020\/04\/Pozna\u0144-Sk\u0142adnica-Uzbrojenia-uchwyt.jpg 404w, https:\/\/sigillarium.pl\/wp-content\/uploads\/2020\/04\/Pozna\u0144-Sk\u0142adnica-Uzbrojenia-uchwyt-128x300.jpg 128w\" sizes=\"auto, (max-width: 404px) 100vw, 404px\" \/><\/figure>\n<\/div><\/div>\n\n\n\n<div class=\"wp-block-column is-layout-flow wp-block-column-is-layout-flow\" style=\"flex-basis:1%\"><\/div>\n\n\n\n<div class=\"wp-block-column is-layout-flow wp-block-column-is-layout-flow\" style=\"flex-basis:48%\">\n<style> td {font-size: 11px; color: black; font-family: Arial;} <\/style>\n<table style=\"width: 500px; height: 150px;\">\n\t<tr>\n\t\t<td style=\"background-color: #DDDDDD; width:6%; text-align: center; \"><b>1<\/b><\/td>\n\t\t<td style=\"padding-left: 8px;\">kolekcja prywatna<\/td>\n\t<\/tr>\n\t<tr>\n\t\t<td style=\"background-color: #DDDDDD; text-align: center; \"><b>2<\/b><\/td>\n<td style=\"background-color: #FFFF99; white-space: nowrap; padding-left: 8px;\"><b><big><big><a href=\"https:\/\/pl.wikipedia.org\/wiki\/Pozna%C5%84\"> POZNA\u0143<\/a><\/big><\/big><\/b><br \/><b><big>Sk\u0142adnica Uzbrojenia nr 7<\/big><\/b><\/td>\n\t<\/tr>\n\t<tr>\n\t\t<td style=\"background-color: #DDDDDD; text-align: center; \"><b>3a<\/b><\/td>\n\t\t<td style=\"padding-left: 8px;\">mosi\u0105dz<\/td>\n\t<\/tr>\n\t<tr>\n\t\t<td style=\"background-color: #DDDDDD; text-align: center; \"><b>3b<\/b><\/td>\n\t\t<td style=\"padding-left: 8px;\"> drewno <\/td>\n\t<\/tr>\n\t<tr>\n\t\t<td style=\"background-color: #DDDDDD; text-align: center; \"><b>4<\/b><\/td>\n\t\t<td style=\"padding-left: 8px;\">okr\u0105g\u0142a \u00d8 36 mm<\/td>\n\t<\/tr>\n\t<tr>\n\t\t<td style=\"background-color: #DDDDDD; text-align: center; \"><b>5<\/b><\/td>\n\t\t<td style=\"padding-left: 8px;\">wypuk\u0142oryty<\/td>\n\t<\/tr>\n\t<tr>\n\t\t<td style=\"background-color: #DDDDDD; text-align: center; \"><b>6<\/b><\/td>\n<td style=\"padding-left: 8px;\">na rancie numer grawera 6<\/td>\n\t<\/tr>\n<tr>\n\t\t<td style=\"background-color: #DDDDDD; text-align: center; \"><b>7<\/b><\/td>\n<td style=\"padding-left: 8px;\"> uchwyt toczony o kulistej ga\u0142ce, rekonstrukcja<\/td>\n\t<\/tr>\n\t<tr>\n\t\t<td style=\"background-color: #DDDDDD; text-align: center; \"><b>7a<\/b><\/td>\n\t\t<td style=\"padding-left: 8px;\">103 mm<\/td>\n\t<\/tr>\n\t<tr>\n\t\t<td style=\"background-color: #DDDDDD; text-align: center; \"><b>7b<\/b><\/td>\n\t\t<td style=\"padding-left: 8px;\">89,5 mm, w tym skuwka 10 mm <\/td>\n\t<\/tr>\n\t<tr>\n\t\t<td style=\"background-color: #DDDDDD; text-align: center; \"><b>7c<\/b><\/td>\n\t\t<td style=\"padding-left: 8px;\">13,5 mm<\/td>\n\t<\/tr>\n\t<tr>\n\t\t<td style=\"background-color: #DDDDDD; text-align: center; \"><b>8<\/b><\/td>\n<td style=\"padding-left: 8px;\">na ga\u0142ce uchwytu znacznik prawid\u0142owego ustawienia t\u0142oka (pineska)<\/td>\n\t<\/tr>\n\t<tr>\n\t\t<td style=\"background-color: #DDDDDD; text-align: center; \"><b>9a<\/b><\/td>\n\t\t<td style=\"padding-left: 8px;\">majusku\u0142a<\/td>\n\t<\/tr>\n\t<tr>\n\t\t<td style=\"background-color: #DDDDDD; text-align: center; \"><b>9b<\/b><\/td>\n<td style=\"padding-left: 8px;\"><br \/>w otoku:  <b>*  SK\u0141ADNICA  UZBROJENIA  NR  7<\/b><br \/><br \/><\/td> \n\t<\/tr>\n\t<tr>\n\t\t<td style=\"background-color: #DDDDDD; text-align: center; \"><b>10<\/b><\/td>\n<td style=\"padding-left: 8px;\">   W polu piecz\u0119ci, oddzielonym od pola legendy obrze\u017ceniem ci\u0105g\u0142ym, wizerunek or\u0142a w koronie, ustalony dla god\u0142a herbu Rzeczypospolitej Polskiej w 1927 r. Na zewn\u0105trz, wok\u00f3\u0142 pola legendy, pojedyncze obrze\u017cenie ci\u0105g\u0142e <\/td>\n<\/tr>\n\t<tr>\n\t\t<td style=\"background-color: #DDDDDD; text-align: center; \"><b>11<\/b><\/td>\n<td style=\"padding-left: 8px;\">&#8211;<\/td>\n\t<\/tr>\n\t<tr>\n<td style=\"background-color: #DDDDDD; text-align: center; \"><b>12<\/b><\/td>\n<td style=\"padding-left: 8px;\">na odwrocie matrycy nr fabryczny 47 057, sygnatura grawerska: orze\u0142 i herb Ko\u015bciesza, mi\u0119dzy nimi napis: MENNICA \/\/ PA\u0143STWOWA <\/td>\n\t<\/tr>\n<\/table>\n\n\n\n<p class=\"has-small-font-size\">  <a rel=\"noreferrer noopener\" href=\"http:\/\/sigillarium.pl\/index.php\/legenda-do-opisu-tloka-pieczetnego\/\" target=\"_blank\">Legenda<\/a>    <\/p>\n<\/div>\n<\/div>\n\n\n\n<hr class=\"wp-block-separator has-css-opacity\"\/>\n\n\n\n<div class=\"wp-block-columns is-layout-flex wp-container-core-columns-is-layout-9d6595d7 wp-block-columns-is-layout-flex\">\n<div class=\"wp-block-column is-layout-flow wp-block-column-is-layout-flow\" style=\"flex-basis:5%\"><\/div>\n\n\n\n<div class=\"wp-block-column is-vertically-aligned-center is-layout-flow wp-block-column-is-layout-flow\" style=\"flex-basis:23%\">\n<figure class=\"wp-block-gallery aligncenter has-nested-images columns-default is-cropped wp-block-gallery-6 is-layout-flex wp-block-gallery-is-layout-flex\">\n<figure class=\"wp-block-image size-full\"><a href=\"https:\/\/sigillarium.pl\/wp-content\/uploads\/2021\/01\/8-Dywizjon-Zandarmerii-pieczec.jpg\"><img loading=\"lazy\" decoding=\"async\" width=\"1494\" height=\"640\" data-id=\"10801\" src=\"https:\/\/sigillarium.pl\/wp-content\/uploads\/2021\/01\/8-Dywizjon-Zandarmerii-pieczec.jpg\" alt=\"\" class=\"wp-image-10801\" srcset=\"https:\/\/sigillarium.pl\/wp-content\/uploads\/2021\/01\/8-Dywizjon-Zandarmerii-pieczec.jpg 1494w, https:\/\/sigillarium.pl\/wp-content\/uploads\/2021\/01\/8-Dywizjon-Zandarmerii-pieczec-300x129.jpg 300w, https:\/\/sigillarium.pl\/wp-content\/uploads\/2021\/01\/8-Dywizjon-Zandarmerii-pieczec-1024x439.jpg 1024w, https:\/\/sigillarium.pl\/wp-content\/uploads\/2021\/01\/8-Dywizjon-Zandarmerii-pieczec-768x329.jpg 768w\" sizes=\"auto, (max-width: 1494px) 100vw, 1494px\" \/><\/a><\/figure>\n<\/figure>\n<\/div>\n\n\n\n<div class=\"wp-block-column is-layout-flow wp-block-column-is-layout-flow\" style=\"flex-basis:1%\"><\/div>\n\n\n\n<div class=\"wp-block-column is-vertically-aligned-center is-layout-flow wp-block-column-is-layout-flow\" style=\"flex-basis:22%\"><div class=\"wp-block-image\">\n<figure class=\"aligncenter size-large is-resized\"><img loading=\"lazy\" decoding=\"async\" width=\"1024\" height=\"383\" src=\"https:\/\/sigillarium.pl\/wp-content\/uploads\/2021\/01\/8-Dywizjon-Zandarmerii-pieczec-rewers-2-1024x383.jpg\" alt=\"\" class=\"wp-image-10800\" style=\"width:230px;height:100px\" srcset=\"https:\/\/sigillarium.pl\/wp-content\/uploads\/2021\/01\/8-Dywizjon-Zandarmerii-pieczec-rewers-2-1024x383.jpg 1024w, https:\/\/sigillarium.pl\/wp-content\/uploads\/2021\/01\/8-Dywizjon-Zandarmerii-pieczec-rewers-2-300x112.jpg 300w, https:\/\/sigillarium.pl\/wp-content\/uploads\/2021\/01\/8-Dywizjon-Zandarmerii-pieczec-rewers-2-768x287.jpg 768w, https:\/\/sigillarium.pl\/wp-content\/uploads\/2021\/01\/8-Dywizjon-Zandarmerii-pieczec-rewers-2.jpg 1243w\" sizes=\"auto, (max-width: 1024px) 100vw, 1024px\" \/><\/figure>\n<\/div>\n\n\n<figure class=\"wp-block-image size-large\"><img loading=\"lazy\" decoding=\"async\" width=\"1024\" height=\"440\" src=\"https:\/\/sigillarium.pl\/wp-content\/uploads\/2021\/01\/8-Dywizjon-Zandarmerii-pieczec-rewers-1024x440.jpg\" alt=\"\" class=\"wp-image-10834\" srcset=\"https:\/\/sigillarium.pl\/wp-content\/uploads\/2021\/01\/8-Dywizjon-Zandarmerii-pieczec-rewers-1024x440.jpg 1024w, https:\/\/sigillarium.pl\/wp-content\/uploads\/2021\/01\/8-Dywizjon-Zandarmerii-pieczec-rewers-300x129.jpg 300w, https:\/\/sigillarium.pl\/wp-content\/uploads\/2021\/01\/8-Dywizjon-Zandarmerii-pieczec-rewers-768x330.jpg 768w, https:\/\/sigillarium.pl\/wp-content\/uploads\/2021\/01\/8-Dywizjon-Zandarmerii-pieczec-rewers.jpg 1353w\" sizes=\"auto, (max-width: 1024px) 100vw, 1024px\" \/><\/figure>\n<\/div>\n\n\n\n<div class=\"wp-block-column is-layout-flow wp-block-column-is-layout-flow\" style=\"flex-basis:1%\"><\/div>\n\n\n\n<div class=\"wp-block-column is-layout-flow wp-block-column-is-layout-flow\" style=\"flex-basis:48%\">\n<style> td {font-size: 11px; color: black; font-family: Arial;} <\/style>\n<table style=\"width: 500px; height: 150px;\">\n\t<tr>\n\t\t<td style=\"background-color: #DDDDDD; width:6%; text-align: center; \"><b>1<\/b><\/td>\n\t\t<td style=\"padding-left: 8px;\">kolekcja prywatna<\/td>\n\t<\/tr>\n\t<tr>\n\t\t<td style=\"background-color: #DDDDDD; text-align: center; \"><b>2<\/b><\/td>\n<td style=\"background-color: #FFFF99; white-space: nowrap; padding-left: 8px;\"><b><big><big><a href=\" https:\/\/pl.wikipedia.org\/wiki\/Toru%C5%84\"> TORU\u0143 <\/a> <\/big><\/big><\/b><br \/><b><big>8 Dywizjon \u017bandarmerii<\/big><\/b><\/td>\n\t<\/tr>\n\t<tr>\n\t\t<td style=\"background-color: #DDDDDD; text-align: center; \"><b>3a<\/b><\/td>\n\t\t<td style=\"padding-left: 8px;\">mosi\u0105dz<\/td>\n\t<\/tr>\n\t<tr>\n\t\t<td style=\"background-color: #DDDDDD; text-align: center; \"><b>3b<\/b><\/td>\n\t\t<td style=\"padding-left: 8px;\">&#8211;<\/td>\n\t<\/tr>\n\t<tr>\n\t\t<td style=\"background-color: #DDDDDD; text-align: center; \"><b>4<\/b><\/td>\n\t\t<td style=\"padding-left: 8px;\">prostok\u0105tna 71,5 x 31 mm<\/td>\n\t<\/tr>\n\t<tr>\n\t\t<td style=\"background-color: #DDDDDD; text-align: center; \"><b>5<\/b><\/td>\n\t\t<td style=\"padding-left: 8px;\">wypuk\u0142oryty<\/td>\n\t<\/tr>\n\t<tr>\n\t\t<td style=\"background-color: #DDDDDD; text-align: center; \"><b>6<\/b><\/td>\n<td style=\"padding-left: 8px;\">&#8211; <\/td>\n\t<\/tr>\n<tr>\n\t\t<td style=\"background-color: #DDDDDD; text-align: center; \"><b>7<\/b><\/td>\n<td style=\"padding-left: 8px;\">brak, otw\u00f3r \u00d8 7 mm do jego zamocowania<\/td>\n\t<\/tr>\n\t<tr>\n\t\t<td style=\"background-color: #DDDDDD; text-align: center; \"><b>7a<\/b><\/td>\n\t\t<td style=\"padding-left: 8px;\"> 11,5 mm<\/td>\n\t<\/tr>\n\t<tr>\n\t\t<td style=\"background-color: #DDDDDD; text-align: center; \"><b>7b<\/b><\/td>\n\t\t<td style=\"padding-left: 8px;\"> &#8211;<\/td>\n\t<\/tr>\n\t<tr>\n\t\t<td style=\"background-color: #DDDDDD; text-align: center; \"><b>7c<\/b><\/td>\n\t\t<td style=\"padding-left: 8px;\"> 11,5 mm<\/td>\n\t<\/tr>\n\t<tr>\n\t\t<td style=\"background-color: #DDDDDD; text-align: center; \"><b>8<\/b><\/td>\n<td style=\"padding-left: 8px;\"> &#8211;<\/td>\n\t<\/tr>\n\t<tr>\n\t\t<td style=\"background-color: #DDDDDD; text-align: center; \"><b>9a<\/b><\/td>\n\t\t<td style=\"padding-left: 8px;\">majusku\u0142a, minusku\u0142a<\/td>\n\t<\/tr>\n\t<tr>\n\t\t<td style=\"background-color: #DDDDDD; text-align: center; \"><b>9b<\/b><\/td>\n<td style=\"padding-left: 8px;\"><br \/> w polu: <b> 8 DYWIZJON \u017bANDARMERJI \/\/ WYDANO DO U\u017bYTKU \/\/ w MIESI\u0104CU [\u2026] \u2013 19 [\u2026]  <br \/><br \/><\/td>\n\t<\/tr>\n\t<tr>\n\t\t<td style=\"background-color: #DDDDDD; text-align: center; \"><b>10<\/b><\/td>\n<td style=\"padding-left: 8px;\"> W polu piecz\u0119ci napis w trzech wierszach. Na zewn\u0105trz, wok\u00f3\u0142 pola piecz\u0119ci, pojedyncze obrze\u017cenie ci\u0105g\u0142e.<\/tr>\n\t<tr>\n\t\t<td style=\"background-color: #DDDDDD; text-align: center; \"><b>11<\/b><\/td>\n<td style=\"padding-left: 8px;\">&#8211;<\/td>\n\t<\/tr>\n\t<tr>\n\t\t<td style=\"background-color: #DDDDDD; text-align: center; \"><b>12<\/b><\/td>\n\t\t<td style=\"padding-left: 8px;\">w awersie matrycy dwa otwory \u00d8 7,5 mm ka\u017cdy; pierwszy do umieszczenia elementu z cyfr\u0105 wybranego miesi\u0105ca kalendarzowego, drugi &#8211; elementu z dwiema ostatnimi cyframi roku, dodatkowo na rewersie matrycy dwa otwory \u00d8 4 mm ka\u017cdy, a tak\u017ce dwa gwintowane otwory  \u00d8 4 mm na boku matrycy, s\u0142u\u017c\u0105ce do wkr\u0119cenia \u015brub stabilizuj\u0105cych elementy z cyframi<\/td>\n\t<\/tr>\n<\/table>\n\n\n\n<p class=\"has-small-font-size\">  <a rel=\"noreferrer noopener\" href=\"http:\/\/sigillarium.pl\/index.php\/legenda-do-opisu-tloka-pieczetnego\/\" target=\"_blank\">Legenda<\/a>    <\/p>\n<\/div>\n<\/div>\n\n\n\n<hr class=\"wp-block-separator has-css-opacity\"\/>\n\n\n\n<div class=\"wp-block-columns is-layout-flex wp-container-core-columns-is-layout-9d6595d7 wp-block-columns-is-layout-flex\">\n<div class=\"wp-block-column is-layout-flow wp-block-column-is-layout-flow\" style=\"flex-basis:5%\"><\/div>\n\n\n\n<div class=\"wp-block-column is-vertically-aligned-center is-layout-flow wp-block-column-is-layout-flow\" style=\"flex-basis:23%\">\n<figure class=\"wp-block-gallery aligncenter has-nested-images columns-default is-cropped wp-block-gallery-7 is-layout-flex wp-block-gallery-is-layout-flex\">\n<figure class=\"wp-block-image size-full\"><a href=\"https:\/\/sigillarium.pl\/wp-content\/uploads\/2022\/08\/Francja-Dowodztwo-III_1-Dyonu-Mysliwskiego-pieczec-seal-petschaft-siegel-sigillarium.jpg.jpg\"><img loading=\"lazy\" decoding=\"async\" width=\"827\" height=\"807\" data-id=\"21571\" src=\"https:\/\/sigillarium.pl\/wp-content\/uploads\/2022\/08\/Francja-Dowodztwo-III_1-Dyonu-Mysliwskiego-pieczec-seal-petschaft-siegel-sigillarium.jpg.jpg\" alt=\"\" class=\"wp-image-21571\" srcset=\"https:\/\/sigillarium.pl\/wp-content\/uploads\/2022\/08\/Francja-Dowodztwo-III_1-Dyonu-Mysliwskiego-pieczec-seal-petschaft-siegel-sigillarium.jpg.jpg 827w, https:\/\/sigillarium.pl\/wp-content\/uploads\/2022\/08\/Francja-Dowodztwo-III_1-Dyonu-Mysliwskiego-pieczec-seal-petschaft-siegel-sigillarium.jpg-300x293.jpg 300w, https:\/\/sigillarium.pl\/wp-content\/uploads\/2022\/08\/Francja-Dowodztwo-III_1-Dyonu-Mysliwskiego-pieczec-seal-petschaft-siegel-sigillarium.jpg-768x749.jpg 768w\" sizes=\"auto, (max-width: 827px) 100vw, 827px\" \/><\/a><\/figure>\n<\/figure>\n<\/div>\n\n\n\n<div class=\"wp-block-column is-layout-flow wp-block-column-is-layout-flow\" style=\"flex-basis:1%\"><\/div>\n\n\n\n<div class=\"wp-block-column is-vertically-aligned-center is-layout-flow wp-block-column-is-layout-flow\" style=\"flex-basis:22%\"><div class=\"wp-block-image\">\n<figure class=\"aligncenter size-large is-resized\"><img loading=\"lazy\" decoding=\"async\" width=\"400\" height=\"1024\" src=\"https:\/\/sigillarium.pl\/wp-content\/uploads\/2022\/08\/Francja-Dowodztwo-III_1-Dyonu-Mysliwskiego-uchwyt-pieczec-seal-petschaft-siegel-sigillarium.jpg-400x1024.jpg\" alt=\"\" class=\"wp-image-21572\" style=\"width:152px;height:388px\" srcset=\"https:\/\/sigillarium.pl\/wp-content\/uploads\/2022\/08\/Francja-Dowodztwo-III_1-Dyonu-Mysliwskiego-uchwyt-pieczec-seal-petschaft-siegel-sigillarium.jpg-400x1024.jpg 400w, https:\/\/sigillarium.pl\/wp-content\/uploads\/2022\/08\/Francja-Dowodztwo-III_1-Dyonu-Mysliwskiego-uchwyt-pieczec-seal-petschaft-siegel-sigillarium.jpg-117x300.jpg 117w, https:\/\/sigillarium.pl\/wp-content\/uploads\/2022\/08\/Francja-Dowodztwo-III_1-Dyonu-Mysliwskiego-uchwyt-pieczec-seal-petschaft-siegel-sigillarium.jpg.jpg 440w\" sizes=\"auto, (max-width: 400px) 100vw, 400px\" \/><\/figure>\n<\/div><\/div>\n\n\n\n<div class=\"wp-block-column is-layout-flow wp-block-column-is-layout-flow\" style=\"flex-basis:1%\"><\/div>\n\n\n\n<div class=\"wp-block-column is-layout-flow wp-block-column-is-layout-flow\" style=\"flex-basis:48%\">\n<style> td {font-size: 11px; color: black; font-family: Arial;} <\/style>\n<table style=\"width: 500px; height: 150px;\">\n\t<tbody><tr>\n\t\t<td style=\"background-color: #DDDDDD; width:6%; text-align: center; \"><b>1<\/b><\/td>\n\t\t<td style=\"padding-left: 8px;\">kolekcja prywatna<\/td>\n\t<\/tr>\n\t<tr>\n\t\t<td style=\"background-color: #DDDDDD; text-align: center; \"><b>2<\/b><\/td>\n<td style=\"background-color: #FFFF99; white-space: nowrap; padding-left: 8px;\"><b><big><big> <a href=\"https:\/\/pl.wikipedia.org\/wiki\/Warszawa \"> WARSZAWA <\/a> <\/big><\/big><br><big> Dow\u00f3dztwo III\/1 Dyonu My\u015bliwskiego<\/big><\/b><\/td>\n\t<\/tr>\n\t<tr>\n\t\t<td style=\"background-color: #DDDDDD; text-align: center; \"><b>3a<\/b><\/td>\n\t\t<td style=\"padding-left: 8px;\">guma<\/td>\n\t<\/tr>\n\t<tr>\n\t\t<td style=\"background-color: #DDDDDD; text-align: center; \"><b>3b<\/b><\/td>\n\t\t<td style=\"padding-left: 8px;\">drewno<\/td>\n\t<\/tr>\n\t<tr>\n\t\t<td style=\"background-color: #DDDDDD; text-align: center; \"><b>4<\/b><\/td>\n\t\t<td style=\"padding-left: 8px;\">okr\u0105g\u0142a \u00d8 20 mm<\/td>\n\t<\/tr>\n\t<tr>\n\t\t<td style=\"background-color: #DDDDDD; text-align: center; \"><b>5<\/b><\/td>\n\t\t<td style=\"padding-left: 8px;\">wypuk\u0142olany<\/td>\n\t<\/tr>\n\t<tr>\n\t\t<td style=\"background-color: #DDDDDD; text-align: center; \"><b>6<\/b><\/td>\n<td style=\"padding-left: 8px;\">&#8211;<\/td>\n\t<\/tr>\n<tr>\n\t\t<td style=\"background-color: #DDDDDD; text-align: center; \"><b>7<\/b><\/td>\n<td style=\"padding-left: 8px;\">uchwyt toczony o wyd\u0142u\u017conej ga\u0142ce<\/td>\n\t<\/tr>\n\t<tr>\n\t\t<td style=\"background-color: #DDDDDD; text-align: center; \"><b>7a<\/b><\/td>\n\t\t<td style=\"padding-left: 8px;\">68 mm<\/td>\n\t<\/tr>\n\t<tr>\n\t\t<td style=\"background-color: #DDDDDD; text-align: center; \"><b>7b<\/b><\/td>\n<td style=\"padding-left: 8px;\"> 64 mm, w tym stopka 7 mm, cok\u00f3\u0142 10 mm, r\u0119koje\u015b\u0107 47 mm <\/td>\n\t<\/tr>\n\t<tr>\n\t\t<td style=\"background-color: #DDDDDD; text-align: center; \"><b>7c<\/b><\/td>\n\t\t<td style=\"padding-left: 8px;\"> 4 mm<\/td>\n\t<\/tr>\n\t<tr>\n\t\t<td style=\"background-color: #DDDDDD; text-align: center; \"><b>8<\/b><\/td>\n<td style=\"padding-left: 8px;\">na uchwycie znacznik prawid\u0142owego ustawienia t\u0142oka<\/td>\n\t<\/tr>\n\t<tr>\n\t\t<td style=\"background-color: #DDDDDD; text-align: center; \"><b>9a<\/b><\/td>\n\t\t<td style=\"padding-left: 8px;\">majusku\u0142a<\/td>\n\t<\/tr>\n\t<tr>\n\t\t<td style=\"background-color: #DDDDDD; text-align: center; \"><b>9b<\/b><\/td>\n<td style=\"padding-left: 8px;\"> <br>w otoku:  <b> x DOW\u00d3DZTWO III\/1 DYONU MY\u015aL<i> (iwskiego).<\/i> <\/b><br><br><\/td> \n<\/tr>\n\t<tr>\t\n\t\t<td style=\"background-color: #DDDDDD; text-align: center; \"><b>10<\/b><\/td>\n<td style=\"padding-left: 8px;\"> W polu piecz\u0119ci, oddzielonym od pola legendy pojedynczym obrze\u017ceniem ci\u0105g\u0142ym, wizerunek or\u0142a ustalony dla god\u0142a herbu Rzeczypospolitej Polskiej w 1927 r. Na zewn\u0105trz, wok\u00f3\u0142 pola legendy, pojedyncze obrze\u017cenie ci\u0105g\u0142e.<\/td>\n<\/tr>\n\t<tr>\n\t\t<td style=\"background-color: #DDDDDD; text-align: center; \"><b>11<\/b><\/td>\n<td style=\"padding-left: 8px;\">&#8211;<\/td>\n\t<\/tr>\n\t<tr>\n\t\t<td style=\"background-color: #DDDDDD; text-align: center; \"><b>12<\/b><\/td>\n<td style=\"padding-left: 8px;\">Warto zwr\u00f3ci\u0107 uwag\u0119,\u017ce orze\u0142 polski zosta\u0142 na\u0142o\u017cony na god\u0142o Kr\u00f3lestwa Polskiego (or\u0142a carskiego). Zobacz: <a href=\"https:\/\/pl.wikipedia.org\/wiki\/III\/1_Dywizjon_My%C5%9Bliwski \">III\/1 Dywizjon My\u015bliwski <\/a> <\/td>\n\t<\/tr>\n<\/tbody><\/table>\n\n\n\n<p class=\"has-small-font-size\">  <a rel=\"noreferrer noopener\" href=\"http:\/\/sigillarium.pl\/index.php\/legenda-do-opisu-tloka-pieczetnego\/\" target=\"_blank\">Legenda<\/a>    <\/p>\n<\/div>\n<\/div>\n\n\n\n<hr class=\"wp-block-separator has-alpha-channel-opacity\"\/>\n\n\n\n<div class=\"wp-block-columns is-layout-flex wp-container-core-columns-is-layout-9d6595d7 wp-block-columns-is-layout-flex\">\n<div class=\"wp-block-column is-layout-flow wp-block-column-is-layout-flow\" style=\"flex-basis:5%\"><\/div>\n\n\n\n<div class=\"wp-block-column is-vertically-aligned-center is-layout-flow wp-block-column-is-layout-flow\" style=\"flex-basis:23%\">\n<figure class=\"wp-block-gallery aligncenter has-nested-images columns-default is-cropped wp-block-gallery-8 is-layout-flex wp-block-gallery-is-layout-flex\">\n<figure class=\"wp-block-image size-full\"><a href=\"https:\/\/sigillarium.pl\/wp-content\/uploads\/2020\/04\/Warszawa-G\u0142\u00f3wna-Poczta-Polowa-Nr-7.jpg\"><img loading=\"lazy\" decoding=\"async\" width=\"660\" height=\"654\" data-id=\"2126\" src=\"http:\/\/sigillarium.pl\/wp-content\/uploads\/2020\/04\/Warszawa-G\u0142\u00f3wna-Poczta-Polowa-Nr-7.jpg\" alt=\"\" class=\"wp-image-2126\" srcset=\"https:\/\/sigillarium.pl\/wp-content\/uploads\/2020\/04\/Warszawa-G\u0142\u00f3wna-Poczta-Polowa-Nr-7.jpg 660w, https:\/\/sigillarium.pl\/wp-content\/uploads\/2020\/04\/Warszawa-G\u0142\u00f3wna-Poczta-Polowa-Nr-7-300x297.jpg 300w, https:\/\/sigillarium.pl\/wp-content\/uploads\/2020\/04\/Warszawa-G\u0142\u00f3wna-Poczta-Polowa-Nr-7-150x150.jpg 150w\" sizes=\"auto, (max-width: 660px) 100vw, 660px\" \/><\/a><\/figure>\n<\/figure>\n<\/div>\n\n\n\n<div class=\"wp-block-column is-layout-flow wp-block-column-is-layout-flow\" style=\"flex-basis:1%\"><\/div>\n\n\n\n<div class=\"wp-block-column is-vertically-aligned-center is-layout-flow wp-block-column-is-layout-flow\" style=\"flex-basis:22%\"><div class=\"wp-block-image\">\n<figure class=\"aligncenter size-large is-resized\"><img loading=\"lazy\" decoding=\"async\" width=\"436\" height=\"1024\" src=\"http:\/\/sigillarium.pl\/wp-content\/uploads\/2020\/04\/Warszawa-G\u0142\u00f3wna-Poczta-Polowa-Nr-7-fin-uchwyt-436x1024.jpg\" alt=\"\" class=\"wp-image-2127\" style=\"width:162px;height:379px\" srcset=\"https:\/\/sigillarium.pl\/wp-content\/uploads\/2020\/04\/Warszawa-G\u0142\u00f3wna-Poczta-Polowa-Nr-7-fin-uchwyt-436x1024.jpg 436w, https:\/\/sigillarium.pl\/wp-content\/uploads\/2020\/04\/Warszawa-G\u0142\u00f3wna-Poczta-Polowa-Nr-7-fin-uchwyt-128x300.jpg 128w, https:\/\/sigillarium.pl\/wp-content\/uploads\/2020\/04\/Warszawa-G\u0142\u00f3wna-Poczta-Polowa-Nr-7-fin-uchwyt-768x1804.jpg 768w, https:\/\/sigillarium.pl\/wp-content\/uploads\/2020\/04\/Warszawa-G\u0142\u00f3wna-Poczta-Polowa-Nr-7-fin-uchwyt-654x1536.jpg 654w, https:\/\/sigillarium.pl\/wp-content\/uploads\/2020\/04\/Warszawa-G\u0142\u00f3wna-Poczta-Polowa-Nr-7-fin-uchwyt-872x2048.jpg 872w, https:\/\/sigillarium.pl\/wp-content\/uploads\/2020\/04\/Warszawa-G\u0142\u00f3wna-Poczta-Polowa-Nr-7-fin-uchwyt.jpg 922w\" sizes=\"auto, (max-width: 436px) 100vw, 436px\" \/><\/figure>\n<\/div><\/div>\n\n\n\n<div class=\"wp-block-column is-layout-flow wp-block-column-is-layout-flow\" style=\"flex-basis:1%\"><\/div>\n\n\n\n<div class=\"wp-block-column is-layout-flow wp-block-column-is-layout-flow\" style=\"flex-basis:48%\">\n<style> td {font-size: 11px; color: black; font-family: Arial;} <\/style>\n<table style=\"width: 500px; height: 150px;\">\n\t<tr>\n\t\t<td style=\"background-color: #DDDDDD; width:6%; text-align: center; \"><b>1<\/b><\/td>\n\t\t<td style=\"padding-left: 8px;\">kolekcja prywatna<\/td>\n\t<\/tr>\n\t<tr>\n\t\t<td style=\"background-color: #DDDDDD; text-align: center; \"><b>2<\/b><\/td>\n<td style=\"background-color: #FFFF99; white-space: nowrap; padding-left: 8px;\"><b><big><big><a href=\"https:\/\/pl.wikipedia.org\/wiki\/Warszawa\"> WARSZAWA<\/a><\/big><\/big><\/b><br \/><b><big>G\u0142\u00f3wna Poczta Polowa nr 7<\/big><\/b><\/td>\n\t<\/tr>\n\t<tr>\n\t\t<td style=\"background-color: #DDDDDD; text-align: center; \"><b>3a<\/b><\/td>\n\t\t<td style=\"padding-left: 8px;\">mosi\u0105dz<\/td>\n\t<\/tr>\n\t<tr>\n\t\t<td style=\"background-color: #DDDDDD; text-align: center; \"><b>3b<\/b><\/td>\n\t\t<td style=\"padding-left: 8px;\"> drewno <\/td>\n\t<\/tr>\n\t<tr>\n\t\t<td style=\"background-color: #DDDDDD; text-align: center; \"><b>4<\/b><\/td>\n\t\t<td style=\"padding-left: 8px;\">okr\u0105g\u0142a \u00d8 30 mm<\/td>\n\t<\/tr>\n\t<tr>\n\t\t<td style=\"background-color: #DDDDDD; text-align: center; \"><b>5<\/b><\/td>\n\t\t<td style=\"padding-left: 8px;\">wkl\u0119s\u0142oryty<\/td>\n\t<\/tr>\n\t<tr>\n\t\t<td style=\"background-color: #DDDDDD; text-align: center; \"><b>6<\/b><\/td>\n<td style=\"padding-left: 8px;\">na rancie brak nr grawera<\/td>\n\t<\/tr>\n<tr>\n\t\t<td style=\"background-color: #DDDDDD; text-align: center; \"><b>7<\/b><\/td>\n<td style=\"padding-left: 8px;\"> uchwyt toczony o kulistej ga\u0142ce<\/td>\n\t<\/tr>\n\t<tr>\n\t\t<td style=\"background-color: #DDDDDD; text-align: center; \"><b>7a<\/b><\/td>\n\t\t<td style=\"padding-left: 8px;\">106 mm<\/td>\n\t<\/tr>\n\t<tr>\n\t\t<td style=\"background-color: #DDDDDD; text-align: center; \"><b>7b<\/b><\/td>\n\t\t<td style=\"padding-left: 8px;\">92,5 mm, w tym skuwka 11 mm <\/td>\n\t<\/tr>\n\t<tr>\n\t\t<td style=\"background-color: #DDDDDD; text-align: center; \"><b>7c<\/b><\/td>\n\t\t<td style=\"padding-left: 8px;\">13,5 mm<\/td>\n\t<\/tr>\n\t<tr>\n\t\t<td style=\"background-color: #DDDDDD; text-align: center; \"><b>8<\/b><\/td>\n<td style=\"padding-left: 8px;\">na ga\u0142ce uchwytu znacznik prawid\u0142owego ustawienia t\u0142oka (pineska)<\/td>\n\t<\/tr>\n\t<tr>\n\t\t<td style=\"background-color: #DDDDDD; text-align: center; \"><b>9a<\/b><\/td>\n\t\t<td style=\"padding-left: 8px;\">majusku\u0142a<\/td>\n\t<\/tr>\n\t<tr>\n\t\t<td style=\"background-color: #DDDDDD; text-align: center; \"><b>9b<\/b><\/td>\n<td style=\"padding-left: 8px;\"><br \/> w otoku:<b> *  G\u0141\u00d3WNA  POCZTA  POLOWA  NR  7<\/b><br \/><br \/><\/td> \n\t<\/tr>\n\t<tr>\n\t\t<td style=\"background-color: #DDDDDD; text-align: center; \"><b>10<\/b><\/td>\n<td style=\"padding-left: 8px;\">  W polu piecz\u0119ci, oddzielonym od pola legendy obrze\u017ceniem ci\u0105g\u0142ym, wizerunek or\u0142a w koronie, ustalony dla god\u0142a herbu Rzeczypospolitej Polskiej w 1927 r. Na zewn\u0105trz, wok\u00f3\u0142 pola legendy, pojedyncze obrze\u017cenie ci\u0105g\u0142e <\/td>\n<\/tr>\n\t<tr>\n\t\t<td style=\"background-color: #DDDDDD; text-align: center; \"><b>11<\/b><\/td>\n<td style=\"padding-left: 8px;\">&#8211;<\/td>\n\t<\/tr>\n\t<tr>\n<td style=\"background-color: #DDDDDD; text-align: center; \"><b>12<\/b><\/td>\n<td style=\"padding-left: 8px;\">na odwrocie matrycy nr fabryczny 54 732, sygnatura grawerska: orze\u0142 i herb Ko\u015bciesza, mi\u0119dzy nimi napis: MENNICA \/\/ PA\u0143STWOWA <\/td>\n\t<\/tr>\n<\/table>\n\n\n\n<p class=\"has-small-font-size\">  <a rel=\"noreferrer noopener\" href=\"http:\/\/sigillarium.pl\/index.php\/legenda-do-opisu-tloka-pieczetnego\/\" target=\"_blank\">Legenda<\/a>    <\/p>\n<\/div>\n<\/div>\n\n\n\n<hr class=\"wp-block-separator has-alpha-channel-opacity\"\/>\n\n\n\n<div class=\"wp-block-columns is-layout-flex wp-container-core-columns-is-layout-9d6595d7 wp-block-columns-is-layout-flex\">\n<div class=\"wp-block-column is-layout-flow wp-block-column-is-layout-flow\" style=\"flex-basis:5%\"><\/div>\n\n\n\n<div class=\"wp-block-column is-vertically-aligned-center is-layout-flow wp-block-column-is-layout-flow\" style=\"flex-basis:23%\">\n<figure class=\"wp-block-gallery aligncenter has-nested-images columns-default is-cropped wp-block-gallery-9 is-layout-flex wp-block-gallery-is-layout-flex\">\n<figure class=\"wp-block-image size-full\"><a href=\"https:\/\/sigillarium.pl\/wp-content\/uploads\/2025\/02\/Dowodztwo-1-Lotniczego-Baonu-Uzupelnien-pieczec-seal-petschaft-siegel-sceau-cachet-sigillo-sigillarium.jpg\"><img loading=\"lazy\" decoding=\"async\" width=\"959\" height=\"942\" data-id=\"33677\" src=\"https:\/\/sigillarium.pl\/wp-content\/uploads\/2025\/02\/Dowodztwo-1-Lotniczego-Baonu-Uzupelnien-pieczec-seal-petschaft-siegel-sceau-cachet-sigillo-sigillarium.jpg\" alt=\"\" class=\"wp-image-33677\" srcset=\"https:\/\/sigillarium.pl\/wp-content\/uploads\/2025\/02\/Dowodztwo-1-Lotniczego-Baonu-Uzupelnien-pieczec-seal-petschaft-siegel-sceau-cachet-sigillo-sigillarium.jpg 959w, https:\/\/sigillarium.pl\/wp-content\/uploads\/2025\/02\/Dowodztwo-1-Lotniczego-Baonu-Uzupelnien-pieczec-seal-petschaft-siegel-sceau-cachet-sigillo-sigillarium-300x295.jpg 300w, https:\/\/sigillarium.pl\/wp-content\/uploads\/2025\/02\/Dowodztwo-1-Lotniczego-Baonu-Uzupelnien-pieczec-seal-petschaft-siegel-sceau-cachet-sigillo-sigillarium-768x754.jpg 768w\" sizes=\"auto, (max-width: 959px) 100vw, 959px\" \/><\/a><\/figure>\n<\/figure>\n<\/div>\n\n\n\n<div class=\"wp-block-column is-layout-flow wp-block-column-is-layout-flow\" style=\"flex-basis:1%\"><\/div>\n\n\n\n<div class=\"wp-block-column is-vertically-aligned-center is-layout-flow wp-block-column-is-layout-flow\" style=\"flex-basis:22%\"><div class=\"wp-block-image\">\n<figure class=\"aligncenter size-full is-resized\"><img loading=\"lazy\" decoding=\"async\" width=\"354\" height=\"989\" src=\"https:\/\/sigillarium.pl\/wp-content\/uploads\/2025\/02\/Dowodztwo-1-Lotniczego-Baonu-Uzupelnien-pieczec-uchwyt-seal-petschaft-siegel-sceau-cachet-sigillo-sigillarium.jpg\" alt=\"\" class=\"wp-image-33678\" style=\"aspect-ratio:0.42744063324538256;width:162px;height:auto\" srcset=\"https:\/\/sigillarium.pl\/wp-content\/uploads\/2025\/02\/Dowodztwo-1-Lotniczego-Baonu-Uzupelnien-pieczec-uchwyt-seal-petschaft-siegel-sceau-cachet-sigillo-sigillarium.jpg 354w, https:\/\/sigillarium.pl\/wp-content\/uploads\/2025\/02\/Dowodztwo-1-Lotniczego-Baonu-Uzupelnien-pieczec-uchwyt-seal-petschaft-siegel-sceau-cachet-sigillo-sigillarium-107x300.jpg 107w\" sizes=\"auto, (max-width: 354px) 100vw, 354px\" \/><\/figure>\n<\/div><\/div>\n\n\n\n<div class=\"wp-block-column is-layout-flow wp-block-column-is-layout-flow\" style=\"flex-basis:1%\"><\/div>\n\n\n\n<div class=\"wp-block-column is-layout-flow wp-block-column-is-layout-flow\" style=\"flex-basis:48%\">\n<style> td {font-size: 11px; color: black; font-family: Arial;} <\/style>\n<table style=\"width: 500px; height: 150px;\">\n\t<tbody><tr>\n\t\t<td style=\"background-color: #DDDDDD; width:6%; text-align: center; \"><b>1<\/b><\/td>\n\t\t<td style=\"padding-left: 8px;\">kolekcja prywatna<\/td>\n\t<\/tr>\n\t<tr>\n\t\t<td style=\"background-color: #DDDDDD; text-align: center; \"><b>2<\/b><\/td>\n<td style=\"background-color: #FFFF99; white-space: nowrap; padding-left: 8px;\"><b><big><big> <a href=\" https:\/\/pl.wikipedia.org\/wiki\/Warszawa \">WARSZAWA <\/a> <\/big><\/big><br><big> Dow\u00f3dztwo 1. Lotniczego Baonu Uzupe\u0142nie\u0144<\/big><\/b><\/td>\n\t<\/tr>\n\t<tr>\n\t\t<td style=\"background-color: #DDDDDD; text-align: center; \"><b>3a<\/b><\/td>\n\t\t<td style=\"padding-left: 8px;\">mosi\u0105dz<\/td>\n\t<\/tr>\n\t<tr>\n\t\t<td style=\"background-color: #DDDDDD; text-align: center; \"><b>3b<\/b><\/td>\n\t\t<td style=\"padding-left: 8px;\">drewno<\/td>\n\t<\/tr>\n\t<tr>\n\t\t<td style=\"background-color: #DDDDDD; text-align: center; \"><b>4<\/b><\/td>\n\t\t<td style=\"padding-left: 8px;\">okr\u0105g\u0142a \u00d8 31 mm<\/td>\n\t<\/tr>\n\t<tr>\n\t\t<td style=\"background-color: #DDDDDD; text-align: center; \"><b>5<\/b><\/td>\n\t\t<td style=\"padding-left: 8px;\">wkl\u0119s\u0142oryty<\/td>\n\t<\/tr>\n\t<tr>\n\t\t<td style=\"background-color: #DDDDDD; text-align: center; \"><b>6<\/b><\/td>\n<td style=\"padding-left: 8px;\">&#8211;<\/td>\n\t<\/tr>\n<tr>\n\t\t<td style=\"background-color: #DDDDDD; text-align: center; \"><b>7<\/b><\/td>\n<td style=\"padding-left: 8px;\">uchwyt toczony o sp\u0142aszczonej ga\u0142ce, lakierowany na czarno<\/td>\n\t<\/tr>\n\t<tr>\n\t\t<td style=\"background-color: #DDDDDD; text-align: center; \"><b>7a<\/b><\/td>\n\t\t<td style=\"padding-left: 8px;\"> 115 mm<\/td>\n\t<\/tr>\n\t<tr>\n\t\t<td style=\"background-color: #DDDDDD; text-align: center; \"><b>7b<\/b><\/td>\n<td style=\"padding-left: 8px;\">105 mm, w tym skuwka 7 mm (\u00d8 18 mm) <\/td>\n\t<\/tr>\n\t<tr>\n\t\t<td style=\"background-color: #DDDDDD; text-align: center; \"><b>7c<\/b><\/td>\n\t\t<td style=\"padding-left: 8px;\"> 10 mm<\/td>\n\t<\/tr>\n\t<tr>\n\t\t<td style=\"background-color: #DDDDDD; text-align: center; \"><b>8<\/b><\/td>\n<td style=\"padding-left: 8px;\">na uchwycie pineska z sygnatur\u0105 wytw\u00f3rcy: A. SEDLAT\u01b5EK \/\/ Stempelfabrik \/\/ BRESLAU I \/\/ Ringbude \/\/ 75\/76<\/td>\n\t<\/tr>\n\t<tr>\n\t\t<td style=\"background-color: #DDDDDD; text-align: center; \"><b>9a<\/b><\/td>\n\t\t<td style=\"padding-left: 8px;\">majusku\u0142a<\/td>\n\t<\/tr>\n\t<tr>\n\t\t<td style=\"background-color: #DDDDDD; text-align: center; \"><b>9b<\/b><\/td>\n<td style=\"padding-left: 8px;\"> <br>w otoku:  <b> * DOW\u00d3DZTWO 1 LOT <i>(niczego)<\/i>. BAONU UZUPE\u0141NIE\u0143 <\/b><br><br><\/td> \n<\/tr>\n\t<tr>\t\n\t\t<td style=\"background-color: #DDDDDD; text-align: center; \"><b>10<\/b><\/td>\n<td style=\"padding-left: 8px;\"> W polu piecz\u0119ci orze\u0142 kr\u00f3lewsko-polski. Na zewn\u0105trz, wok\u00f3\u0142 pola piecz\u0119ci, pojedyncze obrze\u017cenie ci\u0105g\u0142e.<\/td>\n<\/tr>\n\t<tr>\n\t\t<td style=\"background-color: #DDDDDD; text-align: center; \"><b>11<\/b><\/td>\n<td style=\"padding-left: 8px;\">&#8211;<\/td>\n\t<\/tr>\n\t<tr>\n\t\t<td style=\"background-color: #DDDDDD; text-align: center; \"><b>12<\/b><\/td>\n<td style=\"padding-left: 8px;\">Zobacz: <a href=\" https:\/\/pl.wikipedia.org\/wiki\/I_Grupa_Lotnicza\n\">I Grupa Lotnicza <\/a><br>Zobacz: <a href=\" https:\/\/pl.wikipedia.org\/wiki\/Polskie_lotnictwo_wojskowe_w_wojnie_polsko-bolszewickiej \">Polskie lotnictwo wojskowe w wojnie polsko-bolszewickiej<\/a>  <\/td>\n\t<\/tr>\n<\/tbody><\/table>\n\n\n\n<p class=\"has-small-font-size\">  <a rel=\"noreferrer noopener\" href=\"http:\/\/sigillarium.pl\/index.php\/legenda-do-opisu-tloka-pieczetnego\/\" target=\"_blank\">Legenda<\/a>    <\/p>\n<\/div>\n<\/div>\n\n\n\n<hr class=\"wp-block-separator has-css-opacity\"\/>\n\n\n\n<div class=\"wp-block-columns is-layout-flex wp-container-core-columns-is-layout-9d6595d7 wp-block-columns-is-layout-flex\">\n<div class=\"wp-block-column is-layout-flow wp-block-column-is-layout-flow\" style=\"flex-basis:5%\"><\/div>\n\n\n\n<div class=\"wp-block-column is-vertically-aligned-center is-layout-flow wp-block-column-is-layout-flow\" style=\"flex-basis:23%\">\n<figure class=\"wp-block-gallery aligncenter has-nested-images columns-default is-cropped wp-block-gallery-10 is-layout-flex wp-block-gallery-is-layout-flex\">\n<figure class=\"wp-block-image size-full\"><a href=\"https:\/\/sigillarium.pl\/wp-content\/uploads\/2020\/10\/33-Dywizja-Piechoty-tlok.jpg\"><img loading=\"lazy\" decoding=\"async\" width=\"931\" height=\"918\" data-id=\"9376\" src=\"https:\/\/sigillarium.pl\/wp-content\/uploads\/2020\/10\/33-Dywizja-Piechoty-tlok.jpg\" alt=\"\" class=\"wp-image-9376\" srcset=\"https:\/\/sigillarium.pl\/wp-content\/uploads\/2020\/10\/33-Dywizja-Piechoty-tlok.jpg 931w, https:\/\/sigillarium.pl\/wp-content\/uploads\/2020\/10\/33-Dywizja-Piechoty-tlok-300x296.jpg 300w, https:\/\/sigillarium.pl\/wp-content\/uploads\/2020\/10\/33-Dywizja-Piechoty-tlok-768x757.jpg 768w\" sizes=\"auto, (max-width: 931px) 100vw, 931px\" \/><\/a><\/figure>\n<\/figure>\n<\/div>\n\n\n\n<div class=\"wp-block-column is-layout-flow wp-block-column-is-layout-flow\" style=\"flex-basis:1%\"><\/div>\n\n\n\n<div class=\"wp-block-column is-vertically-aligned-center is-layout-flow wp-block-column-is-layout-flow\" style=\"flex-basis:22%\"><div class=\"wp-block-image\">\n<figure class=\"aligncenter size-large is-resized\"><img loading=\"lazy\" decoding=\"async\" width=\"576\" height=\"776\" src=\"https:\/\/sigillarium.pl\/wp-content\/uploads\/2020\/10\/33-Dywizja-Piechoty-uchwyt.jpg\" alt=\"\" class=\"wp-image-9377\" style=\"width:164px;height:169px\" srcset=\"https:\/\/sigillarium.pl\/wp-content\/uploads\/2020\/10\/33-Dywizja-Piechoty-uchwyt.jpg 576w, https:\/\/sigillarium.pl\/wp-content\/uploads\/2020\/10\/33-Dywizja-Piechoty-uchwyt-223x300.jpg 223w\" sizes=\"auto, (max-width: 576px) 100vw, 576px\" \/><\/figure>\n<\/div><\/div>\n\n\n\n<div class=\"wp-block-column is-layout-flow wp-block-column-is-layout-flow\" style=\"flex-basis:1%\"><\/div>\n\n\n\n<div class=\"wp-block-column is-layout-flow wp-block-column-is-layout-flow\" style=\"flex-basis:48%\">\n<style> td {font-size: 11px; color: black; font-family: Arial;} <\/style>\n<table style=\"width: 500px; height: 150px;\">\n\t<tr>\n\t\t<td style=\"background-color: #DDDDDD; width:6%; text-align: center; \"><b>1<\/b><\/td>\n\t\t<td style=\"padding-left: 8px;\">kolekcja prywatna<\/td>\n\t<\/tr>\n\t<tr>\n\t\t<td style=\"background-color: #DDDDDD; text-align: center; \"><b>2<\/b><\/td>\n<td style=\"background-color: #FFFF99; white-space: nowrap; padding-left: 8px;\"><b><big><big> NN <\/big><\/big><br \/><big>33 Dywizja Piechoty<\/big><\/td>\n\t<\/tr>\n\t<tr>\n\t\t<td style=\"background-color: #DDDDDD; text-align: center; \"><b>3a<\/b><\/td>\n\t\t<td style=\"padding-left: 8px;\">mosi\u0105dz<\/td>\n\t<\/tr>\n\t<tr>\n\t\t<td style=\"background-color: #DDDDDD; text-align: center; \"><b>3b<\/b><\/td>\n\t\t<td style=\"padding-left: 8px;\">&#8211;<\/td>\n\t<\/tr>\n\t<tr>\n\t\t<td style=\"background-color: #DDDDDD; text-align: center; \"><b>4<\/b><\/td>\n\t\t<td style=\"padding-left: 8px;\">okr\u0105g\u0142a \u00d8 30 mm<\/td>\n\t<\/tr>\n\t<tr>\n\t\t<td style=\"background-color: #DDDDDD; text-align: center; \"><b>5<\/b><\/td>\n\t\t<td style=\"padding-left: 8px;\">wkl\u0119s\u0142oryty<\/td>\n\t<\/tr>\n\t<tr>\n\t\t<td style=\"background-color: #DDDDDD; text-align: center; \"><b>6<\/b><\/td>\n<td style=\"padding-left: 8px;\">&#8211;<\/td>\n\t<\/tr>\n<tr>\n\t\t<td style=\"background-color: #DDDDDD; text-align: center; \"><b>7<\/b><\/td>\n<td style=\"padding-left: 8px;\">brak, trzpie\u0144 do jego nabicia <\/td>\n\t<\/tr>\n\t<tr>\n\t\t<td style=\"background-color: #DDDDDD; text-align: center; \"><b>7a<\/b><\/td>\n\t\t<td style=\"padding-left: 8px;\"> 36,5 mm<\/td>\n\t<\/tr>\n\t<tr>\n\t\t<td style=\"background-color: #DDDDDD; text-align: center; \"><b>7b<\/b><\/td>\n<td style=\"padding-left: 8px;\"> 31,5 mm<\/td>\n\t<\/tr>\n\t<tr>\n\t\t<td style=\"background-color: #DDDDDD; text-align: center; \"><b>7c<\/b><\/td>\n\t\t<td style=\"padding-left: 8px;\">  5 mm<\/td>\n\t<\/tr>\n\t<tr>\n\t\t<td style=\"background-color: #DDDDDD; text-align: center; \"><b>8<\/b><\/td>\n<td style=\"padding-left: 8px;\">&#8211;<\/td>\n\t<\/tr>\n\t<tr>\n\t\t<td style=\"background-color: #DDDDDD; text-align: center; \"><b>9a<\/b><\/td>\n\t\t<td style=\"padding-left: 8px;\">majusku\u0142a<\/td>\n\t<\/tr>\n\t<tr>\n\t\t<td style=\"background-color: #DDDDDD; text-align: center; \"><b>9b<\/b><\/td>\n<td style=\"padding-left: 8px;\"> <br \/>w otoku:  <b>33 DYWIZJA PIECHOTY 3<br \/><br \/><\/td> \n<\/tr>\n\t<tr>\t\n\t\t<td style=\"background-color: #DDDDDD; text-align: center; \"><b>10<\/b><\/td>\n<td style=\"padding-left: 8px;\"> W polu piecz\u0119ci, oddzielonym od pola legendy obrze\u017ceniem ci\u0105g\u0142ym, wizerunek or\u0142a w koronie, zbli\u017cony wygl\u0105dem do or\u0142a ustalonego dla god\u0142a herbu Rzeczypospolitej Polskiej w grudniu 1927 r. Na zewn\u0105trz, wok\u00f3\u0142 pola legendy, pojedyncze obrze\u017cenie ci\u0105g\u0142e.<td>\n<\/tr>\n\t<tr>\n\t\t<td style=\"background-color: #DDDDDD; text-align: center; \"><b>11<\/b><\/td>\n<td style=\"padding-left: 8px;\">&#8211;<\/td>\n\t<\/tr>\n\t<tr>\n\t\t<td style=\"background-color: #DDDDDD; text-align: center; \"><b>12<\/b><\/td>\n<td style=\"padding-left: 8px;\">T\u0142ok zast\u0119pczy, wykonany prawdopodobnie przez lokalnego grawera na szlaku bojowym dywizji pomi\u0119dzy Stoczkiem a W\u0142odaw\u0105 w 1939 r. Zobacz <a href=\"https:\/\/pl.wikipedia.org\/wiki\/33_Dywizja_Piechoty_(II_RP) \">  33 Dywizja Piechoty<\/a>.<\/td>\n\t<\/tr>\n<\/table>\n\n\n\n<p class=\"has-small-font-size\">  <a rel=\"noreferrer noopener\" href=\"http:\/\/sigillarium.pl\/index.php\/legenda-do-opisu-tloka-pieczetnego\/\" target=\"_blank\">Legenda<\/a>    <\/p>\n<\/div>\n<\/div>\n\n\n\n<hr class=\"wp-block-separator has-alpha-channel-opacity\"\/>\n\n\n\n<div class=\"wp-block-columns is-layout-flex wp-container-core-columns-is-layout-9d6595d7 wp-block-columns-is-layout-flex\">\n<div class=\"wp-block-column is-layout-flow wp-block-column-is-layout-flow\" style=\"flex-basis:5%\"><\/div>\n\n\n\n<div class=\"wp-block-column is-vertically-aligned-center is-layout-flow wp-block-column-is-layout-flow\" style=\"flex-basis:23%\">\n<figure class=\"wp-block-gallery aligncenter has-nested-images columns-default is-cropped wp-block-gallery-11 is-layout-flex wp-block-gallery-is-layout-flex\">\n<figure class=\"wp-block-image size-full\"><a href=\"https:\/\/sigillarium.pl\/wp-content\/uploads\/2022\/08\/Dowodztwo-Zandarmerii-K.O.P-pieczec-seal-petschaft-siegel-sigillarium.jpg.jpg\"><img loading=\"lazy\" decoding=\"async\" width=\"754\" height=\"759\" data-id=\"21569\" src=\"https:\/\/sigillarium.pl\/wp-content\/uploads\/2022\/08\/Dowodztwo-Zandarmerii-K.O.P-pieczec-seal-petschaft-siegel-sigillarium.jpg.jpg\" alt=\"\" class=\"wp-image-21569\" srcset=\"https:\/\/sigillarium.pl\/wp-content\/uploads\/2022\/08\/Dowodztwo-Zandarmerii-K.O.P-pieczec-seal-petschaft-siegel-sigillarium.jpg.jpg 754w, https:\/\/sigillarium.pl\/wp-content\/uploads\/2022\/08\/Dowodztwo-Zandarmerii-K.O.P-pieczec-seal-petschaft-siegel-sigillarium.jpg-298x300.jpg 298w, https:\/\/sigillarium.pl\/wp-content\/uploads\/2022\/08\/Dowodztwo-Zandarmerii-K.O.P-pieczec-seal-petschaft-siegel-sigillarium.jpg-150x150.jpg 150w\" sizes=\"auto, (max-width: 754px) 100vw, 754px\" \/><\/a><\/figure>\n<\/figure>\n<\/div>\n\n\n\n<div class=\"wp-block-column is-layout-flow wp-block-column-is-layout-flow\" style=\"flex-basis:1%\"><\/div>\n\n\n\n<div class=\"wp-block-column is-vertically-aligned-center is-layout-flow wp-block-column-is-layout-flow\" style=\"flex-basis:22%\"><div class=\"wp-block-image\">\n<figure class=\"aligncenter size-full is-resized\"><img loading=\"lazy\" decoding=\"async\" width=\"741\" height=\"858\" src=\"https:\/\/sigillarium.pl\/wp-content\/uploads\/2022\/08\/Dowodztwo-Zandarmerii-K.O.P-uchwyt-pieczec-seal-petschaft-siegel-sigillarium.jpg.jpg\" alt=\"\" class=\"wp-image-21570\" style=\"width:204px;height:236px\" srcset=\"https:\/\/sigillarium.pl\/wp-content\/uploads\/2022\/08\/Dowodztwo-Zandarmerii-K.O.P-uchwyt-pieczec-seal-petschaft-siegel-sigillarium.jpg.jpg 741w, https:\/\/sigillarium.pl\/wp-content\/uploads\/2022\/08\/Dowodztwo-Zandarmerii-K.O.P-uchwyt-pieczec-seal-petschaft-siegel-sigillarium.jpg-259x300.jpg 259w\" sizes=\"auto, (max-width: 741px) 100vw, 741px\" \/><\/figure>\n<\/div><\/div>\n\n\n\n<div class=\"wp-block-column is-layout-flow wp-block-column-is-layout-flow\" style=\"flex-basis:1%\"><\/div>\n\n\n\n<div class=\"wp-block-column is-layout-flow wp-block-column-is-layout-flow\" style=\"flex-basis:48%\">\n<style> td {font-size: 11px; color: black; font-family: Arial;} <\/style>\n<table style=\"width: 500px; height: 150px;\">\n\t<tbody><tr>\n\t\t<td style=\"background-color: #DDDDDD; width:6%; text-align: center; \"><b>1<\/b><\/td>\n\t\t<td style=\"padding-left: 8px;\">kolekcja prywatna<\/td>\n\t<\/tr>\n\t<tr>\n\t\t<td style=\"background-color: #DDDDDD; text-align: center; \"><b>2<\/b><\/td>\n<td style=\"background-color: #FFFF99; white-space: nowrap; padding-left: 8px;\"><b><big><big> <a> NN<\/a> <\/big><\/big><br><big> Dywizjon \u017bandarmerii K.O.P.<\/big><\/b><\/td>\n\t<\/tr>\n\t<tr>\n\t\t<td style=\"background-color: #DDDDDD; text-align: center; \"><b>3a<\/b><\/td>\n\t\t<td style=\"padding-left: 8px;\">mosi\u0105dz<\/td>\n\t<\/tr>\n\t<tr>\n\t\t<td style=\"background-color: #DDDDDD; text-align: center; \"><b>3b<\/b><\/td>\n\t\t<td style=\"padding-left: 8px;\">&#8211;<\/td>\n\t<\/tr>\n\t<tr>\n\t\t<td style=\"background-color: #DDDDDD; text-align: center; \"><b>4<\/b><\/td>\n\t\t<td style=\"padding-left: 8px;\">okr\u0105g\u0142a \u00d8 20 mm<\/td>\n\t<\/tr>\n\t<tr>\n\t\t<td style=\"background-color: #DDDDDD; text-align: center; \"><b>5<\/b><\/td>\n\t\t<td style=\"padding-left: 8px;\">wkl\u0119s\u0142oryty<\/td>\n\t<\/tr>\n\t<tr>\n\t\t<td style=\"background-color: #DDDDDD; text-align: center; \"><b>6<\/b><\/td>\n<td style=\"padding-left: 8px;\">&#8211;<\/td>\n\t<\/tr>\n<tr>\n\t\t<td style=\"background-color: #DDDDDD; text-align: center; \"><b>7<\/b><\/td>\n<td style=\"padding-left: 8px;\">brak uchwytu, trzpie\u0144 do jego zamocowania <\/td>\n\t<\/tr>\n\t<tr>\n\t\t<td style=\"background-color: #DDDDDD; text-align: center; \"><b>7a<\/b><\/td>\n\t\t<td style=\"padding-left: 8px;\"> 23 mm<\/td>\n\t<\/tr>\n\t<tr>\n\t\t<td style=\"background-color: #DDDDDD; text-align: center; \"><b>7b<\/b><\/td>\n<td style=\"padding-left: 8px;\"> 14,5 mm<\/td>\n\t<\/tr>\n\t<tr>\n\t\t<td style=\"background-color: #DDDDDD; text-align: center; \"><b>7c<\/b><\/td>\n\t\t<td style=\"padding-left: 8px;\"> 8,5 mm<\/td>\n\t<\/tr>\n\t<tr>\n\t\t<td style=\"background-color: #DDDDDD; text-align: center; \"><b>8<\/b><\/td>\n<td style=\"padding-left: 8px;\">&#8211;<\/td>\n\t<\/tr>\n\t<tr>\n\t\t<td style=\"background-color: #DDDDDD; text-align: center; \"><b>9a<\/b><\/td>\n\t\t<td style=\"padding-left: 8px;\">majusku\u0142a<\/td>\n\t<\/tr>\n\t<tr>\n\t\t<td style=\"background-color: #DDDDDD; text-align: center; \"><b>9b<\/b><\/td>\n<td style=\"padding-left: 8px;\"> <br>w otoku:  <b> \u2022 DYWIZJON \u017bANDARMERII \u2022 K<i> (orpus).<\/i> O <i> (chrony).<\/i> P<i> (ogranicza). <\/i><\/b><i><br><br><\/i><\/td> \n<\/tr>\n\t<tr>\t\n\t\t<td style=\"background-color: #DDDDDD; text-align: center; \"><b>10<\/b><\/td>\n<td style=\"padding-left: 8px;\"> W polu piecz\u0119ci liczba 78. Na zewn\u0105trz, wok\u00f3\u0142 pola piecz\u0119ci, pojedyncze obrze\u017cenie ci\u0105g\u0142e.<\/td>\n<\/tr>\n\t<tr>\n\t\t<td style=\"background-color: #DDDDDD; text-align: center; \"><b>11<\/b><\/td>\n<td style=\"padding-left: 8px;\">&#8211;<\/td>\n\t<\/tr>\n\t<tr>\n\t\t<td style=\"background-color: #DDDDDD; text-align: center; \"><b>12<\/b><\/td>\n<td style=\"padding-left: 8px;\">&#8211;<\/td>\n\t<\/tr>\n<\/tbody><\/table>\n\n\n\n<p class=\"has-small-font-size\">  <a rel=\"noreferrer noopener\" href=\"http:\/\/sigillarium.pl\/index.php\/legenda-do-opisu-tloka-pieczetnego\/\" target=\"_blank\">Legenda<\/a>    <\/p>\n<\/div>\n<\/div>\n\n\n\n<hr class=\"wp-block-separator has-css-opacity\"\/>\n","protected":false},"excerpt":{"rendered":"<p>T\u0142oki zaprezentowano w kolejno\u015bci alfabetycznej wzgl\u0119dem nazwy miejscowo\u015bci przywo\u0142anej w legendzie t\u0142oka lub odtworzonej ze \u017ar\u00f3de\u0142 historycznych. 1 kolekcja prywatna 2 BYDGOSZCZWojskowy S\u0105d Rejonowy 3a mosi\u0105dz 3b drewno 4 okr\u0105g\u0142a&hellip; <\/p>\n","protected":false},"author":1,"featured_media":0,"parent":0,"menu_order":0,"comment_status":"closed","ping_status":"closed","template":"","meta":{"footnotes":""},"class_list":["post-885","page","type-page","status-publish","hentry"],"_links":{"self":[{"href":"https:\/\/sigillarium.pl\/index.php\/wp-json\/wp\/v2\/pages\/885","targetHints":{"allow":["GET"]}}],"collection":[{"href":"https:\/\/sigillarium.pl\/index.php\/wp-json\/wp\/v2\/pages"}],"about":[{"href":"https:\/\/sigillarium.pl\/index.php\/wp-json\/wp\/v2\/types\/page"}],"author":[{"embeddable":true,"href":"https:\/\/sigillarium.pl\/index.php\/wp-json\/wp\/v2\/users\/1"}],"replies":[{"embeddable":true,"href":"https:\/\/sigillarium.pl\/index.php\/wp-json\/wp\/v2\/comments?post=885"}],"version-history":[{"count":35,"href":"https:\/\/sigillarium.pl\/index.php\/wp-json\/wp\/v2\/pages\/885\/revisions"}],"predecessor-version":[{"id":35109,"href":"https:\/\/sigillarium.pl\/index.php\/wp-json\/wp\/v2\/pages\/885\/revisions\/35109"}],"wp:attachment":[{"href":"https:\/\/sigillarium.pl\/index.php\/wp-json\/wp\/v2\/media?parent=885"}],"curies":[{"name":"wp","href":"https:\/\/api.w.org\/{rel}","templated":true}]}}