{"id":929,"date":"2020-02-22T17:08:04","date_gmt":"2020-02-22T16:08:04","guid":{"rendered":"http:\/\/sigillarium.pl\/?page_id=929"},"modified":"2025-10-12T16:08:29","modified_gmt":"2025-10-12T14:08:29","slug":"pieczecie-europejskie-pieczecie-koscielne","status":"publish","type":"page","link":"https:\/\/sigillarium.pl\/index.php\/pieczecie-europejskie-pieczecie-koscielne\/","title":{"rendered":"Piecz\u0119cie europejskie \/ Piecz\u0119cie ko\u015bcielne"},"content":{"rendered":"\n<hr class=\"wp-block-separator has-css-opacity\"\/>\n\n\n\n<p>T\u0142oki zaprezentowano w kolejno\u015bci alfabetycznej wzgl\u0119dem nazwy miejscowo\u015bci przywo\u0142anej w legendzie t\u0142oka lub odtworzonej ze \u017ar\u00f3de\u0142 historycznych.<\/p>\n\n\n\n<hr class=\"wp-block-separator has-css-opacity\"\/>\n\n\n\n<div class=\"wp-block-columns is-layout-flex wp-container-core-columns-is-layout-9d6595d7 wp-block-columns-is-layout-flex\">\n<div class=\"wp-block-column is-layout-flow wp-block-column-is-layout-flow\" style=\"flex-basis:5%\"><\/div>\n\n\n\n<div class=\"wp-block-column is-vertically-aligned-center is-layout-flow wp-block-column-is-layout-flow\" style=\"flex-basis:23%\">\n<figure class=\"wp-block-gallery aligncenter has-nested-images columns-default is-cropped wp-block-gallery-1 is-layout-flex wp-block-gallery-is-layout-flex\">\n<figure class=\"wp-block-image size-large is-style-default\"><a href=\"https:\/\/sigillarium.pl\/wp-content\/uploads\/2022\/07\/Bagnoregio-Klasztor-franciszkanow-pieczec-seal-petschaft-siegel-sceau-cachet-sigillarium.jpg\"><img loading=\"lazy\" decoding=\"async\" width=\"869\" height=\"1024\" data-id=\"21332\" src=\"https:\/\/sigillarium.pl\/wp-content\/uploads\/2022\/07\/Bagnoregio-Klasztor-franciszkanow-pieczec-seal-petschaft-siegel-sceau-cachet-sigillarium-869x1024.jpg\" alt=\"\" class=\"wp-image-21332\" srcset=\"https:\/\/sigillarium.pl\/wp-content\/uploads\/2022\/07\/Bagnoregio-Klasztor-franciszkanow-pieczec-seal-petschaft-siegel-sceau-cachet-sigillarium-869x1024.jpg 869w, https:\/\/sigillarium.pl\/wp-content\/uploads\/2022\/07\/Bagnoregio-Klasztor-franciszkanow-pieczec-seal-petschaft-siegel-sceau-cachet-sigillarium-255x300.jpg 255w, https:\/\/sigillarium.pl\/wp-content\/uploads\/2022\/07\/Bagnoregio-Klasztor-franciszkanow-pieczec-seal-petschaft-siegel-sceau-cachet-sigillarium-768x905.jpg 768w, https:\/\/sigillarium.pl\/wp-content\/uploads\/2022\/07\/Bagnoregio-Klasztor-franciszkanow-pieczec-seal-petschaft-siegel-sceau-cachet-sigillarium.jpg 907w\" sizes=\"auto, (max-width: 869px) 100vw, 869px\" \/><\/a><\/figure>\n<\/figure>\n<\/div>\n\n\n\n<div class=\"wp-block-column is-layout-flow wp-block-column-is-layout-flow\" style=\"flex-basis:1%\"><\/div>\n\n\n\n<div class=\"wp-block-column is-vertically-aligned-center is-layout-flow wp-block-column-is-layout-flow\" style=\"flex-basis:22%\"><div class=\"wp-block-image\">\n<figure class=\"aligncenter size-full is-resized\"><img loading=\"lazy\" decoding=\"async\" width=\"434\" height=\"961\" src=\"https:\/\/sigillarium.pl\/wp-content\/uploads\/2022\/07\/Bagnoregio-Klasztor-franciszkanow-pieczec-uchwyt-seal-petschaft-siegel-sceau-cachet-sigillarium.jpg\" alt=\"\" class=\"wp-image-21333\" style=\"width:150px;height:332px\" srcset=\"https:\/\/sigillarium.pl\/wp-content\/uploads\/2022\/07\/Bagnoregio-Klasztor-franciszkanow-pieczec-uchwyt-seal-petschaft-siegel-sceau-cachet-sigillarium.jpg 434w, https:\/\/sigillarium.pl\/wp-content\/uploads\/2022\/07\/Bagnoregio-Klasztor-franciszkanow-pieczec-uchwyt-seal-petschaft-siegel-sceau-cachet-sigillarium-135x300.jpg 135w\" sizes=\"auto, (max-width: 434px) 100vw, 434px\" \/><\/figure>\n<\/div><\/div>\n\n\n\n<div class=\"wp-block-column is-layout-flow wp-block-column-is-layout-flow\" style=\"flex-basis:1%\"><\/div>\n\n\n\n<div class=\"wp-block-column is-layout-flow wp-block-column-is-layout-flow\" style=\"flex-basis:48%\">\n<style> td {font-size: 11px; color: black; font-family: Arial;} <\/style>\n<table style=\"width: 500px; height: 150px;\">\n\t<tr>\n\t\t<td style=\"background-color: #DDDDDD; width:6%; text-align: center; \"><b>1<\/b><\/td>\n\t\t<td style=\"padding-left: 8px;\">kolekcja prywatna<\/td>\n\t<\/tr>\n\t<tr>\n\t\t<td style=\"background-color: #DDDDDD; text-align: center; \"><b>2<\/b><\/td>\n<td style=\"background-color: #FFFF99; white-space: nowrap; padding-left: 8px;\"><b><big><big> <a href=\"https:\/\/en.wikipedia.org\/wiki\/Bagnoregio \"> BAGNOREGIO [W\u0141OCHY] <\/a> <\/big><\/big><br \/><big> Klasztor Zakonu Franciszkan\u00f3w <\/big><\/td>\n\t<\/tr>\n\t<tr>\n\t\t<td style=\"background-color: #DDDDDD; text-align: center; \"><b>3a<\/b><\/td>\n\t\t<td style=\"padding-left: 8px;\">mosi\u0105dz<\/td>\n\t<\/tr>\n\t<tr>\n\t\t<td style=\"background-color: #DDDDDD; text-align: center; \"><b>3b<\/b><\/td>\n\t\t<td style=\"padding-left: 8px;\">drewno<\/td>\n\t<\/tr>\n\t<tr>\n\t\t<td style=\"background-color: #DDDDDD; text-align: center; \"><b>4<\/b><\/td>\n\t\t<td style=\"padding-left: 8px;\">owalna 30 x 25 mm<\/td>\n\t<\/tr>\n\t<tr>\n\t\t<td style=\"background-color: #DDDDDD; text-align: center; \"><b>5<\/b><\/td>\n\t\t<td style=\"padding-left: 8px;\">wkl\u0119s\u0142oryty<\/td>\n\t<\/tr>\n\t<tr>\n\t\t<td style=\"background-color: #DDDDDD; text-align: center; \"><b>6<\/b><\/td>\n<td style=\"padding-left: 8px;\">&#8211;<\/td>\n\t<\/tr>\n<tr>\n\t\t<td style=\"background-color: #DDDDDD; text-align: center; \"><b>7<\/b><\/td>\n<td style=\"padding-left: 8px;\">uchwyt toczony o sp\u0142aszczonej ga\u0142ce <\/td>\n\t<\/tr>\n\t<tr>\n\t\t<td style=\"background-color: #DDDDDD; text-align: center; \"><b>7a<\/b><\/td>\n\t\t<td style=\"padding-left: 8px;\"> 79 mm<\/td>\n\t<\/tr>\n\t<tr>\n\t\t<td style=\"background-color: #DDDDDD; text-align: center; \"><b>7b<\/b><\/td>\n<td style=\"padding-left: 8px;\"> 76 mm, w tym skuwka 19 mm (\u00d8 16,5 mm)<\/td>\n\t<\/tr>\n\t<tr>\n\t\t<td style=\"background-color: #DDDDDD; text-align: center; \"><b>7c<\/b><\/td>\n\t\t<td style=\"padding-left: 8px;\"> 3 mm<\/td>\n\t<\/tr>\n\t<tr>\n\t\t<td style=\"background-color: #DDDDDD; text-align: center; \"><b>8<\/b><\/td>\n<td style=\"padding-left: 8px;\">&#8211;<\/td>\n\t<\/tr>\n\t<tr>\n\t\t<td style=\"background-color: #DDDDDD; text-align: center; \"><b>9a<\/b><\/td>\n\t\t<td style=\"padding-left: 8px;\">majusku\u0142a<\/td>\n\t<\/tr>\n\t<tr>\n\t\t<td style=\"background-color: #DDDDDD; text-align: center; \"><b>9b<\/b><\/td>\n<td style=\"padding-left: 8px;\"> <br \/>w otoku:  <b> \u2022 SIG <i>(illum)<\/i>  \u2022 CON <i>(ventus)<\/i>  \u2022 S <i>(ancti)<\/i> \u2022  FRANCISCI \u2022 BALNEOREGIO <\/b><br \/> <br \/><\/td> \n<\/tr>\n\t<tr>\t\n\t\t<td style=\"background-color: #DDDDDD; text-align: center; \"><b>10<\/b><\/td>\n<td style=\"padding-left: 8px;\"> W polu piecz\u0119ci, oddzielonym od pola legendy pojedynczym obrze\u017ceniem sznurowym, na kamieniach, kl\u0119cz\u0105ca posta\u0107 \u015bw. Franciszka z r\u0119koma z\u0142o\u017conymi do modlitwy i aureol\u0105 ponad g\u0142ow\u0105. Na zewn\u0105trz, wok\u00f3\u0142 pola legendy, potr\u00f3jne obrze\u017cenie; ci\u0105g\u0142e, pere\u0142kowe, ci\u0105g\u0142e.<\/td>\n<\/tr>\n\t<tr>\n\t\t<td style=\"background-color: #DDDDDD; text-align: center; \"><b>11<\/b><\/td>\n<td style=\"padding-left: 8px;\">&#8211;<\/td>\n\t<\/tr>\n\t<tr>\n\t\t<td style=\"background-color: #DDDDDD; text-align: center; \"><b>12<\/b><\/td>\n<td style=\"padding-left: 8px;\">Zobacz dodatkowo: <a href=\" https:\/\/www.franciszkanie.pl\/artykuly\/sw-bonawentura-z-bagnoregio \"> \u015bw. Bonawentura z Bagnoregio <\/a> <\/td>\n\t<\/tr>\n<\/table>\n<\/div>\n<\/div>\n\n\n\n<hr class=\"wp-block-separator has-alpha-channel-opacity\"\/>\n\n\n\n<div class=\"wp-block-columns is-layout-flex wp-container-core-columns-is-layout-9d6595d7 wp-block-columns-is-layout-flex\">\n<div class=\"wp-block-column is-layout-flow wp-block-column-is-layout-flow\" style=\"flex-basis:5%\"><\/div>\n\n\n\n<div class=\"wp-block-column is-vertically-aligned-center is-layout-flow wp-block-column-is-layout-flow\" style=\"flex-basis:23%\">\n<figure class=\"wp-block-gallery aligncenter has-nested-images columns-default is-cropped wp-block-gallery-2 is-layout-flex wp-block-gallery-is-layout-flex\">\n<figure class=\"wp-block-image size-full is-style-default\"><a href=\"https:\/\/sigillarium.pl\/wp-content\/uploads\/2022\/02\/Bristvi-Krechor-Czechy-Kosciol-parafialny-pieczec-seal-petschaft-siegel-sceau-sigillo.jpg\"><img loading=\"lazy\" decoding=\"async\" width=\"953\" height=\"990\" data-id=\"19245\" src=\"https:\/\/sigillarium.pl\/wp-content\/uploads\/2022\/02\/Bristvi-Krechor-Czechy-Kosciol-parafialny-pieczec-seal-petschaft-siegel-sceau-sigillo.jpg\" alt=\"\" class=\"wp-image-19245\" srcset=\"https:\/\/sigillarium.pl\/wp-content\/uploads\/2022\/02\/Bristvi-Krechor-Czechy-Kosciol-parafialny-pieczec-seal-petschaft-siegel-sceau-sigillo.jpg 953w, https:\/\/sigillarium.pl\/wp-content\/uploads\/2022\/02\/Bristvi-Krechor-Czechy-Kosciol-parafialny-pieczec-seal-petschaft-siegel-sceau-sigillo-289x300.jpg 289w, https:\/\/sigillarium.pl\/wp-content\/uploads\/2022\/02\/Bristvi-Krechor-Czechy-Kosciol-parafialny-pieczec-seal-petschaft-siegel-sceau-sigillo-768x798.jpg 768w\" sizes=\"auto, (max-width: 953px) 100vw, 953px\" \/><\/a><\/figure>\n<\/figure>\n<\/div>\n\n\n\n<div class=\"wp-block-column is-layout-flow wp-block-column-is-layout-flow\" style=\"flex-basis:1%\"><\/div>\n\n\n\n<div class=\"wp-block-column is-vertically-aligned-center is-layout-flow wp-block-column-is-layout-flow\" style=\"flex-basis:22%\"><div class=\"wp-block-image\">\n<figure class=\"aligncenter size-full is-resized\"><img loading=\"lazy\" decoding=\"async\" width=\"381\" height=\"804\" src=\"https:\/\/sigillarium.pl\/wp-content\/uploads\/2022\/02\/Bristvi-Krechor-Czechy-Kosciol-parafialny-pieczec-uchwyt-seal-petschaft-siegel-sceau.jpg\" alt=\"\" class=\"wp-image-19246\" style=\"width:165px;height:348px\" srcset=\"https:\/\/sigillarium.pl\/wp-content\/uploads\/2022\/02\/Bristvi-Krechor-Czechy-Kosciol-parafialny-pieczec-uchwyt-seal-petschaft-siegel-sceau.jpg 381w, https:\/\/sigillarium.pl\/wp-content\/uploads\/2022\/02\/Bristvi-Krechor-Czechy-Kosciol-parafialny-pieczec-uchwyt-seal-petschaft-siegel-sceau-142x300.jpg 142w\" sizes=\"auto, (max-width: 381px) 100vw, 381px\" \/><\/figure>\n<\/div><\/div>\n\n\n\n<div class=\"wp-block-column is-layout-flow wp-block-column-is-layout-flow\" style=\"flex-basis:1%\"><\/div>\n\n\n\n<div class=\"wp-block-column is-layout-flow wp-block-column-is-layout-flow\" style=\"flex-basis:48%\">\n<style> td {font-size: 11px; color: black; font-family: Arial;} <\/style>\n<table style=\"width: 500px; height: 150px;\">\n\t<tbody><tr>\n\t\t<td style=\"background-color: #DDDDDD; width:6%; text-align: center; \"><b>1<\/b><\/td>\n\t\t<td style=\"padding-left: 8px;\">kolekcja prywatna<\/td>\n\t<\/tr>\n\t<tr>\n\t\t<td style=\"background-color: #DDDDDD; text-align: center; \"><b>2<\/b><\/td>\n<td style=\"background-color: #FFFF99; white-space: nowrap; padding-left: 8px;\"><b><big><big> <a href=\" https:\/\/de.wikipedia.org\/wiki\/B%C5%99%C3%ADstv%C3%AD_(K%C5%99e%C4%8Dho%C5%99)\"> B\u0158\u013aSTV\u013a (K\u0158E\u010cHO\u0158) [CZECHY] <\/a> <\/big><\/big><br><big> Ko\u015bci\u00f3\u0142 parafialny <\/big><\/b><\/td>\n\t<\/tr>\n\t<tr>\n\t\t<td style=\"background-color: #DDDDDD; text-align: center; \"><b>3a<\/b><\/td>\n\t\t<td style=\"padding-left: 8px;\">mosi\u0105dz<\/td>\n\t<\/tr>\n\t<tr>\n\t\t<td style=\"background-color: #DDDDDD; text-align: center; \"><b>3b<\/b><\/td>\n\t\t<td style=\"padding-left: 8px;\">mosi\u0105dz<\/td>\n\t<\/tr>\n\t<tr>\n\t\t<td style=\"background-color: #DDDDDD; text-align: center; \"><b>4<\/b><\/td>\n\t\t<td style=\"padding-left: 8px;\">owalna 30,5 x 29 mm<\/td>\n\t<\/tr>\n\t<tr>\n\t\t<td style=\"background-color: #DDDDDD; text-align: center; \"><b>5<\/b><\/td>\n\t\t<td style=\"padding-left: 8px;\">wkl\u0119s\u0142oryty<\/td>\n\t<\/tr>\n\t<tr>\n\t\t<td style=\"background-color: #DDDDDD; text-align: center; \"><b>6<\/b><\/td>\n<td style=\"padding-left: 8px;\">&#8211;<\/td>\n\t<\/tr>\n<tr>\n\t\t<td style=\"background-color: #DDDDDD; text-align: center; \"><b>7<\/b><\/td>\n<td style=\"padding-left: 8px;\">uchwyt w formie prostopad\u0142o\u015bcianu o o\u015bmiok\u0105tnej podstawie <\/td>\n\t<\/tr>\n\t<tr>\n\t\t<td style=\"background-color: #DDDDDD; text-align: center; \"><b>7a<\/b><\/td>\n\t\t<td style=\"padding-left: 8px;\"> 58 mm<\/td>\n\t<\/tr>\n\t<tr>\n\t\t<td style=\"background-color: #DDDDDD; text-align: center; \"><b>7b<\/b><\/td>\n<td style=\"padding-left: 8px;\"> 55 mm, w tym stopka 7 mm, stanowi\u0105ca z matryc\u0105 jedn\u0105 ca\u0142o\u015b\u0107 <\/td>\n\t<\/tr>\n\t<tr>\n\t\t<td style=\"background-color: #DDDDDD; text-align: center; \"><b>7c<\/b><\/td>\n\t\t<td style=\"padding-left: 8px;\"> 3 mm<\/td>\n\t<\/tr>\n\t<tr>\n\t\t<td style=\"background-color: #DDDDDD; text-align: center; \"><b>8<\/b><\/td>\n<td style=\"padding-left: 8px;\">&#8211;<\/td>\n\t<\/tr>\n\t<tr>\n\t\t<td style=\"background-color: #DDDDDD; text-align: center; \"><b>9a<\/b><\/td>\n\t\t<td style=\"padding-left: 8px;\">majusku\u0142a<\/td>\n\t<\/tr>\n\t<tr>\n\t\t<td style=\"background-color: #DDDDDD; text-align: center; \"><b>9b<\/b><\/td>\n<td style=\"padding-left: 8px;\"> <br>w otoku:  <b> * SIGILLUM  PAROCHIALIS ECCLES <i>(iae) <\/i>: B\u0158ISTWENSIS<\/b><br>w polu: <b> S (ancte): CRUCIS  SUBTITULO  INVENTIONIS <br><br><\/b><\/td> \n<\/tr>\n\t<tr>\t\n\t\t<td style=\"background-color: #DDDDDD; text-align: center; \"><b>10<\/b><\/td>\n<td style=\"padding-left: 8px;\"> W polu piecz\u0119ci, oddzielonym od pola legendy pojedynczym obrze\u017ceniem ci\u0105g\u0142ym, krzy\u017c bez pasji otoczony promienist\u0105 glori\u0105. Wok\u00f3\u0142 glorii napis. Na zewn\u0105trz, wok\u00f3\u0142 pola legendy, pojedyncze obrze\u017cenie wie\u0144cowe<\/td>\n<\/tr>\n\t<tr>\n\t\t<td style=\"background-color: #DDDDDD; text-align: center; \"><b>11<\/b><\/td>\n<td style=\"padding-left: 8px;\">&#8211;<\/td>\n\t<\/tr>\n\t<tr>\n\t\t<td style=\"background-color: #DDDDDD; text-align: center; \"><b>12<\/b><\/td>\n<td style=\"padding-left: 8px;\"> Podczas wojny siedmioletniej 18 czerwca 1757 r. na wzg\u00f3rzach mi\u0119dzy Pla\u0148anami, Chocenicami i K\u0159e\u010dho\u0159em w bitwie pod Kolinem spotka\u0142y si\u0119 wojska pruskie i austriackie. B\u0159\u00edstv\u00ed znajdowa\u0142o si\u0119 w centrum pola bitwy. Kr\u00f3l Fryderyk II dowodzi\u0142 armi\u0105 prusk\u0105 na obrze\u017cach pola bitwy ze wzg\u00f3rza Novovesk\u00fd vrch, kt\u00f3re po bitwie zosta\u0142o nazwane Bed\u0159ichov (Wzg\u00f3rze Kr\u00f3la Fryderyka).<\/td>\n\t<\/tr>\n<\/tbody><\/table>\n<\/div>\n<\/div>\n\n\n\n<hr class=\"wp-block-separator has-alpha-channel-opacity\"\/>\n\n\n\n<div class=\"wp-block-columns is-layout-flex wp-container-core-columns-is-layout-9d6595d7 wp-block-columns-is-layout-flex\">\n<div class=\"wp-block-column is-layout-flow wp-block-column-is-layout-flow\" style=\"flex-basis:5%\"><\/div>\n\n\n\n<div class=\"wp-block-column is-vertically-aligned-center is-layout-flow wp-block-column-is-layout-flow\" style=\"flex-basis:23%\">\n<figure class=\"wp-block-gallery aligncenter has-nested-images columns-default is-cropped wp-block-gallery-3 is-layout-flex wp-block-gallery-is-layout-flex\">\n<figure class=\"wp-block-image size-full is-style-default\"><a href=\"https:\/\/sigillarium.pl\/wp-content\/uploads\/2024\/04\/Bruckenau-Niemcy-Pieczec-kapituly-wiejskiej-S.-Kilian-seal-petschaft-siegel-sceau-cachet-sigillarium.jpg\"><img loading=\"lazy\" decoding=\"async\" width=\"797\" height=\"903\" data-id=\"31063\" src=\"https:\/\/sigillarium.pl\/wp-content\/uploads\/2024\/04\/Bruckenau-Niemcy-Pieczec-kapituly-wiejskiej-S.-Kilian-seal-petschaft-siegel-sceau-cachet-sigillarium.jpg\" alt=\"\" class=\"wp-image-31063\" srcset=\"https:\/\/sigillarium.pl\/wp-content\/uploads\/2024\/04\/Bruckenau-Niemcy-Pieczec-kapituly-wiejskiej-S.-Kilian-seal-petschaft-siegel-sceau-cachet-sigillarium.jpg 797w, https:\/\/sigillarium.pl\/wp-content\/uploads\/2024\/04\/Bruckenau-Niemcy-Pieczec-kapituly-wiejskiej-S.-Kilian-seal-petschaft-siegel-sceau-cachet-sigillarium-265x300.jpg 265w, https:\/\/sigillarium.pl\/wp-content\/uploads\/2024\/04\/Bruckenau-Niemcy-Pieczec-kapituly-wiejskiej-S.-Kilian-seal-petschaft-siegel-sceau-cachet-sigillarium-768x870.jpg 768w\" sizes=\"auto, (max-width: 797px) 100vw, 797px\" \/><\/a><\/figure>\n<\/figure>\n<\/div>\n\n\n\n<div class=\"wp-block-column is-layout-flow wp-block-column-is-layout-flow\" style=\"flex-basis:1%\"><\/div>\n\n\n\n<div class=\"wp-block-column is-vertically-aligned-center is-layout-flow wp-block-column-is-layout-flow\" style=\"flex-basis:22%\"><div class=\"wp-block-image\">\n<figure class=\"aligncenter size-full is-resized\"><img loading=\"lazy\" decoding=\"async\" width=\"383\" height=\"1007\" src=\"https:\/\/sigillarium.pl\/wp-content\/uploads\/2024\/04\/Bruckenau-Niemcy-Pieczec-kapituly-wiejskiej-S.-Kilian-uchwyt-seal-petschaft-siegel-sceau-cachet-sigillarium.jpg\" alt=\"\" class=\"wp-image-31064\" style=\"width:141px;height:auto\" srcset=\"https:\/\/sigillarium.pl\/wp-content\/uploads\/2024\/04\/Bruckenau-Niemcy-Pieczec-kapituly-wiejskiej-S.-Kilian-uchwyt-seal-petschaft-siegel-sceau-cachet-sigillarium.jpg 383w, https:\/\/sigillarium.pl\/wp-content\/uploads\/2024\/04\/Bruckenau-Niemcy-Pieczec-kapituly-wiejskiej-S.-Kilian-uchwyt-seal-petschaft-siegel-sceau-cachet-sigillarium-114x300.jpg 114w\" sizes=\"auto, (max-width: 383px) 100vw, 383px\" \/><\/figure>\n<\/div><\/div>\n\n\n\n<div class=\"wp-block-column is-layout-flow wp-block-column-is-layout-flow\" style=\"flex-basis:1%\"><\/div>\n\n\n\n<div class=\"wp-block-column is-layout-flow wp-block-column-is-layout-flow\" style=\"flex-basis:48%\">\n<style> td {font-size: 11px; color: black; font-family: Arial;} <\/style>\n<table style=\"width: 500px; height: 150px;\">\n\t<tr>\n\t\t<td style=\"background-color: #DDDDDD; width:6%; text-align: center; \"><b>1<\/b><\/td>\n\t\t<td style=\"padding-left: 8px;\">kolekcja prywatna<\/td>\n\t<\/tr>\n\t<tr>\n\t\t<td style=\"background-color: #DDDDDD; text-align: center; \"><b>2<\/b><\/td>\n<td style=\"background-color: #FFFF99; white-space: nowrap; padding-left: 8px;\"><b><big><big> <a href=\" https:\/\/de.wikipedia.org\/wiki\/Bad_Br%C3%BCckenau#Bildung\"> BR\u00dcCKENAU [NIEMCY]<a> <\/big><\/big><br \/><big> Kapitu\u0142a wiejska katolicka<\/big><br \/ ><\/td>\n\t<\/tr>\n\t<tr>\n\t\t<td style=\"background-color: #DDDDDD; text-align: center; \"><b>3a<\/b><\/td>\n\t\t<td style=\"padding-left: 8px;\">mosi\u0105dz<\/td>\n\t<\/tr>\n\t<tr>\n\t\t<td style=\"background-color: #DDDDDD; text-align: center; \"><b>3b<\/b><\/td>\n\t\t<td style=\"padding-left: 8px;\">stal<\/td>\n\t<\/tr>\n\t<tr>\n\t\t<td style=\"background-color: #DDDDDD; text-align: center; \"><b>4<\/b><\/td>\n\t\t<td style=\"padding-left: 8px;\">owalna 37 x 32 mm<\/td>\n\t<\/tr>\n\t<tr>\n\t\t<td style=\"background-color: #DDDDDD; text-align: center; \"><b>5<\/b><\/td>\n\t\t<td style=\"padding-left: 8px;\">wkl\u0119s\u0142oryty<\/td>\n\t<\/tr>\n\t<tr>\n\t\t<td style=\"background-color: #DDDDDD; text-align: center; \"><b>6<\/b><\/td>\n<td style=\"padding-left: 8px;\">&#8211;<\/td>\n\t<\/tr>\n<tr>\n\t\t<td style=\"background-color: #DDDDDD; text-align: center; \"><b>7<\/b><\/td>\n<td style=\"padding-left: 8px;\">uchwyt o formie graniastos\u0142upa o o\u015bmiok\u0105tnej podstawie <\/td>\n\t<\/tr>\n\t<tr>\n\t\t<td style=\"background-color: #DDDDDD; text-align: center; \"><b>7a<\/b><\/td>\n\t\t<td style=\"padding-left: 8px;\"> 94 mm<\/td>\n\t<\/tr>\n\t<tr>\n\t\t<td style=\"background-color: #DDDDDD; text-align: center; \"><b>7b<\/b><\/td>\n<td style=\"padding-left: 8px;\">90 mm, w tym stopka 22 mm <\/td>\n\t<\/tr>\n\t<tr>\n\t\t<td style=\"background-color: #DDDDDD; text-align: center; \"><b>7c<\/b><\/td>\n\t\t<td style=\"padding-left: 8px;\"> 4 mm<\/td>\n\t<\/tr>\n\t<tr>\n\t\t<td style=\"background-color: #DDDDDD; text-align: center; \"><b>8<\/b><\/td>\n<td style=\"padding-left: 8px;\">&#8211;<\/td>\n\t<\/tr>\n\t<tr>\n\t\t<td style=\"background-color: #DDDDDD; text-align: center; \"><b>9a<\/b><\/td>\n\t\t<td style=\"padding-left: 8px;\">majusku\u0142a<\/td>\n\t<\/tr>\n\t<tr>\n\t\t<td style=\"background-color: #DDDDDD; text-align: center; \"><b>9b<\/b><\/td>\n<td style=\"padding-left: 8px;\"> <br \/>w otoku:  <b> SIGIL <i>(lum)<\/i>. CAPITULI RURAL <i>(is)<\/i>. CATHOL <i>(icae)<\/i>. BR\u00dcCKENAU. <\/b><br \/> w polu: <b> S <i>(aint)<\/i>. KILIAN. <\/b><br \/> <br \/><\/td> \n<\/tr>\n\t<tr>\t\n\t\t<td style=\"background-color: #DDDDDD; text-align: center; \"><b>10<\/b><\/td>\n<td style=\"padding-left: 8px;\"> W polu piecz\u0119ci na murawie posta\u0107 \u015bw. Kiliana w stroju pontyfikalnym, z infu\u0142\u0105 na g\u0142owie, pastora\u0142em w prawej r\u0119ce i palm\u0105 m\u0119cze\u0144stwa w lewej. Poni\u017cej wizerunku napiecz\u0119tnego napis. Na zewn\u0105trz, wok\u00f3\u0142 pola piecz\u0119ci, pojedyncze obrze\u017cenie ci\u0105g\u0142e.<\/td>\n<\/tr>\n\t<tr>\n\t\t<td style=\"background-color: #DDDDDD; text-align: center; \"><b>11<\/b><\/td>\n<td style=\"padding-left: 8px;\">&#8211;<\/td>\n\t<\/tr>\n\t<tr>\n\t\t<td style=\"background-color: #DDDDDD; text-align: center; \"><b>12<\/b><\/td>\n<td style=\"padding-left: 8px;\">&#8211; <\/td>\n\t<\/tr>\n<\/table>\n<\/div>\n<\/div>\n\n\n\n<hr class=\"wp-block-separator has-alpha-channel-opacity\"\/>\n\n\n\n<div class=\"wp-block-columns is-layout-flex wp-container-core-columns-is-layout-9d6595d7 wp-block-columns-is-layout-flex\">\n<div class=\"wp-block-column is-layout-flow wp-block-column-is-layout-flow\" style=\"flex-basis:5%\"><\/div>\n\n\n\n<div class=\"wp-block-column is-vertically-aligned-center is-layout-flow wp-block-column-is-layout-flow\" style=\"flex-basis:23%\">\n<figure class=\"wp-block-gallery aligncenter has-nested-images columns-default is-cropped wp-block-gallery-4 is-layout-flex wp-block-gallery-is-layout-flex\">\n<figure class=\"wp-block-image size-large\"><a href=\"https:\/\/sigillarium.pl\/wp-content\/uploads\/2022\/05\/Bystre-Kosciol-parafialny-sw.-Jana-Chrzciciela-pieczec-seal-petschaft-siegel-sceau-sigillarium.jpg\"><img loading=\"lazy\" decoding=\"async\" width=\"1024\" height=\"1024\" data-id=\"20785\" src=\"https:\/\/sigillarium.pl\/wp-content\/uploads\/2022\/05\/Bystre-Kosciol-parafialny-sw.-Jana-Chrzciciela-pieczec-seal-petschaft-siegel-sceau-sigillarium-1024x1024.jpg\" alt=\"\" class=\"wp-image-20785\" srcset=\"https:\/\/sigillarium.pl\/wp-content\/uploads\/2022\/05\/Bystre-Kosciol-parafialny-sw.-Jana-Chrzciciela-pieczec-seal-petschaft-siegel-sceau-sigillarium-1024x1024.jpg 1024w, https:\/\/sigillarium.pl\/wp-content\/uploads\/2022\/05\/Bystre-Kosciol-parafialny-sw.-Jana-Chrzciciela-pieczec-seal-petschaft-siegel-sceau-sigillarium-300x300.jpg 300w, https:\/\/sigillarium.pl\/wp-content\/uploads\/2022\/05\/Bystre-Kosciol-parafialny-sw.-Jana-Chrzciciela-pieczec-seal-petschaft-siegel-sceau-sigillarium-150x150.jpg 150w, https:\/\/sigillarium.pl\/wp-content\/uploads\/2022\/05\/Bystre-Kosciol-parafialny-sw.-Jana-Chrzciciela-pieczec-seal-petschaft-siegel-sceau-sigillarium-768x767.jpg 768w, https:\/\/sigillarium.pl\/wp-content\/uploads\/2022\/05\/Bystre-Kosciol-parafialny-sw.-Jana-Chrzciciela-pieczec-seal-petschaft-siegel-sceau-sigillarium.jpg 1062w\" sizes=\"auto, (max-width: 1024px) 100vw, 1024px\" \/><\/a><\/figure>\n<\/figure>\n\n\n<div class=\"wp-block-image\">\n<figure class=\"aligncenter size-medium is-resized\"><a href=\"https:\/\/sigillarium.pl\/wp-content\/uploads\/2022\/05\/DSC_2712.jpg\"><img loading=\"lazy\" decoding=\"async\" width=\"300\" height=\"176\" src=\"https:\/\/sigillarium.pl\/wp-content\/uploads\/2022\/05\/DSC_2712-300x176.jpg\" alt=\"\" class=\"wp-image-20787\" style=\"width:154px;height:90px\" srcset=\"https:\/\/sigillarium.pl\/wp-content\/uploads\/2022\/05\/DSC_2712-300x176.jpg 300w, https:\/\/sigillarium.pl\/wp-content\/uploads\/2022\/05\/DSC_2712-768x451.jpg 768w, https:\/\/sigillarium.pl\/wp-content\/uploads\/2022\/05\/DSC_2712.jpg 775w\" sizes=\"auto, (max-width: 300px) 100vw, 300px\" \/><\/a><\/figure>\n<\/div><\/div>\n\n\n\n<div class=\"wp-block-column is-layout-flow wp-block-column-is-layout-flow\" style=\"flex-basis:1%\"><\/div>\n\n\n\n<div class=\"wp-block-column is-vertically-aligned-center is-layout-flow wp-block-column-is-layout-flow\" style=\"flex-basis:22%\"><div class=\"wp-block-image\">\n<figure class=\"aligncenter size-full is-resized\"><img loading=\"lazy\" decoding=\"async\" width=\"324\" height=\"946\" src=\"https:\/\/sigillarium.pl\/wp-content\/uploads\/2022\/05\/Bystre-Kosciol-parafialny-sw.-Jana-Chrzciciela-pieczec-uchwyt-seal-petschaft-siegel-sceau.jpg\" alt=\"\" class=\"wp-image-20786\" style=\"width:129px;height:374px\" srcset=\"https:\/\/sigillarium.pl\/wp-content\/uploads\/2022\/05\/Bystre-Kosciol-parafialny-sw.-Jana-Chrzciciela-pieczec-uchwyt-seal-petschaft-siegel-sceau.jpg 324w, https:\/\/sigillarium.pl\/wp-content\/uploads\/2022\/05\/Bystre-Kosciol-parafialny-sw.-Jana-Chrzciciela-pieczec-uchwyt-seal-petschaft-siegel-sceau-103x300.jpg 103w\" sizes=\"auto, (max-width: 324px) 100vw, 324px\" \/><\/figure>\n<\/div><\/div>\n\n\n\n<div class=\"wp-block-column is-layout-flow wp-block-column-is-layout-flow\" style=\"flex-basis:1%\"><\/div>\n\n\n\n<div class=\"wp-block-column is-layout-flow wp-block-column-is-layout-flow\" style=\"flex-basis:48%\">\n<style> td {font-size: 11px; color: black; font-family: Arial;} <\/style>\n<table style=\"width: 500px; height: 150px;\">\n\t<tr>\n\t\t<td style=\"background-color: #DDDDDD; width:6%; text-align: center; \"><b>1<\/b><\/td>\n\t\t<td style=\"padding-left: 8px;\">kolekcja prywatna<\/td>\n\t<\/tr>\n\t<tr>\n\t\t<td style=\"background-color: #DDDDDD; text-align: center; \"><b>2<\/b><\/td>\n<td style=\"background-color: #FFFF99; white-space: nowrap; padding-left: 8px;\"><b><big><big> <a href=\" https:\/\/pl.wikipedia.org\/wiki\/Bystr%C3%A9_(Czechy) \"> BYSTR\u00c9 [CZECHY]<\/a> <\/big><\/big><br \/><big> Ko\u015bci\u00f3\u0142 parafialny pw. \u015bw. Jana Chrzciciela (Jana Baptysty) <\/big><\/td>\n\t<\/tr>\n\t<tr>\n\t\t<td style=\"background-color: #DDDDDD; text-align: center; \"><b>3a<\/b><\/td>\n\t\t<td style=\"padding-left: 8px;\">mosi\u0105dz<\/td>\n\t<\/tr>\n\t<tr>\n\t\t<td style=\"background-color: #DDDDDD; text-align: center; \"><b>3b<\/b><\/td>\n\t\t<td style=\"padding-left: 8px;\">drewno<\/td>\n\t<\/tr>\n\t<tr>\n\t\t<td style=\"background-color: #DDDDDD; text-align: center; \"><b>4<\/b><\/td>\n\t\t<td style=\"padding-left: 8px;\">okr\u0105g\u0142a \u00d8 33,5 mm<\/td>\n\t<\/tr>\n\t<tr>\n\t\t<td style=\"background-color: #DDDDDD; text-align: center; \"><b>5<\/b><\/td>\n\t\t<td style=\"padding-left: 8px;\">wypuk\u0142oryty<\/td>\n\t<\/tr>\n\t<tr>\n\t\t<td style=\"background-color: #DDDDDD; text-align: center; \"><b>6<\/b><\/td>\n<td style=\"padding-left: 8px;\">na rancie matrycy sygnatura wytw\u00f3rcy: PATEK, na rewersie matrycy sygnatura wytw\u00f3rcy (w owalu): w p\u00f3\u0142otoku g\u00f3rnym: PRAHA, w p\u00f3\u0142otoku dolnym: PRAG., w polu: K. PATEK <\/td>\n\t<\/tr>\n<tr>\n\t\t<td style=\"background-color: #DDDDDD; text-align: center; \"><b>7<\/b><\/td>\n<td style=\"padding-left: 8px;\">uchwyt toczony o sp\u0142aszczonej ga\u0142ce, na jej zwie\u0144czeniu wkl\u0119s\u0142oryta sygnatura wytw\u00f3rcy (w owalu): w p\u00f3\u0142otoku g\u00f3rnym: PRAHA, w p\u00f3\u0142otoku dolnym: PRAG., w polu: K. PATEK <\/td>\n\t<\/tr>\n\t<tr>\n\t\t<td style=\"background-color: #DDDDDD; text-align: center; \"><b>7a<\/b><\/td>\n\t\t<td style=\"padding-left: 8px;\"> 109 mm<\/td>\n\t<\/tr>\n\t<tr>\n\t\t<td style=\"background-color: #DDDDDD; text-align: center; \"><b>7b<\/b><\/td>\n<td style=\"padding-left: 8px;\"> 102 mm, w tym skuwka 10 mm (\u00d8 14 mm) <\/td>\n\t<\/tr>\n\t<tr>\n\t\t<td style=\"background-color: #DDDDDD; text-align: center; \"><b>7c<\/b><\/td>\n\t\t<td style=\"padding-left: 8px;\"> 7 mm<\/td>\n\t<\/tr>\n\t<tr>\n\t\t<td style=\"background-color: #DDDDDD; text-align: center; \"><b>8<\/b><\/td>\n<td style=\"padding-left: 8px;\">&#8211;<\/td>\n\t<\/tr>\n\t<tr>\n\t\t<td style=\"background-color: #DDDDDD; text-align: center; \"><b>9a<\/b><\/td>\n\t\t<td style=\"padding-left: 8px;\">majusku\u0142a<\/td>\n\t<\/tr>\n\t<tr>\n\t\t<td style=\"background-color: #DDDDDD; text-align: center; \"><b>9b<\/b><\/td>\n<td style=\"padding-left: 8px;\"> <br \/>w otoku:  <b> * SIGILL <i>(um)<\/i>. ECCLESIAE  PAROCH <i>(ialis).<\/i> BYSTRENSIS<\/b><br>w polu: <b>S <i>(ancti).<\/i> \/\/ JOANNIS \/\/ BABT <i>(istae).<\/i> <\/b><br><br><\/td> \n<\/tr>\n\t<tr>\t\n\t\t<td style=\"background-color: #DDDDDD; text-align: center; \"><b>10<\/b><\/td>\n<td style=\"padding-left: 8px;\"> W polu piecz\u0119ci, oddzielonym od pola legendy pojedynczym obrze\u017ceniem ci\u0105g\u0142ym, nazwa patrona w trzech wierszach. Na zewn\u0105trz, wok\u00f3\u0142 pola legendy, pojedyncze obrze\u017cenie ci\u0105g\u0142e.<\/td>\n<\/tr>\n\t<tr>\n\t\t<td style=\"background-color: #DDDDDD; text-align: center; \"><b>11<\/b><\/td>\n<td style=\"padding-left: 8px;\">&#8211;<\/td>\n\t<\/tr>\n\t<tr>\n\t\t<td style=\"background-color: #DDDDDD; text-align: center; \"><b>12<\/b><\/td>\n<td style=\"padding-left: 8px;\">Zobacz dodatkowo: <a href=\" https:\/\/www.zemefilmu.cz\/pl\/filmowe-miejsca\/508-bystre-kosci%CF%8Cl-sw-jana-chrzciciela\/ \"> Ko\u015bci\u00f3\u0142 pw. \u015bw. Jana Chrzciciela  <\/a> <\/td>\n\t<\/tr>\n<\/table>\n\n\n\n<p> <a rel=\"noreferrer noopener\" href=\"http:\/\/sigillarium.pl\/index.php\/legenda-do-opisu-tloka-pieczetnego\/\" target=\"_blank\">Legenda<\/a><\/p>\n<\/div>\n<\/div>\n\n\n\n<hr class=\"wp-block-separator has-css-opacity\"\/>\n\n\n\n<div class=\"wp-block-columns is-layout-flex wp-container-core-columns-is-layout-9d6595d7 wp-block-columns-is-layout-flex\">\n<div class=\"wp-block-column is-layout-flow wp-block-column-is-layout-flow\" style=\"flex-basis:5%\"><\/div>\n\n\n\n<div class=\"wp-block-column is-vertically-aligned-center is-layout-flow wp-block-column-is-layout-flow\" style=\"flex-basis:23%\">\n<figure class=\"wp-block-gallery aligncenter has-nested-images columns-default is-cropped wp-block-gallery-5 is-layout-flex wp-block-gallery-is-layout-flex\">\n<figure class=\"wp-block-image size-full is-style-default\"><a href=\"https:\/\/sigillarium.pl\/wp-content\/uploads\/2024\/03\/Obraz1.jpg\"><img loading=\"lazy\" decoding=\"async\" width=\"1008\" height=\"1125\" data-id=\"31082\" src=\"https:\/\/sigillarium.pl\/wp-content\/uploads\/2024\/03\/Obraz1.jpg\" alt=\"\" class=\"wp-image-31082\" srcset=\"https:\/\/sigillarium.pl\/wp-content\/uploads\/2024\/03\/Obraz1.jpg 1008w, https:\/\/sigillarium.pl\/wp-content\/uploads\/2024\/03\/Obraz1-269x300.jpg 269w, https:\/\/sigillarium.pl\/wp-content\/uploads\/2024\/03\/Obraz1-918x1024.jpg 918w, https:\/\/sigillarium.pl\/wp-content\/uploads\/2024\/03\/Obraz1-768x857.jpg 768w\" sizes=\"auto, (max-width: 1008px) 100vw, 1008px\" \/><\/a><\/figure>\n<\/figure>\n<\/div>\n\n\n\n<div class=\"wp-block-column is-layout-flow wp-block-column-is-layout-flow\" style=\"flex-basis:1%\"><\/div>\n\n\n\n<div class=\"wp-block-column is-vertically-aligned-center is-layout-flow wp-block-column-is-layout-flow\" style=\"flex-basis:22%\"><div class=\"wp-block-image\">\n<figure class=\"aligncenter size-large is-resized\"><img loading=\"lazy\" decoding=\"async\" width=\"1024\" height=\"973\" src=\"https:\/\/sigillarium.pl\/wp-content\/uploads\/2024\/03\/Obraz2-1024x973.jpg\" alt=\"\" class=\"wp-image-31084\" style=\"width:198px;height:auto\" srcset=\"https:\/\/sigillarium.pl\/wp-content\/uploads\/2024\/03\/Obraz2-1024x973.jpg 1024w, https:\/\/sigillarium.pl\/wp-content\/uploads\/2024\/03\/Obraz2-300x285.jpg 300w, https:\/\/sigillarium.pl\/wp-content\/uploads\/2024\/03\/Obraz2-768x730.jpg 768w, https:\/\/sigillarium.pl\/wp-content\/uploads\/2024\/03\/Obraz2.jpg 1184w\" sizes=\"auto, (max-width: 1024px) 100vw, 1024px\" \/><\/figure>\n<\/div><\/div>\n\n\n\n<div class=\"wp-block-column is-layout-flow wp-block-column-is-layout-flow\" style=\"flex-basis:1%\"><\/div>\n\n\n\n<div class=\"wp-block-column is-layout-flow wp-block-column-is-layout-flow\" style=\"flex-basis:48%\">\n<style> td {font-size: 11px; color: black; font-family: Arial;} <\/style>\n<table style=\"width: 500px; height: 150px;\">\n\t<tr>\n\t\t<td style=\"background-color: #DDDDDD; width:6%; text-align: center; \"><b>1<\/b><\/td>\n\t\t<td style=\"padding-left: 8px;\">kolekcja prywatna<\/td>\n\t<\/tr>\n\t<tr>\n\t\t<td style=\"background-color: #DDDDDD; text-align: center; \"><b>2<\/b><\/td>\n<td style=\"background-color: #FFFF99; white-space: nowrap; padding-left: 8px;\"><b><big><big> <a href=\" https:\/\/it-m-wikipedia-org.translate.goog\/wiki\/Castelnuovo_di_Porto?_x_tr_sl=it&#038;_x_tr_tl=pl&#038;_x_tr_hl=pl&#038;_x_tr_pto=sc\" >CASTELNUOVO DI PORTO [WATYKAN]<a> <\/big><\/big><br \/><big> Komenda miejska &#8211; batalion ?<\/big><br \/><\/td>\n\t<\/tr>\n\t<tr>\n\t\t<td style=\"background-color: #DDDDDD; text-align: center; \"><b>3a<\/b><\/td>\n\t\t<td style=\"padding-left: 8px;\">mosi\u0105dz<\/td>\n\t<\/tr>\n\t<tr>\n\t\t<td style=\"background-color: #DDDDDD; text-align: center; \"><b>3b<\/b><\/td>\n\t\t<td style=\"padding-left: 8px;\">&#8211;<\/td>\n\t<\/tr>\n\t<tr>\n\t\t<td style=\"background-color: #DDDDDD; text-align: center; \"><b>4<\/b><\/td>\n\t\t<td style=\"padding-left: 8px;\">owalna \u00d8 39,5 x 35 mm<\/td>\n\t<\/tr>\n\t<tr>\n\t\t<td style=\"background-color: #DDDDDD; text-align: center; \"><b>5<\/b><\/td>\n\t\t<td style=\"padding-left: 8px;\">wypuk\u0142oryty<\/td>\n\t<\/tr>\n\t<tr>\n\t\t<td style=\"background-color: #DDDDDD; text-align: center; \"><b>6<\/b><\/td>\n<td style=\"padding-left: 8px;\">na rancie matrycy znacznik prawid\u0142owego ustawienia t\u0142oka<\/td>\n\t<\/tr>\n<tr>\n\t\t<td style=\"background-color: #DDDDDD; text-align: center; \"><b>7<\/b><\/td>\n<td style=\"padding-left: 8px;\">brak uchwytu, tuleja do jego zamocowania <\/td>\n\t<\/tr>\n\t<tr>\n\t\t<td style=\"background-color: #DDDDDD; text-align: center; \"><b>7a<\/b><\/td>\n\t\t<td style=\"padding-left: 8px;\"> 31 mm<\/td>\n\t<\/tr>\n\t<tr>\n\t\t<td style=\"background-color: #DDDDDD; text-align: center; \"><b>7b<\/b><\/td>\n<td style=\"padding-left: 8px;\">26<\/td>\n\t<\/tr>\n\t<tr>\n\t\t<td style=\"background-color: #DDDDDD; text-align: center; \"><b>7c<\/b><\/td>\n\t\t<td style=\"padding-left: 8px;\"> 5 mm<\/td>\n\t<\/tr>\n\t<tr>\n\t\t<td style=\"background-color: #DDDDDD; text-align: center; \"><b>8<\/b><\/td>\n<td style=\"padding-left: 8px;\"><\/td>\n\t<\/tr>\n\t<tr>\n\t\t<td style=\"background-color: #DDDDDD; text-align: center; \"><b>9a<\/b><\/td>\n\t\t<td style=\"padding-left: 8px;\">majusku\u0142a<\/td>\n\t<\/tr>\n\t<tr>\n\t\t<td style=\"background-color: #DDDDDD; text-align: center; \"><b>9b<\/b><\/td>\n<td style=\"padding-left: 8px;\"> <br \/>w g\u00f3rnym p\u00f3\u0142otokuotoku:  <b>* COMANDO CIVICO<\/b><BR> w dolnym p\u00f3\u0142otoku: <b>BATTAG <i>(lione)<\/i> DI CAST<i>(el)<\/i>NUOVO DI PORTO <\/b><br \/><br \/><\/td> \n<\/tr>\n\t<tr>\t\n\t\t<td style=\"background-color: #DDDDDD; text-align: center; \"><b>10<\/b><\/td>\n<td style=\"padding-left: 8px;\"> W polu piecz\u0119ci, oddzielonym od pola legendy podw\u00f3jnym obrze\u017ceniem ci\u0105g\u0142ym, god\u0142o pa\u0144stwa watyka\u0144skiego, dwa klucze \u015bw. Piotra przewi\u0105zane sznurem zako\u0144czonym dwoma chwostami, skrzy\u017cowane w skos, pi\u00f3rami na zewn\u0105trz, ku g\u00f3rze. Nad kluczami tiara z na\u0142o\u017conymi trzema diademami. Spod tiary wychodz\u0105 dwie zdobne ta\u015bmy, roz\u0142o\u017cone na boki. Na zewn\u0105trz, wok\u00f3\u0142 pola legendy,  obrze\u017cenie ci\u0105g\u0142e.<\/td>\n<\/tr>\n\t<tr>\n\t\t<td style=\"background-color: #DDDDDD; text-align: center; \"><b>11<\/b><\/td>\n<td style=\"padding-left: 8px;\">&#8211;<\/td>\n\t<\/tr>\n\t<tr>\n\t\t<td style=\"background-color: #DDDDDD; text-align: center; \"><b>12<\/b><\/td>\n<td style=\"padding-left: 8px;\">&#8211;<\/td>\n\t<\/tr>\n<\/table>\n<\/div>\n<\/div>\n\n\n\n<hr class=\"wp-block-separator has-alpha-channel-opacity\"\/>\n\n\n\n<div class=\"wp-block-columns is-layout-flex wp-container-core-columns-is-layout-9d6595d7 wp-block-columns-is-layout-flex\">\n<div class=\"wp-block-column is-layout-flow wp-block-column-is-layout-flow\" style=\"flex-basis:5%\"><\/div>\n\n\n\n<div class=\"wp-block-column is-vertically-aligned-center is-layout-flow wp-block-column-is-layout-flow\" style=\"flex-basis:23%\">\n<figure class=\"wp-block-gallery aligncenter has-nested-images columns-default is-cropped wp-block-gallery-6 is-layout-flex wp-block-gallery-is-layout-flex\">\n<figure class=\"wp-block-image size-full is-style-default\"><a href=\"https:\/\/sigillarium.pl\/wp-content\/uploads\/2025\/09\/Austria-Zakon-lub-bractwo-o-charakterze-maryjnym-i-pasyjnym-pieczec-awers-seal-petschaft-siegel-sceau-cachet-sigillo-sigillarium.jpg\"><img loading=\"lazy\" decoding=\"async\" width=\"520\" height=\"720\" data-id=\"36785\" src=\"https:\/\/sigillarium.pl\/wp-content\/uploads\/2025\/09\/Austria-Zakon-lub-bractwo-o-charakterze-maryjnym-i-pasyjnym-pieczec-awers-seal-petschaft-siegel-sceau-cachet-sigillo-sigillarium.jpg\" alt=\"\" class=\"wp-image-36785\" srcset=\"https:\/\/sigillarium.pl\/wp-content\/uploads\/2025\/09\/Austria-Zakon-lub-bractwo-o-charakterze-maryjnym-i-pasyjnym-pieczec-awers-seal-petschaft-siegel-sceau-cachet-sigillo-sigillarium.jpg 520w, https:\/\/sigillarium.pl\/wp-content\/uploads\/2025\/09\/Austria-Zakon-lub-bractwo-o-charakterze-maryjnym-i-pasyjnym-pieczec-awers-seal-petschaft-siegel-sceau-cachet-sigillo-sigillarium-217x300.jpg 217w\" sizes=\"auto, (max-width: 520px) 100vw, 520px\" \/><\/a><\/figure>\n<\/figure>\n<\/div>\n\n\n\n<div class=\"wp-block-column is-layout-flow wp-block-column-is-layout-flow\" style=\"flex-basis:1%\"><\/div>\n\n\n\n<div class=\"wp-block-column is-vertically-aligned-center is-layout-flow wp-block-column-is-layout-flow\" style=\"flex-basis:22%\"><div class=\"wp-block-image\">\n<figure class=\"aligncenter size-full\"><img loading=\"lazy\" decoding=\"async\" width=\"526\" height=\"720\" src=\"https:\/\/sigillarium.pl\/wp-content\/uploads\/2025\/09\/Austria-Zakon-lub-bractwo-o-charakterze-maryjnym-i-pasyjnym-pieczec-rewers-seal-petschaft-siegel-sceau-cachet-sigillo-sigillarium.jpg\" alt=\"\" class=\"wp-image-36786\" srcset=\"https:\/\/sigillarium.pl\/wp-content\/uploads\/2025\/09\/Austria-Zakon-lub-bractwo-o-charakterze-maryjnym-i-pasyjnym-pieczec-rewers-seal-petschaft-siegel-sceau-cachet-sigillo-sigillarium.jpg 526w, https:\/\/sigillarium.pl\/wp-content\/uploads\/2025\/09\/Austria-Zakon-lub-bractwo-o-charakterze-maryjnym-i-pasyjnym-pieczec-rewers-seal-petschaft-siegel-sceau-cachet-sigillo-sigillarium-219x300.jpg 219w\" sizes=\"auto, (max-width: 526px) 100vw, 526px\" \/><\/figure>\n<\/div>\n\n<div class=\"wp-block-image\">\n<figure class=\"aligncenter size-full\"><img loading=\"lazy\" decoding=\"async\" width=\"966\" height=\"334\" src=\"https:\/\/sigillarium.pl\/wp-content\/uploads\/2025\/09\/Austria-Zakon-lub-bractwo-o-charakterze-maryjnym-i-pasyjnym-pieczec-rant-seal-petschaft-siegel-sceau-cachet-sigillo-sigillarium.jpg\" alt=\"\" class=\"wp-image-36787\" srcset=\"https:\/\/sigillarium.pl\/wp-content\/uploads\/2025\/09\/Austria-Zakon-lub-bractwo-o-charakterze-maryjnym-i-pasyjnym-pieczec-rant-seal-petschaft-siegel-sceau-cachet-sigillo-sigillarium.jpg 966w, https:\/\/sigillarium.pl\/wp-content\/uploads\/2025\/09\/Austria-Zakon-lub-bractwo-o-charakterze-maryjnym-i-pasyjnym-pieczec-rant-seal-petschaft-siegel-sceau-cachet-sigillo-sigillarium-300x104.jpg 300w, https:\/\/sigillarium.pl\/wp-content\/uploads\/2025\/09\/Austria-Zakon-lub-bractwo-o-charakterze-maryjnym-i-pasyjnym-pieczec-rant-seal-petschaft-siegel-sceau-cachet-sigillo-sigillarium-768x266.jpg 768w\" sizes=\"auto, (max-width: 966px) 100vw, 966px\" \/><\/figure>\n<\/div><\/div>\n\n\n\n<div class=\"wp-block-column is-layout-flow wp-block-column-is-layout-flow\" style=\"flex-basis:1%\"><\/div>\n\n\n\n<div class=\"wp-block-column is-layout-flow wp-block-column-is-layout-flow\" style=\"flex-basis:48%\">\n<style> td {font-size: 11px; color: black; font-family: Arial;} <\/style>\n<table style=\"width: 500px; height: 150px;\">\n\t<tbody><tr>\n\t\t<td style=\"background-color: #DDDDDD; width:6%; text-align: center; \"><b>1<\/b><\/td>\n\t\t<td style=\"padding-left: 8px;\">kolekcja prywatna<\/td>\n\t<\/tr>\n\t<tr>\n\t\t<td style=\"background-color: #DDDDDD; text-align: center; \"><b>2<\/b><\/td>\n<td style=\"background-color: #FFFF99; white-space: nowrap; padding-left: 8px;\"><b><big><big> <a href=\"https:\/\/pl.wikipedia.org\/wiki\/Cesarstwo_Austrii#:~:text=Cesarstwo%20Austrii%20(niem.,przez%20Napoleona%20I%20Cesarstwa%20Francuskiego. \">CESARSTWO AUSTRII<\/a> <a href=\" https:\/\/pl.wikipedia.org\/wiki\/Austria \">[AUSTRIA]<\/a> <\/big><\/big><br><big> Zakon lub bractwo o charakterze maryjnym i pasyjnym (Franciszkanie?) <\/big><\/b><\/td>\n\t<\/tr>\n\t<tr>\n\t\t<td style=\"background-color: #DDDDDD; text-align: center; \"><b>3a<\/b><\/td>\n\t\t<td style=\"padding-left: 8px;\">mosi\u0105dz<\/td>\n\t<\/tr>\n\t<tr>\n\t\t<td style=\"background-color: #DDDDDD; text-align: center; \"><b>3b<\/b><\/td>\n\t\t<td style=\"padding-left: 8px;\">&#8211;<\/td>\n\t<\/tr>\n\t<tr>\n\t\t<td style=\"background-color: #DDDDDD; text-align: center; \"><b>4<\/b><\/td>\n\t\t<td style=\"padding-left: 8px;\">owalna 41,5 x 30 mm (dwustronna)<\/td>\n\t<\/tr>\n\t<tr>\n\t\t<td style=\"background-color: #DDDDDD; text-align: center; \"><b>5<\/b><\/td>\n\t\t<td style=\"padding-left: 8px;\">wypuk\u0142oryty<\/td>\n\t<\/tr>\n\t<tr>\n\t\t<td style=\"background-color: #DDDDDD; text-align: center; \"><b>6<\/b><\/td>\n<td style=\"padding-left: 8px;\">&#8211;<\/td>\n\t<\/tr>\n<tr>\n\t\t<td style=\"background-color: #DDDDDD; text-align: center; \"><b>7<\/b><\/td>\n<td style=\"padding-left: 8px;\">&#8211;<\/td>\n\t<\/tr>\n\t<tr>\n\t\t<td style=\"background-color: #DDDDDD; text-align: center; \"><b>7a<\/b><\/td>\n\t\t<td style=\"padding-left: 8px;\">13 mm<\/td>\n\t<\/tr>\n\t<tr>\n\t\t<td style=\"background-color: #DDDDDD; text-align: center; \"><b>7b<\/b><\/td>\n<td style=\"padding-left: 8px;\">&#8211;<\/td>\n\t<\/tr>\n\t<tr>\n\t\t<td style=\"background-color: #DDDDDD; text-align: center; \"><b>7c<\/b><\/td>\n\t\t<td style=\"padding-left: 8px;\">13 mm<\/td>\n\t<\/tr>\n\t<tr>\n\t\t<td style=\"background-color: #DDDDDD; text-align: center; \"><b>8<\/b><\/td>\n<td style=\"padding-left: 8px;\">&#8211;<\/td>\n\t<\/tr>\n\t<tr>\n\t\t<td style=\"background-color: #DDDDDD; text-align: center; \"><b>9a<\/b><\/td>\n\t\t<td style=\"padding-left: 8px;\">&#8211;<\/td>\n\t<\/tr>\n\t<tr>\n\t\t<td style=\"background-color: #DDDDDD; text-align: center; \"><b>9b<\/b><\/td>\n<td style=\"padding-left: 8px;\">&#8211; <br><br><br><\/td> \n<\/tr>\n\t<tr>\t\n\t\t<td style=\"background-color: #DDDDDD; text-align: center; \"><b>10<\/b><\/td>\n<td style=\"padding-left: 8px;\"> Matryca 1: W polu piecz\u0119ci scena Koronacji Naj\u015bwi\u0119tszej Maryi Panny przez Tr\u00f3jc\u0119 \u015awi\u0119t\u0105. Maryja ukazana kl\u0119cz\u0105ca, w uj\u0119ciu bocznym, w postawie modlitewnej, mi\u0119dzy siedz\u0105cymi postaciami Boga Ojca (po lewej) i Chrystusa (po prawej), wsp\u00f3lnie nak\u0142adaj\u0105cymi koron\u0119 na Jej g\u0142ow\u0119. Nad scen\u0105 w promieniach chwa\u0142y go\u0142\u0119bica Ducha \u015awi\u0119tego. Ca\u0142o\u015b\u0107 uj\u0119ta w otok z li\u015bci laurowych, zako\u0144czony u g\u00f3ry i do\u0142u, a tak\u017ce symetrycznie po bokach motywem rozet kwiatowych. <br> Matryca 2: W polu piecz\u0119ci na murawie krzy\u017c z oplecion\u0105 koron\u0105 cierniow\u0105. Na krzy\u017cu Serce Jezusowe, w kt\u00f3rego wn\u0119trzu wizerunek Dzieci\u0105tka Jezus w ge\u015bcie b\u0142ogos\u0142awie\u0144stwa. W tle skrzy\u017cowane w\u0142\u00f3cznia i trzcina z g\u0105bk\u0105. Serce otoczone narz\u0119dziami M\u0119ki Pa\u0144skiej, rozmieszczonymi symetrycznie wok\u00f3\u0142 krzy\u017ca: d\u0142onie z ranami, c\u0119gi, p\u00f3\u0142miecz?, gwo\u017adzie, stopy z ranami. Ca\u0142o\u015b\u0107 uj\u0119ta w otok z li\u015bci laurowych, zako\u0144czony u g\u00f3ry i do\u0142u, a tak\u017ce symetrycznie po bokach motywem rozet kwiatowych.  <\/td>\n<\/tr>\n\t<tr>\n\t\t<td style=\"background-color: #DDDDDD; text-align: center; \"><b>11<\/b><\/td>\n<td style=\"padding-left: 8px;\">&#8211;<\/td>\n\t<\/tr>\n\t<tr>\n\t\t<td style=\"background-color: #DDDDDD; text-align: center; \"><b>12<\/b><\/td>\n<td style=\"padding-left: 8px;\">XVIII\/XIX w. <\/a> <\/td>\n\t<\/tr>\n<\/tbody><\/table>\n<\/div>\n<\/div>\n\n\n\n<hr class=\"wp-block-separator has-alpha-channel-opacity\"\/>\n\n\n\n<div class=\"wp-block-columns is-layout-flex wp-container-core-columns-is-layout-9d6595d7 wp-block-columns-is-layout-flex\">\n<div class=\"wp-block-column is-layout-flow wp-block-column-is-layout-flow\" style=\"flex-basis:5%\"><\/div>\n\n\n\n<div class=\"wp-block-column is-vertically-aligned-center is-layout-flow wp-block-column-is-layout-flow\" style=\"flex-basis:23%\">\n<figure class=\"wp-block-gallery aligncenter has-nested-images columns-default is-cropped wp-block-gallery-7 is-layout-flex wp-block-gallery-is-layout-flex\">\n<figure class=\"wp-block-image size-full is-style-default\"><a href=\"https:\/\/sigillarium.pl\/wp-content\/uploads\/2022\/07\/Chotebor-Kosciol-parafialny-pieczec-seal-petschaft-siegel-sceau-sigillarium.jpg\"><img loading=\"lazy\" decoding=\"async\" width=\"923\" height=\"1077\" data-id=\"20981\" src=\"https:\/\/sigillarium.pl\/wp-content\/uploads\/2022\/07\/Chotebor-Kosciol-parafialny-pieczec-seal-petschaft-siegel-sceau-sigillarium.jpg\" alt=\"\" class=\"wp-image-20981\" srcset=\"https:\/\/sigillarium.pl\/wp-content\/uploads\/2022\/07\/Chotebor-Kosciol-parafialny-pieczec-seal-petschaft-siegel-sceau-sigillarium.jpg 923w, https:\/\/sigillarium.pl\/wp-content\/uploads\/2022\/07\/Chotebor-Kosciol-parafialny-pieczec-seal-petschaft-siegel-sceau-sigillarium-257x300.jpg 257w, https:\/\/sigillarium.pl\/wp-content\/uploads\/2022\/07\/Chotebor-Kosciol-parafialny-pieczec-seal-petschaft-siegel-sceau-sigillarium-878x1024.jpg 878w, https:\/\/sigillarium.pl\/wp-content\/uploads\/2022\/07\/Chotebor-Kosciol-parafialny-pieczec-seal-petschaft-siegel-sceau-sigillarium-768x896.jpg 768w\" sizes=\"auto, (max-width: 923px) 100vw, 923px\" \/><\/a><\/figure>\n<\/figure>\n<\/div>\n\n\n\n<div class=\"wp-block-column is-layout-flow wp-block-column-is-layout-flow\" style=\"flex-basis:1%\"><\/div>\n\n\n\n<div class=\"wp-block-column is-vertically-aligned-center is-layout-flow wp-block-column-is-layout-flow\" style=\"flex-basis:22%\"><div class=\"wp-block-image\">\n<figure class=\"aligncenter size-large is-resized\"><img loading=\"lazy\" decoding=\"async\" width=\"280\" height=\"1024\" src=\"https:\/\/sigillarium.pl\/wp-content\/uploads\/2022\/07\/Chotebor-Kosciol-parafialny-pieczec-uchwyt-seal-petschaft-siegel-sceau-sigillarium-280x1024.jpg\" alt=\"\" class=\"wp-image-20982\" style=\"width:107px;height:auto\" srcset=\"https:\/\/sigillarium.pl\/wp-content\/uploads\/2022\/07\/Chotebor-Kosciol-parafialny-pieczec-uchwyt-seal-petschaft-siegel-sceau-sigillarium-280x1024.jpg 280w, https:\/\/sigillarium.pl\/wp-content\/uploads\/2022\/07\/Chotebor-Kosciol-parafialny-pieczec-uchwyt-seal-petschaft-siegel-sceau-sigillarium-82x300.jpg 82w, https:\/\/sigillarium.pl\/wp-content\/uploads\/2022\/07\/Chotebor-Kosciol-parafialny-pieczec-uchwyt-seal-petschaft-siegel-sceau-sigillarium.jpg 293w\" sizes=\"auto, (max-width: 280px) 100vw, 280px\" \/><\/figure>\n<\/div><\/div>\n\n\n\n<div class=\"wp-block-column is-layout-flow wp-block-column-is-layout-flow\" style=\"flex-basis:1%\"><\/div>\n\n\n\n<div class=\"wp-block-column is-layout-flow wp-block-column-is-layout-flow\" style=\"flex-basis:48%\">\n<style> td {font-size: 11px; color: black; font-family: Arial;} <\/style>\n<table style=\"width: 500px; height: 150px;\">\n\t<tr>\n\t\t<td style=\"background-color: #DDDDDD; width:6%; text-align: center; \"><b>1<\/b><\/td>\n\t\t<td style=\"padding-left: 8px;\">kolekcja prywatna<\/td>\n\t<\/tr>\n\t<tr>\n\t\t<td style=\"background-color: #DDDDDD; text-align: center; \"><b>2<\/b><\/td>\n<td style=\"background-color: #FFFF99; white-space: nowrap; padding-left: 8px;\"><b><big><big> <a href=\"https:\/\/pl.wikipedia.org\/wiki\/Chot%C4%9Bbo%C5%99 \">  CHOT\u011aBO\u0158 [CZECHY] <\/a> <\/big><\/big><br \/><big> Ko\u015bci\u00f3\u0142 parafialny <\/big><\/td>\n\t<\/tr>\n\t<tr>\n\t\t<td style=\"background-color: #DDDDDD; text-align: center; \"><b>3a<\/b><\/td>\n\t\t<td style=\"padding-left: 8px;\">mosi\u0105dz<\/td>\n\t<\/tr>\n\t<tr>\n\t\t<td style=\"background-color: #DDDDDD; text-align: center; \"><b>3b<\/b><\/td>\n\t\t<td style=\"padding-left: 8px;\">stal<\/td>\n\t<\/tr>\n\t<tr>\n\t\t<td style=\"background-color: #DDDDDD; text-align: center; \"><b>4<\/b><\/td>\n\t\t<td style=\"padding-left: 8px;\">owalna 37,5 x 32 mm<\/td>\n\t<\/tr>\n\t<tr>\n\t\t<td style=\"background-color: #DDDDDD; text-align: center; \"><b>5<\/b><\/td>\n\t\t<td style=\"padding-left: 8px;\">wkl\u0119s\u0142oryty<\/td>\n\t<\/tr>\n\t<tr>\n\t\t<td style=\"background-color: #DDDDDD; text-align: center; \"><b>6<\/b><\/td>\n<td style=\"padding-left: 8px;\">&#8211; <\/td>\n\t<\/tr>\n<tr>\n\t\t<td style=\"background-color: #DDDDDD; text-align: center; \"><b>7<\/b><\/td>\n<td style=\"padding-left: 8px;\">uchwytu o formie prostopad\u0142o\u015bcianu o o\u015bmiok\u0105tnej podstawie<\/td>\n\t<\/tr>\n\t<tr>\n\t\t<td style=\"background-color: #DDDDDD; text-align: center; \"><b>7a<\/b><\/td>\n\t\t<td style=\"padding-left: 8px;\"> 137 mm<\/td>\n\t<\/tr>\n\t<tr>\n\t\t<td style=\"background-color: #DDDDDD; text-align: center; \"><b>7b<\/b><\/td>\n<td style=\"padding-left: 8px;\">133 mm, w tym stopka 12 mm, stanowi\u0105ca z r\u0119koje\u015bci\u0105 jedn\u0105 ca\u0142o\u015b\u0107<\/td>\n\t<\/tr>\n\t<tr>\n\t\t<td style=\"background-color: #DDDDDD; text-align: center; \"><b>7c<\/b><\/td>\n\t\t<td style=\"padding-left: 8px;\"> 4 mm<\/td>\n\t<\/tr>\n\t<tr>\n\t\t<td style=\"background-color: #DDDDDD; text-align: center; \"><b>8<\/b><\/td>\n<td style=\"padding-left: 8px;\">&#8211;<\/td>\n\t<\/tr>\n\t<tr>\n\t\t<td style=\"background-color: #DDDDDD; text-align: center; \"><b>9a<\/b><\/td>\n\t\t<td style=\"padding-left: 8px;\">majusku\u0142a<\/td>\n\t<\/tr>\n\t<tr>\n\t\t<td style=\"background-color: #DDDDDD; text-align: center; \"><b>9b<\/b><\/td>\n<td style=\"padding-left: 8px;\"> <br \/>w otoku: <b>* SIGILLUM  ECCLESIAE  PAROCHIALIS CHOTIEBORCENSIS <\/b><br><br><\/td> \n<\/tr>\n\t<tr>\t\n\t\t<td style=\"background-color: #DDDDDD; text-align: center; \"><b>10<\/b><\/td>\n<td style=\"padding-left: 8px;\"> W polu piecz\u0119ci, oddzielonym od pola legendy podw\u00f3jnym obrze\u017ceniem ci\u0105g\u0142ym, scena wniebowzi\u0119cia NMP. Madonna ukazana w postawie stoj\u0105cej z roz\u0142o\u017conymi r\u0119koma i promieniami wok\u00f3\u0142 g\u0142owy, unoszona przez dwa anio\u0142y w sk\u0142\u0119bionych ob\u0142okach. Na zewn\u0105trz, wok\u00f3\u0142 pola legendy, pojedyncze obrze\u017cenie ci\u0105g\u0142e.<\/td>\n<\/tr>\n\t<tr>\n\t\t<td style=\"background-color: #DDDDDD; text-align: center; \"><b>11<\/b><\/td>\n<td style=\"padding-left: 8px;\">&#8211;<\/td>\n\t<\/tr>\n\t<tr>\n\t\t<td style=\"background-color: #DDDDDD; text-align: center; \"><b>12<\/b><\/td>\n<td style=\"padding-left: 8px;\">&#8211;<\/td>\n\t<\/tr>\n<\/table>\n<\/div>\n<\/div>\n\n\n\n<hr class=\"wp-block-separator has-alpha-channel-opacity\"\/>\n\n\n\n<div class=\"wp-block-columns is-layout-flex wp-container-core-columns-is-layout-9d6595d7 wp-block-columns-is-layout-flex\">\n<div class=\"wp-block-column is-layout-flow wp-block-column-is-layout-flow\" style=\"flex-basis:5%\"><\/div>\n\n\n\n<div class=\"wp-block-column is-vertically-aligned-center is-layout-flow wp-block-column-is-layout-flow\" style=\"flex-basis:23%\">\n<figure class=\"wp-block-gallery aligncenter has-nested-images columns-default is-cropped wp-block-gallery-8 is-layout-flex wp-block-gallery-is-layout-flex\">\n<figure class=\"wp-block-image size-full is-style-default\"><a href=\"https:\/\/sigillarium.pl\/wp-content\/uploads\/2021\/10\/Damnov-Czechy-Kosciol-parafialny-pieczec-seal-petschaft-siegel-sceau-sigillarium.jpg\"><img loading=\"lazy\" decoding=\"async\" width=\"1016\" height=\"1070\" data-id=\"16591\" src=\"https:\/\/sigillarium.pl\/wp-content\/uploads\/2021\/10\/Damnov-Czechy-Kosciol-parafialny-pieczec-seal-petschaft-siegel-sceau-sigillarium.jpg\" alt=\"\" class=\"wp-image-16591\" srcset=\"https:\/\/sigillarium.pl\/wp-content\/uploads\/2021\/10\/Damnov-Czechy-Kosciol-parafialny-pieczec-seal-petschaft-siegel-sceau-sigillarium.jpg 1016w, https:\/\/sigillarium.pl\/wp-content\/uploads\/2021\/10\/Damnov-Czechy-Kosciol-parafialny-pieczec-seal-petschaft-siegel-sceau-sigillarium-285x300.jpg 285w, https:\/\/sigillarium.pl\/wp-content\/uploads\/2021\/10\/Damnov-Czechy-Kosciol-parafialny-pieczec-seal-petschaft-siegel-sceau-sigillarium-972x1024.jpg 972w, https:\/\/sigillarium.pl\/wp-content\/uploads\/2021\/10\/Damnov-Czechy-Kosciol-parafialny-pieczec-seal-petschaft-siegel-sceau-sigillarium-768x809.jpg 768w\" sizes=\"auto, (max-width: 1016px) 100vw, 1016px\" \/><\/a><\/figure>\n<\/figure>\n<\/div>\n\n\n\n<div class=\"wp-block-column is-layout-flow wp-block-column-is-layout-flow\" style=\"flex-basis:1%\"><\/div>\n\n\n\n<div class=\"wp-block-column is-vertically-aligned-center is-layout-flow wp-block-column-is-layout-flow\" style=\"flex-basis:22%\"><div class=\"wp-block-image\">\n<figure class=\"aligncenter size-full is-resized\"><img loading=\"lazy\" decoding=\"async\" width=\"429\" height=\"944\" src=\"https:\/\/sigillarium.pl\/wp-content\/uploads\/2021\/10\/Damnov-Czechy-Kosciol-parafialny-pieczec-uchwyt-seal-petschaft-siegel-sceau-sigillarium.jpg\" alt=\"\" class=\"wp-image-16592\" style=\"width:145px;height:320px\" srcset=\"https:\/\/sigillarium.pl\/wp-content\/uploads\/2021\/10\/Damnov-Czechy-Kosciol-parafialny-pieczec-uchwyt-seal-petschaft-siegel-sceau-sigillarium.jpg 429w, https:\/\/sigillarium.pl\/wp-content\/uploads\/2021\/10\/Damnov-Czechy-Kosciol-parafialny-pieczec-uchwyt-seal-petschaft-siegel-sceau-sigillarium-136x300.jpg 136w\" sizes=\"auto, (max-width: 429px) 100vw, 429px\" \/><\/figure>\n<\/div><\/div>\n\n\n\n<div class=\"wp-block-column is-layout-flow wp-block-column-is-layout-flow\" style=\"flex-basis:1%\"><\/div>\n\n\n\n<div class=\"wp-block-column is-layout-flow wp-block-column-is-layout-flow\" style=\"flex-basis:48%\">\n<style> td {font-size: 11px; color: black; font-family: Arial;} <\/style>\n<table style=\"width: 500px; height: 150px;\">\n\t<tbody><tr>\n\t\t<td style=\"background-color: #DDDDDD; width:6%; text-align: center; \"><b>1<\/b><\/td>\n\t\t<td style=\"padding-left: 8px;\">kolekcja prywatna<\/td>\n\t<\/tr>\n\t<tr>\n\t\t<td style=\"background-color: #DDDDDD; text-align: center; \"><b>2<\/b><\/td>\n<td style=\"background-color: #FFFF99; white-space: nowrap; padding-left: 8px;\"><b><big><big><a href=\" https:\/\/cs.wikipedia.org\/wiki\/Damnov\">DAMNOV [CZECHY]  <\/a><\/big><\/big><br><big>Ko\u015bci\u00f3\u0142 parafialny<\/big><\/b><\/td>\n\t<\/tr>\n\t<tr>\n\t\t<td style=\"background-color: #DDDDDD; text-align: center; \"><b>3a<\/b><\/td>\n\t\t<td style=\"padding-left: 8px;\">mosi\u0105dz<\/td>\n\t<\/tr>\n\t<tr>\n\t\t<td style=\"background-color: #DDDDDD; text-align: center; \"><b>3b<\/b><\/td>\n\t\t<td style=\"padding-left: 8px;\">stal <\/td>\n\t<\/tr>\n\t<tr>\n\t\t<td style=\"background-color: #DDDDDD; text-align: center; \"><b>4<\/b><\/td>\n\t\t<td style=\"padding-left: 8px;\">owalna 28,5 x 27 mm<\/td>\n\t<\/tr>\n\t<tr>\n\t\t<td style=\"background-color: #DDDDDD; text-align: center; \"><b>5<\/b><\/td>\n\t\t<td style=\"padding-left: 8px;\">wkl\u0119s\u0142oryty<\/td>\n\t<\/tr>\n\t<tr>\n\t\t<td style=\"background-color: #DDDDDD; text-align: center; \"><b>6<\/b><\/td>\n<td style=\"padding-left: 8px;\">&#8211;<\/td>\n\t<\/tr>\n<tr>\n\t\t<td style=\"background-color: #DDDDDD; text-align: center; \"><b>7<\/b><\/td>\n<td style=\"padding-left: 8px;\"> uchwyt w formie graniastos\u0142upa o o\u015bmiok\u0105tnej podstawie<\/td>\n\t<\/tr>\n\t<tr>\n\t\t<td style=\"background-color: #DDDDDD; text-align: center; \"><b>7a<\/b><\/td>\n\t\t<td style=\"padding-left: 8px;\">63 mm<\/td>\n\t<\/tr>\n\t<tr>\n\t\t<td style=\"background-color: #DDDDDD; text-align: center; \"><b>7b<\/b><\/td>\n\t\t<td style=\"padding-left: 8px;\">61 mm, w tym stopka 22 mm<\/td>\n\t<\/tr>\n\t<tr>\n\t\t<td style=\"background-color: #DDDDDD; text-align: center; \"><b>7c<\/b><\/td>\n\t\t<td style=\"padding-left: 8px;\">2 mm<\/td>\n\t<\/tr>\n\t<tr>\n\t\t<td style=\"background-color: #DDDDDD; text-align: center; \"><b>8<\/b><\/td>\n<td style=\"padding-left: 8px;\">&#8211; <\/td>\n\t<\/tr>\n\t<tr>\n\t\t<td style=\"background-color: #DDDDDD; text-align: center; \"><b>9a<\/b><\/td>\n\t\t<td style=\"padding-left: 8px;\">majusku\u0142a<\/td>\n\t<\/tr>\n\t<tr>\n\t\t<td style=\"background-color: #DDDDDD; text-align: center; \"><b>9b<\/b><\/td>\n<td style=\"padding-left: 8px;\"><br>w otoku: <b> * SIGILLUM  ECCLESIAE PAROCHIALIS DAMNOVIENSIS <\/b><br><br><\/td> \n\t<\/tr>\n\t<tr>\n\t\t<td style=\"background-color: #DDDDDD; text-align: center; \"><b>10<\/b><\/td>\n<td style=\"padding-left: 8px;\">W polu piecz\u0119ci, oddzielonym od pola legendy pojedynczym obrze\u017ceniem ci\u0105g\u0142ym, na murawie, konna posta\u0107 \u015bw. Marcina w stroju rzymskiego legionisty, z mieczem w prawej r\u0119ce. Poni\u017cej le\u017c\u0105ca posta\u0107 p\u00f3\u0142nagiego \u017cebraka. Na zewn\u0105trz, wok\u00f3\u0142 pola legendy, pojedyncze obrze\u017cenie wie\u0144cowe. <br><\/td>\n<\/tr>\n\t<tr>\n\t\t<td style=\"background-color: #DDDDDD; text-align: center; \"><b>11<\/b><\/td>\n<td style=\"padding-left: 8px;\">&#8211; <\/td>\n\t<\/tr>\n\t<tr>\n<td style=\"background-color: #DDDDDD; text-align: center; \"><b>12<\/b><\/td>\n<td style=\"padding-left: 8px;\">&#8211; <\/td>\n\t<\/tr>\n<\/tbody><\/table>\n<\/div>\n<\/div>\n\n\n\n<hr class=\"wp-block-separator has-alpha-channel-opacity\"\/>\n\n\n\n<div class=\"wp-block-columns is-layout-flex wp-container-core-columns-is-layout-9d6595d7 wp-block-columns-is-layout-flex\">\n<div class=\"wp-block-column is-layout-flow wp-block-column-is-layout-flow\" style=\"flex-basis:5%\"><\/div>\n\n\n\n<div class=\"wp-block-column is-vertically-aligned-center is-layout-flow wp-block-column-is-layout-flow\" style=\"flex-basis:23%\">\n<figure class=\"wp-block-gallery aligncenter has-nested-images columns-default is-cropped wp-block-gallery-9 is-layout-flex wp-block-gallery-is-layout-flex\">\n<figure class=\"wp-block-image size-large is-style-default\"><a href=\"https:\/\/sigillarium.pl\/wp-content\/uploads\/2023\/01\/Niemcy-Dillenburg-Parafia-ewangelicka-pieczec-seal-petschaft-siegel-sceau.jpg\"><img loading=\"lazy\" decoding=\"async\" width=\"1024\" height=\"1021\" data-id=\"23974\" src=\"https:\/\/sigillarium.pl\/wp-content\/uploads\/2023\/01\/Niemcy-Dillenburg-Parafia-ewangelicka-pieczec-seal-petschaft-siegel-sceau-1024x1021.jpg\" alt=\"\" class=\"wp-image-23974\" srcset=\"https:\/\/sigillarium.pl\/wp-content\/uploads\/2023\/01\/Niemcy-Dillenburg-Parafia-ewangelicka-pieczec-seal-petschaft-siegel-sceau-1024x1021.jpg 1024w, https:\/\/sigillarium.pl\/wp-content\/uploads\/2023\/01\/Niemcy-Dillenburg-Parafia-ewangelicka-pieczec-seal-petschaft-siegel-sceau-300x300.jpg 300w, https:\/\/sigillarium.pl\/wp-content\/uploads\/2023\/01\/Niemcy-Dillenburg-Parafia-ewangelicka-pieczec-seal-petschaft-siegel-sceau-150x150.jpg 150w, https:\/\/sigillarium.pl\/wp-content\/uploads\/2023\/01\/Niemcy-Dillenburg-Parafia-ewangelicka-pieczec-seal-petschaft-siegel-sceau-768x766.jpg 768w, https:\/\/sigillarium.pl\/wp-content\/uploads\/2023\/01\/Niemcy-Dillenburg-Parafia-ewangelicka-pieczec-seal-petschaft-siegel-sceau.jpg 1090w\" sizes=\"auto, (max-width: 1024px) 100vw, 1024px\" \/><\/a><\/figure>\n<\/figure>\n<\/div>\n\n\n\n<div class=\"wp-block-column is-layout-flow wp-block-column-is-layout-flow\" style=\"flex-basis:1%\"><\/div>\n\n\n\n<div class=\"wp-block-column is-vertically-aligned-center is-layout-flow wp-block-column-is-layout-flow\" style=\"flex-basis:22%\"><div class=\"wp-block-image\">\n<figure class=\"aligncenter size-full is-resized\"><img loading=\"lazy\" decoding=\"async\" width=\"365\" height=\"1014\" src=\"https:\/\/sigillarium.pl\/wp-content\/uploads\/2023\/01\/Niemcy-Dillenburg-Parafia-ewangelicka-pieczec-uchwyt-seal-petschaft-siegel.jpg\" alt=\"\" class=\"wp-image-23856\" style=\"width:147px;height:409px\" srcset=\"https:\/\/sigillarium.pl\/wp-content\/uploads\/2023\/01\/Niemcy-Dillenburg-Parafia-ewangelicka-pieczec-uchwyt-seal-petschaft-siegel.jpg 365w, https:\/\/sigillarium.pl\/wp-content\/uploads\/2023\/01\/Niemcy-Dillenburg-Parafia-ewangelicka-pieczec-uchwyt-seal-petschaft-siegel-108x300.jpg 108w\" sizes=\"auto, (max-width: 365px) 100vw, 365px\" \/><\/figure>\n<\/div><\/div>\n\n\n\n<div class=\"wp-block-column is-layout-flow wp-block-column-is-layout-flow\" style=\"flex-basis:1%\"><\/div>\n\n\n\n<div class=\"wp-block-column is-layout-flow wp-block-column-is-layout-flow\" style=\"flex-basis:48%\">\n<style> td {font-size: 11px; color: black; font-family: Arial;} <\/style>\n<table style=\"width: 500px; height: 150px;\">\n\t<tbody><tr>\n\t\t<td style=\"background-color: #DDDDDD; width:6%; text-align: center; \"><b>1<\/b><\/td>\n\t\t<td style=\"padding-left: 8px;\">kolekcja prywatna<\/td>\n\t<\/tr>\n\t<tr>\n\t\t<td style=\"background-color: #DDDDDD; text-align: center; \"><b>2<\/b><\/td>\n<td style=\"background-color: #FFFF99; white-space: nowrap; padding-left: 8px;\"><b><big><big> <a href=\" https:\/\/de.wikipedia.org\/wiki\/Dillenburg \"> DILLENBURG [NIEMCY] <\/a> <\/big><\/big><br><big> Parafia ewangelicka (trzecia) <\/big><\/b><\/td>\n\t<\/tr>\n\t<tr>\n\t\t<td style=\"background-color: #DDDDDD; text-align: center; \"><b>3a<\/b><\/td>\n\t\t<td style=\"padding-left: 8px;\">mosi\u0105dz<\/td>\n\t<\/tr>\n\t<tr>\n\t\t<td style=\"background-color: #DDDDDD; text-align: center; \"><b>3b<\/b><\/td>\n\t\t<td style=\"padding-left: 8px;\">drewno<\/td>\n\t<\/tr>\n\t<tr>\n\t\t<td style=\"background-color: #DDDDDD; text-align: center; \"><b>4<\/b><\/td>\n\t\t<td style=\"padding-left: 8px;\">okr\u0105g\u0142a \u00d8 31,5 mm<\/td>\n\t<\/tr>\n\t<tr>\n\t\t<td style=\"background-color: #DDDDDD; text-align: center; \"><b>5<\/b><\/td>\n\t\t<td style=\"padding-left: 8px;\">wypuk\u0142oryty<\/td>\n\t<\/tr>\n\t<tr>\n\t\t<td style=\"background-color: #DDDDDD; text-align: center; \"><b>6<\/b><\/td>\n<td style=\"padding-left: 8px;\">&#8211; <\/td>\n\t<\/tr>\n<tr>\n\t\t<td style=\"background-color: #DDDDDD; text-align: center; \"><b>7<\/b><\/td>\n<td style=\"padding-left: 8px;\">matryca osadzona w mechanizmie spr\u0119\u017cynowym, uchwyt toczony o kulistej ga\u0142ce, lakierowany na czarno<\/td>\n\t<\/tr>\n\t<tr>\n\t\t<td style=\"background-color: #DDDDDD; text-align: center; \"><b>7a<\/b><\/td>\n\t\t<td style=\"padding-left: 8px;\"> 191 mm<\/td>\n\t<\/tr>\n\t<tr>\n\t\t<td style=\"background-color: #DDDDDD; text-align: center; \"><b>7b<\/b><\/td>\n<td style=\"padding-left: 8px;\"> 191 mm, w tym mechanizm spr\u0119\u017cynowy 103 mm, skuwka 8 mm (\u00d8  19 mm), r\u0119koje\u015b\u0107 80 mm <\/td>\n\t<\/tr>\n\t<tr>\n\t\t<td style=\"background-color: #DDDDDD; text-align: center; \"><b>7c<\/b><\/td>\n\t\t<td style=\"padding-left: 8px;\"> 5 mm<\/td>\n\t<\/tr>\n\t<tr>\n\t\t<td style=\"background-color: #DDDDDD; text-align: center; \"><b>8<\/b><\/td>\n<td style=\"padding-left: 8px;\">&#8211;<\/td>\n\t<\/tr>\n\t<tr>\n\t\t<td style=\"background-color: #DDDDDD; text-align: center; \"><b>9a<\/b><\/td>\n\t\t<td style=\"padding-left: 8px;\">majusku\u0142a<\/td>\n\t<\/tr>\n\t<tr>\n\t\t<td style=\"background-color: #DDDDDD; text-align: center; \"><b>9b<\/b><\/td>\n<td style=\"padding-left: 8px;\"> <br>w p\u00f3\u0142otoku g\u00f3rnym:  <b> K\u00d6NIGREICH. PREUSSEN<\/b><br>w p\u00f3\u0142otoku dolnym:<b> DILLENBURG. <\/b><br>w polu: <b> EVANG <i>(elische)<\/i> PFARREI III<\/b><br><br><\/td> \n<\/tr>\n\t<tr>\t\n\t\t<td style=\"background-color: #DDDDDD; text-align: center; \"><b>10<\/b><\/td>\n<td style=\"padding-left: 8px;\"> W polu piecz\u0119ci na belce otwarta ksi\u0119ga, otoczona promienist\u0105 glori\u0105. Pod belk\u0105 napis w jednym wierszu. Na zewn\u0105trz, wok\u00f3\u0142 pola piecz\u0119ci, pojedyncze obrze\u017cenie ci\u0105g\u0142e.<\/td>\n<\/tr>\n\t<tr>\n\t\t<td style=\"background-color: #DDDDDD; text-align: center; \"><b>11<\/b><\/td>\n<td style=\"padding-left: 8px;\">&#8211;<\/td>\n\t<\/tr>\n\t<tr>\n\t\t<td style=\"background-color: #DDDDDD; text-align: center; \"><b>12<\/b><\/td>\n<td style=\"padding-left: 8px;\">Zobacz: <a href=\" https:\/\/pl.wikipedia.org\/wiki\/Kr%C3%B3lestwo_Prus \"> Kr\u00f3lestwo Prus <\/a> <br> Na podstawie mechanizmu spr\u0119\u017cynowego cyfra 2 <\/td>\n\t<\/tr>\n<\/tbody><\/table>\n<\/div>\n<\/div>\n\n\n\n<hr class=\"wp-block-separator has-css-opacity\"\/>\n\n\n\n<div class=\"wp-block-columns is-layout-flex wp-container-core-columns-is-layout-9d6595d7 wp-block-columns-is-layout-flex\">\n<div class=\"wp-block-column is-layout-flow wp-block-column-is-layout-flow\" style=\"flex-basis:5%\"><\/div>\n\n\n\n<div class=\"wp-block-column is-vertically-aligned-center is-layout-flow wp-block-column-is-layout-flow\" style=\"flex-basis:23%\">\n<figure class=\"wp-block-gallery aligncenter has-nested-images columns-default is-cropped wp-block-gallery-10 is-layout-flex wp-block-gallery-is-layout-flex\">\n<figure class=\"wp-block-image size-full is-style-default\"><a href=\"https:\/\/sigillarium.pl\/wp-content\/uploads\/2021\/08\/Engelberg-Misja-Katolicka-pieczec-seal-petschaft-siegel-sceau-sigillarium.jpg\"><img loading=\"lazy\" decoding=\"async\" width=\"993\" height=\"1000\" data-id=\"15399\" src=\"https:\/\/sigillarium.pl\/wp-content\/uploads\/2021\/08\/Engelberg-Misja-Katolicka-pieczec-seal-petschaft-siegel-sceau-sigillarium.jpg\" alt=\"\" class=\"wp-image-15399\" srcset=\"https:\/\/sigillarium.pl\/wp-content\/uploads\/2021\/08\/Engelberg-Misja-Katolicka-pieczec-seal-petschaft-siegel-sceau-sigillarium.jpg 993w, https:\/\/sigillarium.pl\/wp-content\/uploads\/2021\/08\/Engelberg-Misja-Katolicka-pieczec-seal-petschaft-siegel-sceau-sigillarium-298x300.jpg 298w, https:\/\/sigillarium.pl\/wp-content\/uploads\/2021\/08\/Engelberg-Misja-Katolicka-pieczec-seal-petschaft-siegel-sceau-sigillarium-150x150.jpg 150w, https:\/\/sigillarium.pl\/wp-content\/uploads\/2021\/08\/Engelberg-Misja-Katolicka-pieczec-seal-petschaft-siegel-sceau-sigillarium-768x773.jpg 768w\" sizes=\"auto, (max-width: 993px) 100vw, 993px\" \/><\/a><\/figure>\n<\/figure>\n<\/div>\n\n\n\n<div class=\"wp-block-column is-layout-flow wp-block-column-is-layout-flow\" style=\"flex-basis:1%\"><\/div>\n\n\n\n<div class=\"wp-block-column is-vertically-aligned-center is-layout-flow wp-block-column-is-layout-flow\" style=\"flex-basis:22%\"><div class=\"wp-block-image\">\n<figure class=\"aligncenter size-full is-resized\"><img loading=\"lazy\" decoding=\"async\" width=\"355\" height=\"1000\" src=\"https:\/\/sigillarium.pl\/wp-content\/uploads\/2021\/08\/Engelberg-Misja-Katolicka-pieczec-uchwyt-seal-petschaft-siegel-sceau-sigillarium.jpg\" alt=\"\" class=\"wp-image-15401\" style=\"width:131px;height:369px\" srcset=\"https:\/\/sigillarium.pl\/wp-content\/uploads\/2021\/08\/Engelberg-Misja-Katolicka-pieczec-uchwyt-seal-petschaft-siegel-sceau-sigillarium.jpg 355w, https:\/\/sigillarium.pl\/wp-content\/uploads\/2021\/08\/Engelberg-Misja-Katolicka-pieczec-uchwyt-seal-petschaft-siegel-sceau-sigillarium-107x300.jpg 107w\" sizes=\"auto, (max-width: 355px) 100vw, 355px\" \/><\/figure>\n<\/div><\/div>\n\n\n\n<div class=\"wp-block-column is-layout-flow wp-block-column-is-layout-flow\" style=\"flex-basis:1%\"><\/div>\n\n\n\n<div class=\"wp-block-column is-layout-flow wp-block-column-is-layout-flow\" style=\"flex-basis:48%\">\n<style> td {font-size: 11px; color: black; font-family: Arial;} <\/style>\n<table style=\"width: 500px; height: 150px;\">\n\t<tbody><tr>\n\t\t<td style=\"background-color: #DDDDDD; width:6%; text-align: center; \"><b>1<\/b><\/td>\n\t\t<td style=\"padding-left: 8px;\">kolekcja prywatna<\/td>\n\t<\/tr>\n\t<tr>\n\t\t<td style=\"background-color: #DDDDDD; text-align: center; \"><b>2<\/b><\/td>\n<td style=\"background-color: #FFFF99; white-space: nowrap; padding-left: 8px;\"><b><big><big><a href=\"https:\/\/pl.wikipedia.org\/wiki\/Engelberg \">ENGELBERG (SZWAJCARIA) <\/a><\/big><\/big><br><big> Misja katolicka (Kamerun)<\/big><\/b><\/td>\n\t<\/tr>\n\t<tr>\n\t\t<td style=\"background-color: #DDDDDD; text-align: center; \"><b>3a<\/b><\/td>\n\t\t<td style=\"padding-left: 8px;\">mosi\u0105dz<\/td>\n\t<\/tr>\n\t<tr>\n\t\t<td style=\"background-color: #DDDDDD; text-align: center; \"><b>3b<\/b><\/td>\n\t\t<td style=\"padding-left: 8px;\">drewno <\/td>\n\t<\/tr>\n\t<tr>\n\t\t<td style=\"background-color: #DDDDDD; text-align: center; \"><b>4<\/b><\/td>\n\t\t<td style=\"padding-left: 8px;\">okr\u0105g\u0142a \u00d8 41 mm<\/td>\n\t<\/tr>\n\t<tr>\n\t\t<td style=\"background-color: #DDDDDD; text-align: center; \"><b>5<\/b><\/td>\n\t\t<td style=\"padding-left: 8px;\">wypuk\u0142oryty<\/td>\n\t<\/tr>\n\t<tr>\n\t\t<td style=\"background-color: #DDDDDD; text-align: center; \"><b>6<\/b><\/td>\n<td style=\"padding-left: 8px;\">&#8211;<\/td>\n\t<\/tr>\n<tr>\n\t\t<td style=\"background-color: #DDDDDD; text-align: center; \"><b>7<\/b><\/td>\n<td style=\"padding-left: 8px;\"> uchwyt toczony o kulistej ga\u0142ce<\/td>\n\t<\/tr>\n\t<tr>\n\t\t<td style=\"background-color: #DDDDDD; text-align: center; \"><b>7a<\/b><\/td>\n\t\t<td style=\"padding-left: 8px;\">108,5 mm<\/td>\n\t<\/tr>\n\t<tr>\n\t\t<td style=\"background-color: #DDDDDD; text-align: center; \"><b>7b<\/b><\/td>\n\t\t<td style=\"padding-left: 8px;\">99 mm, w tym skuwka 8 mm (\u00d8 16 mm) <\/td>\n\t<\/tr>\n\t<tr>\n\t\t<td style=\"background-color: #DDDDDD; text-align: center; \"><b>7c<\/b><\/td>\n\t\t<td style=\"padding-left: 8px;\">9,5 mm<\/td>\n\t<\/tr>\n\t<tr>\n\t\t<td style=\"background-color: #DDDDDD; text-align: center; \"><b>8<\/b><\/td>\n<td style=\"padding-left: 8px;\">&#8211; <\/td>\n\t<\/tr>\n\t<tr>\n\t\t<td style=\"background-color: #DDDDDD; text-align: center; \"><b>9a<\/b><\/td>\n\t\t<td style=\"padding-left: 8px;\">majusku\u0142a<\/td>\n\t<\/tr>\n\t<tr>\n\t\t<td style=\"background-color: #DDDDDD; text-align: center; \"><b>9b<\/b><\/td>\n<td style=\"padding-left: 8px;\"><br> w otoku:<b>  * KATHOLISCHE MISSION ENGELBERG (KAMERUN)<\/b><br><br><\/td> \n\t<\/tr>\n\t<tr>\n\t\t<td style=\"background-color: #DDDDDD; text-align: center; \"><b>10<\/b><\/td>\n<td style=\"padding-left: 8px;\">W polu piecz\u0119ci, oddzielonym od pola legendy pojedynczym obrze\u017ceniem ci\u0105g\u0142ym, trzy uskrzydlone p\u00f3\u0142postacie anio\u0142\u00f3w, z g\u0142owami otoczonymi nimbami. P\u00f3\u0142posta\u0107 \u015brodkowa wy\u017csza, z rozpostartymi skrzyd\u0142ami oraz mitr\u0105 zwie\u0144czon\u0105 krzy\u017cem na g\u0142owie, trzymaj\u0105ca w prawej r\u0119ce miecz, wsparta na tarczy, w kt\u00f3rej polu jest umieszczony krzy\u017c. P\u00f3\u0142posta\u0107 z prawej strony w prawej r\u0119ce trzymaj\u0105ca w\u0142\u00f3czni\u0119, lew\u0105 r\u0119k\u0119 wznosi w ge\u015bcie b\u0142ogos\u0142awie\u0144stwa. P\u00f3\u0142posta\u0107 z lewej strony, w kapeluszu z szerokim rondem (biskupim?), w lewej r\u0119ce trzymaj\u0105ca p\u0105tnicz\u0105 lask\u0119 (pastora\u0142?), praw\u0105 r\u0119k\u0119 wznosi w ge\u015bcie b\u0142ogos\u0142awie\u0144stwa. Na zewn\u0105trz, wok\u00f3\u0142 pola piecz\u0119ci, pojedyncze obrze\u017cenie ci\u0105g\u0142e. <br><\/td>\n<\/tr>\n\t<tr>\n\t\t<td style=\"background-color: #DDDDDD; text-align: center; \"><b>11<\/b><\/td>\n<td style=\"padding-left: 8px;\">&#8211;<\/td>\n\t<\/tr>\n\t<tr>\n<td style=\"background-color: #DDDDDD; text-align: center; \"><b>12<\/b><\/td>\n<td style=\"padding-left: 8px;\">Zobacz wi\u0119cej -&gt; <a href=\"https:\/\/en.wikipedia.org\/wiki\/Engelberg_Abbey \"> Klasztor Engelberg <\/a> <\/td>\n\t<\/tr>\n<\/tbody><\/table>\n<\/div>\n<\/div>\n\n\n\n<hr class=\"wp-block-separator has-css-opacity\"\/>\n\n\n\n<div class=\"wp-block-columns is-layout-flex wp-container-core-columns-is-layout-9d6595d7 wp-block-columns-is-layout-flex\">\n<div class=\"wp-block-column is-layout-flow wp-block-column-is-layout-flow\" style=\"flex-basis:5%\"><\/div>\n\n\n\n<div class=\"wp-block-column is-vertically-aligned-center is-layout-flow wp-block-column-is-layout-flow\" style=\"flex-basis:23%\">\n<figure class=\"wp-block-gallery aligncenter has-nested-images columns-default is-cropped wp-block-gallery-11 is-layout-flex wp-block-gallery-is-layout-flex\">\n<figure class=\"wp-block-image size-full is-style-default\"><a href=\"https:\/\/sigillarium.pl\/wp-content\/uploads\/2021\/03\/Hochenfels-Parafia-pieczec-seal-petschaft.jpg\"><img loading=\"lazy\" decoding=\"async\" width=\"1026\" height=\"1097\" data-id=\"12089\" src=\"https:\/\/sigillarium.pl\/wp-content\/uploads\/2021\/03\/Hochenfels-Parafia-pieczec-seal-petschaft.jpg\" alt=\"\" class=\"wp-image-12089\" srcset=\"https:\/\/sigillarium.pl\/wp-content\/uploads\/2021\/03\/Hochenfels-Parafia-pieczec-seal-petschaft.jpg 1026w, https:\/\/sigillarium.pl\/wp-content\/uploads\/2021\/03\/Hochenfels-Parafia-pieczec-seal-petschaft-281x300.jpg 281w, https:\/\/sigillarium.pl\/wp-content\/uploads\/2021\/03\/Hochenfels-Parafia-pieczec-seal-petschaft-958x1024.jpg 958w, https:\/\/sigillarium.pl\/wp-content\/uploads\/2021\/03\/Hochenfels-Parafia-pieczec-seal-petschaft-768x821.jpg 768w\" sizes=\"auto, (max-width: 1026px) 100vw, 1026px\" \/><\/a><\/figure>\n<\/figure>\n<\/div>\n\n\n\n<div class=\"wp-block-column is-layout-flow wp-block-column-is-layout-flow\" style=\"flex-basis:1%\"><\/div>\n\n\n\n<div class=\"wp-block-column is-vertically-aligned-center is-layout-flow wp-block-column-is-layout-flow\" style=\"flex-basis:22%\"><div class=\"wp-block-image\">\n<figure class=\"aligncenter size-large is-resized\"><img loading=\"lazy\" decoding=\"async\" width=\"407\" height=\"1024\" src=\"https:\/\/sigillarium.pl\/wp-content\/uploads\/2021\/03\/Hochenfels-Parafia-uchwyt.jpg\" alt=\"\" class=\"wp-image-12090\" style=\"width:130px;height:319px\" srcset=\"https:\/\/sigillarium.pl\/wp-content\/uploads\/2021\/03\/Hochenfels-Parafia-uchwyt.jpg 407w, https:\/\/sigillarium.pl\/wp-content\/uploads\/2021\/03\/Hochenfels-Parafia-uchwyt-119x300.jpg 119w\" sizes=\"auto, (max-width: 407px) 100vw, 407px\" \/><\/figure>\n<\/div><\/div>\n\n\n\n<div class=\"wp-block-column is-layout-flow wp-block-column-is-layout-flow\" style=\"flex-basis:1%\"><\/div>\n\n\n\n<div class=\"wp-block-column is-layout-flow wp-block-column-is-layout-flow\" style=\"flex-basis:48%\">\n<style> td {font-size: 11px; color: black; font-family: Arial;} <\/style>\n<table style=\"width: 500px; height: 150px;\">\n\t<tbody><tr>\n\t\t<td style=\"background-color: #DDDDDD; width:6%; text-align: center; \"><b>1<\/b><\/td>\n\t\t<td style=\"padding-left: 8px;\">kolekcja prywatna<\/td>\n\t<\/tr>\n\t<tr>\n\t\t<td style=\"background-color: #DDDDDD; text-align: center; \"><b>2<\/b><\/td>\n<td style=\"background-color: #FFFF99; white-space: nowrap; padding-left: 8px;\"><b><big><big><a href=\"https:\/\/pl.wikipedia.org\/wiki\/Hohenfels_(Bawaria) \">HOCHENFELS [NIEMCY]<\/a><\/big><\/big><br><big>Parafia \u015bw. Udalryka (Ulryka) <\/big><\/b><\/td>\n\t<\/tr>\n\t<tr>\n\t\t<td style=\"background-color: #DDDDDD; text-align: center; \"><b>3a<\/b><\/td>\n\t\t<td style=\"padding-left: 8px;\">mosi\u0105dz<\/td>\n\t<\/tr>\n\t<tr>\n\t\t<td style=\"background-color: #DDDDDD; text-align: center; \"><b>3b<\/b><\/td>\n\t\t<td style=\"padding-left: 8px;\">stal<\/td>\n\t<\/tr>\n\t<tr>\n\t\t<td style=\"background-color: #DDDDDD; text-align: center; \"><b>4<\/b><\/td>\n\t\t<td style=\"padding-left: 8px;\">owalna 28 x 26 mm<\/td>\n\t<\/tr>\n\t<tr>\n\t\t<td style=\"background-color: #DDDDDD; text-align: center; \"><b>5<\/b><\/td>\n\t\t<td style=\"padding-left: 8px;\">wkl\u0119s\u0142oryty<\/td>\n\t<\/tr>\n\t<tr>\n\t\t<td style=\"background-color: #DDDDDD; text-align: center; \"><b>6<\/b><\/td>\n<td style=\"padding-left: 8px;\">na rancie matrycy i stopki znacznik prawid\u0142owego ustawienia t\u0142oka <\/td>\n\t<\/tr>\n<tr>\n\t\t<td style=\"background-color: #DDDDDD; text-align: center; \"><b>7<\/b><\/td>\n<td style=\"padding-left: 8px;\"> uchwyt w formie graniastos\u0142upa o o\u015bmiok\u0105tnej podstawie <\/td>\n\t<\/tr>\n\t<tr>\n\t\t<td style=\"background-color: #DDDDDD; text-align: center; \"><b>7a<\/b><\/td>\n\t\t<td style=\"padding-left: 8px;\">70 mm<\/td>\n\t<\/tr>\n\t<tr>\n\t\t<td style=\"background-color: #DDDDDD; text-align: center; \"><b>7b<\/b><\/td>\n\t\t<td style=\"padding-left: 8px;\">69 mm, w tym stopka 3,5 mm, stanowi\u0105ca z r\u0119koje\u015bci\u0105 jedn\u0105 ca\u0142o\u015b\u0107 <\/td>\n\t<\/tr>\n\t<tr>\n\t\t<td style=\"background-color: #DDDDDD; text-align: center; \"><b>7c<\/b><\/td>\n\t\t<td style=\"padding-left: 8px;\">2 mm<\/td>\n\t<\/tr>\n\t<tr>\n\t\t<td style=\"background-color: #DDDDDD; text-align: center; \"><b>8<\/b><\/td>\n<td style=\"padding-left: 8px;\">&#8211; <\/td>\n\t<\/tr>\n\t<tr>\n\t\t<td style=\"background-color: #DDDDDD; text-align: center; \"><b>9a<\/b><\/td>\n\t\t<td style=\"padding-left: 8px;\">majusku\u0142a<\/td>\n\t<\/tr>\n\t<tr>\n\t\t<td style=\"background-color: #DDDDDD; text-align: center; \"><b>9b<\/b><\/td>\n<td style=\"padding-left: 8px;\"><br> w otoku:<b> SIG <i> (illum) <\/i>: PAROCH <i> (ialis)<\/i>: S <i>(ancti)<\/i>: VDALRY <i>(ci)<\/i>: HOCHENFELS <i>(is)<\/i>: <\/b><br><br><\/td> \n\t<\/tr>\n\t<tr>\n\t\t<td style=\"background-color: #DDDDDD; text-align: center; \"><b>10<\/b><\/td>\n<td style=\"padding-left: 8px;\"> W polu piecz\u0119ci posta\u0107 \u015bw. Udalryka w stroju pontyfikalnym z mitr\u0105 na g\u0142owie i nimbem, pastora\u0142em w prawej r\u0119ce i ksi\u0119g\u0105 w lewej. Na ksi\u0119dze ryba. Poni\u017cej   postaci ornament ma\u0142\u017cowinowy. Na zewn\u0105trz, wok\u00f3\u0142 pola piecz\u0119ci, pojedyncze obrze\u017cenie ci\u0105g\u0142e.<br><\/td>\n<\/tr>\n\t<tr>\n\t\t<td style=\"background-color: #DDDDDD; text-align: center; \"><b>11<\/b><\/td>\n<td style=\"padding-left: 8px;\">&#8211;<\/td>\n\t<\/tr>\n\t<tr>\n<td style=\"background-color: #DDDDDD; text-align: center; \"><b>12<\/b><\/td>\n<td style=\"padding-left: 8px;\">&#8211; <\/td>\n\t<\/tr>\n<\/tbody><\/table>\n<\/div>\n<\/div>\n\n\n\n<hr class=\"wp-block-separator has-css-opacity\"\/>\n\n\n\n<div class=\"wp-block-columns is-layout-flex wp-container-core-columns-is-layout-9d6595d7 wp-block-columns-is-layout-flex\">\n<div class=\"wp-block-column is-layout-flow wp-block-column-is-layout-flow\" style=\"flex-basis:5%\"><\/div>\n\n\n\n<div class=\"wp-block-column is-vertically-aligned-center is-layout-flow wp-block-column-is-layout-flow\" style=\"flex-basis:23%\">\n<figure class=\"wp-block-gallery aligncenter has-nested-images columns-default is-cropped wp-block-gallery-12 is-layout-flex wp-block-gallery-is-layout-flex\">\n<figure class=\"wp-block-image size-full\"><a href=\"https:\/\/sigillarium.pl\/wp-content\/uploads\/2022\/07\/Horgau-Administracja-kosciola-katolickiego-pieczec-seal-petschaft-siegel-sceau-sigillarium.jpg\"><img loading=\"lazy\" decoding=\"async\" width=\"983\" height=\"992\" data-id=\"20961\" src=\"https:\/\/sigillarium.pl\/wp-content\/uploads\/2022\/07\/Horgau-Administracja-kosciola-katolickiego-pieczec-seal-petschaft-siegel-sceau-sigillarium.jpg\" alt=\"\" class=\"wp-image-20961\" srcset=\"https:\/\/sigillarium.pl\/wp-content\/uploads\/2022\/07\/Horgau-Administracja-kosciola-katolickiego-pieczec-seal-petschaft-siegel-sceau-sigillarium.jpg 983w, https:\/\/sigillarium.pl\/wp-content\/uploads\/2022\/07\/Horgau-Administracja-kosciola-katolickiego-pieczec-seal-petschaft-siegel-sceau-sigillarium-297x300.jpg 297w, https:\/\/sigillarium.pl\/wp-content\/uploads\/2022\/07\/Horgau-Administracja-kosciola-katolickiego-pieczec-seal-petschaft-siegel-sceau-sigillarium-150x150.jpg 150w, https:\/\/sigillarium.pl\/wp-content\/uploads\/2022\/07\/Horgau-Administracja-kosciola-katolickiego-pieczec-seal-petschaft-siegel-sceau-sigillarium-768x775.jpg 768w\" sizes=\"auto, (max-width: 983px) 100vw, 983px\" \/><\/a><\/figure>\n<\/figure>\n<\/div>\n\n\n\n<div class=\"wp-block-column is-layout-flow wp-block-column-is-layout-flow\" style=\"flex-basis:1%\"><\/div>\n\n\n\n<div class=\"wp-block-column is-vertically-aligned-center is-layout-flow wp-block-column-is-layout-flow\" style=\"flex-basis:23%\"><div class=\"wp-block-image\">\n<figure class=\"aligncenter size-full is-resized\"><img loading=\"lazy\" decoding=\"async\" width=\"754\" height=\"898\" src=\"https:\/\/sigillarium.pl\/wp-content\/uploads\/2022\/07\/Horgau-Administracja-kosciola-katolickiego-pieczec-trzpien-seal-petschaft-siegel-sceau.jpg\" alt=\"\" class=\"wp-image-20962\" style=\"width:170px;height:auto\" srcset=\"https:\/\/sigillarium.pl\/wp-content\/uploads\/2022\/07\/Horgau-Administracja-kosciola-katolickiego-pieczec-trzpien-seal-petschaft-siegel-sceau.jpg 754w, https:\/\/sigillarium.pl\/wp-content\/uploads\/2022\/07\/Horgau-Administracja-kosciola-katolickiego-pieczec-trzpien-seal-petschaft-siegel-sceau-252x300.jpg 252w\" sizes=\"auto, (max-width: 754px) 100vw, 754px\" \/><\/figure>\n<\/div><\/div>\n\n\n\n<div class=\"wp-block-column is-layout-flow wp-block-column-is-layout-flow\" style=\"flex-basis:1%\"><\/div>\n\n\n\n<div class=\"wp-block-column is-layout-flow wp-block-column-is-layout-flow\" style=\"flex-basis:48%\">\n<style> td {font-size: 11px; color: black; font-family: Arial;} <\/style>\n<table style=\"width: 500px; height: 150px;\">\n\t<tr>\n\t\t<td style=\"background-color: #DDDDDD; width:6%; text-align: center; \"><b>1<\/b><\/td>\n\t\t<td style=\"padding-left: 8px;\">kolekcja prywatna<\/td>\n\t<\/tr>\n\t<tr>\n\t\t<td style=\"background-color: #DDDDDD; text-align: center; \"><b>2<\/b><\/td>\n<td style=\"background-color: #FFFF99; white-space: nowrap; padding-left: 8px;\"><b><big><big> <a href=\" https:\/\/pl.wikipedia.org\/wiki\/Horgau \"> HORGAU [NIEMCY] <\/a> <\/big><\/big><br \/><big> Administracja ko\u015bcio\u0142a katolickiego <\/big><\/td>\n\t<\/tr>\n\t<tr>\n\t\t<td style=\"background-color: #DDDDDD; text-align: center; \"><b>3a<\/b><\/td>\n\t\t<td style=\"padding-left: 8px;\">mosi\u0105dz<\/td>\n\t<\/tr>\n\t<tr>\n\t\t<td style=\"background-color: #DDDDDD; text-align: center; \"><b>3b<\/b><\/td>\n\t\t<td style=\"padding-left: 8px;\">&#8211;<\/td>\n\t<\/tr>\n\t<tr>\n\t\t<td style=\"background-color: #DDDDDD; text-align: center; \"><b>4<\/b><\/td>\n\t\t<td style=\"padding-left: 8px;\">okr\u0105g\u0142a \u00d8 29 mm<\/td>\n\t<\/tr>\n\t<tr>\n\t\t<td style=\"background-color: #DDDDDD; text-align: center; \"><b>5<\/b><\/td>\n\t\t<td style=\"padding-left: 8px;\">wypuk\u0142oryty<\/td>\n\t<\/tr>\n\t<tr>\n\t\t<td style=\"background-color: #DDDDDD; text-align: center; \"><b>6<\/b><\/td>\n<td style=\"padding-left: 8px;\">&#8211; <\/td>\n\t<\/tr>\n<tr>\n\t\t<td style=\"background-color: #DDDDDD; text-align: center; \"><b>7<\/b><\/td>\n<td style=\"padding-left: 8px;\">brak uchwytu, trzpie\u0144 do jego zamocowania<\/td>\n\t<\/tr>\n\t<tr>\n\t\t<td style=\"background-color: #DDDDDD; text-align: center; \"><b>7a<\/b><\/td>\n\t\t<td style=\"padding-left: 8px;\"> 32 mm<\/td>\n\t<\/tr>\n\t<tr>\n\t\t<td style=\"background-color: #DDDDDD; text-align: center; \"><b>7b<\/b><\/td>\n<td style=\"padding-left: 8px;\">&#8211;<\/td>\n\t<\/tr>\n\t<tr>\n\t\t<td style=\"background-color: #DDDDDD; text-align: center; \"><b>7c<\/b><\/td>\n\t\t<td style=\"padding-left: 8px;\"> 5 mm<\/td>\n\t<\/tr>\n\t<tr>\n\t\t<td style=\"background-color: #DDDDDD; text-align: center; \"><b>8<\/b><\/td>\n<td style=\"padding-left: 8px;\">&#8211;<\/td>\n\t<\/tr>\n\t<tr>\n\t\t<td style=\"background-color: #DDDDDD; text-align: center; \"><b>9a<\/b><\/td>\n\t\t<td style=\"padding-left: 8px;\">majusku\u0142a<\/td>\n\t<\/tr>\n\t<tr>\n\t\t<td style=\"background-color: #DDDDDD; text-align: center; \"><b>9b<\/b><\/td>\n<td style=\"padding-left: 8px;\"> <br \/>w otoku:  <b> CATHOL <i>(ischen)<\/i> : KIRCHEN \u2013 VERWALT <i>(ung)<\/i>: <\/b><br>w polu: <b>HORGAUER  GEREUTH <\/b><br><br><\/td> \n<\/tr>\n\t<tr>\t\n\t\t<td style=\"background-color: #DDDDDD; text-align: center; \"><b>10<\/b><\/td>\n<td style=\"padding-left: 8px;\"> W polu piecz\u0119ci nazwa miejscowo\u015bci w dw\u00f3ch wierszach, poni\u017cej krzy\u017c. Na zewn\u0105trz, wok\u00f3\u0142 pola piecz\u0119ci, pojedyncze obrze\u017cenie ci\u0105g\u0142e.<\/td>\n<\/tr>\n\t<tr>\n\t\t<td style=\"background-color: #DDDDDD; text-align: center; \"><b>11<\/b><\/td>\n<td style=\"padding-left: 8px;\">&#8211;<\/td>\n\t<\/tr>\n\t<tr>\n\t\t<td style=\"background-color: #DDDDDD; text-align: center; \"><b>12<\/b><\/td>\n<td style=\"padding-left: 8px;\">&#8211;<\/td>\n\t<\/tr>\n<\/table>\n\n\n\n<p> <a rel=\"noreferrer noopener\" href=\"http:\/\/sigillarium.pl\/index.php\/legenda-do-opisu-tloka-pieczetnego\/\" target=\"_blank\">Legenda<\/a><\/p>\n<\/div>\n<\/div>\n\n\n\n<hr class=\"wp-block-separator has-alpha-channel-opacity\"\/>\n\n\n\n<div class=\"wp-block-columns is-layout-flex wp-container-core-columns-is-layout-9d6595d7 wp-block-columns-is-layout-flex\">\n<div class=\"wp-block-column is-layout-flow wp-block-column-is-layout-flow\" style=\"flex-basis:5%\"><\/div>\n\n\n\n<div class=\"wp-block-column is-vertically-aligned-center is-layout-flow wp-block-column-is-layout-flow\" style=\"flex-basis:23%\">\n<figure class=\"wp-block-gallery aligncenter has-nested-images columns-default is-cropped wp-block-gallery-13 is-layout-flex wp-block-gallery-is-layout-flex\">\n<figure class=\"wp-block-image size-large is-style-default\"><a href=\"https:\/\/sigillarium.pl\/wp-content\/uploads\/2022\/04\/HORGAU2.jpg\"><img loading=\"lazy\" decoding=\"async\" width=\"1022\" height=\"1024\" data-id=\"20351\" src=\"https:\/\/sigillarium.pl\/wp-content\/uploads\/2022\/04\/HORGAU2-1022x1024.jpg\" alt=\"\" class=\"wp-image-20351\" srcset=\"https:\/\/sigillarium.pl\/wp-content\/uploads\/2022\/04\/HORGAU2-1022x1024.jpg 1022w, https:\/\/sigillarium.pl\/wp-content\/uploads\/2022\/04\/HORGAU2-300x300.jpg 300w, https:\/\/sigillarium.pl\/wp-content\/uploads\/2022\/04\/HORGAU2-150x150.jpg 150w, https:\/\/sigillarium.pl\/wp-content\/uploads\/2022\/04\/HORGAU2-768x769.jpg 768w, https:\/\/sigillarium.pl\/wp-content\/uploads\/2022\/04\/HORGAU2.jpg 1028w\" sizes=\"auto, (max-width: 1022px) 100vw, 1022px\" \/><\/a><\/figure>\n<\/figure>\n<\/div>\n\n\n\n<div class=\"wp-block-column is-layout-flow wp-block-column-is-layout-flow\" style=\"flex-basis:1%\"><\/div>\n\n\n\n<div class=\"wp-block-column is-vertically-aligned-center is-layout-flow wp-block-column-is-layout-flow\" style=\"flex-basis:22%\"><div class=\"wp-block-image\">\n<figure class=\"aligncenter size-full is-resized\"><img loading=\"lazy\" decoding=\"async\" width=\"372\" height=\"910\" src=\"https:\/\/sigillarium.pl\/wp-content\/uploads\/2022\/04\/HORGAU1.jpg\" alt=\"\" class=\"wp-image-20352\" style=\"aspect-ratio:0.40771349862258954;width:135px;height:auto\" srcset=\"https:\/\/sigillarium.pl\/wp-content\/uploads\/2022\/04\/HORGAU1.jpg 372w, https:\/\/sigillarium.pl\/wp-content\/uploads\/2022\/04\/HORGAU1-123x300.jpg 123w\" sizes=\"auto, (max-width: 372px) 100vw, 372px\" \/><\/figure>\n<\/div><\/div>\n\n\n\n<div class=\"wp-block-column is-layout-flow wp-block-column-is-layout-flow\" style=\"flex-basis:1%\"><\/div>\n\n\n\n<div class=\"wp-block-column is-layout-flow wp-block-column-is-layout-flow\" style=\"flex-basis:48%\">\n<style> td {font-size: 11px; color: black; font-family: Arial;} <\/style>\n<table style=\"width: 500px; height: 150px;\">\n\t<tbody><tr>\n\t\t<td style=\"background-color: #DDDDDD; width:6%; text-align: center; \"><b>1<\/b><\/td>\n\t\t<td style=\"padding-left: 8px;\">kolekcja prywatna<\/td>\n\t<\/tr>\n\t<tr>\n\t\t<td style=\"background-color: #DDDDDD; text-align: center; \"><b>2<\/b><\/td>\n<td style=\"background-color: #FFFF99; white-space: nowrap; padding-left: 8px;\"><b><big><big> <a href=\"https:\/\/pl.wikipedia.org\/wiki\/Horgau \"> HORGAU [NIEMCY] <\/a> <\/big><\/big><br><big> Administrator maj\u0105tku ko\u015bcio\u0142a katolickiego <\/big><\/b><\/td>\n\t<\/tr>\n\t<tr>\n\t\t<td style=\"background-color: #DDDDDD; text-align: center; \"><b>3a<\/b><\/td>\n\t\t<td style=\"padding-left: 8px;\">mosi\u0105dz<\/td>\n\t<\/tr>\n\t<tr>\n\t\t<td style=\"background-color: #DDDDDD; text-align: center; \"><b>3b<\/b><\/td>\n\t\t<td style=\"padding-left: 8px;\">stal<\/td>\n\t<\/tr>\n\t<tr>\n\t\t<td style=\"background-color: #DDDDDD; text-align: center; \"><b>4<\/b><\/td>\n\t\t<td style=\"padding-left: 8px;\">okr\u0105g\u0142a \u00d8 26,5 mm<\/td>\n\t<\/tr>\n\t<tr>\n\t\t<td style=\"background-color: #DDDDDD; text-align: center; \"><b>5<\/b><\/td>\n\t\t<td style=\"padding-left: 8px;\">wkl\u0119s\u0142oryty<\/td>\n\t<\/tr>\n\t<tr>\n\t\t<td style=\"background-color: #DDDDDD; text-align: center; \"><b>6<\/b><\/td>\n<td style=\"padding-left: 8px;\">&#8211;<\/td>\n\t<\/tr>\n<tr>\n\t\t<td style=\"background-color: #DDDDDD; text-align: center; \"><b>7<\/b><\/td>\n<td style=\"padding-left: 8px;\">uchwyt w formie prostopad\u0142o\u015bcianu o o\u015bmiok\u0105tnej podstawie, na uchwycie znacznik prawid\u0142owego ustawienia t\u0142oka<\/td>\n\t<\/tr>\n\t<tr>\n\t\t<td style=\"background-color: #DDDDDD; text-align: center; \"><b>7a<\/b><\/td>\n\t\t<td style=\"padding-left: 8px;\"> 64 mm<\/td>\n\t<\/tr>\n\t<tr>\n\t\t<td style=\"background-color: #DDDDDD; text-align: center; \"><b>7b<\/b><\/td>\n<td style=\"padding-left: 8px;\"> 60,5 mm, w tym stopka 16 mm, stanowi\u0105ca z r\u0119koje\u015bci\u0105 jednolit\u0105 ca\u0142o\u015b\u0107 <\/td>\n\t<\/tr>\n\t<tr>\n\t\t<td style=\"background-color: #DDDDDD; text-align: center; \"><b>7c<\/b><\/td>\n\t\t<td style=\"padding-left: 8px;\"> 3,5 mm<\/td>\n\t<\/tr>\n\t<tr>\n\t\t<td style=\"background-color: #DDDDDD; text-align: center; \"><b>8<\/b><\/td>\n<td style=\"padding-left: 8px;\">&#8211;<\/td>\n\t<\/tr>\n\t<tr>\n\t\t<td style=\"background-color: #DDDDDD; text-align: center; \"><b>9a<\/b><\/td>\n\t\t<td style=\"padding-left: 8px;\">majusku\u0142a<\/td>\n\t<\/tr>\n\t<tr>\n\t\t<td style=\"background-color: #DDDDDD; text-align: center; \"><b>9b<\/b><\/td>\n<td style=\"padding-left: 8px;\"> <br>w otoku:  <b> * VERWALT <i>(er)<\/i> : D <i>(er)<\/i> : KATH <i>(olischen) <\/i>: KIRCHEN=VERM\u00d6GENS <\/b><br> w polu: <b> HORGAU <\/b><br><br><\/td> \n<\/tr>\n\t<tr>\t\n\t\t<td style=\"background-color: #DDDDDD; text-align: center; \"><b>10<\/b><\/td>\n<td style=\"padding-left: 8px;\"> W polu piecz\u0119ci nazwa miejscowo\u015bci. Na zewn\u0105trz, wok\u00f3\u0142 pola legendy, pojedyncze obrze\u017cenie ci\u0105g\u0142e.<\/td>\n<\/tr>\n\t<tr>\n\t\t<td style=\"background-color: #DDDDDD; text-align: center; \"><b>11<\/b><\/td>\n<td style=\"padding-left: 8px;\">&#8211;<\/td>\n\t<\/tr>\n\t<tr>\n\t\t<td style=\"background-color: #DDDDDD; text-align: center; \"><b>12<\/b><\/td>\n<td style=\"padding-left: 8px;\">&#8211;<\/td>\n\t<\/tr>\n<\/tbody><\/table>\n<\/div>\n<\/div>\n\n\n\n<hr class=\"wp-block-separator has-alpha-channel-opacity\"\/>\n\n\n\n<div class=\"wp-block-columns is-layout-flex wp-container-core-columns-is-layout-9d6595d7 wp-block-columns-is-layout-flex\">\n<div class=\"wp-block-column is-layout-flow wp-block-column-is-layout-flow\" style=\"flex-basis:5%\"><\/div>\n\n\n\n<div class=\"wp-block-column is-vertically-aligned-center is-layout-flow wp-block-column-is-layout-flow\" style=\"flex-basis:23%\">\n<figure class=\"wp-block-gallery aligncenter has-nested-images columns-default is-cropped wp-block-gallery-14 is-layout-flex wp-block-gallery-is-layout-flex\">\n<figure class=\"wp-block-image size-large\"><a href=\"https:\/\/sigillarium.pl\/wp-content\/uploads\/2022\/05\/Horgau-Kosciol-katolicki-pieczec-seal-petschaft-siegel-sceau-sigillarium.jpg\"><img loading=\"lazy\" decoding=\"async\" width=\"1024\" height=\"1019\" data-id=\"20782\" src=\"https:\/\/sigillarium.pl\/wp-content\/uploads\/2022\/05\/Horgau-Kosciol-katolicki-pieczec-seal-petschaft-siegel-sceau-sigillarium-1024x1019.jpg\" alt=\"\" class=\"wp-image-20782\" srcset=\"https:\/\/sigillarium.pl\/wp-content\/uploads\/2022\/05\/Horgau-Kosciol-katolicki-pieczec-seal-petschaft-siegel-sceau-sigillarium-1024x1019.jpg 1024w, https:\/\/sigillarium.pl\/wp-content\/uploads\/2022\/05\/Horgau-Kosciol-katolicki-pieczec-seal-petschaft-siegel-sceau-sigillarium-300x300.jpg 300w, https:\/\/sigillarium.pl\/wp-content\/uploads\/2022\/05\/Horgau-Kosciol-katolicki-pieczec-seal-petschaft-siegel-sceau-sigillarium-150x150.jpg 150w, https:\/\/sigillarium.pl\/wp-content\/uploads\/2022\/05\/Horgau-Kosciol-katolicki-pieczec-seal-petschaft-siegel-sceau-sigillarium-768x764.jpg 768w, https:\/\/sigillarium.pl\/wp-content\/uploads\/2022\/05\/Horgau-Kosciol-katolicki-pieczec-seal-petschaft-siegel-sceau-sigillarium.jpg 1037w\" sizes=\"auto, (max-width: 1024px) 100vw, 1024px\" \/><\/a><\/figure>\n<\/figure>\n<\/div>\n\n\n\n<div class=\"wp-block-column is-layout-flow wp-block-column-is-layout-flow\" style=\"flex-basis:1%\"><\/div>\n\n\n\n<div class=\"wp-block-column is-vertically-aligned-center is-layout-flow wp-block-column-is-layout-flow\" style=\"flex-basis:23%\"><div class=\"wp-block-image\">\n<figure class=\"aligncenter size-full is-resized\"><img loading=\"lazy\" decoding=\"async\" width=\"398\" height=\"927\" src=\"https:\/\/sigillarium.pl\/wp-content\/uploads\/2022\/05\/Horgau-Kosciol-katolicki-pieczec-uchwyt-seal-petschaft-siegel-sceau-sigillarium.jpg\" alt=\"\" class=\"wp-image-20783\" style=\"aspect-ratio:0.4277456647398844;width:138px;height:auto\" srcset=\"https:\/\/sigillarium.pl\/wp-content\/uploads\/2022\/05\/Horgau-Kosciol-katolicki-pieczec-uchwyt-seal-petschaft-siegel-sceau-sigillarium.jpg 398w, https:\/\/sigillarium.pl\/wp-content\/uploads\/2022\/05\/Horgau-Kosciol-katolicki-pieczec-uchwyt-seal-petschaft-siegel-sceau-sigillarium-129x300.jpg 129w\" sizes=\"auto, (max-width: 398px) 100vw, 398px\" \/><\/figure>\n<\/div><\/div>\n\n\n\n<div class=\"wp-block-column is-layout-flow wp-block-column-is-layout-flow\" style=\"flex-basis:1%\"><\/div>\n\n\n\n<div class=\"wp-block-column is-layout-flow wp-block-column-is-layout-flow\" style=\"flex-basis:48%\">\n<style> td {font-size: 11px; color: black; font-family: Arial;} <\/style>\n<table style=\"width: 500px; height: 150px;\">\n\t<tr>\n\t\t<td style=\"background-color: #DDDDDD; width:6%; text-align: center; \"><b>1<\/b><\/td>\n\t\t<td style=\"padding-left: 8px;\">kolekcja prywatna<\/td>\n\t<\/tr>\n\t<tr>\n\t\t<td style=\"background-color: #DDDDDD; text-align: center; \"><b>2<\/b><\/td>\n<td style=\"background-color: #FFFF99; white-space: nowrap; padding-left: 8px;\"><b><big><big> <a href=\"https:\/\/pl.wikipedia.org\/wiki\/Horgau \"> HORGAU [NIEMCY] <\/a> <\/big><\/big><br \/><big> Parafia katolicka <\/big><\/td>\n\t<\/tr>\n\t<tr>\n\t\t<td style=\"background-color: #DDDDDD; text-align: center; \"><b>3a<\/b><\/td>\n\t\t<td style=\"padding-left: 8px;\">mosi\u0105dz<\/td>\n\t<\/tr>\n\t<tr>\n\t\t<td style=\"background-color: #DDDDDD; text-align: center; \"><b>3b<\/b><\/td>\n\t\t<td style=\"padding-left: 8px;\">stal<\/td>\n\t<\/tr>\n\t<tr>\n\t\t<td style=\"background-color: #DDDDDD; text-align: center; \"><b>4<\/b><\/td>\n\t\t<td style=\"padding-left: 8px;\">okr\u0105g\u0142a \u00d8 29 mm<\/td>\n\t<\/tr>\n\t<tr>\n\t\t<td style=\"background-color: #DDDDDD; text-align: center; \"><b>5<\/b><\/td>\n\t\t<td style=\"padding-left: 8px;\">wkl\u0119s\u0142oryty<\/td>\n\t<\/tr>\n\t<tr>\n\t\t<td style=\"background-color: #DDDDDD; text-align: center; \"><b>6<\/b><\/td>\n<td style=\"padding-left: 8px;\">&#8211;<\/td>\n\t<\/tr>\n<tr>\n\t\t<td style=\"background-color: #DDDDDD; text-align: center; \"><b>7<\/b><\/td>\n<td style=\"padding-left: 8px;\">uchwyt o formie prostopad\u0142o\u015bcianu o o\u015bmiok\u0105tnej podstawie, na r\u0119koje\u015bci znacznik prawid\u0142owego ustawienia t\u0142oka<\/td>\n\t<\/tr>\n\t<tr>\n\t\t<td style=\"background-color: #DDDDDD; text-align: center; \"><b>7a<\/b><\/td>\n\t\t<td style=\"padding-left: 8px;\"> 64 mm<\/td>\n\t<\/tr>\n\t<tr>\n\t\t<td style=\"background-color: #DDDDDD; text-align: center; \"><b>7b<\/b><\/td>\n<td style=\"padding-left: 8px;\"> 61,5 mm, w tym stopka 15 mm, stanowi\u0105ca z r\u0119koje\u015bci\u0105 jednolit\u0105 ca\u0142o\u015b\u0107 <\/td>\n\t<\/tr>\n\t<tr>\n\t\t<td style=\"background-color: #DDDDDD; text-align: center; \"><b>7c<\/b><\/td>\n\t\t<td style=\"padding-left: 8px;\"> 3,5 mm<\/td>\n\t<\/tr>\n\t<tr>\n\t\t<td style=\"background-color: #DDDDDD; text-align: center; \"><b>8<\/b><\/td>\n<td style=\"padding-left: 8px;\">&#8211;<\/td>\n\t<\/tr>\n\t<tr>\n\t\t<td style=\"background-color: #DDDDDD; text-align: center; \"><b>9a<\/b><\/td>\n\t\t<td style=\"padding-left: 8px;\">majusku\u0142a<\/td>\n\t<\/tr>\n\t<tr>\n\t\t<td style=\"background-color: #DDDDDD; text-align: center; \"><b>9b<\/b><\/td>\n<td style=\"padding-left: 8px;\"> <br \/>w otoku:  <b> SIGILLUM  PAROCHIAE  CATHOLICAE \/\/ HORGAU <\/b><br><br><\/td> \n<\/tr>\n\t<tr>\t\n\t\t<td style=\"background-color: #DDDDDD; text-align: center; \"><b>10<\/b><\/td>\n<td style=\"padding-left: 8px;\"> W polu piecz\u0119ci, na postumencie, jad\u0105ca konno posta\u0107 \u015bw.  Marcina z nimbem ponad g\u0142ow\u0105, odcinaj\u0105ca mieczem fragment swojej szaty. Po lewej posta\u0107 kl\u0119cz\u0105cego p\u00f3\u0142nagiego \u017cebraka. Na zewn\u0105trz, wok\u00f3\u0142 pola piecz\u0119ci, pojedyncze obrze\u017cenie ci\u0105g\u0142e.<\/td>\n<\/tr>\n\t<tr>\n\t\t<td style=\"background-color: #DDDDDD; text-align: center; \"><b>11<\/b><\/td>\n<td style=\"padding-left: 8px;\">&#8211;<\/td>\n\t<\/tr>\n\t<tr>\n\t\t<td style=\"background-color: #DDDDDD; text-align: center; \"><b>12<\/b><\/td>\n<td style=\"padding-left: 8px;\">&#8211;<\/td>\n\t<\/tr>\n<\/table>\n\n\n\n<p> <a rel=\"noreferrer noopener\" href=\"http:\/\/sigillarium.pl\/index.php\/legenda-do-opisu-tloka-pieczetnego\/\" target=\"_blank\">Legenda<\/a><\/p>\n<\/div>\n<\/div>\n\n\n\n<hr class=\"wp-block-separator has-css-opacity\"\/>\n\n\n\n<div class=\"wp-block-columns is-layout-flex wp-container-core-columns-is-layout-9d6595d7 wp-block-columns-is-layout-flex\">\n<div class=\"wp-block-column is-layout-flow wp-block-column-is-layout-flow\" style=\"flex-basis:5%\"><\/div>\n\n\n\n<div class=\"wp-block-column is-vertically-aligned-center is-layout-flow wp-block-column-is-layout-flow\" style=\"flex-basis:23%\">\n<figure class=\"wp-block-gallery aligncenter has-nested-images columns-default is-cropped wp-block-gallery-15 is-layout-flex wp-block-gallery-is-layout-flex\">\n<figure class=\"wp-block-image size-full is-style-default\"><a href=\"https:\/\/sigillarium.pl\/wp-content\/uploads\/2021\/01\/Laka-pieczec.jpg\"><img loading=\"lazy\" decoding=\"async\" width=\"986\" height=\"984\" data-id=\"10814\" src=\"https:\/\/sigillarium.pl\/wp-content\/uploads\/2021\/01\/Laka-pieczec.jpg\" alt=\"\" class=\"wp-image-10814\" srcset=\"https:\/\/sigillarium.pl\/wp-content\/uploads\/2021\/01\/Laka-pieczec.jpg 986w, https:\/\/sigillarium.pl\/wp-content\/uploads\/2021\/01\/Laka-pieczec-300x300.jpg 300w, https:\/\/sigillarium.pl\/wp-content\/uploads\/2021\/01\/Laka-pieczec-150x150.jpg 150w, https:\/\/sigillarium.pl\/wp-content\/uploads\/2021\/01\/Laka-pieczec-768x766.jpg 768w\" sizes=\"auto, (max-width: 986px) 100vw, 986px\" \/><\/a><\/figure>\n<\/figure>\n<\/div>\n\n\n\n<div class=\"wp-block-column is-layout-flow wp-block-column-is-layout-flow\" style=\"flex-basis:1%\"><\/div>\n\n\n\n<div class=\"wp-block-column is-vertically-aligned-center is-layout-flow wp-block-column-is-layout-flow\" style=\"flex-basis:22%\"><div class=\"wp-block-image\">\n<figure class=\"aligncenter size-large is-resized\"><img loading=\"lazy\" decoding=\"async\" width=\"305\" height=\"1002\" src=\"https:\/\/sigillarium.pl\/wp-content\/uploads\/2021\/01\/Laka-pieczec-uchwyt.jpg\" alt=\"\" class=\"wp-image-10813\" style=\"width:114px;height:372px\" srcset=\"https:\/\/sigillarium.pl\/wp-content\/uploads\/2021\/01\/Laka-pieczec-uchwyt.jpg 305w, https:\/\/sigillarium.pl\/wp-content\/uploads\/2021\/01\/Laka-pieczec-uchwyt-91x300.jpg 91w\" sizes=\"auto, (max-width: 305px) 100vw, 305px\" \/><\/figure>\n<\/div><\/div>\n\n\n\n<div class=\"wp-block-column is-layout-flow wp-block-column-is-layout-flow\" style=\"flex-basis:1%\"><\/div>\n\n\n\n<div class=\"wp-block-column is-layout-flow wp-block-column-is-layout-flow\" style=\"flex-basis:48%\">\n<style> td {font-size: 11px; color: black; font-family: Arial;} <\/style>\n<table style=\"width: 500px; height: 150px;\">\n\t<tr>\n\t\t<td style=\"background-color: #DDDDDD; width:6%; text-align: center; \"><b>1<\/b><\/td>\n\t\t<td style=\"padding-left: 8px;\">kolekcja prywatna<\/td>\n\t<\/tr>\n\t<tr>\n\t\t<td style=\"background-color: #DDDDDD; text-align: center; \"><b>2<\/b><\/td>\n<td style=\"background-color: #FFFF99; white-space: nowrap; padding-left: 8px;\"><b><big><big><a href=\" https:\/\/pl.wikipedia.org\/wiki\/%C5%81%C4%85ki_(Karwina)\"> \u0141\u0104KI (KARWINA) [CZECHY] <\/a> <\/big><\/big><\/b><br \/><b><big>Ko\u015bci\u00f3\u0142<\/big><\/b><\/td>\n\t<\/tr>\n\t<tr>\n\t\t<td style=\"background-color: #DDDDDD; text-align: center; \"><b>3a<\/b><\/td>\n\t\t<td style=\"padding-left: 8px;\">mosi\u0105dz<\/td>\n\t<\/tr>\n\t<tr>\n\t\t<td style=\"background-color: #DDDDDD; text-align: center; \"><b>3b<\/b><\/td>\n\t\t<td style=\"padding-left: 8px;\">drewno<\/td>\n\t<\/tr>\n\t<tr>\n\t\t<td style=\"background-color: #DDDDDD; text-align: center; \"><b>4<\/b><\/td>\n\t\t<td style=\"padding-left: 8px;\">okr\u0105g\u0142a  \u00d8  32,5 mm<\/td>\n\t<\/tr>\n\t<tr>\n\t\t<td style=\"background-color: #DDDDDD; text-align: center; \"><b>5<\/b><\/td>\n\t\t<td style=\"padding-left: 8px;\">wypuk\u0142oryty<\/td>\n\t<\/tr>\n\t<tr>\n\t\t<td style=\"background-color: #DDDDDD; text-align: center; \"><b>6<\/b><\/td>\n<td style=\"padding-left: 8px;\">na rancie matrycy znacznik prawid\u0142owego ustawienia t\u0142oka <\/td>\n\t<\/tr>\n<tr>\n\t\t<td style=\"background-color: #DDDDDD; text-align: center; \"><b>7<\/b><\/td>\n<td style=\"padding-left: 8px;\">uchwyt toczony o sp\u0142aszczonej ga\u0142ce<td>\n\t<\/tr>\n\t<tr>\n\t\t<td style=\"background-color: #DDDDDD; text-align: center; \"><b>7a<\/b><\/td>\n\t\t<td style=\"padding-left: 8px;\"> 114 mm<\/td>\n\t<\/tr>\n\t<tr>\n\t\t<td style=\"background-color: #DDDDDD; text-align: center; \"><b>7b<\/b><\/td>\n\t\t<td style=\"padding-left: 8px;\"> 108,5 mm, w tym cok\u00f3\u0142 14 mm oraz skuwka 7 mm (\u00d8 14,5 mm), matryca z coko\u0142em stanowi\u0105 jedn\u0105 ca\u0142o\u015b\u0107<\/td>\n\t<\/tr>\n\t<tr>\n\t\t<td style=\"background-color: #DDDDDD; text-align: center; \"><b>7c<\/b><\/td>\n\t\t<td style=\"padding-left: 8px;\">  5,5 mm<\/td>\n\t<\/tr>\n\t<tr>\n\t\t<td style=\"background-color: #DDDDDD; text-align: center; \"><b>8<\/b><\/td>\n<td style=\"padding-left: 8px;\"> &#8211;<\/td>\n\t<\/tr>\n\t<tr>\n\t\t<td style=\"background-color: #DDDDDD; text-align: center; \"><b>9a<\/b><\/td>\n\t\t<td style=\"padding-left: 8px;\">majusku\u0142a<\/td>\n\t<\/tr>\n\t<tr>\n\t\t<td style=\"background-color: #DDDDDD; text-align: center; \"><b>9b<\/b><\/td>\n<td style=\"padding-left: 8px;\"><br \/> w otoku: <b> + SIGILLUM ECCLESIAE LOC <i> (alis)<\/i>. LONCENSIS <\/b><br \/> w polu: <b> S <i>(anc)<\/i> T <i>(ae).<\/i> \/\/ BARBARAE <br \/><br \/><\/td>\n\t<\/tr>\n\t<tr>\n\t\t<td style=\"background-color: #DDDDDD; text-align: center; \"><b>10<\/b><\/td>\n<td style=\"padding-left: 8px;\"> W polu piecz\u0119ci, oddzielonym od pola legendy pojedynczym obrze\u017ceniem ci\u0105g\u0142ym, napis w dw\u00f3ch wierszach. Poni\u017cej element ozdobny w pas. Na zewn\u0105trz, wok\u00f3\u0142 pola piecz\u0119ci, pojedyncze obrze\u017cenie ci\u0105g\u0142e.<\/tr>\n\t<tr>\n\t\t<td style=\"background-color: #DDDDDD; text-align: center; \"><b>11<\/b><\/td>\n<td style=\"padding-left: 8px;\">&#8211;<\/td>\n\t<\/tr>\n\t<tr>\n\t\t<td style=\"background-color: #DDDDDD; text-align: center; \"><b>12<\/b><\/td>\n\t\t<td style=\"padding-left: 8px;\">&#8211;<\/td>\n\t<\/tr>\n<\/table>\n<\/div>\n<\/div>\n\n\n\n<hr class=\"wp-block-separator has-css-opacity\"\/>\n\n\n\n<div class=\"wp-block-columns is-layout-flex wp-container-core-columns-is-layout-9d6595d7 wp-block-columns-is-layout-flex\">\n<div class=\"wp-block-column is-layout-flow wp-block-column-is-layout-flow\" style=\"flex-basis:5%\"><\/div>\n\n\n\n<div class=\"wp-block-column is-vertically-aligned-center is-layout-flow wp-block-column-is-layout-flow\" style=\"flex-basis:23%\">\n<figure class=\"wp-block-gallery aligncenter has-nested-images columns-default is-cropped wp-block-gallery-16 is-layout-flex wp-block-gallery-is-layout-flex\">\n<figure class=\"wp-block-image size-full is-style-default\"><a href=\"https:\/\/sigillarium.pl\/wp-content\/uploads\/2021\/04\/Meopham-peace-celebration-1919-pieczec-seal-petschaft.jpg\"><img loading=\"lazy\" decoding=\"async\" width=\"727\" height=\"1013\" data-id=\"12477\" src=\"https:\/\/sigillarium.pl\/wp-content\/uploads\/2021\/04\/Meopham-peace-celebration-1919-pieczec-seal-petschaft.jpg\" alt=\"\" class=\"wp-image-12477\" srcset=\"https:\/\/sigillarium.pl\/wp-content\/uploads\/2021\/04\/Meopham-peace-celebration-1919-pieczec-seal-petschaft.jpg 727w, https:\/\/sigillarium.pl\/wp-content\/uploads\/2021\/04\/Meopham-peace-celebration-1919-pieczec-seal-petschaft-215x300.jpg 215w\" sizes=\"auto, (max-width: 727px) 100vw, 727px\" \/><\/a><\/figure>\n<\/figure>\n<\/div>\n\n\n\n<div class=\"wp-block-column is-layout-flow wp-block-column-is-layout-flow\" style=\"flex-basis:1%\"><\/div>\n\n\n\n<div class=\"wp-block-column is-vertically-aligned-center is-layout-flow wp-block-column-is-layout-flow\" style=\"flex-basis:22%\"><div class=\"wp-block-image\">\n<figure class=\"aligncenter size-large is-resized\"><img loading=\"lazy\" decoding=\"async\" width=\"757\" height=\"838\" src=\"https:\/\/sigillarium.pl\/wp-content\/uploads\/2021\/04\/Meopham-peace-celebration-1919-pieczec-seal-petschaft-uchwyt.jpg\" alt=\"\" class=\"wp-image-12478\" style=\"width:187px;height:213px\" srcset=\"https:\/\/sigillarium.pl\/wp-content\/uploads\/2021\/04\/Meopham-peace-celebration-1919-pieczec-seal-petschaft-uchwyt.jpg 757w, https:\/\/sigillarium.pl\/wp-content\/uploads\/2021\/04\/Meopham-peace-celebration-1919-pieczec-seal-petschaft-uchwyt-271x300.jpg 271w\" sizes=\"auto, (max-width: 757px) 100vw, 757px\" \/><\/figure>\n<\/div><\/div>\n\n\n\n<div class=\"wp-block-column is-layout-flow wp-block-column-is-layout-flow\" style=\"flex-basis:1%\"><\/div>\n\n\n\n<div class=\"wp-block-column is-layout-flow wp-block-column-is-layout-flow\" style=\"flex-basis:48%\">\n<style> td {font-size: 11px; color: black; font-family: Arial;} <\/style>\n<table style=\"width: 500px; height: 150px;\">\n\t<tbody><tr>\n\t\t<td style=\"background-color: #DDDDDD; width:6%; text-align: center; \"><b>1<\/b><\/td>\n\t\t<td style=\"padding-left: 8px;\">kolekcja prywatna<\/td>\n\t<\/tr>\n\t<tr>\n\t\t<td style=\"background-color: #DDDDDD; text-align: center; \"><b>2<\/b><\/td>\n<td style=\"background-color: #FFFF99; white-space: nowrap; padding-left: 8px;\"><b><big><big><a href=\"https:\/\/pl.wikipedia.org\/wiki\/Meopham \">MEOPHAM [WIELKA BRYTANIA] <\/a><\/big><\/big><br><big> \u015awi\u0119to pokoju<\/big><\/b><\/td>\n\t<\/tr>\n\t<tr>\n\t\t<td style=\"background-color: #DDDDDD; text-align: center; \"><b>3a<\/b><\/td>\n\t\t<td style=\"padding-left: 8px;\">mosi\u0105dz<\/td>\n\t<\/tr>\n\t<tr>\n\t\t<td style=\"background-color: #DDDDDD; text-align: center; \"><b>3b<\/b><\/td>\n\t\t<td style=\"padding-left: 8px;\">mosi\u0105dz <\/td>\n\t<\/tr>\n\t<tr>\n\t\t<td style=\"background-color: #DDDDDD; text-align: center; \"><b>4<\/b><\/td>\n\t\t<td style=\"padding-left: 8px;\">ostroowalna 25 x 18 mm<\/td>\n\t<\/tr>\n\t<tr>\n\t\t<td style=\"background-color: #DDDDDD; text-align: center; \"><b>5<\/b><\/td>\n\t\t<td style=\"padding-left: 8px;\">wkl\u0119s\u0142oryty<\/td>\n\t<\/tr>\n\t<tr>\n\t\t<td style=\"background-color: #DDDDDD; text-align: center; \"><b>6<\/b><\/td>\n<td style=\"padding-left: 8px;\">&#8211; <\/td>\n\t<\/tr>\n<tr>\n\t\t<td style=\"background-color: #DDDDDD; text-align: center; \"><b>7<\/b><\/td>\n<td style=\"padding-left: 8px;\"> uchwyt sp\u0142aszczony o formie zbli\u017conej do gotyckiej litery M, zwie\u0144czony ma\u0142ym pier\u015bcieniem z otworem<\/td>\n\t<\/tr>\n\t<tr>\n\t\t<td style=\"background-color: #DDDDDD; text-align: center; \"><b>7a<\/b><\/td>\n\t\t<td style=\"padding-left: 8px;\">25 mm<\/td>\n\t<\/tr>\n\t<tr>\n\t\t<td style=\"background-color: #DDDDDD; text-align: center; \"><b>7b<\/b><\/td>\n\t\t<td style=\"padding-left: 8px;\">23 mm <\/td>\n\t<\/tr>\n\t<tr>\n\t\t<td style=\"background-color: #DDDDDD; text-align: center; \"><b>7c<\/b><\/td>\n\t\t<td style=\"padding-left: 8px;\">2 mm<\/td>\n\t<\/tr>\n\t<tr>\n\t\t<td style=\"background-color: #DDDDDD; text-align: center; \"><b>8<\/b><\/td>\n<td style=\"padding-left: 8px;\">&#8211; <\/td>\n\t<\/tr>\n\t<tr>\n\t\t<td style=\"background-color: #DDDDDD; text-align: center; \"><b>9a<\/b><\/td>\n\t\t<td style=\"padding-left: 8px;\">majusku\u0142a, minusku\u0142a<\/td>\n\t<\/tr>\n\t<tr>\n\t\t<td style=\"background-color: #DDDDDD; text-align: center; \"><b>9b<\/b><\/td>\n<td style=\"padding-left: 8px;\"><br> w otoku:<b> + Meopham: Peace Celebration + 1919  <\/b><br><br><\/td> \n\t<\/tr>\n\t<tr>\n\t<td style=\"background-color: #DDDDDD; text-align: center; \"><b>10<\/b><\/td>\n<td style=\"padding-left: 8px;\"> W polu piecz\u0119ci, oddzielonym od pola legendy pojedynczym obrze\u017ceniem sznurowym, posta\u0107 biskupa w stroju pontyfikalnym, z praw\u0105 r\u0119k\u0105 wzniesion\u0105 do b\u0142ogos\u0142awie\u0144stwa i pastora\u0142em w lewej r\u0119ce. Na zewn\u0105trz, wok\u00f3\u0142 pola legendy, pojedyncze obrze\u017cenie ci\u0105g\u0142e. <br><\/td>\n<\/tr>\n\t<tr>\n\t\t<td style=\"background-color: #DDDDDD; text-align: center; \"><b>11<\/b><\/td>\n<td style=\"padding-left: 8px;\">&#8211;<\/td>\n\t<\/tr>\n\t<tr>\n<td style=\"background-color: #DDDDDD; text-align: center; \"><b>12<\/b><\/td>\n<td style=\"padding-left: 8px;\">&#8211; <\/a> <\/td>\n\t<\/tr>\n<\/tbody><\/table>\n<\/div>\n<\/div>\n\n\n\n<hr class=\"wp-block-separator has-css-opacity\"\/>\n\n\n\n<div class=\"wp-block-columns is-layout-flex wp-container-core-columns-is-layout-9d6595d7 wp-block-columns-is-layout-flex\">\n<div class=\"wp-block-column is-layout-flow wp-block-column-is-layout-flow\" style=\"flex-basis:5%\"><\/div>\n\n\n\n<div class=\"wp-block-column is-vertically-aligned-center is-layout-flow wp-block-column-is-layout-flow\" style=\"flex-basis:23%\">\n<figure class=\"wp-block-gallery aligncenter has-nested-images columns-default is-cropped wp-block-gallery-17 is-layout-flex wp-block-gallery-is-layout-flex\">\n<figure class=\"wp-block-image size-full is-style-default\"><a href=\"https:\/\/sigillarium.pl\/wp-content\/uploads\/2021\/03\/Nimes-2.jpg\"><img loading=\"lazy\" decoding=\"async\" width=\"725\" height=\"928\" data-id=\"11987\" src=\"https:\/\/sigillarium.pl\/wp-content\/uploads\/2021\/03\/Nimes-2.jpg\" alt=\"\" class=\"wp-image-11987\" srcset=\"https:\/\/sigillarium.pl\/wp-content\/uploads\/2021\/03\/Nimes-2.jpg 725w, https:\/\/sigillarium.pl\/wp-content\/uploads\/2021\/03\/Nimes-2-234x300.jpg 234w\" sizes=\"auto, (max-width: 725px) 100vw, 725px\" \/><\/a><\/figure>\n<\/figure>\n<\/div>\n\n\n\n<div class=\"wp-block-column is-layout-flow wp-block-column-is-layout-flow\" style=\"flex-basis:1%\"><\/div>\n\n\n\n<div class=\"wp-block-column is-vertically-aligned-center is-layout-flow wp-block-column-is-layout-flow\" style=\"flex-basis:22%\"><div class=\"wp-block-image\">\n<figure class=\"aligncenter size-large is-resized\"><img loading=\"lazy\" decoding=\"async\" width=\"407\" height=\"1024\" src=\"https:\/\/sigillarium.pl\/wp-content\/uploads\/2021\/03\/Nimes-uchwyt-407x1024.jpg\" alt=\"\" class=\"wp-image-11989\" style=\"width:144px;height:368px\" srcset=\"https:\/\/sigillarium.pl\/wp-content\/uploads\/2021\/03\/Nimes-uchwyt-407x1024.jpg 407w, https:\/\/sigillarium.pl\/wp-content\/uploads\/2021\/03\/Nimes-uchwyt-119x300.jpg 119w, https:\/\/sigillarium.pl\/wp-content\/uploads\/2021\/03\/Nimes-uchwyt.jpg 415w\" sizes=\"auto, (max-width: 407px) 100vw, 407px\" \/><\/figure>\n<\/div><\/div>\n\n\n\n<div class=\"wp-block-column is-layout-flow wp-block-column-is-layout-flow\" style=\"flex-basis:1%\"><\/div>\n\n\n\n<div class=\"wp-block-column is-layout-flow wp-block-column-is-layout-flow\" style=\"flex-basis:48%\">\n<style> td {font-size: 11px; color: black; font-family: Arial;} <\/style>\n<table style=\"width: 500px; height: 150px;\">\n\t<tbody><tr>\n\t\t<td style=\"background-color: #DDDDDD; width:6%; text-align: center; \"><b>1<\/b><\/td>\n\t\t<td style=\"padding-left: 8px;\">kolekcja prywatna<\/td>\n\t<\/tr>\n\t<tr>\n\t\t<td style=\"background-color: #DDDDDD; text-align: center; \"><b>2<\/b><\/td>\n<td style=\"background-color: #FFFF99; white-space: nowrap; padding-left: 8px;\"><b><big><big><a href=\"https:\/\/pl.wikipedia.org\/wiki\/N%C3%AEmes \">NIMES [FRANCJA]<\/a><\/big><\/big><br><big>Klasztor Zakonu Braci Mniejszych (Franciszkan\u00f3w) <\/big><\/b><\/td>\n\t<\/tr>\n\t<tr>\n\t\t<td style=\"background-color: #DDDDDD; text-align: center; \"><b>3a<\/b><\/td>\n\t\t<td style=\"padding-left: 8px;\">mosi\u0105dz<\/td>\n\t<\/tr>\n\t<tr>\n\t\t<td style=\"background-color: #DDDDDD; text-align: center; \"><b>3b<\/b><\/td>\n\t\t<td style=\"padding-left: 8px;\">drewno<\/td>\n\t<\/tr>\n\t<tr>\n\t\t<td style=\"background-color: #DDDDDD; text-align: center; \"><b>4<\/b><\/td>\n\t\t<td style=\"padding-left: 8px;\">owalna 35 x 27 mm<\/td>\n\t<\/tr>\n\t<tr>\n\t\t<td style=\"background-color: #DDDDDD; text-align: center; \"><b>5<\/b><\/td>\n\t\t<td style=\"padding-left: 8px;\">wypuk\u0142oryty<\/td>\n\t<\/tr>\n\t<tr>\n\t\t<td style=\"background-color: #DDDDDD; text-align: center; \"><b>6<\/b><\/td>\n<td style=\"padding-left: 8px;\">&#8211; <\/td>\n\t<\/tr>\n<tr>\n\t\t<td style=\"background-color: #DDDDDD; text-align: center; \"><b>7<\/b><\/td>\n<td style=\"padding-left: 8px;\"> uchwyt toczony o kulistej ga\u0142ce, lakierowany na czarno<\/td>\n\t<\/tr>\n\t<tr>\n\t\t<td style=\"background-color: #DDDDDD; text-align: center; \"><b>7a<\/b><\/td>\n\t\t<td style=\"padding-left: 8px;\">99 mm<\/td>\n\t<\/tr>\n\t<tr>\n\t\t<td style=\"background-color: #DDDDDD; text-align: center; \"><b>7b<\/b><\/td>\n\t\t<td style=\"padding-left: 8px;\">91 mm, w tym skuwka 16 mm (\u00d8 14 mm)<\/td>\n\t<\/tr>\n\t<tr>\n\t\t<td style=\"background-color: #DDDDDD; text-align: center; \"><b>7c<\/b><\/td>\n\t\t<td style=\"padding-left: 8px;\">8 mm<\/td>\n\t<\/tr>\n\t<tr>\n\t\t<td style=\"background-color: #DDDDDD; text-align: center; \"><b>8<\/b><\/td>\n<td style=\"padding-left: 8px;\">na uchwycie znacznik prawid\u0142owego ustawienia t\u0142oka (pineska) <\/td>\n\t<\/tr>\n\t<tr>\n\t\t<td style=\"background-color: #DDDDDD; text-align: center; \"><b>9a<\/b><\/td>\n\t\t<td style=\"padding-left: 8px;\">majusku\u0142a<\/td>\n\t<\/tr>\n\t<tr>\n\t\t<td style=\"background-color: #DDDDDD; text-align: center; \"><b>9b<\/b><\/td>\n<td style=\"padding-left: 8px;\"><br> w otoku:<b> SIGILLUM. CONV <i>(entus)<\/i>. F<i> (ratrum)<\/i>. F <i>(rancisci). <\/i> MINORUM. \/\/ NIMES<\/b><br><br><\/td> \n\t<\/tr>\n\t<tr>\n\t\t<td style=\"background-color: #DDDDDD; text-align: center; \"><b>10<\/b><\/td>\n<td style=\"padding-left: 8px;\"> W polu piecz\u0119ci, oddzielonym od pola legendy pojedynczym obrze\u017ceniem ci\u0105g\u0142ym, god\u0142o Zakonu Braci Mniejszych \u2013 dwa skrzy\u017cowane ramiona, jedno nagie (Chrystusa), drugie w habicie (\u015bw. Franciszka), oznaczone stygmatami, pomi\u0119dzy kt\u00f3rymi znajduje si\u0119 krzy\u017c bez pasji, otoczony promienist\u0105 glori\u0105 i chmurami. Na zewn\u0105trz, wok\u00f3\u0142 pola legendy, pojedyncze obrze\u017cenie sznurowe.<br><\/td>\n<\/tr>\n\t<tr>\n\t\t<td style=\"background-color: #DDDDDD; text-align: center; \"><b>11<\/b><\/td>\n<td style=\"padding-left: 8px;\">&#8211;<\/td>\n\t<\/tr>\n\t<tr>\n<td style=\"background-color: #DDDDDD; text-align: center; \"><b>12<\/b><\/td>\n<td style=\"padding-left: 8px;\">&#8211; <\/td>\n\t<\/tr>\n<\/tbody><\/table>\n<\/div>\n<\/div>\n\n\n\n<hr class=\"wp-block-separator has-css-opacity\"\/>\n\n\n\n<div class=\"wp-block-columns is-layout-flex wp-container-core-columns-is-layout-9d6595d7 wp-block-columns-is-layout-flex\">\n<div class=\"wp-block-column is-layout-flow wp-block-column-is-layout-flow\" style=\"flex-basis:5%\"><\/div>\n\n\n\n<div class=\"wp-block-column is-vertically-aligned-center is-layout-flow wp-block-column-is-layout-flow\" style=\"flex-basis:23%\">\n<figure class=\"wp-block-gallery aligncenter has-nested-images columns-default is-cropped wp-block-gallery-18 is-layout-flex wp-block-gallery-is-layout-flex\">\n<figure class=\"wp-block-image size-large is-style-default\"><a href=\"https:\/\/sigillarium.pl\/wp-content\/uploads\/2022\/02\/Pecka-Czechy-Kancelaria-biskupia-pieczec-seal-petschaft-siegel-sceau-sigillo-sigillarium.jpg\"><img loading=\"lazy\" decoding=\"async\" width=\"1012\" height=\"1024\" data-id=\"19414\" src=\"https:\/\/sigillarium.pl\/wp-content\/uploads\/2022\/02\/Pecka-Czechy-Kancelaria-biskupia-pieczec-seal-petschaft-siegel-sceau-sigillo-sigillarium-1012x1024.jpg\" alt=\"\" class=\"wp-image-19414\" srcset=\"https:\/\/sigillarium.pl\/wp-content\/uploads\/2022\/02\/Pecka-Czechy-Kancelaria-biskupia-pieczec-seal-petschaft-siegel-sceau-sigillo-sigillarium-1012x1024.jpg 1012w, https:\/\/sigillarium.pl\/wp-content\/uploads\/2022\/02\/Pecka-Czechy-Kancelaria-biskupia-pieczec-seal-petschaft-siegel-sceau-sigillo-sigillarium-297x300.jpg 297w, https:\/\/sigillarium.pl\/wp-content\/uploads\/2022\/02\/Pecka-Czechy-Kancelaria-biskupia-pieczec-seal-petschaft-siegel-sceau-sigillo-sigillarium-768x777.jpg 768w, https:\/\/sigillarium.pl\/wp-content\/uploads\/2022\/02\/Pecka-Czechy-Kancelaria-biskupia-pieczec-seal-petschaft-siegel-sceau-sigillo-sigillarium.jpg 1022w\" sizes=\"auto, (max-width: 1012px) 100vw, 1012px\" \/><\/a><\/figure>\n<\/figure>\n<\/div>\n\n\n\n<div class=\"wp-block-column is-layout-flow wp-block-column-is-layout-flow\" style=\"flex-basis:1%\"><\/div>\n\n\n\n<div class=\"wp-block-column is-vertically-aligned-center is-layout-flow wp-block-column-is-layout-flow\" style=\"flex-basis:22%\"><div class=\"wp-block-image\">\n<figure class=\"aligncenter size-full is-resized\"><img loading=\"lazy\" decoding=\"async\" width=\"537\" height=\"930\" src=\"https:\/\/sigillarium.pl\/wp-content\/uploads\/2022\/02\/Pecka-Czechy-Kancelaria-biskupia-pieczec-uchwyt-seal-petschaft-siegel-sceau-sigillo-sigillarium.jpg\" alt=\"\" class=\"wp-image-19415\" style=\"width:153px;height:263px\" srcset=\"https:\/\/sigillarium.pl\/wp-content\/uploads\/2022\/02\/Pecka-Czechy-Kancelaria-biskupia-pieczec-uchwyt-seal-petschaft-siegel-sceau-sigillo-sigillarium.jpg 537w, https:\/\/sigillarium.pl\/wp-content\/uploads\/2022\/02\/Pecka-Czechy-Kancelaria-biskupia-pieczec-uchwyt-seal-petschaft-siegel-sceau-sigillo-sigillarium-173x300.jpg 173w\" sizes=\"auto, (max-width: 537px) 100vw, 537px\" \/><\/figure>\n<\/div><\/div>\n\n\n\n<div class=\"wp-block-column is-layout-flow wp-block-column-is-layout-flow\" style=\"flex-basis:1%\"><\/div>\n\n\n\n<div class=\"wp-block-column is-layout-flow wp-block-column-is-layout-flow\" style=\"flex-basis:48%\">\n<style> td {font-size: 11px; color: black; font-family: Arial;} <\/style>\n<table style=\"width: 500px; height: 150px;\">\n\t<tbody><tr>\n\t\t<td style=\"background-color: #DDDDDD; width:6%; text-align: center; \"><b>1<\/b><\/td>\n\t\t<td style=\"padding-left: 8px;\">kolekcja prywatna<\/td>\n\t<\/tr>\n\t<tr>\n\t\t<td style=\"background-color: #DDDDDD; text-align: center; \"><b>2<\/b><\/td>\n<td style=\"background-color: #FFFF99; white-space: nowrap; padding-left: 8px;\"><b><big><big> <a href=\"https:\/\/pl.wikipedia.org\/wiki\/Pecka \"> PECKA [CZECHY] <\/a> <\/big><\/big><br><big> Kancelaria biskupia<\/big><\/b><\/td>\n\t<\/tr>\n\t<tr>\n\t\t<td style=\"background-color: #DDDDDD; text-align: center; \"><b>3a<\/b><\/td>\n\t\t<td style=\"padding-left: 8px;\">mosi\u0105dz<\/td>\n\t<\/tr>\n\t<tr>\n\t\t<td style=\"background-color: #DDDDDD; text-align: center; \"><b>3b<\/b><\/td>\n\t\t<td style=\"padding-left: 8px;\">stal<\/td>\n\t<\/tr>\n\t<tr>\n\t\t<td style=\"background-color: #DDDDDD; text-align: center; \"><b>4<\/b><\/td>\n\t\t<td style=\"padding-left: 8px;\">owalna 29 x 28 mm<\/td>\n\t<\/tr>\n\t<tr>\n\t\t<td style=\"background-color: #DDDDDD; text-align: center; \"><b>5<\/b><\/td>\n\t\t<td style=\"padding-left: 8px;\">wkl\u0119s\u0142oryty<\/td>\n\t<\/tr>\n\t<tr>\n\t\t<td style=\"background-color: #DDDDDD; text-align: center; \"><b>6<\/b><\/td>\n<td style=\"padding-left: 8px;\">&#8211;<\/td>\n\t<\/tr>\n<tr>\n\t\t<td style=\"background-color: #DDDDDD; text-align: center; \"><b>7<\/b><\/td>\n<td style=\"padding-left: 8px;\">brak uchwytu, trzpie\u0144 do jego zamocowania<\/td>\n\t<\/tr>\n\t<tr>\n\t\t<td style=\"background-color: #DDDDDD; text-align: center; \"><b>7a<\/b><\/td>\n\t\t<td style=\"padding-left: 8px;\"> 46 mm<\/td>\n\t<\/tr>\n\t<tr>\n\t\t<td style=\"background-color: #DDDDDD; text-align: center; \"><b>7b<\/b><\/td>\n<td style=\"padding-left: 8px;\"> 42,5 mm, w tym stopka 11 mm, cok\u00f3\u0142 14 mm, stanowi\u0105ce jedn\u0105 ca\u0142o\u015b\u0107 <\/td>\n\t<\/tr>\n\t<tr>\n\t\t<td style=\"background-color: #DDDDDD; text-align: center; \"><b>7c<\/b><\/td>\n\t\t<td style=\"padding-left: 8px;\"> 3,5 mm<\/td>\n\t<\/tr>\n\t<tr>\n\t\t<td style=\"background-color: #DDDDDD; text-align: center; \"><b>8<\/b><\/td>\n<td style=\"padding-left: 8px;\">&#8211;<\/td>\n\t<\/tr>\n\t<tr>\n\t\t<td style=\"background-color: #DDDDDD; text-align: center; \"><b>9a<\/b><\/td>\n\t\t<td style=\"padding-left: 8px;\">majusku\u0142a<\/td>\n\t<\/tr>\n\t<tr>\n\t\t<td style=\"background-color: #DDDDDD; text-align: center; \"><b>9b<\/b><\/td>\n<td style=\"padding-left: 8px;\"> <br>w otoku (na szafrie):  <b>SIGILLVM \u2022  CANCELLARIAE \u2022  PECZKAVIENSIS<br><br><\/b><\/td> \n<\/tr>\n\t<tr>\t\n\t\t<td style=\"background-color: #DDDDDD; text-align: center; \"><b>10<\/b><\/td>\n<td style=\"padding-left: 8px;\"> W polu piecz\u0119ci tarcza sze\u015bciopolowa (herb diecezji). W polu pierwszym \u0142\u0119kawica na opak (?), w polu drugim wspi\u0119ty lew przekrzy\u017cowany tr\u00f3jz\u0119bnym pasem, w polu trzecim krocz\u0105cy w lewo lew, w polu czwartym orze\u0142 bez korony, w polu pi\u0105tym rzeka w skos, w polu sz\u00f3stym szachownica. Nad tarcz\u0105 mitra ksi\u0105\u017c\u0119ca. Po prawej stronie mitry krzy\u017c procesyjny, po lewej pastora\u0142, powy\u017cej kapelusz rangowy ze sznurami, w\u0119z\u0142ami i chwostami po sze\u015b\u0107 z ka\u017cdej strony. Poni\u017cej tarczy i po jej bokach elementy ro\u015blinne. Na zewn\u0105trz, wok\u00f3\u0142 pola piecz\u0119ci, pojedyncze obrze\u017cenie ci\u0105g\u0142e.<\/td><td>\n<\/td><\/tr>\n\t<tr>\n\t\t<td style=\"background-color: #DDDDDD; text-align: center; \"><b>11<\/b><\/td>\n<td style=\"padding-left: 8px;\">&#8211;<\/td>\n\t<\/tr>\n\t<tr>\n\t\t<td style=\"background-color: #DDDDDD; text-align: center; \"><b>12<\/b><\/td>\n<td style=\"padding-left: 8px;\">&#8211;<\/td>\n\t<\/tr>\n<\/tbody><\/table>\n<\/div>\n<\/div>\n\n\n\n<hr class=\"wp-block-separator has-alpha-channel-opacity\"\/>\n\n\n\n<div class=\"wp-block-columns is-layout-flex wp-container-core-columns-is-layout-9d6595d7 wp-block-columns-is-layout-flex\">\n<div class=\"wp-block-column is-layout-flow wp-block-column-is-layout-flow\" style=\"flex-basis:5%\"><\/div>\n\n\n\n<div class=\"wp-block-column is-vertically-aligned-center is-layout-flow wp-block-column-is-layout-flow\" style=\"flex-basis:23%\">\n<figure class=\"wp-block-gallery aligncenter has-nested-images columns-default is-cropped wp-block-gallery-19 is-layout-flex wp-block-gallery-is-layout-flex\">\n<figure class=\"wp-block-image size-large is-style-default\"><a href=\"https:\/\/sigillarium.pl\/wp-content\/uploads\/2025\/02\/Poitiers-Klasztor-Siostr-Augustianek-Szpitalniczek-pieczec-seal-petschaft-siegel-sceau-cachet-sigillo-sigillarium.jpg\"><img loading=\"lazy\" decoding=\"async\" width=\"611\" height=\"1024\" data-id=\"33671\" src=\"https:\/\/sigillarium.pl\/wp-content\/uploads\/2025\/02\/Poitiers-Klasztor-Siostr-Augustianek-Szpitalniczek-pieczec-seal-petschaft-siegel-sceau-cachet-sigillo-sigillarium-611x1024.jpg\" alt=\"\" class=\"wp-image-33671\" srcset=\"https:\/\/sigillarium.pl\/wp-content\/uploads\/2025\/02\/Poitiers-Klasztor-Siostr-Augustianek-Szpitalniczek-pieczec-seal-petschaft-siegel-sceau-cachet-sigillo-sigillarium-611x1024.jpg 611w, https:\/\/sigillarium.pl\/wp-content\/uploads\/2025\/02\/Poitiers-Klasztor-Siostr-Augustianek-Szpitalniczek-pieczec-seal-petschaft-siegel-sceau-cachet-sigillo-sigillarium-179x300.jpg 179w, https:\/\/sigillarium.pl\/wp-content\/uploads\/2025\/02\/Poitiers-Klasztor-Siostr-Augustianek-Szpitalniczek-pieczec-seal-petschaft-siegel-sceau-cachet-sigillo-sigillarium.jpg 652w\" sizes=\"auto, (max-width: 611px) 100vw, 611px\" \/><\/a><\/figure>\n<\/figure>\n<\/div>\n\n\n\n<div class=\"wp-block-column is-layout-flow wp-block-column-is-layout-flow\" style=\"flex-basis:1%\"><\/div>\n\n\n\n<div class=\"wp-block-column is-vertically-aligned-center is-layout-flow wp-block-column-is-layout-flow\" style=\"flex-basis:22%\"><div class=\"wp-block-image\">\n<figure class=\"aligncenter size-full is-resized\"><img loading=\"lazy\" decoding=\"async\" width=\"428\" height=\"957\" src=\"https:\/\/sigillarium.pl\/wp-content\/uploads\/2025\/02\/Poitiers-Klasztor-Siostr-Augustianek-Szpitalniczek-pieczec-uchwyt-seal-petschaft-siegel-sceau-cachet-sigillo-sigillarium.jpg\" alt=\"\" class=\"wp-image-33673\" style=\"width:150px;height:auto\" srcset=\"https:\/\/sigillarium.pl\/wp-content\/uploads\/2025\/02\/Poitiers-Klasztor-Siostr-Augustianek-Szpitalniczek-pieczec-uchwyt-seal-petschaft-siegel-sceau-cachet-sigillo-sigillarium.jpg 428w, https:\/\/sigillarium.pl\/wp-content\/uploads\/2025\/02\/Poitiers-Klasztor-Siostr-Augustianek-Szpitalniczek-pieczec-uchwyt-seal-petschaft-siegel-sceau-cachet-sigillo-sigillarium-134x300.jpg 134w\" sizes=\"auto, (max-width: 428px) 100vw, 428px\" \/><\/figure>\n<\/div><\/div>\n\n\n\n<div class=\"wp-block-column is-layout-flow wp-block-column-is-layout-flow\" style=\"flex-basis:1%\"><\/div>\n\n\n\n<div class=\"wp-block-column is-layout-flow wp-block-column-is-layout-flow\" style=\"flex-basis:48%\">\n<style> td {font-size: 11px; color: black; font-family: Arial;} <\/style>\n<table style=\"width: 500px; height: 150px;\">\n\t<tbody><tr>\n\t\t<td style=\"background-color: #DDDDDD; width:6%; text-align: center; \"><b>1<\/b><\/td>\n\t\t<td style=\"padding-left: 8px;\">kolekcja prywatna<\/td>\n\t<\/tr>\n\t<tr>\n\t\t<td style=\"background-color: #DDDDDD; text-align: center; \"><b>2<\/b><\/td>\n<td style=\"background-color: #FFFF99; white-space: nowrap; padding-left: 8px;\"><b><big><big> <a href=\" https:\/\/pl.wikipedia.org\/wiki\/Poitiers \"> POITIERS [FRANCJA] <\/a> <\/big><\/big><br><big> Klasztor Si\u00f3str Augustianek Szpitalniczek<\/big><\/b><\/td>\n\t<\/tr>\n\t<tr>\n\t\t<td style=\"background-color: #DDDDDD; text-align: center; \"><b>3a<\/b><\/td>\n\t\t<td style=\"padding-left: 8px;\">mosi\u0105dz<\/td>\n\t<\/tr>\n\t<tr>\n\t\t<td style=\"background-color: #DDDDDD; text-align: center; \"><b>3b<\/b><\/td>\n\t\t<td style=\"padding-left: 8px;\">drewno<\/td>\n\t<\/tr>\n\t<tr>\n\t\t<td style=\"background-color: #DDDDDD; text-align: center; \"><b>4<\/b><\/td>\n\t\t<td style=\"padding-left: 8px;\">mandorla 57,5 x 34,5 mm<\/td>\n\t<\/tr>\n\t<tr>\n\t\t<td style=\"background-color: #DDDDDD; text-align: center; \"><b>5<\/b><\/td>\n\t\t<td style=\"padding-left: 8px;\">wypuk\u0142oryty<\/td>\n\t<\/tr>\n\t<tr>\n\t\t<td style=\"background-color: #DDDDDD; text-align: center; \"><b>6<\/b><\/td>\n<td style=\"padding-left: 8px;\">&#8211;<\/td>\n\t<\/tr>\n<tr>\n\t\t<td style=\"background-color: #DDDDDD; text-align: center; \"><b>7<\/b><\/td>\n<td style=\"padding-left: 8px;\">uchwyt toczony o kulistej ga\u0142ce, lakierowany na czarno <\/td>\n\t<\/tr>\n\t<tr>\n\t\t<td style=\"background-color: #DDDDDD; text-align: center; \"><b>7a<\/b><\/td>\n\t\t<td style=\"padding-left: 8px;\"> 122 mm<\/td>\n\t<\/tr>\n\t<tr>\n\t\t<td style=\"background-color: #DDDDDD; text-align: center; \"><b>7b<\/b><\/td>\n<td style=\"padding-left: 8px;\">112 mm, w tym skuwka 20 mm (\u00d8 17 mm) <\/td>\n\t<\/tr>\n\t<tr>\n\t\t<td style=\"background-color: #DDDDDD; text-align: center; \"><b>7c<\/b><\/td>\n\t\t<td style=\"padding-left: 8px;\"> 10 mm<\/td>\n\t<\/tr>\n\t<tr>\n\t\t<td style=\"background-color: #DDDDDD; text-align: center; \"><b>8<\/b><\/td>\n<td style=\"padding-left: 8px;\">&#8211;<\/td>\n\t<\/tr>\n\t<tr>\n\t\t<td style=\"background-color: #DDDDDD; text-align: center; \"><b>9a<\/b><\/td>\n\t\t<td style=\"padding-left: 8px;\">majusku\u0142a<\/td>\n\t<\/tr>\n\t<tr>\n\t\t<td style=\"background-color: #DDDDDD; text-align: center; \"><b>9b<\/b><\/td>\n<td style=\"padding-left: 8px;\"> <br>w otoku:  <b> + MONAST\u00c8RE DES HOSPITALI\u00c8RES DE POITIERS  <\/b><br><br><\/td> \n<\/tr>\n\t<tr>\t\n\t\t<td style=\"background-color: #DDDDDD; text-align: center; \"><b>10<\/b><\/td>\n<td style=\"padding-left: 8px;\"> W polu piecz\u0119ci, oddzielonym od pola legendy pojedynczym obrze\u017ceniem ci\u0105g\u0142ym, na murawie <a href=\"https:\/\/pl.wikipedia.org\/wiki\/Piet%C3%A0 \"> piet\u00e0<\/a>, powy\u017cej krzy\u017c, poni\u017cej (na murawie) korona cierniowa i trzy gwo\u017adzie. Na zewn\u0105trz, wok\u00f3\u0142 pola legendy, pojedyncze obrze\u017cenie ci\u0105g\u0142e.<\/td>\n<\/tr>\n\t<tr>\n\t\t<td style=\"background-color: #DDDDDD; text-align: center; \"><b>11<\/b><\/td>\n<td style=\"padding-left: 8px;\">&#8211;<\/td>\n\t<\/tr>\n\t<tr>\n\t\t<td style=\"background-color: #DDDDDD; text-align: center; \"><b>12<\/b><\/td>\n<td style=\"padding-left: 8px;\">&#8211; <\/td>\n\t<\/tr>\n<\/tbody><\/table>\n<\/div>\n<\/div>\n\n\n\n<hr class=\"wp-block-separator has-alpha-channel-opacity\"\/>\n\n\n\n<div class=\"wp-block-columns is-layout-flex wp-container-core-columns-is-layout-9d6595d7 wp-block-columns-is-layout-flex\">\n<div class=\"wp-block-column is-layout-flow wp-block-column-is-layout-flow\" style=\"flex-basis:5%\"><\/div>\n\n\n\n<div class=\"wp-block-column is-vertically-aligned-center is-layout-flow wp-block-column-is-layout-flow\" style=\"flex-basis:23%\">\n<figure class=\"wp-block-gallery aligncenter has-nested-images columns-default is-cropped wp-block-gallery-20 is-layout-flex wp-block-gallery-is-layout-flex\">\n<figure class=\"wp-block-image size-large\"><a href=\"https:\/\/sigillarium.pl\/wp-content\/uploads\/2022\/05\/Francja-Pressagny-parafia-pieczec-seal-petschaft-siegel-sceau-sigillo-sigillarium.png\"><img loading=\"lazy\" decoding=\"async\" width=\"1024\" height=\"1021\" data-id=\"20594\" src=\"https:\/\/sigillarium.pl\/wp-content\/uploads\/2022\/05\/Francja-Pressagny-parafia-pieczec-seal-petschaft-siegel-sceau-sigillo-sigillarium-1024x1021.png\" alt=\"\" class=\"wp-image-20594\" srcset=\"https:\/\/sigillarium.pl\/wp-content\/uploads\/2022\/05\/Francja-Pressagny-parafia-pieczec-seal-petschaft-siegel-sceau-sigillo-sigillarium-1024x1021.png 1024w, https:\/\/sigillarium.pl\/wp-content\/uploads\/2022\/05\/Francja-Pressagny-parafia-pieczec-seal-petschaft-siegel-sceau-sigillo-sigillarium-300x300.png 300w, https:\/\/sigillarium.pl\/wp-content\/uploads\/2022\/05\/Francja-Pressagny-parafia-pieczec-seal-petschaft-siegel-sceau-sigillo-sigillarium-150x150.png 150w, https:\/\/sigillarium.pl\/wp-content\/uploads\/2022\/05\/Francja-Pressagny-parafia-pieczec-seal-petschaft-siegel-sceau-sigillo-sigillarium-768x766.png 768w, https:\/\/sigillarium.pl\/wp-content\/uploads\/2022\/05\/Francja-Pressagny-parafia-pieczec-seal-petschaft-siegel-sceau-sigillo-sigillarium.png 1036w\" sizes=\"auto, (max-width: 1024px) 100vw, 1024px\" \/><\/a><\/figure>\n<\/figure>\n<\/div>\n\n\n\n<div class=\"wp-block-column is-layout-flow wp-block-column-is-layout-flow\" style=\"flex-basis:1%\"><\/div>\n\n\n\n<div class=\"wp-block-column is-vertically-aligned-center is-layout-flow wp-block-column-is-layout-flow\" style=\"flex-basis:23%\"><div class=\"wp-block-image\">\n<figure class=\"aligncenter size-full is-resized\"><img loading=\"lazy\" decoding=\"async\" width=\"317\" height=\"914\" src=\"https:\/\/sigillarium.pl\/wp-content\/uploads\/2022\/05\/Francja-Pressagny-parafia-pieczec-uchwyt-seal-petschaft-siegel-sceau-sigillo-sigillarium.jpg\" alt=\"\" class=\"wp-image-20597\" style=\"width:141px;height:405px\" srcset=\"https:\/\/sigillarium.pl\/wp-content\/uploads\/2022\/05\/Francja-Pressagny-parafia-pieczec-uchwyt-seal-petschaft-siegel-sceau-sigillo-sigillarium.jpg 317w, https:\/\/sigillarium.pl\/wp-content\/uploads\/2022\/05\/Francja-Pressagny-parafia-pieczec-uchwyt-seal-petschaft-siegel-sceau-sigillo-sigillarium-104x300.jpg 104w\" sizes=\"auto, (max-width: 317px) 100vw, 317px\" \/><\/figure>\n<\/div><\/div>\n\n\n\n<div class=\"wp-block-column is-layout-flow wp-block-column-is-layout-flow\" style=\"flex-basis:1%\"><\/div>\n\n\n\n<div class=\"wp-block-column is-layout-flow wp-block-column-is-layout-flow\" style=\"flex-basis:48%\">\n<style> td {font-size: 11px; color: black; font-family: Arial;} <\/style>\n<table style=\"width: 500px; height: 150px;\">\n\t<tr>\n\t\t<td style=\"background-color: #DDDDDD; width:6%; text-align: center; \"><b>1<\/b><\/td>\n\t\t<td style=\"padding-left: 8px;\">kolekcja prywatna<\/td>\n\t<\/tr>\n\t<tr>\n\t\t<td style=\"background-color: #DDDDDD; text-align: center; \"><b>2<\/b><\/td>\n<td style=\"background-color: #FFFF99; white-space: nowrap; padding-left: 8px;\"><b><big><big> <a href=\" https:\/\/pl.wikipedia.org\/wiki\/Pressagny-l%E2%80%99Orgueilleux\">  PRESSAGNY- l\u2019ORGUEILLEUX [FRANCJA]<\/a> <\/big><\/big><br \/><big> Parafia <\/big><\/td>\n\t<\/tr>\n\t<tr>\n\t\t<td style=\"background-color: #DDDDDD; text-align: center; \"><b>3a<\/b><\/td>\n\t\t<td style=\"padding-left: 8px;\">mosi\u0105dz<\/td>\n\t<\/tr>\n\t<tr>\n\t\t<td style=\"background-color: #DDDDDD; text-align: center; \"><b>3b<\/b><\/td>\n\t\t<td style=\"padding-left: 8px;\">drewno<\/td>\n\t<\/tr>\n\t<tr>\n\t\t<td style=\"background-color: #DDDDDD; text-align: center; \"><b>4<\/b><\/td>\n\t\t<td style=\"padding-left: 8px;\">okr\u0105g\u0142a \u00d8 41,5 mm<\/td>\n\t<\/tr>\n\t<tr>\n\t\t<td style=\"background-color: #DDDDDD; text-align: center; \"><b>5<\/b><\/td>\n\t\t<td style=\"padding-left: 8px;\">wypuk\u0142oryty<\/td>\n\t<\/tr>\n\t<tr>\n\t\t<td style=\"background-color: #DDDDDD; text-align: center; \"><b>6<\/b><\/td>\n<td style=\"padding-left: 8px;\">&#8211; <\/td>\n\t<\/tr>\n<tr>\n\t\t<td style=\"background-color: #DDDDDD; text-align: center; \"><b>7<\/b><\/td>\n<td style=\"padding-left: 8px;\">uchwyt toczony o kulistej ga\u0142ce, lakierowany na czarno<\/td>\n\t<\/tr>\n\t<tr>\n\t\t<td style=\"background-color: #DDDDDD; text-align: center; \"><b>7a<\/b><\/td>\n\t\t<td style=\"padding-left: 8px;\"> 116 mm<\/td>\n\t<\/tr>\n\t<tr>\n\t\t<td style=\"background-color: #DDDDDD; text-align: center; \"><b>7b<\/b><\/td>\n<td style=\"padding-left: 8px;\"> 106 mm, w tym skuwka 16,5 mm (\u00d8 18 mm) <\/td>\n\t<\/tr>\n\t<tr>\n\t\t<td style=\"background-color: #DDDDDD; text-align: center; \"><b>7c<\/b><\/td>\n\t\t<td style=\"padding-left: 8px;\"> 10 mm<\/td>\n\t<\/tr>\n\t<tr>\n\t\t<td style=\"background-color: #DDDDDD; text-align: center; \"><b>8<\/b><\/td>\n<td style=\"padding-left: 8px;\">&#8211;<\/td>\n\t<\/tr>\n\t<tr>\n\t\t<td style=\"background-color: #DDDDDD; text-align: center; \"><b>9a<\/b><\/td>\n\t\t<td style=\"padding-left: 8px;\">majusku\u0142a, minusku\u0142a<\/td>\n\t<\/tr>\n\t<tr>\n\t\t<td style=\"background-color: #DDDDDD; text-align: center; \"><b>9b<\/b><\/td>\n<td style=\"padding-left: 8px;\"> <br \/>w p\u00f3\u0142otoku g\u00f3rnym:  <b> + PAROISSE DE PRESSAGNY + <\/b><br>w p\u00f3\u0142otoku dolnym: <b>DIOCESE d\u2019EVREUX<\/b><br><br><\/td> \n<\/tr>\n\t<tr>\t\n\t\t<td style=\"background-color: #DDDDDD; text-align: center; \"><b>10<\/b><\/td>\n<td style=\"padding-left: 8px;\"> W polu piecz\u0119ci, oddzielonym od pola legendy pojedynczym obrze\u017ceniem ci\u0105g\u0142ym, na murawie, jad\u0105ca konno posta\u0107 \u015bw. Marcina w stroju rzymskiego legionisty, po lewej (nieco poni\u017cej) posta\u0107 siedz\u0105cego \u017cebraka. Na zewn\u0105trz, wok\u00f3\u0142 pola legendy, pojedyncze obrze\u017cenie ci\u0105g\u0142e.<\/td>\n<\/tr>\n\t<tr>\n\t\t<td style=\"background-color: #DDDDDD; text-align: center; \"><b>11<\/b><\/td>\n<td style=\"padding-left: 8px;\">&#8211;<\/td>\n\t<\/tr>\n\t<tr>\n\t\t<td style=\"background-color: #DDDDDD; text-align: center; \"><b>12<\/b><\/td>\n<td style=\"padding-left: 8px;\"> Zobacz: <a href=\" https:\/\/fr.wikipedia.org\/wiki\/%C3%89glise_Saint-Martin_de_Pressagny-l%27Orgueilleux \"> Ko\u015bci\u00f3\u0142 \u015bw. Marcina w Pressagny-l\u2019Orgueilleux<\/a>. Ko\u015bci\u00f3\u0142 pochodzi z XIII wieku. Ch\u00f3r, transept i nawa, zosta\u0142y rozbudowane (powi\u0119kszone prawie dwukrotnie) w XVI wieku. W 1957 r. oddano do u\u017cytku nowy ko\u015bci\u00f3\u0142, przebudowany cz\u0119\u015bciowo w kamieniu, cz\u0119\u015bciowo w \u017celbecie (dzwonnica), wed\u0142ug plan\u00f3w architekta Henri Pottiera. <\/td>\n\t<\/tr>\n<\/table>\n\n\n\n<p> <a rel=\"noreferrer noopener\" href=\"http:\/\/sigillarium.pl\/index.php\/legenda-do-opisu-tloka-pieczetnego\/\" target=\"_blank\">Legenda<\/a><\/p>\n<\/div>\n<\/div>\n\n\n\n<hr class=\"wp-block-separator has-css-opacity\"\/>\n\n\n\n<div class=\"wp-block-columns is-layout-flex wp-container-core-columns-is-layout-9d6595d7 wp-block-columns-is-layout-flex\">\n<div class=\"wp-block-column is-layout-flow wp-block-column-is-layout-flow\" style=\"flex-basis:5%\"><\/div>\n\n\n\n<div class=\"wp-block-column is-vertically-aligned-center is-layout-flow wp-block-column-is-layout-flow\" style=\"flex-basis:23%\">\n<figure class=\"wp-block-gallery aligncenter has-nested-images columns-default is-cropped wp-block-gallery-21 is-layout-flex wp-block-gallery-is-layout-flex\">\n<figure class=\"wp-block-image size-full is-style-default\"><a href=\"https:\/\/sigillarium.pl\/wp-content\/uploads\/2021\/12\/Streitheim-Kosciol-katolicki-pieczec-seal-petschaft-siegel-sceau-cachet-sigillarium.jpg\"><img loading=\"lazy\" decoding=\"async\" width=\"1045\" height=\"1041\" data-id=\"17820\" src=\"https:\/\/sigillarium.pl\/wp-content\/uploads\/2021\/12\/Streitheim-Kosciol-katolicki-pieczec-seal-petschaft-siegel-sceau-cachet-sigillarium.jpg\" alt=\"\" class=\"wp-image-17820\" srcset=\"https:\/\/sigillarium.pl\/wp-content\/uploads\/2021\/12\/Streitheim-Kosciol-katolicki-pieczec-seal-petschaft-siegel-sceau-cachet-sigillarium.jpg 1045w, https:\/\/sigillarium.pl\/wp-content\/uploads\/2021\/12\/Streitheim-Kosciol-katolicki-pieczec-seal-petschaft-siegel-sceau-cachet-sigillarium-300x300.jpg 300w, https:\/\/sigillarium.pl\/wp-content\/uploads\/2021\/12\/Streitheim-Kosciol-katolicki-pieczec-seal-petschaft-siegel-sceau-cachet-sigillarium-1024x1020.jpg 1024w, https:\/\/sigillarium.pl\/wp-content\/uploads\/2021\/12\/Streitheim-Kosciol-katolicki-pieczec-seal-petschaft-siegel-sceau-cachet-sigillarium-150x150.jpg 150w, https:\/\/sigillarium.pl\/wp-content\/uploads\/2021\/12\/Streitheim-Kosciol-katolicki-pieczec-seal-petschaft-siegel-sceau-cachet-sigillarium-768x765.jpg 768w\" sizes=\"auto, (max-width: 1045px) 100vw, 1045px\" \/><\/a><\/figure>\n<\/figure>\n<\/div>\n\n\n\n<div class=\"wp-block-column is-layout-flow wp-block-column-is-layout-flow\" style=\"flex-basis:1%\"><\/div>\n\n\n\n<div class=\"wp-block-column is-vertically-aligned-center is-layout-flow wp-block-column-is-layout-flow\" style=\"flex-basis:22%\"><div class=\"wp-block-image\">\n<figure class=\"aligncenter size-full is-resized\"><img loading=\"lazy\" decoding=\"async\" width=\"333\" height=\"905\" src=\"https:\/\/sigillarium.pl\/wp-content\/uploads\/2021\/12\/Streitheim-Kosciol-katolicki-pieczec-uchwyt-seal-petschaft-siegel-sceau-cachet-sigillarium.jpg\" alt=\"\" class=\"wp-image-17940\" style=\"width:119px;height:324px\" srcset=\"https:\/\/sigillarium.pl\/wp-content\/uploads\/2021\/12\/Streitheim-Kosciol-katolicki-pieczec-uchwyt-seal-petschaft-siegel-sceau-cachet-sigillarium.jpg 333w, https:\/\/sigillarium.pl\/wp-content\/uploads\/2021\/12\/Streitheim-Kosciol-katolicki-pieczec-uchwyt-seal-petschaft-siegel-sceau-cachet-sigillarium-110x300.jpg 110w\" sizes=\"auto, (max-width: 333px) 100vw, 333px\" \/><\/figure>\n<\/div><\/div>\n\n\n\n<div class=\"wp-block-column is-layout-flow wp-block-column-is-layout-flow\" style=\"flex-basis:1%\"><\/div>\n\n\n\n<div class=\"wp-block-column is-layout-flow wp-block-column-is-layout-flow\" style=\"flex-basis:48%\">\n<style> td {font-size: 11px; color: black; font-family: Arial;} <\/style>\n<table style=\"width: 500px; height: 150px;\">\n\t<tbody><tr>\n\t\t<td style=\"background-color: #DDDDDD; width:6%; text-align: center; \"><b>1<\/b><\/td>\n\t\t<td style=\"padding-left: 8px;\">kolekcja prywatna<\/td>\n\t<\/tr>\n\t<tr>\n\t\t<td style=\"background-color: #DDDDDD; text-align: center; \"><b>2<\/b><\/td>\n<td style=\"background-color: #FFFF99; white-space: nowrap; padding-left: 8px;\"><b><big><big><a href=\" https:\/\/de.wikipedia.org\/wiki\/Streitheim \">STREITHEIM [NIEMCY] <\/a><\/big><\/big><br><big> Wikariat katolicki<\/big><\/b><\/td>\n\t<\/tr>\n\t<tr>\n\t\t<td style=\"background-color: #DDDDDD; text-align: center; \"><b>3a<\/b><\/td>\n\t\t<td style=\"padding-left: 8px;\">mosi\u0105dz<\/td>\n\t<\/tr>\n\t<tr>\n\t\t<td style=\"background-color: #DDDDDD; text-align: center; \"><b>3b<\/b><\/td>\n\t\t<td style=\"padding-left: 8px;\">stal <\/td>\n\t<\/tr>\n\t<tr>\n\t\t<td style=\"background-color: #DDDDDD; text-align: center; \"><b>4<\/b><\/td>\n\t\t<td style=\"padding-left: 8px;\">okr\u0105g\u0142a \u00d8 28,5 mm <\/td>\n\t<\/tr>\n\t<tr>\n\t\t<td style=\"background-color: #DDDDDD; text-align: center; \"><b>5<\/b><\/td>\n\t\t<td style=\"padding-left: 8px;\">wkl\u0119s\u0142oryty<\/td>\n\t<\/tr>\n\t<tr>\n\t\t<td style=\"background-color: #DDDDDD; text-align: center; \"><b>6<\/b><\/td>\n<td style=\"padding-left: 8px;\">&#8211; <\/td>\n\t<\/tr>\n<tr>\n\t\t<td style=\"background-color: #DDDDDD; text-align: center; \"><b>7<\/b><\/td>\n<td style=\"padding-left: 8px;\"> uchwyt w formie graniastos\u0142upa o o\u015bmiok\u0105tnej podstawie, stanowi\u0105cy ze stopk\u0105 jedn\u0105 ca\u0142o\u015b\u0107, na uchwycie znacznik prawid\u0142owego  ustawienia t\u0142oka<\/td>\n\t<\/tr>\n\t<tr>\n\t\t<td style=\"background-color: #DDDDDD; text-align: center; \"><b>7a<\/b><\/td>\n\t\t<td style=\"padding-left: 8px;\">74,5 mm<\/td>\n\t<\/tr>\n\t<tr>\n\t\t<td style=\"background-color: #DDDDDD; text-align: center; \"><b>7b<\/b><\/td>\n\t\t<td style=\"padding-left: 8px;\">71,5 mm, w tym stopka 13 mm <\/td>\n\t<\/tr>\n\t<tr>\n\t\t<td style=\"background-color: #DDDDDD; text-align: center; \"><b>7c<\/b><\/td>\n\t\t<td style=\"padding-left: 8px;\">3 mm<\/td>\n\t<\/tr>\n\t<tr>\n\t\t<td style=\"background-color: #DDDDDD; text-align: center; \"><b>8<\/b><\/td>\n<td style=\"padding-left: 8px;\">&#8211; <\/td>\n\t<\/tr>\n\t<tr>\n\t\t<td style=\"background-color: #DDDDDD; text-align: center; \"><b>9a<\/b><\/td>\n\t\t<td style=\"padding-left: 8px;\">majusku\u0142a<\/td>\n\t<\/tr>\n\t<tr>\n\t\t<td style=\"background-color: #DDDDDD; text-align: center; \"><b>9b<\/b><\/td>\n<td style=\"padding-left: 8px;\"><br> w otoku: <b> SIGILLUM CURATIAE CATHOLICAE \/\/ STREITHEIM <\/b><br><br><\/td> \n\t<\/tr>\n\t<tr>\n\t\t<td style=\"background-color: #DDDDDD; text-align: center; \"><b>10<\/b><\/td>\n<td style=\"padding-left: 8px;\"> W polu piecz\u0119ci kocio\u0142 na podporach pod kt\u00f3rym p\u0142on\u0105ce drwa. W kotle (z wrz\u0105cym o\u0142owiem) p\u00f3\u0142posta\u0107 \u015bw. Wita bez szat, z r\u0119koma skrzy\u017cowanymi na piersi oraz nimbem wok\u00f3\u0142 g\u0142owy. Po obu stronach kot\u0142a k\u0142\u0119by dymu. Na zewn\u0105trz, wok\u00f3\u0142 pola piecz\u0119ci, pojedyncze obrze\u017cenie ci\u0105g\u0142e. <br><\/td>\n<\/tr>\n\t<tr>\n\t\t<td style=\"background-color: #DDDDDD; text-align: center; \"><b>11<\/b><\/td>\n<td style=\"padding-left: 8px;\">&#8211;<\/td>\n\t<\/tr>\n\t<tr>\n<td style=\"background-color: #DDDDDD; text-align: center; \"><b>12<\/b><\/td>\n<td style=\"padding-left: 8px;\">&#8211; <\/td>\n\t<\/tr>\n<\/tbody><\/table>\n<\/div>\n<\/div>\n\n\n\n<hr class=\"wp-block-separator has-css-opacity\"\/>\n\n\n\n<div class=\"wp-block-columns is-layout-flex wp-container-core-columns-is-layout-9d6595d7 wp-block-columns-is-layout-flex\">\n<div class=\"wp-block-column is-layout-flow wp-block-column-is-layout-flow\" style=\"flex-basis:5%\"><\/div>\n\n\n\n<div class=\"wp-block-column is-vertically-aligned-center is-layout-flow wp-block-column-is-layout-flow\" style=\"flex-basis:23%\">\n<figure class=\"wp-block-gallery aligncenter has-nested-images columns-default is-cropped wp-block-gallery-22 is-layout-flex wp-block-gallery-is-layout-flex\">\n<figure class=\"wp-block-image size-full is-style-default\"><a href=\"https:\/\/sigillarium.pl\/wp-content\/uploads\/2021\/03\/Tessancourt-Parafia-pieczec-seal-sceau-petschaft.jpg\"><img loading=\"lazy\" decoding=\"async\" width=\"708\" height=\"1048\" data-id=\"12129\" src=\"https:\/\/sigillarium.pl\/wp-content\/uploads\/2021\/03\/Tessancourt-Parafia-pieczec-seal-sceau-petschaft.jpg\" alt=\"\" class=\"wp-image-12129\" srcset=\"https:\/\/sigillarium.pl\/wp-content\/uploads\/2021\/03\/Tessancourt-Parafia-pieczec-seal-sceau-petschaft.jpg 708w, https:\/\/sigillarium.pl\/wp-content\/uploads\/2021\/03\/Tessancourt-Parafia-pieczec-seal-sceau-petschaft-203x300.jpg 203w, https:\/\/sigillarium.pl\/wp-content\/uploads\/2021\/03\/Tessancourt-Parafia-pieczec-seal-sceau-petschaft-692x1024.jpg 692w\" sizes=\"auto, (max-width: 708px) 100vw, 708px\" \/><\/a><\/figure>\n<\/figure>\n<\/div>\n\n\n\n<div class=\"wp-block-column is-layout-flow wp-block-column-is-layout-flow\" style=\"flex-basis:1%\"><\/div>\n\n\n\n<div class=\"wp-block-column is-vertically-aligned-center is-layout-flow wp-block-column-is-layout-flow\" style=\"flex-basis:22%\"><div class=\"wp-block-image\">\n<figure class=\"aligncenter size-large is-resized\"><img loading=\"lazy\" decoding=\"async\" width=\"372\" height=\"1024\" src=\"https:\/\/sigillarium.pl\/wp-content\/uploads\/2021\/03\/Tessancourt-Parafia-pieczec-seal-sceau-petschaft-uchwyt-372x1024.jpg\" alt=\"\" class=\"wp-image-12131\" style=\"width:136px;height:368px\" srcset=\"https:\/\/sigillarium.pl\/wp-content\/uploads\/2021\/03\/Tessancourt-Parafia-pieczec-seal-sceau-petschaft-uchwyt-372x1024.jpg 372w, https:\/\/sigillarium.pl\/wp-content\/uploads\/2021\/03\/Tessancourt-Parafia-pieczec-seal-sceau-petschaft-uchwyt-109x300.jpg 109w, https:\/\/sigillarium.pl\/wp-content\/uploads\/2021\/03\/Tessancourt-Parafia-pieczec-seal-sceau-petschaft-uchwyt.jpg 397w\" sizes=\"auto, (max-width: 372px) 100vw, 372px\" \/><\/figure>\n<\/div><\/div>\n\n\n\n<div class=\"wp-block-column is-layout-flow wp-block-column-is-layout-flow\" style=\"flex-basis:1%\"><\/div>\n\n\n\n<div class=\"wp-block-column is-layout-flow wp-block-column-is-layout-flow\" style=\"flex-basis:48%\">\n<style> td {font-size: 11px; color: black; font-family: Arial;} <\/style>\n<table style=\"width: 500px; height: 150px;\">\n\t<tbody><tr>\n\t\t<td style=\"background-color: #DDDDDD; width:6%; text-align: center; \"><b>1<\/b><\/td>\n\t\t<td style=\"padding-left: 8px;\">kolekcja prywatna<\/td>\n\t<\/tr>\n\t<tr>\n\t\t<td style=\"background-color: #DDDDDD; text-align: center; \"><b>2<\/b><\/td>\n<td style=\"background-color: #FFFF99; white-space: nowrap; padding-left: 8px;\"><b><big><big><a href=\"https:\/\/pl.wikipedia.org\/wiki\/Tessancourt-sur-Aubette \">TESSANCOURT [FRANCJA]<\/a><\/big><\/big><br><big>Parafia, Diecezja Wersalska<\/big><\/b><\/td>\n\t<\/tr>\n\t<tr>\n\t\t<td style=\"background-color: #DDDDDD; text-align: center; \"><b>3a<\/b><\/td>\n\t\t<td style=\"padding-left: 8px;\">mosi\u0105dz<\/td>\n\t<\/tr>\n\t<tr>\n\t\t<td style=\"background-color: #DDDDDD; text-align: center; \"><b>3b<\/b><\/td>\n\t\t<td style=\"padding-left: 8px;\">drewno<\/td>\n\t<\/tr>\n\t<tr>\n\t\t<td style=\"background-color: #DDDDDD; text-align: center; \"><b>4<\/b><\/td>\n\t\t<td style=\"padding-left: 8px;\"> ostroowalna 49 x 33 mm<\/td>\n\t<\/tr>\n\t<tr>\n\t\t<td style=\"background-color: #DDDDDD; text-align: center; \"><b>5<\/b><\/td>\n\t\t<td style=\"padding-left: 8px;\">wypuk\u0142oryty<\/td>\n\t<\/tr>\n\t<tr>\n\t\t<td style=\"background-color: #DDDDDD; text-align: center; \"><b>6<\/b><\/td>\n<td style=\"padding-left: 8px;\">&#8211;<\/td>\n\t<\/tr>\n<tr>\n\t\t<td style=\"background-color: #DDDDDD; text-align: center; \"><b>7<\/b><\/td>\n<td style=\"padding-left: 8px;\"> uchwyt toczony o kulistej ga\u0142ce, lakierowany na czarno<\/td>\n\t<\/tr>\n\t<tr>\n\t\t<td style=\"background-color: #DDDDDD; text-align: center; \"><b>7a<\/b><\/td>\n\t\t<td style=\"padding-left: 8px;\">129 mm<\/td>\n\t<\/tr>\n\t<tr>\n\t\t<td style=\"background-color: #DDDDDD; text-align: center; \"><b>7b<\/b><\/td>\n\t\t<td style=\"padding-left: 8px;\">119 mm, w tym skuwka 20 mm <\/td>\n\t<\/tr>\n\t<tr>\n\t\t<td style=\"background-color: #DDDDDD; text-align: center; \"><b>7c<\/b><\/td>\n\t\t<td style=\"padding-left: 8px;\">10 mm<\/td>\n\t<\/tr>\n\t<tr>\n\t\t<td style=\"background-color: #DDDDDD; text-align: center; \"><b>8<\/b><\/td>\n<td style=\"padding-left: 8px;\">&#8211; <\/td>\n\t<\/tr>\n\t<tr>\n\t\t<td style=\"background-color: #DDDDDD; text-align: center; \"><b>9a<\/b><\/td>\n\t\t<td style=\"padding-left: 8px;\">majusku\u0142a<\/td>\n\t<\/tr>\n\t<tr>\n\t\t<td style=\"background-color: #DDDDDD; text-align: center; \"><b>9b<\/b><\/td>\n<td style=\"padding-left: 8px;\"><br> w otoku:<b> *  PAROISSE  DE  TESSANCOURT * \/\/ DIOCESE DE  VERSAILLES  <\/b><br><br><\/td> \n\t<\/tr>\n\t<tr>\n\t\t<td style=\"background-color: #DDDDDD; text-align: center; \"><b>10<\/b><\/td>\n<td style=\"padding-left: 8px;\"> W polu piecz\u0119ci, na murawie, posta\u0107 \u015bw. Miko\u0142aja w stroju pontyfikalnym z mitr\u0105 na g\u0142owie i pastora\u0142em w lewej r\u0119ce. Prawa r\u0119ka wzniesiona do b\u0142ogos\u0142awie\u0144stwa. Po prawej stronie postaci, troje dzieci k\u0105pi\u0105cych si\u0119 w balii z uniesionymi r\u0119koma w stron\u0119 \u015bwi\u0119tego. Na zewn\u0105trz, wok\u00f3\u0142 pola piecz\u0119ci, pojedyncze obrze\u017cenie ci\u0105g\u0142e.<br><\/td>\n<\/tr>\n\t<tr>\n\t\t<td style=\"background-color: #DDDDDD; text-align: center; \"><b>11<\/b><\/td>\n<td style=\"padding-left: 8px;\">&#8211;<\/td>\n\t<\/tr>\n\t<tr>\n<td style=\"background-color: #DDDDDD; text-align: center; \"><b>12<\/b><\/td>\n<td style=\"padding-left: 8px;\">Parafia \u015bw. Miko\u0142aja w Tessancourt. <\/td>\n\t<\/tr>\n<\/tbody><\/table>\n<\/div>\n<\/div>\n\n\n\n<hr class=\"wp-block-separator has-css-opacity\"\/>\n\n\n\n<div class=\"wp-block-columns is-layout-flex wp-container-core-columns-is-layout-9d6595d7 wp-block-columns-is-layout-flex\">\n<div class=\"wp-block-column is-layout-flow wp-block-column-is-layout-flow\" style=\"flex-basis:5%\"><\/div>\n\n\n\n<div class=\"wp-block-column is-vertically-aligned-center is-layout-flow wp-block-column-is-layout-flow\" style=\"flex-basis:23%\">\n<figure class=\"wp-block-gallery aligncenter has-nested-images columns-default is-cropped wp-block-gallery-23 is-layout-flex wp-block-gallery-is-layout-flex\">\n<figure class=\"wp-block-image size-full is-style-default\"><a href=\"https:\/\/sigillarium.pl\/wp-content\/uploads\/2025\/04\/Czechy-Tasov-Tassau-kosciol-parafialny-p.w.-Piotra-i-Pawla-pieczec-seal-petschaft-siegel-sceau-cachet-sigillo-sigillarium.jpg\"><img loading=\"lazy\" decoding=\"async\" width=\"844\" height=\"836\" data-id=\"34928\" src=\"https:\/\/sigillarium.pl\/wp-content\/uploads\/2025\/04\/Czechy-Tasov-Tassau-kosciol-parafialny-p.w.-Piotra-i-Pawla-pieczec-seal-petschaft-siegel-sceau-cachet-sigillo-sigillarium.jpg\" alt=\"\" class=\"wp-image-34928\" srcset=\"https:\/\/sigillarium.pl\/wp-content\/uploads\/2025\/04\/Czechy-Tasov-Tassau-kosciol-parafialny-p.w.-Piotra-i-Pawla-pieczec-seal-petschaft-siegel-sceau-cachet-sigillo-sigillarium.jpg 844w, https:\/\/sigillarium.pl\/wp-content\/uploads\/2025\/04\/Czechy-Tasov-Tassau-kosciol-parafialny-p.w.-Piotra-i-Pawla-pieczec-seal-petschaft-siegel-sceau-cachet-sigillo-sigillarium-300x297.jpg 300w, https:\/\/sigillarium.pl\/wp-content\/uploads\/2025\/04\/Czechy-Tasov-Tassau-kosciol-parafialny-p.w.-Piotra-i-Pawla-pieczec-seal-petschaft-siegel-sceau-cachet-sigillo-sigillarium-150x150.jpg 150w, https:\/\/sigillarium.pl\/wp-content\/uploads\/2025\/04\/Czechy-Tasov-Tassau-kosciol-parafialny-p.w.-Piotra-i-Pawla-pieczec-seal-petschaft-siegel-sceau-cachet-sigillo-sigillarium-768x761.jpg 768w\" sizes=\"auto, (max-width: 844px) 100vw, 844px\" \/><\/a><\/figure>\n<\/figure>\n<\/div>\n\n\n\n<div class=\"wp-block-column is-layout-flow wp-block-column-is-layout-flow\" style=\"flex-basis:1%\"><\/div>\n\n\n\n<div class=\"wp-block-column is-vertically-aligned-center is-layout-flow wp-block-column-is-layout-flow\" style=\"flex-basis:22%\"><div class=\"wp-block-image\">\n<figure class=\"aligncenter size-full is-resized\"><img loading=\"lazy\" decoding=\"async\" width=\"306\" height=\"963\" src=\"https:\/\/sigillarium.pl\/wp-content\/uploads\/2025\/04\/Czechy-Tasov-Tassau-kosciol-parafialny-p.w.-Piotra-i-Pawla-pieczec-uchwyt-seal-petschaft-siegel-sceau-cachet-sigillo-sigillarium.jpg\" alt=\"\" class=\"wp-image-34929\" style=\"width:135px;height:385px\" srcset=\"https:\/\/sigillarium.pl\/wp-content\/uploads\/2025\/04\/Czechy-Tasov-Tassau-kosciol-parafialny-p.w.-Piotra-i-Pawla-pieczec-uchwyt-seal-petschaft-siegel-sceau-cachet-sigillo-sigillarium.jpg 306w, https:\/\/sigillarium.pl\/wp-content\/uploads\/2025\/04\/Czechy-Tasov-Tassau-kosciol-parafialny-p.w.-Piotra-i-Pawla-pieczec-uchwyt-seal-petschaft-siegel-sceau-cachet-sigillo-sigillarium-95x300.jpg 95w\" sizes=\"auto, (max-width: 306px) 100vw, 306px\" \/><\/figure>\n<\/div><\/div>\n\n\n\n<div class=\"wp-block-column is-layout-flow wp-block-column-is-layout-flow\" style=\"flex-basis:1%\"><\/div>\n\n\n\n<div class=\"wp-block-column is-layout-flow wp-block-column-is-layout-flow\" style=\"flex-basis:48%\">\n<style> td {font-size: 11px; color: black; font-family: Arial;} <\/style>\n<table style=\"width: 500px; height: 150px;\">\n\t<tbody><tr>\n\t\t<td style=\"background-color: #DDDDDD; width:6%; text-align: center; \"><b>1<\/b><\/td>\n\t\t<td style=\"padding-left: 8px;\">kolekcja prywatna<\/td>\n\t<\/tr>\n\t<tr>\n\t\t<td style=\"background-color: #DDDDDD; text-align: center; \"><b>2<\/b><\/td>\n<td style=\"background-color: #FFFF99; white-space: nowrap; padding-left: 8px;\"><b><big><big><a href=\" https:\/\/pl.wikipedia.org\/wiki\/Tasov \">TASOV [CZECHY]<\/a><\/big><\/big><br><big>Ko\u015bci\u00f3\u0142 parafialny pw. \u015awi\u0119tych Aposto\u0142\u00f3w Piotra i Paw\u0142a <\/big><\/b><\/td>\n\t<\/tr>\n\t<tr>\n\t\t<td style=\"background-color: #DDDDDD; text-align: center; \"><b>3a<\/b><\/td>\n\t\t<td style=\"padding-left: 8px;\">stal<\/td>\n\t<\/tr>\n\t<tr>\n\t\t<td style=\"background-color: #DDDDDD; text-align: center; \"><b>3b<\/b><\/td>\n\t\t<td style=\"padding-left: 8px;\">stal<\/td>\n\t<\/tr>\n\t<tr>\n\t\t<td style=\"background-color: #DDDDDD; text-align: center; \"><b>4<\/b><\/td>\n\t\t<td style=\"padding-left: 8px;\">okr\u0105g\u0142a \u00d8 40 mm<\/td>\n\t<\/tr>\n\t<tr>\n\t\t<td style=\"background-color: #DDDDDD; text-align: center; \"><b>5<\/b><\/td>\n\t\t<td style=\"padding-left: 8px;\">wkl\u0119s\u0142oryty<\/td>\n\t<\/tr>\n\t<tr>\n\t\t<td style=\"background-color: #DDDDDD; text-align: center; \"><b>6<\/b><\/td>\n<td style=\"padding-left: 8px;\">&#8211;<\/td>\n\t<\/tr>\n<tr>\n\t\t<td style=\"background-color: #DDDDDD; text-align: center; \"><b>7<\/b><\/td>\n<td style=\"padding-left: 8px;\">uchwyt o o\u015bmiok\u0105tnej podstawie, stanowi\u0105cy ze stopk\u0105 jednolit\u0105 ca\u0142o\u015b\u0107<\/td>\n\t<\/tr>\n\t<tr>\n\t\t<td style=\"background-color: #DDDDDD; text-align: center; \"><b>7a<\/b><\/td>\n\t\t<td style=\"padding-left: 8px;\">122 mm<\/td>\n\t<\/tr>\n\t<tr>\n\t\t<td style=\"background-color: #DDDDDD; text-align: center; \"><b>7b<\/b><\/td>\n\t\t<td style=\"padding-left: 8px;\">118 mm, w tym stopka 13 mm, cok\u00f3\u0142 2 mm<\/td>\n\t<\/tr>\n\t<tr>\n\t\t<td style=\"background-color: #DDDDDD; text-align: center; \"><b>7c<\/b><\/td>\n\t\t<td style=\"padding-left: 8px;\">4 mm<\/td>\n\t<\/tr>\n\t<tr>\n\t\t<td style=\"background-color: #DDDDDD; text-align: center; \"><b>8<\/b><\/td>\n<td style=\"padding-left: 8px;\">&#8211;<\/td>\n\t<\/tr>\n\t<tr>\n\t\t<td style=\"background-color: #DDDDDD; text-align: center; \"><b>9a<\/b><\/td>\n\t\t<td style=\"padding-left: 8px;\">majusku\u0142a<\/td>\n\t<\/tr>\n\t<tr>\n\t\t<td style=\"background-color: #DDDDDD; text-align: center; \"><b>9b<\/b><\/td>\n<td style=\"padding-left: 8px;\"><br> w otoku:<b> * SIGILLUM PAROCH <i>(ialis)<\/i> ECCLE <i>(siae)<\/i> IN OPPIDO TASSAU 1794<\/b> <br> w polu (na belce): <b> S <i>(ancti)<\/i> S <i>(ancti)<\/i> APOSTOLI PET <i>(rus)<\/i> ET PAUL <i>(us)<\/i><\/b><br>w polu (poni\u017cej belki): <b>PATRONI ECCLESIAE <\/b><br><br><\/td> \n\t<\/tr>\n\t<tr>\n\t\t<td style=\"background-color: #DDDDDD; text-align: center; \"><b>10<\/b><\/td>\n<td style=\"padding-left: 8px;\"> Pole piecz\u0119ci dwudzielne w pas, oddzielone od pola legendy obrze\u017ceniem sznurowym. W polu pierwszym, na murawie, wzajemnie zwr\u00f3cone en face postacie \u015bw. Aposto\u0142\u00f3w Piotra i Paw\u0142a w pow\u0142\u00f3czystych szatach, z nimbami wok\u00f3\u0142 g\u0142\u00f3w. Po prawej le\u017c\u0105cy na murawie krzy\u017c. Poni\u017cej na belce rozdzielaj\u0105cej pola napis. W polu drugim, na pag\u00f3rku, ko\u015bci\u00f3\u0142 z wie\u017c\u0105 po prawej stronie, otoczony parkanem z bram\u0105 po lewej. Powy\u017cej napis. Po prawej, poza parkanem, stoj\u0105cy krzy\u017c. Poni\u017cej, poza parkanem, na murawie przekrzy\u017cowane klucz i miecz. Na zewn\u0105trz, wok\u00f3\u0142 pola legendy, pojedyncze obrze\u017cenie wie\u0144cowe. <br><\/td>\n<\/tr>\n\t<tr>\n\t\t<td style=\"background-color: #DDDDDD; text-align: center; \"><b>11<\/b><\/td>\n<td style=\"padding-left: 8px;\">&#8211;<\/td>\n\t<\/tr>\n\t<tr>\n<td style=\"background-color: #DDDDDD; text-align: center; \"><b>12<\/b><\/td>\n<td style=\"padding-left: 8px;\">&#8211; <\/td>\n\t<\/tr>\n<\/tbody><\/table>\n<\/div>\n<\/div>\n\n\n\n<hr class=\"wp-block-separator has-alpha-channel-opacity\"\/>\n\n\n\n<div class=\"wp-block-columns is-layout-flex wp-container-core-columns-is-layout-9d6595d7 wp-block-columns-is-layout-flex\">\n<div class=\"wp-block-column is-layout-flow wp-block-column-is-layout-flow\" style=\"flex-basis:5%\"><\/div>\n\n\n\n<div class=\"wp-block-column is-vertically-aligned-center is-layout-flow wp-block-column-is-layout-flow\" style=\"flex-basis:23%\">\n<figure class=\"wp-block-gallery aligncenter has-nested-images columns-default is-cropped wp-block-gallery-24 is-layout-flex wp-block-gallery-is-layout-flex\">\n<figure class=\"wp-block-image size-full is-style-default\"><a href=\"https:\/\/sigillarium.pl\/wp-content\/uploads\/2020\/03\/Trzyniec-Parafia-2.jpg\"><img loading=\"lazy\" decoding=\"async\" width=\"777\" height=\"765\" data-id=\"1335\" src=\"https:\/\/sigillarium.pl\/wp-content\/uploads\/2020\/03\/Trzyniec-Parafia-2.jpg\" alt=\"\" class=\"wp-image-1335\" srcset=\"https:\/\/sigillarium.pl\/wp-content\/uploads\/2020\/03\/Trzyniec-Parafia-2.jpg 777w, https:\/\/sigillarium.pl\/wp-content\/uploads\/2020\/03\/Trzyniec-Parafia-2-300x295.jpg 300w, https:\/\/sigillarium.pl\/wp-content\/uploads\/2020\/03\/Trzyniec-Parafia-2-768x756.jpg 768w\" sizes=\"auto, (max-width: 777px) 100vw, 777px\" \/><\/a><\/figure>\n<\/figure>\n<\/div>\n\n\n\n<div class=\"wp-block-column is-layout-flow wp-block-column-is-layout-flow\" style=\"flex-basis:1%\"><\/div>\n\n\n\n<div class=\"wp-block-column is-vertically-aligned-center is-layout-flow wp-block-column-is-layout-flow\" style=\"flex-basis:22%\"><div class=\"wp-block-image\">\n<figure class=\"aligncenter size-large is-resized\"><img loading=\"lazy\" decoding=\"async\" width=\"199\" height=\"569\" src=\"https:\/\/sigillarium.pl\/wp-content\/uploads\/2020\/03\/Trzyniec-Parafia-uchwyt.jpg\" alt=\"\" class=\"wp-image-1368\" style=\"width:135px;height:385px\" srcset=\"https:\/\/sigillarium.pl\/wp-content\/uploads\/2020\/03\/Trzyniec-Parafia-uchwyt.jpg 199w, https:\/\/sigillarium.pl\/wp-content\/uploads\/2020\/03\/Trzyniec-Parafia-uchwyt-105x300.jpg 105w\" sizes=\"auto, (max-width: 199px) 100vw, 199px\" \/><\/figure>\n<\/div><\/div>\n\n\n\n<div class=\"wp-block-column is-layout-flow wp-block-column-is-layout-flow\" style=\"flex-basis:1%\"><\/div>\n\n\n\n<div class=\"wp-block-column is-layout-flow wp-block-column-is-layout-flow\" style=\"flex-basis:48%\">\n<style> td {font-size: 11px; color: black; font-family: Arial;} <\/style>\n<table style=\"width: 500px; height: 150px;\">\n\t<tr>\n\t\t<td style=\"background-color: #DDDDDD; width:6%; text-align: center; \"><b>1<\/b><\/td>\n\t\t<td style=\"padding-left: 8px;\">kolekcja prywatna<\/td>\n\t<\/tr>\n\t<tr>\n\t\t<td style=\"background-color: #DDDDDD; text-align: center; \"><b>2<\/b><\/td>\n<td style=\"background-color: #FFFF99; white-space: nowrap; padding-left: 8px;\"><b><big><big> <a href=\" https:\/\/pl.wikipedia.org\/wiki\/Trzyniec \"> TRZYNIEC [CZECHY] <\/a> <\/big><\/big><\/b><br \/><b><big> Ko\u015bci\u00f3\u0142 parafialny<\/big><\/b><\/td>\n\t<\/tr>\n\t<tr>\n\t\t<td style=\"background-color: #DDDDDD; text-align: center; \"><b>3a<\/b><\/td>\n\t\t<td style=\"padding-left: 8px;\">mosi\u0105dz<\/td>\n\t<\/tr>\n\t<tr>\n\t\t<td style=\"background-color: #DDDDDD; text-align: center; \"><b>3b<\/b><\/td>\n\t\t<td style=\"padding-left: 8px;\"> drewno <\/td>\n\t<\/tr>\n\t<tr>\n\t\t<td style=\"background-color: #DDDDDD; text-align: center; \"><b>4<\/b><\/td>\n\t\t<td style=\"padding-left: 8px;\">okr\u0105g\u0142a \u00d8 38 mm<\/td>\n\t<\/tr>\n\t<tr>\n\t\t<td style=\"background-color: #DDDDDD; text-align: center; \"><b>5<\/b><\/td>\n\t\t<td style=\"padding-left: 8px;\">wkl\u0119s\u0142oryty<\/td>\n\t<\/tr>\n\t<tr>\n\t\t<td style=\"background-color: #DDDDDD; text-align: center; \"><b>6<\/b><\/td>\n<td style=\"padding-left: 8px;\"> &#8211;<\/td>\n\t<\/tr>\n<tr>\n\t\t<td style=\"background-color: #DDDDDD; text-align: center; \"><b>7<\/b><\/td>\n<td style=\"padding-left: 8px;\"> uchwyt toczony o kulistej ga\u0142ce, lakierowany na czarno <\/td>\n\t<\/tr>\n\t<tr>\n\t\t<td style=\"background-color: #DDDDDD; text-align: center; \"><b>7a<\/b><\/td>\n\t\t<td style=\"padding-left: 8px;\">112 mm<\/td>\n\t<\/tr>\n\t<tr>\n\t\t<td style=\"background-color: #DDDDDD; text-align: center; \"><b>7b<\/b><\/td>\n\t\t<td style=\"padding-left: 8px;\"> 85 mm, w tym skuwka 7,5 mm <\/td>\n\t<\/tr>\n\t<tr>\n\t\t<td style=\"background-color: #DDDDDD; text-align: center; \"><b>7c<\/b><\/td>\n\t\t<td style=\"padding-left: 8px;\">6 mm<\/td>\n\t<\/tr>\n\t<tr>\n\t\t<td style=\"background-color: #DDDDDD; text-align: center; \"><b>8<\/b><\/td>\n<td style=\"padding-left: 8px;\"> &#8211;<\/td>\n\t<\/tr>\n\t<tr>\n\t\t<td style=\"background-color: #DDDDDD; text-align: center; \"><b>9a<\/b><\/td>\n\t\t<td style=\"padding-left: 8px;\">majusku\u0142a<\/td>\n\t<\/tr>\n\t<tr>\n\t\t<td style=\"background-color: #DDDDDD; text-align: center; \"><b>9b<\/b><\/td>\n<td style=\"padding-left: 8px;\"> w otoku: <br \/><br \/><b>* SIGIL <i>(lum)<\/i> : ECCLES <i>(iae)<\/i>: PAROCH <i>(ialis)<\/i>: TRZYNIECENSIS<\/b><br \/><br \/><\/td>\n\t<\/tr>\n\t<tr>\n\t\t<td style=\"background-color: #DDDDDD; text-align: center; \"><b>10<\/b><\/td>\n<td style=\"padding-left: 8px;\"> W polu piecz\u0119ci, oddzielonym od pola legendy pojedynczym obrze\u017ceniem ci\u0105g\u0142ym, na murawie, budynek neogotyckiego ko\u015bcio\u0142a w widoku od lewej nawy bocznej. Szczyt dachu po lewej stronie (nad prezbiterium) zwie\u0144czony krzy\u017cem, po\u015brodku nad naw\u0105 g\u0142\u00f3wn\u0105 spadzista wie\u017ca zwie\u0144czona krzy\u017cem (mniejsza), po prawej stronie spadzista wie\u017ca frontowa zwie\u0144czona krzy\u017cem (wi\u0119ksza). Na zewn\u0105trz, wok\u00f3\u0142 pola legendy, podw\u00f3jne obrze\u017cenie ci\u0105g\u0142e i pere\u0142kowe.<\/tr>\n\t<tr>\n\t\t<td style=\"background-color: #DDDDDD; text-align: center; \"><b>11<\/b><\/td>\n<td style=\"padding-left: 8px;\">&#8211;<\/td>\n\t<\/tr>\n\t<tr>\n\t\t<td style=\"background-color: #DDDDDD; text-align: center; \"><b>12<\/b><\/td>\n\t\t<td style=\"padding-left: 8px;\"> Ko\u015bci\u00f3\u0142 pw. \u015bw. Alberta Jerozolimskiego, dawniej dekanat cieszy\u0144ski. Konsekracja ko\u015bcio\u0142a odby\u0142a si\u0119 27 wrze\u015bnia 1885 r.<\/td>\n\t<\/tr>\n<\/table>\n<\/div>\n<\/div>\n\n\n\n<hr class=\"wp-block-separator has-css-opacity\"\/>\n\n\n\n<div class=\"wp-block-columns is-layout-flex wp-container-core-columns-is-layout-9d6595d7 wp-block-columns-is-layout-flex\">\n<div class=\"wp-block-column is-layout-flow wp-block-column-is-layout-flow\" style=\"flex-basis:5%\"><\/div>\n\n\n\n<div class=\"wp-block-column is-vertically-aligned-center is-layout-flow wp-block-column-is-layout-flow\" style=\"flex-basis:23%\">\n<figure class=\"wp-block-gallery aligncenter has-nested-images columns-default is-cropped wp-block-gallery-25 is-layout-flex wp-block-gallery-is-layout-flex\">\n<figure class=\"wp-block-image size-full is-style-default\"><a href=\"https:\/\/sigillarium.pl\/wp-content\/uploads\/2022\/04\/Veneto-Komisariat-papieski-pieczec-seal-petschaft-siegel-sceau-sigillo.jpg\"><img loading=\"lazy\" decoding=\"async\" width=\"994\" height=\"1002\" data-id=\"20357\" src=\"https:\/\/sigillarium.pl\/wp-content\/uploads\/2022\/04\/Veneto-Komisariat-papieski-pieczec-seal-petschaft-siegel-sceau-sigillo.jpg\" alt=\"\" class=\"wp-image-20357\" srcset=\"https:\/\/sigillarium.pl\/wp-content\/uploads\/2022\/04\/Veneto-Komisariat-papieski-pieczec-seal-petschaft-siegel-sceau-sigillo.jpg 994w, https:\/\/sigillarium.pl\/wp-content\/uploads\/2022\/04\/Veneto-Komisariat-papieski-pieczec-seal-petschaft-siegel-sceau-sigillo-298x300.jpg 298w, https:\/\/sigillarium.pl\/wp-content\/uploads\/2022\/04\/Veneto-Komisariat-papieski-pieczec-seal-petschaft-siegel-sceau-sigillo-150x150.jpg 150w, https:\/\/sigillarium.pl\/wp-content\/uploads\/2022\/04\/Veneto-Komisariat-papieski-pieczec-seal-petschaft-siegel-sceau-sigillo-768x774.jpg 768w\" sizes=\"auto, (max-width: 994px) 100vw, 994px\" \/><\/a><\/figure>\n<\/figure>\n<\/div>\n\n\n\n<div class=\"wp-block-column is-layout-flow wp-block-column-is-layout-flow\" style=\"flex-basis:1%\"><\/div>\n\n\n\n<div class=\"wp-block-column is-vertically-aligned-center is-layout-flow wp-block-column-is-layout-flow\" style=\"flex-basis:22%\"><div class=\"wp-block-image\">\n<figure class=\"aligncenter size-full is-resized\"><img loading=\"lazy\" decoding=\"async\" width=\"434\" height=\"976\" src=\"https:\/\/sigillarium.pl\/wp-content\/uploads\/2022\/04\/Veneto-Komisariat-papieski-pieczec-uchwyt-seal-petschaft-siegel-sceau-sigillo.jpg\" alt=\"\" class=\"wp-image-20358\" style=\"width:155px;height:349px\" srcset=\"https:\/\/sigillarium.pl\/wp-content\/uploads\/2022\/04\/Veneto-Komisariat-papieski-pieczec-uchwyt-seal-petschaft-siegel-sceau-sigillo.jpg 434w, https:\/\/sigillarium.pl\/wp-content\/uploads\/2022\/04\/Veneto-Komisariat-papieski-pieczec-uchwyt-seal-petschaft-siegel-sceau-sigillo-133x300.jpg 133w\" sizes=\"auto, (max-width: 434px) 100vw, 434px\" \/><\/figure>\n<\/div><\/div>\n\n\n\n<div class=\"wp-block-column is-layout-flow wp-block-column-is-layout-flow\" style=\"flex-basis:1%\"><\/div>\n\n\n\n<div class=\"wp-block-column is-layout-flow wp-block-column-is-layout-flow\" style=\"flex-basis:48%\">\n<style> td {font-size: 11px; color: black; font-family: Arial;} <\/style>\n<table style=\"width: 500px; height: 150px;\">\n\t<tbody><tr>\n\t\t<td style=\"background-color: #DDDDDD; width:6%; text-align: center; \"><b>1<\/b><\/td>\n\t\t<td style=\"padding-left: 8px;\">kolekcja prywatna<\/td>\n\t<\/tr>\n\t<tr>\n\t\t<td style=\"background-color: #DDDDDD; text-align: center; \"><b>2<\/b><\/td>\n<td style=\"background-color: #FFFF99; white-space: nowrap; padding-left: 8px;\"><b><big><big> <a href=\" https:\/\/pl.wikipedia.org\/wiki\/Vittorio_Veneto \"> VENETO [W\u0141OCHY] <\/a> <\/big><\/big><br><big> Komisariat Papieski  <\/big><\/b><\/td>\n\t<\/tr>\n\t<tr>\n\t\t<td style=\"background-color: #DDDDDD; text-align: center; \"><b>3a<\/b><\/td>\n\t\t<td style=\"padding-left: 8px;\">mosi\u0105dz<\/td>\n\t<\/tr>\n\t<tr>\n\t\t<td style=\"background-color: #DDDDDD; text-align: center; \"><b>3b<\/b><\/td>\n\t\t<td style=\"padding-left: 8px;\">drewno<\/td>\n\t<\/tr>\n\t<tr>\n\t\t<td style=\"background-color: #DDDDDD; text-align: center; \"><b>4<\/b><\/td>\n\t\t<td style=\"padding-left: 8px;\">okr\u0105g\u0142a \u00d8 39 mm<\/td>\n\t<\/tr>\n\t<tr>\n\t\t<td style=\"background-color: #DDDDDD; text-align: center; \"><b>5<\/b><\/td>\n\t\t<td style=\"padding-left: 8px;\">wypuk\u0142oryty<\/td>\n\t<\/tr>\n\t<tr>\n\t\t<td style=\"background-color: #DDDDDD; text-align: center; \"><b>6<\/b><\/td>\n<td style=\"padding-left: 8px;\">na rancie matrycy znacznik prawid\u0142owego ustawienia t\u0142oka<\/td>\n\t<\/tr>\n<tr>\n\t\t<td style=\"background-color: #DDDDDD; text-align: center; \"><b>7<\/b><\/td>\n<td style=\"padding-left: 8px;\">uchwyt toczony o sp\u0142aszczonej ga\u0142ce<\/td>\n\t<\/tr>\n\t<tr>\n\t\t<td style=\"background-color: #DDDDDD; text-align: center; \"><b>7a<\/b><\/td>\n\t\t<td style=\"padding-left: 8px;\">105 mm<\/td>\n\t<\/tr>\n\t<tr>\n\t\t<td style=\"background-color: #DDDDDD; text-align: center; \"><b>7b<\/b><\/td>\n<td style=\"padding-left: 8px;\"> 101 mm<\/td>\n\t<\/tr>\n\t<tr>\n\t\t<td style=\"background-color: #DDDDDD; text-align: center; \"><b>7c<\/b><\/td>\n\t\t<td style=\"padding-left: 8px;\"> 4 mm<\/td>\n\t<\/tr>\n\t<tr>\n\t\t<td style=\"background-color: #DDDDDD; text-align: center; \"><b>8<\/b><\/td>\n<td style=\"padding-left: 8px;\">&#8211;<\/td>\n\t<\/tr>\n\t<tr>\n\t\t<td style=\"background-color: #DDDDDD; text-align: center; \"><b>9a<\/b><\/td>\n\t\t<td style=\"padding-left: 8px;\">majusku\u0142a<\/td>\n\t<\/tr>\n\t<tr>\n\t\t<td style=\"background-color: #DDDDDD; text-align: center; \"><b>9b<\/b><\/td>\n<td style=\"padding-left: 8px;\"> <br>w otoku:  <b> + COMMISSARIATO  PONTIFICIO  NEL  VENETO<br><br><\/b><\/td> \n<\/tr>\n\t<tr>\t\n\t\t<td style=\"background-color: #DDDDDD; text-align: center; \"><b>10<\/b><\/td>\n<td style=\"padding-left: 8px;\"> W polu piecz\u0119ci tarcza czw\u00f3rdzielna w krzy\u017c. W polu pierwszym i czwartym ukoronowany wspi\u0119ty lew z rozdwojonym ogonem, w polu drugim i trzecim dwa pasy w skos. Powy\u017cej tiara ze wst\u0119gami. Za tarcz\u0105 skrzy\u017cowane klucze pi\u00f3rami ku g\u00f3rze i na zewn\u0105trz. Na zewn\u0105trz, wok\u00f3\u0142 pola piecz\u0119ci, pojedyncze obrze\u017cenie ci\u0105g\u0142e.<\/td>\n<\/tr>\n\t<tr>\n\t\t<td style=\"background-color: #DDDDDD; text-align: center; \"><b>11<\/b><\/td>\n<td style=\"padding-left: 8px;\">&#8211;<\/td>\n\t<\/tr>\n\t<tr>\n\t\t<td style=\"background-color: #DDDDDD; text-align: center; \"><b>12<\/b><\/td>\n<td style=\"padding-left: 8px;\">&#8211; <\/td>\n\t<\/tr>\n<\/tbody><\/table>\n<\/div>\n<\/div>\n\n\n\n<hr class=\"wp-block-separator has-alpha-channel-opacity\"\/>\n\n\n\n<div class=\"wp-block-columns is-layout-flex wp-container-core-columns-is-layout-9d6595d7 wp-block-columns-is-layout-flex\">\n<div class=\"wp-block-column is-layout-flow wp-block-column-is-layout-flow\" style=\"flex-basis:5%\"><\/div>\n\n\n\n<div class=\"wp-block-column is-vertically-aligned-center is-layout-flow wp-block-column-is-layout-flow\" style=\"flex-basis:23%\">\n<figure class=\"wp-block-gallery aligncenter has-nested-images columns-default is-cropped wp-block-gallery-26 is-layout-flex wp-block-gallery-is-layout-flex\">\n<figure class=\"wp-block-image size-full is-style-default\"><a href=\"https:\/\/sigillarium.pl\/wp-content\/uploads\/2025\/09\/Francja-Przeorat-benedyktynski-Kongregacji-sw.-Maura-pieczec-seal-petschaft-siegel-sceau-cachet-sigillo-sigillarium.jpg\"><img loading=\"lazy\" decoding=\"async\" width=\"1823\" height=\"1807\" data-id=\"36750\" src=\"https:\/\/sigillarium.pl\/wp-content\/uploads\/2025\/09\/Francja-Przeorat-benedyktynski-Kongregacji-sw.-Maura-pieczec-seal-petschaft-siegel-sceau-cachet-sigillo-sigillarium.jpg\" alt=\"\" class=\"wp-image-36750\" srcset=\"https:\/\/sigillarium.pl\/wp-content\/uploads\/2025\/09\/Francja-Przeorat-benedyktynski-Kongregacji-sw.-Maura-pieczec-seal-petschaft-siegel-sceau-cachet-sigillo-sigillarium.jpg 1823w, https:\/\/sigillarium.pl\/wp-content\/uploads\/2025\/09\/Francja-Przeorat-benedyktynski-Kongregacji-sw.-Maura-pieczec-seal-petschaft-siegel-sceau-cachet-sigillo-sigillarium-300x297.jpg 300w, https:\/\/sigillarium.pl\/wp-content\/uploads\/2025\/09\/Francja-Przeorat-benedyktynski-Kongregacji-sw.-Maura-pieczec-seal-petschaft-siegel-sceau-cachet-sigillo-sigillarium-1024x1015.jpg 1024w, https:\/\/sigillarium.pl\/wp-content\/uploads\/2025\/09\/Francja-Przeorat-benedyktynski-Kongregacji-sw.-Maura-pieczec-seal-petschaft-siegel-sceau-cachet-sigillo-sigillarium-150x150.jpg 150w, https:\/\/sigillarium.pl\/wp-content\/uploads\/2025\/09\/Francja-Przeorat-benedyktynski-Kongregacji-sw.-Maura-pieczec-seal-petschaft-siegel-sceau-cachet-sigillo-sigillarium-768x761.jpg 768w, https:\/\/sigillarium.pl\/wp-content\/uploads\/2025\/09\/Francja-Przeorat-benedyktynski-Kongregacji-sw.-Maura-pieczec-seal-petschaft-siegel-sceau-cachet-sigillo-sigillarium-1536x1523.jpg 1536w\" sizes=\"auto, (max-width: 1823px) 100vw, 1823px\" \/><\/a><\/figure>\n<\/figure>\n<\/div>\n\n\n\n<div class=\"wp-block-column is-layout-flow wp-block-column-is-layout-flow\" style=\"flex-basis:1%\"><\/div>\n\n\n\n<div class=\"wp-block-column is-vertically-aligned-center is-layout-flow wp-block-column-is-layout-flow\" style=\"flex-basis:22%\"><div class=\"wp-block-image\">\n<figure class=\"aligncenter size-full is-resized\"><img loading=\"lazy\" decoding=\"async\" width=\"162\" height=\"720\" src=\"https:\/\/sigillarium.pl\/wp-content\/uploads\/2025\/09\/Francja-Przeorat-benedyktynski-Kongregacji-sw.-Maura-pieczec-uchwyt-seal-petschaft-siegel-sceau-cachet-sigillo-sigillarium.jpg\" alt=\"\" class=\"wp-image-36751\" style=\"width:98px;height:auto\"\/><\/figure>\n<\/div><\/div>\n\n\n\n<div class=\"wp-block-column is-layout-flow wp-block-column-is-layout-flow\" style=\"flex-basis:1%\"><\/div>\n\n\n\n<div class=\"wp-block-column is-layout-flow wp-block-column-is-layout-flow\" style=\"flex-basis:48%\">\n<style> td {font-size: 11px; color: black; font-family: Arial;} <\/style>\n<table style=\"width: 500px; height: 150px;\">\n\t<tbody><tr>\n\t\t<td style=\"background-color: #DDDDDD; width:6%; text-align: center; \"><b>1<\/b><\/td>\n\t\t<td style=\"padding-left: 8px;\">kolekcja prywatna<\/td>\n\t<\/tr>\n\t<tr>\n\t\t<td style=\"background-color: #DDDDDD; text-align: center; \"><b>2<\/b><\/td>\n<td style=\"background-color: #FFFF99; white-space: nowrap; padding-left: 8px;\"><b><big><big> <a href=\" https:\/\/pl.wikipedia.org\/wiki\/Vend%C3%B4me \">VEND\u00d4ME [FRANCJA]<\/a> <\/big><\/big><br><big> Przeorat benedykty\u0144ski, Kongregacja \u015bw. Maura <\/big><\/b><\/td>\n\t<\/tr>\n\t<tr>\n\t\t<td style=\"background-color: #DDDDDD; text-align: center; \"><b>3a<\/b><\/td>\n\t\t<td style=\"padding-left: 8px;\">stal<\/td>\n\t<\/tr>\n\t<tr>\n\t\t<td style=\"background-color: #DDDDDD; text-align: center; \"><b>3b<\/b><\/td>\n\t\t<td style=\"padding-left: 8px;\">drewno<\/td>\n\t<\/tr>\n\t<tr>\n\t\t<td style=\"background-color: #DDDDDD; text-align: center; \"><b>4<\/b><\/td>\n\t\t<td style=\"padding-left: 8px;\">okr\u0105g\u0142a \u00d8 22 mm<\/td>\n\t<\/tr>\n\t<tr>\n\t\t<td style=\"background-color: #DDDDDD; text-align: center; \"><b>5<\/b><\/td>\n\t\t<td style=\"padding-left: 8px;\">wkl\u0119s\u0142oryty<\/td>\n\t<\/tr>\n\t<tr>\n\t\t<td style=\"background-color: #DDDDDD; text-align: center; \"><b>6<\/b><\/td>\n<td style=\"padding-left: 8px;\">na rancie matrycy znacznik prawid\u0142owego ustawienia t\u0142oka<\/td>\n\t<\/tr>\n<tr>\n\t\t<td style=\"background-color: #DDDDDD; text-align: center; \"><b>7<\/b><\/td>\n<td style=\"padding-left: 8px;\">uchwyt toczony o wyd\u0142u\u017conej ga\u0142ce<\/td>\n\t<\/tr>\n\t<tr>\n\t\t<td style=\"background-color: #DDDDDD; text-align: center; \"><b>7a<\/b><\/td>\n\t\t<td style=\"padding-left: 8px;\">132 mm<\/td>\n\t<\/tr>\n\t<tr>\n\t\t<td style=\"background-color: #DDDDDD; text-align: center; \"><b>7b<\/b><\/td>\n<td style=\"padding-left: 8px;\">112,5 mm, w tym skuwka 14 mm (\u00d8 16 mm)<\/td>\n\t<\/tr>\n\t<tr>\n\t\t<td style=\"background-color: #DDDDDD; text-align: center; \"><b>7c<\/b><\/td>\n\t\t<td style=\"padding-left: 8px;\">19,5 mm<\/td>\n\t<\/tr>\n\t<tr>\n\t\t<td style=\"background-color: #DDDDDD; text-align: center; \"><b>8<\/b><\/td>\n<td style=\"padding-left: 8px;\">&#8211;<\/td>\n\t<\/tr>\n\t<tr>\n\t\t<td style=\"background-color: #DDDDDD; text-align: center; \"><b>9a<\/b><\/td>\n\t\t<td style=\"padding-left: 8px;\">majusku\u0142a, minusku\u0142a<\/td>\n\t<\/tr>\n\t<tr>\n\t\t<td style=\"background-color: #DDDDDD; text-align: center; \"><b>9b<\/b><\/td>\n<td style=\"padding-left: 8px;\"> <br> w otoku: <b> SIG <i>(illum)<\/i> PRIOR <i>(atus)<\/i> S <i>(ancti)<\/i> S <i>(imm)<\/i>oe TRINITATIS CONG <i>(regationis)<\/i> S <i>(ancti)<\/i> MAVRI <\/b><br> <br><\/td> \n<\/tr>\n\t<tr>\t\n\t\t<td style=\"background-color: #DDDDDD; text-align: center; \"><b>10<\/b><\/td>\n<td style=\"padding-left: 8px;\"> W polu piecz\u0119ci, oddzielonym od pola legendy pojedynczym obrze\u017ceniem ci\u0105g\u0142ym, wizerunek mnicha w habicie benedykty\u0144skim, stoj\u0105cego frontalnie, zwr\u00f3conego lekko w lewo. Posta\u0107 trzyma w prawej r\u0119ce pastora\u0142 (oznaka w\u0142adzy opackiej lub przeorskiej). Po lewej stronie postaci (w p\u00f3\u0142otoku) napis: S <i>(anctus)<\/i> BENEDICTVS. Na zewn\u0105trz, wok\u00f3\u0142 pola piecz\u0119ci, podw\u00f3jne obrze\u017cenie; ci\u0105g\u0142e i pere\u0142kowe.<\/td>\n<\/tr>\n\t<tr>\n\t\t<td style=\"background-color: #DDDDDD; text-align: center; \"><b>11<\/b><\/td>\n<td style=\"padding-left: 8px;\">&#8211;<\/td>\n\t<\/tr>\n\t<tr>\n\t\t<td style=\"background-color: #DDDDDD; text-align: center; \"><b>12<\/b><\/td>\n<td style=\"padding-left: 8px;\"> Kongregacja \u015bw. Maura, powsta\u0142a w 1621 r. we Francji, odegra\u0142a wa\u017cn\u0105 rol\u0119 w dziejach zakonu benedykty\u0144skiego, znana by\u0142a z dzia\u0142alno\u015bci naukowej i wydawniczej, a tak\u017ce z zarz\u0105dzania licznymi klasztorami (zobacz: <a href=\"https:\/\/pl.wikipedia.org\/wiki\/Maury%C5%9Bci \"> Maury\u015bci<\/a>).<\/td>\n\t<\/tr>\n<\/tbody><\/table>\n<\/div>\n<\/div>\n\n\n\n<hr class=\"wp-block-separator has-css-opacity\"\/>\n\n\n\n<p><\/p>\n","protected":false},"excerpt":{"rendered":"<p>T\u0142oki zaprezentowano w kolejno\u015bci alfabetycznej wzgl\u0119dem nazwy miejscowo\u015bci przywo\u0142anej w legendzie t\u0142oka lub odtworzonej ze \u017ar\u00f3de\u0142 historycznych. 1 kolekcja prywatna 2 BAGNOREGIO [W\u0141OCHY] Klasztor Zakonu Franciszkan\u00f3w 3a mosi\u0105dz 3b drewno&hellip; <\/p>\n","protected":false},"author":1,"featured_media":0,"parent":0,"menu_order":0,"comment_status":"closed","ping_status":"closed","template":"","meta":{"footnotes":""},"class_list":["post-929","page","type-page","status-publish","hentry"],"_links":{"self":[{"href":"https:\/\/sigillarium.pl\/index.php\/wp-json\/wp\/v2\/pages\/929","targetHints":{"allow":["GET"]}}],"collection":[{"href":"https:\/\/sigillarium.pl\/index.php\/wp-json\/wp\/v2\/pages"}],"about":[{"href":"https:\/\/sigillarium.pl\/index.php\/wp-json\/wp\/v2\/types\/page"}],"author":[{"embeddable":true,"href":"https:\/\/sigillarium.pl\/index.php\/wp-json\/wp\/v2\/users\/1"}],"replies":[{"embeddable":true,"href":"https:\/\/sigillarium.pl\/index.php\/wp-json\/wp\/v2\/comments?post=929"}],"version-history":[{"count":52,"href":"https:\/\/sigillarium.pl\/index.php\/wp-json\/wp\/v2\/pages\/929\/revisions"}],"predecessor-version":[{"id":36952,"href":"https:\/\/sigillarium.pl\/index.php\/wp-json\/wp\/v2\/pages\/929\/revisions\/36952"}],"wp:attachment":[{"href":"https:\/\/sigillarium.pl\/index.php\/wp-json\/wp\/v2\/media?parent=929"}],"curies":[{"name":"wp","href":"https:\/\/api.w.org\/{rel}","templated":true}]}}