{"id":933,"date":"2020-02-22T17:11:22","date_gmt":"2020-02-22T16:11:22","guid":{"rendered":"http:\/\/sigillarium.pl\/?page_id=933"},"modified":"2025-12-29T22:41:50","modified_gmt":"2025-12-29T21:41:50","slug":"pieczecie-europejskie-pieczecie-urzedow-i-instytucji-samorzadowych","status":"publish","type":"page","link":"https:\/\/sigillarium.pl\/index.php\/pieczecie-europejskie-pieczecie-urzedow-i-instytucji-samorzadowych\/","title":{"rendered":"Piecz\u0119cie europejskie \/ Piecz\u0119cie urz\u0119d\u00f3w i instytucji samorz\u0105dowych"},"content":{"rendered":"\n<hr class=\"wp-block-separator has-css-opacity\"\/>\n\n\n\n<div class=\"wp-block-columns is-layout-flex wp-container-core-columns-is-layout-9d6595d7 wp-block-columns-is-layout-flex\">\n<div class=\"wp-block-column is-layout-flow wp-block-column-is-layout-flow\" style=\"flex-basis:1%\"><\/div>\n\n\n\n<div class=\"wp-block-column is-vertically-aligned-center is-layout-flow wp-block-column-is-layout-flow\" style=\"flex-basis:23%\">\n<figure class=\"wp-block-gallery aligncenter has-nested-images columns-default is-cropped wp-block-gallery-1 is-layout-flex wp-block-gallery-is-layout-flex\">\n<figure class=\"wp-block-image size-large is-style-default\"><a href=\"https:\/\/sigillarium.pl\/wp-content\/uploads\/2025\/07\/Dania-Amt-Atzbull-Kreis-Apenrade-Urzad-gminy-pieczec-seal-petschaft-siegel-sceau-cachet-sigillo-sigillarium.jpg\"><img loading=\"lazy\" decoding=\"async\" width=\"1020\" height=\"1024\" data-id=\"36074\" src=\"https:\/\/sigillarium.pl\/wp-content\/uploads\/2025\/07\/Dania-Amt-Atzbull-Kreis-Apenrade-Urzad-gminy-pieczec-seal-petschaft-siegel-sceau-cachet-sigillo-sigillarium-1020x1024.jpg\" alt=\"\" class=\"wp-image-36074\" srcset=\"https:\/\/sigillarium.pl\/wp-content\/uploads\/2025\/07\/Dania-Amt-Atzbull-Kreis-Apenrade-Urzad-gminy-pieczec-seal-petschaft-siegel-sceau-cachet-sigillo-sigillarium-1020x1024.jpg 1020w, https:\/\/sigillarium.pl\/wp-content\/uploads\/2025\/07\/Dania-Amt-Atzbull-Kreis-Apenrade-Urzad-gminy-pieczec-seal-petschaft-siegel-sceau-cachet-sigillo-sigillarium-300x300.jpg 300w, https:\/\/sigillarium.pl\/wp-content\/uploads\/2025\/07\/Dania-Amt-Atzbull-Kreis-Apenrade-Urzad-gminy-pieczec-seal-petschaft-siegel-sceau-cachet-sigillo-sigillarium-150x150.jpg 150w, https:\/\/sigillarium.pl\/wp-content\/uploads\/2025\/07\/Dania-Amt-Atzbull-Kreis-Apenrade-Urzad-gminy-pieczec-seal-petschaft-siegel-sceau-cachet-sigillo-sigillarium-768x771.jpg 768w, https:\/\/sigillarium.pl\/wp-content\/uploads\/2025\/07\/Dania-Amt-Atzbull-Kreis-Apenrade-Urzad-gminy-pieczec-seal-petschaft-siegel-sceau-cachet-sigillo-sigillarium-1530x1536.jpg 1530w, https:\/\/sigillarium.pl\/wp-content\/uploads\/2025\/07\/Dania-Amt-Atzbull-Kreis-Apenrade-Urzad-gminy-pieczec-seal-petschaft-siegel-sceau-cachet-sigillo-sigillarium-2040x2048.jpg 2040w\" sizes=\"auto, (max-width: 1020px) 100vw, 1020px\" \/><\/a><\/figure>\n<\/figure>\n\n\n<div class=\"wp-block-image\">\n<figure class=\"aligncenter size-large is-resized\"><img loading=\"lazy\" decoding=\"async\" width=\"1024\" height=\"1012\" src=\"https:\/\/sigillarium.pl\/wp-content\/uploads\/2025\/07\/Dania-Amt-Atzbull-Kreis-Apenrade-Urzad-gminy-pieczec-pineska-seal-petschaft-siegel-sceau-cachet-sigillo-sigillarium-1024x1012.jpg\" alt=\"\" class=\"wp-image-36078\" style=\"width:115px;height:auto\" srcset=\"https:\/\/sigillarium.pl\/wp-content\/uploads\/2025\/07\/Dania-Amt-Atzbull-Kreis-Apenrade-Urzad-gminy-pieczec-pineska-seal-petschaft-siegel-sceau-cachet-sigillo-sigillarium-1024x1012.jpg 1024w, https:\/\/sigillarium.pl\/wp-content\/uploads\/2025\/07\/Dania-Amt-Atzbull-Kreis-Apenrade-Urzad-gminy-pieczec-pineska-seal-petschaft-siegel-sceau-cachet-sigillo-sigillarium-300x296.jpg 300w, https:\/\/sigillarium.pl\/wp-content\/uploads\/2025\/07\/Dania-Amt-Atzbull-Kreis-Apenrade-Urzad-gminy-pieczec-pineska-seal-petschaft-siegel-sceau-cachet-sigillo-sigillarium-768x759.jpg 768w, https:\/\/sigillarium.pl\/wp-content\/uploads\/2025\/07\/Dania-Amt-Atzbull-Kreis-Apenrade-Urzad-gminy-pieczec-pineska-seal-petschaft-siegel-sceau-cachet-sigillo-sigillarium-1536x1518.jpg 1536w, https:\/\/sigillarium.pl\/wp-content\/uploads\/2025\/07\/Dania-Amt-Atzbull-Kreis-Apenrade-Urzad-gminy-pieczec-pineska-seal-petschaft-siegel-sceau-cachet-sigillo-sigillarium.jpg 1602w\" sizes=\"auto, (max-width: 1024px) 100vw, 1024px\" \/><\/figure>\n<\/div><\/div>\n\n\n\n<div class=\"wp-block-column is-layout-flow wp-block-column-is-layout-flow\" style=\"flex-basis:1%\"><\/div>\n\n\n\n<div class=\"wp-block-column is-vertically-aligned-center is-layout-flow wp-block-column-is-layout-flow\" style=\"flex-basis:22%\"><div class=\"wp-block-image\">\n<figure class=\"aligncenter size-full is-resized\"><img loading=\"lazy\" decoding=\"async\" width=\"159\" height=\"531\" src=\"https:\/\/sigillarium.pl\/wp-content\/uploads\/2025\/07\/Dania-Amt-Atzbull-Kreis-Apenrade-Urzad-gminy-pieczec-uchwyt-seal-petschaft-siegel-sceau-cachet-sigillo-sigillarium.jpg\" alt=\"\" class=\"wp-image-36075\" style=\"width:122px;height:auto\" srcset=\"https:\/\/sigillarium.pl\/wp-content\/uploads\/2025\/07\/Dania-Amt-Atzbull-Kreis-Apenrade-Urzad-gminy-pieczec-uchwyt-seal-petschaft-siegel-sceau-cachet-sigillo-sigillarium.jpg 159w, https:\/\/sigillarium.pl\/wp-content\/uploads\/2025\/07\/Dania-Amt-Atzbull-Kreis-Apenrade-Urzad-gminy-pieczec-uchwyt-seal-petschaft-siegel-sceau-cachet-sigillo-sigillarium-90x300.jpg 90w\" sizes=\"auto, (max-width: 159px) 100vw, 159px\" \/><\/figure>\n<\/div><\/div>\n\n\n\n<div class=\"wp-block-column is-layout-flow wp-block-column-is-layout-flow\" style=\"flex-basis:1%\"><\/div>\n\n\n\n<div class=\"wp-block-column is-layout-flow wp-block-column-is-layout-flow\" style=\"flex-basis:48%\">\n<style> td {font-size: 11px; color: black; font-family: Arial;} <\/style>\n<table style=\"width: 500px; height: 150px;\">\n\t<tbody><tr>\n\t\t<td style=\"background-color: #DDDDDD; width:6%; text-align: center; \"><b>1<\/b><\/td>\n\t\t<td style=\"padding-left: 8px;\">kolekcja prywatna<\/td>\n\t<\/tr>\n\t<tr>\n\t\t<td style=\"background-color: #DDDDDD; text-align: center; \"><b>2<\/b><\/td>\n<td style=\"background-color: #FFFF99; white-space: nowrap; padding-left: 8px;\"><b><big><big> <a href=\" https:\/\/de.wikipedia.org\/wiki\/Adsb%C3%B8l_(S%C3%B8nderborg_Kommune)\">ADSB\u00d8L [DANIA] <\/a> <\/big><\/big><br><big> Urz\u0105d gminy<\/big><\/b><\/td>\n\t<\/tr>\n\t<tr>\n\t\t<td style=\"background-color: #DDDDDD; text-align: center; \"><b>3a<\/b><\/td>\n\t\t<td style=\"padding-left: 8px;\">mosi\u0105dz<\/td>\n\t<\/tr>\n\t<tr>\n\t\t<td style=\"background-color: #DDDDDD; text-align: center; \"><b>3b<\/b><\/td>\n\t\t<td style=\"padding-left: 8px;\">drewno<\/td>\n\t<\/tr>\n\t<tr>\n\t\t<td style=\"background-color: #DDDDDD; text-align: center; \"><b>4<\/b><\/td>\n\t\t<td style=\"padding-left: 8px;\">okr\u0105g\u0142a \u00d8 32 mm<\/td>\n\t<\/tr>\n\t<tr>\n\t\t<td style=\"background-color: #DDDDDD; text-align: center; \"><b>5<\/b><\/td>\n\t\t<td style=\"padding-left: 8px;\">wypuk\u0142oryty<\/td>\n\t<\/tr>\n\t<tr>\n\t\t<td style=\"background-color: #DDDDDD; text-align: center; \"><b>6<\/b><\/td>\n<td style=\"padding-left: 8px;\">&#8211;<\/td>\n\t<\/tr>\n<tr>\n\t\t<td style=\"background-color: #DDDDDD; text-align: center; \"><b>7<\/b><\/td>\n<td style=\"padding-left: 8px;\">uchwyt toczony o kulistej ga\u0142ce, lakierowany na czarno<\/td>\n\t<\/tr>\n\t<tr>\n\t\t<td style=\"background-color: #DDDDDD; text-align: center; \"><b>7a<\/b><\/td>\n\t\t<td style=\"padding-left: 8px;\"> 110 mm<\/td>\n\t<\/tr>\n\t<tr>\n\t\t<td style=\"background-color: #DDDDDD; text-align: center; \"><b>7b<\/b><\/td>\n<td style=\"padding-left: 8px;\">101,5 mm, w tym skuwka 6 mm (\u00d8 17,5 mm)<\/td>\n\t<\/tr>\n\t<tr>\n\t\t<td style=\"background-color: #DDDDDD; text-align: center; \"><b>7c<\/b><\/td>\n\t\t<td style=\"padding-left: 8px;\"> 8,5 mm<\/td>\n\t<\/tr>\n\t<tr>\n\t\t<td style=\"background-color: #DDDDDD; text-align: center; \"><b>8<\/b><\/td>\n<td style=\"padding-left: 8px;\">na ga\u0142ce uchwytu znacznik prawid\u0142owego ustawienia t\u0142oka (pineska), na szczycie ga\u0142ki dodatkowa pineska z sygnatur\u0105 wytw\u00f3rcy: THEODOR KAISER \/\/ BERLIN S.W. 12 \/ Stempelfabrik<\/td>\n\t<\/tr>\n\t<tr>\n\t\t<td style=\"background-color: #DDDDDD; text-align: center; \"><b>9a<\/b><\/td>\n\t\t<td style=\"padding-left: 8px;\">majusku\u0142a<\/td>\n\t<\/tr>\n\t<tr>\n\t\t<td style=\"background-color: #DDDDDD; text-align: center; \"><b>9b<\/b><\/td>\n<td style=\"padding-left: 8px;\"> <br>w p\u00f3\u0142otoku g\u00f3rnym:  <b> + AMT ATZB\u00dcLL + <\/b><br>w p\u00f3\u0142otoku dolnym: <b> KREIS APENRADE <br><br><\/td> \n<\/tr>\n\t<tr>\t\n\t\t<td style=\"background-color: #DDDDDD; text-align: center; \"><b>10<\/b><\/td>\n<td style=\"padding-left: 8px;\"> W polu piecz\u0119ci orze\u0142 pruski w koronie, z ber\u0142em i jab\u0142kiem w szponach oraz monogramem FR na piersi. Na zewn\u0105trz, wok\u00f3\u0142 pola piecz\u0119ci, pojedyncze obrze\u017cenie ci\u0105g\u0142e.<\/td>\n<\/tr>\n\t<tr>\n\t\t<td style=\"background-color: #DDDDDD; text-align: center; \"><b>11<\/b><\/td>\n<td style=\"padding-left: 8px;\">&#8211;<\/td>\n\t<\/tr>\n\t<tr>\n\t\t<td style=\"background-color: #DDDDDD; text-align: center; \"><b>12<\/b><\/td>\n<td style=\"padding-left: 8px;\"> Miejscowo\u015b\u0107 Atzb\u00fcll (obecnie w po\u0142udniowej Danii) nale\u017ca\u0142a do pruskiego powiatu Apenrade (dzisiejsze Aabenraa) w prowincji Schleswig-Holstein. Po plebiscytach w 1920 roku teren ten zosta\u0142 przy\u0142\u0105czony do Danii. <\/a> <\/td>\n\t<\/tr>\n<\/tbody><\/table>\n<\/div>\n<\/div>\n\n\n\n<hr class=\"wp-block-separator has-alpha-channel-opacity\"\/>\n\n\n\n<div class=\"wp-block-columns is-layout-flex wp-container-core-columns-is-layout-9d6595d7 wp-block-columns-is-layout-flex\">\n<div class=\"wp-block-column is-layout-flow wp-block-column-is-layout-flow\" style=\"flex-basis:1%\"><\/div>\n\n\n\n<div class=\"wp-block-column is-vertically-aligned-center is-layout-flow wp-block-column-is-layout-flow\" style=\"flex-basis:23%\">\n<figure class=\"wp-block-gallery aligncenter has-nested-images columns-default is-cropped wp-block-gallery-2 is-layout-flex wp-block-gallery-is-layout-flex\">\n<figure class=\"wp-block-image size-large is-style-default\"><a href=\"https:\/\/sigillarium.pl\/wp-content\/uploads\/2025\/02\/Beziers-Pensionnat-Internat-pensja-pieczec-seal-petschaft-siegel-sceau-cachet-sigillo-sigillarium.jpg\"><img loading=\"lazy\" decoding=\"async\" width=\"1024\" height=\"807\" data-id=\"33749\" src=\"https:\/\/sigillarium.pl\/wp-content\/uploads\/2025\/02\/Beziers-Pensionnat-Internat-pensja-pieczec-seal-petschaft-siegel-sceau-cachet-sigillo-sigillarium-1024x807.jpg\" alt=\"\" class=\"wp-image-33749\" srcset=\"https:\/\/sigillarium.pl\/wp-content\/uploads\/2025\/02\/Beziers-Pensionnat-Internat-pensja-pieczec-seal-petschaft-siegel-sceau-cachet-sigillo-sigillarium-1024x807.jpg 1024w, https:\/\/sigillarium.pl\/wp-content\/uploads\/2025\/02\/Beziers-Pensionnat-Internat-pensja-pieczec-seal-petschaft-siegel-sceau-cachet-sigillo-sigillarium-300x237.jpg 300w, https:\/\/sigillarium.pl\/wp-content\/uploads\/2025\/02\/Beziers-Pensionnat-Internat-pensja-pieczec-seal-petschaft-siegel-sceau-cachet-sigillo-sigillarium-768x606.jpg 768w, https:\/\/sigillarium.pl\/wp-content\/uploads\/2025\/02\/Beziers-Pensionnat-Internat-pensja-pieczec-seal-petschaft-siegel-sceau-cachet-sigillo-sigillarium.jpg 1078w\" sizes=\"auto, (max-width: 1024px) 100vw, 1024px\" \/><\/a><\/figure>\n<\/figure>\n<\/div>\n\n\n\n<div class=\"wp-block-column is-layout-flow wp-block-column-is-layout-flow\" style=\"flex-basis:1%\"><\/div>\n\n\n\n<div class=\"wp-block-column is-vertically-aligned-center is-layout-flow wp-block-column-is-layout-flow\" style=\"flex-basis:22%\"><div class=\"wp-block-image\">\n<figure class=\"aligncenter size-full is-resized\"><img loading=\"lazy\" decoding=\"async\" width=\"367\" height=\"959\" src=\"https:\/\/sigillarium.pl\/wp-content\/uploads\/2025\/02\/Beziers-Pensionnat-Internat-pensja-pieczec-uchwyt-seal-petschaft-siegel-sceau-cachet-sigillo-sigillarium.jpg\" alt=\"\" class=\"wp-image-33750\" style=\"width:150px;height:auto\" srcset=\"https:\/\/sigillarium.pl\/wp-content\/uploads\/2025\/02\/Beziers-Pensionnat-Internat-pensja-pieczec-uchwyt-seal-petschaft-siegel-sceau-cachet-sigillo-sigillarium.jpg 367w, https:\/\/sigillarium.pl\/wp-content\/uploads\/2025\/02\/Beziers-Pensionnat-Internat-pensja-pieczec-uchwyt-seal-petschaft-siegel-sceau-cachet-sigillo-sigillarium-115x300.jpg 115w\" sizes=\"auto, (max-width: 367px) 100vw, 367px\" \/><\/figure>\n<\/div><\/div>\n\n\n\n<div class=\"wp-block-column is-layout-flow wp-block-column-is-layout-flow\" style=\"flex-basis:1%\"><\/div>\n\n\n\n<div class=\"wp-block-column is-layout-flow wp-block-column-is-layout-flow\" style=\"flex-basis:48%\">\n<style> td {font-size: 11px; color: black; font-family: Arial;} <\/style>\n<table style=\"width: 500px; height: 150px;\">\n\t<tbody><tr>\n\t\t<td style=\"background-color: #DDDDDD; width:6%; text-align: center; \"><b>1<\/b><\/td>\n\t\t<td style=\"padding-left: 8px;\">kolekcja prywatna<\/td>\n\t<\/tr>\n\t<tr>\n\t\t<td style=\"background-color: #DDDDDD; text-align: center; \"><b>2<\/b><\/td>\n<td style=\"background-color: #FFFF99; white-space: nowrap; padding-left: 8px;\"><b><big><big> <a href=\" https:\/\/pl.wikipedia.org\/wiki\/B%C3%A9ziers \"> B\u00c9ZIERS [FRANCJA] <\/a> <\/big><\/big><br><big> Szko\u0142a z internatem  <\/big><\/b><\/td>\n\t<\/tr>\n\t<tr>\n\t\t<td style=\"background-color: #DDDDDD; text-align: center; \"><b>3a<\/b><\/td>\n\t\t<td style=\"padding-left: 8px;\">mosi\u0105dz<\/td>\n\t<\/tr>\n\t<tr>\n\t\t<td style=\"background-color: #DDDDDD; text-align: center; \"><b>3b<\/b><\/td>\n\t\t<td style=\"padding-left: 8px;\">drewno<\/td>\n\t<\/tr>\n\t<tr>\n\t\t<td style=\"background-color: #DDDDDD; text-align: center; \"><b>4<\/b><\/td>\n\t\t<td style=\"padding-left: 8px;\">owalna 18 x 22,5 mm<\/td>\n\t<\/tr>\n\t<tr>\n\t\t<td style=\"background-color: #DDDDDD; text-align: center; \"><b>5<\/b><\/td>\n\t\t<td style=\"padding-left: 8px;\">wkl\u0119s\u0142oryty<\/td>\n\t<\/tr>\n\t<tr>\n\t\t<td style=\"background-color: #DDDDDD; text-align: center; \"><b>6<\/b><\/td>\n<td style=\"padding-left: 8px;\">&#8211;<\/td>\n\t<\/tr>\n<tr>\n\t\t<td style=\"background-color: #DDDDDD; text-align: center; \"><b>7<\/b><\/td>\n<td style=\"padding-left: 8px;\">uchwyt toczony o sp\u0142aszczonej ga\u0142ce<\/td>\n\t<\/tr>\n\t<tr>\n\t\t<td style=\"background-color: #DDDDDD; text-align: center; \"><b>7a<\/b><\/td>\n\t\t<td style=\"padding-left: 8px;\"> 90 mm<\/td>\n\t<\/tr>\n\t<tr>\n\t\t<td style=\"background-color: #DDDDDD; text-align: center; \"><b>7b<\/b><\/td>\n<td style=\"padding-left: 8px;\">86,5 mm, w tym skuwka 14 mm (\u00d8 11,5 mm) <\/td>\n\t<\/tr>\n\t<tr>\n\t\t<td style=\"background-color: #DDDDDD; text-align: center; \"><b>7c<\/b><\/td>\n\t\t<td style=\"padding-left: 8px;\"> 3,5 mm<\/td>\n\t<\/tr>\n\t<tr>\n\t\t<td style=\"background-color: #DDDDDD; text-align: center; \"><b>8<\/b><\/td>\n<td style=\"padding-left: 8px;\">&#8211;<\/td>\n\t<\/tr>\n\t<tr>\n\t\t<td style=\"background-color: #DDDDDD; text-align: center; \"><b>9a<\/b><\/td>\n\t\t<td style=\"padding-left: 8px;\">majusku\u0142a<\/td>\n\t<\/tr>\n\t<tr>\n\t\t<td style=\"background-color: #DDDDDD; text-align: center; \"><b>9b<\/b><\/td>\n<td style=\"padding-left: 8px;\"> <br>w p\u00f3\u0142otoku g\u00f3rnym:  <b> PENSIONNAT DES FR\u00c8RES<\/b><br> w p\u00f3\u0142otoku dolnym: <b>B\u00c9ZIERS<\/b><br>w polu: <b> F P <\/b><br><br><\/td> \n<\/tr>\n\t<tr>\t\n\t\t<td style=\"background-color: #DDDDDD; text-align: center; \"><b>10<\/b><\/td>\n<td style=\"padding-left: 8px;\"> W polu piecz\u0119ci inicja\u0142y?. Na zewn\u0105trz, wok\u00f3\u0142 pola piecz\u0119ci, pojedyncze obrze\u017cenie ci\u0105g\u0142e.<\/td>\n<\/tr>\n\t<tr>\n\t\t<td style=\"background-color: #DDDDDD; text-align: center; \"><b>11<\/b><\/td>\n<td style=\"padding-left: 8px;\">&#8211;<\/td>\n\t<\/tr>\n\t<tr>\n\t\t<td style=\"background-color: #DDDDDD; text-align: center; \"><b>12<\/b><\/td>\n<td style=\"padding-left: 8px;\"> Pensionnat des Fr\u00e8res w B\u00e9ziers zosta\u0142 za\u0142o\u017cony w 1831 roku przez Braci Szk\u00f3\u0142 Chrze\u015bcija\u0144skich (Fr\u00e8res des \u00c9coles Chr\u00e9tiennes). W 1845 roku, pod kierownictwem brata Exup\u00e8re, przyj\u0119to now\u0105 nazw\u0119 &#8222;Pensionnat de l&#8217;Immacul\u00e9e Conception&#8221;. Obecnie funkcjonuje pod nazw\u0105 PIC La Salle i obejmuje przedszkole, szko\u0142\u0119 podstawow\u0105 oraz gimnazjum. <\/td>\n\t<\/tr>\n<\/tbody><\/table>\n<\/div>\n<\/div>\n\n\n\n<hr class=\"wp-block-separator has-alpha-channel-opacity\"\/>\n\n\n\n<div class=\"wp-block-columns is-layout-flex wp-container-core-columns-is-layout-9d6595d7 wp-block-columns-is-layout-flex\">\n<div class=\"wp-block-column is-layout-flow wp-block-column-is-layout-flow\" style=\"flex-basis:1%\"><\/div>\n\n\n\n<div class=\"wp-block-column is-vertically-aligned-center is-layout-flow wp-block-column-is-layout-flow\" style=\"flex-basis:23%\">\n<figure class=\"wp-block-gallery aligncenter has-nested-images columns-default is-cropped wp-block-gallery-3 is-layout-flex wp-block-gallery-is-layout-flex\">\n<figure class=\"wp-block-image size-large is-style-default\"><a href=\"https:\/\/sigillarium.pl\/wp-content\/uploads\/2022\/11\/Berlin-1-Miejska-Szkola-Wyzsza-pieczec-seal-petschaft-siegel-sceau-sigillarium.jpg\"><img loading=\"lazy\" decoding=\"async\" width=\"1024\" height=\"1014\" data-id=\"22486\" src=\"https:\/\/sigillarium.pl\/wp-content\/uploads\/2022\/11\/Berlin-1-Miejska-Szkola-Wyzsza-pieczec-seal-petschaft-siegel-sceau-sigillarium-1024x1014.jpg\" alt=\"\" class=\"wp-image-22486\" srcset=\"https:\/\/sigillarium.pl\/wp-content\/uploads\/2022\/11\/Berlin-1-Miejska-Szkola-Wyzsza-pieczec-seal-petschaft-siegel-sceau-sigillarium-1024x1014.jpg 1024w, https:\/\/sigillarium.pl\/wp-content\/uploads\/2022\/11\/Berlin-1-Miejska-Szkola-Wyzsza-pieczec-seal-petschaft-siegel-sceau-sigillarium-300x297.jpg 300w, https:\/\/sigillarium.pl\/wp-content\/uploads\/2022\/11\/Berlin-1-Miejska-Szkola-Wyzsza-pieczec-seal-petschaft-siegel-sceau-sigillarium-150x150.jpg 150w, https:\/\/sigillarium.pl\/wp-content\/uploads\/2022\/11\/Berlin-1-Miejska-Szkola-Wyzsza-pieczec-seal-petschaft-siegel-sceau-sigillarium-768x761.jpg 768w, https:\/\/sigillarium.pl\/wp-content\/uploads\/2022\/11\/Berlin-1-Miejska-Szkola-Wyzsza-pieczec-seal-petschaft-siegel-sceau-sigillarium.jpg 1059w\" sizes=\"auto, (max-width: 1024px) 100vw, 1024px\" \/><\/a><\/figure>\n<\/figure>\n<\/div>\n\n\n\n<div class=\"wp-block-column is-layout-flow wp-block-column-is-layout-flow\" style=\"flex-basis:1%\"><\/div>\n\n\n\n<div class=\"wp-block-column is-vertically-aligned-center is-layout-flow wp-block-column-is-layout-flow\" style=\"flex-basis:22%\"><div class=\"wp-block-image\">\n<figure class=\"aligncenter size-full is-resized\"><img loading=\"lazy\" decoding=\"async\" width=\"661\" height=\"856\" src=\"https:\/\/sigillarium.pl\/wp-content\/uploads\/2022\/11\/Berlin-1-Miejska-Szkola-Wyzsza-pieczec-trzpien-seal-petschaft-siegel-sceau-sigillarium.jpg\" alt=\"\" class=\"wp-image-22487\" style=\"width:181px;height:234px\" srcset=\"https:\/\/sigillarium.pl\/wp-content\/uploads\/2022\/11\/Berlin-1-Miejska-Szkola-Wyzsza-pieczec-trzpien-seal-petschaft-siegel-sceau-sigillarium.jpg 661w, https:\/\/sigillarium.pl\/wp-content\/uploads\/2022\/11\/Berlin-1-Miejska-Szkola-Wyzsza-pieczec-trzpien-seal-petschaft-siegel-sceau-sigillarium-232x300.jpg 232w\" sizes=\"auto, (max-width: 661px) 100vw, 661px\" \/><\/figure>\n<\/div><\/div>\n\n\n\n<div class=\"wp-block-column is-layout-flow wp-block-column-is-layout-flow\" style=\"flex-basis:1%\"><\/div>\n\n\n\n<div class=\"wp-block-column is-layout-flow wp-block-column-is-layout-flow\" style=\"flex-basis:48%\">\n<style> td {font-size: 11px; color: black; font-family: Arial;} <\/style>\n<table style=\"width: 500px; height: 150px;\">\n\t<tr>\n\t\t<td style=\"background-color: #DDDDDD; width:6%; text-align: center; \"><b>1<\/b><\/td>\n\t\t<td style=\"padding-left: 8px;\">kolekcja prywatna<\/td>\n\t<\/tr>\n\t<tr>\n\t\t<td style=\"background-color: #DDDDDD; text-align: center; \"><b>2<\/b><\/td>\n<td style=\"background-color: #FFFF99; white-space: nowrap; padding-left: 8px;\"><b><big><big> <a href=\" https:\/\/pl.wikipedia.org\/wiki\/Berlin \">BERLIN [NIEMCY] <\/a> <\/big><\/big><br \/><big> 1. Miejska Szko\u0142a Wy\u017csza <\/big><\/td> \n\t<\/tr>\n\t<tr>\n\t\t<td style=\"background-color: #DDDDDD; text-align: center; \"><b>3a<\/b><\/td>\n\t\t<td style=\"padding-left: 8px;\">mosi\u0105dz<\/td>\n\t<\/tr>\n\t<tr>\n\t\t<td style=\"background-color: #DDDDDD; text-align: center; \"><b>3b<\/b><\/td>\n\t\t<td style=\"padding-left: 8px;\">&#8211;<\/td>\n\t<\/tr>\n\t<tr>\n\t\t<td style=\"background-color: #DDDDDD; text-align: center; \"><b>4<\/b><\/td>\n\t\t<td style=\"padding-left: 8px;\">okr\u0105g\u0142a \u00d8 31 mm<\/td>\n\t<\/tr>\n\t<tr>\n\t\t<td style=\"background-color: #DDDDDD; text-align: center; \"><b>5<\/b><\/td>\n\t\t<td style=\"padding-left: 8px;\">wkl\u0119s\u0142oryty<\/td>\n\t<\/tr>\n\t<tr>\n\t\t<td style=\"background-color: #DDDDDD; text-align: center; \"><b>6<\/b><\/td>\n<td style=\"padding-left: 8px;\">na rancie matrycy sygnatura wytw\u00f3rcy: F. SCHELLHAS * BERLIN<\/td>\n\t<\/tr>\n<tr>\n\t\t<td style=\"background-color: #DDDDDD; text-align: center; \"><b>7<\/b><\/td>\n<td style=\"padding-left: 8px;\">brak uchwytu, trzpie\u0144 do jego zamocowania <\/td>\n\t<\/tr>\n\t<tr>\n\t\t<td style=\"background-color: #DDDDDD; text-align: center; \"><b>7a<\/b><\/td>\n\t\t<td style=\"padding-left: 8px;\"> 37 mm<\/td>\n\t<\/tr>\n\t<tr>\n\t\t<td style=\"background-color: #DDDDDD; text-align: center; \"><b>7b<\/b><\/td>\n<td style=\"padding-left: 8px;\">27,5 mm <\/td>\n\t<\/tr>\n\t<tr>\n\t\t<td style=\"background-color: #DDDDDD; text-align: center; \"><b>7c<\/b><\/td>\n\t\t<td style=\"padding-left: 8px;\"> 9,5 mm<\/td>\n\t<\/tr>\n\t<tr>\n\t\t<td style=\"background-color: #DDDDDD; text-align: center; \"><b>8<\/b><\/td>\n<td style=\"padding-left: 8px;\">&#8211; <\/td>\n\t<\/tr>\n\t<tr>\n\t\t<td style=\"background-color: #DDDDDD; text-align: center; \"><b>9a<\/b><\/td>\n\t\t<td style=\"padding-left: 8px;\">majusku\u0142a<\/td>\n\t<\/tr>\n\t<tr>\n\t\t<td style=\"background-color: #DDDDDD; text-align: center; \"><b>9b<\/b><\/td>\n<td style=\"padding-left: 8px;\">w otoku: <b>* 1 ST\u00c4DTISCHE H\u00d6HERE B\u00dcRGERSCHULE * \/ BERLIN<\/b><br \/><br \/><\/td> \n<\/tr>\n\t<tr>\t\n\t\t<td style=\"background-color: #DDDDDD; text-align: center; \"><b>10<\/b><\/td>\n<td style=\"padding-left: 8px;\"> W polu piecz\u0119ci na tarczy wspi\u0119ty nied\u017awied\u017a. Tarcza zwie\u0144czona koron\u0105 muralis o pi\u0119ciu blankowanych basztach. Na zewn\u0105trz, wok\u00f3\u0142 pola piecz\u0119ci, potr\u00f3jne obrze\u017cenie ci\u0105g\u0142e. <\/td>\n<\/tr>\n\t<tr>\n\t\t<td style=\"background-color: #DDDDDD; text-align: center; \"><b>11<\/b><\/td>\n<td style=\"padding-left: 8px;\">&#8211;<\/td>\n\t<\/tr>\n\t<tr>\n\t\t<td style=\"background-color: #DDDDDD; text-align: center; \"><b>12<\/b><\/td>\n<td style=\"padding-left: 8px;\">&#8211;<\/td>\n\t<\/tr>\n<\/table>\n<\/div>\n<\/div>\n\n\n\n<hr class=\"wp-block-separator has-alpha-channel-opacity\"\/>\n\n\n\n<div class=\"wp-block-columns is-layout-flex wp-container-core-columns-is-layout-9d6595d7 wp-block-columns-is-layout-flex\">\n<div class=\"wp-block-column is-layout-flow wp-block-column-is-layout-flow\" style=\"flex-basis:1%\"><\/div>\n\n\n\n<div class=\"wp-block-column is-vertically-aligned-center is-layout-flow wp-block-column-is-layout-flow\" style=\"flex-basis:23%\">\n<figure class=\"wp-block-gallery aligncenter has-nested-images columns-default is-cropped wp-block-gallery-4 is-layout-flex wp-block-gallery-is-layout-flex\">\n<figure class=\"wp-block-image size-full is-style-default\"><a href=\"https:\/\/sigillarium.pl\/wp-content\/uploads\/2022\/07\/Bilovec-miasto-pieczec-seal-petschaft-siegel-sceau-sigillo-sigillarium.jpg.jpg\"><img loading=\"lazy\" decoding=\"async\" width=\"995\" height=\"1019\" data-id=\"20995\" src=\"https:\/\/sigillarium.pl\/wp-content\/uploads\/2022\/07\/Bilovec-miasto-pieczec-seal-petschaft-siegel-sceau-sigillo-sigillarium.jpg.jpg\" alt=\"\" class=\"wp-image-20995\" srcset=\"https:\/\/sigillarium.pl\/wp-content\/uploads\/2022\/07\/Bilovec-miasto-pieczec-seal-petschaft-siegel-sceau-sigillo-sigillarium.jpg.jpg 995w, https:\/\/sigillarium.pl\/wp-content\/uploads\/2022\/07\/Bilovec-miasto-pieczec-seal-petschaft-siegel-sceau-sigillo-sigillarium.jpg-293x300.jpg 293w, https:\/\/sigillarium.pl\/wp-content\/uploads\/2022\/07\/Bilovec-miasto-pieczec-seal-petschaft-siegel-sceau-sigillo-sigillarium.jpg-768x787.jpg 768w\" sizes=\"auto, (max-width: 995px) 100vw, 995px\" \/><\/a><\/figure>\n<\/figure>\n<\/div>\n\n\n\n<div class=\"wp-block-column is-layout-flow wp-block-column-is-layout-flow\" style=\"flex-basis:1%\"><\/div>\n\n\n\n<div class=\"wp-block-column is-vertically-aligned-center is-layout-flow wp-block-column-is-layout-flow\" style=\"flex-basis:22%\"><div class=\"wp-block-image\">\n<figure class=\"aligncenter size-full is-resized\"><img loading=\"lazy\" decoding=\"async\" width=\"364\" height=\"1012\" src=\"https:\/\/sigillarium.pl\/wp-content\/uploads\/2022\/07\/Bilovec-miasto-uchwyt-pieczec-seal-petschaft-siegel-sceau-sigillo-sigillarium.jpg.jpg\" alt=\"\" class=\"wp-image-20996\" style=\"width:142px;height:auto\" srcset=\"https:\/\/sigillarium.pl\/wp-content\/uploads\/2022\/07\/Bilovec-miasto-uchwyt-pieczec-seal-petschaft-siegel-sceau-sigillo-sigillarium.jpg.jpg 364w, https:\/\/sigillarium.pl\/wp-content\/uploads\/2022\/07\/Bilovec-miasto-uchwyt-pieczec-seal-petschaft-siegel-sceau-sigillo-sigillarium.jpg-108x300.jpg 108w\" sizes=\"auto, (max-width: 364px) 100vw, 364px\" \/><\/figure>\n<\/div><\/div>\n\n\n\n<div class=\"wp-block-column is-layout-flow wp-block-column-is-layout-flow\" style=\"flex-basis:1%\"><\/div>\n\n\n\n<div class=\"wp-block-column is-layout-flow wp-block-column-is-layout-flow\" style=\"flex-basis:48%\">\n<style> td {font-size: 11px; color: black; font-family: Arial;} <\/style>\n<table style=\"width: 500px; height: 150px;\">\n\t<tbody><tr>\n\t\t<td style=\"background-color: #DDDDDD; width:6%; text-align: center; \"><b>1<\/b><\/td>\n\t\t<td style=\"padding-left: 8px;\">kolekcja prywatna<\/td>\n\t<\/tr>\n\t<tr>\n\t\t<td style=\"background-color: #DDDDDD; text-align: center; \"><b>2<\/b><\/td>\n<td style=\"background-color: #FFFF99; white-space: nowrap; padding-left: 8px;\"><b><big><big> <a href=\"https:\/\/pl.wikipedia.org\/wiki\/B%C3%ADlovec\"> BILOVEC [CZECHY] <\/a> <\/big><\/big><br><big> Miasto<\/big><\/b><\/td>\n\t<\/tr>\n\t<tr>\n\t\t<td style=\"background-color: #DDDDDD; text-align: center; \"><b>3a<\/b><\/td>\n\t\t<td style=\"padding-left: 8px;\">mosi\u0105dz<\/td>\n\t<\/tr>\n\t<tr>\n\t\t<td style=\"background-color: #DDDDDD; text-align: center; \"><b>3b<\/b><\/td>\n\t\t<td style=\"padding-left: 8px;\">drewno<\/td>\n\t<\/tr>\n\t<tr>\n\t\t<td style=\"background-color: #DDDDDD; text-align: center; \"><b>4<\/b><\/td>\n\t\t<td style=\"padding-left: 8px;\">\u00d8 33 mm<\/td>\n\t<\/tr>\n\t<tr>\n\t\t<td style=\"background-color: #DDDDDD; text-align: center; \"><b>5<\/b><\/td>\n\t\t<td style=\"padding-left: 8px;\">wkl\u0119s\u0142oryty<\/td>\n\t<\/tr>\n\t<tr>\n\t\t<td style=\"background-color: #DDDDDD; text-align: center; \"><b>6<\/b><\/td>\n<td style=\"padding-left: 8px;\">&#8211; <\/td>\n\t<\/tr>\n<tr>\n\t\t<td style=\"background-color: #DDDDDD; text-align: center; \"><b>7<\/b><\/td>\n<td style=\"padding-left: 8px;\">uchwyt toczony o sp\u0142aszczonej ga\u0142ce, pop\u0119kany skr\u0119cony drutem w czterech miejscach <\/td>\n\t<\/tr>\n\t<tr>\n\t\t<td style=\"background-color: #DDDDDD; text-align: center; \"><b>7a<\/b><\/td>\n\t\t<td style=\"padding-left: 8px;\"> 90 mm<\/td>\n\t<\/tr>\n\t<tr>\n\t\t<td style=\"background-color: #DDDDDD; text-align: center; \"><b>7b<\/b><\/td>\n<td style=\"padding-left: 8px;\"> 86 -87 mm <\/td>\n\t<\/tr>\n\t<tr>\n\t\t<td style=\"background-color: #DDDDDD; text-align: center; \"><b>7c<\/b><\/td>\n\t\t<td style=\"padding-left: 8px;\"> 3 &#8211; 4 mm<\/td>\n\t<\/tr>\n\t<tr>\n\t\t<td style=\"background-color: #DDDDDD; text-align: center; \"><b>8<\/b><\/td>\n<td style=\"padding-left: 8px;\">&#8211;<\/td>\n\t<\/tr>\n\t<tr>\n\t\t<td style=\"background-color: #DDDDDD; text-align: center; \"><b>9a<\/b><\/td>\n\t\t<td style=\"padding-left: 8px;\">majusku\u0142a<\/td>\n\t<\/tr>\n\t<tr>\n\t\t<td style=\"background-color: #DDDDDD; text-align: center; \"><b>9b<\/b><\/td>\n<td style=\"padding-left: 8px;\"> <br>w p\u00f3\u0142otoku g\u00f3rnym <b>STADTWAGSTAT <\/b><br>w polu: <b>16 \/\/ 28 <\/b><br><br><\/td> \n<\/tr>\n\t<tr>\t\n\t\t<td style=\"background-color: #DDDDDD; text-align: center; \"><b>10<\/b><\/td>\n<td style=\"padding-left: 8px;\"> W polu piecz\u0119ci, b\u0142am futrzany, powy\u017cej paw trzymaj\u0105cy w dziobie ga\u0142\u0105zk\u0119 laurow\u0105. Po prawej w skos tarcza z labrami z niezidentyfikowanym herbem, po prawej w skos tarcza z labrami z herbem Odrow\u0105\u017c . Pomi\u0119dzy b\u0142amem rozdzielona data 16 \/ 28. Na zewn\u0105trz, wok\u00f3\u0142 pola piecz\u0119ci, pojedyncze obrze\u017cenie ci\u0105g\u0142e.<\/td>\n<\/tr>\n\t<tr>\n\t\t<td style=\"background-color: #DDDDDD; text-align: center; \"><b>11<\/b><\/td>\n<td style=\"padding-left: 8px;\">&#8211;<\/td>\n\t<\/tr>\n\t<tr>\n\t\t<td style=\"background-color: #DDDDDD; text-align: center; \"><b>12<\/b><\/td>\n<td style=\"padding-left: 8px;\">&#8211;<\/td>\n\t<\/tr>\n<\/tbody><\/table>\n<\/div>\n<\/div>\n\n\n\n<hr class=\"wp-block-separator has-alpha-channel-opacity\"\/>\n\n\n\n<div class=\"wp-block-columns is-layout-flex wp-container-core-columns-is-layout-9d6595d7 wp-block-columns-is-layout-flex\">\n<div class=\"wp-block-column is-layout-flow wp-block-column-is-layout-flow\" style=\"flex-basis:1%\"><\/div>\n\n\n\n<div class=\"wp-block-column is-vertically-aligned-center is-layout-flow wp-block-column-is-layout-flow\" style=\"flex-basis:23%\">\n<figure class=\"wp-block-gallery aligncenter has-nested-images columns-default is-cropped wp-block-gallery-5 is-layout-flex wp-block-gallery-is-layout-flex\">\n<figure class=\"wp-block-image size-large is-style-default\"><a href=\"https:\/\/sigillarium.pl\/wp-content\/uploads\/2024\/04\/Obraz_jg3.jpg\"><img loading=\"lazy\" decoding=\"async\" width=\"1024\" height=\"1009\" data-id=\"31250\" src=\"https:\/\/sigillarium.pl\/wp-content\/uploads\/2024\/04\/Obraz_jg3-1024x1009.jpg\" alt=\"\" class=\"wp-image-31250\" srcset=\"https:\/\/sigillarium.pl\/wp-content\/uploads\/2024\/04\/Obraz_jg3-1024x1009.jpg 1024w, https:\/\/sigillarium.pl\/wp-content\/uploads\/2024\/04\/Obraz_jg3-300x296.jpg 300w, https:\/\/sigillarium.pl\/wp-content\/uploads\/2024\/04\/Obraz_jg3-768x757.jpg 768w, https:\/\/sigillarium.pl\/wp-content\/uploads\/2024\/04\/Obraz_jg3.jpg 1142w\" sizes=\"auto, (max-width: 1024px) 100vw, 1024px\" \/><\/a><\/figure>\n<\/figure>\n<\/div>\n\n\n\n<div class=\"wp-block-column is-layout-flow wp-block-column-is-layout-flow\" style=\"flex-basis:1%\"><\/div>\n\n\n\n<div class=\"wp-block-column is-vertically-aligned-center is-layout-flow wp-block-column-is-layout-flow\" style=\"flex-basis:22%\"><div class=\"wp-block-image\">\n<figure class=\"aligncenter size-large is-resized\"><img loading=\"lazy\" decoding=\"async\" width=\"397\" height=\"1024\" src=\"https:\/\/sigillarium.pl\/wp-content\/uploads\/2024\/03\/Obraz10-397x1024.jpg\" alt=\"\" class=\"wp-image-31100\" style=\"width:144px;height:auto\" srcset=\"https:\/\/sigillarium.pl\/wp-content\/uploads\/2024\/03\/Obraz10-397x1024.jpg 397w, https:\/\/sigillarium.pl\/wp-content\/uploads\/2024\/03\/Obraz10-116x300.jpg 116w, https:\/\/sigillarium.pl\/wp-content\/uploads\/2024\/03\/Obraz10.jpg 436w\" sizes=\"auto, (max-width: 397px) 100vw, 397px\" \/><\/figure>\n<\/div><\/div>\n\n\n\n<div class=\"wp-block-column is-layout-flow wp-block-column-is-layout-flow\" style=\"flex-basis:1%\"><\/div>\n\n\n\n<div class=\"wp-block-column is-layout-flow wp-block-column-is-layout-flow\" style=\"flex-basis:48%\">\n<style> td {font-size: 11px; color: black; font-family: Arial;} <\/style>\n<table style=\"width: 500px; height: 150px;\">\n\t<tr>\n\t\t<td style=\"background-color: #DDDDDD; width:6%; text-align: center; \"><b>1<\/b><\/td>\n\t\t<td style=\"padding-left: 8px;\">kolekcja prywatna<\/td>\n\t<\/tr>\n\t<tr>\n\t\t<td style=\"background-color: #DDDDDD; text-align: center; \"><b>2<\/b><\/td>\n<td style=\"background-color: #FFFF99; white-space: nowrap; padding-left: 8px;\"><b><big><big><a href=\" https:\/\/pl.wikipedia.org\/wiki\/Calau\">CALAU [NIEMCY]<\/a><\/big><\/big><\/b><br \/><b><big>Miasto<\/big><\/b><\/td>\n\t<\/tr>\n\t<tr>\n\t\t<td style=\"background-color: #DDDDDD; text-align: center; \"><b>3a<\/b><\/td>\n\t\t<td style=\"padding-left: 8px;\">mosi\u0105dz<\/td>\n\t<\/tr>\n\t<tr>\n\t\t<td style=\"background-color: #DDDDDD; text-align: center; \"><b>3b<\/b><\/td>\n\t\t<td style=\"padding-left: 8px;\">drewno<\/td>\n\t<\/tr>\n\t<tr>\n\t\t<td style=\"background-color: #DDDDDD; text-align: center; \"><b>4<\/b><\/td>\n\t\t<td style=\"padding-left: 8px;\">okr\u0105g\u0142a \u00d8 30 mm<\/td>\n\t<\/tr>\n\t<tr>\n\t\t<td style=\"background-color: #DDDDDD; text-align: center; \"><b>5<\/b><\/td>\n\t\t<td style=\"padding-left: 8px;\">wkl\u0119s\u0142oryty<\/td>\n\t<\/tr>\n\t<tr>\n\t\t<td style=\"background-color: #DDDDDD; text-align: center; \"><b>6<\/b><\/td>\n<td style=\"padding-left: 8px;\">na rancie matrycy znacznik prawid\u0142owego ustawienia t\u0142oka <\/td>\n\t<\/tr>\n<tr>\n\t\t<td style=\"background-color: #DDDDDD; text-align: center; \"><b>7<\/b><\/td>\n<td style=\"padding-left: 8px;\">uchwyt toczony o kulistej ga\u0142ce  <\/td>\n\t<\/tr>\n\t<tr>\n\t\t<td style=\"background-color: #DDDDDD; text-align: center; \"><b>7a<\/b><\/td>\n\t\t<td style=\"padding-left: 8px;\">98 mm<\/td>\n\t<\/tr>\n\t<tr>\n\t\t<td style=\"background-color: #DDDDDD; text-align: center; \"><b>7b<\/b><\/td>\n\t\t<td style=\"padding-left: 8px;\">92,5 mm<\/td>\n\t<\/tr>\n\t<tr>\n\t\t<td style=\"background-color: #DDDDDD; text-align: center; \"><b>7c<\/b><\/td>\n\t\t<td style=\"padding-left: 8px;\">5,5 mm<\/td>\n\t<\/tr>\n\t<tr>\n\t\t<td style=\"background-color: #DDDDDD; text-align: center; \"><b>8<\/b><\/td>\n<td style=\"padding-left: 8px;\"> na uchwycie znacznik prawid\u0142owego ustawienia t\u0142oka<\/td>\n\t<\/tr>\n\t<tr>\n\t\t<td style=\"background-color: #DDDDDD; text-align: center; \"><b>9a<\/b><\/td>\n\t\t<td style=\"padding-left: 8px;\">majusku\u0142a<\/td>\n\t<\/tr>\n\t<tr>\n\t\t<td style=\"background-color: #DDDDDD; text-align: center; \"><b>9b<\/b><\/td>\n<td style=\"padding-left: 8px;\"><br \/> w otoku: <b> + o Secretum o cvitatis ooo Calow o  <\/b><br \/><br \/><\/td>\n\t<\/tr>\n\t<tr>\n\t\t<td style=\"background-color: #DDDDDD; text-align: center; \"><b>10<\/b><\/td>\n<td style=\"padding-left: 8px;\">W polu piecz\u0119ci, oddzielonym od pola legendy pojedynczym obrze\u017ceniem ci\u0105g\u0142ym, mur ceglany z przejazdem i dwoma wie\u017cami zako\u0144czonymi sto\u017ckami, pomi\u0119dzy nimi trzy blanki. Ponad blankami, herb miasta Calau (tarcza hiszpa\u0144ska dzielona w pas, w polu pierwszym po\u0142u lwa, w polu drugim trzy gwiazdy w uk\u0142adzie 2,1). Na zewn\u0105trz, wok\u00f3\u0142 pola legendy, pojedyncze obrze\u017cenie ci\u0105g\u0142e.<\/tr>\n\t<tr>\n\t\t<td style=\"background-color: #DDDDDD; text-align: center; \"><b>11<\/b><\/td>\n<td style=\"padding-left: 8px;\">&#8211;<\/td>\n\t<\/tr>\n\t<tr>\n\t\t<td style=\"background-color: #DDDDDD; text-align: center; \"><b>12<\/b><\/td>\n\t\t<td style=\"padding-left: 8px;\">&#8211;<\/td>\n\t<\/tr>\n<\/table>\n<\/div>\n<\/div>\n\n\n\n<hr class=\"wp-block-separator has-alpha-channel-opacity\"\/>\n\n\n\n<div class=\"wp-block-columns is-layout-flex wp-container-core-columns-is-layout-9d6595d7 wp-block-columns-is-layout-flex\">\n<div class=\"wp-block-column is-layout-flow wp-block-column-is-layout-flow\" style=\"flex-basis:1%\"><\/div>\n\n\n\n<div class=\"wp-block-column is-vertically-aligned-center is-layout-flow wp-block-column-is-layout-flow\" style=\"flex-basis:23%\">\n<figure class=\"wp-block-gallery aligncenter has-nested-images columns-default is-cropped wp-block-gallery-6 is-layout-flex wp-block-gallery-is-layout-flex\">\n<figure class=\"wp-block-image size-full is-style-default\"><a href=\"https:\/\/sigillarium.pl\/wp-content\/uploads\/2024\/12\/Niemcy-Gmina-Feldkahl-pieczec-seal-petschaft-siegel-sceau-cachet-sigillo-sigillarium.jpg\"><img loading=\"lazy\" decoding=\"async\" width=\"878\" height=\"874\" data-id=\"33548\" src=\"https:\/\/sigillarium.pl\/wp-content\/uploads\/2024\/12\/Niemcy-Gmina-Feldkahl-pieczec-seal-petschaft-siegel-sceau-cachet-sigillo-sigillarium.jpg\" alt=\"\" class=\"wp-image-33548\" srcset=\"https:\/\/sigillarium.pl\/wp-content\/uploads\/2024\/12\/Niemcy-Gmina-Feldkahl-pieczec-seal-petschaft-siegel-sceau-cachet-sigillo-sigillarium.jpg 878w, https:\/\/sigillarium.pl\/wp-content\/uploads\/2024\/12\/Niemcy-Gmina-Feldkahl-pieczec-seal-petschaft-siegel-sceau-cachet-sigillo-sigillarium-300x300.jpg 300w, https:\/\/sigillarium.pl\/wp-content\/uploads\/2024\/12\/Niemcy-Gmina-Feldkahl-pieczec-seal-petschaft-siegel-sceau-cachet-sigillo-sigillarium-150x150.jpg 150w, https:\/\/sigillarium.pl\/wp-content\/uploads\/2024\/12\/Niemcy-Gmina-Feldkahl-pieczec-seal-petschaft-siegel-sceau-cachet-sigillo-sigillarium-768x765.jpg 768w\" sizes=\"auto, (max-width: 878px) 100vw, 878px\" \/><\/a><\/figure>\n<\/figure>\n<\/div>\n\n\n\n<div class=\"wp-block-column is-layout-flow wp-block-column-is-layout-flow\" style=\"flex-basis:1%\"><\/div>\n\n\n\n<div class=\"wp-block-column is-vertically-aligned-center is-layout-flow wp-block-column-is-layout-flow\" style=\"flex-basis:22%\"><div class=\"wp-block-image\">\n<figure class=\"aligncenter size-full is-resized\"><img loading=\"lazy\" decoding=\"async\" width=\"287\" height=\"1008\" src=\"https:\/\/sigillarium.pl\/wp-content\/uploads\/2024\/12\/Niemcy-Gmina-Feldkahl-pieczec-uchwyt-seal-petschaft-siegel-sceau-cachet-sigillo-sigillarium.jpg\" alt=\"\" class=\"wp-image-33549\" style=\"width:111px;height:auto\" srcset=\"https:\/\/sigillarium.pl\/wp-content\/uploads\/2024\/12\/Niemcy-Gmina-Feldkahl-pieczec-uchwyt-seal-petschaft-siegel-sceau-cachet-sigillo-sigillarium.jpg 287w, https:\/\/sigillarium.pl\/wp-content\/uploads\/2024\/12\/Niemcy-Gmina-Feldkahl-pieczec-uchwyt-seal-petschaft-siegel-sceau-cachet-sigillo-sigillarium-85x300.jpg 85w\" sizes=\"auto, (max-width: 287px) 100vw, 287px\" \/><\/figure>\n<\/div><\/div>\n\n\n\n<div class=\"wp-block-column is-layout-flow wp-block-column-is-layout-flow\" style=\"flex-basis:1%\"><\/div>\n\n\n\n<div class=\"wp-block-column is-layout-flow wp-block-column-is-layout-flow\" style=\"flex-basis:48%\">\n<style> td {font-size: 11px; color: black; font-family: Arial;} <\/style>\n<table style=\"width: 500px; height: 150px;\">\n\t<tbody><tr>\n\t\t<td style=\"background-color: #DDDDDD; width:6%; text-align: center; \"><b>1<\/b><\/td>\n\t\t<td style=\"padding-left: 8px;\">kolekcja prywatna<\/td>\n\t<\/tr>\n\t<tr>\n\t\t<td style=\"background-color: #DDDDDD; text-align: center; \"><b>2<\/b><\/td>\n<td style=\"background-color: #FFFF99; white-space: nowrap; padding-left: 8px;\"><b><big><big> <a href=\"https:\/\/de.wikipedia.org\/wiki\/Feldkahl \"> FELDKAHL [NIEMCY] <\/a> <\/big><\/big><br><big> Gmina<\/big><\/b><\/td>\n\t<\/tr>\n\t<tr>\n\t\t<td style=\"background-color: #DDDDDD; text-align: center; \"><b>3a<\/b><\/td>\n\t\t<td style=\"padding-left: 8px;\">mosi\u0105dz<\/td>\n\t<\/tr>\n\t<tr>\n\t\t<td style=\"background-color: #DDDDDD; text-align: center; \"><b>3b<\/b><\/td>\n\t\t<td style=\"padding-left: 8px;\">stal<\/td>\n\t<\/tr>\n\t<tr>\n\t\t<td style=\"background-color: #DDDDDD; text-align: center; \"><b>4<\/b><\/td>\n\t\t<td style=\"padding-left: 8px;\">okr\u0105g\u0142a \u00d8 30 mm<\/td>\n\t<\/tr>\n\t<tr>\n\t\t<td style=\"background-color: #DDDDDD; text-align: center; \"><b>5<\/b><\/td>\n\t\t<td style=\"padding-left: 8px;\">wypuk\u0142oryty<\/td>\n\t<\/tr>\n\t<tr>\n\t\t<td style=\"background-color: #DDDDDD; text-align: center; \"><b>6<\/b><\/td>\n<td style=\"padding-left: 8px;\">&#8211; <\/td>\n\t<\/tr>\n<tr>\n\t\t<td style=\"background-color: #DDDDDD; text-align: center; \"><b>7<\/b><\/td>\n<td style=\"padding-left: 8px;\">uchwyt o formie prostopad\u0142o\u015bcianu o o\u015bmiok\u0105tnej podstawie <\/td>\n\t<\/tr>\n\t<tr>\n\t\t<td style=\"background-color: #DDDDDD; text-align: center; \"><b>7a<\/b><\/td>\n\t\t<td style=\"padding-left: 8px;\"> 102 mm<\/td>\n\t<\/tr>\n\t<tr>\n\t\t<td style=\"background-color: #DDDDDD; text-align: center; \"><b>7b<\/b><\/td>\n<td style=\"padding-left: 8px;\">98 mm, w tym stopka 11 mm, stanowi\u0105ca z r\u0119koje\u015bci\u0105 jednolit\u0105 ca\u0142o\u015b\u0107 <\/td>\n\t<\/tr>\n\t<tr>\n\t\t<td style=\"background-color: #DDDDDD; text-align: center; \"><b>7c<\/b><\/td>\n\t\t<td style=\"padding-left: 8px;\">4 mm<\/td>\n\t<\/tr>\n\t<tr>\n\t\t<td style=\"background-color: #DDDDDD; text-align: center; \"><b>8<\/b><\/td>\n<td style=\"padding-left: 8px;\">na uchwycie znacznik prawid\u0142owego ustawienia t\u0142oka<\/td>\n\t<\/tr>\n\t<tr>\n\t\t<td style=\"background-color: #DDDDDD; text-align: center; \"><b>9a<\/b><\/td>\n\t\t<td style=\"padding-left: 8px;\">majusku\u0142a<\/td>\n\t<\/tr>\n\t<tr>\n\t\t<td style=\"background-color: #DDDDDD; text-align: center; \"><b>9b<\/b><\/td>\n<td style=\"padding-left: 8px;\"> <br>w p\u00f3\u0142otoku (g\u00f3rnym):  <b>* BAYERN * <\/b><br>w p\u00f3\u0142otoku (dolnym): <b>GEMEINDE FELDKAHL <\/b><br><br><\/td> \n<\/tr>\n\t<tr>\t\n\t\t<td style=\"background-color: #DDDDDD; text-align: center; \"><b>10<\/b><\/td>\n<td style=\"padding-left: 8px;\"> W polu piecz\u0119ci herb Wittelsbach\u00f3w (szachownica na tarczy zwie\u0144czonej koron\u0105 o pi\u0119ciu fleuronach wi\u0119kszych i czterech fleuronach mniejszych) &#8211;  ma\u0142e god\u0142o herbu Bawarii. Na zewn\u0105trz pola piecz\u0119ci, pojedyncze obrze\u017cenie ci\u0105g\u0142e.<\/td>\n<\/tr>\n\t<tr>\n\t\t<td style=\"background-color: #DDDDDD; text-align: center; \"><b>11<\/b><\/td>\n<td style=\"padding-left: 8px;\">&#8211;<\/td>\n\t<\/tr>\n\t<tr>\n\t\t<td style=\"background-color: #DDDDDD; text-align: center; \"><b>12<\/b><\/td>\n<td style=\"padding-left: 8px;\">&#8211; <\/td>\n\t<\/tr>\n<\/tbody><\/table>\n<\/div>\n<\/div>\n\n\n\n<hr class=\"wp-block-separator has-alpha-channel-opacity\"\/>\n\n\n\n<div class=\"wp-block-columns is-layout-flex wp-container-core-columns-is-layout-9d6595d7 wp-block-columns-is-layout-flex\">\n<div class=\"wp-block-column is-layout-flow wp-block-column-is-layout-flow\" style=\"flex-basis:1%\"><\/div>\n\n\n\n<div class=\"wp-block-column is-vertically-aligned-center is-layout-flow wp-block-column-is-layout-flow\" style=\"flex-basis:23%\">\n<figure class=\"wp-block-gallery aligncenter has-nested-images columns-default is-cropped wp-block-gallery-7 is-layout-flex wp-block-gallery-is-layout-flex\">\n<figure class=\"wp-block-image size-full is-style-default\"><a href=\"https:\/\/sigillarium.pl\/wp-content\/uploads\/2025\/09\/Gemeinde-Niedergrunstedt-Weimar-gmina-pieczec-seal-petschaft-siegel-sceau-cachet-sigillo-sigillarium.jpg\"><img loading=\"lazy\" decoding=\"async\" width=\"2009\" height=\"2002\" data-id=\"36721\" src=\"https:\/\/sigillarium.pl\/wp-content\/uploads\/2025\/09\/Gemeinde-Niedergrunstedt-Weimar-gmina-pieczec-seal-petschaft-siegel-sceau-cachet-sigillo-sigillarium.jpg\" alt=\"\" class=\"wp-image-36721\" srcset=\"https:\/\/sigillarium.pl\/wp-content\/uploads\/2025\/09\/Gemeinde-Niedergrunstedt-Weimar-gmina-pieczec-seal-petschaft-siegel-sceau-cachet-sigillo-sigillarium.jpg 2009w, https:\/\/sigillarium.pl\/wp-content\/uploads\/2025\/09\/Gemeinde-Niedergrunstedt-Weimar-gmina-pieczec-seal-petschaft-siegel-sceau-cachet-sigillo-sigillarium-300x300.jpg 300w, https:\/\/sigillarium.pl\/wp-content\/uploads\/2025\/09\/Gemeinde-Niedergrunstedt-Weimar-gmina-pieczec-seal-petschaft-siegel-sceau-cachet-sigillo-sigillarium-1024x1020.jpg 1024w, https:\/\/sigillarium.pl\/wp-content\/uploads\/2025\/09\/Gemeinde-Niedergrunstedt-Weimar-gmina-pieczec-seal-petschaft-siegel-sceau-cachet-sigillo-sigillarium-150x150.jpg 150w, https:\/\/sigillarium.pl\/wp-content\/uploads\/2025\/09\/Gemeinde-Niedergrunstedt-Weimar-gmina-pieczec-seal-petschaft-siegel-sceau-cachet-sigillo-sigillarium-768x765.jpg 768w, https:\/\/sigillarium.pl\/wp-content\/uploads\/2025\/09\/Gemeinde-Niedergrunstedt-Weimar-gmina-pieczec-seal-petschaft-siegel-sceau-cachet-sigillo-sigillarium-1536x1531.jpg 1536w\" sizes=\"auto, (max-width: 2009px) 100vw, 2009px\" \/><\/a><\/figure>\n<\/figure>\n<\/div>\n\n\n\n<div class=\"wp-block-column is-layout-flow wp-block-column-is-layout-flow\" style=\"flex-basis:1%\"><\/div>\n\n\n\n<div class=\"wp-block-column is-vertically-aligned-center is-layout-flow wp-block-column-is-layout-flow\" style=\"flex-basis:22%\"><div class=\"wp-block-image\">\n<figure class=\"aligncenter size-full is-resized\"><img loading=\"lazy\" decoding=\"async\" width=\"202\" height=\"606\" src=\"https:\/\/sigillarium.pl\/wp-content\/uploads\/2025\/09\/Gemeinde-Niedergrunstedt-Weimar-gmina-pieczec-uchwyt-seal-petschaft-siegel-sceau-cachet-sigillo-sigillarium.jpg\" alt=\"\" class=\"wp-image-36722\" style=\"width:126px;height:auto\" srcset=\"https:\/\/sigillarium.pl\/wp-content\/uploads\/2025\/09\/Gemeinde-Niedergrunstedt-Weimar-gmina-pieczec-uchwyt-seal-petschaft-siegel-sceau-cachet-sigillo-sigillarium.jpg 202w, https:\/\/sigillarium.pl\/wp-content\/uploads\/2025\/09\/Gemeinde-Niedergrunstedt-Weimar-gmina-pieczec-uchwyt-seal-petschaft-siegel-sceau-cachet-sigillo-sigillarium-100x300.jpg 100w\" sizes=\"auto, (max-width: 202px) 100vw, 202px\" \/><\/figure>\n<\/div><\/div>\n\n\n\n<div class=\"wp-block-column is-layout-flow wp-block-column-is-layout-flow\" style=\"flex-basis:1%\"><\/div>\n\n\n\n<div class=\"wp-block-column is-layout-flow wp-block-column-is-layout-flow\" style=\"flex-basis:48%\">\n<style> td {font-size: 11px; color: black; font-family: Arial;} <\/style>\n<table style=\"width: 500px; height: 150px;\">\n\t<tr>\n\t\t<td style=\"background-color: #DDDDDD; width:6%; text-align: center; \"><b>1<\/b><\/td>\n\t\t<td style=\"padding-left: 8px;\">kolekcja prywatna<\/td>\n\t<\/tr>\n\t<tr>\n\t\t<td style=\"background-color: #DDDDDD; text-align: center; \"><b>2<\/b><\/td>\n<td style=\"background-color: #FFFF99; white-space: nowrap; padding-left: 8px;\"><b><big><big> <a href=\"https:\/\/de.wikipedia.org\/wiki\/Niedergrunstedt \">NIEDERGRUNSTEDT (WEIMAR) [NIEMCY] <\/a> <\/big><\/big><br \/><big>Gmina<\/big><\/td>\n\t<\/tr>\n\t<tr>\n\t\t<td style=\"background-color: #DDDDDD; text-align: center; \"><b>3a<\/b><\/td>\n\t\t<td style=\"padding-left: 8px;\">mosi\u0105dz<\/td>\n\t<\/tr>\n\t<tr>\n\t\t<td style=\"background-color: #DDDDDD; text-align: center; \"><b>3b<\/b><\/td>\n\t\t<td style=\"padding-left: 8px;\">drewno<\/td>\n\t<\/tr>\n\t<tr>\n\t\t<td style=\"background-color: #DDDDDD; text-align: center; \"><b>4<\/b><\/td>\n\t\t<td style=\"padding-left: 8px;\">okr\u0105g\u0142a \u00d8 33 mm<\/td>\n\t<\/tr>\n\t<tr>\n\t\t<td style=\"background-color: #DDDDDD; text-align: center; \"><b>5<\/b><\/td>\n\t\t<td style=\"padding-left: 8px;\">wkl\u0119s\u0142oryty<\/td>\n\t<\/tr>\n\t<tr>\n\t\t<td style=\"background-color: #DDDDDD; text-align: center; \"><b>6<\/b><\/td>\n<td style=\"padding-left: 8px;\">&#8211;<\/td>\n\t<\/tr>\n<tr>\n\t\t<td style=\"background-color: #DDDDDD; text-align: center; \"><b>7<\/b><\/td>\n<td style=\"padding-left: 8px;\">uchwyt toczony o sp\u0142aszczonej ga\u0142ce<\/td>\n\t<\/tr>\n\t<tr>\n\t\t<td style=\"background-color: #DDDDDD; text-align: center; \"><b>7a<\/b><\/td>\n\t\t<td style=\"padding-left: 8px;\">103 mm<\/td>\n\t<\/tr>\n\t<tr>\n\t\t<td style=\"background-color: #DDDDDD; text-align: center; \"><b>7b<\/b><\/td>\n<td style=\"padding-left: 8px;\">96 mm, w tym skuwka 5,5 mm (\u00d8 27 mm) <\/td>\n\t<\/tr>\n\t<tr>\n\t\t<td style=\"background-color: #DDDDDD; text-align: center; \"><b>7c<\/b><\/td>\n\t\t<td style=\"padding-left: 8px;\">7 mm<\/td>\n\t<\/tr>\n\t<tr>\n\t\t<td style=\"background-color: #DDDDDD; text-align: center; \"><b>8<\/b><\/td>\n<td style=\"padding-left: 8px;\">&#8211;<\/td>\n\t<\/tr>\n\t<tr>\n\t\t<td style=\"background-color: #DDDDDD; text-align: center; \"><b>9a<\/b><\/td>\n\t\t<td style=\"padding-left: 8px;\">majusku\u0142a<\/td>\n\t<\/tr>\n\t<tr>\n\t\t<td style=\"background-color: #DDDDDD; text-align: center; \"><b>9b<\/b><\/td>\n<td style=\"padding-left: 8px;\"><br\/>w otoku: <b>* GEMEINDE NIEDER=GRUNSTEDT<\/b><\/b><br \/><br \/><\/td> \n<\/tr>\n\t<tr>\t\n\t\t<td style=\"background-color: #DDDDDD; text-align: center; \"><b>10<\/b><\/td>\n<td style=\"padding-left: 8px;\">  W  polu piecz\u0119ci, oddzielonym od pole legendy pojedynczym obrze\u017ceniem ci\u0105g\u0142ym, na murawie drzewo o roz\u0142o\u017cystej koronie. Na zewn\u0105trz, wok\u00f3\u0142 pola legendy, pojedyncze obrze\u017cenie ci\u0105g\u0142e. <td>\n<\/tr>\n\t<tr>\n\t\t<td style=\"background-color: #DDDDDD; text-align: center; \"><b>11<\/b><\/td>\n<td style=\"padding-left: 8px;\">&#8211;<\/td>\n\t<\/tr>\n\t<tr>\n\t\t<td style=\"background-color: #DDDDDD; text-align: center; \"><b>12<\/b><\/td>\n<td style=\"padding-left: 8px;\">&#8211;<\/td>\n\t<\/tr>\n<\/table>\n<\/div>\n<\/div>\n\n\n\n<hr class=\"wp-block-separator has-alpha-channel-opacity\"\/>\n\n\n\n<div class=\"wp-block-columns is-layout-flex wp-container-core-columns-is-layout-9d6595d7 wp-block-columns-is-layout-flex\">\n<div class=\"wp-block-column is-layout-flow wp-block-column-is-layout-flow\" style=\"flex-basis:1%\"><\/div>\n\n\n\n<div class=\"wp-block-column is-vertically-aligned-center is-layout-flow wp-block-column-is-layout-flow\" style=\"flex-basis:23%\">\n<figure class=\"wp-block-gallery aligncenter has-nested-images columns-default is-cropped wp-block-gallery-8 is-layout-flex wp-block-gallery-is-layout-flex\">\n<figure class=\"wp-block-image size-full is-style-default\"><a href=\"https:\/\/sigillarium.pl\/wp-content\/uploads\/2025\/12\/Niemcy-Niederraunau-Gemeinde-Gmina-pieczec-seal-petschaft-2.jpg\"><img loading=\"lazy\" decoding=\"async\" width=\"1632\" height=\"1928\" data-id=\"37857\" src=\"https:\/\/sigillarium.pl\/wp-content\/uploads\/2025\/12\/Niemcy-Niederraunau-Gemeinde-Gmina-pieczec-seal-petschaft-2.jpg\" alt=\"\" class=\"wp-image-37857\" srcset=\"https:\/\/sigillarium.pl\/wp-content\/uploads\/2025\/12\/Niemcy-Niederraunau-Gemeinde-Gmina-pieczec-seal-petschaft-2.jpg 1632w, https:\/\/sigillarium.pl\/wp-content\/uploads\/2025\/12\/Niemcy-Niederraunau-Gemeinde-Gmina-pieczec-seal-petschaft-2-254x300.jpg 254w, https:\/\/sigillarium.pl\/wp-content\/uploads\/2025\/12\/Niemcy-Niederraunau-Gemeinde-Gmina-pieczec-seal-petschaft-2-867x1024.jpg 867w, https:\/\/sigillarium.pl\/wp-content\/uploads\/2025\/12\/Niemcy-Niederraunau-Gemeinde-Gmina-pieczec-seal-petschaft-2-768x907.jpg 768w, https:\/\/sigillarium.pl\/wp-content\/uploads\/2025\/12\/Niemcy-Niederraunau-Gemeinde-Gmina-pieczec-seal-petschaft-2-1300x1536.jpg 1300w\" sizes=\"auto, (max-width: 1632px) 100vw, 1632px\" \/><\/a><\/figure>\n<\/figure>\n<\/div>\n\n\n\n<div class=\"wp-block-column is-layout-flow wp-block-column-is-layout-flow\" style=\"flex-basis:1%\"><\/div>\n\n\n\n<div class=\"wp-block-column is-vertically-aligned-center is-layout-flow wp-block-column-is-layout-flow\" style=\"flex-basis:22%\"><div class=\"wp-block-image\">\n<figure class=\"aligncenter size-full is-resized\"><img loading=\"lazy\" decoding=\"async\" width=\"414\" height=\"622\" src=\"https:\/\/sigillarium.pl\/wp-content\/uploads\/2025\/12\/Niemcy-Niederraunau-Gemeinde-Gmina-pieczec-uchwyt.jpg\" alt=\"\" class=\"wp-image-37851\" style=\"aspect-ratio:0.6656211308295501;object-fit:cover;width:180px\" srcset=\"https:\/\/sigillarium.pl\/wp-content\/uploads\/2025\/12\/Niemcy-Niederraunau-Gemeinde-Gmina-pieczec-uchwyt.jpg 414w, https:\/\/sigillarium.pl\/wp-content\/uploads\/2025\/12\/Niemcy-Niederraunau-Gemeinde-Gmina-pieczec-uchwyt-200x300.jpg 200w\" sizes=\"auto, (max-width: 414px) 100vw, 414px\" \/><\/figure>\n<\/div><\/div>\n\n\n\n<div class=\"wp-block-column is-layout-flow wp-block-column-is-layout-flow\" style=\"flex-basis:1%\"><\/div>\n\n\n\n<div class=\"wp-block-column is-layout-flow wp-block-column-is-layout-flow\" style=\"flex-basis:48%\">\n<style> td {font-size: 11px; color: black; font-family: Arial;} <\/style>\n<table style=\"width: 500px; height: 150px;\">\n\t<tr>\n\t\t<td style=\"background-color: #DDDDDD; width:6%; text-align: center; \"><b>1<\/b><\/td>\n\t\t<td style=\"padding-left: 8px;\">kolekcja prywatna<\/td>\n\t<\/tr>\n\t<tr>\n\t\t<td style=\"background-color: #DDDDDD; text-align: center; \"><b>2<\/b><\/td>\n<td style=\"background-color: #FFFF99; white-space: nowrap; padding-left: 8px;\"><b><big><big> <a href=\"https:\/\/en.wikipedia.org\/wiki\/Niederraunau \">NIEDERRAUNAU [NIEMCY]<a> <\/big><\/big><br \/><big>Gmina<\/big><br \/><\/td>\n\t<\/tr>\n\t<tr>\n\t\t<td style=\"background-color: #DDDDDD; text-align: center; \"><b>3a<\/b><\/td>\n\t\t<td style=\"padding-left: 8px;\">mosi\u0105dz<\/td>\n\t<\/tr>\n\t<tr>\n\t\t<td style=\"background-color: #DDDDDD; text-align: center; \"><b>3b<\/b><\/td>\n\t\t<td style=\"padding-left: 8px;\">stal<\/td>\n\t<\/tr>\n\t<tr>\n\t\t<td style=\"background-color: #DDDDDD; text-align: center; \"><b>4<\/b><\/td>\n\t\t<td style=\"padding-left: 8px;\">owalna 37 x 31 mm<\/td>\n\t<\/tr>\n\t<tr>\n\t\t<td style=\"background-color: #DDDDDD; text-align: center; \"><b>5<\/b><\/td>\n\t\t<td style=\"padding-left: 8px;\">wkl\u0119s\u0142oryty<\/td>\n\t<\/tr>\n\t<tr>\n\t\t<td style=\"background-color: #DDDDDD; text-align: center; \"><b>6<\/b><\/td>\n<td style=\"padding-left: 8px;\">&#8211;<\/td>\n\t<\/tr>\n<tr>\n\t\t<td style=\"background-color: #DDDDDD; text-align: center; \"><b>7<\/b><\/td>\n<td style=\"padding-left: 8px;\">uchwyt o formie prostopad\u0142o\u015bcianu o o\u015bmiok\u0105tnej podstawie ze znacznikiem prawid\u0142owego ustawienia t\u0142oka<\/td>\n\t<\/tr>\n\t<tr>\n\t\t<td style=\"background-color: #DDDDDD; text-align: center; \"><b>7a<\/b><\/td>\n\t\t<td style=\"padding-left: 8px;\">51 mm<\/td>\n\t<\/tr>\n\t<tr>\n\t\t<td style=\"background-color: #DDDDDD; text-align: center; \"><b>7b<\/b><\/td>\n<td style=\"padding-left: 8px;\">47 mm, w tym stopka 17 mm<\/td>\n\t<\/tr>\n\t<tr>\n\t\t<td style=\"background-color: #DDDDDD; text-align: center; \"><b>7c<\/b><\/td>\n\t\t<td style=\"padding-left: 8px;\">4 mm<\/td>\n\t<\/tr>\n\t<tr>\n\t\t<td style=\"background-color: #DDDDDD; text-align: center; \"><b>8<\/b><\/td>\n<td style=\"padding-left: 8px;\">&#8211; <\/td>\n\t<\/tr>\n\t<tr>\n\t\t<td style=\"background-color: #DDDDDD; text-align: center; \"><b>9a<\/b><\/td>\n\t\t<td style=\"padding-left: 8px;\">majusku\u0142a <\/td>\n\t<\/tr>\n\t<tr>\n\t\t<td style=\"background-color: #DDDDDD; text-align: center; \"><b>9b<\/b><\/td>\n<td style=\"padding-left: 8px;\"> <br \/>w otoku: <b> KOENIGREICH \u2022 BAYERN GEMEINDE \u2022 NIEDERRAUNAU<\/b><br \/><br \/><\/td> \n<\/tr>\n\t<tr>\t\n\t\t<td style=\"background-color: #DDDDDD; text-align: center; \"><b>10<\/b><\/td>\n<td style=\"padding-left: 8px;\"> W polu piecz\u0119ci, oddzielonym od pola legendy pojedynczym obrze\u017ceniem ci\u0105g\u0142ym, na renesansowej tarczy kartuszowej, na murawie, drzewo o sto\u017ckowatej koronie, po prawej i lewej k\u0119py trawy. Wok\u00f3\u0142 pola piecz\u0119ci pojedyncze obrze\u017cenie sznurowe.<\/td>\n<\/tr>\n\t<tr>\n\t\t<td style=\"background-color: #DDDDDD; text-align: center; \"><b>11<\/b><\/td>\n<td style=\"padding-left: 8px;\">&#8211;<\/td>\n\t<\/tr>\n\t<tr>\n\t\t<td style=\"background-color: #DDDDDD; text-align: center; \"><b>12<\/b><\/td>\n<td style=\"padding-left: 8px;\">&#8211; <\/td>\n\t<\/tr>\n<\/table>\n<\/div>\n<\/div>\n\n\n\n<hr class=\"wp-block-separator has-alpha-channel-opacity\"\/>\n\n\n\n<div class=\"wp-block-columns is-layout-flex wp-container-core-columns-is-layout-9d6595d7 wp-block-columns-is-layout-flex\">\n<div class=\"wp-block-column is-layout-flow wp-block-column-is-layout-flow\" style=\"flex-basis:1%\"><\/div>\n\n\n\n<div class=\"wp-block-column is-vertically-aligned-center is-layout-flow wp-block-column-is-layout-flow\" style=\"flex-basis:23%\">\n<figure class=\"wp-block-gallery aligncenter has-nested-images columns-default is-cropped wp-block-gallery-9 is-layout-flex wp-block-gallery-is-layout-flex\">\n<figure class=\"wp-block-image size-full is-style-default\"><a href=\"https:\/\/sigillarium.pl\/wp-content\/uploads\/2021\/11\/Praga-Praha-Magistrat-miasta-pieczec-seal-petschaft-siegel-sceau-cachet-sigillarium.jpg\"><img loading=\"lazy\" decoding=\"async\" width=\"1015\" height=\"1014\" data-id=\"17026\" src=\"https:\/\/sigillarium.pl\/wp-content\/uploads\/2021\/11\/Praga-Praha-Magistrat-miasta-pieczec-seal-petschaft-siegel-sceau-cachet-sigillarium.jpg\" alt=\"\" class=\"wp-image-17026\" srcset=\"https:\/\/sigillarium.pl\/wp-content\/uploads\/2021\/11\/Praga-Praha-Magistrat-miasta-pieczec-seal-petschaft-siegel-sceau-cachet-sigillarium.jpg 1015w, https:\/\/sigillarium.pl\/wp-content\/uploads\/2021\/11\/Praga-Praha-Magistrat-miasta-pieczec-seal-petschaft-siegel-sceau-cachet-sigillarium-300x300.jpg 300w, https:\/\/sigillarium.pl\/wp-content\/uploads\/2021\/11\/Praga-Praha-Magistrat-miasta-pieczec-seal-petschaft-siegel-sceau-cachet-sigillarium-150x150.jpg 150w, https:\/\/sigillarium.pl\/wp-content\/uploads\/2021\/11\/Praga-Praha-Magistrat-miasta-pieczec-seal-petschaft-siegel-sceau-cachet-sigillarium-768x767.jpg 768w\" sizes=\"auto, (max-width: 1015px) 100vw, 1015px\" \/><\/a><\/figure>\n<\/figure>\n<\/div>\n\n\n\n<div class=\"wp-block-column is-layout-flow wp-block-column-is-layout-flow\" style=\"flex-basis:1%\"><\/div>\n\n\n\n<div class=\"wp-block-column is-vertically-aligned-center is-layout-flow wp-block-column-is-layout-flow\" style=\"flex-basis:22%\"><div class=\"wp-block-image\">\n<figure class=\"aligncenter size-full is-resized\"><img loading=\"lazy\" decoding=\"async\" width=\"345\" height=\"988\" src=\"https:\/\/sigillarium.pl\/wp-content\/uploads\/2021\/11\/Praga-Praha-Magistrat-miasta-pieczec-uchwyt-seal-petschaft-siegel-sceau-cachet-sigillarium.jpg\" alt=\"\" class=\"wp-image-17027\" style=\"width:139px;height:398px\" srcset=\"https:\/\/sigillarium.pl\/wp-content\/uploads\/2021\/11\/Praga-Praha-Magistrat-miasta-pieczec-uchwyt-seal-petschaft-siegel-sceau-cachet-sigillarium.jpg 345w, https:\/\/sigillarium.pl\/wp-content\/uploads\/2021\/11\/Praga-Praha-Magistrat-miasta-pieczec-uchwyt-seal-petschaft-siegel-sceau-cachet-sigillarium-105x300.jpg 105w\" sizes=\"auto, (max-width: 345px) 100vw, 345px\" \/><\/figure>\n<\/div><\/div>\n\n\n\n<div class=\"wp-block-column is-layout-flow wp-block-column-is-layout-flow\" style=\"flex-basis:1%\"><\/div>\n\n\n\n<div class=\"wp-block-column is-layout-flow wp-block-column-is-layout-flow\" style=\"flex-basis:48%\">\n<style> td {font-size: 11px; color: black; font-family: Arial;} <\/style>\n<table style=\"width: 500px; height: 150px;\">\n\t<tbody><tr>\n\t\t<td style=\"background-color: #DDDDDD; width:6%; text-align: center; \"><b>1<\/b><\/td>\n\t\t<td style=\"padding-left: 8px;\">kolekcja prywatna<\/td>\n\t<\/tr>\n\t<tr>\n\t\t<td style=\"background-color: #DDDDDD; text-align: center; \"><b>2<\/b><\/td>\n<td style=\"background-color: #FFFF99; white-space: nowrap; padding-left: 8px;\"><b><big><big><a href=\" https:\/\/pl.wikipedia.org\/wiki\/Praga\">PRAGA [CZECHY]<\/a><\/big><\/big><br><big>Magistrat miasta<\/big><\/b><\/td>\n\t<\/tr>\n\t<tr>\n\t\t<td style=\"background-color: #DDDDDD; text-align: center; \"><b>3a<\/b><\/td>\n\t\t<td style=\"padding-left: 8px;\">mosi\u0105dz (srebrzony?)<\/td>\n\t<\/tr>\n\t<tr>\n\t\t<td style=\"background-color: #DDDDDD; text-align: center; \"><b>3b<\/b><\/td>\n\t\t<td style=\"padding-left: 8px;\">drewno <\/td>\n\t<\/tr>\n\t<tr>\n\t\t<td style=\"background-color: #DDDDDD; text-align: center; \"><b>4<\/b><\/td>\n\t\t<td style=\"padding-left: 8px;\">okr\u0105g\u0142a \u00d8 44 mm<\/td>\n\t<\/tr>\n\t<tr>\n\t\t<td style=\"background-color: #DDDDDD; text-align: center; \"><b>5<\/b><\/td>\n\t\t<td style=\"padding-left: 8px;\">wypuk\u0142oryty<\/td>\n\t<\/tr>\n\t<tr>\n\t\t<td style=\"background-color: #DDDDDD; text-align: center; \"><b>6<\/b><\/td>\n<td style=\"padding-left: 8px;\">&#8211;<\/td>\n\t<\/tr>\n<tr>\n\t\t<td style=\"background-color: #DDDDDD; text-align: center; \"><b>7<\/b><\/td>\n<td style=\"padding-left: 8px;\"> uchwyt toczony o kulistej ga\u0142ce<\/td>\n\t<\/tr>\n\t<tr>\n\t\t<td style=\"background-color: #DDDDDD; text-align: center; \"><b>7a<\/b><\/td>\n\t\t<td style=\"padding-left: 8px;\">130 mm<\/td>\n\t<\/tr>\n\t<tr>\n\t\t<td style=\"background-color: #DDDDDD; text-align: center; \"><b>7b<\/b><\/td>\n\t\t<td style=\"padding-left: 8px;\">127 mm, w tym stopka 16,6 mm stanowi\u0105ca z matryc\u0105 jedn\u0105 ca\u0142o\u015b\u0107, <br>skuwka 7,5 mm (\u00d8 16 mm) <\/td>\n\t<\/tr>\n\t<tr>\n\t\t<td style=\"background-color: #DDDDDD; text-align: center; \"><b>7c<\/b><\/td>\n\t\t<td style=\"padding-left: 8px;\">3 mm<\/td>\n\t<\/tr>\n\t<tr>\n\t\t<td style=\"background-color: #DDDDDD; text-align: center; \"><b>8<\/b><\/td>\n<td style=\"padding-left: 8px;\">&#8211; <\/td>\n\t<\/tr>\n\t<tr>\n\t\t<td style=\"background-color: #DDDDDD; text-align: center; \"><b>9a<\/b><\/td>\n\t\t<td style=\"padding-left: 8px;\">majusku\u0142a<\/td>\n\t<\/tr>\n\t<tr>\n\t\t<td style=\"background-color: #DDDDDD; text-align: center; \"><b>9b<\/b><\/td>\n<td style=\"padding-left: 8px;\"><br> w p\u00f3\u0142otoku g\u00f3rnym: <b>* MAGISTR\u00c1T HL <i>(avn\u00e9ho) <\/i>. M\u0114STA PRAHY *<\/b> <br> w p\u00f3\u0142otoku dolnym: <b> REFER\u00c1T ZADU\u0160N\u013a <\/b><br> w polu (na wst\u0119dze): <b> PRAHA MATKA MEST<\/b><br><br><\/td> \n\t<\/tr>\n\t<tr>\n\t\t<td style=\"background-color: #DDDDDD; text-align: center; \"><b>10<\/b><\/td>\n<td style=\"padding-left: 8px;\">W polu piecz\u0119ci, oddzielonym od pola legendy pojedynczym obrze\u017ceniem ci\u0105g\u0142ym, herb wielki miasta Pragi (na tarczy blankowane mury miejskie z trzema basztami nakrytymi dachami, ka\u017cda z pojedynczym oknem, w otwartej bramie z uniesion\u0105 bron\u0105 uzbrojona r\u0119ka z mieczem, po bokach tarczy dwa koronowane lwy z rozdwojonymi ogonami, pod tarcz\u0105 na postumencie z li\u015bci lipy na wst\u0119dze dewiza, tarcza zwie\u0144czona trzema he\u0142mami z koronami, z kt\u00f3rych sp\u0142ywaj\u0105 labry, w g\u0142\u00f3wnym klejnocie lew czeski, w prawym i lewym klejnocie flagi dzielnic miasta.  Na zewn\u0105trz, wok\u00f3\u0142 pola legendy, podw\u00f3jne obrze\u017cenie ci\u0105g\u0142e. <br><\/td>\n<\/tr>\n\t<tr>\n\t\t<td style=\"background-color: #DDDDDD; text-align: center; \"><b>11<\/b><\/td>\n<td style=\"padding-left: 8px;\">&#8211; <\/td>\n\t<\/tr>\n\t<tr>\n<td style=\"background-color: #DDDDDD; text-align: center; \"><b>12<\/b><\/td>\n<td style=\"padding-left: 8px;\">1927-1945 <\/td>\n\t<\/tr>\n<\/tbody><\/table>\n<\/div>\n<\/div>\n\n\n\n<hr class=\"wp-block-separator has-css-opacity\"\/>\n\n\n\n<div class=\"wp-block-columns is-layout-flex wp-container-core-columns-is-layout-9d6595d7 wp-block-columns-is-layout-flex\">\n<div class=\"wp-block-column is-layout-flow wp-block-column-is-layout-flow\" style=\"flex-basis:1%\"><\/div>\n\n\n\n<div class=\"wp-block-column is-vertically-aligned-center is-layout-flow wp-block-column-is-layout-flow\" style=\"flex-basis:23%\">\n<figure class=\"wp-block-gallery aligncenter has-nested-images columns-default is-cropped wp-block-gallery-10 is-layout-flex wp-block-gallery-is-layout-flex\">\n<figure class=\"wp-block-image size-full is-style-default\"><a href=\"https:\/\/sigillarium.pl\/wp-content\/uploads\/2022\/04\/Sterkrade-Oberhausen-St.-Clemens-Hospital-Szpital-sw.-Klemensa-pieczec-seal-petschaft-siegel.jpg\"><img loading=\"lazy\" decoding=\"async\" width=\"969\" height=\"982\" data-id=\"20079\" src=\"https:\/\/sigillarium.pl\/wp-content\/uploads\/2022\/04\/Sterkrade-Oberhausen-St.-Clemens-Hospital-Szpital-sw.-Klemensa-pieczec-seal-petschaft-siegel.jpg\" alt=\"\" class=\"wp-image-20079\" srcset=\"https:\/\/sigillarium.pl\/wp-content\/uploads\/2022\/04\/Sterkrade-Oberhausen-St.-Clemens-Hospital-Szpital-sw.-Klemensa-pieczec-seal-petschaft-siegel.jpg 969w, https:\/\/sigillarium.pl\/wp-content\/uploads\/2022\/04\/Sterkrade-Oberhausen-St.-Clemens-Hospital-Szpital-sw.-Klemensa-pieczec-seal-petschaft-siegel-296x300.jpg 296w, https:\/\/sigillarium.pl\/wp-content\/uploads\/2022\/04\/Sterkrade-Oberhausen-St.-Clemens-Hospital-Szpital-sw.-Klemensa-pieczec-seal-petschaft-siegel-768x778.jpg 768w\" sizes=\"auto, (max-width: 969px) 100vw, 969px\" \/><\/a><\/figure>\n<\/figure>\n<\/div>\n\n\n\n<div class=\"wp-block-column is-layout-flow wp-block-column-is-layout-flow\" style=\"flex-basis:1%\"><\/div>\n\n\n\n<div class=\"wp-block-column is-vertically-aligned-center is-layout-flow wp-block-column-is-layout-flow\" style=\"flex-basis:22%\"><div class=\"wp-block-image\">\n<figure class=\"aligncenter size-full is-resized\"><img loading=\"lazy\" decoding=\"async\" width=\"407\" height=\"971\" src=\"https:\/\/sigillarium.pl\/wp-content\/uploads\/2022\/04\/Sterkrade-Oberhausen-St.-Clemens-Hospital-Szpital-sw.-Klemensa-pieczec-uchwyt-petschaft-siegel.jpg\" alt=\"\" class=\"wp-image-20081\" style=\"width:156px;height:372px\" srcset=\"https:\/\/sigillarium.pl\/wp-content\/uploads\/2022\/04\/Sterkrade-Oberhausen-St.-Clemens-Hospital-Szpital-sw.-Klemensa-pieczec-uchwyt-petschaft-siegel.jpg 407w, https:\/\/sigillarium.pl\/wp-content\/uploads\/2022\/04\/Sterkrade-Oberhausen-St.-Clemens-Hospital-Szpital-sw.-Klemensa-pieczec-uchwyt-petschaft-siegel-126x300.jpg 126w\" sizes=\"auto, (max-width: 407px) 100vw, 407px\" \/><\/figure>\n<\/div><\/div>\n\n\n\n<div class=\"wp-block-column is-layout-flow wp-block-column-is-layout-flow\" style=\"flex-basis:1%\"><\/div>\n\n\n\n<div class=\"wp-block-column is-layout-flow wp-block-column-is-layout-flow\" style=\"flex-basis:48%\">\n<style> td {font-size: 11px; color: black; font-family: Arial;} <\/style>\n<table style=\"width: 500px; height: 150px;\">\n\t<tbody><tr>\n\t\t<td style=\"background-color: #DDDDDD; width:6%; text-align: center; \"><b>1<\/b><\/td>\n\t\t<td style=\"padding-left: 8px;\">kolekcja prywatna<\/td>\n\t<\/tr>\n\t<tr>\n\t\t<td style=\"background-color: #DDDDDD; text-align: center; \"><b>2<\/b><\/td>\n<td style=\"background-color: #FFFF99; white-space: nowrap; padding-left: 8px;\"><b><big><big> <a href=\" https:\/\/pl.wikipedia.org\/wiki\/Oberhausen \"> STERKRADE (dzielnica OBERHAUSEN) [NIEMCY] <\/a> <\/big><\/big><br><big> Kuratorium Szpitala \u015bw. Klemensa <\/big><\/b><\/td>\n\t<\/tr>\n\t<tr>\n\t\t<td style=\"background-color: #DDDDDD; text-align: center; \"><b>3a<\/b><\/td>\n\t\t<td style=\"padding-left: 8px;\">mosi\u0105dz<\/td>\n\t<\/tr>\n\t<tr>\n\t\t<td style=\"background-color: #DDDDDD; text-align: center; \"><b>3b<\/b><\/td>\n\t\t<td style=\"padding-left: 8px;\">drewno<\/td>\n\t<\/tr>\n\t<tr>\n\t\t<td style=\"background-color: #DDDDDD; text-align: center; \"><b>4<\/b><\/td>\n\t\t<td style=\"padding-left: 8px;\">okr\u0105g\u0142a \u00d8 33 mm<\/td>\n\t<\/tr>\n\t<tr>\n\t\t<td style=\"background-color: #DDDDDD; text-align: center; \"><b>5<\/b><\/td>\n\t\t<td style=\"padding-left: 8px;\">wkl\u0119s\u0142oryty<\/td>\n\t<\/tr>\n\t<tr>\n\t\t<td style=\"background-color: #DDDDDD; text-align: center; \"><b>6<\/b><\/td>\n<td style=\"padding-left: 8px;\">&#8211;<\/td>\n\t<\/tr>\n<tr>\n\t\t<td style=\"background-color: #DDDDDD; text-align: center; \"><b>7<\/b><\/td>\n<td style=\"padding-left: 8px;\">uchwyt toczony o sp\u0142aszczonej ga\u0142ce <\/td>\n\t<\/tr>\n\t<tr>\n\t\t<td style=\"background-color: #DDDDDD; text-align: center; \"><b>7a<\/b><\/td>\n\t\t<td style=\"padding-left: 8px;\"> 98 mm<\/td>\n\t<\/tr>\n\t<tr>\n\t\t<td style=\"background-color: #DDDDDD; text-align: center; \"><b>7b<\/b><\/td>\n<td style=\"padding-left: 8px;\"> 91,5 mm, w tym skuwka 9,5 mm (\u00d8 16 mm) <\/td>\n\t<\/tr>\n\t<tr>\n\t\t<td style=\"background-color: #DDDDDD; text-align: center; \"><b>7c<\/b><\/td>\n\t\t<td style=\"padding-left: 8px;\"> 6,5 mm<\/td>\n\t<\/tr>\n\t<tr>\n\t\t<td style=\"background-color: #DDDDDD; text-align: center; \"><b>8<\/b><\/td>\n<td style=\"padding-left: 8px;\">&#8211;<\/td>\n\t<\/tr>\n\t<tr>\n\t\t<td style=\"background-color: #DDDDDD; text-align: center; \"><b>9a<\/b><\/td>\n\t\t<td style=\"padding-left: 8px;\">majusku\u0142a, minusku\u0142a<\/td>\n\t<\/tr>\n\t<tr>\n\t\t<td style=\"background-color: #DDDDDD; text-align: center; \"><b>9b<\/b><\/td>\n<td style=\"padding-left: 8px;\"> <br>w otoku:  <b>SIEGEL  DES  CURATORY DES \/\/  HOSPITALS <\/b><br>w polu: <b> S <i>(anc)<\/i> t <i>(e) <\/i>. CLEMENS. <\/b><br><br><\/td> \n<\/tr>\n\t<tr>\t\n\t\t<td style=\"background-color: #DDDDDD; text-align: center; \"><b>10<\/b><\/td>\n<td style=\"padding-left: 8px;\"> W polu piecz\u0119ci kotwica brakami ku do\u0142owi skrzy\u017cowana z krzy\u017cem. Na nich gorej\u0105ce serce opasane koron\u0105 cierniow\u0105. Powy\u017cej o\u015bmiopromienna gwiazda otoczona promienist\u0105 glori\u0105. Na zewn\u0105trz, wok\u00f3\u0142 pola piecz\u0119ci, pojedyncze obrze\u017cenie ci\u0105g\u0142e.\/td&gt;\n<\/td><\/tr>\n\t<tr>\n\t\t<td style=\"background-color: #DDDDDD; text-align: center; \"><b>11<\/b><\/td>\n<td style=\"padding-left: 8px;\">&#8211;<\/td>\n\t<\/tr>\n\t<tr>\n\t\t<td style=\"background-color: #DDDDDD; text-align: center; \"><b>12<\/b><\/td>\n<td style=\"padding-left: 8px;\">&#8211; <\/td>\n\t<\/tr>\n<\/tbody><\/table>\n<\/div>\n<\/div>\n\n\n\n<hr class=\"wp-block-separator has-alpha-channel-opacity\"\/>\n\n\n\n<div class=\"wp-block-columns is-layout-flex wp-container-core-columns-is-layout-9d6595d7 wp-block-columns-is-layout-flex\">\n<div class=\"wp-block-column is-layout-flow wp-block-column-is-layout-flow\" style=\"flex-basis:1%\"><\/div>\n\n\n\n<div class=\"wp-block-column is-vertically-aligned-center is-layout-flow wp-block-column-is-layout-flow\" style=\"flex-basis:23%\">\n<figure class=\"wp-block-gallery aligncenter has-nested-images columns-default is-cropped wp-block-gallery-11 is-layout-flex wp-block-gallery-is-layout-flex\">\n<figure class=\"wp-block-image size-full is-style-default\"><a href=\"https:\/\/sigillarium.pl\/wp-content\/uploads\/2023\/03\/Niemcy-Wettesingen-Gmina-pieczec-seal-petschaft-siegel-sceau-cachet-sigillarium.jpg\"><img loading=\"lazy\" decoding=\"async\" width=\"940\" height=\"951\" data-id=\"24280\" src=\"https:\/\/sigillarium.pl\/wp-content\/uploads\/2023\/03\/Niemcy-Wettesingen-Gmina-pieczec-seal-petschaft-siegel-sceau-cachet-sigillarium.jpg\" alt=\"\" class=\"wp-image-24280\" srcset=\"https:\/\/sigillarium.pl\/wp-content\/uploads\/2023\/03\/Niemcy-Wettesingen-Gmina-pieczec-seal-petschaft-siegel-sceau-cachet-sigillarium.jpg 940w, https:\/\/sigillarium.pl\/wp-content\/uploads\/2023\/03\/Niemcy-Wettesingen-Gmina-pieczec-seal-petschaft-siegel-sceau-cachet-sigillarium-297x300.jpg 297w, https:\/\/sigillarium.pl\/wp-content\/uploads\/2023\/03\/Niemcy-Wettesingen-Gmina-pieczec-seal-petschaft-siegel-sceau-cachet-sigillarium-768x777.jpg 768w\" sizes=\"auto, (max-width: 940px) 100vw, 940px\" \/><\/a><\/figure>\n<\/figure>\n<\/div>\n\n\n\n<div class=\"wp-block-column is-layout-flow wp-block-column-is-layout-flow\" style=\"flex-basis:1%\"><\/div>\n\n\n\n<div class=\"wp-block-column is-vertically-aligned-center is-layout-flow wp-block-column-is-layout-flow\" style=\"flex-basis:22%\"><div class=\"wp-block-image\">\n<figure class=\"aligncenter size-full is-resized\"><img loading=\"lazy\" decoding=\"async\" width=\"271\" height=\"786\" src=\"https:\/\/sigillarium.pl\/wp-content\/uploads\/2023\/03\/Niemcy-Wettesingen-Gmina-pieczec-uchwyt-seal-petschaft-siegel-sceau-cachet.jpg\" alt=\"\" class=\"wp-image-24281\" style=\"width:123px;height:357px\" srcset=\"https:\/\/sigillarium.pl\/wp-content\/uploads\/2023\/03\/Niemcy-Wettesingen-Gmina-pieczec-uchwyt-seal-petschaft-siegel-sceau-cachet.jpg 271w, https:\/\/sigillarium.pl\/wp-content\/uploads\/2023\/03\/Niemcy-Wettesingen-Gmina-pieczec-uchwyt-seal-petschaft-siegel-sceau-cachet-103x300.jpg 103w\" sizes=\"auto, (max-width: 271px) 100vw, 271px\" \/><\/figure>\n<\/div><\/div>\n\n\n\n<div class=\"wp-block-column is-layout-flow wp-block-column-is-layout-flow\" style=\"flex-basis:1%\"><\/div>\n\n\n\n<div class=\"wp-block-column is-layout-flow wp-block-column-is-layout-flow\" style=\"flex-basis:48%\">\n<style> td {font-size: 11px; color: black; font-family: Arial;} <\/style>\n<table style=\"width: 500px; height: 150px;\">\n\t<tr>\n\t\t<td style=\"background-color: #DDDDDD; width:6%; text-align: center; \"><b>1<\/b><\/td>\n\t\t<td style=\"padding-left: 8px;\">kolekcja prywatna<\/td>\n\t<\/tr>\n\t<tr>\n\t\t<td style=\"background-color: #DDDDDD; text-align: center; \"><b>2<\/b><\/td>\n<td style=\"background-color: #FFFF99; white-space: nowrap; padding-left: 8px;\"><b><big><big> <a href=\"https:\/\/de.wikipedia.org\/wiki\/Wettesingen\"> WETTENSINGEN [NIEMCY]<a> <\/big><\/big><br \/><big> Gmina<\/big><\/td>\n\t<\/tr>\n\t<tr>\n\t\t<td style=\"background-color: #DDDDDD; text-align: center; \"><b>3a<\/b><\/td>\n\t\t<td style=\"padding-left: 8px;\">mosi\u0105dz<\/td>\n\t<\/tr>\n\t<tr>\n\t\t<td style=\"background-color: #DDDDDD; text-align: center; \"><b>3b<\/b><\/td>\n\t\t<td style=\"padding-left: 8px;\">drewno<\/td>\n\t<\/tr>\n\t<tr>\n\t\t<td style=\"background-color: #DDDDDD; text-align: center; \"><b>4<\/b><\/td>\n\t\t<td style=\"padding-left: 8px;\">okr\u0105g\u0142a \u00d8 31 mm<\/td>\n\t<\/tr>\n\t<tr>\n\t\t<td style=\"background-color: #DDDDDD; text-align: center; \"><b>5<\/b><\/td>\n\t\t<td style=\"padding-left: 8px;\">wypuk\u0142oryty<\/td>\n\t<\/tr>\n\t<tr>\n\t\t<td style=\"background-color: #DDDDDD; text-align: center; \"><b>6<\/b><\/td>\n<td style=\"padding-left: 8px;\">&#8211;<\/td>\n\t<\/tr>\n<tr>\n\t\t<td style=\"background-color: #DDDDDD; text-align: center; \"><b>7<\/b><\/td>\n<td style=\"padding-left: 8px;\">uchwyt toczony o sp\u0142aszczonej ga\u0142ce, rekonstrukcja <\/td>\n\t<\/tr>\n\t<tr>\n\t\t<td style=\"background-color: #DDDDDD; text-align: center; \"><b>7a<\/b><\/td>\n\t\t<td style=\"padding-left: 8px;\"> 99 mm<\/td>\n\t<\/tr>\n\t<tr>\n\t\t<td style=\"background-color: #DDDDDD; text-align: center; \"><b>7b<\/b><\/td>\n<td style=\"padding-left: 8px;\">90,5 mm <\/td>\n\t<\/tr>\n\t<tr>\n\t\t<td style=\"background-color: #DDDDDD; text-align: center; \"><b>7c<\/b><\/td>\n\t\t<td style=\"padding-left: 8px;\"> 8,5 mm<\/td>\n\t<\/tr>\n\t<tr>\n\t\t<td style=\"background-color: #DDDDDD; text-align: center; \"><b>8<\/b><\/td>\n<td style=\"padding-left: 8px;\">&#8211;<\/td>\n\t<\/tr>\n\t<tr>\n\t\t<td style=\"background-color: #DDDDDD; text-align: center; \"><b>9a<\/b><\/td>\n\t\t<td style=\"padding-left: 8px;\">majusku\u0142a<\/td>\n\t<\/tr>\n\t<tr>\n\t\t<td style=\"background-color: #DDDDDD; text-align: center; \"><b>9b<\/b><\/td>\n<td style=\"padding-left: 8px;\"> <br \/>w otoku:  <b> \u2022 K\u00d6NIGL<i> (ich)<\/i>. PR<i> (eussischen)<\/i>. KREIS WOLFHAGEN <\/b><br \/> w polu: <b>G <i>(e)<\/i> M <i>(ein)<\/i> DE \/\/ WETTEN- \/\/ SINGEN <\/b><br \/><br \/><\/td> \n<\/tr>\n\t<tr>\t\n\t\t<td style=\"background-color: #DDDDDD; text-align: center; \"><b>10<\/b><\/td>\n<td style=\"padding-left: 8px;\"> W polu piecz\u0119ci nazwa dysponenta w trzech wierszach. Na zewn\u0105trz, wok\u00f3\u0142 pola piecz\u0119ci, pojedyncze obrze\u017cenie ci\u0105g\u0142e.<\/td>\n<\/tr>\n\t<tr>\n\t\t<td style=\"background-color: #DDDDDD; text-align: center; \"><b>11<\/b><\/td>\n<td style=\"padding-left: 8px;\">&#8211;<\/td>\n\t<\/tr>\n\t<tr>\n\t\t<td style=\"background-color: #DDDDDD; text-align: center; \"><b>12<\/b><\/td>\n<td style=\"padding-left: 8px;\">&#8211; <\/td>\n\t<\/tr>\n<\/table>\n<\/div>\n<\/div>\n\n\n\n<hr class=\"wp-block-separator has-alpha-channel-opacity\"\/>\n\n\n\n<div class=\"wp-block-columns is-layout-flex wp-container-core-columns-is-layout-9d6595d7 wp-block-columns-is-layout-flex\">\n<div class=\"wp-block-column is-layout-flow wp-block-column-is-layout-flow\" style=\"flex-basis:1%\"><\/div>\n\n\n\n<div class=\"wp-block-column is-vertically-aligned-center is-layout-flow wp-block-column-is-layout-flow\" style=\"flex-basis:23%\">\n<figure class=\"wp-block-gallery aligncenter has-nested-images columns-default is-cropped wp-block-gallery-12 is-layout-flex wp-block-gallery-is-layout-flex\">\n<figure class=\"wp-block-image size-full is-style-default\"><a href=\"https:\/\/sigillarium.pl\/wp-content\/uploads\/2025\/05\/Austria-Zams-strzelnica-gminna-pieczec-seal-petschaft-siegel-sceau-cachet-sigillo-sigillarium.jpg\"><img loading=\"lazy\" decoding=\"async\" width=\"1989\" height=\"1989\" data-id=\"35857\" src=\"https:\/\/sigillarium.pl\/wp-content\/uploads\/2025\/05\/Austria-Zams-strzelnica-gminna-pieczec-seal-petschaft-siegel-sceau-cachet-sigillo-sigillarium.jpg\" alt=\"\" class=\"wp-image-35857\" srcset=\"https:\/\/sigillarium.pl\/wp-content\/uploads\/2025\/05\/Austria-Zams-strzelnica-gminna-pieczec-seal-petschaft-siegel-sceau-cachet-sigillo-sigillarium.jpg 1989w, https:\/\/sigillarium.pl\/wp-content\/uploads\/2025\/05\/Austria-Zams-strzelnica-gminna-pieczec-seal-petschaft-siegel-sceau-cachet-sigillo-sigillarium-300x300.jpg 300w, https:\/\/sigillarium.pl\/wp-content\/uploads\/2025\/05\/Austria-Zams-strzelnica-gminna-pieczec-seal-petschaft-siegel-sceau-cachet-sigillo-sigillarium-1024x1024.jpg 1024w, https:\/\/sigillarium.pl\/wp-content\/uploads\/2025\/05\/Austria-Zams-strzelnica-gminna-pieczec-seal-petschaft-siegel-sceau-cachet-sigillo-sigillarium-150x150.jpg 150w, https:\/\/sigillarium.pl\/wp-content\/uploads\/2025\/05\/Austria-Zams-strzelnica-gminna-pieczec-seal-petschaft-siegel-sceau-cachet-sigillo-sigillarium-768x768.jpg 768w, https:\/\/sigillarium.pl\/wp-content\/uploads\/2025\/05\/Austria-Zams-strzelnica-gminna-pieczec-seal-petschaft-siegel-sceau-cachet-sigillo-sigillarium-1536x1536.jpg 1536w\" sizes=\"auto, (max-width: 1989px) 100vw, 1989px\" \/><\/a><\/figure>\n<\/figure>\n<\/div>\n\n\n\n<div class=\"wp-block-column is-layout-flow wp-block-column-is-layout-flow\" style=\"flex-basis:1%\"><\/div>\n\n\n\n<div class=\"wp-block-column is-vertically-aligned-center is-layout-flow wp-block-column-is-layout-flow\" style=\"flex-basis:22%\"><div class=\"wp-block-image\">\n<figure class=\"aligncenter size-full is-resized\"><img loading=\"lazy\" decoding=\"async\" width=\"224\" height=\"654\" src=\"https:\/\/sigillarium.pl\/wp-content\/uploads\/2025\/05\/Austria-Zams-strzelnica-gminna-pieczec-uchwyt-seal-petschaft-siegel-sceau-cachet-sigillo-sigillarium.jpg\" alt=\"\" class=\"wp-image-35858\" style=\"width:123px;height:357px\" srcset=\"https:\/\/sigillarium.pl\/wp-content\/uploads\/2025\/05\/Austria-Zams-strzelnica-gminna-pieczec-uchwyt-seal-petschaft-siegel-sceau-cachet-sigillo-sigillarium.jpg 224w, https:\/\/sigillarium.pl\/wp-content\/uploads\/2025\/05\/Austria-Zams-strzelnica-gminna-pieczec-uchwyt-seal-petschaft-siegel-sceau-cachet-sigillo-sigillarium-103x300.jpg 103w\" sizes=\"auto, (max-width: 224px) 100vw, 224px\" \/><\/figure>\n<\/div><\/div>\n\n\n\n<div class=\"wp-block-column is-layout-flow wp-block-column-is-layout-flow\" style=\"flex-basis:1%\"><\/div>\n\n\n\n<div class=\"wp-block-column is-layout-flow wp-block-column-is-layout-flow\" style=\"flex-basis:48%\">\n<style> td {font-size: 11px; color: black; font-family: Arial;} <\/style>\n<table style=\"width: 500px; height: 150px;\">\n\t<tr>\n\t\t<td style=\"background-color: #DDDDDD; width:6%; text-align: center; \"><b>1<\/b><\/td>\n\t\t<td style=\"padding-left: 8px;\">kolekcja prywatna<\/td>\n\t<\/tr>\n\t<tr>\n\t\t<td style=\"background-color: #DDDDDD; text-align: center; \"><b>2<\/b><\/td>\n<td style=\"background-color: #FFFF99; white-space: nowrap; padding-left: 8px;\"><b><big><big> <a href=\"https:\/\/pl.wikipedia.org\/wiki\/Zams\"> ZAMS [AUSTRIA]<\/a><\/big><\/big><br \/><big> Strzelnica gminna <\/b><\/big><\/td>\n\t<\/tr>\n\t<tr>\n\t\t<td style=\"background-color: #DDDDDD; text-align: center; \"><b>3a<\/b><\/td>\n\t\t<td style=\"padding-left: 8px;\">mosi\u0105dz<\/td>\n\t<\/tr>\n\t<tr>\n\t\t<td style=\"background-color: #DDDDDD; text-align: center; \"><b>3b<\/b><\/td>\n\t\t<td style=\"padding-left: 8px;\"> drewno <\/td>\n\t<\/tr>\n\t<tr>\n\t\t<td style=\"background-color: #DDDDDD; text-align: center; \"><b>4<\/b><\/td>\n\t\t<td style=\"padding-left: 8px;\">okr\u0105g\u0142a \u00d8 28 mm<\/td>\n\t<\/tr>\n\t<tr>\n\t\t<td style=\"background-color: #DDDDDD; text-align: center; \"><b>5<\/b><\/td>\n\t\t<td style=\"padding-left: 8px;\">wkl\u0119s\u0142oryty<\/td>\n\t<\/tr>\n\t<tr>\n\t\t<td style=\"background-color: #DDDDDD; text-align: center; \"><b>6<\/b><\/td>\n<td style=\"padding-left: 8px;\">&#8211;<\/td>\n\t<\/tr>\n<tr>\n\t\t<td style=\"background-color: #DDDDDD; text-align: center; \"><b>7<\/b><\/td>\n<td style=\"padding-left: 8px;\">uchwyt toczony o kulistej ga\u0142ce, lakierowany na czarno<\/td>\n\t<\/tr>\n\t<tr>\n\t\t<td style=\"background-color: #DDDDDD; text-align: center; \"><b>7a<\/b><\/td>\n\t\t<td style=\"padding-left: 8px;\">107 mm<\/td>\n\t<\/tr>\n\t<tr>\n\t\t<td style=\"background-color: #DDDDDD; text-align: center; \"><b>7b<\/b><\/td>\n<td style=\"padding-left: 8px;\"> 100,5 mm, w tym skuwka 7 mm (\u00d8 13 mm) <\/td>\n\t<\/tr>\n\t<tr>\n\t\t<td style=\"background-color: #DDDDDD; text-align: center; \"><b>7c<\/b><\/td>\n\t\t<td style=\"padding-left: 8px;\">6,5 mm<\/td>\n\t<\/tr>\n\t<tr>\n\t\t<td style=\"background-color: #DDDDDD; text-align: center; \"><b>8<\/b><\/td>\n<td style=\"padding-left: 8px;\">&#8211;<\/td>\n\t<\/tr>\n\t<tr>\n\t\t<td style=\"background-color: #DDDDDD; text-align: center; \"><b>9a<\/b><\/td>\n\t\t<td style=\"padding-left: 8px;\">majusku\u0142a<\/td>\n\t<\/tr>\n\t<tr>\n\t\t<td style=\"background-color: #DDDDDD; text-align: center; \"><b>9b<\/b><\/td>\n<td style=\"padding-left: 8px;\"><br\/> w p\u00f3\u0142otoku g\u00f3rnym:<b> * K <i>(aiserlich)<\/i> + K <i>(\u00f6niglicher)<\/i> + Gemeinde-Schie\u00dfstand <\/b><br\/> w p\u00f3lotoku dolnym: <b>\u01b5am\u01b6 <\/b><br \/><br \/><\/td> \n\t<\/tr>\n\t<tr>\n\t\t<td style=\"background-color: #DDDDDD; text-align: center; \"><b>10<\/b><\/td>\n<td style=\"padding-left: 8px;\"> W polu piecz\u0119ci god\u0142o Cesarstwa Austrii &#8211; orze\u0142 dwug\u0142owy w koronie cesarskiej ze wst\u0119gami, trzymaj\u0105cy w szponach miecz i ber\u0142o oraz jab\u0142ko, a na piersi tarcz\u0119 herbow\u0105 z herbem Habsburg\u00f3w otoczon\u0105 \u0142a\u0144cuchem Orderu Z\u0142otego Runa. Na zewn\u0105trz, wok\u00f3\u0142 pola piecz\u0119ci, potr\u00f3jne obrze\u017cenie ci\u0105g\u0142e.<\/td>\n<\/tr>\n\t<tr>\n\t\t<td style=\"background-color: #DDDDDD; text-align: center; \"><b>11<\/b><\/td>\n<td style=\"padding-left: 8px;\">&#8211;<\/td>\n\t<\/tr>\n\t<tr>\n\t\t<td style=\"background-color: #DDDDDD; text-align: center; \"><b>12<\/b><\/td>\n\t\t<td style=\"padding-left: 8px;\">&#8211;<\/td>\n\t<\/tr>\n<\/table>\n<\/div>\n<\/div>\n\n\n\n<hr class=\"wp-block-separator has-css-opacity\"\/>\n","protected":false},"excerpt":{"rendered":"<p>1 kolekcja prywatna 2 ADSB\u00d8L [DANIA] Urz\u0105d gminy 3a mosi\u0105dz 3b drewno 4 okr\u0105g\u0142a \u00d8 32 mm 5 wypuk\u0142oryty 6 &#8211; 7 uchwyt toczony o kulistej ga\u0142ce, lakierowany na czarno&hellip; <\/p>\n","protected":false},"author":1,"featured_media":0,"parent":0,"menu_order":0,"comment_status":"closed","ping_status":"closed","template":"","meta":{"footnotes":""},"class_list":["post-933","page","type-page","status-publish","hentry"],"_links":{"self":[{"href":"https:\/\/sigillarium.pl\/index.php\/wp-json\/wp\/v2\/pages\/933","targetHints":{"allow":["GET"]}}],"collection":[{"href":"https:\/\/sigillarium.pl\/index.php\/wp-json\/wp\/v2\/pages"}],"about":[{"href":"https:\/\/sigillarium.pl\/index.php\/wp-json\/wp\/v2\/types\/page"}],"author":[{"embeddable":true,"href":"https:\/\/sigillarium.pl\/index.php\/wp-json\/wp\/v2\/users\/1"}],"replies":[{"embeddable":true,"href":"https:\/\/sigillarium.pl\/index.php\/wp-json\/wp\/v2\/comments?post=933"}],"version-history":[{"count":23,"href":"https:\/\/sigillarium.pl\/index.php\/wp-json\/wp\/v2\/pages\/933\/revisions"}],"predecessor-version":[{"id":38521,"href":"https:\/\/sigillarium.pl\/index.php\/wp-json\/wp\/v2\/pages\/933\/revisions\/38521"}],"wp:attachment":[{"href":"https:\/\/sigillarium.pl\/index.php\/wp-json\/wp\/v2\/media?parent=933"}],"curies":[{"name":"wp","href":"https:\/\/api.w.org\/{rel}","templated":true}]}}