{"id":938,"date":"2020-02-22T17:13:15","date_gmt":"2020-02-22T16:13:15","guid":{"rendered":"http:\/\/sigillarium.pl\/?page_id=938"},"modified":"2026-01-25T13:44:22","modified_gmt":"2026-01-25T12:44:22","slug":"pieczecie-europejskie-pieczecie-wojskowe","status":"publish","type":"page","link":"https:\/\/sigillarium.pl\/index.php\/pieczecie-europejskie-pieczecie-wojskowe\/","title":{"rendered":"Piecz\u0119cie europejskie \/ Piecz\u0119cie wojskowe"},"content":{"rendered":"\n<hr class=\"wp-block-separator has-css-opacity\"\/>\n\n\n\n<div class=\"wp-block-columns is-layout-flex wp-container-core-columns-is-layout-9d6595d7 wp-block-columns-is-layout-flex\">\n<div class=\"wp-block-column is-layout-flow wp-block-column-is-layout-flow\" style=\"flex-basis:5%\"><\/div>\n\n\n\n<div class=\"wp-block-column is-vertically-aligned-center is-layout-flow wp-block-column-is-layout-flow\" style=\"flex-basis:23%\">\n<figure class=\"wp-block-gallery aligncenter has-nested-images columns-default is-cropped wp-block-gallery-1 is-layout-flex wp-block-gallery-is-layout-flex\">\n<figure class=\"wp-block-image size-full is-style-default\"><a href=\"https:\/\/sigillarium.pl\/wp-content\/uploads\/2025\/12\/Francja-Brest-19-Pulk-piechoty-Komisja-administracyjna-pieczec-seal-petschaft-siegel-sceau-cachet-sigillo-sigillarium.jpg\"><img loading=\"lazy\" decoding=\"async\" width=\"1902\" height=\"1889\" data-id=\"38550\" src=\"https:\/\/sigillarium.pl\/wp-content\/uploads\/2025\/12\/Francja-Brest-19-Pulk-piechoty-Komisja-administracyjna-pieczec-seal-petschaft-siegel-sceau-cachet-sigillo-sigillarium.jpg\" alt=\"\" class=\"wp-image-38550\" srcset=\"https:\/\/sigillarium.pl\/wp-content\/uploads\/2025\/12\/Francja-Brest-19-Pulk-piechoty-Komisja-administracyjna-pieczec-seal-petschaft-siegel-sceau-cachet-sigillo-sigillarium.jpg 1902w, https:\/\/sigillarium.pl\/wp-content\/uploads\/2025\/12\/Francja-Brest-19-Pulk-piechoty-Komisja-administracyjna-pieczec-seal-petschaft-siegel-sceau-cachet-sigillo-sigillarium-300x298.jpg 300w, https:\/\/sigillarium.pl\/wp-content\/uploads\/2025\/12\/Francja-Brest-19-Pulk-piechoty-Komisja-administracyjna-pieczec-seal-petschaft-siegel-sceau-cachet-sigillo-sigillarium-1024x1017.jpg 1024w, https:\/\/sigillarium.pl\/wp-content\/uploads\/2025\/12\/Francja-Brest-19-Pulk-piechoty-Komisja-administracyjna-pieczec-seal-petschaft-siegel-sceau-cachet-sigillo-sigillarium-150x150.jpg 150w, https:\/\/sigillarium.pl\/wp-content\/uploads\/2025\/12\/Francja-Brest-19-Pulk-piechoty-Komisja-administracyjna-pieczec-seal-petschaft-siegel-sceau-cachet-sigillo-sigillarium-768x763.jpg 768w, https:\/\/sigillarium.pl\/wp-content\/uploads\/2025\/12\/Francja-Brest-19-Pulk-piechoty-Komisja-administracyjna-pieczec-seal-petschaft-siegel-sceau-cachet-sigillo-sigillarium-1536x1526.jpg 1536w\" sizes=\"auto, (max-width: 1902px) 100vw, 1902px\" \/><\/a><\/figure>\n<\/figure>\n<\/div>\n\n\n\n<div class=\"wp-block-column is-layout-flow wp-block-column-is-layout-flow\" style=\"flex-basis:1%\"><\/div>\n\n\n\n<div class=\"wp-block-column is-vertically-aligned-center is-layout-flow wp-block-column-is-layout-flow\" style=\"flex-basis:22%\"><div class=\"wp-block-image\">\n<figure class=\"aligncenter size-full is-resized\"><img loading=\"lazy\" decoding=\"async\" width=\"738\" height=\"638\" src=\"https:\/\/sigillarium.pl\/wp-content\/uploads\/2025\/12\/Francja-Brest-19-Pulk-piechoty-Komisja-administracyjna-pieczec-tuleja-seal-petschaft-siegel-sceau-cachet-sigillo.jpg\" alt=\"\" class=\"wp-image-38551\" style=\"width:190px\" srcset=\"https:\/\/sigillarium.pl\/wp-content\/uploads\/2025\/12\/Francja-Brest-19-Pulk-piechoty-Komisja-administracyjna-pieczec-tuleja-seal-petschaft-siegel-sceau-cachet-sigillo.jpg 738w, https:\/\/sigillarium.pl\/wp-content\/uploads\/2025\/12\/Francja-Brest-19-Pulk-piechoty-Komisja-administracyjna-pieczec-tuleja-seal-petschaft-siegel-sceau-cachet-sigillo-300x259.jpg 300w\" sizes=\"auto, (max-width: 738px) 100vw, 738px\" \/><\/figure>\n<\/div><\/div>\n\n\n\n<div class=\"wp-block-column is-layout-flow wp-block-column-is-layout-flow\" style=\"flex-basis:1%\"><\/div>\n\n\n\n<div class=\"wp-block-column is-layout-flow wp-block-column-is-layout-flow\" style=\"flex-basis:48%\">\n<style> td {font-size: 11px; color: black; font-family: Arial;} <\/style>\n<table style=\"width: 500px; height: 150px;\">\n\t<tr>\n\t\t<td style=\"background-color: #DDDDDD; width:6%; text-align: center; \"><b>1<\/b><\/td>\n\t\t<td style=\"padding-left: 8px;\">kolekcja prywatna<\/td>\n\t<\/tr>\n\t<tr>\n\t\t<td style=\"background-color: #DDDDDD; text-align: center; \"><b>2<\/b><\/td>\n<td style=\"background-color: #FFFF99; white-space: nowrap; padding-left: 8px;\"><b><big><big> <a href=\"https:\/\/pl.wikipedia.org\/wiki\/Brest \">BREST [FRANCJA]<a> <\/big><\/big><br \/><big> 19 Pu\u0142k Piechoty<\/big><br>Komisja administracyjna<br \/><\/td>\n\t<\/tr>\n\t<tr>\n\t\t<td style=\"background-color: #DDDDDD; text-align: center; \"><b>3a<\/b><\/td>\n\t\t<td style=\"padding-left: 8px;\">mosi\u0105dz<\/td>\n\t<\/tr>\n\t<tr>\n\t\t<td style=\"background-color: #DDDDDD; text-align: center; \"><b>3b<\/b><\/td>\n\t\t<td style=\"padding-left: 8px;\">&#8211;<\/td>\n\t<\/tr>\n\t<tr>\n\t\t<td style=\"background-color: #DDDDDD; text-align: center; \"><b>4<\/b><\/td>\n\t\t<td style=\"padding-left: 8px;\">okr\u0105g\u0142a \u00d8 37 mm<\/td>\n\t<\/tr>\n\t<tr>\n\t\t<td style=\"background-color: #DDDDDD; text-align: center; \"><b>5<\/b><\/td>\n\t\t<td style=\"padding-left: 8px;\">wypuk\u0142oryty<\/td>\n\t<\/tr>\n\t<tr>\n\t\t<td style=\"background-color: #DDDDDD; text-align: center; \"><b>6<\/b><\/td>\n<td style=\"padding-left: 8px;\">&#8211;<\/td>\n\t<\/tr>\n<tr>\n\t\t<td style=\"background-color: #DDDDDD; text-align: center; \"><b>7<\/b><\/td>\n<td style=\"padding-left: 8px;\">brak uchwytu, tuleja do jego zamocowania<\/td>\n\t<\/tr>\n\t<tr>\n\t\t<td style=\"background-color: #DDDDDD; text-align: center; \"><b>7a<\/b><\/td>\n\t\t<td style=\"padding-left: 8px;\"> 24 mm<\/td>\n\t<\/tr>\n\t<tr>\n\t\t<td style=\"background-color: #DDDDDD; text-align: center; \"><b>7b<\/b><\/td>\n<td style=\"padding-left: 8px;\">18 mm (\u00d8 18 mm) <\/td>\n\t<\/tr>\n\t<tr>\n\t\t<td style=\"background-color: #DDDDDD; text-align: center; \"><b>7c<\/b><\/td>\n\t\t<td style=\"padding-left: 8px;\"> 6 mm<\/td>\n\t<\/tr>\n\t<tr>\n\t\t<td style=\"background-color: #DDDDDD; text-align: center; \"><b>8<\/b><\/td>\n<td style=\"padding-left: 8px;\">&#8211; <\/td>\n\t<\/tr>\n\t<tr>\n\t\t<td style=\"background-color: #DDDDDD; text-align: center; \"><b>9a<\/b><\/td>\n\t\t<td style=\"padding-left: 8px;\">majusku\u0142a <\/td>\n\t<\/tr>\n\t<tr>\n\t\t<td style=\"background-color: #DDDDDD; text-align: center; \"><b>9b<\/b><\/td>\n<td style=\"padding-left: 8px;\"> <br \/>w p\u00f3\u0142otoku g\u00f3rnym: <b> + 19<sup>E<\/sup>  REG <i>(imen)<\/i><sup>T<\/sup> [\u2026] D\u2019 INFANTERIE +<\/b><br \/> w p\u00f3\u0142otoku dolnym: <b> LE CONSEIL D\u2019ADM (inistrati)<sup>ON<\/sup> EVENTUEL<\/b><br \/><br \/><\/td> \n<\/tr>\n\t<tr>\t\n\t\t<td style=\"background-color: #DDDDDD; text-align: center; \"><b>10<\/b><\/td>\n<td style=\"padding-left: 8px;\"> W polu piecz\u0119ci, oddzielonym od pola legendy pojedynczym obrze\u017ceniem ci\u0105g\u0142ym, na belce symbol III Republiki Francuskiej; kobieta siedz\u0105ca frontalnie w lekkim p\u00f3\u0142profilu, z promienist\u0105 koron\u0105 na g\u0142owie, trzymaj\u0105ca w prawej r\u0119ce  fasces liktorskie. Poni\u017cej belki napis REPUBLIQUE FRANCAISE. Wok\u00f3\u0142 pola piecz\u0119ci pojedyncze obrze\u017cenie ci\u0105g\u0142e.<\/td>\n<\/tr>\n\t<tr>\n\t\t<td style=\"background-color: #DDDDDD; text-align: center; \"><b>11<\/b><\/td>\n<td style=\"padding-left: 8px;\">&#8211;<\/td>\n\t<\/tr>\n\t<tr>\n\t\t<td style=\"background-color: #DDDDDD; text-align: center; \"><b>12<\/b><\/td>\n<td style=\"padding-left: 8px;\">19 Pu\u0142k Piechoty armii francuskiej zasta\u0142 utworzony w 1796 r. i istnia\u0142 do 1940 r. We wrze\u015bniu 1944 r. numer 19 przyznano Zgrupowaniu Piechoty Polskiej, z\u0142o\u017conemu z weteran\u00f3w francuskiego ruchu oporu narodowo\u015bci polskiej, wchodz\u0105cemu w sk\u0142ad Francuskich Si\u0142 Wewn\u0119trznych (FFI). Jednostka ta by\u0142a powi\u0105zana z PKWN i ca\u0142kowicie niezale\u017cna od Polskich Si\u0142 Zbrojnych na Zachodzie. <\/td>\n\t<\/tr>\n<\/table>\n<\/div>\n<\/div>\n\n\n\n<hr class=\"wp-block-separator has-alpha-channel-opacity\"\/>\n\n\n\n<div class=\"wp-block-columns is-layout-flex wp-container-core-columns-is-layout-9d6595d7 wp-block-columns-is-layout-flex\">\n<div class=\"wp-block-column is-layout-flow wp-block-column-is-layout-flow\" style=\"flex-basis:5%\"><\/div>\n\n\n\n<div class=\"wp-block-column is-vertically-aligned-center is-layout-flow wp-block-column-is-layout-flow\" style=\"flex-basis:23%\">\n<figure class=\"wp-block-gallery aligncenter has-nested-images columns-default is-cropped wp-block-gallery-2 is-layout-flex wp-block-gallery-is-layout-flex\">\n<figure class=\"wp-block-image size-full is-style-default\"><a href=\"https:\/\/sigillarium.pl\/wp-content\/uploads\/2022\/04\/Belgia-1-Komp.-Artylerii-pieczec-seal-petschaft-siegel-sceau-sigillarium.jpg\"><img loading=\"lazy\" decoding=\"async\" width=\"992\" height=\"996\" data-id=\"20346\" src=\"https:\/\/sigillarium.pl\/wp-content\/uploads\/2022\/04\/Belgia-1-Komp.-Artylerii-pieczec-seal-petschaft-siegel-sceau-sigillarium.jpg\" alt=\"\" class=\"wp-image-20346\" srcset=\"https:\/\/sigillarium.pl\/wp-content\/uploads\/2022\/04\/Belgia-1-Komp.-Artylerii-pieczec-seal-petschaft-siegel-sceau-sigillarium.jpg 992w, https:\/\/sigillarium.pl\/wp-content\/uploads\/2022\/04\/Belgia-1-Komp.-Artylerii-pieczec-seal-petschaft-siegel-sceau-sigillarium-300x300.jpg 300w, https:\/\/sigillarium.pl\/wp-content\/uploads\/2022\/04\/Belgia-1-Komp.-Artylerii-pieczec-seal-petschaft-siegel-sceau-sigillarium-150x150.jpg 150w, https:\/\/sigillarium.pl\/wp-content\/uploads\/2022\/04\/Belgia-1-Komp.-Artylerii-pieczec-seal-petschaft-siegel-sceau-sigillarium-768x771.jpg 768w\" sizes=\"auto, (max-width: 992px) 100vw, 992px\" \/><\/a><\/figure>\n<\/figure>\n<\/div>\n\n\n\n<div class=\"wp-block-column is-layout-flow wp-block-column-is-layout-flow\" style=\"flex-basis:1%\"><\/div>\n\n\n\n<div class=\"wp-block-column is-vertically-aligned-center is-layout-flow wp-block-column-is-layout-flow\" style=\"flex-basis:22%\"><div class=\"wp-block-image\">\n<figure class=\"aligncenter size-large is-resized\"><img loading=\"lazy\" decoding=\"async\" width=\"321\" height=\"1024\" src=\"https:\/\/sigillarium.pl\/wp-content\/uploads\/2022\/04\/Belgia-1-Komp.-Artylerii-pieczec-uchwyt-seal-petschaft-siegel-sceau-321x1024.jpg\" alt=\"\" class=\"wp-image-20347\" style=\"width:124px;height:393px\" srcset=\"https:\/\/sigillarium.pl\/wp-content\/uploads\/2022\/04\/Belgia-1-Komp.-Artylerii-pieczec-uchwyt-seal-petschaft-siegel-sceau-321x1024.jpg 321w, https:\/\/sigillarium.pl\/wp-content\/uploads\/2022\/04\/Belgia-1-Komp.-Artylerii-pieczec-uchwyt-seal-petschaft-siegel-sceau-94x300.jpg 94w, https:\/\/sigillarium.pl\/wp-content\/uploads\/2022\/04\/Belgia-1-Komp.-Artylerii-pieczec-uchwyt-seal-petschaft-siegel-sceau.jpg 326w\" sizes=\"auto, (max-width: 321px) 100vw, 321px\" \/><\/figure>\n<\/div><\/div>\n\n\n\n<div class=\"wp-block-column is-layout-flow wp-block-column-is-layout-flow\" style=\"flex-basis:1%\"><\/div>\n\n\n\n<div class=\"wp-block-column is-layout-flow wp-block-column-is-layout-flow\" style=\"flex-basis:48%\">\n<style> td {font-size: 11px; color: black; font-family: Arial;} <\/style>\n<table style=\"width: 500px; height: 150px;\">\n\t<tbody><tr>\n\t\t<td style=\"background-color: #DDDDDD; width:6%; text-align: center; \"><b>1<\/b><\/td>\n\t\t<td style=\"padding-left: 8px;\">kolekcja prywatna<\/td>\n\t<\/tr>\n\t<tr>\n\t\t<td style=\"background-color: #DDDDDD; text-align: center; \"><b>2<\/b><\/td>\n<td style=\"background-color: #FFFF99; white-space: nowrap; padding-left: 8px;\"><b><big><big> <a href=\"https:\/\/pl.wikipedia.org\/wiki\/Belgia \">  KR\u00d3LESTWO BELGII [BELGIA] <\/a> <\/big><\/big><br><big> 1. Kompania Artylerii Pomocniczej <\/big><\/b><\/td>\n\t<\/tr>\n\t<tr>\n\t\t<td style=\"background-color: #DDDDDD; text-align: center; \"><b>3a<\/b><\/td>\n\t\t<td style=\"padding-left: 8px;\">mosi\u0105dz<\/td>\n\t<\/tr>\n\t<tr>\n\t\t<td style=\"background-color: #DDDDDD; text-align: center; \"><b>3b<\/b><\/td>\n\t\t<td style=\"padding-left: 8px;\">drewno<\/td>\n\t<\/tr>\n\t<tr>\n\t\t<td style=\"background-color: #DDDDDD; text-align: center; \"><b>4<\/b><\/td>\n\t\t<td style=\"padding-left: 8px;\">okr\u0105g\u0142a \u00d8 32 mm<\/td>\n\t<\/tr>\n\t<tr>\n\t\t<td style=\"background-color: #DDDDDD; text-align: center; \"><b>5<\/b><\/td>\n\t\t<td style=\"padding-left: 8px;\">wypuk\u0142oryty<\/td>\n\t<\/tr>\n\t<tr>\n\t\t<td style=\"background-color: #DDDDDD; text-align: center; \"><b>6<\/b><\/td>\n<td style=\"padding-left: 8px;\">&#8211;<\/td>\n\t<\/tr>\n<tr>\n\t\t<td style=\"background-color: #DDDDDD; text-align: center; \"><b>7<\/b><\/td>\n<td style=\"padding-left: 8px;\">uchwyt toczony o kulistej ga\u0142ce, na uchwycie papierowa etykieta \u201e1870 \/\/ artillerie \/\/ auxiliaire 1 re \/\/ C ie p. pale \/\/ 63\u201d <\/td>\n\t<\/tr>\n\t<tr>\n\t\t<td style=\"background-color: #DDDDDD; text-align: center; \"><b>7a<\/b><\/td>\n\t\t<td style=\"padding-left: 8px;\"> 108,5 mm<\/td>\n\t<\/tr>\n\t<tr>\n\t\t<td style=\"background-color: #DDDDDD; text-align: center; \"><b>7b<\/b><\/td>\n<td style=\"padding-left: 8px;\"> 102,5 mm, w tym skuwka 15,5 mm (\u00d8 14,5 mm) <\/td>\n\t<\/tr>\n\t<tr>\n\t\t<td style=\"background-color: #DDDDDD; text-align: center; \"><b>7c<\/b><\/td>\n\t\t<td style=\"padding-left: 8px;\"> 6 mm<\/td>\n\t<\/tr>\n\t<tr>\n\t\t<td style=\"background-color: #DDDDDD; text-align: center; \"><b>8<\/b><\/td>\n<td style=\"padding-left: 8px;\">&#8211;<\/td>\n\t<\/tr>\n\t<tr>\n\t\t<td style=\"background-color: #DDDDDD; text-align: center; \"><b>9a<\/b><\/td>\n\t\t<td style=\"padding-left: 8px;\">majusku\u0142a, minusku\u0142a<\/td>\n\t<\/tr>\n\t<tr>\n\t\t<td style=\"background-color: #DDDDDD; text-align: center; \"><b>9b<\/b><\/td>\n<td style=\"padding-left: 8px;\"> <br>w otoku:  <b> * ARTILLERIE  AUXILIAIRE  * \/\/ 1 re COMP <i>(agn)<\/i> ie * PPALE <\/b><br><br><\/td> \n<\/tr>\n\t<tr>\t\n\t\t<td style=\"background-color: #DDDDDD; text-align: center; \"><b>10<\/b><\/td>\n<td style=\"padding-left: 8px;\"> W polu piecz\u0119ci, oddzielonym od pola legendy pojedynczym obrze\u017ceniem ci\u0105g\u0142ym, skrzy\u017cowane lufy armatnie, powy\u017cej gorej\u0105cy granat z sze\u015bcioma p\u0142omieniami, poni\u017cej stos 6 kul armatnich (3:2:1). Na zewn\u0105trz, wok\u00f3\u0142 pola legendy, pojedyncze obrze\u017cenie ci\u0105g\u0142e.<\/td>\n<\/tr>\n\t<tr>\n\t\t<td style=\"background-color: #DDDDDD; text-align: center; \"><b>11<\/b><\/td>\n<td style=\"padding-left: 8px;\">&#8211;<\/td>\n\t<\/tr>\n\t<tr>\n\t\t<td style=\"background-color: #DDDDDD; text-align: center; \"><b>12<\/b><\/td>\n<td style=\"padding-left: 8px;\">&#8211;<\/td>\n\t<\/tr>\n<\/tbody><\/table>\n<\/div>\n<\/div>\n\n\n\n<hr class=\"wp-block-separator has-alpha-channel-opacity\"\/>\n\n\n\n<div class=\"wp-block-columns is-layout-flex wp-container-core-columns-is-layout-9d6595d7 wp-block-columns-is-layout-flex\">\n<div class=\"wp-block-column is-layout-flow wp-block-column-is-layout-flow\" style=\"flex-basis:5%\"><\/div>\n\n\n\n<div class=\"wp-block-column is-vertically-aligned-center is-layout-flow wp-block-column-is-layout-flow\" style=\"flex-basis:23%\">\n<figure class=\"wp-block-gallery aligncenter has-nested-images columns-default is-cropped wp-block-gallery-3 is-layout-flex wp-block-gallery-is-layout-flex\">\n<figure class=\"wp-block-image size-full is-style-default\"><a href=\"https:\/\/sigillarium.pl\/wp-content\/uploads\/2022\/04\/Belgia-Rada-administracyjna-2-Pulku-Ulanow-pieczec-seal-petschaft-siegel-sceau.jpg\"><img loading=\"lazy\" decoding=\"async\" width=\"1012\" height=\"1014\" data-id=\"20349\" src=\"https:\/\/sigillarium.pl\/wp-content\/uploads\/2022\/04\/Belgia-Rada-administracyjna-2-Pulku-Ulanow-pieczec-seal-petschaft-siegel-sceau.jpg\" alt=\"\" class=\"wp-image-20349\" srcset=\"https:\/\/sigillarium.pl\/wp-content\/uploads\/2022\/04\/Belgia-Rada-administracyjna-2-Pulku-Ulanow-pieczec-seal-petschaft-siegel-sceau.jpg 1012w, https:\/\/sigillarium.pl\/wp-content\/uploads\/2022\/04\/Belgia-Rada-administracyjna-2-Pulku-Ulanow-pieczec-seal-petschaft-siegel-sceau-300x300.jpg 300w, https:\/\/sigillarium.pl\/wp-content\/uploads\/2022\/04\/Belgia-Rada-administracyjna-2-Pulku-Ulanow-pieczec-seal-petschaft-siegel-sceau-150x150.jpg 150w, https:\/\/sigillarium.pl\/wp-content\/uploads\/2022\/04\/Belgia-Rada-administracyjna-2-Pulku-Ulanow-pieczec-seal-petschaft-siegel-sceau-768x770.jpg 768w\" sizes=\"auto, (max-width: 1012px) 100vw, 1012px\" \/><\/a><\/figure>\n<\/figure>\n<\/div>\n\n\n\n<div class=\"wp-block-column is-layout-flow wp-block-column-is-layout-flow\" style=\"flex-basis:1%\"><\/div>\n\n\n\n<div class=\"wp-block-column is-vertically-aligned-center is-layout-flow wp-block-column-is-layout-flow\" style=\"flex-basis:22%\"><div class=\"wp-block-image\">\n<figure class=\"aligncenter size-full is-resized\"><img loading=\"lazy\" decoding=\"async\" width=\"291\" height=\"979\" src=\"https:\/\/sigillarium.pl\/wp-content\/uploads\/2022\/04\/Belgia-Rada-administracyjna-2-Pulku-Ulanow-pieczec-uchwyt-seal-petschaft-siegel-sceau.jpg\" alt=\"\" class=\"wp-image-20350\" style=\"width:117px;height:392px\" srcset=\"https:\/\/sigillarium.pl\/wp-content\/uploads\/2022\/04\/Belgia-Rada-administracyjna-2-Pulku-Ulanow-pieczec-uchwyt-seal-petschaft-siegel-sceau.jpg 291w, https:\/\/sigillarium.pl\/wp-content\/uploads\/2022\/04\/Belgia-Rada-administracyjna-2-Pulku-Ulanow-pieczec-uchwyt-seal-petschaft-siegel-sceau-89x300.jpg 89w\" sizes=\"auto, (max-width: 291px) 100vw, 291px\" \/><\/figure>\n<\/div><\/div>\n\n\n\n<div class=\"wp-block-column is-layout-flow wp-block-column-is-layout-flow\" style=\"flex-basis:1%\"><\/div>\n\n\n\n<div class=\"wp-block-column is-layout-flow wp-block-column-is-layout-flow\" style=\"flex-basis:48%\">\n<style> td {font-size: 11px; color: black; font-family: Arial;} <\/style>\n<table style=\"width: 500px; height: 150px;\">\n\t<tbody><tr>\n\t\t<td style=\"background-color: #DDDDDD; width:6%; text-align: center; \"><b>1<\/b><\/td>\n\t\t<td style=\"padding-left: 8px;\">kolekcja prywatna<\/td>\n\t<\/tr>\n\t<tr>\n\t\t<td style=\"background-color: #DDDDDD; text-align: center; \"><b>2<\/b><\/td>\n<td style=\"background-color: #FFFF99; white-space: nowrap; padding-left: 8px;\"><b><big><big> <a href=\"https:\/\/pl.wikipedia.org\/wiki\/Belgia \">  KR\u00d3LESTWO BELGII [BELGIA] <\/a> <\/big><\/big><br><big> Rada Administracyjna 2. Pu\u0142ku U\u0142an\u00f3w <\/big><\/b><\/td>\n\t<\/tr>\n\t<tr>\n\t\t<td style=\"background-color: #DDDDDD; text-align: center; \"><b>3a<\/b><\/td>\n\t\t<td style=\"padding-left: 8px;\">mosi\u0105dz<\/td>\n\t<\/tr>\n\t<tr>\n\t\t<td style=\"background-color: #DDDDDD; text-align: center; \"><b>3b<\/b><\/td>\n\t\t<td style=\"padding-left: 8px;\">drewno<\/td>\n\t<\/tr>\n\t<tr>\n\t\t<td style=\"background-color: #DDDDDD; text-align: center; \"><b>4<\/b><\/td>\n\t\t<td style=\"padding-left: 8px;\">okr\u0105g\u0142a \u00d8 34 mm<\/td>\n\t<\/tr>\n\t<tr>\n\t\t<td style=\"background-color: #DDDDDD; text-align: center; \"><b>5<\/b><\/td>\n\t\t<td style=\"padding-left: 8px;\">wypuk\u0142oryty<\/td>\n\t<\/tr>\n\t<tr>\n\t\t<td style=\"background-color: #DDDDDD; text-align: center; \"><b>6<\/b><\/td>\n<td style=\"padding-left: 8px;\">&#8211;<\/td>\n\t<\/tr>\n<tr>\n\t\t<td style=\"background-color: #DDDDDD; text-align: center; \"><b>7<\/b><\/td>\n<td style=\"padding-left: 8px;\">uchwyt toczony o kulistej ga\u0142ce, na uchwycie papierowa etykieta \u201e184? \/\/ conseil d\u2019admi \/\/ de 2 lancier \/\/ 35\u201d <\/td>\n\t<\/tr>\n\t<tr>\n\t\t<td style=\"background-color: #DDDDDD; text-align: center; \"><b>7a<\/b><\/td>\n\t\t<td style=\"padding-left: 8px;\"> 116 mm<\/td>\n\t<\/tr>\n\t<tr>\n\t\t<td style=\"background-color: #DDDDDD; text-align: center; \"><b>7b<\/b><\/td>\n<td style=\"padding-left: 8px;\"> 109 mm, w tym skuwka 18,5 mm (\u00d8 16,5 mm) <\/td>\n\t<\/tr>\n\t<tr>\n\t\t<td style=\"background-color: #DDDDDD; text-align: center; \"><b>7c<\/b><\/td>\n\t\t<td style=\"padding-left: 8px;\"> 7 mm<\/td>\n\t<\/tr>\n\t<tr>\n\t\t<td style=\"background-color: #DDDDDD; text-align: center; \"><b>8<\/b><\/td>\n<td style=\"padding-left: 8px;\">&#8211;<\/td>\n\t<\/tr>\n\t<tr>\n\t\t<td style=\"background-color: #DDDDDD; text-align: center; \"><b>9a<\/b><\/td>\n\t\t<td style=\"padding-left: 8px;\">majusku\u0142a<\/td>\n\t<\/tr>\n\t<tr>\n\t\t<td style=\"background-color: #DDDDDD; text-align: center; \"><b>9b<\/b><\/td>\n<td style=\"padding-left: 8px;\"> <br>w otoku:  <b> 2 <i>(deuxi\u00e8)<\/i> ME REG <i>(imen)<\/i> T \/\/ DE LANCIERS \/\/ LE CONSEIL \/\/ D\u2019ADMIN <i>(istrati)<\/i> ON <\/b><br><br><\/td> \n<\/tr>\n\t<tr>\t\n\t\t<td style=\"background-color: #DDDDDD; text-align: center; \"><b>10<\/b><\/td>\n<td style=\"padding-left: 8px;\"> W polu piecz\u0119ci napis w czterech wierszach. Wok\u00f3\u0142 napisu, po prawej p\u00f3\u0142wieniec z li\u015bci d\u0119bu, po lewej p\u00f3\u0142wieniec z li\u015bci laurowych. Oba p\u00f3\u0142wie\u0144ce przewi\u0105zane poni\u017cej wst\u0119g\u0105. Na zewn\u0105trz, wok\u00f3\u0142 pola piecz\u0119ci, pojedyncze obrze\u017cenie ci\u0105g\u0142e.<\/td>\n<\/tr>\n\t<tr>\n\t\t<td style=\"background-color: #DDDDDD; text-align: center; \"><b>11<\/b><\/td>\n<td style=\"padding-left: 8px;\">&#8211;<\/td>\n\t<\/tr>\n\t<tr>\n\t\t<td style=\"background-color: #DDDDDD; text-align: center; \"><b>12<\/b><\/td>\n<td style=\"padding-left: 8px;\">&#8211;<\/td>\n\t<\/tr>\n<\/tbody><\/table>\n<\/div>\n<\/div>\n\n\n\n<hr class=\"wp-block-separator has-alpha-channel-opacity\"\/>\n\n\n\n<div class=\"wp-block-columns is-layout-flex wp-container-core-columns-is-layout-9d6595d7 wp-block-columns-is-layout-flex\">\n<div class=\"wp-block-column is-layout-flow wp-block-column-is-layout-flow\" style=\"flex-basis:5%\"><\/div>\n\n\n\n<div class=\"wp-block-column is-vertically-aligned-center is-layout-flow wp-block-column-is-layout-flow\" style=\"flex-basis:23%\">\n<figure class=\"wp-block-gallery aligncenter has-nested-images columns-default is-cropped wp-block-gallery-4 is-layout-flex wp-block-gallery-is-layout-flex\">\n<figure class=\"wp-block-image size-large is-style-default\"><a href=\"https:\/\/sigillarium.pl\/wp-content\/uploads\/2023\/04\/Boulogne-sur-mer-Napoleon-Legia-Honorowa-pieczec-seal-petschaft-siegel-sceau-cachet-sigillarium.jpg\"><img loading=\"lazy\" decoding=\"async\" width=\"1024\" height=\"1024\" data-id=\"24791\" src=\"https:\/\/sigillarium.pl\/wp-content\/uploads\/2023\/04\/Boulogne-sur-mer-Napoleon-Legia-Honorowa-pieczec-seal-petschaft-siegel-sceau-cachet-sigillarium-1024x1024.jpg\" alt=\"\" class=\"wp-image-24791\" srcset=\"https:\/\/sigillarium.pl\/wp-content\/uploads\/2023\/04\/Boulogne-sur-mer-Napoleon-Legia-Honorowa-pieczec-seal-petschaft-siegel-sceau-cachet-sigillarium-1024x1024.jpg 1024w, https:\/\/sigillarium.pl\/wp-content\/uploads\/2023\/04\/Boulogne-sur-mer-Napoleon-Legia-Honorowa-pieczec-seal-petschaft-siegel-sceau-cachet-sigillarium-300x300.jpg 300w, https:\/\/sigillarium.pl\/wp-content\/uploads\/2023\/04\/Boulogne-sur-mer-Napoleon-Legia-Honorowa-pieczec-seal-petschaft-siegel-sceau-cachet-sigillarium-150x150.jpg 150w, https:\/\/sigillarium.pl\/wp-content\/uploads\/2023\/04\/Boulogne-sur-mer-Napoleon-Legia-Honorowa-pieczec-seal-petschaft-siegel-sceau-cachet-sigillarium-768x767.jpg 768w, https:\/\/sigillarium.pl\/wp-content\/uploads\/2023\/04\/Boulogne-sur-mer-Napoleon-Legia-Honorowa-pieczec-seal-petschaft-siegel-sceau-cachet-sigillarium.jpg 1052w\" sizes=\"auto, (max-width: 1024px) 100vw, 1024px\" \/><\/a><\/figure>\n<\/figure>\n<\/div>\n\n\n\n<div class=\"wp-block-column is-layout-flow wp-block-column-is-layout-flow\" style=\"flex-basis:1%\"><\/div>\n\n\n\n<div class=\"wp-block-column is-vertically-aligned-center is-layout-flow wp-block-column-is-layout-flow\" style=\"flex-basis:22%\"><div class=\"wp-block-image\">\n<figure class=\"aligncenter size-full is-resized\"><img loading=\"lazy\" decoding=\"async\" width=\"776\" height=\"773\" src=\"https:\/\/sigillarium.pl\/wp-content\/uploads\/2023\/04\/Boulogne-sur-mer-Napoleon-Legia-Honorowa-pieczec-rewers-seal-petschaft-siegel-sceau-cachet-sigillarium.jpg\" alt=\"\" class=\"wp-image-24793\" style=\"aspect-ratio:1.0038022813688212;width:244px;height:auto\" srcset=\"https:\/\/sigillarium.pl\/wp-content\/uploads\/2023\/04\/Boulogne-sur-mer-Napoleon-Legia-Honorowa-pieczec-rewers-seal-petschaft-siegel-sceau-cachet-sigillarium.jpg 776w, https:\/\/sigillarium.pl\/wp-content\/uploads\/2023\/04\/Boulogne-sur-mer-Napoleon-Legia-Honorowa-pieczec-rewers-seal-petschaft-siegel-sceau-cachet-sigillarium-300x300.jpg 300w, https:\/\/sigillarium.pl\/wp-content\/uploads\/2023\/04\/Boulogne-sur-mer-Napoleon-Legia-Honorowa-pieczec-rewers-seal-petschaft-siegel-sceau-cachet-sigillarium-150x150.jpg 150w, https:\/\/sigillarium.pl\/wp-content\/uploads\/2023\/04\/Boulogne-sur-mer-Napoleon-Legia-Honorowa-pieczec-rewers-seal-petschaft-siegel-sceau-cachet-sigillarium-768x765.jpg 768w\" sizes=\"auto, (max-width: 776px) 100vw, 776px\" \/><\/figure>\n<\/div><\/div>\n\n\n\n<div class=\"wp-block-column is-layout-flow wp-block-column-is-layout-flow\" style=\"flex-basis:1%\"><\/div>\n\n\n\n<div class=\"wp-block-column is-layout-flow wp-block-column-is-layout-flow\" style=\"flex-basis:48%\">\n<style> td {font-size: 11px; color: black; font-family: Arial;} <\/style>\n<table style=\"width: 500px; height: 150px;\">\n\t<tr>\n\t\t<td style=\"background-color: #DDDDDD; width:6%; text-align: center; \"><b>1<\/b><\/td>\n\t\t<td style=\"padding-left: 8px;\">kolekcja prywatna<\/td>\n\t<\/tr>\n\t<tr>\n\t\t<td style=\"background-color: #DDDDDD; text-align: center; \"><b>2<\/b><\/td>\n<td style=\"background-color: #FFFF99; white-space: nowrap; padding-left: 8px;\"><b><big><big> <a href=\" https:\/\/pl.wikipedia.org\/wiki\/Francja\"> BOULOGNE-SUR-MER [FRANCJA]<a> <\/big><\/big><br \/><big> NN<\/big><br \/ ><\/td>\n\t<\/tr>\n\t<tr>\n\t\t<td style=\"background-color: #DDDDDD; text-align: center; \"><b>3a<\/b><\/td>\n\t\t<td style=\"padding-left: 8px;\">mosi\u0105dz<\/td>\n\t<\/tr>\n\t<tr>\n\t\t<td style=\"background-color: #DDDDDD; text-align: center; \"><b>3b<\/b><\/td>\n\t\t<td style=\"padding-left: 8px;\">&#8211;<\/td>\n\t<\/tr>\n\t<tr>\n\t\t<td style=\"background-color: #DDDDDD; text-align: center; \"><b>4<\/b><\/td>\n\t\t<td style=\"padding-left: 8px;\">okr\u0105g\u0142a \u00d8 43 mm<\/td>\n\t<\/tr>\n\t<tr>\n\t\t<td style=\"background-color: #DDDDDD; text-align: center; \"><b>5<\/b><\/td>\n\t\t<td style=\"padding-left: 8px;\">wkl\u0119s\u0142oryty<\/td>\n\t<\/tr>\n\t<tr>\n\t\t<td style=\"background-color: #DDDDDD; text-align: center; \"><b>6<\/b><\/td>\n<td style=\"padding-left: 8px;\">&#8211;<\/td>\n\t<\/tr>\n<tr>\n\t\t<td style=\"background-color: #DDDDDD; text-align: center; \"><b>7<\/b><\/td>\n<td style=\"padding-left: 8px;\">brak uchwytu <\/td>\n\t<\/tr>\n\t<tr>\n\t\t<td style=\"background-color: #DDDDDD; text-align: center; \"><b>7a<\/b><\/td>\n\t\t<td style=\"padding-left: 8px;\"> 6 mm<\/td>\n\t<\/tr>\n\t<tr>\n\t\t<td style=\"background-color: #DDDDDD; text-align: center; \"><b>7b<\/b><\/td>\n<td style=\"padding-left: 8px;\">&#8211; <\/td>\n\t<\/tr>\n\t<tr>\n\t\t<td style=\"background-color: #DDDDDD; text-align: center; \"><b>7c<\/b><\/td>\n\t\t<td style=\"padding-left: 8px;\"> 6 mm<\/td>\n\t<\/tr>\n\t<tr>\n\t\t<td style=\"background-color: #DDDDDD; text-align: center; \"><b>8<\/b><\/td>\n<td style=\"padding-left: 8px;\">&#8211;<\/td>\n\t<\/tr>\n\t<tr>\n\t\t<td style=\"background-color: #DDDDDD; text-align: center; \"><b>9a<\/b><\/td>\n\t\t<td style=\"padding-left: 8px;\">majusku\u0142a<\/td>\n\t<\/tr>\n\t<tr>\n\t\t<td style=\"background-color: #DDDDDD; text-align: center; \"><b>9b<\/b><\/td>\n<td style=\"padding-left: 8px;\"> <br \/>w otoku:  <b>  HONNEUR L\u00c9GIONAIRE AUX BRAVES DE L\u2019ARM\u00c9E <\/b><br \/> pod belk\u0105: <b> A BOULOGNELEXXVIIITHER <i>(midor)<\/i>.ANXIII \/\/ XVI AOUT MDCCCIV<\/b><br \/><br \/><\/td> \n<\/tr>\n\t<tr>\t\n\t\t<td style=\"background-color: #DDDDDD; text-align: center; \"><b>10<\/b><\/td>\n<td style=\"padding-left: 8px;\"> W polu piecz\u0119ci na belce postument z wie\u0144cami laurowymi w g\u00f3rnych naro\u017cnikach. Na postumencie, na tronie empire posta\u0107 Napoleona z profilu w wie\u0144cu laurowym na g\u0142owie, wr\u0119czaj\u0105ca odznaczenie legioni\u015bcie. Za tronem stoj\u0105ce dwie m\u0119skie postacie, jedna w pow\u0142\u00f3czystych szatach, trzymaj\u0105ca tac\u0119 z odznaczeniami, druga w mundurze. Za legionist\u0105 trzy postacie \u017co\u0142nierzy; dragon trzymaj\u0105cy or\u0142a legionowego, kirasjer i huzar. Pod belk\u0105 napis. Na zewn\u0105trz, wok\u00f3\u0142 pola piecz\u0119ci, pojedyncze obrze\u017cenie ci\u0105g\u0142e.<\/td>\n<\/tr>\n\t<tr>\n\t\t<td style=\"background-color: #DDDDDD; text-align: center; \"><b>11<\/b><\/td>\n<td style=\"padding-left: 8px;\">&#8211;<\/td>\n\t<\/tr>\n\t<tr>\n\t\t<td style=\"background-color: #DDDDDD; text-align: center; \"><b>12<\/b><\/td>\n<td style=\"padding-left: 8px;\"> Zapis &#8222;Honneur L\u00e9gionaire aux Braves de l&#8217;Arm\u00e9e A Boulogne le XXVIII Thermidor an XIII XVI Aout MDCCCIV&#8221; w t\u0142umaczeniu brzmi \u201cWyr\u00f3\u017cnenie Legi\u0105 Honorow\u0105 dzielnych \u017co\u0142nierzy Armii w Boulogne, 28 Thermidora roku XIII, 16 sierpnia 1804 roku&#8221;. W tym dniu Napoleon (jako konsul) w obecno\u015bci marsza\u0142k\u00f3w oraz dygnitarzy francuskich odznaczy\u0142 krzy\u017cem Legii Honorowej wszystkich tych, kt\u00f3rzy szczeg\u00f3lnie si\u0119 zas\u0142u\u017cyli we wszystkich dotychczasowych kampaniach. Napoleon w stosunku do armii francuskiej u\u017cy\u0142 s\u0142\u00f3w Wielka Armia, a dodatkowo ustanowi\u0142, \u017ce god\u0142em wojska francuskiego zostanie orze\u0142.<\/td>\n\t<\/tr>\n<\/table>\n<\/div>\n<\/div>\n\n\n\n<hr class=\"wp-block-separator has-alpha-channel-opacity\"\/>\n\n\n\n<div class=\"wp-block-columns is-layout-flex wp-container-core-columns-is-layout-9d6595d7 wp-block-columns-is-layout-flex\">\n<div class=\"wp-block-column is-layout-flow wp-block-column-is-layout-flow\" style=\"flex-basis:5%\"><\/div>\n\n\n\n<div class=\"wp-block-column is-vertically-aligned-center is-layout-flow wp-block-column-is-layout-flow\" style=\"flex-basis:23%\">\n<figure class=\"wp-block-gallery aligncenter has-nested-images columns-default is-cropped wp-block-gallery-5 is-layout-flex wp-block-gallery-is-layout-flex\">\n<figure class=\"wp-block-image size-full is-style-default\"><a href=\"https:\/\/sigillarium.pl\/wp-content\/uploads\/2020\/11\/Gustrow-komenda-lotniska-tlok.jpg\"><img loading=\"lazy\" decoding=\"async\" width=\"1524\" height=\"457\" data-id=\"9643\" src=\"https:\/\/sigillarium.pl\/wp-content\/uploads\/2020\/11\/Gustrow-komenda-lotniska-tlok.jpg\" alt=\"\" class=\"wp-image-9643\" srcset=\"https:\/\/sigillarium.pl\/wp-content\/uploads\/2020\/11\/Gustrow-komenda-lotniska-tlok.jpg 1524w, https:\/\/sigillarium.pl\/wp-content\/uploads\/2020\/11\/Gustrow-komenda-lotniska-tlok-300x90.jpg 300w, https:\/\/sigillarium.pl\/wp-content\/uploads\/2020\/11\/Gustrow-komenda-lotniska-tlok-1024x307.jpg 1024w, https:\/\/sigillarium.pl\/wp-content\/uploads\/2020\/11\/Gustrow-komenda-lotniska-tlok-768x230.jpg 768w\" sizes=\"auto, (max-width: 1524px) 100vw, 1524px\" \/><\/a><\/figure>\n<\/figure>\n<\/div>\n\n\n\n<div class=\"wp-block-column is-layout-flow wp-block-column-is-layout-flow\" style=\"flex-basis:1%\"><\/div>\n\n\n\n<div class=\"wp-block-column is-vertically-aligned-center is-layout-flow wp-block-column-is-layout-flow\" style=\"flex-basis:22%\"><div class=\"wp-block-image\">\n<figure class=\"aligncenter size-large is-resized\"><img loading=\"lazy\" decoding=\"async\" width=\"700\" height=\"972\" src=\"https:\/\/sigillarium.pl\/wp-content\/uploads\/2020\/11\/Gustrow-komenda-lotniska-uchwyt.jpg\" alt=\"\" class=\"wp-image-9644\" style=\"width:235px;height:322px\" srcset=\"https:\/\/sigillarium.pl\/wp-content\/uploads\/2020\/11\/Gustrow-komenda-lotniska-uchwyt.jpg 700w, https:\/\/sigillarium.pl\/wp-content\/uploads\/2020\/11\/Gustrow-komenda-lotniska-uchwyt-216x300.jpg 216w\" sizes=\"auto, (max-width: 700px) 100vw, 700px\" \/><\/figure>\n<\/div><\/div>\n\n\n\n<div class=\"wp-block-column is-layout-flow wp-block-column-is-layout-flow\" style=\"flex-basis:1%\"><\/div>\n\n\n\n<div class=\"wp-block-column is-layout-flow wp-block-column-is-layout-flow\" style=\"flex-basis:48%\">\n<style> td {font-size: 11px; color: black; font-family: Arial;} <\/style>\n<table style=\"width: 500px; height: 150px;\">\n\t<tr>\n\t\t<td style=\"background-color: #DDDDDD; width:6%; text-align: center; \"><b>1<\/b><\/td>\n\t\t<td style=\"padding-left: 8px;\">kolekcja prywatna<\/td>\n\t<\/tr>\n\t<tr>\n\t\t<td style=\"background-color: #DDDDDD; text-align: center; \"><b>2<\/b><\/td>\n<td style=\"background-color: #FFFF99; white-space: nowrap; padding-left: 8px;\"><b><big><big><a href=\" https:\/\/pl.wikipedia.org\/wiki\/G%C3%BCstrow\"> G\u00dcSTROW [NIEMCY] <\/a><\/big><\/big><br \/><big>Komenda lotniska<\/big><\/td>\n\t<\/tr>\n\t<tr>\n\t\t<td style=\"background-color: #DDDDDD; text-align: center; \"><b>3a<\/b><\/td>\n\t\t<td style=\"padding-left: 8px;\">mosi\u0105dz<\/td>\n\t<\/tr>\n\t<tr>\n\t\t<td style=\"background-color: #DDDDDD; text-align: center; \"><b>3b<\/b><\/td>\n\t\t<td style=\"padding-left: 8px;\">drewno<\/td>\n\t<\/tr>\n\t<tr>\n\t\t<td style=\"background-color: #DDDDDD; text-align: center; \"><b>4<\/b><\/td>\n\t\t<td style=\"padding-left: 8px;\">prostok\u0105tna 79 x 24 mm<\/td>\n\t<\/tr>\n\t<tr>\n\t\t<td style=\"background-color: #DDDDDD; text-align: center; \"><b>5<\/b><\/td>\n\t\t<td style=\"padding-left: 8px;\">wypuk\u0142oryty<\/td>\n\t<\/tr>\n\t<tr>\n\t\t<td style=\"background-color: #DDDDDD; text-align: center; \"><b>6<\/b><\/td>\n<td style=\"padding-left: 8px;\">&#8211;<\/td>\n\t<\/tr>\n<tr>\n\t\t<td style=\"background-color: #DDDDDD; text-align: center; \"><b>7<\/b><\/td>\n<td style=\"padding-left: 8px;\">uchwyt toczony o wyd\u0142u\u017conej ga\u0142ce <\/td>\n\t<\/tr>\n\t<tr>\n\t\t<td style=\"background-color: #DDDDDD; text-align: center; \"><b>7a<\/b><\/td>\n\t\t<td style=\"padding-left: 8px;\">107 mm<\/td>\n\t<\/tr>\n\t<tr>\n\t\t<td style=\"background-color: #DDDDDD; text-align: center; \"><b>7b<\/b><\/td>\n<td style=\"padding-left: 8px;\">95,5 mm, w tym skuwka 12 mm<\/td>\n\t<\/tr>\n\t<tr>\n\t\t<td style=\"background-color: #DDDDDD; text-align: center; \"><b>7c<\/b><\/td>\n\t\t<td style=\"padding-left: 8px;\"> 11,5 mm<\/td>\n\t<\/tr>\n\t<tr>\n\t\t<td style=\"background-color: #DDDDDD; text-align: center; \"><b>8<\/b><\/td>\n<td style=\"padding-left: 8px;\">&#8211;<\/td>\n\t<\/tr>\n\t<tr>\n\t\t<td style=\"background-color: #DDDDDD; text-align: center; \"><b>9a<\/b><\/td>\n\t\t<td style=\"padding-left: 8px;\">majusku\u0142a, minusku\u0142a<\/td>\n\t<\/tr>\n\t<tr>\n\t\t<td style=\"background-color: #DDDDDD; text-align: center; \"><b>9b<\/b><\/td>\n<td style=\"padding-left: 8px;\"> <br \/>w polu:  <b>Fliegerhorstkommandantur \/\/ G\u00fcstrow<br \/><br \/><\/td> \n<\/tr>\n\t<tr>\t\n\t\t<td style=\"background-color: #DDDDDD; text-align: center; \"><b>10<\/b><\/td>\n<td style=\"padding-left: 8px;\"> W polu piecz\u0119ci napis. Na zewn\u0105trz, wok\u00f3\u0142 pola piecz\u0119ci, pojedyncze obrze\u017cenie ci\u0105g\u0142e.<td>\n<\/tr>\n\t<tr>\n\t\t<td style=\"background-color: #DDDDDD; text-align: center; \"><b>11<\/b><\/td>\n<td style=\"padding-left: 8px;\">&#8211;<\/td>\n\t<\/tr>\n\t<tr>\n\t\t<td style=\"background-color: #DDDDDD; text-align: center; \"><b>12<\/b><\/td>\n<td style=\"padding-left: 8px;\">&#8211;<\/td>\n\t<\/tr>\n<\/table>\n<\/div>\n<\/div>\n\n\n\n<hr class=\"wp-block-separator has-css-opacity\"\/>\n\n\n\n<div class=\"wp-block-columns is-layout-flex wp-container-core-columns-is-layout-9d6595d7 wp-block-columns-is-layout-flex\">\n<div class=\"wp-block-column is-layout-flow wp-block-column-is-layout-flow\" style=\"flex-basis:5%\"><\/div>\n\n\n\n<div class=\"wp-block-column is-vertically-aligned-center is-layout-flow wp-block-column-is-layout-flow\" style=\"flex-basis:23%\">\n<figure class=\"wp-block-gallery aligncenter has-nested-images columns-default is-cropped wp-block-gallery-6 is-layout-flex wp-block-gallery-is-layout-flex\">\n<figure class=\"wp-block-image size-full is-style-default\"><a href=\"https:\/\/sigillarium.pl\/wp-content\/uploads\/2021\/05\/Gorizia-Batalion-saperow-pieczec-petschaft-seal-sceau-sigillarium.jpg\"><img loading=\"lazy\" decoding=\"async\" width=\"978\" height=\"978\" data-id=\"13443\" src=\"https:\/\/sigillarium.pl\/wp-content\/uploads\/2021\/05\/Gorizia-Batalion-saperow-pieczec-petschaft-seal-sceau-sigillarium.jpg\" alt=\"\" class=\"wp-image-13443\" srcset=\"https:\/\/sigillarium.pl\/wp-content\/uploads\/2021\/05\/Gorizia-Batalion-saperow-pieczec-petschaft-seal-sceau-sigillarium.jpg 978w, https:\/\/sigillarium.pl\/wp-content\/uploads\/2021\/05\/Gorizia-Batalion-saperow-pieczec-petschaft-seal-sceau-sigillarium-300x300.jpg 300w, https:\/\/sigillarium.pl\/wp-content\/uploads\/2021\/05\/Gorizia-Batalion-saperow-pieczec-petschaft-seal-sceau-sigillarium-150x150.jpg 150w, https:\/\/sigillarium.pl\/wp-content\/uploads\/2021\/05\/Gorizia-Batalion-saperow-pieczec-petschaft-seal-sceau-sigillarium-768x768.jpg 768w\" sizes=\"auto, (max-width: 978px) 100vw, 978px\" \/><\/a><\/figure>\n<\/figure>\n\n\n\n<p><\/p>\n<\/div>\n\n\n\n<div class=\"wp-block-column is-layout-flow wp-block-column-is-layout-flow\" style=\"flex-basis:1%\"><\/div>\n\n\n\n<div class=\"wp-block-column is-vertically-aligned-center is-layout-flow wp-block-column-is-layout-flow\" style=\"flex-basis:22%\"><div class=\"wp-block-image\">\n<figure class=\"aligncenter size-large is-resized\"><img loading=\"lazy\" decoding=\"async\" width=\"289\" height=\"922\" src=\"https:\/\/sigillarium.pl\/wp-content\/uploads\/2021\/05\/Gorizia-Batalion-saperow-pieczec-petschaft-seal-sceau-uchwyt-sigillarium.jpg\" alt=\"\" class=\"wp-image-13444\" style=\"width:118px;height:386px\" srcset=\"https:\/\/sigillarium.pl\/wp-content\/uploads\/2021\/05\/Gorizia-Batalion-saperow-pieczec-petschaft-seal-sceau-uchwyt-sigillarium.jpg 289w, https:\/\/sigillarium.pl\/wp-content\/uploads\/2021\/05\/Gorizia-Batalion-saperow-pieczec-petschaft-seal-sceau-uchwyt-sigillarium-94x300.jpg 94w\" sizes=\"auto, (max-width: 289px) 100vw, 289px\" \/><\/figure>\n<\/div><\/div>\n\n\n\n<div class=\"wp-block-column is-layout-flow wp-block-column-is-layout-flow\" style=\"flex-basis:1%\"><\/div>\n\n\n\n<div class=\"wp-block-column is-layout-flow wp-block-column-is-layout-flow\" style=\"flex-basis:48%\">\n<style> td {font-size: 11px; color: black; font-family: Arial;} <\/style>\n<table style=\"width: 500px; height: 150px;\">\n\t<tbody><tr>\n\t\t<td style=\"background-color: #DDDDDD; width:6%; text-align: center; \"><b>1<\/b><\/td>\n\t\t<td style=\"padding-left: 8px;\">kolekcja prywatna<\/td>\n\t<\/tr>\n\t<tr>\n\t\t<td style=\"background-color: #DDDDDD; text-align: center; \"><b>2<\/b><\/td>\n<td style=\"background-color: #FFFF99; white-space: nowrap; padding-left: 8px;\"><b><big><big><a href=\" https:\/\/pl.wikipedia.org\/wiki\/Gorycja\">GORYCJA [W\u0141OCHY] <\/a><\/big><\/big><br><big> 3 Batalion Saper\u00f3w<\/big><\/b><\/td>\n\t<\/tr>\n\t<tr>\n\t\t<td style=\"background-color: #DDDDDD; text-align: center; \"><b>3a<\/b><\/td>\n\t\t<td style=\"padding-left: 8px;\">mosi\u0105dz<\/td>\n\t<\/tr>\n\t<tr>\n\t\t<td style=\"background-color: #DDDDDD; text-align: center; \"><b>3b<\/b><\/td>\n\t\t<td style=\"padding-left: 8px;\">drewno <\/td>\n\t<\/tr>\n\t<tr>\n\t\t<td style=\"background-color: #DDDDDD; text-align: center; \"><b>4<\/b><\/td>\n\t\t<td style=\"padding-left: 8px;\">okr\u0105g\u0142a \u00d8 35 mm<\/td>\n\t<\/tr>\n\t<tr>\n\t\t<td style=\"background-color: #DDDDDD; text-align: center; \"><b>5<\/b><\/td>\n\t\t<td style=\"padding-left: 8px;\">wkl\u0119s\u0142oryty<\/td>\n\t<\/tr>\n\t<tr>\n\t\t<td style=\"background-color: #DDDDDD; text-align: center; \"><b>6<\/b><\/td>\n<td style=\"padding-left: 8px;\">&#8211; <\/td>\n\t<\/tr>\n<tr>\n\t\t<td style=\"background-color: #DDDDDD; text-align: center; \"><b>7<\/b><\/td>\n<td style=\"padding-left: 8px;\"> uchwyt toczony o kulistej ga\u0142ce, lakierowany na czarno, rekonstrukcja<\/td>\n\t<\/tr>\n\t<tr>\n\t\t<td style=\"background-color: #DDDDDD; text-align: center; \"><b>7a<\/b><\/td>\n\t\t<td style=\"padding-left: 8px;\"> 114 mm<\/td>\n\t<\/tr>\n\t<tr>\n\t\t<td style=\"background-color: #DDDDDD; text-align: center; \"><b>7b<\/b><\/td>\n\t\t<td style=\"padding-left: 8px;\">107 mm, w tym stopka 6 mm, cok\u00f3\u0142 9 mm, stanowi\u0105ce z matryc\u0105 jedn\u0105 ca\u0142o\u015b\u0107, skuwka 9 mm (\u00d8 16 mm) <\/td>\n\t<\/tr>\n\t<tr>\n\t\t<td style=\"background-color: #DDDDDD; text-align: center; \"><b>7c<\/b><\/td>\n\t\t<td style=\"padding-left: 8px;\">7 mm<\/td>\n\t<\/tr>\n\t<tr>\n\t\t<td style=\"background-color: #DDDDDD; text-align: center; \"><b>8<\/b><\/td>\n<td style=\"padding-left: 8px;\">&#8211; <\/td>\n\t<\/tr>\n\t<tr>\n\t\t<td style=\"background-color: #DDDDDD; text-align: center; \"><b>9a<\/b><\/td>\n\t\t<td style=\"padding-left: 8px;\">majusku\u0142a, minusku\u0142a<\/td>\n\t<\/tr>\n\t<tr>\n\t\t<td style=\"background-color: #DDDDDD; text-align: center; \"><b>9b<\/b><\/td>\n<td style=\"padding-left: 8px;\"><br> w otoku:<b> * K <i>(aiserlich)<\/i>. u <i>(nd). <\/i> K. <i>(\u00f6niglich).<\/i> SAPPEURBATAILLON NR. 3 * E. (?) &#8211; K. (?) *<\/b><br> w polu: <b> INDIVISIBILITER  AC INSEPARABILITER <\/b><br><br><\/td> \n\t<\/tr>\n\t<tr>\n\t\t<td style=\"background-color: #DDDDDD; text-align: center; \"><b>10<\/b><\/td>\n<td style=\"padding-left: 8px;\"> W polu piecz\u0119ci ma\u0142y herb (god\u0142o) Austro-W\u0119gier wprowadzony w 1916 r. Na zewn\u0105trz, wok\u00f3\u0142 pola piecz\u0119ci, pojedyncze obrze\u017cenie mieszane (pere\u0142ki oddzielone pionowymi kreskami).<br><\/td>\n<\/tr>\n\t<tr>\n\t\t<td style=\"background-color: #DDDDDD; text-align: center; \"><b>11<\/b><\/td>\n<td style=\"padding-left: 8px;\">&#8211;<\/td>\n\t<\/tr>\n\t<tr>\n<td style=\"background-color: #DDDDDD; text-align: center; \"><b>12<\/b><\/td>\n<td style=\"padding-left: 8px;\"> Zobacz <a href=\" https:\/\/pl.wikipedia.org\/wiki\/Batalion_Saper%C3%B3w_Nr_3_(austro-w%C4%99gierski) \"> 3 Batalion Saper\u00f3w<\/a> oraz <a href=\" https:\/\/pl.wikipedia.org\/wiki\/W%C5%82adys%C5%82aw_Kornicki \"> por. W\u0142adys\u0142aw Kornicki <\/a> <\/td>\n\t<\/tr>\n<\/tbody><\/table>\n<\/div>\n<\/div>\n\n\n\n<hr class=\"wp-block-separator has-css-opacity\"\/>\n\n\n\n<div class=\"wp-block-columns is-layout-flex wp-container-core-columns-is-layout-9d6595d7 wp-block-columns-is-layout-flex\">\n<div class=\"wp-block-column is-layout-flow wp-block-column-is-layout-flow\" style=\"flex-basis:5%\"><\/div>\n\n\n\n<div class=\"wp-block-column is-vertically-aligned-center is-layout-flow wp-block-column-is-layout-flow\" style=\"flex-basis:23%\">\n<figure class=\"wp-block-gallery aligncenter has-nested-images columns-default is-cropped wp-block-gallery-7 is-layout-flex wp-block-gallery-is-layout-flex\">\n<figure class=\"wp-block-image size-full is-style-default\"><a href=\"https:\/\/sigillarium.pl\/wp-content\/uploads\/2021\/04\/Metz-34-Dywizjon-pieczec-seal-petschaft-B.jpg\"><img loading=\"lazy\" decoding=\"async\" width=\"1034\" height=\"1038\" data-id=\"12538\" src=\"https:\/\/sigillarium.pl\/wp-content\/uploads\/2021\/04\/Metz-34-Dywizjon-pieczec-seal-petschaft-B.jpg\" alt=\"\" class=\"wp-image-12538\" srcset=\"https:\/\/sigillarium.pl\/wp-content\/uploads\/2021\/04\/Metz-34-Dywizjon-pieczec-seal-petschaft-B.jpg 1034w, https:\/\/sigillarium.pl\/wp-content\/uploads\/2021\/04\/Metz-34-Dywizjon-pieczec-seal-petschaft-B-300x300.jpg 300w, https:\/\/sigillarium.pl\/wp-content\/uploads\/2021\/04\/Metz-34-Dywizjon-pieczec-seal-petschaft-B-1020x1024.jpg 1020w, https:\/\/sigillarium.pl\/wp-content\/uploads\/2021\/04\/Metz-34-Dywizjon-pieczec-seal-petschaft-B-150x150.jpg 150w, https:\/\/sigillarium.pl\/wp-content\/uploads\/2021\/04\/Metz-34-Dywizjon-pieczec-seal-petschaft-B-768x771.jpg 768w\" sizes=\"auto, (max-width: 1034px) 100vw, 1034px\" \/><\/a><\/figure>\n<\/figure>\n\n\n\n<p><\/p>\n<\/div>\n\n\n\n<div class=\"wp-block-column is-layout-flow wp-block-column-is-layout-flow\" style=\"flex-basis:1%\"><\/div>\n\n\n\n<div class=\"wp-block-column is-vertically-aligned-center is-layout-flow wp-block-column-is-layout-flow\" style=\"flex-basis:22%\"><div class=\"wp-block-image\">\n<figure class=\"aligncenter size-large is-resized\"><img loading=\"lazy\" decoding=\"async\" width=\"347\" height=\"1024\" src=\"https:\/\/sigillarium.pl\/wp-content\/uploads\/2021\/04\/Metz-34-Dywizjon-pieczec-seal-petschaft-uchwyt-347x1024.jpg\" alt=\"\" class=\"wp-image-12534\" style=\"width:126px;height:346px\" srcset=\"https:\/\/sigillarium.pl\/wp-content\/uploads\/2021\/04\/Metz-34-Dywizjon-pieczec-seal-petschaft-uchwyt-347x1024.jpg 347w, https:\/\/sigillarium.pl\/wp-content\/uploads\/2021\/04\/Metz-34-Dywizjon-pieczec-seal-petschaft-uchwyt-102x300.jpg 102w, https:\/\/sigillarium.pl\/wp-content\/uploads\/2021\/04\/Metz-34-Dywizjon-pieczec-seal-petschaft-uchwyt.jpg 365w\" sizes=\"auto, (max-width: 347px) 100vw, 347px\" \/><\/figure>\n<\/div><\/div>\n\n\n\n<div class=\"wp-block-column is-layout-flow wp-block-column-is-layout-flow\" style=\"flex-basis:1%\"><\/div>\n\n\n\n<div class=\"wp-block-column is-layout-flow wp-block-column-is-layout-flow\" style=\"flex-basis:48%\">\n<style> td {font-size: 11px; color: black; font-family: Arial;} <\/style>\n<table style=\"width: 500px; height: 150px;\">\n\t<tbody><tr>\n\t\t<td style=\"background-color: #DDDDDD; width:6%; text-align: center; \"><b>1<\/b><\/td>\n\t\t<td style=\"padding-left: 8px;\">kolekcja prywatna<\/td>\n\t<\/tr>\n\t<tr>\n\t\t<td style=\"background-color: #DDDDDD; text-align: center; \"><b>2<\/b><\/td>\n<td style=\"background-color: #FFFF99; white-space: nowrap; padding-left: 8px;\"><b><big><big><a href=\" https:\/\/pl.wikipedia.org\/wiki\/Metz\">METZ [FRANCJA] <\/a><\/big><\/big><br><big> Ko\u015bci\u00f3\u0142  Kr\u00f3lewsko Pruskiego 34 Dywizjonu <\/big><\/b><\/td>\n\t<\/tr>\n\t<tr>\n\t\t<td style=\"background-color: #DDDDDD; text-align: center; \"><b>3a<\/b><\/td>\n\t\t<td style=\"padding-left: 8px;\">mosi\u0105dz<\/td>\n\t<\/tr>\n\t<tr>\n\t\t<td style=\"background-color: #DDDDDD; text-align: center; \"><b>3b<\/b><\/td>\n\t\t<td style=\"padding-left: 8px;\">drewno <\/td>\n\t<\/tr>\n\t<tr>\n\t\t<td style=\"background-color: #DDDDDD; text-align: center; \"><b>4<\/b><\/td>\n\t\t<td style=\"padding-left: 8px;\">okr\u0105g\u0142a \u00d8 28 mm<\/td>\n\t<\/tr>\n\t<tr>\n\t\t<td style=\"background-color: #DDDDDD; text-align: center; \"><b>5<\/b><\/td>\n\t\t<td style=\"padding-left: 8px;\">wkl\u0119s\u0142oryty<\/td>\n\t<\/tr>\n\t<tr>\n\t\t<td style=\"background-color: #DDDDDD; text-align: center; \"><b>6<\/b><\/td>\n<td style=\"padding-left: 8px;\">na rancie matrycy sygnatura wytw\u00f3rcy: WALNCER \/\/ METTZ<\/td>\n\t<\/tr>\n<tr>\n\t\t<td style=\"background-color: #DDDDDD; text-align: center; \"><b>7<\/b><\/td>\n<td style=\"padding-left: 8px;\"> uchwyt toczony o kulistej ga\u0142ce<\/td>\n\t<\/tr>\n\t<tr>\n\t\t<td style=\"background-color: #DDDDDD; text-align: center; \"><b>7a<\/b><\/td>\n\t\t<td style=\"padding-left: 8px;\">95 mm<\/td>\n\t<\/tr>\n\t<tr>\n\t\t<td style=\"background-color: #DDDDDD; text-align: center; \"><b>7b<\/b><\/td>\n\t\t<td style=\"padding-left: 8px;\">87 mm, w tym skuwka 8,5 mm (\u00d8 17 mm) <\/td>\n\t<\/tr>\n\t<tr>\n\t\t<td style=\"background-color: #DDDDDD; text-align: center; \"><b>7c<\/b><\/td>\n\t\t<td style=\"padding-left: 8px;\">8 mm<\/td>\n\t<\/tr>\n\t<tr>\n\t\t<td style=\"background-color: #DDDDDD; text-align: center; \"><b>8<\/b><\/td>\n<td style=\"padding-left: 8px;\">&#8211; <\/td>\n\t<\/tr>\n\t<tr>\n\t\t<td style=\"background-color: #DDDDDD; text-align: center; \"><b>9a<\/b><\/td>\n\t\t<td style=\"padding-left: 8px;\">majusku\u0142a<\/td>\n\t<\/tr>\n\t<tr>\n\t\t<td style=\"background-color: #DDDDDD; text-align: center; \"><b>9b<\/b><\/td>\n<td style=\"padding-left: 8px;\"><br> w p\u00f3\u0142otoku g\u00f3rnym:<b> K\u00d6NIGL <i>(ich).<\/i> PREUSS <i>(isch). <\/i> 34. DIVISION<\/b><br> w polu: <b>KIRCHENSIEGEL \/\/ *<\/b><br><br><\/td> \n\t<\/tr>\n\t<tr>\n\t\t<td style=\"background-color: #DDDDDD; text-align: center; \"><b>10<\/b><\/td>\n<td style=\"padding-left: 8px;\"> W polu piecz\u0119ci orze\u0142 pruski w koronie, z ber\u0142em i jab\u0142kiem w szponach oraz monogramem FR na piersi. Poni\u017cej napis. Na zewn\u0105trz, wok\u00f3\u0142 pola piecz\u0119ci, pojedyncze obrze\u017cenie ci\u0105g\u0142e. <br><\/td>\n<\/tr>\n\t<tr>\n\t\t<td style=\"background-color: #DDDDDD; text-align: center; \"><b>11<\/b><\/td>\n<td style=\"padding-left: 8px;\">&#8211;<\/td>\n\t<\/tr>\n\t<tr>\n<td style=\"background-color: #DDDDDD; text-align: center; \"><b>12<\/b><\/td>\n<td style=\"padding-left: 8px;\">Metz w latach 1871 \u2013 1918 wchodzi\u0142 w sk\u0142ad Cesarstwa Niemieckiego. Zobacz <a href=\" https:\/\/en.wikipedia.org\/wiki\/34th_Division_(German_Empire)\"> 34 Dywizjon<\/a> <\/td>\n\t<\/tr>\n<\/tbody><\/table>\n<\/div>\n<\/div>\n\n\n\n<hr class=\"wp-block-separator has-alpha-channel-opacity\"\/>\n\n\n\n<div class=\"wp-block-columns is-layout-flex wp-container-core-columns-is-layout-9d6595d7 wp-block-columns-is-layout-flex\">\n<div class=\"wp-block-column is-layout-flow wp-block-column-is-layout-flow\" style=\"flex-basis:5%\"><\/div>\n\n\n\n<div class=\"wp-block-column is-vertically-aligned-center is-layout-flow wp-block-column-is-layout-flow\" style=\"flex-basis:23%\">\n<figure class=\"wp-block-gallery aligncenter has-nested-images columns-default is-cropped wp-block-gallery-8 is-layout-flex wp-block-gallery-is-layout-flex\">\n<figure class=\"wp-block-image size-full is-style-default\"><a href=\"https:\/\/sigillarium.pl\/wp-content\/uploads\/2021\/01\/Odessa-pieczec.jpg\"><img loading=\"lazy\" decoding=\"async\" width=\"1002\" height=\"993\" data-id=\"10818\" src=\"https:\/\/sigillarium.pl\/wp-content\/uploads\/2021\/01\/Odessa-pieczec.jpg\" alt=\"\" class=\"wp-image-10818\" srcset=\"https:\/\/sigillarium.pl\/wp-content\/uploads\/2021\/01\/Odessa-pieczec.jpg 1002w, https:\/\/sigillarium.pl\/wp-content\/uploads\/2021\/01\/Odessa-pieczec-300x297.jpg 300w, https:\/\/sigillarium.pl\/wp-content\/uploads\/2021\/01\/Odessa-pieczec-150x150.jpg 150w, https:\/\/sigillarium.pl\/wp-content\/uploads\/2021\/01\/Odessa-pieczec-768x761.jpg 768w\" sizes=\"auto, (max-width: 1002px) 100vw, 1002px\" \/><\/a><\/figure>\n<\/figure>\n\n\n\n<p><\/p>\n<\/div>\n\n\n\n<div class=\"wp-block-column is-layout-flow wp-block-column-is-layout-flow\" style=\"flex-basis:1%\"><\/div>\n\n\n\n<div class=\"wp-block-column is-vertically-aligned-center is-layout-flow wp-block-column-is-layout-flow\" style=\"flex-basis:22%\"><div class=\"wp-block-image\">\n<figure class=\"aligncenter size-large is-resized\"><img loading=\"lazy\" decoding=\"async\" width=\"942\" height=\"933\" src=\"https:\/\/sigillarium.pl\/wp-content\/uploads\/2021\/01\/Odessa-pieczec-rewers.jpg\" alt=\"\" class=\"wp-image-10817\" style=\"aspect-ratio:1.00355871886121;width:266px;height:auto\" srcset=\"https:\/\/sigillarium.pl\/wp-content\/uploads\/2021\/01\/Odessa-pieczec-rewers.jpg 942w, https:\/\/sigillarium.pl\/wp-content\/uploads\/2021\/01\/Odessa-pieczec-rewers-300x297.jpg 300w, https:\/\/sigillarium.pl\/wp-content\/uploads\/2021\/01\/Odessa-pieczec-rewers-150x150.jpg 150w, https:\/\/sigillarium.pl\/wp-content\/uploads\/2021\/01\/Odessa-pieczec-rewers-768x761.jpg 768w\" sizes=\"auto, (max-width: 942px) 100vw, 942px\" \/><\/figure>\n<\/div><\/div>\n\n\n\n<div class=\"wp-block-column is-layout-flow wp-block-column-is-layout-flow\" style=\"flex-basis:1%\"><\/div>\n\n\n\n<div class=\"wp-block-column is-layout-flow wp-block-column-is-layout-flow\" style=\"flex-basis:48%\">\n<style> td {font-size: 11px; color: black; font-family: Arial;} <\/style>\n<table style=\"width: 500px; height: 150px;\">\n\t<tbody><tr>\n\t\t<td style=\"background-color: #DDDDDD; width:6%; text-align: center; \"><b>1<\/b><\/td>\n\t\t<td style=\"padding-left: 8px;\">kolekcja prywatna<\/td>\n\t<\/tr>\n\t<tr>\n\t\t<td style=\"background-color: #DDDDDD; text-align: center; \"><b>2<\/b><\/td>\n<td style=\"background-color: #FFFF99; white-space: nowrap; padding-left: 8px;\"><b><big><big><a href=\" https:\/\/pl.wikipedia.org\/wiki\/Odessa\"> ODESSA [UKRAINA]<\/a> <\/big><\/big><\/b><br><b><big>Przedstawicielstwo Cesarskiego i Kr\u00f3lewskiego Ministerstwa Wojny <\/big><\/b><\/td>\n\t<\/tr>\n\t<tr>\n\t\t<td style=\"background-color: #DDDDDD; text-align: center; \"><b>3a<\/b><\/td>\n\t\t<td style=\"padding-left: 8px;\">mosi\u0105dz<\/td>\n\t<\/tr>\n\t<tr>\n\t\t<td style=\"background-color: #DDDDDD; text-align: center; \"><b>3b<\/b><\/td>\n\t\t<td style=\"padding-left: 8px;\">&#8211;<\/td>\n\t<\/tr>\n\t<tr>\n\t\t<td style=\"background-color: #DDDDDD; text-align: center; \"><b>4<\/b><\/td>\n\t\t<td style=\"padding-left: 8px;\">okr\u0105g\u0142a \u00d8 36 mm<\/td>\n\t<\/tr>\n\t<tr>\n\t\t<td style=\"background-color: #DDDDDD; text-align: center; \"><b>5<\/b><\/td>\n\t\t<td style=\"padding-left: 8px;\">wkl\u0119s\u0142oryty<\/td>\n\t<\/tr>\n\t<tr>\n\t\t<td style=\"background-color: #DDDDDD; text-align: center; \"><b>6<\/b><\/td>\n<td style=\"padding-left: 8px;\">&#8211; <\/td>\n\t<\/tr>\n<tr>\n\t\t<td style=\"background-color: #DDDDDD; text-align: center; \"><b>7<\/b><\/td>\n<td style=\"padding-left: 8px;\">brak <\/td>\n\t<\/tr>\n\t<tr>\n\t\t<td style=\"background-color: #DDDDDD; text-align: center; \"><b>7a<\/b><\/td>\n\t\t<td style=\"padding-left: 8px;\"> 4 mm<\/td>\n\t<\/tr>\n\t<tr>\n\t\t<td style=\"background-color: #DDDDDD; text-align: center; \"><b>7b<\/b><\/td>\n\t\t<td style=\"padding-left: 8px;\"> &#8211;<\/td>\n\t<\/tr>\n\t<tr>\n\t\t<td style=\"background-color: #DDDDDD; text-align: center; \"><b>7c<\/b><\/td>\n\t\t<td style=\"padding-left: 8px;\"> 4 mm<\/td>\n\t<\/tr>\n\t<tr>\n\t\t<td style=\"background-color: #DDDDDD; text-align: center; \"><b>8<\/b><\/td>\n<td style=\"padding-left: 8px;\"> &#8211;<\/td>\n\t<\/tr>\n\t<tr>\n\t\t<td style=\"background-color: #DDDDDD; text-align: center; \"><b>9a<\/b><\/td>\n\t\t<td style=\"padding-left: 8px;\">majusku\u0142a<\/td>\n\t<\/tr>\n\t<tr>\n\t\t<td style=\"background-color: #DDDDDD; text-align: center; \"><b>9b<\/b><\/td>\n<td style=\"padding-left: 8px;\"><br> w otoku: <b> VERTRETUNG  DES K <i>(aiserliche)<\/i>. U <i>(nd).<\/i> K <i>(\u00f6nigliche)<\/i>. KRIEGSMINISTERIUMS \/\/ IN ODESSA<\/b><br> w polu: <b> INDIVISIBILITER  AC INSEPARABILITER <br><br><\/b><\/td>\n\t<\/tr>\n\t<tr>\n\t\t<td style=\"background-color: #DDDDDD; text-align: center; \"><b>10<\/b><\/td>\n<td style=\"padding-left: 8px;\"> W polu piecz\u0119ci, oddzielonym od pola legendy pojedynczym obrze\u017ceniem ci\u0105g\u0142ym, ma\u0142y herb (god\u0142o) Austro-W\u0119gier wprowadzony w 1916 r. Na zewn\u0105trz, wok\u00f3\u0142 pola piecz\u0119ci, pojedyncze obrze\u017cenie ci\u0105g\u0142e.<\/td><\/tr>\n\t<tr>\n\t\t<td style=\"background-color: #DDDDDD; text-align: center; \"><b>11<\/b><\/td>\n<td style=\"padding-left: 8px;\">&#8211;<\/td>\n\t<\/tr>\n\t<tr>\n\t\t<td style=\"background-color: #DDDDDD; text-align: center; \"><b>12<\/b><\/td>\n\t\t<td style=\"padding-left: 8px;\">&#8211;<\/td>\n\t<\/tr>\n<\/tbody><\/table>\n<\/div>\n<\/div>\n\n\n\n<hr class=\"wp-block-separator has-css-opacity\"\/>\n\n\n\n<div class=\"wp-block-columns is-layout-flex wp-container-core-columns-is-layout-9d6595d7 wp-block-columns-is-layout-flex\">\n<div class=\"wp-block-column is-layout-flow wp-block-column-is-layout-flow\" style=\"flex-basis:5%\"><\/div>\n\n\n\n<div class=\"wp-block-column is-vertically-aligned-center is-layout-flow wp-block-column-is-layout-flow\" style=\"flex-basis:23%\">\n<figure class=\"wp-block-gallery aligncenter has-nested-images columns-default is-cropped wp-block-gallery-9 is-layout-flex wp-block-gallery-is-layout-flex\">\n<figure class=\"wp-block-image size-large is-style-default\"><a href=\"https:\/\/sigillarium.pl\/wp-content\/uploads\/2022\/11\/Niemcy-Magazyn-etapowy-inspekcji-3-Armii-pieczec-seal-petschaft-siegel-sceau-sigillarium.jpg\"><img loading=\"lazy\" decoding=\"async\" width=\"1024\" height=\"1024\" data-id=\"22497\" src=\"https:\/\/sigillarium.pl\/wp-content\/uploads\/2022\/11\/Niemcy-Magazyn-etapowy-inspekcji-3-Armii-pieczec-seal-petschaft-siegel-sceau-sigillarium-1024x1024.jpg\" alt=\"\" class=\"wp-image-22497\" srcset=\"https:\/\/sigillarium.pl\/wp-content\/uploads\/2022\/11\/Niemcy-Magazyn-etapowy-inspekcji-3-Armii-pieczec-seal-petschaft-siegel-sceau-sigillarium-1024x1024.jpg 1024w, https:\/\/sigillarium.pl\/wp-content\/uploads\/2022\/11\/Niemcy-Magazyn-etapowy-inspekcji-3-Armii-pieczec-seal-petschaft-siegel-sceau-sigillarium-300x300.jpg 300w, https:\/\/sigillarium.pl\/wp-content\/uploads\/2022\/11\/Niemcy-Magazyn-etapowy-inspekcji-3-Armii-pieczec-seal-petschaft-siegel-sceau-sigillarium-150x150.jpg 150w, https:\/\/sigillarium.pl\/wp-content\/uploads\/2022\/11\/Niemcy-Magazyn-etapowy-inspekcji-3-Armii-pieczec-seal-petschaft-siegel-sceau-sigillarium-768x767.jpg 768w, https:\/\/sigillarium.pl\/wp-content\/uploads\/2022\/11\/Niemcy-Magazyn-etapowy-inspekcji-3-Armii-pieczec-seal-petschaft-siegel-sceau-sigillarium.jpg 1043w\" sizes=\"auto, (max-width: 1024px) 100vw, 1024px\" \/><\/a><\/figure>\n<\/figure>\n\n\n\n<p><\/p>\n<\/div>\n\n\n\n<div class=\"wp-block-column is-layout-flow wp-block-column-is-layout-flow\" style=\"flex-basis:1%\"><\/div>\n\n\n\n<div class=\"wp-block-column is-vertically-aligned-center is-layout-flow wp-block-column-is-layout-flow\" style=\"flex-basis:22%\"><div class=\"wp-block-image\">\n<figure class=\"aligncenter size-full is-resized\"><img loading=\"lazy\" decoding=\"async\" width=\"312\" height=\"948\" src=\"https:\/\/sigillarium.pl\/wp-content\/uploads\/2022\/11\/Niemcy-Magazyn-etapowy-inspekcji-3-Armii-pieczec-uchwyt-seal-petschaft-siegel-sceau.jpg\" alt=\"\" class=\"wp-image-22498\" style=\"width:120px;height:366px\" srcset=\"https:\/\/sigillarium.pl\/wp-content\/uploads\/2022\/11\/Niemcy-Magazyn-etapowy-inspekcji-3-Armii-pieczec-uchwyt-seal-petschaft-siegel-sceau.jpg 312w, https:\/\/sigillarium.pl\/wp-content\/uploads\/2022\/11\/Niemcy-Magazyn-etapowy-inspekcji-3-Armii-pieczec-uchwyt-seal-petschaft-siegel-sceau-99x300.jpg 99w\" sizes=\"auto, (max-width: 312px) 100vw, 312px\" \/><\/figure>\n<\/div><\/div>\n\n\n\n<div class=\"wp-block-column is-layout-flow wp-block-column-is-layout-flow\" style=\"flex-basis:1%\"><\/div>\n\n\n\n<div class=\"wp-block-column is-layout-flow wp-block-column-is-layout-flow\" style=\"flex-basis:48%\">\n<style> td {font-size: 11px; color: black; font-family: Arial;} <\/style>\n<table style=\"width: 500px; height: 150px;\">\n\t<tr>\n\t\t<td style=\"background-color: #DDDDDD; width:6%; text-align: center; \"><b>1<\/b><\/td>\n\t\t<td style=\"padding-left: 8px;\">kolekcja prywatna<\/td>\n\t<\/tr>\n\t<tr>\n\t\t<td style=\"background-color: #DDDDDD; text-align: center; \"><b>2<\/b><\/td>\n<td style=\"background-color: #FFFF99; white-space: nowrap; padding-left: 8px;\"><b><big><big> <a href=\" https:\/\/pl.wikipedia.org\/wiki\/Niemcy\">PRUSY [NIEMCY] <\/a> <\/big><\/big><br \/><big> Magazyn etapowy inspekcji 3. Armii <\/big><\/td> \n\t<\/tr>\n\t<tr>\n\t\t<td style=\"background-color: #DDDDDD; text-align: center; \"><b>3a<\/b><\/td>\n\t\t<td style=\"padding-left: 8px;\">mosi\u0105dz<\/td>\n\t<\/tr>\n\t<tr>\n\t\t<td style=\"background-color: #DDDDDD; text-align: center; \"><b>3b<\/b><\/td>\n\t\t<td style=\"padding-left: 8px;\">drewno<\/td>\n\t<\/tr>\n\t<tr>\n\t\t<td style=\"background-color: #DDDDDD; text-align: center; \"><b>4<\/b><\/td>\n\t\t<td style=\"padding-left: 8px;\">okr\u0105g\u0142a \u00d8 32 mm<\/td>\n\t<\/tr>\n\t<tr>\n\t\t<td style=\"background-color: #DDDDDD; text-align: center; \"><b>5<\/b><\/td>\n\t\t<td style=\"padding-left: 8px;\">wkl\u0119s\u0142oryty<\/td>\n\t<\/tr>\n\t<tr>\n\t\t<td style=\"background-color: #DDDDDD; text-align: center; \"><b>6<\/b><\/td>\n<td style=\"padding-left: 8px;\">&#8211;<\/td>\n\t<\/tr>\n<tr>\n\t\t<td style=\"background-color: #DDDDDD; text-align: center; \"><b>7<\/b><\/td>\n<td style=\"padding-left: 8px;\">uchwyt toczony o kulistej ga\u0142ce, lakierowany na czarno, na ga\u0142ce uchwytu znacznik prawid\u0142owego ustawienia t\u0142oka (pineska), rekonstrukcja<\/td>\n\t<\/tr>\n\t<tr>\n\t\t<td style=\"background-color: #DDDDDD; text-align: center; \"><b>7a<\/b><\/td>\n\t\t<td style=\"padding-left: 8px;\"> 106,5 mm<\/td>\n\t<\/tr>\n\t<tr>\n\t\t<td style=\"background-color: #DDDDDD; text-align: center; \"><b>7b<\/b><\/td>\n<td style=\"padding-left: 8px;\">98,5 mm, w tym skuwka 9 mm (\u00d8 12,5 mm)<\/td>\n\t<\/tr>\n\t<tr>\n\t\t<td style=\"background-color: #DDDDDD; text-align: center; \"><b>7c<\/b><\/td>\n\t\t<td style=\"padding-left: 8px;\"> 7 mm<\/td>\n\t<\/tr>\n\t<tr>\n\t\t<td style=\"background-color: #DDDDDD; text-align: center; \"><b>8<\/b><\/td>\n<td style=\"padding-left: 8px;\">&#8211; <\/td>\n\t<\/tr>\n\t<tr>\n\t\t<td style=\"background-color: #DDDDDD; text-align: center; \"><b>9a<\/b><\/td>\n\t\t<td style=\"padding-left: 8px;\">majusku\u0142a<\/td>\n\t<\/tr>\n\t<tr>\n\t\t<td style=\"background-color: #DDDDDD; text-align: center; \"><b>9b<\/b><\/td>\n<td style=\"padding-left: 8px;\">w otoku: <b>ETAPPEN-MAGAZIN  D <i>(er)<\/i>. ETAPPEN-INSPEKTION D <i>(er)<\/i>. 3 ARMEE <\/b><br \/><br \/><\/td> \n<\/tr>\n\t<tr>\t\n\t\t<td style=\"background-color: #DDDDDD; text-align: center; \"><b>10<\/b><\/td>\n<td style=\"padding-left: 8px;\"> W polu piecz\u0119ci heraldyczny orze\u0142 pruski w koronie, z ber\u0142em i jab\u0142kiem w szponach oraz monogramem FR na piersi. Na zewn\u0105trz, wok\u00f3\u0142 pola piecz\u0119ci, pojedyncze obrze\u017cenie ci\u0105g\u0142e. <\/td>\n<\/tr>\n\t<tr>\n\t\t<td style=\"background-color: #DDDDDD; text-align: center; \"><b>11<\/b><\/td>\n<td style=\"padding-left: 8px;\">&#8211;<\/td>\n\t<\/tr>\n\t<tr>\n\t\t<td style=\"background-color: #DDDDDD; text-align: center; \"><b>12<\/b><\/td>\n<td style=\"padding-left: 8px;\">&#8211;<\/td>\n\t<\/tr>\n<\/table>\n<\/div>\n<\/div>\n\n\n\n<hr class=\"wp-block-separator has-css-opacity\"\/>\n\n\n\n<div class=\"wp-block-columns is-layout-flex wp-container-core-columns-is-layout-9d6595d7 wp-block-columns-is-layout-flex\">\n<div class=\"wp-block-column is-layout-flow wp-block-column-is-layout-flow\" style=\"flex-basis:5%\"><\/div>\n\n\n\n<div class=\"wp-block-column is-vertically-aligned-center is-layout-flow wp-block-column-is-layout-flow\" style=\"flex-basis:23%\">\n<figure class=\"wp-block-gallery aligncenter has-nested-images columns-default is-cropped wp-block-gallery-10 is-layout-flex wp-block-gallery-is-layout-flex\">\n<figure class=\"wp-block-image size-full is-style-default\"><a href=\"https:\/\/sigillarium.pl\/wp-content\/uploads\/2022\/04\/Prusy-Batalion-saperow-nr-378-pieczec-seal-petschaft-siegel-sceau-sigillarium.jpg\"><img loading=\"lazy\" decoding=\"async\" width=\"1015\" height=\"1025\" data-id=\"20355\" src=\"https:\/\/sigillarium.pl\/wp-content\/uploads\/2022\/04\/Prusy-Batalion-saperow-nr-378-pieczec-seal-petschaft-siegel-sceau-sigillarium.jpg\" alt=\"\" class=\"wp-image-20355\" srcset=\"https:\/\/sigillarium.pl\/wp-content\/uploads\/2022\/04\/Prusy-Batalion-saperow-nr-378-pieczec-seal-petschaft-siegel-sceau-sigillarium.jpg 1015w, https:\/\/sigillarium.pl\/wp-content\/uploads\/2022\/04\/Prusy-Batalion-saperow-nr-378-pieczec-seal-petschaft-siegel-sceau-sigillarium-297x300.jpg 297w, https:\/\/sigillarium.pl\/wp-content\/uploads\/2022\/04\/Prusy-Batalion-saperow-nr-378-pieczec-seal-petschaft-siegel-sceau-sigillarium-150x150.jpg 150w, https:\/\/sigillarium.pl\/wp-content\/uploads\/2022\/04\/Prusy-Batalion-saperow-nr-378-pieczec-seal-petschaft-siegel-sceau-sigillarium-768x776.jpg 768w\" sizes=\"auto, (max-width: 1015px) 100vw, 1015px\" \/><\/a><\/figure>\n<\/figure>\n\n\n\n<p><\/p>\n<\/div>\n\n\n\n<div class=\"wp-block-column is-layout-flow wp-block-column-is-layout-flow\" style=\"flex-basis:1%\"><\/div>\n\n\n\n<div class=\"wp-block-column is-vertically-aligned-center is-layout-flow wp-block-column-is-layout-flow\" style=\"flex-basis:22%\"><div class=\"wp-block-image\">\n<figure class=\"aligncenter size-full is-resized\"><img loading=\"lazy\" decoding=\"async\" width=\"335\" height=\"1020\" src=\"https:\/\/sigillarium.pl\/wp-content\/uploads\/2022\/04\/Prusy-Batalion-saperow-nr-378-pieczec-uchwyt-seal-petschaft-siegel-sceau.jpg\" alt=\"\" class=\"wp-image-20356\" style=\"width:127px;height:387px\" srcset=\"https:\/\/sigillarium.pl\/wp-content\/uploads\/2022\/04\/Prusy-Batalion-saperow-nr-378-pieczec-uchwyt-seal-petschaft-siegel-sceau.jpg 335w, https:\/\/sigillarium.pl\/wp-content\/uploads\/2022\/04\/Prusy-Batalion-saperow-nr-378-pieczec-uchwyt-seal-petschaft-siegel-sceau-99x300.jpg 99w\" sizes=\"auto, (max-width: 335px) 100vw, 335px\" \/><\/figure>\n<\/div><\/div>\n\n\n\n<div class=\"wp-block-column is-layout-flow wp-block-column-is-layout-flow\" style=\"flex-basis:1%\"><\/div>\n\n\n\n<div class=\"wp-block-column is-layout-flow wp-block-column-is-layout-flow\" style=\"flex-basis:48%\">\n<style> td {font-size: 11px; color: black; font-family: Arial;} <\/style>\n<table style=\"width: 500px; height: 150px;\">\n\t<tbody><tr>\n\t\t<td style=\"background-color: #DDDDDD; width:6%; text-align: center; \"><b>1<\/b><\/td>\n\t\t<td style=\"padding-left: 8px;\">kolekcja prywatna<\/td>\n\t<\/tr>\n\t<tr>\n\t\t<td style=\"background-color: #DDDDDD; text-align: center; \"><b>2<\/b><\/td>\n<td style=\"background-color: #FFFF99; white-space: nowrap; padding-left: 8px;\"><b><big><big> <a href=\" https:\/\/pl.wikipedia.org\/wiki\/Prusy\"> PRUSY [NIEMCY] <\/a> <\/big><\/big><br><big> 378 Batalion Saper\u00f3w  <\/big><\/b><\/td>\n\t<\/tr>\n\t<tr>\n\t\t<td style=\"background-color: #DDDDDD; text-align: center; \"><b>3a<\/b><\/td>\n\t\t<td style=\"padding-left: 8px;\">mosi\u0105dz<\/td>\n\t<\/tr>\n\t<tr>\n\t\t<td style=\"background-color: #DDDDDD; text-align: center; \"><b>3b<\/b><\/td>\n\t\t<td style=\"padding-left: 8px;\">drewno<\/td>\n\t<\/tr>\n\t<tr>\n\t\t<td style=\"background-color: #DDDDDD; text-align: center; \"><b>4<\/b><\/td>\n\t\t<td style=\"padding-left: 8px;\">okr\u0105g\u0142a \u00d8 32 mm<\/td>\n\t<\/tr>\n\t<tr>\n\t\t<td style=\"background-color: #DDDDDD; text-align: center; \"><b>5<\/b><\/td>\n\t\t<td style=\"padding-left: 8px;\">wypuk\u0142oryty<\/td>\n\t<\/tr>\n\t<tr>\n\t\t<td style=\"background-color: #DDDDDD; text-align: center; \"><b>6<\/b><\/td>\n<td style=\"padding-left: 8px;\">na rancie matrycy sygnatura wytw\u00f3rcy: C. FROELICH \/ MAINZ<\/td>\n\t<\/tr>\n<tr>\n\t\t<td style=\"background-color: #DDDDDD; text-align: center; \"><b>7<\/b><\/td>\n<td style=\"padding-left: 8px;\">uchwyt toczony o wyd\u0142u\u017conej ga\u0142ce<\/td>\n\t<\/tr>\n\t<tr>\n\t\t<td style=\"background-color: #DDDDDD; text-align: center; \"><b>7a<\/b><\/td>\n\t\t<td style=\"padding-left: 8px;\">104,5 mm<\/td>\n\t<\/tr>\n\t<tr>\n\t\t<td style=\"background-color: #DDDDDD; text-align: center; \"><b>7b<\/b><\/td>\n<td style=\"padding-left: 8px;\"> 94,5 mm<\/td>\n\t<\/tr>\n\t<tr>\n\t\t<td style=\"background-color: #DDDDDD; text-align: center; \"><b>7c<\/b><\/td>\n\t\t<td style=\"padding-left: 8px;\"> 10 mm<\/td>\n\t<\/tr>\n\t<tr>\n\t\t<td style=\"background-color: #DDDDDD; text-align: center; \"><b>8<\/b><\/td>\n<td style=\"padding-left: 8px;\">&#8211;<\/td>\n\t<\/tr>\n\t<tr>\n\t\t<td style=\"background-color: #DDDDDD; text-align: center; \"><b>9a<\/b><\/td>\n\t\t<td style=\"padding-left: 8px;\">majusku\u0142a, minusku\u0142a<\/td>\n\t<\/tr>\n\t<tr>\n\t\t<td style=\"background-color: #DDDDDD; text-align: center; \"><b>9b<\/b><\/td>\n<td style=\"padding-left: 8px;\"> <br>w otoku:  <b> + PIONIER  &#8211; BATAILLON Nr. 378 <br><br><\/b><\/td> \n<\/tr>\n\t<tr>\t\n\t\t<td style=\"background-color: #DDDDDD; text-align: center; \"><b>10<\/b><\/td>\n<td style=\"padding-left: 8px;\"> W polu piecz\u0119ci orze\u0142 pruski w koronie, z mieczem i ber\u0142em w szponach oraz monogramem FR na piersi. Na zewn\u0105trz, wok\u00f3\u0142 pola piecz\u0119ci, pojedyncze obrze\u017cenie ci\u0105g\u0142e.<\/td>\n<\/tr>\n\t<tr>\n\t\t<td style=\"background-color: #DDDDDD; text-align: center; \"><b>11<\/b><\/td>\n<td style=\"padding-left: 8px;\">&#8211;<\/td>\n\t<\/tr>\n\t<tr>\n\t\t<td style=\"background-color: #DDDDDD; text-align: center; \"><b>12<\/b><\/td>\n<td style=\"padding-left: 8px;\">378 Batalion Saper\u00f3w wchodzi\u0142 w sk\u0142ad 78 Dywizji Rezerwowej Cesarstwa Niemieckiego. Szlak bojowy: II bitwa na Mazurach, ofensywa gorlicko-tarnowska, II bitwa nad Aisne, II bitwa nad Marn\u0105, bitwa pod Ch\u00e2teau-Thierry (1918).<\/td>\n\t<\/tr>\n<\/tbody><\/table>\n<\/div>\n<\/div>\n\n\n\n<hr class=\"wp-block-separator has-alpha-channel-opacity\"\/>\n\n\n\n<div class=\"wp-block-columns is-layout-flex wp-container-core-columns-is-layout-9d6595d7 wp-block-columns-is-layout-flex\">\n<div class=\"wp-block-column is-layout-flow wp-block-column-is-layout-flow\" style=\"flex-basis:5%\"><\/div>\n\n\n\n<div class=\"wp-block-column is-vertically-aligned-center is-layout-flow wp-block-column-is-layout-flow\" style=\"flex-basis:23%\">\n<figure class=\"wp-block-gallery aligncenter has-nested-images columns-default is-cropped wp-block-gallery-11 is-layout-flex wp-block-gallery-is-layout-flex\">\n<figure class=\"wp-block-image size-full is-style-default\"><a href=\"https:\/\/sigillarium.pl\/wp-content\/uploads\/2024\/04\/III-Saksonski-Batalion-Obrony-Terytorialnej-Gor-Rudaw-pieczec-awers-seal-petschaft-siegel-sceau-cachet-sigillarium.jpg\"><img loading=\"lazy\" decoding=\"async\" width=\"870\" height=\"1000\" data-id=\"31078\" src=\"https:\/\/sigillarium.pl\/wp-content\/uploads\/2024\/04\/III-Saksonski-Batalion-Obrony-Terytorialnej-Gor-Rudaw-pieczec-awers-seal-petschaft-siegel-sceau-cachet-sigillarium.jpg\" alt=\"\" class=\"wp-image-31078\" srcset=\"https:\/\/sigillarium.pl\/wp-content\/uploads\/2024\/04\/III-Saksonski-Batalion-Obrony-Terytorialnej-Gor-Rudaw-pieczec-awers-seal-petschaft-siegel-sceau-cachet-sigillarium.jpg 870w, https:\/\/sigillarium.pl\/wp-content\/uploads\/2024\/04\/III-Saksonski-Batalion-Obrony-Terytorialnej-Gor-Rudaw-pieczec-awers-seal-petschaft-siegel-sceau-cachet-sigillarium-261x300.jpg 261w, https:\/\/sigillarium.pl\/wp-content\/uploads\/2024\/04\/III-Saksonski-Batalion-Obrony-Terytorialnej-Gor-Rudaw-pieczec-awers-seal-petschaft-siegel-sceau-cachet-sigillarium-768x883.jpg 768w\" sizes=\"auto, (max-width: 870px) 100vw, 870px\" \/><\/a><\/figure>\n<\/figure>\n<\/div>\n\n\n\n<div class=\"wp-block-column is-layout-flow wp-block-column-is-layout-flow\" style=\"flex-basis:1%\"><\/div>\n\n\n\n<div class=\"wp-block-column is-vertically-aligned-center is-layout-flow wp-block-column-is-layout-flow\" style=\"flex-basis:22%\"><div class=\"wp-block-image\">\n<figure class=\"aligncenter size-full\"><img loading=\"lazy\" decoding=\"async\" width=\"820\" height=\"946\" src=\"https:\/\/sigillarium.pl\/wp-content\/uploads\/2024\/04\/III-Saksonski-Batalion-Obrony-Terytorialnej-Gor-Rudaw-pieczec-rewers-seal-petschaft-siegel-sceau-cachet-sigillarium.jpg\" alt=\"\" class=\"wp-image-31079\" srcset=\"https:\/\/sigillarium.pl\/wp-content\/uploads\/2024\/04\/III-Saksonski-Batalion-Obrony-Terytorialnej-Gor-Rudaw-pieczec-rewers-seal-petschaft-siegel-sceau-cachet-sigillarium.jpg 820w, https:\/\/sigillarium.pl\/wp-content\/uploads\/2024\/04\/III-Saksonski-Batalion-Obrony-Terytorialnej-Gor-Rudaw-pieczec-rewers-seal-petschaft-siegel-sceau-cachet-sigillarium-260x300.jpg 260w, https:\/\/sigillarium.pl\/wp-content\/uploads\/2024\/04\/III-Saksonski-Batalion-Obrony-Terytorialnej-Gor-Rudaw-pieczec-rewers-seal-petschaft-siegel-sceau-cachet-sigillarium-768x886.jpg 768w\" sizes=\"auto, (max-width: 820px) 100vw, 820px\" \/><\/figure>\n<\/div><\/div>\n\n\n\n<div class=\"wp-block-column is-layout-flow wp-block-column-is-layout-flow\" style=\"flex-basis:1%\"><\/div>\n\n\n\n<div class=\"wp-block-column is-layout-flow wp-block-column-is-layout-flow\" style=\"flex-basis:48%\">\n<style> td {font-size: 11px; color: black; font-family: Arial;} <\/style>\n<table style=\"width: 500px; height: 150px;\">\n\t<tr>\n\t\t<td style=\"background-color: #DDDDDD; width:6%; text-align: center; \"><b>1<\/b><\/td>\n\t\t<td style=\"padding-left: 8px;\">kolekcja prywatna<\/td>\n\t<\/tr>\n\t<tr>\n\t\t<td style=\"background-color: #DDDDDD; text-align: center; \"><b>2<\/b><\/td>\n<td style=\"background-color: #FFFF99; white-space: nowrap; padding-left: 8px;\"><b><big><big> <a href=\"https:\/\/pl.wikipedia.org\/wiki\/Zwickau\"> ZWICKAU ? [NIEMCY]<a> <\/big><\/big><br \/><big> III Batalion Obrony Terytorialnej Sakso\u0144skich G\u00f3r Rudaw<\/big><br \/ ><\/td>\n\t<\/tr>\n\t<tr>\n\t\t<td style=\"background-color: #DDDDDD; text-align: center; \"><b>3a<\/b><\/td>\n\t\t<td style=\"padding-left: 8px;\">mosi\u0105dz<\/td>\n\t<\/tr>\n\t<tr>\n\t\t<td style=\"background-color: #DDDDDD; text-align: center; \"><b>3b<\/b><\/td>\n\t\t<td style=\"padding-left: 8px;\">&#8211;<\/td>\n\t<\/tr>\n\t<tr>\n\t\t<td style=\"background-color: #DDDDDD; text-align: center; \"><b>4<\/b><\/td>\n\t\t<td style=\"padding-left: 8px;\">owalna 38 x 31 mm<\/td>\n\t<\/tr>\n\t<tr>\n\t\t<td style=\"background-color: #DDDDDD; text-align: center; \"><b>5<\/b><\/td>\n\t\t<td style=\"padding-left: 8px;\">wkl\u0119s\u0142oryty<\/td>\n\t<\/tr>\n\t<tr>\n\t\t<td style=\"background-color: #DDDDDD; text-align: center; \"><b>6<\/b><\/td>\n<td style=\"padding-left: 8px;\">&#8211;<\/td>\n\t<\/tr>\n<tr>\n\t\t<td style=\"background-color: #DDDDDD; text-align: center; \"><b>7<\/b><\/td>\n<td style=\"padding-left: 8px;\">brak uchwytu, widoczne miejsce uszczerbienia trzpienia <\/td>\n\t<\/tr>\n\t<tr>\n\t\t<td style=\"background-color: #DDDDDD; text-align: center; \"><b>7a<\/b><\/td>\n\t\t<td style=\"padding-left: 8px;\"> 9 mm<\/td>\n\t<\/tr>\n\t<tr>\n\t\t<td style=\"background-color: #DDDDDD; text-align: center; \"><b>7b<\/b><\/td>\n<td style=\"padding-left: 8px;\">&#8211;<\/td>\n\t<\/tr>\n\t<tr>\n\t\t<td style=\"background-color: #DDDDDD; text-align: center; \"><b>7c<\/b><\/td>\n\t\t<td style=\"padding-left: 8px;\"> 7 mm<\/td>\n\t<\/tr>\n\t<tr>\n\t\t<td style=\"background-color: #DDDDDD; text-align: center; \"><b>8<\/b><\/td>\n<td style=\"padding-left: 8px;\">&#8211;<\/td>\n\t<\/tr>\n\t<tr>\n\t\t<td style=\"background-color: #DDDDDD; text-align: center; \"><b>9a<\/b><\/td>\n\t\t<td style=\"padding-left: 8px;\">majusku\u0142a (kursywa), minusku\u0142a (kursywa)<\/td>\n\t<\/tr>\n\t<tr>\n\t\t<td style=\"background-color: #DDDDDD; text-align: center; \"><b>9b<\/b><\/td>\n<td style=\"padding-left: 8px;\"> <br \/>w otoku:  <b> III Saechz <i>(isch)<\/i>: Erzgebirg <i>(e):<\/i> Landw <i>(ehr)<\/i>: Bataillon.  <\/b><br \/> <br \/><\/td> \n<\/tr>\n\t<tr>\t\n\t\t<td style=\"background-color: #DDDDDD; text-align: center; \"><b>10<\/b><\/td>\n<td style=\"padding-left: 8px;\"> W polu piecz\u0119ci krzy\u017c \u0142aci\u0144ski (\u0142apowy), uj\u0119ty w dwie skrzy\u017cowane poni\u017cej ga\u0142\u0105zki; po prawej ja\u0142owcow\u0105, po lewej palmow\u0105. Na zewn\u0105trz, wok\u00f3\u0142 pola piecz\u0119ci, pojedyncze obrze\u017cenie ci\u0105g\u0142e. <\/td>\n<\/tr>\n\t<tr>\n\t\t<td style=\"background-color: #DDDDDD; text-align: center; \"><b>11<\/b><\/td>\n<td style=\"padding-left: 8px;\">&#8211;<\/td>\n\t<\/tr>\n\t<tr>\n\t\t<td style=\"background-color: #DDDDDD; text-align: center; \"><b>12<\/b><\/td>\n<td style=\"padding-left: 8px;\">Zobacz: <a href=\" https:\/\/pl.wikipedia.org\/wiki\/Rudawy#:~:text=Drezno%20i%20Chemnitz.-,Nazwa,kobalt%2C%20uran%20i%20fluoryt).\"> Rudawy (niem. Erzgebirge)<a> <\/td>\n\t<\/tr>\n<\/table>\n<\/div>\n<\/div>\n\n\n\n<hr class=\"wp-block-separator has-css-opacity\"\/>\n\n\n\n<p><\/p>\n","protected":false},"excerpt":{"rendered":"<p>1 kolekcja prywatna 2 BREST [FRANCJA] 19 Pu\u0142k PiechotyKomisja administracyjna 3a mosi\u0105dz 3b &#8211; 4 okr\u0105g\u0142a \u00d8 37 mm 5 wypuk\u0142oryty 6 &#8211; 7 brak uchwytu, tuleja do jego zamocowania&hellip; <\/p>\n","protected":false},"author":1,"featured_media":0,"parent":0,"menu_order":0,"comment_status":"closed","ping_status":"closed","template":"","meta":{"footnotes":""},"class_list":["post-938","page","type-page","status-publish","hentry"],"_links":{"self":[{"href":"https:\/\/sigillarium.pl\/index.php\/wp-json\/wp\/v2\/pages\/938","targetHints":{"allow":["GET"]}}],"collection":[{"href":"https:\/\/sigillarium.pl\/index.php\/wp-json\/wp\/v2\/pages"}],"about":[{"href":"https:\/\/sigillarium.pl\/index.php\/wp-json\/wp\/v2\/types\/page"}],"author":[{"embeddable":true,"href":"https:\/\/sigillarium.pl\/index.php\/wp-json\/wp\/v2\/users\/1"}],"replies":[{"embeddable":true,"href":"https:\/\/sigillarium.pl\/index.php\/wp-json\/wp\/v2\/comments?post=938"}],"version-history":[{"count":30,"href":"https:\/\/sigillarium.pl\/index.php\/wp-json\/wp\/v2\/pages\/938\/revisions"}],"predecessor-version":[{"id":38782,"href":"https:\/\/sigillarium.pl\/index.php\/wp-json\/wp\/v2\/pages\/938\/revisions\/38782"}],"wp:attachment":[{"href":"https:\/\/sigillarium.pl\/index.php\/wp-json\/wp\/v2\/media?parent=938"}],"curies":[{"name":"wp","href":"https:\/\/api.w.org\/{rel}","templated":true}]}}